{"id":561,"date":"2017-03-07T19:17:20","date_gmt":"2017-03-07T19:17:20","guid":{"rendered":"http:\/\/www.demo.gloriathemes.com\/wp\/eventchamp\/?page_id=561"},"modified":"2025-03-13T13:32:03","modified_gmt":"2025-03-13T12:32:03","slug":"inicio","status":"publish","type":"page","link":"https:\/\/congresofanpse.org\/2025\/","title":{"rendered":"Inicio"},"content":{"rendered":"<p>[vc_row full_width=\u00bbstretch_row_content_no_spaces\u00bb el_class=\u00bbslide-home\u00bb][vc_column]<div class=\"eventchamp-event-counter\" style=\"\"><div class=\"swiper-container gloria-sliders event-counter-slider\" data-column-space=\"0\" data-item=\"1\" data-sloop=\"true\" data-aplay=\"7000\" data-effect=\"fade\"><div class=\"swiper-wrapper\"><div class=\"swiper-slide\"><div class=\"bg-image\" style=\"background-image:url(https:\/\/congresofanpse.org\/2025\/wp-content\/uploads\/2024\/04\/slide-fanpse-2025.png); \"><\/div><\/div><\/div><\/div><div class=\"counter-content\"><div class=\"address-date\">del 27 al 29 de marzo de 2025<\/div><div class=\"title\"><span class=\"white\">XVI CONGRESO NACIONAL<\/span><span class=\"colored\">NEUROPSICOLOG\u00cdA 2025<\/span><\/div><div class=\"buttons\"><\/div><\/div><div class=\"counter\"><div class=\"counter-opacity-title\">MADRID<\/div><div class=\"getting-started\"><div class=\"days\"><div class=\"wrapper\"><div class=\"count\"><\/div><div class=\"title\">D&iacute;as<\/div><\/div><\/div><div class=\"hours\"><div class=\"wrapper\"><div class=\"count\"><\/div><div class=\"title\">Horas<\/div><\/div><\/div><div class=\"minutes\"><div class=\"wrapper\"><div class=\"count\"><\/div><div class=\"title\">Minutos<\/div><\/div><\/div><div class=\"secondes\"><div class=\"wrapper\"><div class=\"count\"><\/div><div class=\"title\">Segundos<\/div><\/div><\/div><\/div><script type='text\/javascript'>\n\t\t\t\t\t\t\tjQuery(document).ready(function($){\n\t\t\t\t\t\t\t\t$('.getting-started').countdown('2025\/03\/27 08:00:00', function(event) {\n\t\t\t\t\t\t\t\t\t$('.days .count').html(event.strftime('%D'));\n\t\t\t\t\t\t\t\t\t$('.hours .count').html(event.strftime('%H'));\n\t\t\t\t\t\t\t\t\t$('.minutes .count').html(event.strftime('%M'));\n\t\t\t\t\t\t\t\t\t$('.secondes .count').html(event.strftime('%S'));\n\t\t\t\t\t\t\t\t});\n\t\t\t\t\t\t\t});\n\t\t\t\t\t\t<\/script><\/div><\/div>[\/vc_column][\/vc_row][vc_row full_width=\u00bbstretch_row_content_no_spaces\u00bb gap=\u00bb5&#8243; content_placement=\u00bbmiddle\u00bb disable_element=\u00bbyes\u00bb css=\u00bb.vc_custom_1689769914918{background-color: #1e5795 !important;}\u00bb el_class=\u00bbbanner-plataforma\u00bb][vc_column][vc_column_text el_class=\u00bbplataforma-online\u00bb]<a href=\"https:\/\/bitseat.app\/store\/xiv-congreso-fanpse\" target=\"_blank\" rel=\"noopener\"><strong>ACCESO CONGRESO EN DIFERIDO<\/strong><\/a>[\/vc_column_text][\/vc_column][\/vc_row][vc_row el_class=\u00bbintro-home\u00bb][vc_column][vc_empty_space height=\u00bb50&#8243;]<div class=\"content-title-element dark size1 center\"><div class=\"title\">Congreso Nacional de Neuropsicolog\u00eda <span>FANPSE 2025<\/span><\/div><div class=\"separate\"><i class=\"fas fa-brain\" aria-hidden=\"true\"><\/i><\/div><\/div>[vc_empty_space height=\u00bb15px\u00bb][\/vc_column][\/vc_row][vc_row el_class=\u00bbintro-home\u00bb][vc_column][vc_row_inner][vc_column_inner][vc_column_text]Estimad@s soci@, amig@s y compa\u00f1er@s:<\/p>\n<p>Tras el \u00e9xito de anteriores ediciones con m\u00e1s de 490 congresistas, 28 ponentes y 146 comunicaciones orales y p\u00f3ster, os damos la bienvenida al <strong>XVI congreso Nacional de Neuropsicolog\u00eda<\/strong> que se celebrar\u00e1 del <strong>27 al 29 de marzo<\/strong> en <strong>Madrid<\/strong>.<\/p>\n<p>La elecci\u00f3n de Madrid no es casual. La <strong>Asociaci\u00f3n Madrile\u00f1a de Neuropsicolog\u00eda<\/strong>, una de las sociedades que forma nuestra federaci\u00f3n, cumple el <strong>20 aniversario<\/strong> de su constituci\u00f3n. Para FANPSE es un gran honor celebrar la consolidaci\u00f3n de la profesi\u00f3n en Espa\u00f1a.<\/p>\n<p>Como presidentes de los Comit\u00e9s Organizador y Cient\u00edfico nos corresponde el honor y tenemos el placer de invitaros a participar en el env\u00edo de trabajos y tengamos la oportunidad de compartir y aprender.<\/p>\n<p>Desde la junta de FANPSE y los comit\u00e9s organizador y cient\u00edfico deseamos promover la participaci\u00f3n de j\u00f3venes y noveles de la neuropsicolog\u00eda. Por ese motivo en esta edici\u00f3n tenemos la novedad de duplicar los <strong>premios<\/strong> Jordi Bernabeu y Verd\u00fa al <strong>mejor p\u00f3ster<\/strong> y Juan Manual M\u00fa\u00f1oz C\u00e9spedes a la <strong>mejor comunicaci\u00f3n oral<\/strong> encontrar\u00e9is m\u00e1s informaci\u00f3n en el apartado de la <a href=\"https:\/\/congresofanpse.org\/2025\/premios\/\">web<\/a>.<\/p>\n<p>\u00a1Deseando veros una edici\u00f3n m\u00e1s y compartir de nuevo en el congreso!<\/p>\n<p><strong>Luc\u00eda Zum\u00e1rraga Astorqui<\/strong><br \/>\n<em>Presidenta del Comit\u00e9 Organizador<\/em><\/p>\n<p><strong>Javier Gonz\u00e1lez Marqu\u00e9s<br \/>\n<\/strong><em>Presidente del Comit\u00e9 Cient\u00edfico<\/em><\/p>\n<section class=\"firma-carta\">\n<div class=\"primero\"><\/div>\n<p><!--\n\n\n<div class=\"segundo\"><strong>Jos\u00e9 Barroso<\/strong>\n<em>Presidente del Comit\u00e9 Cient\u00edfico<\/em><\/div>\n\n\n--><\/p>\n<\/section>\n<p>[\/vc_column_text][vc_btn title=\u00bbPrograma Cient\u00edfico\u00bb color=\u00bbprimary\u00bb align=\u00bbcenter\u00bb link=\u00bburl:https%3A%2F%2Fcongresofanpse.org\/2024%2Fprograma%2F|||\u00bb el_class=\u00bbbutton-primary no-mostrar\u00bb][\/vc_column_inner][\/vc_row_inner][vc_empty_space height=\u00bb30px\u00bb][\/vc_column][\/vc_row][vc_row disable_element=\u00bbyes\u00bb][vc_column][vc_empty_space height=\u00bb41px\u00bb][vc_row_inner][vc_column_inner][vc_video link=\u00bbhttps:\/\/www.youtube.com\/watch?v=TCycHTu6G5M\u00bb align=\u00bbcenter\u00bb][\/vc_column_inner][\/vc_row_inner][\/vc_column][\/vc_row][vc_row disable_element=\u00bbyes\u00bb][vc_column][vc_empty_space height=\u00bb50&#8243;]<div class=\"content-title-element dark size1 center\"><div class=\"title\">Patrocinadores<\/div><div class=\"separate\"><i class=\"fas fa-camera-retro\" aria-hidden=\"true\"><\/i><\/div><\/div>[vc_row_inner][vc_column_inner width=\u00bb1\/5&#8243;][\/vc_column_inner][vc_column_inner width=\u00bb1\/5&#8243;][vc_single_image image=\u00bb3646&#8243; img_size=\u00bbfull\u00bb alignment=\u00bbcenter\u00bb onclick=\u00bbcustom_link\u00bb link=\u00bbhttps:\/\/www.pearsonclinical.es\/\u00bb][\/vc_column_inner][vc_column_inner width=\u00bb1\/5&#8243;][\/vc_column_inner][vc_column_inner width=\u00bb1\/5&#8243;][vc_single_image image=\u00bb3651&#8243; img_size=\u00bbfull\u00bb alignment=\u00bbcenter\u00bb onclick=\u00bbcustom_link\u00bb link=\u00bbhttps:\/\/nesplora.com\/\u00bb][\/vc_column_inner][vc_column_inner width=\u00bb1\/5&#8243;][\/vc_column_inner][\/vc_row_inner][vc_empty_space height=\u00bb40&#8243;][\/vc_column][\/vc_row][vc_row full_width=\u00bbstretch_row\u00bb disable_element=\u00bbyes\u00bb css=\u00bb.vc_custom_1676535837649{background-color: #f9f9f9 !important;}\u00bb el_id=\u00bbSpeakers\u00bb][vc_column][vc_empty_space height=\u00bb39px\u00bb][vc_row_inner][vc_column_inner]<div class=\"content-title-element dark size1 center\"><div class=\"title\">Ponentes <span>Principales<\/span><\/div><div class=\"separate\"><i class=\"fas fa-users\" aria-hidden=\"true\"><\/i><\/div><div class=\"description\">A continuaci\u00f3n, os mostramos la lista de los ponentes CONFIRMADOS, que estar\u00e1n en la XI edici\u00f3n de Congreso de Neuropsicolog\u00eda 2019.<\/div><\/div>[vc_empty_space height=\u00bb86px\u00bb]<div class=\"speakers-list-grid\"><div class=\"speakers-list column-4\"><div class=\"item\"><div class=\"image\"><a href=\"https:\/\/congresofanpse.org\/2025\/speaker\/carme-junque\/\" title=\"Carme Junque\"><img width=\"350\" height=\"350\" src=\"https:\/\/congresofanpse.org\/2025\/wp-content\/uploads\/2019\/01\/carme-junque.jpg\" class=\"attachment-eventchamp-speaker size-eventchamp-speaker wp-post-image\" alt=\"Carme Junque\" decoding=\"async\" srcset=\"https:\/\/congresofanpse.org\/2025\/wp-content\/uploads\/2019\/01\/carme-junque.jpg 350w, https:\/\/congresofanpse.org\/2025\/wp-content\/uploads\/2019\/01\/carme-junque-150x150.jpg 150w, https:\/\/congresofanpse.org\/2025\/wp-content\/uploads\/2019\/01\/carme-junque-300x300.jpg 300w, https:\/\/congresofanpse.org\/2025\/wp-content\/uploads\/2019\/01\/carme-junque-40x40.jpg 40w, https:\/\/congresofanpse.org\/2025\/wp-content\/uploads\/2019\/01\/carme-junque-85x85.jpg 85w\" sizes=\"(max-width: 350px) 100vw, 350px\" \/><\/a><\/div><div class=\"name\"><a href=\"https:\/\/congresofanpse.org\/2025\/speaker\/carme-junque\/\" title=\"Carme Junque\">Carme Junque<\/a><\/div><div class=\"excerpt\">Premio FANPSE a toda una carrera profesional<\/div><div class=\"details\"><\/div><\/div><div class=\"item\"><div class=\"image\"><a href=\"https:\/\/congresofanpse.org\/2025\/speaker\/dr-alfredo-ardila\/\" title=\"Dr. Alfredo Ardila\"><img width=\"350\" height=\"350\" src=\"https:\/\/congresofanpse.org\/2025\/wp-content\/uploads\/2017\/03\/alfredo-ardilla-web.jpg\" class=\"attachment-eventchamp-speaker size-eventchamp-speaker wp-post-image\" alt=\"Alfredo Ardilla\" decoding=\"async\" srcset=\"https:\/\/congresofanpse.org\/2025\/wp-content\/uploads\/2017\/03\/alfredo-ardilla-web.jpg 350w, https:\/\/congresofanpse.org\/2025\/wp-content\/uploads\/2017\/03\/alfredo-ardilla-web-150x150.jpg 150w, https:\/\/congresofanpse.org\/2025\/wp-content\/uploads\/2017\/03\/alfredo-ardilla-web-300x300.jpg 300w, https:\/\/congresofanpse.org\/2025\/wp-content\/uploads\/2017\/03\/alfredo-ardilla-web-40x40.jpg 40w, https:\/\/congresofanpse.org\/2025\/wp-content\/uploads\/2017\/03\/alfredo-ardilla-web-85x85.jpg 85w, https:\/\/congresofanpse.org\/2025\/wp-content\/uploads\/2017\/03\/alfredo-ardilla-web-100x100.jpg 100w\" sizes=\"(max-width: 350px) 100vw, 350px\" \/><\/a><\/div><div class=\"name\"><a href=\"https:\/\/congresofanpse.org\/2025\/speaker\/dr-alfredo-ardila\/\" title=\"Dr. Alfredo Ardila\">Dr. Alfredo Ardila<\/a><\/div><div class=\"excerpt\">Alfredo Ardila es psic\u00f3logo de la Universidad Nacional de Colombia (1969), y obtuvo un doctorado en neuropsicolog\u00eda en la Universidad Estatal de Mosc\u00fa (1976).<\/div><div class=\"details\"><\/div><\/div><div class=\"item\"><div class=\"image\"><a href=\"https:\/\/congresofanpse.org\/2025\/speaker\/dr-monica-rosselli\/\" title=\"Dr. M\u00f3nica Rosselli\"><img width=\"350\" height=\"350\" src=\"https:\/\/congresofanpse.org\/2025\/wp-content\/uploads\/2017\/03\/monica-rosselli-web.jpg\" class=\"attachment-eventchamp-speaker size-eventchamp-speaker wp-post-image\" alt=\"M\u00f3nica Rosselli\" decoding=\"async\" srcset=\"https:\/\/congresofanpse.org\/2025\/wp-content\/uploads\/2017\/03\/monica-rosselli-web.jpg 350w, https:\/\/congresofanpse.org\/2025\/wp-content\/uploads\/2017\/03\/monica-rosselli-web-150x150.jpg 150w, https:\/\/congresofanpse.org\/2025\/wp-content\/uploads\/2017\/03\/monica-rosselli-web-300x300.jpg 300w, https:\/\/congresofanpse.org\/2025\/wp-content\/uploads\/2017\/03\/monica-rosselli-web-40x40.jpg 40w, https:\/\/congresofanpse.org\/2025\/wp-content\/uploads\/2017\/03\/monica-rosselli-web-85x85.jpg 85w, https:\/\/congresofanpse.org\/2025\/wp-content\/uploads\/2017\/03\/monica-rosselli-web-100x100.jpg 100w\" sizes=\"(max-width: 350px) 100vw, 350px\" \/><\/a><\/div><div class=\"name\"><a href=\"https:\/\/congresofanpse.org\/2025\/speaker\/dr-monica-rosselli\/\" title=\"Dr. M\u00f3nica Rosselli\">Dr. M\u00f3nica Rosselli<\/a><\/div><div class=\"excerpt\">La Dra. M\u00f3nica Rosselli es psic\u00f3loga de la Universidad Javeriana de Bogot\u00e1, Colombia.<\/div><div class=\"details\"><\/div><\/div><\/div><\/div>[\/vc_column_inner][\/vc_row_inner][vc_empty_space height=\u00bb90px\u00bb][\/vc_column][\/vc_row][vc_row full_width=\u00bbstretch_row\u00bb disable_element=\u00bbyes\u00bb el_class=\u00bbbackgroundcentercenter bgfixed\u00bb el_id=\u00bbVenue\u00bb css=\u00bb.vc_custom_1676535852654{background-image: url(https:\/\/congresofanpse.org\/2025\/wp-content\/uploads\/2019\/12\/la-caixa-auditorio.jpg?id=3170) !important;}\u00bb][vc_column][vc_empty_space height=\u00bb39px\u00bb]<div class=\"content-title-element white size1 center\"><div class=\"title\">C.C. Torre Sevilla, Calle L\u00f3pez Pintado, 41092 Sevilla<\/div><div class=\"separate\"><i class=\"far fa-building\" aria-hidden=\"true\"><\/i><\/div><\/div>[vc_empty_space height=\u00bb40px\u00bb][vc_row_inner][vc_column_inner el_class=\u00bbtext-center\u00bb][vc_single_image image=\u00bb3275&#8243; img_size=\u00bbfull\u00bb alignment=\u00bbcenter\u00bb][vc_column_text]<\/p>\n<p style=\"text-align: center; font-size: 22px;\"><a href=\"https:\/\/caixaforum.es\/es\/sevilla\/visitanos\/\" target=\"_blank\" rel=\"noopener\"><span style=\"color: #ffffff;\">caixaforum.es<\/span><\/a><\/p>\n<p>[\/vc_column_text]<div class=\"eventchamp-button\"><a title=\"Ver Mapa\" type=\"button\" data-toggle=\"modal\" data-target=\"#modal_67520\"><span>Ver Mapa<\/span><\/a><\/div><div class=\"modal fade eventchamp-modal\" id=\"modal_67520\" tabindex=\"-1\" role=\"dialog\" aria-labelledby=\"modal_67520Label\">\n\t\t\t\t\t\t  <div class=\"modal-dialog modal-lg\" role=\"document\">\n\t\t\t\t\t\t    <div class=\"modal-content\">\n\t\t\t\t\t\t    \t<button type=\"button\" class=\"close\" data-dismiss=\"modal\" aria-label=\"Close\"><span aria-hidden=\"true\">&times;<\/span><\/button>\n\t\t\t\t\t\t    \t<div class=\"modal-body\"><div class=\"content\"><iframe loading=\"lazy\" style=\"border: 0;\" src=\"https:\/\/www.google.com\/maps\/embed?pb=!1m18!1m12!1m3!1d976.1285314342016!2d-6.009625669293728!3d37.39366073101646!2m3!1f0!2f0!3f0!3m2!1i1024!2i768!4f13.1!3m3!1m2!1s0xd126def69143f4d%3A0x306b43a6f8b55c3e!2sCaixaForum%20Sevilla!5e1!3m2!1ses!2ses!4v1576685760146!5m2!1ses!2ses\" width=\"650\" height=\"400\" frameborder=\"0\" allowfullscreen=\"allowfullscreen\"><span style=\"display: inline-block; width: 0px; overflow: hidden; line-height: 0;\" data-mce-type=\"bookmark\" class=\"mce_SELRES_start\">\ufeff<\/span><\/iframe><\/div><\/div><\/div>\n\t\t\t\t\t\t  <\/div>\n\t\t\t\t\t\t<\/div>[\/vc_column_inner][\/vc_row_inner][vc_empty_space height=\u00bb90px\u00bb][\/vc_column][\/vc_row][vc_row content_placement=\u00bbmiddle\u00bb disable_element=\u00bbyes\u00bb css=\u00bb.vc_custom_1676535859212{margin-top: 30px !important;background-color: #efefef !important;background-position: center !important;background-repeat: no-repeat !important;background-size: cover !important;}\u00bb][vc_column width=\u00bb1\/2&#8243; css=\u00bb.vc_custom_1580758523337{padding-top: 30px !important;padding-bottom: 50px !important;}\u00bb][vc_row_inner][vc_column_inner width=\u00bb1\/2&#8243; css=\u00bb.vc_custom_1550846240469{margin-right: -10px !important;}\u00bb][vc_single_image image=\u00bb3210&#8243; img_size=\u00bb300&#215;210&#8243; style=\u00bbvc_box_rounded\u00bb css=\u00bb.vc_custom_1580758488229{padding-top: 20px !important;}\u00bb][\/vc_column_inner][vc_column_inner width=\u00bb1\/2&#8243;][vc_single_image image=\u00bb3211&#8243; img_size=\u00bb300&#215;210&#8243; alignment=\u00bbcenter\u00bb style=\u00bbvc_box_rounded\u00bb css=\u00bb.vc_custom_1580758496195{padding-top: 20px !important;}\u00bb][\/vc_column_inner][\/vc_row_inner][\/vc_column][vc_column width=\u00bb1\/2&#8243;]<div class=\"content-title-element dark size2 center\"><div class=\"title\">\u00a1Ven a la cena del congreso con nosotros!<\/div><div class=\"separate\"><i class=\"fas fa-utensils\" aria-hidden=\"true\"><\/i><\/div><\/div>[vc_btn title=\u00bbEcha un vistazo al men\u00fa\u00bb style=\u00bbflat\u00bb shape=\u00bbround\u00bb color=\u00bbinverse\u00bb size=\u00bbsm\u00bb align=\u00bbcenter\u00bb css_animation=\u00bbfadeIn\u00bb link=\u00bburl:http%3A%2F%2Fcongresofanpse.org\/2024%2Fwp-content%2Fuploads%2F2020%2F02%2FMEN%C3%9AS-COCKTAIL-menu-1-solo.pdf|title:Echa%20un%20vistazo%20al%20men%C3%BA|target:%20_blank|\u00bb css=\u00bb.vc_custom_1580758283808{margin-top: 15px !important;}\u00bb][vc_column_text]<\/p>\n<h6 style=\"text-align: center;\">Si no est\u00e1s inscrita\/o, puedes seleccionar la cena durante el proceso de inscripci\u00f3n en servicios adicionales.<\/h6>\n<p>[\/vc_column_text][vc_btn title=\u00bbSi ya est\u00e1s incrita\/o, entra aqu\u00ed y a\u00f1\u00e1dela\u00bb style=\u00bbflat\u00bb shape=\u00bbround\u00bb color=\u00bbinverse\u00bb size=\u00bbsm\u00bb align=\u00bbcenter\u00bb css_animation=\u00bbfadeIn\u00bb link=\u00bburl:https%3A%2F%2Fgranada.congresoseci.com%2Ffanpse|title:A%C3%B1ade%20la%20cena|target:%20_blank|\u00bb css=\u00bb.vc_custom_1580758334672{margin-top: 15px !important;}\u00bb][\/vc_column][\/vc_row][vc_row disable_element=\u00bbyes\u00bb css=\u00bb.vc_custom_1676535994361{background-color: #ffffff !important;}\u00bb el_id=\u00bbSponsors\u00bb][vc_column][vc_empty_space height=\u00bb39px\u00bb][vc_row_inner][vc_column_inner]<div class=\"content-title-element dark size1 center\"><div class=\"title\">Nuestros <span>Patrocinadores<\/span><\/div><div class=\"separate\"><i class=\"fas fa-cube\" aria-hidden=\"true\"><\/i><\/div><div class=\"description\">Agradecemos a nuestros patrocinadores su colaboraci\u00f3n en nuestro pr\u00f3ximo congreso<\/div><\/div>[\/vc_column_inner][\/vc_row_inner][\/vc_column][\/vc_row][vc_row full_width=\u00bbstretch_row_content_no_spaces\u00bb disable_element=\u00bbyes\u00bb css=\u00bb.vc_custom_1676535864618{margin-bottom: 0px !important;}\u00bb][vc_column css=\u00bb.vc_custom_1576688955432{margin-top: 0px !important;padding-top: 0px !important;}\u00bb][vc_row_inner content_placement=\u00bbmiddle\u00bb][vc_column_inner width=\u00bb1\/6&#8243;][vc_single_image image=\u00bb3247&#8243; img_size=\u00bbfull\u00bb alignment=\u00bbcenter\u00bb onclick=\u00bbcustom_link\u00bb img_link_target=\u00bb_blank\u00bb link=\u00bbhttps:\/\/www.iensa.es\u00bb css=\u00bb.vc_custom_1582301807316{padding-right: 20px !important;padding-left: 20px !important;}\u00bb][\/vc_column_inner][vc_column_inner width=\u00bb1\/6&#8243;][vc_single_image image=\u00bb2906&#8243; img_size=\u00bbfull\u00bb alignment=\u00bbcenter\u00bb onclick=\u00bbcustom_link\u00bb img_link_target=\u00bb_blank\u00bb link=\u00bbhttps:\/\/www.neuronup.com\/es\/\u00bb css=\u00bb.vc_custom_1582301796547{padding-right: 20px !important;padding-left: 20px !important;}\u00bb][\/vc_column_inner][vc_column_inner width=\u00bb1\/6&#8243;][vc_single_image image=\u00bb3273&#8243; img_size=\u00bbfull\u00bb alignment=\u00bbcenter\u00bb onclick=\u00bbcustom_link\u00bb img_link_target=\u00bb_blank\u00bb css=\u00bb.vc_custom_1582909040643{padding-right: 20px !important;padding-left: 20px !important;}\u00bb link=\u00bbhttp:\/\/www.neurofuncional.es\u00bb][\/vc_column_inner][vc_column_inner width=\u00bb1\/6&#8243;][vc_single_image image=\u00bb2913&#8243; img_size=\u00bbfull\u00bb alignment=\u00bbcenter\u00bb onclick=\u00bbcustom_link\u00bb img_link_target=\u00bb_blank\u00bb css=\u00bb.vc_custom_1582908789662{padding-right: 20px !important;padding-left: 20px !important;}\u00bb link=\u00bbhttp:\/\/www.neurorhb.com\u00bb][\/vc_column_inner][vc_column_inner width=\u00bb1\/6&#8243;][vc_single_image image=\u00bb3262&#8243; img_size=\u00bbfull\u00bb alignment=\u00bbcenter\u00bb onclick=\u00bbcustom_link\u00bb img_link_target=\u00bb_blank\u00bb css=\u00bb.vc_custom_1582301930754{padding-right: 20px !important;padding-left: 20px !important;}\u00bb link=\u00bbhttps:\/\/www.uloyola.es\/\u00bb][\/vc_column_inner][vc_column_inner width=\u00bb1\/6&#8243;][vc_single_image image=\u00bb3265&#8243; img_size=\u00bbfull\u00bb alignment=\u00bbcenter\u00bb onclick=\u00bbcustom_link\u00bb img_link_target=\u00bb_blank\u00bb css=\u00bb.vc_custom_1582301909057{padding-right: 40px !important;padding-left: 40px !important;}\u00bb link=\u00bbhttps:\/\/pearson.es\/\u00bb][\/vc_column_inner][\/vc_row_inner][vc_row_inner content_placement=\u00bbmiddle\u00bb][vc_column_inner width=\u00bb1\/5&#8243;][\/vc_column_inner][vc_column_inner width=\u00bb1\/5&#8243;][vc_single_image image=\u00bb3253&#8243; img_size=\u00bb250&#215;70&#8243; alignment=\u00bbcenter\u00bb onclick=\u00bbcustom_link\u00bb img_link_target=\u00bb_blank\u00bb css=\u00bb.vc_custom_1582565351734{padding-top: 0px !important;padding-right: 40px !important;padding-bottom: 60px !important;padding-left: 40px !important;}\u00bb link=\u00bbhttps:\/\/test-barcelona.com\/es\/\u00bb][\/vc_column_inner][vc_column_inner width=\u00bb1\/5&#8243;][vc_single_image image=\u00bb3268&#8243; img_size=\u00bb230&#215;80&#8243; alignment=\u00bbcenter\u00bb onclick=\u00bbcustom_link\u00bb css=\u00bb.vc_custom_1582908858240{padding-right: 40px !important;padding-bottom: 60px !important;padding-left: 40px !important;}\u00bb link=\u00bbhttp:\/\/www.neuralex.es\/\u00bb][\/vc_column_inner][vc_column_inner width=\u00bb1\/5&#8243;][vc_single_image image=\u00bb3267&#8243; img_size=\u00bb210&#215;70&#8243; alignment=\u00bbcenter\u00bb onclick=\u00bbcustom_link\u00bb img_link_target=\u00bb_blank\u00bb css=\u00bb.vc_custom_1582908879710{padding-right: 40px !important;padding-bottom: 60px !important;padding-left: 40px !important;}\u00bb link=\u00bbhttp:\/\/www.neuralex.es\/\u00bb][\/vc_column_inner][vc_column_inner width=\u00bb1\/5&#8243;][\/vc_column_inner][\/vc_row_inner][vc_row_inner content_placement=\u00bbmiddle\u00bb][vc_column_inner width=\u00bb1\/5&#8243;][\/vc_column_inner][vc_column_inner width=\u00bb1\/5&#8243;][\/vc_column_inner][vc_column_inner width=\u00bb1\/5&#8243;][vc_single_image image=\u00bb3261&#8243; img_size=\u00bb170&#215;80&#8243; alignment=\u00bbcenter\u00bb onclick=\u00bbcustom_link\u00bb img_link_target=\u00bb_blank\u00bb link=\u00bbhttps:\/\/www.nutricia.es\/\u00bb css=\u00bb.vc_custom_1582565257388{padding-bottom: 60px !important;}\u00bb][\/vc_column_inner][vc_column_inner width=\u00bb1\/5&#8243;][\/vc_column_inner][vc_column_inner width=\u00bb1\/5&#8243;][\/vc_column_inner][\/vc_row_inner][vc_row_inner content_placement=\u00bbmiddle\u00bb][vc_column_inner width=\u00bb1\/6&#8243;][vc_single_image image=\u00bb2909&#8243; img_size=\u00bb50&#215;50&#8243; alignment=\u00bbcenter\u00bb onclick=\u00bbcustom_link\u00bb img_link_target=\u00bb_blank\u00bb css=\u00bb.vc_custom_1581612167295{margin-top: -13px !important;}\u00bb link=\u00bbhttp:\/\/web.teaediciones.com\/Inicio.aspx\u00bb][\/vc_column_inner][vc_column_inner width=\u00bb1\/6&#8243;][vc_single_image image=\u00bb3044&#8243; img_size=\u00bb110&#215;90&#8243; alignment=\u00bbcenter\u00bb onclick=\u00bbcustom_link\u00bb img_link_target=\u00bb_blank\u00bb link=\u00bbhttp:\/\/www.gnpt.es\/\u00bb][\/vc_column_inner][vc_column_inner width=\u00bb1\/6&#8243; css=\u00bb.vc_custom_1549014421969{padding-top: 15px !important;}\u00bb][vc_single_image image=\u00bb3251&#8243; img_size=\u00bb130&#215;80&#8243; alignment=\u00bbcenter\u00bb onclick=\u00bbcustom_link\u00bb img_link_target=\u00bb_blank\u00bb link=\u00bbhttp:\/\/www.copao.es\/\u00bb][\/vc_column_inner][vc_column_inner width=\u00bb1\/6&#8243;][vc_single_image image=\u00bb3263&#8243; img_size=\u00bb170&#215;50&#8243; alignment=\u00bbcenter\u00bb onclick=\u00bbcustom_link\u00bb img_link_target=\u00bb_blank\u00bb link=\u00bbhttp:\/\/www.neuroped.es\/\u00bb][\/vc_column_inner][vc_column_inner width=\u00bb1\/6&#8243;][vc_single_image image=\u00bb3259&#8243; img_size=\u00bb150&#215;70&#8243; alignment=\u00bbcenter\u00bb onclick=\u00bbcustom_link\u00bb img_link_target=\u00bb_blank\u00bb link=\u00bbhttps:\/\/www.neuroelectrics.com\/\u00bb][\/vc_column_inner][vc_column_inner width=\u00bb1\/6&#8243;][vc_single_image image=\u00bb3264&#8243; img_size=\u00bb170&#215;50&#8243; alignment=\u00bbcenter\u00bb onclick=\u00bbcustom_link\u00bb img_link_target=\u00bb_blank\u00bb link=\u00bbhttps:\/\/centroreintegra.es\/\u00bb][\/vc_column_inner][\/vc_row_inner][\/vc_column][\/vc_row][vc_row full_width=\u00bbstretch_row\u00bb disable_element=\u00bbyes\u00bb css=\u00bb.vc_custom_1676535873131{background-image: url(https:\/\/congresofanpse.org\/2025\/wp-content\/uploads\/2019\/01\/foto-header.jpg?id=2838) !important;}\u00bb el_class=\u00bbbackgroundcentercenter bgfixed\u00bb][vc_column][vc_empty_space height=\u00bb55px\u00bb][vc_row_inner content_placement=\u00bbmiddle\u00bb][vc_column_inner el_class=\u00bbtext-center\u00bb width=\u00bb1\/4&#8243; css=\u00bb.vc_custom_1488998160159{margin-bottom: 45px !important;}\u00bb]<div class=\"eventchamp-counter white\"><div class=\"number\">15<\/div><div class=\"title\">Ponentes<\/div><\/div>[\/vc_column_inner][vc_column_inner width=\u00bb1\/4&#8243; css=\u00bb.vc_custom_1488998164870{margin-bottom: 45px !important;}\u00bb]<div class=\"eventchamp-counter white\"><div class=\"number\">3<\/div><div class=\"title\">D\u00edas<\/div><\/div>[\/vc_column_inner][vc_column_inner width=\u00bb1\/4&#8243; css=\u00bb.vc_custom_1488998169091{margin-bottom: 45px !important;}\u00bb]<div class=\"eventchamp-counter white\"><div class=\"number\">235<\/div><div class=\"title\">Participantes<\/div><\/div>[\/vc_column_inner][vc_column_inner width=\u00bb1\/4&#8243; css=\u00bb.vc_custom_1488998173888{margin-bottom: 45px !important;}\u00bb]<div class=\"eventchamp-counter white\"><div class=\"number\">40<\/div><div class=\"title\">Talleres<\/div><\/div>[\/vc_column_inner][\/vc_row_inner][vc_empty_space height=\u00bb33px\u00bb][\/vc_column][\/vc_row][vc_row full_width=\u00bbstretch_row_content_no_spaces\u00bb disable_element=\u00bbyes\u00bb css=\u00bb.vc_custom_1676535880017{margin-bottom: 0px !important;}\u00bb el_id=\u00bbGallery\u00bb][vc_column css=\u00bb.vc_custom_1576688955432{margin-top: 0px !important;padding-top: 0px !important;}\u00bb el_id=\u00bbgaleria-fotos-2&#8243;][\/vc_column][\/vc_row]<\/p>\n","protected":false},"excerpt":{"rendered":"<p>[vc_row full_width=\u00bbstretch_row_content_no_spaces\u00bb el_class=\u00bbslide-home\u00bb][vc_column][\/vc_column][\/vc_row][vc_row full_width=\u00bbstretch_row_content_no_spaces\u00bb gap=\u00bb5&#8243; content_placement=\u00bbmiddle\u00bb disable_element=\u00bbyes\u00bb css=\u00bb.vc_custom_1689769914918{background-color: #1e5795 !important;}\u00bb el_class=\u00bbbanner-plataforma\u00bb][vc_column][vc_column_text el_class=\u00bbplataforma-online\u00bb]ACCESO CONGRESO EN DIFERIDO[\/vc_column_text][\/vc_column][\/vc_row][vc_row el_class=\u00bbintro-home\u00bb][vc_column][vc_empty_space height=\u00bb50&#8243;][vc_empty_space height=\u00bb15px\u00bb][\/vc_column][\/vc_row][vc_row el_class=\u00bbintro-home\u00bb][vc_column][vc_row_inner][vc_column_inner][vc_column_text]Estimad@s soci@, amig@s y compa\u00f1er@s: Tras el \u00e9xito de anteriores ediciones con m\u00e1s de 490 congresistas, 28 ponentes y 146 comunicaciones orales y p\u00f3ster, os damos la bienvenida al XVI congreso Nacional de Neuropsicolog\u00eda que se celebrar\u00e1&#8230;<\/p>\n","protected":false},"author":1,"featured_media":5815,"parent":0,"menu_order":0,"comment_status":"closed","ping_status":"closed","template":"","meta":{"_monsterinsights_skip_tracking":false,"_monsterinsights_sitenote_active":false,"_monsterinsights_sitenote_note":"","_monsterinsights_sitenote_category":0,"footnotes":""},"aioseo_notices":[],"_links":{"self":[{"href":"https:\/\/congresofanpse.org\/2025\/wp-json\/wp\/v2\/pages\/561"}],"collection":[{"href":"https:\/\/congresofanpse.org\/2025\/wp-json\/wp\/v2\/pages"}],"about":[{"href":"https:\/\/congresofanpse.org\/2025\/wp-json\/wp\/v2\/types\/page"}],"author":[{"embeddable":true,"href":"https:\/\/congresofanpse.org\/2025\/wp-json\/wp\/v2\/users\/1"}],"replies":[{"embeddable":true,"href":"https:\/\/congresofanpse.org\/2025\/wp-json\/wp\/v2\/comments?post=561"}],"version-history":[{"count":336,"href":"https:\/\/congresofanpse.org\/2025\/wp-json\/wp\/v2\/pages\/561\/revisions"}],"predecessor-version":[{"id":5506,"href":"https:\/\/congresofanpse.org\/2025\/wp-json\/wp\/v2\/pages\/561\/revisions\/5506"}],"wp:featuredmedia":[{"embeddable":true,"href":"https:\/\/congresofanpse.org\/2025\/wp-json\/wp\/v2\/media\/5815"}],"wp:attachment":[{"href":"https:\/\/congresofanpse.org\/2025\/wp-json\/wp\/v2\/media?parent=561"}],"curies":[{"name":"wp","href":"https:\/\/api.w.org\/{rel}","templated":true}]}}