{"id":2928,"date":"2019-01-22T10:44:56","date_gmt":"2019-01-22T09:44:56","guid":{"rendered":"http:\/\/congresofanpse.org\/?page_id=2928"},"modified":"2025-03-10T16:47:25","modified_gmt":"2025-03-10T15:47:25","slug":"inscripciones","status":"publish","type":"page","link":"https:\/\/congresofanpse.org\/2025\/inscripciones\/","title":{"rendered":"Inscripciones"},"content":{"rendered":"<p>[vc_row disable_element=\u00bbyes\u00bb el_class=\u00bbno-mostrar\u00bb][vc_column][vc_column_text el_class=\u00bbproximamente inscripciones\u00bb]PR\u00d3XIMAMENTE[\/vc_column_text][\/vc_column][\/vc_row][vc_row el_class=\u00bbcaja-inscripcion primero\u00bb css=\u00bb.vc_custom_1730380410602{margin-bottom: 50px !important;}\u00bb][vc_column][vc_column_text]<\/p>\n<h3 style=\"text-align: center;\">\u00bfDESEA REALIZAR LA INSCRIPCI\u00d3N AL CONGRESO?<\/h3>\n<p>[\/vc_column_text][vc_btn title=\u00bbInscripci\u00f3n Congreso\u00bb color=\u00bbprimary\u00bb align=\u00bbcenter\u00bb link=\u00bburl:https%3A%2F%2Fapp.bipeek.com%2Fregistro-evento%2FdMdzqk5z3Ss4RDwkCCA3kR1WxVDP2ymPlWtg2MIymcPlGScZZE0DKe6YnBkk%2FdHJbXT00MzkxJnRyW109MzU0MCZ0cltdPTM1NDEmdHJbXT0zNTQyJnRyW109MzU0MyZ0cltdPTM1NDQmdHJbXT0zNTQ1JnRyW109MzU0NiZ0cltdPTM1NDc%3D||target:%20_blank|\u00bb el_class=\u00bbbutton-primary inscripcion-button\u00bb][vc_btn title=\u00bbInscripci\u00f3n Talleres\u00bb color=\u00bbprimary\u00bb align=\u00bbcenter\u00bb link=\u00bburl:https%3A%2F%2Fapp.bipeek.com%2Fregistro-evento%2F8Yo4s8Fqv6hhSu3ynEEXZxnETXSMq7ql0cuZj1uipHHi2Gvx4rKE7UMVuHiG%3Ftr%5B%5D%3D1988%26tr%5B%5D%3D1989||target:%20_blank|\u00bb el_class=\u00bbbutton-primary inscripcion-button talleres no-mostrar\u00bb][\/vc_column][\/vc_row][vc_row css=\u00bb.vc_custom_1730287377624{padding-bottom: 20px !important;}\u00bb][vc_column][vc_column_text]<\/p>\n<h2 style=\"color: #314474; padding-bottom: 25px;\"><b><span data-contrast=\"auto\">TALLERES PRESENCIALES<\/span> <!--<span class=\"nota-taller\">*Pendientes de confirmar en programa<\/span>--><\/b><\/h2>\n<div style=\"overflow-x: auto;\">\n<table>\n<thead>\n<tr>\n<td style=\"background-color: #004e76;\" width=\"750px\" height=\"30\"><\/td>\n<td style=\"background-color: #004e76; text-align: center;\" height=\"30\"><span style=\"color: #ffffff !important;\"><strong style=\"color: #ffffff !important;\">Cuota<\/strong><\/span><\/td>\n<\/tr>\n<\/thead>\n<tbody>\n<tr>\n<td>Socios FANPSE<\/td>\n<td style=\"text-align: center;\">50 \u20ac<\/td>\n<\/tr>\n<tr>\n<td>No Socios<\/td>\n<td style=\"text-align: center;\">65 \u20ac<\/td>\n<\/tr>\n<\/tbody>\n<\/table>\n<\/div>\n<p>[\/vc_column_text][vc_column_text]<i>Los talleres se realizar\u00e1n \u00fanicamente en formato presencial.<\/i><\/p>\n<p><i>La realizaci\u00f3n de los talleres est\u00e1 supeditada a un m\u00ednimo de asistencia. En caso de no llegar al m\u00ednimo establecido, se comunicar\u00e1 la suspensi\u00f3n de los mismos a los asistentes con, al menos, 2 semanas de antelaci\u00f3n y se devolver\u00e1 el 100% de la inscripci\u00f3n abonada.<\/i><\/p>\n<p><i>La cuota indicada es por taller. La cuota de inscripci\u00f3n NO cubre la asistencia al congreso los d\u00edas 28 y 29 de marzo.<\/i>[\/vc_column_text][\/vc_column][\/vc_row][vc_row][vc_column][vc_column_text]<\/p>\n<h2 style=\"color: #314474; padding-bottom: 25px;\"><b><span data-contrast=\"auto\">CUOTAS DE INSCRIPCI\u00d3N PRESENCIAL<\/span><\/b><\/h2>\n<div style=\"overflow-x: auto;\">\n<table>\n<thead>\n<tr>\n<td style=\"background-color: #004e76;\" height=\"30\"><\/td>\n<td style=\"background-color: #004e76; text-align: center;\" height=\"30\"><span style=\"color: #ffffff;\"><strong style=\"color: #ffffff !important;\">Inscripci\u00f3n s\u00faper reducida<br \/>\n(hasta el 2 de diciembre)<\/strong><\/span><\/td>\n<td style=\"background-color: #004e76; text-align: center;\" height=\"30\"><span style=\"color: #ffffff;\"><strong style=\"color: #ffffff !important;\">Inscripci\u00f3n temprana<br \/>\n(hasta el 3 de febrero)<\/strong><\/span><\/td>\n<td style=\"background-color: #004e76; text-align: center;\" height=\"30\"><span style=\"color: #ffffff;\"><strong style=\"color: #ffffff !important;\">Inscripci\u00f3n tard\u00eda<br \/>\n(hasta el 20 de marzo)<\/strong><\/span><\/td>\n<\/tr>\n<\/thead>\n<tbody>\n<tr>\n<td>Socios FANPSE<\/td>\n<td style=\"text-align: center;\">155 \u20ac<\/td>\n<td style=\"text-align: center;\">185 \u20ac<\/td>\n<td style=\"text-align: center;\">260 \u20ac<\/td>\n<\/tr>\n<tr>\n<td>No Socios<\/td>\n<td style=\"text-align: center;\">225 \u20ac<\/td>\n<td style=\"text-align: center;\">260 \u20ac<\/td>\n<td style=\"text-align: center;\">330 \u20ac<\/td>\n<\/tr>\n<tr>\n<td>Estudiantes \/ Profesionales en paro*<\/td>\n<td style=\"text-align: center;\">90 \u20ac<\/td>\n<td style=\"text-align: center;\">120 \u20ac<\/td>\n<td style=\"text-align: center;\">195 \u20ac<\/td>\n<\/tr>\n<tr>\n<td>Colegiados y Centros de formaci\u00f3n**<\/td>\n<td style=\"text-align: center;\">200 \u20ac<\/td>\n<td style=\"text-align: center;\">230 \u20ac<\/td>\n<td style=\"text-align: center;\">305 \u20ac<\/td>\n<\/tr>\n<\/tbody>\n<\/table>\n<\/div>\n<p>[\/vc_column_text][vc_column_text]<i>*Previa justificaci\u00f3n. <strong>Estudiantes<\/strong>: podr\u00e1n beneficiarse de la cuota aquellos que est\u00e9n cursando un grado, licenciatura o m\u00e1ster oficial. <strong>Desempleados<\/strong>: deber\u00e1 justificarse mediante un documento acreditativo de una agencia p\u00fablica de empleo.<\/i><\/p>\n<p><i>**<strong>Colegiados y Centros de formaci\u00f3n<\/strong>: Acuerdos de colaboraci\u00f3n para este congreso entre FANPSE y <span data-olk-copy-source=\"MessageBody\">COP de Madrid<\/span>, Universidad Fernando Pessoa-Canarias, UNIR, Universitat de Barcelona, Universidad Internacional de Valencia\u2013VIU, Universidad de Deusto<span class=\"ui-provider ee bie bif big bih bii bij bik bil bim bin bio bip biq bir bis bit biu biv biw bix biy biz bja bjb bjc bjd bje bjf bjg bjh bji bjj bjk bjl\" dir=\"ltr\">, Facultad de Psicolog\u00eda \u2013 UGR y CIMCYC,<\/span> <em>Universidad Loyola<\/em><em>\u00a0<\/em>para que sus colegiados, estudiantes o profesionales se beneficien de cuotas especiales. Deber\u00e1 remitir justificante como colegiado, estudiante o profesional de dicho centro.<\/i><\/p>\n<p><strong><em>La cuota NO incluye el almuerzo de trabajo ni la cena de clausura del viernes 28 de marzo. Al cumplimentar el formulario de inscripci\u00f3n puede seleccionarse la opci\u00f3n de asistir al almuerzo (30,00 \u20ac) y\/o a la cena de clausura (60,00 \u20ac).<\/em><\/strong>[\/vc_column_text][\/vc_column][\/vc_row][vc_row][vc_column][vc_column_text el_class=\u00bbtitle-inscripcion\u00bb]<\/p>\n<h2 style=\"color: #1e5795; padding-bottom: 25px;\"><b><span data-contrast=\"auto\">SERVICIOS QUE CUBRE LA CUOTA PRESENCIAL<\/span><\/b><\/h2>\n<p>[\/vc_column_text][\/vc_column][\/vc_row][vc_row el_class=\u00bbfondo-columna servicios-cuota\u00bb][vc_column width=\u00bb1\/2&#8243;]<div class=\"evc-icon-list evc-shortcode \">\n\t<div class=\"evc-il-item  \" >\n\t<div class=\"evc-ili-inner\">\n\t\t\t<span class=\"evc-ili-icon-wrapper\" style=\"font-size: 30px;color: #1e5795\">\n\t\t<span class=\"evc-ili-icon fa fa-suitcase\"><\/span>\n\t<\/span>\n\t\t\t<span class=\"evc-ili-text\" >\u201cPack\u201d del Congreso (Bolsa con material informativo del Congreso, Bloc de notas, bol\u00edgrafo, credenciales identificativas, \u2026).<\/span>\n\t\t\t<\/div>\n<\/div>\n<div class=\"evc-il-item  \" >\n\t<div class=\"evc-ili-inner\">\n\t\t\t<span class=\"evc-ili-icon-wrapper\" style=\"font-size: 30px;color: #1e5795\">\n\t\t<span class=\"evc-ili-icon fa fa-bar-chart\"><\/span>\n\t<\/span>\n\t\t\t<span class=\"evc-ili-text\" >La asistencia y participaci\u00f3n en todas las sesiones cient\u00edficas del Congreso.<\/span>\n\t\t\t<\/div>\n<\/div>\n<div class=\"evc-il-item  \" >\n\t<div class=\"evc-ili-inner\">\n\t\t\t<span class=\"evc-ili-icon-wrapper\" style=\"font-size: 30px;color: #1e5795\">\n\t\t<span class=\"evc-ili-icon fa fa-id-card\"><\/span>\n\t<\/span>\n\t\t\t<span class=\"evc-ili-text\" >Certificado de asistencia.<\/span>\n\t\t\t<\/div>\n<\/div>\n<div class=\"evc-il-item  \" >\n\t<div class=\"evc-ili-inner\">\n\t\t\t<span class=\"evc-ili-icon-wrapper\" style=\"font-size: 30px;color: #1e5795\">\n\t\t<span class=\"evc-ili-icon fa fa-coffee\"><\/span>\n\t<\/span>\n\t\t\t<span class=\"evc-ili-text\" >Acceso a los coffee breaks de las pausas para descanso entre sesiones cient\u00edficas.<\/span>\n\t\t\t<\/div>\n<\/div>\n<\/div>\n[\/vc_column][vc_column width=\u00bb1\/2&#8243;]<div class=\"evc-icon-list evc-shortcode \">\n\t<div class=\"evc-il-item  \" >\n\t<div class=\"evc-ili-inner\">\n\t\t\t<span class=\"evc-ili-icon-wrapper\" style=\"font-size: 30px;color: #1e5795\">\n\t\t<span class=\"evc-ili-icon fa fa-trophy\"><\/span>\n\t<\/span>\n\t\t\t<span class=\"evc-ili-text\" >El derecho a recibir cualquiera de los premios establecidos a los materiales cient\u00edficos presentados en este Congreso.<\/span>\n\t\t\t<\/div>\n<\/div>\n<div class=\"evc-il-item  \" >\n\t<div class=\"evc-ili-inner\">\n\t\t\t<span class=\"evc-ili-icon-wrapper\" style=\"font-size: 30px;color: #1e5795\">\n\t\t<span class=\"evc-ili-icon fa fa-id-card\"><\/span>\n\t<\/span>\n\t\t\t<span class=\"evc-ili-text\" >Certificado de trabajos presentados.<\/span>\n\t\t\t<\/div>\n<\/div>\n<div class=\"evc-il-item  \" >\n\t<div class=\"evc-ili-inner\">\n\t\t\t<span class=\"evc-ili-icon-wrapper\" style=\"font-size: 30px;color: #1e5795\">\n\t\t<span class=\"evc-ili-icon fa fa-desktop\"><\/span>\n\t<\/span>\n\t\t\t<span class=\"evc-ili-text\" >Visualizaci\u00f3n de las sesiones en la plataforma durante 1 mes tras la celebraci\u00f3n del Congreso.<\/span>\n\t\t\t<\/div>\n<\/div>\n<\/div>\n[\/vc_column][\/vc_row][vc_row disable_element=\u00bbyes\u00bb css=\u00bb.vc_custom_1730379712857{padding-top: 25px !important;}\u00bb el_class=\u00bbno-mostrar\u00bb][vc_column][vc_column_text]<\/p>\n<h2 style=\"color: #314474; padding-bottom: 25px;\"><b><span data-contrast=\"auto\">ACTIVIDADES<\/span><\/b><\/h2>\n<div style=\"overflow-x: auto;\">\n<table>\n<thead>\n<tr>\n<td style=\"background-color: #004e76;\" width=\"750px\" height=\"30\"><\/td>\n<td style=\"background-color: #004e76; text-align: center;\" height=\"30\"><span style=\"color: #ffffff !important;\"><strong style=\"color: #ffffff !important;\">Cuota<\/strong><\/span><\/td>\n<\/tr>\n<\/thead>\n<tbody>\n<tr>\n<td>Comida viernes<\/td>\n<td style=\"text-align: center;\">25 \u20ac<\/td>\n<\/tr>\n<tr>\n<td>Cena viernes<\/td>\n<td style=\"text-align: center;\">60 \u20ac<\/td>\n<\/tr>\n<\/tbody>\n<\/table>\n<\/div>\n<p>[\/vc_column_text][\/vc_column][\/vc_row][vc_row disable_element=\u00bbyes\u00bb el_class=\u00bbno-mostrar\u00bb][vc_column][vc_column_text el_class=\u00bbtitle-inscripcion\u00bb]<\/p>\n<h2 style=\"color: #1e5795; padding-bottom: 25px;\"><b><span data-contrast=\"auto\">SERVICIOS QUE CUBRE LA CUOTA PRESENCIAL<\/span><\/b><\/h2>\n<p>[\/vc_column_text][\/vc_column][\/vc_row][vc_row disable_element=\u00bbyes\u00bb el_class=\u00bbfondo-columna servicios-cuota no-mostrar\u00bb][vc_column][vc_column_text]Incluye los mismos servicios mencionados en el apartado anterior,\u00a0<u>adem\u00e1s de la cena del congreso<\/u>.[\/vc_column_text]<div class=\"evc-icon-list evc-shortcode \">\n\t<div class=\"evc-il-item  \" >\n\t<div class=\"evc-ili-inner\">\n\t\t\t<span class=\"evc-ili-icon-wrapper\" style=\"font-size: 30px;color: #1e5795\">\n\t\t<span class=\"evc-ili-icon fa fa-cutlery\"><\/span>\n\t<\/span>\n\t\t\t<span class=\"evc-ili-text\" >Cena del Congreso.<\/span>\n\t\t\t<\/div>\n<\/div>\n<\/div>\n[\/vc_column][\/vc_row][vc_row css=\u00bb.vc_custom_1730288353186{padding-top: 30px !important;}\u00bb][vc_column][vc_column_text]<\/p>\n<h2 style=\"color: #1e5795; padding-bottom: 25px;\"><b><span data-contrast=\"auto\">CUOTAS DE INSCRIPCI\u00d3N ONLINE<\/span><\/b><\/h2>\n<div style=\"overflow-x: auto;\">\n<table>\n<thead>\n<tr>\n<td style=\"background-color: #004e76;\" height=\"30\"><\/td>\n<td style=\"background-color: #004e76; text-align: center;\" height=\"30\"><span style=\"color: #ffffff;\"><strong style=\"color: #ffffff !important;\">Inscripci\u00f3n s\u00faper reducida<br \/>\n(hasta el 2 de diciembre)<\/strong><\/span><\/td>\n<td style=\"background-color: #004e76; text-align: center;\" height=\"30\"><span style=\"color: #ffffff;\"><strong style=\"color: #ffffff !important;\">Inscripci\u00f3n temprana<br \/>\n(hasta el 3 de febrero)<\/strong><\/span><\/td>\n<td style=\"background-color: #004e76; text-align: center;\" height=\"30\"><span style=\"color: #ffffff;\"><strong style=\"color: #ffffff !important;\">Inscripci\u00f3n tard\u00eda<br \/>\n(hasta el 20 de marzo)<\/strong><\/span><\/td>\n<\/tr>\n<\/thead>\n<tbody>\n<tr>\n<td>Socios FANPSE<\/td>\n<td style=\"text-align: center;\">105 \u20ac<\/td>\n<td style=\"text-align: center;\">140 \u20ac<\/td>\n<td style=\"text-align: center;\">180 \u20ac<\/td>\n<\/tr>\n<tr>\n<td>No Socios<\/td>\n<td style=\"text-align: center;\">180 \u20ac<\/td>\n<td style=\"text-align: center;\">210 \u20ac<\/td>\n<td style=\"text-align: center;\">255 \u20ac<\/td>\n<\/tr>\n<tr>\n<td>Estudiantes \/ Profesionales en paro*<\/td>\n<td style=\"text-align: center;\">70 \u20ac<\/td>\n<td style=\"text-align: center;\">100 \u20ac<\/td>\n<td style=\"text-align: center;\">145 \u20ac<\/td>\n<\/tr>\n<tr>\n<td>Colegiados y Centros de formaci\u00f3n**<\/td>\n<td style=\"text-align: center;\">145 \u20ac<\/td>\n<td style=\"text-align: center;\">175 \u20ac<\/td>\n<td style=\"text-align: center;\">215 \u20ac<\/td>\n<\/tr>\n<\/tbody>\n<\/table>\n<\/div>\n<p>[\/vc_column_text][vc_column_text]<i>*Previa justificaci\u00f3n. <strong>Estudiantes<\/strong>: podr\u00e1n beneficiarse de la cuota aquellos que est\u00e9n cursando un grado, licenciatura o m\u00e1ster oficial. <strong>Desempleados<\/strong>: deber\u00e1 justificarse mediante un documento acreditativo de una agencia p\u00fablica de empleo.<\/i><\/p>\n<p><i>**<strong>Colegiados y Centros de formaci\u00f3n<\/strong>: Acuerdos de colaboraci\u00f3n para este congreso entre FANPSE y <span data-olk-copy-source=\"MessageBody\">COP de Madrid<\/span>, Universidad Fernando Pessoa-Canarias, UNIR, Universitat de Barcelona, Universidad Internacional de Valencia\u2013VIU, Universidad de Deusto<span class=\"ui-provider ee bie bif big bih bii bij bik bil bim bin bio bip biq bir bis bit biu biv biw bix biy biz bja bjb bjc bjd bje bjf bjg bjh bji bjj bjk bjl\" dir=\"ltr\">, Facultad de Psicolog\u00eda \u2013 UGR y CIMCYC,<\/span> <em>Universidad Loyola<\/em><em>\u00a0<\/em>para que sus colegiados, estudiantes o profesionales se beneficien de cuotas especiales. Deber\u00e1 remitir justificante como colegiado, estudiante o profesional de dicho centro.<\/i><\/p>\n<p><strong><i>Si, por alg\u00fan motivo ajeno a la organizaci\u00f3n, no fuese posible realizar el congreso online, la organizaci\u00f3n lo comunicar\u00e1 a los inscritos con suficiente antelaci\u00f3n y les devolver\u00e1 el 100% de la cuota de inscripci\u00f3n que hayan abonado.<\/i><\/strong>[\/vc_column_text][\/vc_column][\/vc_row][vc_row][vc_column][vc_column_text el_class=\u00bbtitle-inscripcion\u00bb]<\/p>\n<h2 style=\"color: #1e5795; padding-bottom: 25px;\"><b><span data-contrast=\"auto\">SERVICIOS QUE CUBRE LA CUOTA ONLINE<\/span><\/b><\/h2>\n<p>[\/vc_column_text][\/vc_column][\/vc_row][vc_row el_class=\u00bbfondo-columna servicios-cuota\u00bb][vc_column width=\u00bb1\/2&#8243;]<div class=\"evc-icon-list evc-shortcode \">\n\t<div class=\"evc-il-item  \" >\n\t<div class=\"evc-ili-inner\">\n\t\t\t<span class=\"evc-ili-icon-wrapper\" style=\"font-size: 30px;color: #1e5795\">\n\t\t<span class=\"evc-ili-icon fa fa-bar-chart\"><\/span>\n\t<\/span>\n\t\t\t<span class=\"evc-ili-text\" >La asistencia y participaci\u00f3n en todas las sesiones cient\u00edficas del Congreso en directo.<\/span>\n\t\t\t<\/div>\n<\/div>\n<div class=\"evc-il-item  \" >\n\t<div class=\"evc-ili-inner\">\n\t\t\t<span class=\"evc-ili-icon-wrapper\" style=\"font-size: 30px;color: #1e5795\">\n\t\t<span class=\"evc-ili-icon fa fa-desktop\"><\/span>\n\t<\/span>\n\t\t\t<span class=\"evc-ili-text\" >Visualizaci\u00f3n de las sesiones en la plataforma durante 1 mes tras la celebraci\u00f3n del Congreso.<\/span>\n\t\t\t<\/div>\n<\/div>\n<\/div>\n[\/vc_column][vc_column width=\u00bb1\/2&#8243;]<div class=\"evc-icon-list evc-shortcode \">\n\t<div class=\"evc-il-item  \" >\n\t<div class=\"evc-ili-inner\">\n\t\t\t<span class=\"evc-ili-icon-wrapper\" style=\"font-size: 30px;color: #1e5795\">\n\t\t<span class=\"evc-ili-icon fa fa-id-card\"><\/span>\n\t<\/span>\n\t\t\t<span class=\"evc-ili-text\" >Certificado de asistencia.<\/span>\n\t\t\t<\/div>\n<\/div>\n<div class=\"evc-il-item  \" >\n\t<div class=\"evc-ili-inner\">\n\t\t\t<span class=\"evc-ili-icon-wrapper\" style=\"font-size: 30px;color: #1e5795\">\n\t\t<span class=\"evc-ili-icon fa fa-id-card\"><\/span>\n\t<\/span>\n\t\t\t<span class=\"evc-ili-text\" >Certificado de trabajos presentados.<\/span>\n\t\t\t<\/div>\n<\/div>\n<\/div>\n[\/vc_column][\/vc_row][vc_row][vc_column][vc_column_text el_class=\u00bbtitle-inscripcion\u00bb]<\/p>\n<h2 style=\"color: #1e5795;\"><b><span data-contrast=\"auto\">TRAMITE SU INSCRIPCI\u00d3N<\/span><\/b><\/h2>\n<p>[\/vc_column_text][\/vc_column][\/vc_row][vc_row content_placement=\u00bbmiddle\u00bb css=\u00bb.vc_custom_1730289011057{padding-top: 0px !important;}\u00bb el_class=\u00bbcondiciones\u00bb][vc_column width=\u00bb5\/6&#8243;][vc_column_text]<span class=\"TextRun SCXW152270474 BCX0\" lang=\"ES-ES\" xml:lang=\"ES-ES\" data-contrast=\"none\"><span class=\"NormalTextRun SCXW152270474 BCX0\">Para tramitar su inscripci\u00f3n al congreso, el primer paso consiste en registrarse\u202fcumplimentando\u202fel formulario de inscripci\u00f3n que encontrar\u00e1 <\/span><\/span><span class=\"TextRun Highlight SCXW152270474 BCX0\" lang=\"ES-ES\" xml:lang=\"ES-ES\" data-contrast=\"none\"><span class=\"NormalTextRun SCXW152270474 BCX0\">en <\/span><span class=\"NormalTextRun SCXW152270474 BCX0\">este <a href=\"https:\/\/app.bipeek.com\/registro-evento\/dMdzqk5z3Ss4RDwkCCA3kR1WxVDP2ymPlWtg2MIymcPlGScZZE0DKe6YnBkk\" target=\"_blank\" rel=\"noopener\"><strong>enlace<\/strong><\/a><\/span><\/span><span class=\"TextRun SCXW152270474 BCX0\" lang=\"ES-ES\" xml:lang=\"ES-ES\" data-contrast=\"none\"><span class=\"NormalTextRun SCXW152270474 BCX0\">.<\/span><span class=\"NormalTextRun SCXW152270474 BCX0\"> Una vez registrado<\/span><span class=\"NormalTextRun SCXW152270474 BCX0\">,<\/span><span class=\"NormalTextRun SCXW152270474 BCX0\"> ya podr\u00e1 tramitar su inscripci\u00f3n, presentar trabajos, descargar\u202fdocumentaci\u00f3n, etc.<\/span><\/span><span class=\"EOP SCXW152270474 BCX0\" data-ccp-props=\"{&quot;201341983&quot;:2,&quot;335559739&quot;:0,&quot;335559740&quot;:360}\">\u00a0<\/span><\/p>\n<p><b style=\"color: #198bcb !important; font-size: 18px;\"><span data-contrast=\"none\">M\u00c9TODOS DE PAGO:<\/span><\/b><span data-ccp-props=\"{&quot;201341983&quot;:2,&quot;335551550&quot;:6,&quot;335551620&quot;:6,&quot;335559739&quot;:0,&quot;335559740&quot;:360}\">\u00a0<\/span><\/p>\n<ul>\n<li data-leveltext=\"\uf0b7\" data-font=\"Symbol\" data-listid=\"1\" data-list-defn-props=\"{&quot;335552541&quot;:1,&quot;335559684&quot;:-2,&quot;335559685&quot;:720,&quot;335559991&quot;:360,&quot;469769226&quot;:&quot;Symbol&quot;,&quot;469769242&quot;:[8226],&quot;469777803&quot;:&quot;left&quot;,&quot;469777804&quot;:&quot;\uf0b7&quot;,&quot;469777815&quot;:&quot;multilevel&quot;}\" aria-setsize=\"-1\" data-aria-posinset=\"1\" data-aria-level=\"1\"><span data-contrast=\"none\">Tarjeta bancaria Visa o Mastercard a trav\u00e9s de TPV (tenga a mano su tarjeta pues le solicitaremos unos d\u00edgitos a la hora de cumplimentar el formulario).<\/span><span data-ccp-props=\"{&quot;201341983&quot;:2,&quot;335551550&quot;:6,&quot;335551620&quot;:6,&quot;335559731&quot;:0,&quot;335559739&quot;:0,&quot;335559740&quot;:360}\">\u00a0<\/span><\/li>\n<li data-leveltext=\"\uf0b7\" data-font=\"Symbol\" data-listid=\"1\" data-list-defn-props=\"{&quot;335552541&quot;:1,&quot;335559684&quot;:-2,&quot;335559685&quot;:720,&quot;335559991&quot;:360,&quot;469769226&quot;:&quot;Symbol&quot;,&quot;469769242&quot;:[8226],&quot;469777803&quot;:&quot;left&quot;,&quot;469777804&quot;:&quot;\uf0b7&quot;,&quot;469777815&quot;:&quot;multilevel&quot;}\" aria-setsize=\"-1\" data-aria-posinset=\"2\" data-aria-level=\"1\"><span data-contrast=\"none\">Transferencia bancaria (si el pago ya lo ha tramitado nos podr\u00e1 adjuntar el justificante en el \u00e1rea personal, o envi\u00e1ndolo v\u00eda email a: \u202f<\/span><a href=\"mailto:congreso.fanpse@cevents.es\"><span data-contrast=\"none\">congreso.fanpse@cevents.es<\/span><\/a><span data-contrast=\"none\">).<\/span>\n<p style=\"padding-top: 10px;\"><b><span data-contrast=\"none\">IBAN<\/span><\/b><span data-contrast=\"none\">\u202f<\/span><b><span data-contrast=\"none\">ES72 2100 8729 1113 0002 8682<\/span><\/b><span data-contrast=\"none\">\u202f<\/span><b><\/b><br \/>\nConcepto: su Nombre + Apellidos\u00a0<span data-ccp-props=\"{&quot;201341983&quot;:2,&quot;335559685&quot;:720,&quot;335559739&quot;:0,&quot;335559740&quot;:360}\">\u00a0<\/span><\/p>\n<\/li>\n<\/ul>\n<p><span data-contrast=\"none\">Una vez recibamos en la Secretar\u00eda T\u00e9cnica su justificante de pago o\u202fnos haya llegado su pago a trav\u00e9s de la\u202fpasarela de pago seguro (tarjeta\/TPV virtual, el proceso se llevar\u00e1 a cabo en aproximadamente 48 h. laborables despu\u00e9s de haber recibido su solicitud), procederemos a confirmarle su inscripci\u00f3n al Congreso.<\/span><span data-ccp-props=\"{&quot;201341983&quot;:2,&quot;335551550&quot;:6,&quot;335551620&quot;:6,&quot;335559739&quot;:0,&quot;335559740&quot;:360}\">\u00a0<\/span>[\/vc_column_text][\/vc_column][vc_column width=\u00bb1\/6&#8243;][vc_icon icon_fontawesome=\u00bbfa fa-id-badge\u00bb color=\u00bbcustom\u00bb size=\u00bbxl\u00bb align=\u00bbcenter\u00bb custom_color=\u00bb#004e76&#8243; el_class=\u00bbicono-ins\u00bb][\/vc_column][\/vc_row][vc_row disable_element=\u00bbyes\u00bb][vc_column][vc_column_text el_class=\u00bbtitle-inscripcion\u00bb css=\u00bb.vc_custom_1684921902540{margin-bottom: 15px !important;}\u00bb]<\/p>\n<h2 style=\"color: #1e5795;\"><b><span data-contrast=\"auto\">FECHA DE INSCRIPCI\u00d3N A LOS TALLERES<\/span><\/b><\/h2>\n<p>[\/vc_column_text][\/vc_column][\/vc_row][vc_row content_placement=\u00bbmiddle\u00bb disable_element=\u00bbyes\u00bb css=\u00bb.vc_custom_1684922573083{padding-top: 20px !important;}\u00bb el_class=\u00bbfondo-columna servicios-cuota talleres\u00bb][vc_column][vc_column_text]A partir del <strong>15 de abril<\/strong> podr\u00e1n realizar su inscripci\u00f3n al taller que deseen al registrarse en el Congreso, o bien, si ya est\u00e1n registrados, a\u00f1adirlo desde su usuario personal accediendo desde <a href=\"https:\/\/app.bipeek.com\/iniciar-sesion?lang=es\" target=\"_blank\" rel=\"noopener\">aqu\u00ed<\/a>.<\/p>\n<p>Si tiene alguna consulta, p\u00f3ngase en contacto con la Secretar\u00eda T\u00e9cnica del Congreso,\u00a0Cevents\u00a0en\u202f<a href=\"mailto:congreso.fanpse@cevents.es\">congreso.fanpse@cevents.es<\/a> o\u00a0en el tel\u00e9fono 960 91 45 45.[\/vc_column_text][\/vc_column][\/vc_row][vc_row][vc_column][vc_column_text el_class=\u00bbtitle-inscripcion\u00bb css=\u00bb.vc_custom_1684922580929{margin-bottom: 15px !important;}\u00bb]<\/p>\n<h2 style=\"color: #1e5795;\"><b><span data-contrast=\"auto\">CENA DEL CONGRESO<\/span><\/b><\/h2>\n<p>[\/vc_column_text][\/vc_column][\/vc_row][vc_row content_placement=\u00bbmiddle\u00bb css=\u00bb.vc_custom_1730289104633{padding-top: 20px !important;}\u00bb el_class=\u00bbfondo-columna servicios-cuota talleres cena\u00bb][vc_column][vc_column_text]<span data-olk-copy-source=\"MessageBody\">La tarifa de la cena, que ser\u00e1 tipo c\u00f3ctel, es de 60\u20ac. Pr\u00f3ximamente se informar\u00e1 sobre el espacio elegido para su celebraci\u00f3n.<\/span>[\/vc_column_text][\/vc_column][\/vc_row][vc_row content_placement=\u00bbmiddle\u00bb disable_element=\u00bbyes\u00bb css=\u00bb.vc_custom_1730289098607{padding-top: 20px !important;}\u00bb el_class=\u00bbfondo-columna servicios-cuota talleres cena no-mostrar\u00bb][vc_column][vc_column_text]La Cena del congreso se realizar\u00e1 el viernes 8 de marzo en el\u00a0<b>Carmen Las Tomasas<\/b>\u00a0(Carril de San Agust\u00edn, 4, Albaic\u00edn-Granada), un espacio singular de la ciudad de Granada, con incre\u00edbles vistas a La Alhambra.<\/p>\n<p>La cena ser\u00e1 tipo c\u00f3ctel, si deseas asistir no olvides seleccionar la cuota con cena en el bolet\u00edn de inscripci\u00f3n.<\/p>\n<p>La cuota de inscripci\u00f3n con cena ya no est\u00e1 disponible. En caso de querer asistir a la cena y no estar registrado, p\u00f3ngase en contacto con la Secretar\u00eda T\u00e9cnica en <a href=\"mailto:congreso.fanpse@cevents.es\" target=\"_blank\" rel=\"noopener\">congreso.fanpse@cevents.es<\/a> y le apuntaremos en lista de espera.<\/p>\n<p><img decoding=\"async\" loading=\"lazy\" class=\"alignnone size-full wp-image-5284\" src=\"https:\/\/congresofanpse.org\/2025\/wp-content\/uploads\/2024\/02\/img-cena.jpg\" alt=\"\" width=\"1200\" height=\"400\" srcset=\"https:\/\/congresofanpse.org\/2025\/wp-content\/uploads\/2024\/02\/img-cena.jpg 1200w, https:\/\/congresofanpse.org\/2025\/wp-content\/uploads\/2024\/02\/img-cena-300x100.jpg 300w, https:\/\/congresofanpse.org\/2025\/wp-content\/uploads\/2024\/02\/img-cena-1024x341.jpg 1024w, https:\/\/congresofanpse.org\/2025\/wp-content\/uploads\/2024\/02\/img-cena-768x256.jpg 768w\" sizes=\"(max-width: 1200px) 100vw, 1200px\" \/>[\/vc_column_text][\/vc_column][\/vc_row][vc_row el_class=\u00bbcaja-inscripcion last\u00bb css=\u00bb.vc_custom_1730380425484{margin-bottom: 50px !important;}\u00bb][vc_column][vc_column_text]<\/p>\n<p style=\"text-align: center;\">Si usted ya ha realizado su registro al Congreso, y quisiera inscribirse en alg\u00fan taller o realizar cualquier cambio, puede acceder al \u00e1rea personal a trav\u00e9s del siguiente\u00a0<b><a href=\"https:\/\/app.bipeek.com\/iniciar-sesion\" target=\"_blank\" rel=\"noopener\" data-auth=\"NotApplicable\" data-safelink=\"true\" data-linkindex=\"0\">enlace<\/a><\/b><b>\u00a0<\/b>con sus claves.<\/p>\n<p>[\/vc_column_text][vc_column_text]<\/p>\n<p class=\"box-inscripcion-notas\">Fecha fin de inscripciones: 20 de marzo.<\/p>\n<p>[\/vc_column_text][vc_column_text el_class=\u00bbno-mostrar\u00bb]<\/p>\n<p class=\"box-inscripcion-notas\">Si desea asistir tanto al Congreso como a los talleres debe registrarse desde Inscripci\u00f3n Congreso.<br \/>\nFecha fin de inscripciones: 20 de marzo.<\/p>\n<p>[\/vc_column_text][\/vc_column][\/vc_row][vc_row content_placement=\u00bbmiddle\u00bb css=\u00bb.vc_custom_1730289162136{padding-top: 20px !important;}\u00bb el_class=\u00bbcondiciones\u00bb][vc_column][vc_column_text]<\/p>\n<h2 style=\"color: #1e5795; padding-bottom: 25px;\"><b><span data-contrast=\"auto\">CONDICIONES DE CANCELACI\u00d3N<\/span><\/b><\/h2>\n<ul>\n<li data-leveltext=\"\uf0b7\" data-font=\"Symbol\" data-listid=\"2\" data-list-defn-props=\"{&quot;335552541&quot;:1,&quot;335559684&quot;:-2,&quot;335559685&quot;:720,&quot;335559991&quot;:360,&quot;469769226&quot;:&quot;Symbol&quot;,&quot;469769242&quot;:[8226],&quot;469777803&quot;:&quot;left&quot;,&quot;469777804&quot;:&quot;\uf0b7&quot;,&quot;469777815&quot;:&quot;multilevel&quot;}\" aria-setsize=\"-1\" data-aria-posinset=\"1\" data-aria-level=\"1\"><span data-contrast=\"none\">Las solicitudes de cancelaci\u00f3n deber\u00e1n ser enviadas de manera exclusiva por escrito al correo electr\u00f3nico de la secretaria <\/span><a href=\"mailto:congreso.fanpse@cevents.es\"><span data-contrast=\"none\">congreso.fanpse@cevents.es<\/span><\/a><span data-contrast=\"none\">\u00a0<\/span><span data-ccp-props=\"{&quot;201341983&quot;:2,&quot;335559739&quot;:0,&quot;335559740&quot;:360}\">\u00a0<\/span><\/li>\n<li data-leveltext=\"\uf0b7\" data-font=\"Symbol\" data-listid=\"2\" data-list-defn-props=\"{&quot;335552541&quot;:1,&quot;335559684&quot;:-2,&quot;335559685&quot;:720,&quot;335559991&quot;:360,&quot;469769226&quot;:&quot;Symbol&quot;,&quot;469769242&quot;:[8226],&quot;469777803&quot;:&quot;left&quot;,&quot;469777804&quot;:&quot;\uf0b7&quot;,&quot;469777815&quot;:&quot;multilevel&quot;}\" aria-setsize=\"-1\" data-aria-posinset=\"2\" data-aria-level=\"1\"><span data-contrast=\"none\">Las solicitudes de cancelaci\u00f3n recibidas antes del 27 de enero de 2025 tendr\u00e1n derecho al reintegro total del importe pagado.<\/span><span data-ccp-props=\"{&quot;201341983&quot;:2,&quot;335559739&quot;:0,&quot;335559740&quot;:360}\">\u00a0<\/span><\/li>\n<li data-leveltext=\"\uf0b7\" data-font=\"Symbol\" data-listid=\"2\" data-list-defn-props=\"{&quot;335552541&quot;:1,&quot;335559684&quot;:-2,&quot;335559685&quot;:720,&quot;335559991&quot;:360,&quot;469769226&quot;:&quot;Symbol&quot;,&quot;469769242&quot;:[8226],&quot;469777803&quot;:&quot;left&quot;,&quot;469777804&quot;:&quot;\uf0b7&quot;,&quot;469777815&quot;:&quot;multilevel&quot;}\" aria-setsize=\"-1\" data-aria-posinset=\"3\" data-aria-level=\"1\"><span data-contrast=\"none\">Las solicitudes de cancelaci\u00f3n recibidas hasta el 24 de febrero de 2025 tendr\u00e1n derecho a la devoluci\u00f3n del importe abonado, descontando el 25% en concepto de gastos administrativos.<\/span><span data-ccp-props=\"{&quot;201341983&quot;:2,&quot;335559739&quot;:0,&quot;335559740&quot;:360}\">\u00a0<\/span><\/li>\n<\/ul>\n<ul>\n<li data-leveltext=\"\uf0b7\" data-font=\"Symbol\" data-listid=\"2\" data-list-defn-props=\"{&quot;335552541&quot;:1,&quot;335559684&quot;:-2,&quot;335559685&quot;:720,&quot;335559991&quot;:360,&quot;469769226&quot;:&quot;Symbol&quot;,&quot;469769242&quot;:[8226],&quot;469777803&quot;:&quot;left&quot;,&quot;469777804&quot;:&quot;\uf0b7&quot;,&quot;469777815&quot;:&quot;multilevel&quot;}\" aria-setsize=\"-1\" data-aria-posinset=\"1\" data-aria-level=\"1\"><span data-contrast=\"none\">Las cancelaciones recibidas a partir del 24 de febrero no tendr\u00e1n derecho a devoluci\u00f3n.<\/span><span data-ccp-props=\"{&quot;201341983&quot;:2,&quot;335559739&quot;:0,&quot;335559740&quot;:360}\">\u00a0<\/span><\/li>\n<\/ul>\n<p><span data-contrast=\"none\">Los datos personales que UD. nos proporcione ser\u00e1n tratados conforme a lo establecido en la Ley Org\u00e1nica 15\/1999, de 13 de diciembre, de protecci\u00f3n de datos de car\u00e1cter personal.\u202fLa inscripci\u00f3n al Congreso lleva impl\u00edcita la aceptaci\u00f3n de formar parte del archivo fotogr\u00e1fico con im\u00e1genes del mismo, que podr\u00e1n ser publicitadas en res\u00famenes y noticias del congreso, dentro de la prensa especializada o en p\u00e1ginas web relacionadas.<\/span><span data-ccp-props=\"{&quot;201341983&quot;:0,&quot;335551550&quot;:6,&quot;335551620&quot;:6,&quot;335559739&quot;:160,&quot;335559740&quot;:259}\">\u00a0<\/span>[\/vc_column_text][\/vc_column][\/vc_row]<\/p>\n","protected":false},"excerpt":{"rendered":"<p>[vc_row disable_element=\u00bbyes\u00bb el_class=\u00bbno-mostrar\u00bb][vc_column][vc_column_text el_class=\u00bbproximamente inscripciones\u00bb]PR\u00d3XIMAMENTE[\/vc_column_text][\/vc_column][\/vc_row][vc_row el_class=\u00bbcaja-inscripcion primero\u00bb css=\u00bb.vc_custom_1730380410602{margin-bottom: 50px !important;}\u00bb][vc_column][vc_column_text] \u00bfDESEA REALIZAR LA INSCRIPCI\u00d3N AL CONGRESO? [\/vc_column_text][vc_btn title=\u00bbInscripci\u00f3n Congreso\u00bb color=\u00bbprimary\u00bb align=\u00bbcenter\u00bb link=\u00bburl:https%3A%2F%2Fapp.bipeek.com%2Fregistro-evento%2FdMdzqk5z3Ss4RDwkCCA3kR1WxVDP2ymPlWtg2MIymcPlGScZZE0DKe6YnBkk%2FdHJbXT00MzkxJnRyW109MzU0MCZ0cltdPTM1NDEmdHJbXT0zNTQyJnRyW109MzU0MyZ0cltdPTM1NDQmdHJbXT0zNTQ1JnRyW109MzU0NiZ0cltdPTM1NDc%3D||target:%20_blank|\u00bb el_class=\u00bbbutton-primary inscripcion-button\u00bb][vc_btn title=\u00bbInscripci\u00f3n Talleres\u00bb color=\u00bbprimary\u00bb align=\u00bbcenter\u00bb link=\u00bburl:https%3A%2F%2Fapp.bipeek.com%2Fregistro-evento%2F8Yo4s8Fqv6hhSu3ynEEXZxnETXSMq7ql0cuZj1uipHHi2Gvx4rKE7UMVuHiG%3Ftr%5B%5D%3D1988%26tr%5B%5D%3D1989||target:%20_blank|\u00bb el_class=\u00bbbutton-primary inscripcion-button talleres no-mostrar\u00bb][\/vc_column][\/vc_row][vc_row css=\u00bb.vc_custom_1730287377624{padding-bottom: 20px !important;}\u00bb][vc_column][vc_column_text] TALLERES PRESENCIALES Cuota Socios FANPSE 50 \u20ac No Socios 65 \u20ac [\/vc_column_text][vc_column_text]Los talleres se realizar\u00e1n \u00fanicamente en formato presencial&#8230;.<\/p>\n","protected":false},"author":1,"featured_media":0,"parent":0,"menu_order":0,"comment_status":"closed","ping_status":"closed","template":"","meta":{"_monsterinsights_skip_tracking":false,"_monsterinsights_sitenote_active":false,"_monsterinsights_sitenote_note":"","_monsterinsights_sitenote_category":0,"footnotes":""},"aioseo_notices":[],"_links":{"self":[{"href":"https:\/\/congresofanpse.org\/2025\/wp-json\/wp\/v2\/pages\/2928"}],"collection":[{"href":"https:\/\/congresofanpse.org\/2025\/wp-json\/wp\/v2\/pages"}],"about":[{"href":"https:\/\/congresofanpse.org\/2025\/wp-json\/wp\/v2\/types\/page"}],"author":[{"embeddable":true,"href":"https:\/\/congresofanpse.org\/2025\/wp-json\/wp\/v2\/users\/1"}],"replies":[{"embeddable":true,"href":"https:\/\/congresofanpse.org\/2025\/wp-json\/wp\/v2\/comments?post=2928"}],"version-history":[{"count":179,"href":"https:\/\/congresofanpse.org\/2025\/wp-json\/wp\/v2\/pages\/2928\/revisions"}],"predecessor-version":[{"id":5810,"href":"https:\/\/congresofanpse.org\/2025\/wp-json\/wp\/v2\/pages\/2928\/revisions\/5810"}],"wp:attachment":[{"href":"https:\/\/congresofanpse.org\/2025\/wp-json\/wp\/v2\/media?parent=2928"}],"curies":[{"name":"wp","href":"https:\/\/api.w.org\/{rel}","templated":true}]}}