{"id":2842,"date":"2019-01-21T02:19:32","date_gmt":"2019-01-21T01:19:32","guid":{"rendered":"http:\/\/congresofanpse.org\/?page_id=2842"},"modified":"2025-03-11T08:27:21","modified_gmt":"2025-03-11T07:27:21","slug":"comites","status":"publish","type":"page","link":"https:\/\/congresofanpse.org\/2025\/comites\/","title":{"rendered":"Comit\u00e9s"},"content":{"rendered":"<p>[vc_row el_class=\u00bbcomite\u00bb][vc_column][vc_column_text]<\/p>\n<h2>Comit\u00e9 cient\u00edfico<\/h2>\n<p>[\/vc_column_text][vc_row_inner el_class=\u00bbponentes\u00bb][vc_column_inner width=\u00bb1\/4&#8243;][vc_single_image image=\u00bb3724&#8243; img_size=\u00bb255&#215;300&#8243; alignment=\u00bbcenter\u00bb][vc_column_text]<\/p>\n<h3><strong>Rosa Jurado<\/strong><\/h3>\n<p>Directora del Master en Evaluaci\u00f3n y Rehabilitaci\u00f3n Neuropsicol\u00f3gica de la Universidad Camilo Jos\u00e9 Cela. Docente en el \u00e1rea de la evaluaci\u00f3n y rehabilitaci\u00f3n neuropsicol\u00f3gicas, las adicciones o el desarrollo del lenguaje. Coordinadora del Laboratorio de Psicofisiolog\u00eda del \u00e1rea de adicciones (Instituto de Investigaci\u00f3n biom\u00e9dica Hospital 12 de Octubre).[\/vc_column_text][\/vc_column_inner][vc_column_inner width=\u00bb1\/4&#8243;][vc_single_image image=\u00bb4966&#8243; img_size=\u00bb255&#215;300&#8243; alignment=\u00bbcenter\u00bb][vc_column_text]<\/p>\n<h3><b>Israel Contador<\/b><\/h3>\n<p>Profesor Titular del \u00c1rea de Psicobiolog\u00eda, Universidad de Salamanca (USAL). Experto acreditado en neuropsicolog\u00eda cl\u00ednica e investigador principal del grupo \u00abEnvejecimiento, Cognici\u00f3n y Salud\u00bb (USAL).[\/vc_column_text][\/vc_column_inner][vc_column_inner width=\u00bb1\/4&#8243;][vc_single_image image=\u00bb4226&#8243; img_size=\u00bb255&#215;300&#8243; alignment=\u00bbcenter\u00bb][vc_column_text]<\/p>\n<h3><b>Javier Gonz\u00e1lez<\/b><\/h3>\n<p>[\/vc_column_text][\/vc_column_inner][vc_column_inner width=\u00bb1\/4&#8243;][vc_single_image image=\u00bb4988&#8243; img_size=\u00bb255&#215;300&#8243; alignment=\u00bbcenter\u00bb][vc_column_text]<\/p>\n<h3><b>Olaia Lucas<\/b><\/h3>\n<p>Doctora Encargada en el Departamento de Psicolog\u00eda e Investigadora en el Equipo Neurolab de la Universidad de Deusto. Coordinadora del M\u00e1ster Universitario en Neuropsicolog\u00eda Cl\u00ednica y Secretaria de la Facultad de Ciencias de la Salud de la Universidad de Deusto.[\/vc_column_text][\/vc_column_inner][\/vc_row_inner][vc_row_inner el_class=\u00bbponentes\u00bb][vc_column_inner width=\u00bb1\/4&#8243;][vc_single_image image=\u00bb5481&#8243; img_size=\u00bb255&#215;300&#8243; alignment=\u00bbcenter\u00bb][vc_column_text]<\/p>\n<h3><b>Maite Daza<\/b><\/h3>\n<p>Catedr\u00e1tica de Psicolog\u00eda en la Universidad de Almer\u00eda. Directora del grupo de investigaci\u00f3n \u201cNeuropsicolog\u00eda, Neurociencia Cognitiva y Sexolog\u00eda\u201d (CTS-001).[\/vc_column_text][\/vc_column_inner][vc_column_inner width=\u00bb1\/4&#8243;][vc_single_image image=\u00bb5520&#8243; img_size=\u00bb255&#215;300&#8243; alignment=\u00bbcenter\u00bb][vc_column_text]<\/p>\n<h3><b>Esther Sierra<\/b><\/h3>\n<p>Neuropsic\u00f3loga del Hospital San Juan de Dios de Zaragoza. Coordinadora de la unidad de neuropsicolog\u00eda de la Fundaci\u00f3n Neur\u00f3polis. Presidenta de la Asociaci\u00f3n Aragonesa de Neuropsicolog\u00eda.[\/vc_column_text][\/vc_column_inner][vc_column_inner width=\u00bb1\/4&#8243;][vc_single_image image=\u00bb3716&#8243; img_size=\u00bb255&#215;300&#8243; alignment=\u00bbcenter\u00bb][vc_column_text]<\/p>\n<h3><b>Isabel Jim\u00e9nez<\/b><\/h3>\n<p>Neuropsic\u00f3loga en la Fundaci\u00f3n Instituto de Investigaci\u00f3n Sanitaria de Santiago de Compostela (FIDIS) del Hospital Cl\u00ednico Universitario de Santiago de Compostela, Acreditada como psic\u00f3loga experta en neuropsicolog\u00eda cl\u00ednica y psic\u00f3logo general sanitario.[\/vc_column_text][\/vc_column_inner][vc_column_inner width=\u00bb1\/4&#8243;][\/vc_column_inner][\/vc_row_inner][vc_row_inner disable_element=\u00bbyes\u00bb][vc_column_inner width=\u00bb1\/4&#8243;][vc_single_image image=\u00bb3748&#8243; img_size=\u00bb255&#215;300&#8243; alignment=\u00bbcenter\u00bb][vc_column_text]<\/p>\n<h3><strong>Sara Fern\u00e1ndez Guinea<\/strong><\/h3>\n<h5><strong>Presidenta<\/strong><\/h5>\n<p>Profesora Titular de la Facultad de Psicolog\u00eda de la Universidad Complutense de Madrid. Directora del Master en Neuropsicolog\u00eda Cl\u00ednica de la Facultad de Psicolog\u00eda de la Universidad Complutense de Madrid. Directora del Grupo de Investigaci\u00f3n Clinical Neuroscience de la Universidad Complutense de Madrid.[\/vc_column_text][\/vc_column_inner][vc_column_inner width=\u00bb1\/4&#8243;][vc_single_image image=\u00bb3717&#8243; img_size=\u00bb255&#215;300&#8243; alignment=\u00bbcenter\u00bb][vc_column_text]<\/p>\n<h3><b>Israel Contador<\/b><\/h3>\n<p>Profesor Titular del \u00c1rea de Psicobiolog\u00eda, de la Universidad de Salamanca (USAL). Experto acreditado en neuropsicolog\u00eda cl\u00ednica e investigador principal del grupo \u00abEnvejecimiento, Cognici\u00f3n y Salud\u00bb (USAL).[\/vc_column_text][\/vc_column_inner][vc_column_inner width=\u00bb1\/4&#8243;][vc_single_image image=\u00bb3714&#8243; img_size=\u00bb255&#215;300&#8243; alignment=\u00bbcenter\u00bb][vc_column_text]<\/p>\n<h3><strong>Elena Mu\u00f1oz Marr\u00f3n<\/strong><\/h3>\n<p>Doctora en Psicolog\u00eda por la Universidad Complutense de Madrid (UCM) y M\u00e1ster en Neuropsicolog\u00eda por la misma universidad. Profesora titular y vicedecana de la Facultad de Ciencias de la Salud de la Universitat Oberta de Catalunya (UOC). Directora del laboratorio de investigaci\u00f3n Cognitive NeuroLab.[\/vc_column_text][\/vc_column_inner][vc_column_inner width=\u00bb1\/4&#8243;][vc_single_image image=\u00bb3724&#8243; img_size=\u00bb255&#215;300&#8243; alignment=\u00bbcenter\u00bb][vc_column_text]<\/p>\n<h3><b>Rosa Jurado Barba<\/b><\/h3>\n<p>Directora del Master en Evaluaci\u00f3n y Rehabilitaci\u00f3n Neuropsicol\u00f3gica de la Universidad Camilo Jos\u00e9 Cela. Docente en el \u00e1rea de la evaluaci\u00f3n y rehabilitaci\u00f3n neuropsicol\u00f3gicas, las adicciones o el desarrollo del lenguaje. Coordinadora del Laboratorio de Psicofisiolog\u00eda del \u00e1rea de adicciones (Instituto de Investigaci\u00f3n biom\u00e9dica Hospital 12 de Octubre).[\/vc_column_text][\/vc_column_inner][\/vc_row_inner][vc_row_inner disable_element=\u00bbyes\u00bb][vc_column_inner width=\u00bb1\/4&#8243;][vc_single_image image=\u00bb3719&#8243; img_size=\u00bb255&#215;300&#8243; alignment=\u00bbcenter\u00bb][vc_column_text]<\/p>\n<h3><b>Jos\u00e9 Mar\u00eda Ruiz<\/b><\/h3>\n<p>Doctor en Neurociencias. Psic\u00f3logo Especialista en Neuropsicolog\u00eda Cl\u00ednica. Profesor del Dpto. de Psicolog\u00eda Experimental en la Universidad Complutense de Madrid (UCM). Fundador de la Asociaci\u00f3n Madrile\u00f1a de Neuropsicolog\u00eda en el Colegio Oficial de la Psicolog\u00eda de Madrid. Miembro de la Divisi\u00f3n de Neuropsicolog\u00eda Cl\u00ednica (NPsiC) en el Consejo General de la Psicolog\u00eda de Espa\u00f1a.[\/vc_column_text][\/vc_column_inner][vc_column_inner width=\u00bb1\/4&#8243;][\/vc_column_inner][vc_column_inner width=\u00bb1\/4&#8243;][vc_single_image image=\u00bb3725&#8243; img_size=\u00bb255&#215;300&#8243; alignment=\u00bbcenter\u00bb][vc_column_text]<\/p>\n<h3><b>Silvia Ca\u00f1izares<\/b><\/h3>\n<p>Servicio de Psiquiatr\u00eda y Psicolog\u00eda, Instituto Cl\u00ednico de Neurociencias, Hospital Cl\u00ednico de Barcelona. Departamento de Psicolog\u00eda Cl\u00ednica y Psicobiolog\u00eda, Universitat de Barcelona. Sociedad Catalana de Neuropsicolog\u00eda Cl\u00ednica.[\/vc_column_text][\/vc_column_inner][vc_column_inner width=\u00bb1\/4&#8243;][vc_single_image image=\u00bb3722&#8243; img_size=\u00bb255&#215;300&#8243; alignment=\u00bbcenter\u00bb][vc_column_text]<\/p>\n<h3><b>Natalia Ojeda<\/b><\/h3>\n<p>Catedr\u00e1tica de Neuropsicolog\u00eda en Universidad de Deusto. Directora del Comit\u00e9 de Desarrollo Mundial de la Sociedad Internacional de Neuropsicolog\u00eda (INS). Acad\u00e9mica Electa de la Real Academia de Medicina del Pa\u00eds Vasco. Anterior asesora de la Organizaci\u00f3n Mundial de la Salud. Especialista en Psicolog\u00eda Cl\u00ednica por el Ministerio de Ciencia Espa\u00f1ol y por la American Psychological Association (USA). Formaci\u00f3n en Johns Hopkins Medical Institutions, Univ Harvard y Oxford entre otras.[\/vc_column_text][\/vc_column_inner][\/vc_row_inner][\/vc_column][\/vc_row][vc_row el_class=\u00bbcomite\u00bb][vc_column][vc_separator color=\u00bbcustom\u00bb border_width=\u00bb2&#8243; css=\u00bb.vc_custom_1712913746174{padding-top: 20px !important;padding-bottom: 20px !important;}\u00bb accent_color=\u00bb#198bcb\u00bb][vc_column_text]<\/p>\n<h2>Comit\u00e9 organizador<\/h2>\n<p>[\/vc_column_text][vc_row_inner el_class=\u00bbponentes\u00bb][vc_column_inner width=\u00bb1\/4&#8243;][vc_single_image image=\u00bb4967&#8243; img_size=\u00bb255&#215;300&#8243; alignment=\u00bbcenter\u00bb][vc_column_text]<\/p>\n<h3><strong>Luc\u00eda Zum\u00e1rraga<\/strong><\/h3>\n<p>Neuropsic\u00f3loga cl\u00ednica Pedi\u00e1trica. DEA en neurociencias. Directora de NeuroPed. Profesora en distintos m\u00e1ster y posgrados de neuropsicolog\u00eda. Presidenta de la Asociaci\u00f3n Madrile\u00f1a de Neuropsicolog\u00eda.[\/vc_column_text][\/vc_column_inner][vc_column_inner width=\u00bb1\/4&#8243;][vc_single_image image=\u00bb3721&#8243; img_size=\u00bb255&#215;300&#8243; alignment=\u00bbcenter\u00bb][vc_column_text]<\/p>\n<h3><strong>Myrtha O&#8217;Valle<\/strong><\/h3>\n<p>Doctora en Psicolog\u00eda por la Universidad de Sevilla y Neuropsic\u00f3loga acreditada. Experto Universitario en Evaluaci\u00f3n y Rehabilitaci\u00f3n Neuropsicolog\u00eda por la Universidad Complutense de Madrid. Directora en Irenea Sevilla (Instituto de Rehabilitaci\u00f3n Neurol\u00f3gica) en Hospitales Vithas. Junta directiva de la Federaci\u00f3n Espa\u00f1ola de Sociedades de Neuropsicolog\u00eda (FANPSE).[\/vc_column_text][\/vc_column_inner][vc_column_inner width=\u00bb1\/4&#8243;][\/vc_column_inner][vc_column_inner width=\u00bb1\/4&#8243;][\/vc_column_inner][\/vc_row_inner][vc_row_inner disable_element=\u00bbyes\u00bb el_class=\u00bbponentes\u00bb][vc_column_inner width=\u00bb1\/4&#8243;][vc_single_image image=\u00bb4316&#8243; img_size=\u00bb255&#215;300&#8243; alignment=\u00bbcenter\u00bb][vc_column_text]<\/p>\n<h3><strong>Jos\u00e9 Mar\u00eda Torralba<\/strong><\/h3>\n<p>Neuropsic\u00f3logo cl\u00ednico con m\u00e1s de una d\u00e9cada de experiencia en Agredace (Asociaci\u00f3n Granadina de Rehabilitaci\u00f3n de Da\u00f1o Cerebral Adquirido. Acreditado en Neuropsicolog\u00eda Cl\u00ednica por la CNAP. Docente e investigador en la Universidad de Granada y NeuroLab.[\/vc_column_text][\/vc_column_inner][vc_column_inner width=\u00bb1\/4&#8243;][vc_single_image image=\u00bb3723&#8243; img_size=\u00bb255&#215;300&#8243; alignment=\u00bbcenter\u00bb][vc_column_text]<\/p>\n<h3><b>Olga Prian <\/b><\/h3>\n<p>Neuropsic\u00f3loga Acreditada. Profesora Asociada departamento de Psicolog\u00eda, Universidad Loyola Andaluc\u00eda.[\/vc_column_text][\/vc_column_inner][vc_column_inner width=\u00bb1\/4&#8243;][vc_single_image image=\u00bb4226&#8243; img_size=\u00bb255&#215;300&#8243; alignment=\u00bbcenter\u00bb][vc_column_text]<\/p>\n<h3><b>Gustavo Cuberos<\/b><\/h3>\n<p><span class=\"NormalTextRun SCXW172703285 BCX0\" data-ccp-charstyle=\"item--event__charla_authors__name\">Neur<\/span><span class=\"NormalTextRun SCXW172703285 BCX0\" data-ccp-charstyle=\"item--event__charla_authors__name\">o<\/span><span class=\"NormalTextRun SCXW172703285 BCX0\" data-ccp-charstyle=\"item--event__charla_authors__name\">psic\u00f3logo.<\/span> <span class=\"NormalTextRun SCXW172703285 BCX0\" data-ccp-charstyle=\"item--event__charla_authors__name\">NEUROAFEIC<\/span> <span class=\"NormalTextRun SCXW172703285 BCX0\" data-ccp-charstyle=\"item--event__charla_authors__name\">Asociaci\u00f3n<\/span> <span class=\"NormalTextRun SCXW172703285 BCX0\" data-ccp-charstyle=\"item--event__charla_authors__name\">de<\/span> <span class=\"NormalTextRun SCXW172703285 BCX0\" data-ccp-charstyle=\"item--event__charla_authors__name\">Familiares<\/span> <span class=\"NormalTextRun SCXW172703285 BCX0\" data-ccp-charstyle=\"item--event__charla_authors__name\">y<\/span> <span class=\"NormalTextRun SCXW172703285 BCX0\" data-ccp-charstyle=\"item--event__charla_authors__name\">Afectados<\/span> <span class=\"NormalTextRun SCXW172703285 BCX0\" data-ccp-charstyle=\"item--event__charla_authors__name\">por<\/span> <span class=\"NormalTextRun SCXW172703285 BCX0\" data-ccp-charstyle=\"item--event__charla_authors__name\">I<\/span><span class=\"NormalTextRun SCXW172703285 BCX0\" data-ccp-charstyle=\"item--event__charla_authors__name\">ctus<\/span> <span class=\"NormalTextRun SCXW172703285 BCX0\" data-ccp-charstyle=\"item--event__charla_authors__name\">de<\/span> <span class=\"NormalTextRun SCXW172703285 BCX0\" data-ccp-charstyle=\"item--event__charla_authors__name\">Granada.<\/span>[\/vc_column_text][\/vc_column_inner][vc_column_inner width=\u00bb1\/4&#8243;][vc_single_image image=\u00bb4969&#8243; img_size=\u00bb255&#215;300&#8243; alignment=\u00bbcenter\u00bb][vc_column_text]<\/p>\n<h3><b>Mamen S\u00e1ez<\/b><\/h3>\n<p><span class=\"NormalTextRun SCXW73672426 BCX0\" data-ccp-charstyle=\"item--event__charla_authors__name\">Profesora<\/span> <span class=\"NormalTextRun SCXW73672426 BCX0\" data-ccp-charstyle=\"item--event__charla_authors__name\">Titular<\/span> <span class=\"NormalTextRun SCXW73672426 BCX0\" data-ccp-charstyle=\"item--event__charla_authors__name\">del<\/span> <span class=\"NormalTextRun SCXW73672426 BCX0\" data-ccp-charstyle=\"item--event__charla_authors__name\">Departamento<\/span> <span class=\"NormalTextRun SCXW73672426 BCX0\" data-ccp-charstyle=\"item--event__charla_authors__name\">de<\/span> <span class=\"NormalTextRun SCXW73672426 BCX0\" data-ccp-charstyle=\"item--event__charla_authors__name\">Psicobiolog\u00eda<\/span> <span class=\"NormalTextRun SCXW73672426 BCX0\" data-ccp-charstyle=\"item--event__charla_authors__name\">de<\/span> <span class=\"NormalTextRun SCXW73672426 BCX0\" data-ccp-charstyle=\"item--event__charla_authors__name\">la<\/span> <span class=\"NormalTextRun SCXW73672426 BCX0\" data-ccp-charstyle=\"item--event__charla_authors__name\">Universidad<\/span> <span class=\"NormalTextRun SCXW73672426 BCX0\" data-ccp-charstyle=\"item--event__charla_authors__name\">de<\/span> <span class=\"NormalTextRun SCXW73672426 BCX0\" data-ccp-charstyle=\"item--event__charla_authors__name\">Granada<\/span>[\/vc_column_text][\/vc_column_inner][\/vc_row_inner][vc_row_inner disable_element=\u00bbyes\u00bb][vc_column_inner width=\u00bb1\/4&#8243;][vc_single_image image=\u00bb3727&#8243; img_size=\u00bb255&#215;300&#8243; alignment=\u00bbcenter\u00bb][vc_column_text]<\/p>\n<h3><strong>Luc\u00eda Zum\u00e1rraga<\/strong><\/h3>\n<h5><strong>Presidenta<\/strong><\/h5>\n<p>Neuropsic\u00f3loga cl\u00ednica Pedi\u00e1trica. DEA en neurociencias. Directora de NeuroPed. Profesora en distintos m\u00e1ster y posgrados de neuropsicolog\u00eda. Presidenta de la Asociaci\u00f3n Madrile\u00f1a de Neuropsicolog\u00eda. [\/vc_column_text][\/vc_column_inner][vc_column_inner width=\u00bb1\/4&#8243;][vc_single_image image=\u00bb3715&#8243; img_size=\u00bb255&#215;300&#8243; alignment=\u00bbcenter\u00bb][vc_column_text]<\/p>\n<h3><strong>Emilio Verche<\/strong><\/h3>\n<p>Doctor en Psicolog\u00eda especializado en Neuropsicolog\u00eda. Docente en Psicobiolog\u00eda en la Universidad Complutense de Madrid. Acreditado como Profesor Ayudante Doctor y Profesor Contratado Doctor. Su investigaci\u00f3n se ha centrado en la evaluaci\u00f3n neuropsicol\u00f3gica de la epilepsia y los trastornos del neurodesarrollo. [\/vc_column_text][\/vc_column_inner][vc_column_inner width=\u00bb1\/4&#8243;][vc_single_image image=\u00bb3720&#8243; img_size=\u00bb255&#215;300&#8243; alignment=\u00bbcenter\u00bb][vc_column_text]<\/p>\n<h3><strong>Miguel \u00c1ngel Bl\u00e1zquez<\/strong><\/h3>\n<p>Neuropsic\u00f3logo en el Equipo Cl\u00ednico de Atam donde realizamos valoraciones neuropsicol\u00f3gicas en distintos grupos de edad con el fin de detectar posibles dificultades cognitivas, poder abordarlas y de prevenir el desarrollo de una futura discapacidad.[\/vc_column_text][\/vc_column_inner][vc_column_inner width=\u00bb1\/4&#8243;][vc_single_image image=\u00bb3746&#8243; img_size=\u00bb255&#215;300&#8243; alignment=\u00bbcenter\u00bb][vc_column_text]<\/p>\n<h3><strong>L\u00eda Sanz<\/strong><\/h3>\n<p>Psic\u00f3loga experta en Neuropsicolog\u00eda Cl\u00ednica. DEA en Neurociencias. Neuropsic\u00f3loga en Centros de Rehabilitaci\u00f3n Neurol\u00f3gica (Fundaci\u00f3n Pita L\u00f3pez y Anicca, terapia y movimiento). Secretaria de la Asociaci\u00f3n Madrile\u00f1a de Neuropsicolog\u00eda. [\/vc_column_text][\/vc_column_inner][\/vc_row_inner][vc_row_inner disable_element=\u00bbyes\u00bb][vc_column_inner width=\u00bb1\/4&#8243;][vc_single_image image=\u00bb3718&#8243; img_size=\u00bb255&#215;300&#8243; alignment=\u00bbcenter\u00bb][vc_column_text]<\/p>\n<h3><strong>Jose Luis Cabarcos Dopico<\/strong><\/h3>\n<p>Psic\u00f3logo educativo y neuropsic\u00f3logo cl\u00ednico en la Fundaci\u00f3n AUCAVI (Autismo Calidad de Vida). Miembro de las Divisiones de Psicolog\u00eda educativa, Neuropsicolog\u00eda Cl\u00ednica y Psicolog\u00eda acad\u00e9mica SEP. [\/vc_column_text][\/vc_column_inner][vc_column_inner width=\u00bb1\/4&#8243;][vc_single_image image=\u00bb3716&#8243; img_size=\u00bb255&#215;300&#8243; alignment=\u00bbcenter\u00bb][vc_column_text]<\/p>\n<h3><strong>Isabel Jim\u00e9nez<\/strong><\/h3>\n<p>Neuropsic\u00f3loga en la Fundaci\u00f3n Instituto de Investigaci\u00f3n Sanitaria de Santiago de Compostela (FIDIS) del Hospital Cl\u00ednico Universitario de Santiago de Compostela, Acreditada como psic\u00f3loga experta en neuropsicolog\u00eda cl\u00ednica y psic\u00f3logo general sanitario.[\/vc_column_text][\/vc_column_inner][vc_column_inner width=\u00bb1\/4&#8243;][vc_single_image image=\u00bb3721&#8243; img_size=\u00bb255&#215;300&#8243; alignment=\u00bbcenter\u00bb][vc_column_text]<\/p>\n<h3><strong>Myrtha O&#8217;Valle<\/strong><\/h3>\n<p>Doctora en Psicolog\u00eda por la Universidad de Sevilla y Neuropsic\u00f3loga acreditada. Experto Universitario en Evaluaci\u00f3n y Rehabilitaci\u00f3n Neuropsicolog\u00eda por la Universidad Complutense de Madrid. Directora en Irenea Sevilla (Instituto de Rehabilitaci\u00f3n Neurol\u00f3gica) en Hospitales Vithas. Junta directiva de la Federaci\u00f3n Espa\u00f1ola de Sociedades de Neuropsicolog\u00eda (FANPSE).[\/vc_column_text][\/vc_column_inner][vc_column_inner width=\u00bb1\/4&#8243;][vc_single_image image=\u00bb3745&#8243; img_size=\u00bb255&#215;300&#8243; alignment=\u00bbcenter\u00bb][vc_column_text]<\/p>\n<h3><strong>Dolors Safont<\/strong><\/h3>\n<p>Psic\u00f3loga Especialista en Psicolog\u00eda Cl\u00ednica. Experta en Neuropsicolog\u00eda cl\u00ednica (COP). Unidad de Neurorrehabilitaci\u00f3n de da\u00f1o Cerebral Hermanas Hospitalarias (Red Menni). Servicios de rehabilitaci\u00f3n de Autonom\u00eda Personal\u202fpara personas con DCA de la Fundaci\u00f3n Ateneu Castell\u00f3n.[\/vc_column_text][\/vc_column_inner][\/vc_row_inner][\/vc_column][\/vc_row]<\/p>\n","protected":false},"excerpt":{"rendered":"<p>[vc_row el_class=\u00bbcomite\u00bb][vc_column][vc_column_text] Comit\u00e9 cient\u00edfico [\/vc_column_text][vc_row_inner el_class=\u00bbponentes\u00bb][vc_column_inner width=\u00bb1\/4&#8243;][vc_single_image image=\u00bb3724&#8243; img_size=\u00bb255&#215;300&#8243; alignment=\u00bbcenter\u00bb][vc_column_text] Rosa Jurado Directora del Master en Evaluaci\u00f3n y Rehabilitaci\u00f3n Neuropsicol\u00f3gica de la Universidad Camilo Jos\u00e9 Cela. Docente en el \u00e1rea de la evaluaci\u00f3n y rehabilitaci\u00f3n neuropsicol\u00f3gicas, las adicciones o el desarrollo del lenguaje. Coordinadora del Laboratorio de Psicofisiolog\u00eda del \u00e1rea de adicciones (Instituto de Investigaci\u00f3n&#8230;<\/p>\n","protected":false},"author":1,"featured_media":0,"parent":0,"menu_order":0,"comment_status":"closed","ping_status":"closed","template":"","meta":{"_monsterinsights_skip_tracking":false,"_monsterinsights_sitenote_active":false,"_monsterinsights_sitenote_note":"","_monsterinsights_sitenote_category":0,"footnotes":""},"aioseo_notices":[],"_links":{"self":[{"href":"https:\/\/congresofanpse.org\/2025\/wp-json\/wp\/v2\/pages\/2842"}],"collection":[{"href":"https:\/\/congresofanpse.org\/2025\/wp-json\/wp\/v2\/pages"}],"about":[{"href":"https:\/\/congresofanpse.org\/2025\/wp-json\/wp\/v2\/types\/page"}],"author":[{"embeddable":true,"href":"https:\/\/congresofanpse.org\/2025\/wp-json\/wp\/v2\/users\/1"}],"replies":[{"embeddable":true,"href":"https:\/\/congresofanpse.org\/2025\/wp-json\/wp\/v2\/comments?post=2842"}],"version-history":[{"count":78,"href":"https:\/\/congresofanpse.org\/2025\/wp-json\/wp\/v2\/pages\/2842\/revisions"}],"predecessor-version":[{"id":5813,"href":"https:\/\/congresofanpse.org\/2025\/wp-json\/wp\/v2\/pages\/2842\/revisions\/5813"}],"wp:attachment":[{"href":"https:\/\/congresofanpse.org\/2025\/wp-json\/wp\/v2\/media?parent=2842"}],"curies":[{"name":"wp","href":"https:\/\/api.w.org\/{rel}","templated":true}]}}