{"id":5044,"date":"2023-10-04T08:49:30","date_gmt":"2023-10-04T06:49:30","guid":{"rendered":"https:\/\/congresofanpse.org\/2024\/?page_id=5044"},"modified":"2023-11-29T12:26:50","modified_gmt":"2023-11-29T11:26:50","slug":"alojamiento","status":"publish","type":"page","link":"https:\/\/congresofanpse.org\/2024\/alojamiento\/","title":{"rendered":"Alojamiento"},"content":{"rendered":"<p>[vc_row el_class=\u00bbintro-sede alojamiento\u00bb][vc_column width=\u00bb1\/2&#8243;][vc_column_text]<\/p>\n<h2 style=\"color: #1e5795; padding-bottom: 0px;\"><b><span data-contrast=\"auto\">Hotel Saray Granada ****<\/span><\/b><\/h2>\n<p><span class=\"TextRun SCXW172009853 BCX0\" lang=\"ES-ES\" xml:lang=\"ES-ES\" data-contrast=\"auto\"><span class=\"NormalTextRun SCXW172009853 BCX0\">Direcci\u00f3n: <\/span><span class=\"NormalTextRun SCXW172009853 BCX0\">Calle Prof. Tierno Galv\u00e1n, 4, 18006 Granada<\/span><\/span><span class=\"EOP SCXW172009853 BCX0\" data-ccp-props=\"{&quot;201341983&quot;:0,&quot;335559739&quot;:160,&quot;335559740&quot;:259}\">.<\/span><\/p>\n<p style=\"padding-bottom: 10px;\"><a href=\"https:\/\/www.hotelgranadasaray.com\/es\/\" target=\"_blank\" rel=\"noopener\"><span data-contrast=\"none\">Ir a la web<\/span><\/a><\/p>\n<p style=\"padding-bottom: 10px;\"><span data-contrast=\"auto\">Junto al Palacio de Congresos y muy cerca del centro de la ciudad, el Hotel Saray 4* recrea la esencia de Granada: con sus jardines y el sonido constante del agua, huellas de su pasado nazar\u00ed, combina la tradici\u00f3n con las comodidades propias de un hotel de lujo.<\/span><\/p>\n<p><b><span data-contrast=\"auto\">Ubicaci\u00f3n:<\/span><\/b><span data-ccp-props=\"{&quot;134233117&quot;:false,&quot;134233118&quot;:false,&quot;201341983&quot;:0,&quot;335559738&quot;:0,&quot;335559739&quot;:0,&quot;335559740&quot;:240}\">\u00a0<\/span><\/p>\n<ul>\n<li data-leveltext=\"\uf0b7\" data-font=\"Symbol\" data-listid=\"1\" data-list-defn-props=\"{&quot;335552541&quot;:1,&quot;335559684&quot;:-2,&quot;335559685&quot;:720,&quot;335559991&quot;:360,&quot;469769226&quot;:&quot;Symbol&quot;,&quot;469769242&quot;:[8226],&quot;469777803&quot;:&quot;left&quot;,&quot;469777804&quot;:&quot;\uf0b7&quot;,&quot;469777815&quot;:&quot;multilevel&quot;}\" aria-setsize=\"-1\" data-aria-posinset=\"1\" data-aria-level=\"1\"><span data-contrast=\"auto\">A 200 metros de la sede.<\/span><\/li>\n<li data-leveltext=\"\uf0b7\" data-font=\"Symbol\" data-listid=\"1\" data-list-defn-props=\"{&quot;335552541&quot;:1,&quot;335559684&quot;:-2,&quot;335559685&quot;:720,&quot;335559991&quot;:360,&quot;469769226&quot;:&quot;Symbol&quot;,&quot;469769242&quot;:[8226],&quot;469777803&quot;:&quot;left&quot;,&quot;469777804&quot;:&quot;\uf0b7&quot;,&quot;469777815&quot;:&quot;multilevel&quot;}\" aria-setsize=\"-1\" data-aria-posinset=\"2\" data-aria-level=\"1\"><span data-contrast=\"auto\">A 15 min. del Centro de Granada.<\/span><\/li>\n<li><span data-contrast=\"auto\">F\u00e1cil acceso desde la estaci\u00f3n de FFCC, autobuses y aeropuerto.<\/span><\/li>\n<\/ul>\n<p><span data-contrast=\"auto\">Para informaci\u00f3n sobre <strong>tarifas<\/strong> y <strong>disponibilidad<\/strong> contacta con la Secretar\u00eda T\u00e9cnica (<a href=\"mailto:congreso.fanpse@cevents.es\" data-linkindex=\"0\">congreso.fanpse@cevents.es<\/a>). Plazas limitadas y bajo disponibilidad.<\/span>[\/vc_column_text][\/vc_column][vc_column width=\u00bb1\/2&#8243; el_class=\u00bbimg-sede img-alojamiento\u00bb][vc_single_image image=\u00bb5049&#8243; img_size=\u00bbfull\u00bb alignment=\u00bbright\u00bb][vc_single_image image=\u00bb5062&#8243; img_size=\u00bbfull\u00bb alignment=\u00bbright\u00bb][\/vc_column][\/vc_row][vc_row el_class=\u00bbintro-sede alojamiento hotel-pc\u00bb][vc_column][vc_separator color=\u00bbcustom\u00bb border_width=\u00bb2&#8243; accent_color=\u00bb#a4a8ce\u00bb el_class=\u00bbseparador-alojamiento\u00bb][\/vc_column][\/vc_row][vc_row el_class=\u00bbintro-sede alojamiento hotel-responsive\u00bb][vc_column width=\u00bb1\/2&#8243;][vc_column_text]<\/p>\n<h2 style=\"color: #1e5795; padding-bottom: 0px;\"><b><span data-contrast=\"auto\">Hotel Anacapri ***<\/span><\/b><\/h2>\n<p><span class=\"TextRun SCXW172009853 BCX0\" lang=\"ES-ES\" xml:lang=\"ES-ES\" data-contrast=\"auto\"><span class=\"NormalTextRun SCXW172009853 BCX0\">Direcci\u00f3n: <\/span><span class=\"NormalTextRun SCXW172009853 BCX0\">Calle Joaqu\u00edn Costa, 7, 18010 Granada<\/span><\/span><span class=\"EOP SCXW172009853 BCX0\" data-ccp-props=\"{&quot;201341983&quot;:0,&quot;335559739&quot;:160,&quot;335559740&quot;:259}\">.<\/span><\/p>\n<p style=\"padding-bottom: 10px;\"><a href=\"https:\/\/hotelanacapri.com\/\" target=\"_blank\" rel=\"noopener\"><span data-contrast=\"none\">Ir a la web<\/span><\/a><\/p>\n<p style=\"padding-bottom: 10px;\"><span data-contrast=\"auto\"><strong>Descuento del 30%<\/strong> sobre las tarifas de la web del hotel, v\u00e1lido para las noches del 7 y 8 de marzo (m\u00ednimo 2 noches). Deber\u00e1 realizar la reserva de alojamiento a trav\u00e9s de la p\u00e1gina web del hotel, indicando el siguiente identificador para obtener el descuento:\u202f\u201c<strong>FANPSE2024<\/strong>\u201d.<\/span><\/p>\n<p><b><span data-contrast=\"auto\">Email<\/span><\/b><span data-contrast=\"auto\">:\u202f<\/span><a href=\"mailto:reservas@hotelanacapri.com\"><span data-contrast=\"auto\">reservas@hotelanacapri.com<\/span><\/a>.<br \/>\n<b><span data-contrast=\"auto\">Tel\u00e9fono<\/span><\/b><span data-contrast=\"auto\">:\u202f<\/span><a href=\"tel:+34958227477\"><span data-contrast=\"auto\">958 227 477<\/span><\/a>.<\/p>\n<p><b><span data-contrast=\"auto\">Ubicaci\u00f3n:<\/span><\/b><span data-ccp-props=\"{&quot;134233117&quot;:false,&quot;134233118&quot;:false,&quot;201341983&quot;:0,&quot;335559738&quot;:0,&quot;335559739&quot;:0,&quot;335559740&quot;:240}\">\u00a0<\/span><\/p>\n<ul>\n<li data-leveltext=\"\uf0b7\" data-font=\"Symbol\" data-listid=\"1\" data-list-defn-props=\"{&quot;335552541&quot;:1,&quot;335559684&quot;:-2,&quot;335559685&quot;:720,&quot;335559991&quot;:360,&quot;469769226&quot;:&quot;Symbol&quot;,&quot;469769242&quot;:[8226],&quot;469777803&quot;:&quot;left&quot;,&quot;469777804&quot;:&quot;\uf0b7&quot;,&quot;469777815&quot;:&quot;multilevel&quot;}\" aria-setsize=\"-1\" data-aria-posinset=\"1\" data-aria-level=\"1\"><span data-contrast=\"auto\">A 20 min. de la sede.<\/span><\/li>\n<li data-leveltext=\"\uf0b7\" data-font=\"Symbol\" data-listid=\"1\" data-list-defn-props=\"{&quot;335552541&quot;:1,&quot;335559684&quot;:-2,&quot;335559685&quot;:720,&quot;335559991&quot;:360,&quot;469769226&quot;:&quot;Symbol&quot;,&quot;469769242&quot;:[8226],&quot;469777803&quot;:&quot;left&quot;,&quot;469777804&quot;:&quot;\uf0b7&quot;,&quot;469777815&quot;:&quot;multilevel&quot;}\" aria-setsize=\"-1\" data-aria-posinset=\"2\" data-aria-level=\"1\"><span data-contrast=\"auto\">En el Centro de Granada.<\/span><\/li>\n<li><span data-contrast=\"auto\">F\u00e1cil acceso desde la estaci\u00f3n de FFCC, autobuses y aeropuerto.<\/span><i><\/i><\/li>\n<\/ul>\n<p>[\/vc_column_text][\/vc_column][vc_column width=\u00bb1\/2&#8243; el_class=\u00bbimg-sede img-alojamiento\u00bb][vc_single_image image=\u00bb5145&#8243; img_size=\u00bbfull\u00bb alignment=\u00bbright\u00bb][vc_single_image image=\u00bb5157&#8243; img_size=\u00bbfull\u00bb alignment=\u00bbright\u00bb][\/vc_column][\/vc_row][vc_row el_class=\u00bbintro-sede alojamiento premios\u00bb css=\u00bb.vc_custom_1700119720347{margin-top: 10px !important;margin-bottom: -20px !important;}\u00bb][vc_column][vc_column_text el_class=\u00bbponencia\u00bb]<\/p>\n<p style=\"text-align: center;\"><i><span data-contrast=\"auto\">* Precios sujetos a disponibilidad en el momento de realizar la reserva. Precios en r\u00e9gimen de alojamiento y desayuno. IVA incluido.<\/span><\/i><\/p>\n<p>[\/vc_column_text][\/vc_column][\/vc_row]<\/p>\n","protected":false},"excerpt":{"rendered":"<p>[vc_row el_class=\u00bbintro-sede alojamiento\u00bb][vc_column width=\u00bb1\/2&#8243;][vc_column_text] Hotel Saray Granada **** Direcci\u00f3n: Calle Prof. Tierno Galv\u00e1n, 4, 18006 Granada. Ir a la web Junto al Palacio de Congresos y muy cerca del centro de la ciudad, el Hotel Saray 4* recrea la esencia de Granada: con sus jardines y el sonido constante del agua, huellas de su pasado&#8230;<\/p>\n","protected":false},"author":3,"featured_media":0,"parent":0,"menu_order":0,"comment_status":"closed","ping_status":"closed","template":"","meta":{"_monsterinsights_skip_tracking":false,"_monsterinsights_sitenote_active":false,"_monsterinsights_sitenote_note":"","_monsterinsights_sitenote_category":0,"footnotes":""},"aioseo_notices":[],"_links":{"self":[{"href":"https:\/\/congresofanpse.org\/2024\/wp-json\/wp\/v2\/pages\/5044"}],"collection":[{"href":"https:\/\/congresofanpse.org\/2024\/wp-json\/wp\/v2\/pages"}],"about":[{"href":"https:\/\/congresofanpse.org\/2024\/wp-json\/wp\/v2\/types\/page"}],"author":[{"embeddable":true,"href":"https:\/\/congresofanpse.org\/2024\/wp-json\/wp\/v2\/users\/3"}],"replies":[{"embeddable":true,"href":"https:\/\/congresofanpse.org\/2024\/wp-json\/wp\/v2\/comments?post=5044"}],"version-history":[{"count":21,"href":"https:\/\/congresofanpse.org\/2024\/wp-json\/wp\/v2\/pages\/5044\/revisions"}],"predecessor-version":[{"id":5193,"href":"https:\/\/congresofanpse.org\/2024\/wp-json\/wp\/v2\/pages\/5044\/revisions\/5193"}],"wp:attachment":[{"href":"https:\/\/congresofanpse.org\/2024\/wp-json\/wp\/v2\/media?parent=5044"}],"curies":[{"name":"wp","href":"https:\/\/api.w.org\/{rel}","templated":true}]}}