{"id":4169,"date":"2023-04-21T09:41:02","date_gmt":"2023-04-21T07:41:02","guid":{"rendered":"https:\/\/congresofanpse.org\/?page_id=4169"},"modified":"2024-10-14T17:01:38","modified_gmt":"2024-10-14T15:01:38","slug":"programa","status":"publish","type":"page","link":"https:\/\/congresofanpse.org\/2024\/programa\/","title":{"rendered":"Programa"},"content":{"rendered":"<p>[vc_row css=\u00bb.vc_custom_1728918092267{margin-top: 0px !important;margin-bottom: 0px !important;border-bottom-width: 0px !important;padding-top: 0px !important;padding-bottom: 30px !important;}\u00bb el_class=\u00bbprograma-web\u00bb][vc_column][vc_column_text el_class=\u00bbtitle-inscripcion\u00bb]\r\n\r\n\r\n<div class=\"bipeek bipeek-program \" style=\"display: contents;\" id=\"schedule-calendar-day-block209808485\">\r\n    <div class=\"schedule-calendar\">\r\n        <div class=\"toolbar\">\r\n            <div class=\"chips days-chips-container\">\r\n                                                        <div date=\"2024-03-07\" class=\"chip day-chip body-1\">7 mar<\/div>\r\n                                                        <div date=\"2024-03-08\" class=\"chip day-chip body-1\">8 mar<\/div>\r\n                                                        <div date=\"2024-03-09\" class=\"chip day-chip body-1\">9 mar<\/div>\r\n                            <\/div>\r\n            <div class=\"days-select-container\">\r\n                <select class=\"body-1\" id=\"day-dropdown\" name=\"day-dropdown\">\r\n                    <option value=\"2024-03-07\">7 Mar<\/option><option value=\"2024-03-08\">8 Mar<\/option><option value=\"2024-03-09\">9 Mar<\/option>                <\/select>\r\n            <\/div>\r\n            <div class=\"rooms-select-container\">\r\n                <select class=\"body-1\" id=\"room-dropdown\" name=\"room-dropdown\">\r\n                    <option value=\"1041\">Sala Seminario 1<\/option><option value=\"1042\">Sala Seminario 2<\/option><option value=\"935\">Sala Alb\u00e9niz-Machuca<\/option><option value=\"936\">Sala Machado<\/option><option value=\"966\">Sala Seminario 1+2<\/option><option value=\"1009\">Sala Seminario 3+4<\/option><option value=\"1008\">Sala Seminario 6+7<\/option><option value=\"0\">Todas las salas<\/option>                <\/select>\r\n            <\/div>\r\n                            <div class=\"filter-container\">\r\n                    <div class=\"session-filter filter body-1\" program_id=\"schedule-calendar-day-block209808485\">\r\n                        <span>Filtro<\/span>\r\n                        <i class=\"fa-solid fa-filter\"><\/i>\r\n                    <\/div>\r\n                <\/div>\r\n                    <\/div>\r\n\r\n                    <div class=\"schedule day-info-content\" date=\"2024-03-07\" style=\"\" id='scheduleschedule-calendar-day-block2098084852024-03-07'><\/div>\r\n            <!-- <style>\r\n                #scheduleschedule-calendar-day-block2098084852024-03-07 .stop{\r\n                    width: calc(700% - 8px);\r\n                }\r\n            <\/style> -->\r\n                                <div class=\"schedule day-info-content\" date=\"2024-03-08\" style=\"display: none;\" id='scheduleschedule-calendar-day-block2098084852024-03-08'><\/div>\r\n            <!-- <style>\r\n                #scheduleschedule-calendar-day-block2098084852024-03-08 .stop{\r\n                    width: calc(700% - 8px);\r\n                }\r\n            <\/style> -->\r\n                                <div class=\"schedule day-info-content\" date=\"2024-03-09\" style=\"display: none;\" id='scheduleschedule-calendar-day-block2098084852024-03-09'><\/div>\r\n            <!-- <style>\r\n                #scheduleschedule-calendar-day-block2098084852024-03-09 .stop{\r\n                    width: calc(700% - 8px);\r\n                }\r\n            <\/style> -->\r\n                    \r\n        <div class=\"calendar-mobile\">\r\n                                                <div class=\"session session-mobile color-1\" session_id=\"6617\" room=\"1041\" date=\"2024-03-07\" type=\"\" area=\"\">\r\n                        <div class=\"date body-3\">\r\n                            16:00 - 19:00                        <\/div>\r\n                        <div class=\"title body-2 medium\">\r\n                            TALLER 1. C\u00f3mo utilizar el recurso online \u201cHelp is in Your Hands\u201d para trabajar con familias en la estimulaci\u00f3n temprana de ni\u00f1os\/as diagnosticados de TEA\/autismo                        <\/div>\r\n                                                        <div class=\"eye\">\r\n                                    <svg width=\"23\" height=\"20\" viewBox=\"0 0 23 20\" fill=\"none\" xmlns=\"http:\/\/www.w3.org\/2000\/svg\">\r\n                                        <g clip-path=\"url(#clip0_436_7951)\">\r\n                                        <path d=\"M11.5 1.6665C8.41391 1.6665 5.94273 3.07206 4.14377 4.74498C2.35627 6.40262 1.16079 8.38873 0.595508 9.75227C0.469466 10.054 0.469466 10.3901 0.595508 10.6919C1.16079 12.0554 2.35627 14.0415 4.14377 15.6991C5.94273 17.3721 8.41391 18.7776 11.5 18.7776C14.5861 18.7776 17.0573 17.3721 18.8563 15.6991C20.6438 14.0377 21.8393 12.0554 22.4084 10.6919C22.5344 10.3901 22.5344 10.054 22.4084 9.75227C21.8393 8.38873 20.6438 6.40262 18.8563 4.74498C17.0573 3.07206 14.5861 1.6665 11.5 1.6665ZM6.00002 10.2221C6.00002 8.76337 6.57948 7.36442 7.61093 6.33297C8.64238 5.30152 10.0413 4.72206 11.5 4.72206C12.9587 4.72206 14.3577 5.30152 15.3891 6.33297C16.4206 7.36442 17 8.76337 17 10.2221C17 11.6807 16.4206 13.0797 15.3891 14.1111C14.3577 15.1426 12.9587 15.7221 11.5 15.7221C10.0413 15.7221 8.64238 15.1426 7.61093 14.1111C6.57948 13.0797 6.00002 11.6807 6.00002 10.2221ZM11.5 7.77762C11.5 9.12588 10.4038 10.2221 9.05558 10.2221C8.7844 10.2221 8.52467 10.1762 8.28023 10.096C8.07016 10.0273 7.82572 10.1571 7.83336 10.3787C7.84481 10.6422 7.88301 10.9057 7.95558 11.1693C8.47884 13.1248 10.4917 14.2859 12.4472 13.7627C14.4028 13.2394 15.5639 11.2266 15.0406 9.27102C14.6167 7.68595 13.215 6.62032 11.6566 6.55539C11.4351 6.54775 11.3052 6.78838 11.374 7.00227C11.4542 7.24671 11.5 7.50643 11.5 7.77762Z\" fill=\"white\"\/>\r\n                                        <\/g>\r\n                                        <defs>\r\n                                        <clipPath id=\"clip0_436_7951\">\r\n                                        <rect width=\"22\" height=\"19.5556\" fill=\"white\" transform=\"translate(0.5 0.444336)\"\/>\r\n                                        <\/clipPath>\r\n                                        <\/defs>\r\n                                    <\/svg>\r\n                                <\/div>\r\n                                                                        <\/div>\r\n                                                                <div class=\"session session-mobile color-1\" session_id=\"6733\" room=\"1042\" date=\"2024-03-07\" type=\"\" area=\"\">\r\n                        <div class=\"date body-3\">\r\n                            16:00 - 19:00                        <\/div>\r\n                        <div class=\"title body-2 medium\">\r\n                            TALLER 2. Diagn\u00f3stico de la simulaci\u00f3n neuropsicol\u00f3gica: procedimientos y casos forenses                        <\/div>\r\n                                                        <div class=\"eye\">\r\n                                    <svg width=\"23\" height=\"20\" viewBox=\"0 0 23 20\" fill=\"none\" xmlns=\"http:\/\/www.w3.org\/2000\/svg\">\r\n                                        <g clip-path=\"url(#clip0_436_7951)\">\r\n                                        <path d=\"M11.5 1.6665C8.41391 1.6665 5.94273 3.07206 4.14377 4.74498C2.35627 6.40262 1.16079 8.38873 0.595508 9.75227C0.469466 10.054 0.469466 10.3901 0.595508 10.6919C1.16079 12.0554 2.35627 14.0415 4.14377 15.6991C5.94273 17.3721 8.41391 18.7776 11.5 18.7776C14.5861 18.7776 17.0573 17.3721 18.8563 15.6991C20.6438 14.0377 21.8393 12.0554 22.4084 10.6919C22.5344 10.3901 22.5344 10.054 22.4084 9.75227C21.8393 8.38873 20.6438 6.40262 18.8563 4.74498C17.0573 3.07206 14.5861 1.6665 11.5 1.6665ZM6.00002 10.2221C6.00002 8.76337 6.57948 7.36442 7.61093 6.33297C8.64238 5.30152 10.0413 4.72206 11.5 4.72206C12.9587 4.72206 14.3577 5.30152 15.3891 6.33297C16.4206 7.36442 17 8.76337 17 10.2221C17 11.6807 16.4206 13.0797 15.3891 14.1111C14.3577 15.1426 12.9587 15.7221 11.5 15.7221C10.0413 15.7221 8.64238 15.1426 7.61093 14.1111C6.57948 13.0797 6.00002 11.6807 6.00002 10.2221ZM11.5 7.77762C11.5 9.12588 10.4038 10.2221 9.05558 10.2221C8.7844 10.2221 8.52467 10.1762 8.28023 10.096C8.07016 10.0273 7.82572 10.1571 7.83336 10.3787C7.84481 10.6422 7.88301 10.9057 7.95558 11.1693C8.47884 13.1248 10.4917 14.2859 12.4472 13.7627C14.4028 13.2394 15.5639 11.2266 15.0406 9.27102C14.6167 7.68595 13.215 6.62032 11.6566 6.55539C11.4351 6.54775 11.3052 6.78838 11.374 7.00227C11.4542 7.24671 11.5 7.50643 11.5 7.77762Z\" fill=\"white\"\/>\r\n                                        <\/g>\r\n                                        <defs>\r\n                                        <clipPath id=\"clip0_436_7951\">\r\n                                        <rect width=\"22\" height=\"19.5556\" fill=\"white\" transform=\"translate(0.5 0.444336)\"\/>\r\n                                        <\/clipPath>\r\n                                        <\/defs>\r\n                                    <\/svg>\r\n                                <\/div>\r\n                                                                        <\/div>\r\n                                                                <div class=\"session session-mobile color-1\" session_id=\"6601\" room=\"935\" date=\"2024-03-08\" type=\"\" area=\"\">\r\n                        <div class=\"date body-3\">\r\n                            09:00 - 09:30                        <\/div>\r\n                        <div class=\"title body-2 medium\">\r\n                            Acto Inaugural                        <\/div>\r\n                                                        <div class=\"eye\">\r\n                                    <svg width=\"23\" height=\"20\" viewBox=\"0 0 23 20\" fill=\"none\" xmlns=\"http:\/\/www.w3.org\/2000\/svg\">\r\n                                        <g clip-path=\"url(#clip0_436_7951)\">\r\n                                        <path d=\"M11.5 1.6665C8.41391 1.6665 5.94273 3.07206 4.14377 4.74498C2.35627 6.40262 1.16079 8.38873 0.595508 9.75227C0.469466 10.054 0.469466 10.3901 0.595508 10.6919C1.16079 12.0554 2.35627 14.0415 4.14377 15.6991C5.94273 17.3721 8.41391 18.7776 11.5 18.7776C14.5861 18.7776 17.0573 17.3721 18.8563 15.6991C20.6438 14.0377 21.8393 12.0554 22.4084 10.6919C22.5344 10.3901 22.5344 10.054 22.4084 9.75227C21.8393 8.38873 20.6438 6.40262 18.8563 4.74498C17.0573 3.07206 14.5861 1.6665 11.5 1.6665ZM6.00002 10.2221C6.00002 8.76337 6.57948 7.36442 7.61093 6.33297C8.64238 5.30152 10.0413 4.72206 11.5 4.72206C12.9587 4.72206 14.3577 5.30152 15.3891 6.33297C16.4206 7.36442 17 8.76337 17 10.2221C17 11.6807 16.4206 13.0797 15.3891 14.1111C14.3577 15.1426 12.9587 15.7221 11.5 15.7221C10.0413 15.7221 8.64238 15.1426 7.61093 14.1111C6.57948 13.0797 6.00002 11.6807 6.00002 10.2221ZM11.5 7.77762C11.5 9.12588 10.4038 10.2221 9.05558 10.2221C8.7844 10.2221 8.52467 10.1762 8.28023 10.096C8.07016 10.0273 7.82572 10.1571 7.83336 10.3787C7.84481 10.6422 7.88301 10.9057 7.95558 11.1693C8.47884 13.1248 10.4917 14.2859 12.4472 13.7627C14.4028 13.2394 15.5639 11.2266 15.0406 9.27102C14.6167 7.68595 13.215 6.62032 11.6566 6.55539C11.4351 6.54775 11.3052 6.78838 11.374 7.00227C11.4542 7.24671 11.5 7.50643 11.5 7.77762Z\" fill=\"white\"\/>\r\n                                        <\/g>\r\n                                        <defs>\r\n                                        <clipPath id=\"clip0_436_7951\">\r\n                                        <rect width=\"22\" height=\"19.5556\" fill=\"white\" transform=\"translate(0.5 0.444336)\"\/>\r\n                                        <\/clipPath>\r\n                                        <\/defs>\r\n                                    <\/svg>\r\n                                <\/div>\r\n                                                                        <\/div>\r\n                                                                <div class=\"session session-mobile color-4\" session_id=\"6346\" room=\"935\" date=\"2024-03-08\" type=\"\" area=\"1011\">\r\n                        <div class=\"date body-3\">\r\n                            09:30 - 10:30                        <\/div>\r\n                        <div class=\"title body-2 medium\">\r\n                            Conferencia Inaugural. Retrograde amnesia in Alzheimer dementia: the temporal gradient and the reminiscence bump                        <\/div>\r\n                                                        <div class=\"eye\">\r\n                                    <svg width=\"23\" height=\"20\" viewBox=\"0 0 23 20\" fill=\"none\" xmlns=\"http:\/\/www.w3.org\/2000\/svg\">\r\n                                        <g clip-path=\"url(#clip0_436_7951)\">\r\n                                        <path d=\"M11.5 1.6665C8.41391 1.6665 5.94273 3.07206 4.14377 4.74498C2.35627 6.40262 1.16079 8.38873 0.595508 9.75227C0.469466 10.054 0.469466 10.3901 0.595508 10.6919C1.16079 12.0554 2.35627 14.0415 4.14377 15.6991C5.94273 17.3721 8.41391 18.7776 11.5 18.7776C14.5861 18.7776 17.0573 17.3721 18.8563 15.6991C20.6438 14.0377 21.8393 12.0554 22.4084 10.6919C22.5344 10.3901 22.5344 10.054 22.4084 9.75227C21.8393 8.38873 20.6438 6.40262 18.8563 4.74498C17.0573 3.07206 14.5861 1.6665 11.5 1.6665ZM6.00002 10.2221C6.00002 8.76337 6.57948 7.36442 7.61093 6.33297C8.64238 5.30152 10.0413 4.72206 11.5 4.72206C12.9587 4.72206 14.3577 5.30152 15.3891 6.33297C16.4206 7.36442 17 8.76337 17 10.2221C17 11.6807 16.4206 13.0797 15.3891 14.1111C14.3577 15.1426 12.9587 15.7221 11.5 15.7221C10.0413 15.7221 8.64238 15.1426 7.61093 14.1111C6.57948 13.0797 6.00002 11.6807 6.00002 10.2221ZM11.5 7.77762C11.5 9.12588 10.4038 10.2221 9.05558 10.2221C8.7844 10.2221 8.52467 10.1762 8.28023 10.096C8.07016 10.0273 7.82572 10.1571 7.83336 10.3787C7.84481 10.6422 7.88301 10.9057 7.95558 11.1693C8.47884 13.1248 10.4917 14.2859 12.4472 13.7627C14.4028 13.2394 15.5639 11.2266 15.0406 9.27102C14.6167 7.68595 13.215 6.62032 11.6566 6.55539C11.4351 6.54775 11.3052 6.78838 11.374 7.00227C11.4542 7.24671 11.5 7.50643 11.5 7.77762Z\" fill=\"white\"\/>\r\n                                        <\/g>\r\n                                        <defs>\r\n                                        <clipPath id=\"clip0_436_7951\">\r\n                                        <rect width=\"22\" height=\"19.5556\" fill=\"white\" transform=\"translate(0.5 0.444336)\"\/>\r\n                                        <\/clipPath>\r\n                                        <\/defs>\r\n                                    <\/svg>\r\n                                <\/div>\r\n                                                                        <\/div>\r\n                                                                <div class=\"session session-mobile color-1\" session_id=\"6561\" room=\"935\" date=\"2024-03-08\" type=\"\" area=\"\">\r\n                        <div class=\"date body-3\">\r\n                            10:30 - 11:45                        <\/div>\r\n                        <div class=\"title body-2 medium\">\r\n                            Mesa 1. Envejecimiento normal, reserva cognitiva y mecanismos de compensaci\u00f3n                        <\/div>\r\n                                                        <div class=\"eye\">\r\n                                    <svg width=\"23\" height=\"20\" viewBox=\"0 0 23 20\" fill=\"none\" xmlns=\"http:\/\/www.w3.org\/2000\/svg\">\r\n                                        <g clip-path=\"url(#clip0_436_7951)\">\r\n                                        <path d=\"M11.5 1.6665C8.41391 1.6665 5.94273 3.07206 4.14377 4.74498C2.35627 6.40262 1.16079 8.38873 0.595508 9.75227C0.469466 10.054 0.469466 10.3901 0.595508 10.6919C1.16079 12.0554 2.35627 14.0415 4.14377 15.6991C5.94273 17.3721 8.41391 18.7776 11.5 18.7776C14.5861 18.7776 17.0573 17.3721 18.8563 15.6991C20.6438 14.0377 21.8393 12.0554 22.4084 10.6919C22.5344 10.3901 22.5344 10.054 22.4084 9.75227C21.8393 8.38873 20.6438 6.40262 18.8563 4.74498C17.0573 3.07206 14.5861 1.6665 11.5 1.6665ZM6.00002 10.2221C6.00002 8.76337 6.57948 7.36442 7.61093 6.33297C8.64238 5.30152 10.0413 4.72206 11.5 4.72206C12.9587 4.72206 14.3577 5.30152 15.3891 6.33297C16.4206 7.36442 17 8.76337 17 10.2221C17 11.6807 16.4206 13.0797 15.3891 14.1111C14.3577 15.1426 12.9587 15.7221 11.5 15.7221C10.0413 15.7221 8.64238 15.1426 7.61093 14.1111C6.57948 13.0797 6.00002 11.6807 6.00002 10.2221ZM11.5 7.77762C11.5 9.12588 10.4038 10.2221 9.05558 10.2221C8.7844 10.2221 8.52467 10.1762 8.28023 10.096C8.07016 10.0273 7.82572 10.1571 7.83336 10.3787C7.84481 10.6422 7.88301 10.9057 7.95558 11.1693C8.47884 13.1248 10.4917 14.2859 12.4472 13.7627C14.4028 13.2394 15.5639 11.2266 15.0406 9.27102C14.6167 7.68595 13.215 6.62032 11.6566 6.55539C11.4351 6.54775 11.3052 6.78838 11.374 7.00227C11.4542 7.24671 11.5 7.50643 11.5 7.77762Z\" fill=\"white\"\/>\r\n                                        <\/g>\r\n                                        <defs>\r\n                                        <clipPath id=\"clip0_436_7951\">\r\n                                        <rect width=\"22\" height=\"19.5556\" fill=\"white\" transform=\"translate(0.5 0.444336)\"\/>\r\n                                        <\/clipPath>\r\n                                        <\/defs>\r\n                                    <\/svg>\r\n                                <\/div>\r\n                                                                        <\/div>\r\n                                                                <div class=\"session session-mobile color-1\" session_id=\"6613\" room=\"936\" date=\"2024-03-08\" type=\"\" area=\"\">\r\n                        <div class=\"date body-3\">\r\n                            10:30 - 11:45                        <\/div>\r\n                        <div class=\"title body-2 medium\">\r\n                            Mesa 2. Nuevas soluciones digitales en intervenci\u00f3n neuropsicol\u00f3gica: tres experiencias de investigaci\u00f3n aplicada                        <\/div>\r\n                                                        <div class=\"eye\">\r\n                                    <svg width=\"23\" height=\"20\" viewBox=\"0 0 23 20\" fill=\"none\" xmlns=\"http:\/\/www.w3.org\/2000\/svg\">\r\n                                        <g clip-path=\"url(#clip0_436_7951)\">\r\n                                        <path d=\"M11.5 1.6665C8.41391 1.6665 5.94273 3.07206 4.14377 4.74498C2.35627 6.40262 1.16079 8.38873 0.595508 9.75227C0.469466 10.054 0.469466 10.3901 0.595508 10.6919C1.16079 12.0554 2.35627 14.0415 4.14377 15.6991C5.94273 17.3721 8.41391 18.7776 11.5 18.7776C14.5861 18.7776 17.0573 17.3721 18.8563 15.6991C20.6438 14.0377 21.8393 12.0554 22.4084 10.6919C22.5344 10.3901 22.5344 10.054 22.4084 9.75227C21.8393 8.38873 20.6438 6.40262 18.8563 4.74498C17.0573 3.07206 14.5861 1.6665 11.5 1.6665ZM6.00002 10.2221C6.00002 8.76337 6.57948 7.36442 7.61093 6.33297C8.64238 5.30152 10.0413 4.72206 11.5 4.72206C12.9587 4.72206 14.3577 5.30152 15.3891 6.33297C16.4206 7.36442 17 8.76337 17 10.2221C17 11.6807 16.4206 13.0797 15.3891 14.1111C14.3577 15.1426 12.9587 15.7221 11.5 15.7221C10.0413 15.7221 8.64238 15.1426 7.61093 14.1111C6.57948 13.0797 6.00002 11.6807 6.00002 10.2221ZM11.5 7.77762C11.5 9.12588 10.4038 10.2221 9.05558 10.2221C8.7844 10.2221 8.52467 10.1762 8.28023 10.096C8.07016 10.0273 7.82572 10.1571 7.83336 10.3787C7.84481 10.6422 7.88301 10.9057 7.95558 11.1693C8.47884 13.1248 10.4917 14.2859 12.4472 13.7627C14.4028 13.2394 15.5639 11.2266 15.0406 9.27102C14.6167 7.68595 13.215 6.62032 11.6566 6.55539C11.4351 6.54775 11.3052 6.78838 11.374 7.00227C11.4542 7.24671 11.5 7.50643 11.5 7.77762Z\" fill=\"white\"\/>\r\n                                        <\/g>\r\n                                        <defs>\r\n                                        <clipPath id=\"clip0_436_7951\">\r\n                                        <rect width=\"22\" height=\"19.5556\" fill=\"white\" transform=\"translate(0.5 0.444336)\"\/>\r\n                                        <\/clipPath>\r\n                                        <\/defs>\r\n                                    <\/svg>\r\n                                <\/div>\r\n                                                                        <\/div>\r\n                                                                <div class=\"session session-mobile stop\" session_id=\"6602\" room=\"\" date=\"2024-03-08\" type=\"\" area=\"\">\r\n                        <div class=\"date body-3\">\r\n                            11:45 - 12:30                        <\/div>\r\n                        <div class=\"title body-2 medium\">\r\n                            Pausa caf\u00e9                        <\/div>\r\n                                                                    <\/div>\r\n                                                                <div class=\"session session-mobile color-1\" session_id=\"6562\" room=\"935\" date=\"2024-03-08\" type=\"\" area=\"\">\r\n                        <div class=\"date body-3\">\r\n                            12:30 - 13:45                        <\/div>\r\n                        <div class=\"title body-2 medium\">\r\n                            Mesa 3. Perspectivas actuales del neurodesarrollo                        <\/div>\r\n                                                        <div class=\"eye\">\r\n                                    <svg width=\"23\" height=\"20\" viewBox=\"0 0 23 20\" fill=\"none\" xmlns=\"http:\/\/www.w3.org\/2000\/svg\">\r\n                                        <g clip-path=\"url(#clip0_436_7951)\">\r\n                                        <path d=\"M11.5 1.6665C8.41391 1.6665 5.94273 3.07206 4.14377 4.74498C2.35627 6.40262 1.16079 8.38873 0.595508 9.75227C0.469466 10.054 0.469466 10.3901 0.595508 10.6919C1.16079 12.0554 2.35627 14.0415 4.14377 15.6991C5.94273 17.3721 8.41391 18.7776 11.5 18.7776C14.5861 18.7776 17.0573 17.3721 18.8563 15.6991C20.6438 14.0377 21.8393 12.0554 22.4084 10.6919C22.5344 10.3901 22.5344 10.054 22.4084 9.75227C21.8393 8.38873 20.6438 6.40262 18.8563 4.74498C17.0573 3.07206 14.5861 1.6665 11.5 1.6665ZM6.00002 10.2221C6.00002 8.76337 6.57948 7.36442 7.61093 6.33297C8.64238 5.30152 10.0413 4.72206 11.5 4.72206C12.9587 4.72206 14.3577 5.30152 15.3891 6.33297C16.4206 7.36442 17 8.76337 17 10.2221C17 11.6807 16.4206 13.0797 15.3891 14.1111C14.3577 15.1426 12.9587 15.7221 11.5 15.7221C10.0413 15.7221 8.64238 15.1426 7.61093 14.1111C6.57948 13.0797 6.00002 11.6807 6.00002 10.2221ZM11.5 7.77762C11.5 9.12588 10.4038 10.2221 9.05558 10.2221C8.7844 10.2221 8.52467 10.1762 8.28023 10.096C8.07016 10.0273 7.82572 10.1571 7.83336 10.3787C7.84481 10.6422 7.88301 10.9057 7.95558 11.1693C8.47884 13.1248 10.4917 14.2859 12.4472 13.7627C14.4028 13.2394 15.5639 11.2266 15.0406 9.27102C14.6167 7.68595 13.215 6.62032 11.6566 6.55539C11.4351 6.54775 11.3052 6.78838 11.374 7.00227C11.4542 7.24671 11.5 7.50643 11.5 7.77762Z\" fill=\"white\"\/>\r\n                                        <\/g>\r\n                                        <defs>\r\n                                        <clipPath id=\"clip0_436_7951\">\r\n                                        <rect width=\"22\" height=\"19.5556\" fill=\"white\" transform=\"translate(0.5 0.444336)\"\/>\r\n                                        <\/clipPath>\r\n                                        <\/defs>\r\n                                    <\/svg>\r\n                                <\/div>\r\n                                                                        <\/div>\r\n                                                                <div class=\"session session-mobile color-1\" session_id=\"6612\" room=\"936\" date=\"2024-03-08\" type=\"\" area=\"\">\r\n                        <div class=\"date body-3\">\r\n                            12:30 - 13:45                        <\/div>\r\n                        <div class=\"title body-2 medium\">\r\n                            Mesa 4. Nuevas actualizaciones en los efectos neuropsicol\u00f3gicos de la COVID-19: aportaciones desde el proyecto NAUTILUS                        <\/div>\r\n                                                        <div class=\"eye\">\r\n                                    <svg width=\"23\" height=\"20\" viewBox=\"0 0 23 20\" fill=\"none\" xmlns=\"http:\/\/www.w3.org\/2000\/svg\">\r\n                                        <g clip-path=\"url(#clip0_436_7951)\">\r\n                                        <path d=\"M11.5 1.6665C8.41391 1.6665 5.94273 3.07206 4.14377 4.74498C2.35627 6.40262 1.16079 8.38873 0.595508 9.75227C0.469466 10.054 0.469466 10.3901 0.595508 10.6919C1.16079 12.0554 2.35627 14.0415 4.14377 15.6991C5.94273 17.3721 8.41391 18.7776 11.5 18.7776C14.5861 18.7776 17.0573 17.3721 18.8563 15.6991C20.6438 14.0377 21.8393 12.0554 22.4084 10.6919C22.5344 10.3901 22.5344 10.054 22.4084 9.75227C21.8393 8.38873 20.6438 6.40262 18.8563 4.74498C17.0573 3.07206 14.5861 1.6665 11.5 1.6665ZM6.00002 10.2221C6.00002 8.76337 6.57948 7.36442 7.61093 6.33297C8.64238 5.30152 10.0413 4.72206 11.5 4.72206C12.9587 4.72206 14.3577 5.30152 15.3891 6.33297C16.4206 7.36442 17 8.76337 17 10.2221C17 11.6807 16.4206 13.0797 15.3891 14.1111C14.3577 15.1426 12.9587 15.7221 11.5 15.7221C10.0413 15.7221 8.64238 15.1426 7.61093 14.1111C6.57948 13.0797 6.00002 11.6807 6.00002 10.2221ZM11.5 7.77762C11.5 9.12588 10.4038 10.2221 9.05558 10.2221C8.7844 10.2221 8.52467 10.1762 8.28023 10.096C8.07016 10.0273 7.82572 10.1571 7.83336 10.3787C7.84481 10.6422 7.88301 10.9057 7.95558 11.1693C8.47884 13.1248 10.4917 14.2859 12.4472 13.7627C14.4028 13.2394 15.5639 11.2266 15.0406 9.27102C14.6167 7.68595 13.215 6.62032 11.6566 6.55539C11.4351 6.54775 11.3052 6.78838 11.374 7.00227C11.4542 7.24671 11.5 7.50643 11.5 7.77762Z\" fill=\"white\"\/>\r\n                                        <\/g>\r\n                                        <defs>\r\n                                        <clipPath id=\"clip0_436_7951\">\r\n                                        <rect width=\"22\" height=\"19.5556\" fill=\"white\" transform=\"translate(0.5 0.444336)\"\/>\r\n                                        <\/clipPath>\r\n                                        <\/defs>\r\n                                    <\/svg>\r\n                                <\/div>\r\n                                                                        <\/div>\r\n                                                                <div class=\"session session-mobile stop\" session_id=\"6603\" room=\"\" date=\"2024-03-08\" type=\"\" area=\"\">\r\n                        <div class=\"date body-3\">\r\n                            13:45 - 15:30                        <\/div>\r\n                        <div class=\"title body-2 medium\">\r\n                            PAUSA                        <\/div>\r\n                                                                    <\/div>\r\n                                                                <div class=\"session session-mobile color-1\" session_id=\"6604\" room=\"935\" date=\"2024-03-08\" type=\"\" area=\"\">\r\n                        <div class=\"date body-3\">\r\n                            15:30 - 16:45                        <\/div>\r\n                        <div class=\"title body-2 medium\">\r\n                            Comunicaciones orales I                        <\/div>\r\n                                                        <div class=\"eye\">\r\n                                    <svg width=\"23\" height=\"20\" viewBox=\"0 0 23 20\" fill=\"none\" xmlns=\"http:\/\/www.w3.org\/2000\/svg\">\r\n                                        <g clip-path=\"url(#clip0_436_7951)\">\r\n                                        <path d=\"M11.5 1.6665C8.41391 1.6665 5.94273 3.07206 4.14377 4.74498C2.35627 6.40262 1.16079 8.38873 0.595508 9.75227C0.469466 10.054 0.469466 10.3901 0.595508 10.6919C1.16079 12.0554 2.35627 14.0415 4.14377 15.6991C5.94273 17.3721 8.41391 18.7776 11.5 18.7776C14.5861 18.7776 17.0573 17.3721 18.8563 15.6991C20.6438 14.0377 21.8393 12.0554 22.4084 10.6919C22.5344 10.3901 22.5344 10.054 22.4084 9.75227C21.8393 8.38873 20.6438 6.40262 18.8563 4.74498C17.0573 3.07206 14.5861 1.6665 11.5 1.6665ZM6.00002 10.2221C6.00002 8.76337 6.57948 7.36442 7.61093 6.33297C8.64238 5.30152 10.0413 4.72206 11.5 4.72206C12.9587 4.72206 14.3577 5.30152 15.3891 6.33297C16.4206 7.36442 17 8.76337 17 10.2221C17 11.6807 16.4206 13.0797 15.3891 14.1111C14.3577 15.1426 12.9587 15.7221 11.5 15.7221C10.0413 15.7221 8.64238 15.1426 7.61093 14.1111C6.57948 13.0797 6.00002 11.6807 6.00002 10.2221ZM11.5 7.77762C11.5 9.12588 10.4038 10.2221 9.05558 10.2221C8.7844 10.2221 8.52467 10.1762 8.28023 10.096C8.07016 10.0273 7.82572 10.1571 7.83336 10.3787C7.84481 10.6422 7.88301 10.9057 7.95558 11.1693C8.47884 13.1248 10.4917 14.2859 12.4472 13.7627C14.4028 13.2394 15.5639 11.2266 15.0406 9.27102C14.6167 7.68595 13.215 6.62032 11.6566 6.55539C11.4351 6.54775 11.3052 6.78838 11.374 7.00227C11.4542 7.24671 11.5 7.50643 11.5 7.77762Z\" fill=\"white\"\/>\r\n                                        <\/g>\r\n                                        <defs>\r\n                                        <clipPath id=\"clip0_436_7951\">\r\n                                        <rect width=\"22\" height=\"19.5556\" fill=\"white\" transform=\"translate(0.5 0.444336)\"\/>\r\n                                        <\/clipPath>\r\n                                        <\/defs>\r\n                                    <\/svg>\r\n                                <\/div>\r\n                                                                        <\/div>\r\n                                                                <div class=\"session session-mobile color-1\" session_id=\"6605\" room=\"936\" date=\"2024-03-08\" type=\"\" area=\"\">\r\n                        <div class=\"date body-3\">\r\n                            15:30 - 16:45                        <\/div>\r\n                        <div class=\"title body-2 medium\">\r\n                            Comunicaciones orales II                        <\/div>\r\n                                                        <div class=\"eye\">\r\n                                    <svg width=\"23\" height=\"20\" viewBox=\"0 0 23 20\" fill=\"none\" xmlns=\"http:\/\/www.w3.org\/2000\/svg\">\r\n                                        <g clip-path=\"url(#clip0_436_7951)\">\r\n                                        <path d=\"M11.5 1.6665C8.41391 1.6665 5.94273 3.07206 4.14377 4.74498C2.35627 6.40262 1.16079 8.38873 0.595508 9.75227C0.469466 10.054 0.469466 10.3901 0.595508 10.6919C1.16079 12.0554 2.35627 14.0415 4.14377 15.6991C5.94273 17.3721 8.41391 18.7776 11.5 18.7776C14.5861 18.7776 17.0573 17.3721 18.8563 15.6991C20.6438 14.0377 21.8393 12.0554 22.4084 10.6919C22.5344 10.3901 22.5344 10.054 22.4084 9.75227C21.8393 8.38873 20.6438 6.40262 18.8563 4.74498C17.0573 3.07206 14.5861 1.6665 11.5 1.6665ZM6.00002 10.2221C6.00002 8.76337 6.57948 7.36442 7.61093 6.33297C8.64238 5.30152 10.0413 4.72206 11.5 4.72206C12.9587 4.72206 14.3577 5.30152 15.3891 6.33297C16.4206 7.36442 17 8.76337 17 10.2221C17 11.6807 16.4206 13.0797 15.3891 14.1111C14.3577 15.1426 12.9587 15.7221 11.5 15.7221C10.0413 15.7221 8.64238 15.1426 7.61093 14.1111C6.57948 13.0797 6.00002 11.6807 6.00002 10.2221ZM11.5 7.77762C11.5 9.12588 10.4038 10.2221 9.05558 10.2221C8.7844 10.2221 8.52467 10.1762 8.28023 10.096C8.07016 10.0273 7.82572 10.1571 7.83336 10.3787C7.84481 10.6422 7.88301 10.9057 7.95558 11.1693C8.47884 13.1248 10.4917 14.2859 12.4472 13.7627C14.4028 13.2394 15.5639 11.2266 15.0406 9.27102C14.6167 7.68595 13.215 6.62032 11.6566 6.55539C11.4351 6.54775 11.3052 6.78838 11.374 7.00227C11.4542 7.24671 11.5 7.50643 11.5 7.77762Z\" fill=\"white\"\/>\r\n                                        <\/g>\r\n                                        <defs>\r\n                                        <clipPath id=\"clip0_436_7951\">\r\n                                        <rect width=\"22\" height=\"19.5556\" fill=\"white\" transform=\"translate(0.5 0.444336)\"\/>\r\n                                        <\/clipPath>\r\n                                        <\/defs>\r\n                                    <\/svg>\r\n                                <\/div>\r\n                                                                        <\/div>\r\n                                                                <div class=\"session session-mobile color-1\" session_id=\"6608\" room=\"966\" date=\"2024-03-08\" type=\"\" area=\"\">\r\n                        <div class=\"date body-3\">\r\n                            15:30 - 16:45                        <\/div>\r\n                        <div class=\"title body-2 medium\">\r\n                            Comunicaciones orales III                        <\/div>\r\n                                                        <div class=\"eye\">\r\n                                    <svg width=\"23\" height=\"20\" viewBox=\"0 0 23 20\" fill=\"none\" xmlns=\"http:\/\/www.w3.org\/2000\/svg\">\r\n                                        <g clip-path=\"url(#clip0_436_7951)\">\r\n                                        <path d=\"M11.5 1.6665C8.41391 1.6665 5.94273 3.07206 4.14377 4.74498C2.35627 6.40262 1.16079 8.38873 0.595508 9.75227C0.469466 10.054 0.469466 10.3901 0.595508 10.6919C1.16079 12.0554 2.35627 14.0415 4.14377 15.6991C5.94273 17.3721 8.41391 18.7776 11.5 18.7776C14.5861 18.7776 17.0573 17.3721 18.8563 15.6991C20.6438 14.0377 21.8393 12.0554 22.4084 10.6919C22.5344 10.3901 22.5344 10.054 22.4084 9.75227C21.8393 8.38873 20.6438 6.40262 18.8563 4.74498C17.0573 3.07206 14.5861 1.6665 11.5 1.6665ZM6.00002 10.2221C6.00002 8.76337 6.57948 7.36442 7.61093 6.33297C8.64238 5.30152 10.0413 4.72206 11.5 4.72206C12.9587 4.72206 14.3577 5.30152 15.3891 6.33297C16.4206 7.36442 17 8.76337 17 10.2221C17 11.6807 16.4206 13.0797 15.3891 14.1111C14.3577 15.1426 12.9587 15.7221 11.5 15.7221C10.0413 15.7221 8.64238 15.1426 7.61093 14.1111C6.57948 13.0797 6.00002 11.6807 6.00002 10.2221ZM11.5 7.77762C11.5 9.12588 10.4038 10.2221 9.05558 10.2221C8.7844 10.2221 8.52467 10.1762 8.28023 10.096C8.07016 10.0273 7.82572 10.1571 7.83336 10.3787C7.84481 10.6422 7.88301 10.9057 7.95558 11.1693C8.47884 13.1248 10.4917 14.2859 12.4472 13.7627C14.4028 13.2394 15.5639 11.2266 15.0406 9.27102C14.6167 7.68595 13.215 6.62032 11.6566 6.55539C11.4351 6.54775 11.3052 6.78838 11.374 7.00227C11.4542 7.24671 11.5 7.50643 11.5 7.77762Z\" fill=\"white\"\/>\r\n                                        <\/g>\r\n                                        <defs>\r\n                                        <clipPath id=\"clip0_436_7951\">\r\n                                        <rect width=\"22\" height=\"19.5556\" fill=\"white\" transform=\"translate(0.5 0.444336)\"\/>\r\n                                        <\/clipPath>\r\n                                        <\/defs>\r\n                                    <\/svg>\r\n                                <\/div>\r\n                                                                        <\/div>\r\n                                                                <div class=\"session session-mobile color-1\" session_id=\"6609\" room=\"1009\" date=\"2024-03-08\" type=\"\" area=\"\">\r\n                        <div class=\"date body-3\">\r\n                            15:30 - 16:45                        <\/div>\r\n                        <div class=\"title body-2 medium\">\r\n                            Comunicaciones orales IV                        <\/div>\r\n                                                        <div class=\"eye\">\r\n                                    <svg width=\"23\" height=\"20\" viewBox=\"0 0 23 20\" fill=\"none\" xmlns=\"http:\/\/www.w3.org\/2000\/svg\">\r\n                                        <g clip-path=\"url(#clip0_436_7951)\">\r\n                                        <path d=\"M11.5 1.6665C8.41391 1.6665 5.94273 3.07206 4.14377 4.74498C2.35627 6.40262 1.16079 8.38873 0.595508 9.75227C0.469466 10.054 0.469466 10.3901 0.595508 10.6919C1.16079 12.0554 2.35627 14.0415 4.14377 15.6991C5.94273 17.3721 8.41391 18.7776 11.5 18.7776C14.5861 18.7776 17.0573 17.3721 18.8563 15.6991C20.6438 14.0377 21.8393 12.0554 22.4084 10.6919C22.5344 10.3901 22.5344 10.054 22.4084 9.75227C21.8393 8.38873 20.6438 6.40262 18.8563 4.74498C17.0573 3.07206 14.5861 1.6665 11.5 1.6665ZM6.00002 10.2221C6.00002 8.76337 6.57948 7.36442 7.61093 6.33297C8.64238 5.30152 10.0413 4.72206 11.5 4.72206C12.9587 4.72206 14.3577 5.30152 15.3891 6.33297C16.4206 7.36442 17 8.76337 17 10.2221C17 11.6807 16.4206 13.0797 15.3891 14.1111C14.3577 15.1426 12.9587 15.7221 11.5 15.7221C10.0413 15.7221 8.64238 15.1426 7.61093 14.1111C6.57948 13.0797 6.00002 11.6807 6.00002 10.2221ZM11.5 7.77762C11.5 9.12588 10.4038 10.2221 9.05558 10.2221C8.7844 10.2221 8.52467 10.1762 8.28023 10.096C8.07016 10.0273 7.82572 10.1571 7.83336 10.3787C7.84481 10.6422 7.88301 10.9057 7.95558 11.1693C8.47884 13.1248 10.4917 14.2859 12.4472 13.7627C14.4028 13.2394 15.5639 11.2266 15.0406 9.27102C14.6167 7.68595 13.215 6.62032 11.6566 6.55539C11.4351 6.54775 11.3052 6.78838 11.374 7.00227C11.4542 7.24671 11.5 7.50643 11.5 7.77762Z\" fill=\"white\"\/>\r\n                                        <\/g>\r\n                                        <defs>\r\n                                        <clipPath id=\"clip0_436_7951\">\r\n                                        <rect width=\"22\" height=\"19.5556\" fill=\"white\" transform=\"translate(0.5 0.444336)\"\/>\r\n                                        <\/clipPath>\r\n                                        <\/defs>\r\n                                    <\/svg>\r\n                                <\/div>\r\n                                                                        <\/div>\r\n                                                                <div class=\"session session-mobile color-1\" session_id=\"6348\" room=\"935\" date=\"2024-03-08\" type=\"\" area=\"\">\r\n                        <div class=\"date body-3\">\r\n                            16:45 - 17:45                        <\/div>\r\n                        <div class=\"title body-2 medium\">\r\n                            Conferencia plenaria. Neuroanatom\u00eda de los Circuitos Cerebrales asociados al Lenguaje: Abordaje desde la Neuroimagen. Nikos Makris                        <\/div>\r\n                                                        <div class=\"eye\">\r\n                                    <svg width=\"23\" height=\"20\" viewBox=\"0 0 23 20\" fill=\"none\" xmlns=\"http:\/\/www.w3.org\/2000\/svg\">\r\n                                        <g clip-path=\"url(#clip0_436_7951)\">\r\n                                        <path d=\"M11.5 1.6665C8.41391 1.6665 5.94273 3.07206 4.14377 4.74498C2.35627 6.40262 1.16079 8.38873 0.595508 9.75227C0.469466 10.054 0.469466 10.3901 0.595508 10.6919C1.16079 12.0554 2.35627 14.0415 4.14377 15.6991C5.94273 17.3721 8.41391 18.7776 11.5 18.7776C14.5861 18.7776 17.0573 17.3721 18.8563 15.6991C20.6438 14.0377 21.8393 12.0554 22.4084 10.6919C22.5344 10.3901 22.5344 10.054 22.4084 9.75227C21.8393 8.38873 20.6438 6.40262 18.8563 4.74498C17.0573 3.07206 14.5861 1.6665 11.5 1.6665ZM6.00002 10.2221C6.00002 8.76337 6.57948 7.36442 7.61093 6.33297C8.64238 5.30152 10.0413 4.72206 11.5 4.72206C12.9587 4.72206 14.3577 5.30152 15.3891 6.33297C16.4206 7.36442 17 8.76337 17 10.2221C17 11.6807 16.4206 13.0797 15.3891 14.1111C14.3577 15.1426 12.9587 15.7221 11.5 15.7221C10.0413 15.7221 8.64238 15.1426 7.61093 14.1111C6.57948 13.0797 6.00002 11.6807 6.00002 10.2221ZM11.5 7.77762C11.5 9.12588 10.4038 10.2221 9.05558 10.2221C8.7844 10.2221 8.52467 10.1762 8.28023 10.096C8.07016 10.0273 7.82572 10.1571 7.83336 10.3787C7.84481 10.6422 7.88301 10.9057 7.95558 11.1693C8.47884 13.1248 10.4917 14.2859 12.4472 13.7627C14.4028 13.2394 15.5639 11.2266 15.0406 9.27102C14.6167 7.68595 13.215 6.62032 11.6566 6.55539C11.4351 6.54775 11.3052 6.78838 11.374 7.00227C11.4542 7.24671 11.5 7.50643 11.5 7.77762Z\" fill=\"white\"\/>\r\n                                        <\/g>\r\n                                        <defs>\r\n                                        <clipPath id=\"clip0_436_7951\">\r\n                                        <rect width=\"22\" height=\"19.5556\" fill=\"white\" transform=\"translate(0.5 0.444336)\"\/>\r\n                                        <\/clipPath>\r\n                                        <\/defs>\r\n                                    <\/svg>\r\n                                <\/div>\r\n                                                                        <\/div>\r\n                                                                <div class=\"session session-mobile stop\" session_id=\"6606\" room=\"\" date=\"2024-03-08\" type=\"\" area=\"\">\r\n                        <div class=\"date body-3\">\r\n                            17:45 - 18:15                        <\/div>\r\n                        <div class=\"title body-2 medium\">\r\n                            Pausa caf\u00e9                        <\/div>\r\n                                                                    <\/div>\r\n                                                                <div class=\"session session-mobile color-1\" session_id=\"6559\" room=\"935\" date=\"2024-03-08\" type=\"\" area=\"\">\r\n                        <div class=\"date body-3\">\r\n                            18:15 - 19:30                        <\/div>\r\n                        <div class=\"title body-2 medium\">\r\n                            Mesa 5. Diagn\u00f3stico y Tratamiento de la alteraci\u00f3n de los procesos ling\u00fc\u00edsticos                        <\/div>\r\n                                                        <div class=\"eye\">\r\n                                    <svg width=\"23\" height=\"20\" viewBox=\"0 0 23 20\" fill=\"none\" xmlns=\"http:\/\/www.w3.org\/2000\/svg\">\r\n                                        <g clip-path=\"url(#clip0_436_7951)\">\r\n                                        <path d=\"M11.5 1.6665C8.41391 1.6665 5.94273 3.07206 4.14377 4.74498C2.35627 6.40262 1.16079 8.38873 0.595508 9.75227C0.469466 10.054 0.469466 10.3901 0.595508 10.6919C1.16079 12.0554 2.35627 14.0415 4.14377 15.6991C5.94273 17.3721 8.41391 18.7776 11.5 18.7776C14.5861 18.7776 17.0573 17.3721 18.8563 15.6991C20.6438 14.0377 21.8393 12.0554 22.4084 10.6919C22.5344 10.3901 22.5344 10.054 22.4084 9.75227C21.8393 8.38873 20.6438 6.40262 18.8563 4.74498C17.0573 3.07206 14.5861 1.6665 11.5 1.6665ZM6.00002 10.2221C6.00002 8.76337 6.57948 7.36442 7.61093 6.33297C8.64238 5.30152 10.0413 4.72206 11.5 4.72206C12.9587 4.72206 14.3577 5.30152 15.3891 6.33297C16.4206 7.36442 17 8.76337 17 10.2221C17 11.6807 16.4206 13.0797 15.3891 14.1111C14.3577 15.1426 12.9587 15.7221 11.5 15.7221C10.0413 15.7221 8.64238 15.1426 7.61093 14.1111C6.57948 13.0797 6.00002 11.6807 6.00002 10.2221ZM11.5 7.77762C11.5 9.12588 10.4038 10.2221 9.05558 10.2221C8.7844 10.2221 8.52467 10.1762 8.28023 10.096C8.07016 10.0273 7.82572 10.1571 7.83336 10.3787C7.84481 10.6422 7.88301 10.9057 7.95558 11.1693C8.47884 13.1248 10.4917 14.2859 12.4472 13.7627C14.4028 13.2394 15.5639 11.2266 15.0406 9.27102C14.6167 7.68595 13.215 6.62032 11.6566 6.55539C11.4351 6.54775 11.3052 6.78838 11.374 7.00227C11.4542 7.24671 11.5 7.50643 11.5 7.77762Z\" fill=\"white\"\/>\r\n                                        <\/g>\r\n                                        <defs>\r\n                                        <clipPath id=\"clip0_436_7951\">\r\n                                        <rect width=\"22\" height=\"19.5556\" fill=\"white\" transform=\"translate(0.5 0.444336)\"\/>\r\n                                        <\/clipPath>\r\n                                        <\/defs>\r\n                                    <\/svg>\r\n                                <\/div>\r\n                                                                        <\/div>\r\n                                                                <div class=\"session session-mobile color-1\" session_id=\"6615\" room=\"936\" date=\"2024-03-08\" type=\"\" area=\"\">\r\n                        <div class=\"date body-3\">\r\n                            18:15 - 19:30                        <\/div>\r\n                        <div class=\"title body-2 medium\">\r\n                            Mesa 6. Estudio de las alteraciones del sue\u00f1o en los trastornos del neurodesarrollo m\u00e1s prevalentes en edad infantojuvenil                        <\/div>\r\n                                                        <div class=\"eye\">\r\n                                    <svg width=\"23\" height=\"20\" viewBox=\"0 0 23 20\" fill=\"none\" xmlns=\"http:\/\/www.w3.org\/2000\/svg\">\r\n                                        <g clip-path=\"url(#clip0_436_7951)\">\r\n                                        <path d=\"M11.5 1.6665C8.41391 1.6665 5.94273 3.07206 4.14377 4.74498C2.35627 6.40262 1.16079 8.38873 0.595508 9.75227C0.469466 10.054 0.469466 10.3901 0.595508 10.6919C1.16079 12.0554 2.35627 14.0415 4.14377 15.6991C5.94273 17.3721 8.41391 18.7776 11.5 18.7776C14.5861 18.7776 17.0573 17.3721 18.8563 15.6991C20.6438 14.0377 21.8393 12.0554 22.4084 10.6919C22.5344 10.3901 22.5344 10.054 22.4084 9.75227C21.8393 8.38873 20.6438 6.40262 18.8563 4.74498C17.0573 3.07206 14.5861 1.6665 11.5 1.6665ZM6.00002 10.2221C6.00002 8.76337 6.57948 7.36442 7.61093 6.33297C8.64238 5.30152 10.0413 4.72206 11.5 4.72206C12.9587 4.72206 14.3577 5.30152 15.3891 6.33297C16.4206 7.36442 17 8.76337 17 10.2221C17 11.6807 16.4206 13.0797 15.3891 14.1111C14.3577 15.1426 12.9587 15.7221 11.5 15.7221C10.0413 15.7221 8.64238 15.1426 7.61093 14.1111C6.57948 13.0797 6.00002 11.6807 6.00002 10.2221ZM11.5 7.77762C11.5 9.12588 10.4038 10.2221 9.05558 10.2221C8.7844 10.2221 8.52467 10.1762 8.28023 10.096C8.07016 10.0273 7.82572 10.1571 7.83336 10.3787C7.84481 10.6422 7.88301 10.9057 7.95558 11.1693C8.47884 13.1248 10.4917 14.2859 12.4472 13.7627C14.4028 13.2394 15.5639 11.2266 15.0406 9.27102C14.6167 7.68595 13.215 6.62032 11.6566 6.55539C11.4351 6.54775 11.3052 6.78838 11.374 7.00227C11.4542 7.24671 11.5 7.50643 11.5 7.77762Z\" fill=\"white\"\/>\r\n                                        <\/g>\r\n                                        <defs>\r\n                                        <clipPath id=\"clip0_436_7951\">\r\n                                        <rect width=\"22\" height=\"19.5556\" fill=\"white\" transform=\"translate(0.5 0.444336)\"\/>\r\n                                        <\/clipPath>\r\n                                        <\/defs>\r\n                                    <\/svg>\r\n                                <\/div>\r\n                                                                        <\/div>\r\n                                                                <div class=\"session session-mobile color-1\" session_id=\"6607\" room=\"935\" date=\"2024-03-08\" type=\"\" area=\"\">\r\n                        <div class=\"date body-3\">\r\n                            19:30 - 20:30                        <\/div>\r\n                        <div class=\"title body-2 medium\">\r\n                            Asamblea General de FANPSE                        <\/div>\r\n                                                                    <\/div>\r\n                                                                <div class=\"session session-mobile color-1\" session_id=\"6931\" room=\"1008\" date=\"2024-03-09\" type=\"\" area=\"\">\r\n                        <div class=\"date body-3\">\r\n                            09:00 - 10:30                        <\/div>\r\n                        <div class=\"title body-2 medium\">\r\n                            Comunicaciones orales IX                        <\/div>\r\n                                                        <div class=\"eye\">\r\n                                    <svg width=\"23\" height=\"20\" viewBox=\"0 0 23 20\" fill=\"none\" xmlns=\"http:\/\/www.w3.org\/2000\/svg\">\r\n                                        <g clip-path=\"url(#clip0_436_7951)\">\r\n                                        <path d=\"M11.5 1.6665C8.41391 1.6665 5.94273 3.07206 4.14377 4.74498C2.35627 6.40262 1.16079 8.38873 0.595508 9.75227C0.469466 10.054 0.469466 10.3901 0.595508 10.6919C1.16079 12.0554 2.35627 14.0415 4.14377 15.6991C5.94273 17.3721 8.41391 18.7776 11.5 18.7776C14.5861 18.7776 17.0573 17.3721 18.8563 15.6991C20.6438 14.0377 21.8393 12.0554 22.4084 10.6919C22.5344 10.3901 22.5344 10.054 22.4084 9.75227C21.8393 8.38873 20.6438 6.40262 18.8563 4.74498C17.0573 3.07206 14.5861 1.6665 11.5 1.6665ZM6.00002 10.2221C6.00002 8.76337 6.57948 7.36442 7.61093 6.33297C8.64238 5.30152 10.0413 4.72206 11.5 4.72206C12.9587 4.72206 14.3577 5.30152 15.3891 6.33297C16.4206 7.36442 17 8.76337 17 10.2221C17 11.6807 16.4206 13.0797 15.3891 14.1111C14.3577 15.1426 12.9587 15.7221 11.5 15.7221C10.0413 15.7221 8.64238 15.1426 7.61093 14.1111C6.57948 13.0797 6.00002 11.6807 6.00002 10.2221ZM11.5 7.77762C11.5 9.12588 10.4038 10.2221 9.05558 10.2221C8.7844 10.2221 8.52467 10.1762 8.28023 10.096C8.07016 10.0273 7.82572 10.1571 7.83336 10.3787C7.84481 10.6422 7.88301 10.9057 7.95558 11.1693C8.47884 13.1248 10.4917 14.2859 12.4472 13.7627C14.4028 13.2394 15.5639 11.2266 15.0406 9.27102C14.6167 7.68595 13.215 6.62032 11.6566 6.55539C11.4351 6.54775 11.3052 6.78838 11.374 7.00227C11.4542 7.24671 11.5 7.50643 11.5 7.77762Z\" fill=\"white\"\/>\r\n                                        <\/g>\r\n                                        <defs>\r\n                                        <clipPath id=\"clip0_436_7951\">\r\n                                        <rect width=\"22\" height=\"19.5556\" fill=\"white\" transform=\"translate(0.5 0.444336)\"\/>\r\n                                        <\/clipPath>\r\n                                        <\/defs>\r\n                                    <\/svg>\r\n                                <\/div>\r\n                                                                        <\/div>\r\n                                                                <div class=\"session session-mobile color-1\" session_id=\"6927\" room=\"935\" date=\"2024-03-09\" type=\"\" area=\"\">\r\n                        <div class=\"date body-3\">\r\n                            09:00 - 10:30                        <\/div>\r\n                        <div class=\"title body-2 medium\">\r\n                            Comunicaciones orales V                        <\/div>\r\n                                                        <div class=\"eye\">\r\n                                    <svg width=\"23\" height=\"20\" viewBox=\"0 0 23 20\" fill=\"none\" xmlns=\"http:\/\/www.w3.org\/2000\/svg\">\r\n                                        <g clip-path=\"url(#clip0_436_7951)\">\r\n                                        <path d=\"M11.5 1.6665C8.41391 1.6665 5.94273 3.07206 4.14377 4.74498C2.35627 6.40262 1.16079 8.38873 0.595508 9.75227C0.469466 10.054 0.469466 10.3901 0.595508 10.6919C1.16079 12.0554 2.35627 14.0415 4.14377 15.6991C5.94273 17.3721 8.41391 18.7776 11.5 18.7776C14.5861 18.7776 17.0573 17.3721 18.8563 15.6991C20.6438 14.0377 21.8393 12.0554 22.4084 10.6919C22.5344 10.3901 22.5344 10.054 22.4084 9.75227C21.8393 8.38873 20.6438 6.40262 18.8563 4.74498C17.0573 3.07206 14.5861 1.6665 11.5 1.6665ZM6.00002 10.2221C6.00002 8.76337 6.57948 7.36442 7.61093 6.33297C8.64238 5.30152 10.0413 4.72206 11.5 4.72206C12.9587 4.72206 14.3577 5.30152 15.3891 6.33297C16.4206 7.36442 17 8.76337 17 10.2221C17 11.6807 16.4206 13.0797 15.3891 14.1111C14.3577 15.1426 12.9587 15.7221 11.5 15.7221C10.0413 15.7221 8.64238 15.1426 7.61093 14.1111C6.57948 13.0797 6.00002 11.6807 6.00002 10.2221ZM11.5 7.77762C11.5 9.12588 10.4038 10.2221 9.05558 10.2221C8.7844 10.2221 8.52467 10.1762 8.28023 10.096C8.07016 10.0273 7.82572 10.1571 7.83336 10.3787C7.84481 10.6422 7.88301 10.9057 7.95558 11.1693C8.47884 13.1248 10.4917 14.2859 12.4472 13.7627C14.4028 13.2394 15.5639 11.2266 15.0406 9.27102C14.6167 7.68595 13.215 6.62032 11.6566 6.55539C11.4351 6.54775 11.3052 6.78838 11.374 7.00227C11.4542 7.24671 11.5 7.50643 11.5 7.77762Z\" fill=\"white\"\/>\r\n                                        <\/g>\r\n                                        <defs>\r\n                                        <clipPath id=\"clip0_436_7951\">\r\n                                        <rect width=\"22\" height=\"19.5556\" fill=\"white\" transform=\"translate(0.5 0.444336)\"\/>\r\n                                        <\/clipPath>\r\n                                        <\/defs>\r\n                                    <\/svg>\r\n                                <\/div>\r\n                                                                        <\/div>\r\n                                                                <div class=\"session session-mobile color-1\" session_id=\"6928\" room=\"936\" date=\"2024-03-09\" type=\"\" area=\"\">\r\n                        <div class=\"date body-3\">\r\n                            09:00 - 10:30                        <\/div>\r\n                        <div class=\"title body-2 medium\">\r\n                            Comunicaciones orales VI                        <\/div>\r\n                                                        <div class=\"eye\">\r\n                                    <svg width=\"23\" height=\"20\" viewBox=\"0 0 23 20\" fill=\"none\" xmlns=\"http:\/\/www.w3.org\/2000\/svg\">\r\n                                        <g clip-path=\"url(#clip0_436_7951)\">\r\n                                        <path d=\"M11.5 1.6665C8.41391 1.6665 5.94273 3.07206 4.14377 4.74498C2.35627 6.40262 1.16079 8.38873 0.595508 9.75227C0.469466 10.054 0.469466 10.3901 0.595508 10.6919C1.16079 12.0554 2.35627 14.0415 4.14377 15.6991C5.94273 17.3721 8.41391 18.7776 11.5 18.7776C14.5861 18.7776 17.0573 17.3721 18.8563 15.6991C20.6438 14.0377 21.8393 12.0554 22.4084 10.6919C22.5344 10.3901 22.5344 10.054 22.4084 9.75227C21.8393 8.38873 20.6438 6.40262 18.8563 4.74498C17.0573 3.07206 14.5861 1.6665 11.5 1.6665ZM6.00002 10.2221C6.00002 8.76337 6.57948 7.36442 7.61093 6.33297C8.64238 5.30152 10.0413 4.72206 11.5 4.72206C12.9587 4.72206 14.3577 5.30152 15.3891 6.33297C16.4206 7.36442 17 8.76337 17 10.2221C17 11.6807 16.4206 13.0797 15.3891 14.1111C14.3577 15.1426 12.9587 15.7221 11.5 15.7221C10.0413 15.7221 8.64238 15.1426 7.61093 14.1111C6.57948 13.0797 6.00002 11.6807 6.00002 10.2221ZM11.5 7.77762C11.5 9.12588 10.4038 10.2221 9.05558 10.2221C8.7844 10.2221 8.52467 10.1762 8.28023 10.096C8.07016 10.0273 7.82572 10.1571 7.83336 10.3787C7.84481 10.6422 7.88301 10.9057 7.95558 11.1693C8.47884 13.1248 10.4917 14.2859 12.4472 13.7627C14.4028 13.2394 15.5639 11.2266 15.0406 9.27102C14.6167 7.68595 13.215 6.62032 11.6566 6.55539C11.4351 6.54775 11.3052 6.78838 11.374 7.00227C11.4542 7.24671 11.5 7.50643 11.5 7.77762Z\" fill=\"white\"\/>\r\n                                        <\/g>\r\n                                        <defs>\r\n                                        <clipPath id=\"clip0_436_7951\">\r\n                                        <rect width=\"22\" height=\"19.5556\" fill=\"white\" transform=\"translate(0.5 0.444336)\"\/>\r\n                                        <\/clipPath>\r\n                                        <\/defs>\r\n                                    <\/svg>\r\n                                <\/div>\r\n                                                                        <\/div>\r\n                                                                <div class=\"session session-mobile color-1\" session_id=\"6929\" room=\"966\" date=\"2024-03-09\" type=\"\" area=\"\">\r\n                        <div class=\"date body-3\">\r\n                            09:00 - 10:30                        <\/div>\r\n                        <div class=\"title body-2 medium\">\r\n                            Comunicaciones orales VII                        <\/div>\r\n                                                        <div class=\"eye\">\r\n                                    <svg width=\"23\" height=\"20\" viewBox=\"0 0 23 20\" fill=\"none\" xmlns=\"http:\/\/www.w3.org\/2000\/svg\">\r\n                                        <g clip-path=\"url(#clip0_436_7951)\">\r\n                                        <path d=\"M11.5 1.6665C8.41391 1.6665 5.94273 3.07206 4.14377 4.74498C2.35627 6.40262 1.16079 8.38873 0.595508 9.75227C0.469466 10.054 0.469466 10.3901 0.595508 10.6919C1.16079 12.0554 2.35627 14.0415 4.14377 15.6991C5.94273 17.3721 8.41391 18.7776 11.5 18.7776C14.5861 18.7776 17.0573 17.3721 18.8563 15.6991C20.6438 14.0377 21.8393 12.0554 22.4084 10.6919C22.5344 10.3901 22.5344 10.054 22.4084 9.75227C21.8393 8.38873 20.6438 6.40262 18.8563 4.74498C17.0573 3.07206 14.5861 1.6665 11.5 1.6665ZM6.00002 10.2221C6.00002 8.76337 6.57948 7.36442 7.61093 6.33297C8.64238 5.30152 10.0413 4.72206 11.5 4.72206C12.9587 4.72206 14.3577 5.30152 15.3891 6.33297C16.4206 7.36442 17 8.76337 17 10.2221C17 11.6807 16.4206 13.0797 15.3891 14.1111C14.3577 15.1426 12.9587 15.7221 11.5 15.7221C10.0413 15.7221 8.64238 15.1426 7.61093 14.1111C6.57948 13.0797 6.00002 11.6807 6.00002 10.2221ZM11.5 7.77762C11.5 9.12588 10.4038 10.2221 9.05558 10.2221C8.7844 10.2221 8.52467 10.1762 8.28023 10.096C8.07016 10.0273 7.82572 10.1571 7.83336 10.3787C7.84481 10.6422 7.88301 10.9057 7.95558 11.1693C8.47884 13.1248 10.4917 14.2859 12.4472 13.7627C14.4028 13.2394 15.5639 11.2266 15.0406 9.27102C14.6167 7.68595 13.215 6.62032 11.6566 6.55539C11.4351 6.54775 11.3052 6.78838 11.374 7.00227C11.4542 7.24671 11.5 7.50643 11.5 7.77762Z\" fill=\"white\"\/>\r\n                                        <\/g>\r\n                                        <defs>\r\n                                        <clipPath id=\"clip0_436_7951\">\r\n                                        <rect width=\"22\" height=\"19.5556\" fill=\"white\" transform=\"translate(0.5 0.444336)\"\/>\r\n                                        <\/clipPath>\r\n                                        <\/defs>\r\n                                    <\/svg>\r\n                                <\/div>\r\n                                                                        <\/div>\r\n                                                                <div class=\"session session-mobile color-1\" session_id=\"6930\" room=\"1009\" date=\"2024-03-09\" type=\"\" area=\"\">\r\n                        <div class=\"date body-3\">\r\n                            09:00 - 10:30                        <\/div>\r\n                        <div class=\"title body-2 medium\">\r\n                            Comunicaciones orales VIII                        <\/div>\r\n                                                        <div class=\"eye\">\r\n                                    <svg width=\"23\" height=\"20\" viewBox=\"0 0 23 20\" fill=\"none\" xmlns=\"http:\/\/www.w3.org\/2000\/svg\">\r\n                                        <g clip-path=\"url(#clip0_436_7951)\">\r\n                                        <path d=\"M11.5 1.6665C8.41391 1.6665 5.94273 3.07206 4.14377 4.74498C2.35627 6.40262 1.16079 8.38873 0.595508 9.75227C0.469466 10.054 0.469466 10.3901 0.595508 10.6919C1.16079 12.0554 2.35627 14.0415 4.14377 15.6991C5.94273 17.3721 8.41391 18.7776 11.5 18.7776C14.5861 18.7776 17.0573 17.3721 18.8563 15.6991C20.6438 14.0377 21.8393 12.0554 22.4084 10.6919C22.5344 10.3901 22.5344 10.054 22.4084 9.75227C21.8393 8.38873 20.6438 6.40262 18.8563 4.74498C17.0573 3.07206 14.5861 1.6665 11.5 1.6665ZM6.00002 10.2221C6.00002 8.76337 6.57948 7.36442 7.61093 6.33297C8.64238 5.30152 10.0413 4.72206 11.5 4.72206C12.9587 4.72206 14.3577 5.30152 15.3891 6.33297C16.4206 7.36442 17 8.76337 17 10.2221C17 11.6807 16.4206 13.0797 15.3891 14.1111C14.3577 15.1426 12.9587 15.7221 11.5 15.7221C10.0413 15.7221 8.64238 15.1426 7.61093 14.1111C6.57948 13.0797 6.00002 11.6807 6.00002 10.2221ZM11.5 7.77762C11.5 9.12588 10.4038 10.2221 9.05558 10.2221C8.7844 10.2221 8.52467 10.1762 8.28023 10.096C8.07016 10.0273 7.82572 10.1571 7.83336 10.3787C7.84481 10.6422 7.88301 10.9057 7.95558 11.1693C8.47884 13.1248 10.4917 14.2859 12.4472 13.7627C14.4028 13.2394 15.5639 11.2266 15.0406 9.27102C14.6167 7.68595 13.215 6.62032 11.6566 6.55539C11.4351 6.54775 11.3052 6.78838 11.374 7.00227C11.4542 7.24671 11.5 7.50643 11.5 7.77762Z\" fill=\"white\"\/>\r\n                                        <\/g>\r\n                                        <defs>\r\n                                        <clipPath id=\"clip0_436_7951\">\r\n                                        <rect width=\"22\" height=\"19.5556\" fill=\"white\" transform=\"translate(0.5 0.444336)\"\/>\r\n                                        <\/clipPath>\r\n                                        <\/defs>\r\n                                    <\/svg>\r\n                                <\/div>\r\n                                                                        <\/div>\r\n                                                                <div class=\"session session-mobile color-1\" session_id=\"6857\" room=\"935\" date=\"2024-03-09\" type=\"\" area=\"\">\r\n                        <div class=\"date body-3\">\r\n                            10:30 - 11:30                        <\/div>\r\n                        <div class=\"title body-2 medium\">\r\n                            Conferencia patrocinada por NeuronUP: Conectividad cerebral, ciencia de datos y Neuropsicolog\u00eda                        <\/div>\r\n                                                        <div class=\"eye\">\r\n                                    <svg width=\"23\" height=\"20\" viewBox=\"0 0 23 20\" fill=\"none\" xmlns=\"http:\/\/www.w3.org\/2000\/svg\">\r\n                                        <g clip-path=\"url(#clip0_436_7951)\">\r\n                                        <path d=\"M11.5 1.6665C8.41391 1.6665 5.94273 3.07206 4.14377 4.74498C2.35627 6.40262 1.16079 8.38873 0.595508 9.75227C0.469466 10.054 0.469466 10.3901 0.595508 10.6919C1.16079 12.0554 2.35627 14.0415 4.14377 15.6991C5.94273 17.3721 8.41391 18.7776 11.5 18.7776C14.5861 18.7776 17.0573 17.3721 18.8563 15.6991C20.6438 14.0377 21.8393 12.0554 22.4084 10.6919C22.5344 10.3901 22.5344 10.054 22.4084 9.75227C21.8393 8.38873 20.6438 6.40262 18.8563 4.74498C17.0573 3.07206 14.5861 1.6665 11.5 1.6665ZM6.00002 10.2221C6.00002 8.76337 6.57948 7.36442 7.61093 6.33297C8.64238 5.30152 10.0413 4.72206 11.5 4.72206C12.9587 4.72206 14.3577 5.30152 15.3891 6.33297C16.4206 7.36442 17 8.76337 17 10.2221C17 11.6807 16.4206 13.0797 15.3891 14.1111C14.3577 15.1426 12.9587 15.7221 11.5 15.7221C10.0413 15.7221 8.64238 15.1426 7.61093 14.1111C6.57948 13.0797 6.00002 11.6807 6.00002 10.2221ZM11.5 7.77762C11.5 9.12588 10.4038 10.2221 9.05558 10.2221C8.7844 10.2221 8.52467 10.1762 8.28023 10.096C8.07016 10.0273 7.82572 10.1571 7.83336 10.3787C7.84481 10.6422 7.88301 10.9057 7.95558 11.1693C8.47884 13.1248 10.4917 14.2859 12.4472 13.7627C14.4028 13.2394 15.5639 11.2266 15.0406 9.27102C14.6167 7.68595 13.215 6.62032 11.6566 6.55539C11.4351 6.54775 11.3052 6.78838 11.374 7.00227C11.4542 7.24671 11.5 7.50643 11.5 7.77762Z\" fill=\"white\"\/>\r\n                                        <\/g>\r\n                                        <defs>\r\n                                        <clipPath id=\"clip0_436_7951\">\r\n                                        <rect width=\"22\" height=\"19.5556\" fill=\"white\" transform=\"translate(0.5 0.444336)\"\/>\r\n                                        <\/clipPath>\r\n                                        <\/defs>\r\n                                    <\/svg>\r\n                                <\/div>\r\n                                                                        <\/div>\r\n                                                                <div class=\"session session-mobile stop\" session_id=\"6610\" room=\"\" date=\"2024-03-09\" type=\"\" area=\"\">\r\n                        <div class=\"date body-3\">\r\n                            11:30 - 12:00                        <\/div>\r\n                        <div class=\"title body-2 medium\">\r\n                            Pausa caf\u00e9                        <\/div>\r\n                                                                    <\/div>\r\n                                                                <div class=\"session session-mobile color-1\" session_id=\"6560\" room=\"935\" date=\"2024-03-09\" type=\"\" area=\"\">\r\n                        <div class=\"date body-3\">\r\n                            12:00 - 13:15                        <\/div>\r\n                        <div class=\"title body-2 medium\">\r\n                            Mesa 7. Homenaje al legado cient\u00edfico y humano de Marisa Arnedo Montoro y M\u00f3nica Trivi\u00f1o Mosquera                        <\/div>\r\n                                                        <div class=\"eye\">\r\n                                    <svg width=\"23\" height=\"20\" viewBox=\"0 0 23 20\" fill=\"none\" xmlns=\"http:\/\/www.w3.org\/2000\/svg\">\r\n                                        <g clip-path=\"url(#clip0_436_7951)\">\r\n                                        <path d=\"M11.5 1.6665C8.41391 1.6665 5.94273 3.07206 4.14377 4.74498C2.35627 6.40262 1.16079 8.38873 0.595508 9.75227C0.469466 10.054 0.469466 10.3901 0.595508 10.6919C1.16079 12.0554 2.35627 14.0415 4.14377 15.6991C5.94273 17.3721 8.41391 18.7776 11.5 18.7776C14.5861 18.7776 17.0573 17.3721 18.8563 15.6991C20.6438 14.0377 21.8393 12.0554 22.4084 10.6919C22.5344 10.3901 22.5344 10.054 22.4084 9.75227C21.8393 8.38873 20.6438 6.40262 18.8563 4.74498C17.0573 3.07206 14.5861 1.6665 11.5 1.6665ZM6.00002 10.2221C6.00002 8.76337 6.57948 7.36442 7.61093 6.33297C8.64238 5.30152 10.0413 4.72206 11.5 4.72206C12.9587 4.72206 14.3577 5.30152 15.3891 6.33297C16.4206 7.36442 17 8.76337 17 10.2221C17 11.6807 16.4206 13.0797 15.3891 14.1111C14.3577 15.1426 12.9587 15.7221 11.5 15.7221C10.0413 15.7221 8.64238 15.1426 7.61093 14.1111C6.57948 13.0797 6.00002 11.6807 6.00002 10.2221ZM11.5 7.77762C11.5 9.12588 10.4038 10.2221 9.05558 10.2221C8.7844 10.2221 8.52467 10.1762 8.28023 10.096C8.07016 10.0273 7.82572 10.1571 7.83336 10.3787C7.84481 10.6422 7.88301 10.9057 7.95558 11.1693C8.47884 13.1248 10.4917 14.2859 12.4472 13.7627C14.4028 13.2394 15.5639 11.2266 15.0406 9.27102C14.6167 7.68595 13.215 6.62032 11.6566 6.55539C11.4351 6.54775 11.3052 6.78838 11.374 7.00227C11.4542 7.24671 11.5 7.50643 11.5 7.77762Z\" fill=\"white\"\/>\r\n                                        <\/g>\r\n                                        <defs>\r\n                                        <clipPath id=\"clip0_436_7951\">\r\n                                        <rect width=\"22\" height=\"19.5556\" fill=\"white\" transform=\"translate(0.5 0.444336)\"\/>\r\n                                        <\/clipPath>\r\n                                        <\/defs>\r\n                                    <\/svg>\r\n                                <\/div>\r\n                                                                        <\/div>\r\n                                                                <div class=\"session session-mobile color-1\" session_id=\"6614\" room=\"936\" date=\"2024-03-09\" type=\"\" area=\"\">\r\n                        <div class=\"date body-3\">\r\n                            12:00 - 13:15                        <\/div>\r\n                        <div class=\"title body-2 medium\">\r\n                            Mesa 8. Detecci\u00f3n precoz y diagn\u00f3stico neuropsicol\u00f3gico de la Enfermedad de Alzheimer: desde la atenci\u00f3n primaria a los contextos especializados                        <\/div>\r\n                                                        <div class=\"eye\">\r\n                                    <svg width=\"23\" height=\"20\" viewBox=\"0 0 23 20\" fill=\"none\" xmlns=\"http:\/\/www.w3.org\/2000\/svg\">\r\n                                        <g clip-path=\"url(#clip0_436_7951)\">\r\n                                        <path d=\"M11.5 1.6665C8.41391 1.6665 5.94273 3.07206 4.14377 4.74498C2.35627 6.40262 1.16079 8.38873 0.595508 9.75227C0.469466 10.054 0.469466 10.3901 0.595508 10.6919C1.16079 12.0554 2.35627 14.0415 4.14377 15.6991C5.94273 17.3721 8.41391 18.7776 11.5 18.7776C14.5861 18.7776 17.0573 17.3721 18.8563 15.6991C20.6438 14.0377 21.8393 12.0554 22.4084 10.6919C22.5344 10.3901 22.5344 10.054 22.4084 9.75227C21.8393 8.38873 20.6438 6.40262 18.8563 4.74498C17.0573 3.07206 14.5861 1.6665 11.5 1.6665ZM6.00002 10.2221C6.00002 8.76337 6.57948 7.36442 7.61093 6.33297C8.64238 5.30152 10.0413 4.72206 11.5 4.72206C12.9587 4.72206 14.3577 5.30152 15.3891 6.33297C16.4206 7.36442 17 8.76337 17 10.2221C17 11.6807 16.4206 13.0797 15.3891 14.1111C14.3577 15.1426 12.9587 15.7221 11.5 15.7221C10.0413 15.7221 8.64238 15.1426 7.61093 14.1111C6.57948 13.0797 6.00002 11.6807 6.00002 10.2221ZM11.5 7.77762C11.5 9.12588 10.4038 10.2221 9.05558 10.2221C8.7844 10.2221 8.52467 10.1762 8.28023 10.096C8.07016 10.0273 7.82572 10.1571 7.83336 10.3787C7.84481 10.6422 7.88301 10.9057 7.95558 11.1693C8.47884 13.1248 10.4917 14.2859 12.4472 13.7627C14.4028 13.2394 15.5639 11.2266 15.0406 9.27102C14.6167 7.68595 13.215 6.62032 11.6566 6.55539C11.4351 6.54775 11.3052 6.78838 11.374 7.00227C11.4542 7.24671 11.5 7.50643 11.5 7.77762Z\" fill=\"white\"\/>\r\n                                        <\/g>\r\n                                        <defs>\r\n                                        <clipPath id=\"clip0_436_7951\">\r\n                                        <rect width=\"22\" height=\"19.5556\" fill=\"white\" transform=\"translate(0.5 0.444336)\"\/>\r\n                                        <\/clipPath>\r\n                                        <\/defs>\r\n                                    <\/svg>\r\n                                <\/div>\r\n                                                                        <\/div>\r\n                                                                <div class=\"session session-mobile color-1\" session_id=\"6347\" room=\"935\" date=\"2024-03-09\" type=\"\" area=\"\">\r\n                        <div class=\"date body-3\">\r\n                            13:15 - 14:15                        <\/div>\r\n                        <div class=\"title body-2 medium\">\r\n                            Conferencia de Clausura. Expandiendo las fronteras de la Neuropsicolog\u00eda Cl\u00ednica: el proyecto BELIEVE                        <\/div>\r\n                                                        <div class=\"eye\">\r\n                                    <svg width=\"23\" height=\"20\" viewBox=\"0 0 23 20\" fill=\"none\" xmlns=\"http:\/\/www.w3.org\/2000\/svg\">\r\n                                        <g clip-path=\"url(#clip0_436_7951)\">\r\n                                        <path d=\"M11.5 1.6665C8.41391 1.6665 5.94273 3.07206 4.14377 4.74498C2.35627 6.40262 1.16079 8.38873 0.595508 9.75227C0.469466 10.054 0.469466 10.3901 0.595508 10.6919C1.16079 12.0554 2.35627 14.0415 4.14377 15.6991C5.94273 17.3721 8.41391 18.7776 11.5 18.7776C14.5861 18.7776 17.0573 17.3721 18.8563 15.6991C20.6438 14.0377 21.8393 12.0554 22.4084 10.6919C22.5344 10.3901 22.5344 10.054 22.4084 9.75227C21.8393 8.38873 20.6438 6.40262 18.8563 4.74498C17.0573 3.07206 14.5861 1.6665 11.5 1.6665ZM6.00002 10.2221C6.00002 8.76337 6.57948 7.36442 7.61093 6.33297C8.64238 5.30152 10.0413 4.72206 11.5 4.72206C12.9587 4.72206 14.3577 5.30152 15.3891 6.33297C16.4206 7.36442 17 8.76337 17 10.2221C17 11.6807 16.4206 13.0797 15.3891 14.1111C14.3577 15.1426 12.9587 15.7221 11.5 15.7221C10.0413 15.7221 8.64238 15.1426 7.61093 14.1111C6.57948 13.0797 6.00002 11.6807 6.00002 10.2221ZM11.5 7.77762C11.5 9.12588 10.4038 10.2221 9.05558 10.2221C8.7844 10.2221 8.52467 10.1762 8.28023 10.096C8.07016 10.0273 7.82572 10.1571 7.83336 10.3787C7.84481 10.6422 7.88301 10.9057 7.95558 11.1693C8.47884 13.1248 10.4917 14.2859 12.4472 13.7627C14.4028 13.2394 15.5639 11.2266 15.0406 9.27102C14.6167 7.68595 13.215 6.62032 11.6566 6.55539C11.4351 6.54775 11.3052 6.78838 11.374 7.00227C11.4542 7.24671 11.5 7.50643 11.5 7.77762Z\" fill=\"white\"\/>\r\n                                        <\/g>\r\n                                        <defs>\r\n                                        <clipPath id=\"clip0_436_7951\">\r\n                                        <rect width=\"22\" height=\"19.5556\" fill=\"white\" transform=\"translate(0.5 0.444336)\"\/>\r\n                                        <\/clipPath>\r\n                                        <\/defs>\r\n                                    <\/svg>\r\n                                <\/div>\r\n                                                                        <\/div>\r\n                                                                <div class=\"session session-mobile color-1\" session_id=\"6611\" room=\"935\" date=\"2024-03-09\" type=\"\" area=\"\">\r\n                        <div class=\"date body-3\">\r\n                            14:15 - 14:30                        <\/div>\r\n                        <div class=\"title body-2 medium\">\r\n                            Acto de clausura y Entrega de Premios                        <\/div>\r\n                                                        <div class=\"eye\">\r\n                                    <svg width=\"23\" height=\"20\" viewBox=\"0 0 23 20\" fill=\"none\" xmlns=\"http:\/\/www.w3.org\/2000\/svg\">\r\n                                        <g clip-path=\"url(#clip0_436_7951)\">\r\n                                        <path d=\"M11.5 1.6665C8.41391 1.6665 5.94273 3.07206 4.14377 4.74498C2.35627 6.40262 1.16079 8.38873 0.595508 9.75227C0.469466 10.054 0.469466 10.3901 0.595508 10.6919C1.16079 12.0554 2.35627 14.0415 4.14377 15.6991C5.94273 17.3721 8.41391 18.7776 11.5 18.7776C14.5861 18.7776 17.0573 17.3721 18.8563 15.6991C20.6438 14.0377 21.8393 12.0554 22.4084 10.6919C22.5344 10.3901 22.5344 10.054 22.4084 9.75227C21.8393 8.38873 20.6438 6.40262 18.8563 4.74498C17.0573 3.07206 14.5861 1.6665 11.5 1.6665ZM6.00002 10.2221C6.00002 8.76337 6.57948 7.36442 7.61093 6.33297C8.64238 5.30152 10.0413 4.72206 11.5 4.72206C12.9587 4.72206 14.3577 5.30152 15.3891 6.33297C16.4206 7.36442 17 8.76337 17 10.2221C17 11.6807 16.4206 13.0797 15.3891 14.1111C14.3577 15.1426 12.9587 15.7221 11.5 15.7221C10.0413 15.7221 8.64238 15.1426 7.61093 14.1111C6.57948 13.0797 6.00002 11.6807 6.00002 10.2221ZM11.5 7.77762C11.5 9.12588 10.4038 10.2221 9.05558 10.2221C8.7844 10.2221 8.52467 10.1762 8.28023 10.096C8.07016 10.0273 7.82572 10.1571 7.83336 10.3787C7.84481 10.6422 7.88301 10.9057 7.95558 11.1693C8.47884 13.1248 10.4917 14.2859 12.4472 13.7627C14.4028 13.2394 15.5639 11.2266 15.0406 9.27102C14.6167 7.68595 13.215 6.62032 11.6566 6.55539C11.4351 6.54775 11.3052 6.78838 11.374 7.00227C11.4542 7.24671 11.5 7.50643 11.5 7.77762Z\" fill=\"white\"\/>\r\n                                        <\/g>\r\n                                        <defs>\r\n                                        <clipPath id=\"clip0_436_7951\">\r\n                                        <rect width=\"22\" height=\"19.5556\" fill=\"white\" transform=\"translate(0.5 0.444336)\"\/>\r\n                                        <\/clipPath>\r\n                                        <\/defs>\r\n                                    <\/svg>\r\n                                <\/div>\r\n                                                                        <\/div>\r\n                                    <\/div>\r\n        <div class=\"session-side\" session_id=\"6617\">\r\n    <svg class=\"close\" width=\"40\" height=\"40\" viewBox=\"0 0 40 40\" fill=\"none\" xmlns=\"http:\/\/www.w3.org\/2000\/svg\">\r\n        <path d=\"M0 20C0 8.95431 8.95431 0 20 0C31.0457 0 40 8.95431 40 20C40 31.0457 31.0457 40 20 40C8.95431 40 0 31.0457 0 20Z\" fill=\"white\"\/>\r\n        <path d=\"M28.2361 14.2361C28.9197 13.5525 28.9197 12.4424 28.2361 11.7588C27.5525 11.0752 26.4424 11.0752 25.7588 11.7588L20.0002 17.5229L14.2361 11.7643C13.5525 11.0807 12.4424 11.0807 11.7588 11.7643C11.0752 12.4479 11.0752 13.558 11.7588 14.2416L17.5229 20.0002L11.7643 25.7643C11.0807 26.4479 11.0807 27.558 11.7643 28.2416C12.4479 28.9252 13.558 28.9252 14.2416 28.2416L20.0002 22.4775L25.7643 28.2361C26.4479 28.9197 27.558 28.9197 28.2416 28.2361C28.9252 27.5525 28.9252 26.4424 28.2416 25.7588L22.4775 20.0002L28.2361 14.2361Z\" fill=\"black\"\/>\r\n    <\/svg>\r\n\r\n    <div class=\"session-container\">\r\n                    <div class=\"session-info\">\r\n                                                                    <div class=\"body-2 medium\">\r\n                        TALLER 1. C\u00f3mo utilizar el recurso online \u201cHelp is in Your Hands\u201d para trabajar con familias en la estimulaci\u00f3n temprana de ni\u00f1os\/as diagnosticados de TEA\/autismo                    <\/div>\r\n                                                <div class=\"hour-date-room-container\">\r\n                                        <div class=\"body-2 medium\">7 Mar<\/div>\r\n                                            <div class=\"body-2 medium\">Sala Seminario 1<\/div>\r\n                                                                <div class=\"body-2 medium\">16:00 - 19:00<\/div>\r\n                                    <\/div>\r\n            <\/div>\r\n        \r\n        \r\n            <\/div>\r\n\r\n            <div class=\"talks-container\">\r\n                                                <div class=\"talk\">\r\n                                                    <div class=\"talk-title heading-4\">\r\n                                C\u00f3mo utilizar el recurso online \u201cHelp is in Your Hands\u201d para trabajar con familias en la estimulaci\u00f3n temprana de ni\u00f1os\/as diagnosticados de TEA\/autismo.                            <\/div>\r\n                        \r\n                                                    <div class=\"talk-speakers\">\r\n                                                                                                                                                <div class=\"talk-speaker speaker\" speaker_id=\"103597\">\r\n                                            <div class=\"speaker-content\">\r\n                                                <div class=\"talk-speaker-name body-2 medium\">\r\n                                                    Aritz Aranbarri Paredes                                                <\/div>\r\n                                                <div class=\"talk-speaker-cv body-2\">\r\n                                                                                                                                                                                                                                                                            Facultativo Neuropsic\u00f3logo Cl\u00ednico Infantil e Investigador Principal Adjunto a la UnimTEA, Hospital Sant Joan de D\u00e9u Barcelona.                                                                                                                                                                Hospital Sant Joan de D\u00e9u Barcelona - Unidad multidisciplinar del Trastorno del Espectro del Autismo (UnimTEA)                                                                                                    <\/div>\r\n                                            <\/div>\r\n                                                                                            <div class=\"speaker-thumb\" style=\"background-image: url('https:\/\/bipeek-resources-onsite-prd.s3.amazonaws.com\/37343\/conversions\/Foto-Aritz-perfil.jpg?v=1699604034')\"><\/div>\r\n                                                                                    <\/div>\r\n                                                                                                <\/div>\r\n                        \r\n                        \r\n                                            <\/div>\r\n                                    <\/div>\r\n    <\/div>\r\n<div class=\"session-side\" session_id=\"6733\">\r\n    <svg class=\"close\" width=\"40\" height=\"40\" viewBox=\"0 0 40 40\" fill=\"none\" xmlns=\"http:\/\/www.w3.org\/2000\/svg\">\r\n        <path d=\"M0 20C0 8.95431 8.95431 0 20 0C31.0457 0 40 8.95431 40 20C40 31.0457 31.0457 40 20 40C8.95431 40 0 31.0457 0 20Z\" fill=\"white\"\/>\r\n        <path d=\"M28.2361 14.2361C28.9197 13.5525 28.9197 12.4424 28.2361 11.7588C27.5525 11.0752 26.4424 11.0752 25.7588 11.7588L20.0002 17.5229L14.2361 11.7643C13.5525 11.0807 12.4424 11.0807 11.7588 11.7643C11.0752 12.4479 11.0752 13.558 11.7588 14.2416L17.5229 20.0002L11.7643 25.7643C11.0807 26.4479 11.0807 27.558 11.7643 28.2416C12.4479 28.9252 13.558 28.9252 14.2416 28.2416L20.0002 22.4775L25.7643 28.2361C26.4479 28.9197 27.558 28.9197 28.2416 28.2361C28.9252 27.5525 28.9252 26.4424 28.2416 25.7588L22.4775 20.0002L28.2361 14.2361Z\" fill=\"black\"\/>\r\n    <\/svg>\r\n\r\n    <div class=\"session-container\">\r\n                    <div class=\"session-info\">\r\n                                                                    <div class=\"body-2 medium\">\r\n                        TALLER 2. Diagn\u00f3stico de la simulaci\u00f3n neuropsicol\u00f3gica: procedimientos y casos forenses                    <\/div>\r\n                                                <div class=\"hour-date-room-container\">\r\n                                        <div class=\"body-2 medium\">7 Mar<\/div>\r\n                                            <div class=\"body-2 medium\">Sala Seminario 2<\/div>\r\n                                                                <div class=\"body-2 medium\">16:00 - 19:00<\/div>\r\n                                    <\/div>\r\n            <\/div>\r\n        \r\n        \r\n            <\/div>\r\n\r\n            <div class=\"talks-container\">\r\n                                                <div class=\"talk\">\r\n                                                    <div class=\"talk-title heading-4\">\r\n                                Diagn\u00f3stico de la simulaci\u00f3n neuropsicol\u00f3gica: procedimientos y casos forenses                            <\/div>\r\n                        \r\n                                                    <div class=\"talk-speakers\">\r\n                                                                                                                                                <div class=\"talk-speaker speaker\" speaker_id=\"114676\">\r\n                                            <div class=\"speaker-content\">\r\n                                                <div class=\"talk-speaker-name body-2 medium\">\r\n                                                    \u00d3scar Pino                                                <\/div>\r\n                                                <div class=\"talk-speaker-cv body-2\">\r\n                                                                                                                                                                                                                                                                            Coordinador del Centro del CAS. L\u00b4Hospitalet del Llobregat, Barcelona. Espa\u00f1a                                                                                                                                                        <\/div>\r\n                                            <\/div>\r\n                                                                                            <div class=\"speaker-thumb\" style=\"background-image: url('https:\/\/bipeek-resources-onsite-prd.s3.amazonaws.com\/41693\/conversions\/FotoOscarPino-%281%29-perfil.jpg?v=1710161106')\"><\/div>\r\n                                                                                    <\/div>\r\n                                                                                                                                                                                    <div class=\"talk-speaker speaker\" speaker_id=\"99768\">\r\n                                            <div class=\"speaker-content\">\r\n                                                <div class=\"talk-speaker-name body-2 medium\">\r\n                                                    Miguel P\u00e9rez Garc\u00eda                                                <\/div>\r\n                                                <div class=\"talk-speaker-cv body-2\">\r\n                                                                                                                                                                                                                                                                            Catedr\u00e1tico de Neuropsicolog\u00eda Cl\u00ednica de la Universidad de Granada. Espa\u00f1a                                                                                                                                                        <\/div>\r\n                                            <\/div>\r\n                                                                                            <div class=\"speaker-thumb\" style=\"background-image: url('https:\/\/bipeek-resources-onsite-prd.s3.amazonaws.com\/33658\/conversions\/Miguel-P%C3%A9rez-Garc%C3%ADa-fondo-1.1-perfil.jpg?v=1695283376')\"><\/div>\r\n                                                                                    <\/div>\r\n                                                                                                <\/div>\r\n                        \r\n                        \r\n                                            <\/div>\r\n                                    <\/div>\r\n    <\/div>\r\n<div class=\"session-side\" session_id=\"6601\">\r\n    <svg class=\"close\" width=\"40\" height=\"40\" viewBox=\"0 0 40 40\" fill=\"none\" xmlns=\"http:\/\/www.w3.org\/2000\/svg\">\r\n        <path d=\"M0 20C0 8.95431 8.95431 0 20 0C31.0457 0 40 8.95431 40 20C40 31.0457 31.0457 40 20 40C8.95431 40 0 31.0457 0 20Z\" fill=\"white\"\/>\r\n        <path d=\"M28.2361 14.2361C28.9197 13.5525 28.9197 12.4424 28.2361 11.7588C27.5525 11.0752 26.4424 11.0752 25.7588 11.7588L20.0002 17.5229L14.2361 11.7643C13.5525 11.0807 12.4424 11.0807 11.7588 11.7643C11.0752 12.4479 11.0752 13.558 11.7588 14.2416L17.5229 20.0002L11.7643 25.7643C11.0807 26.4479 11.0807 27.558 11.7643 28.2416C12.4479 28.9252 13.558 28.9252 14.2416 28.2416L20.0002 22.4775L25.7643 28.2361C26.4479 28.9197 27.558 28.9197 28.2416 28.2361C28.9252 27.5525 28.9252 26.4424 28.2416 25.7588L22.4775 20.0002L28.2361 14.2361Z\" fill=\"black\"\/>\r\n    <\/svg>\r\n\r\n    <div class=\"session-container\">\r\n                    <div class=\"session-info\">\r\n                                                                    <div class=\"body-2 medium\">\r\n                        Acto Inaugural                    <\/div>\r\n                                                <div class=\"hour-date-room-container\">\r\n                                        <div class=\"body-2 medium\">8 Mar<\/div>\r\n                                            <div class=\"body-2 medium\">Sala Alb\u00e9niz-Machuca<\/div>\r\n                                                                <div class=\"body-2 medium\">9:00 - 9:30<\/div>\r\n                                    <\/div>\r\n            <\/div>\r\n        \r\n        \r\n            <\/div>\r\n\r\n            <div class=\"talks-container\">\r\n                                                <div class=\"talk\">\r\n                                                    <div class=\"talk-title heading-4\">\r\n                                Acto Inaugural                            <\/div>\r\n                        \r\n                                                    <div class=\"talk-speakers\">\r\n                                                                                                                                                <div class=\"talk-speaker speaker\" speaker_id=\"21184\">\r\n                                            <div class=\"speaker-content\">\r\n                                                <div class=\"talk-speaker-name body-2 medium\">\r\n                                                    Amparo Arrabal Mart\u00edn                                                <\/div>\r\n                                                <div class=\"talk-speaker-cv body-2\">\r\n                                                                                                                                                                                                                                                                            Concejala de Pol\u00edtica Social, Familia, Discapacidad y Mayores del Ayuntamiento de Granada                                                                                                                                                        <\/div>\r\n                                            <\/div>\r\n                                                                                    <\/div>\r\n                                                                                                                                                                                    <div class=\"talk-speaker speaker\" speaker_id=\"21185\">\r\n                                            <div class=\"speaker-content\">\r\n                                                <div class=\"talk-speaker-name body-2 medium\">\r\n                                                    Indalecio S\u00e1nchez-Montesinos Garc\u00eda                                                <\/div>\r\n                                                <div class=\"talk-speaker-cv body-2\">\r\n                                                                                                                                                                                                                                                                            Delegado Territorial de Salud y Consumo de la Junta de Andaluc\u00eda                                                                                                                                                        <\/div>\r\n                                            <\/div>\r\n                                                                                    <\/div>\r\n                                                                                                                                                                                    <div class=\"talk-speaker speaker\" speaker_id=\"102745\">\r\n                                            <div class=\"speaker-content\">\r\n                                                <div class=\"talk-speaker-name body-2 medium\">\r\n                                                    Juan Olmo Osa                                                <\/div>\r\n                                                <div class=\"talk-speaker-cv body-2\">\r\n                                                                                                                                                                                                                                                                            Hospital Universitario \u00c1raba (Santiago Ap\u00f3stol). Presidente de FANPSE. Vitoria-Gasteiz, Espa\u00f1a                                                                                                                                                                HUA Santiago (Vitoria-Gasteiz)                                                                                                    <\/div>\r\n                                            <\/div>\r\n                                                                                    <\/div>\r\n                                                                                                                                                                                    <div class=\"talk-speaker speaker\" speaker_id=\"114317\">\r\n                                            <div class=\"speaker-content\">\r\n                                                <div class=\"talk-speaker-name body-2 medium\">\r\n                                                    Myrtha O'Valle                                                <\/div>\r\n                                                <div class=\"talk-speaker-cv body-2\">\r\n                                                                                                                                                                                                                                                                            Doctora en Psicolog\u00eda por la Universidad de Sevilla Neuropsic\u00f3loga acreditada. Directora en Irenea Sevilla Presidenta del Comit\u00e9 Organizador del Congreso                                                                                                                                                                Irenea. Instituto de Rehabilitaci\u00f3n Neurol\u00f3gica.                                                                                                    <\/div>\r\n                                            <\/div>\r\n                                                                                    <\/div>\r\n                                                                                                                                                                                    <div class=\"talk-speaker speaker\" speaker_id=\"102254\">\r\n                                            <div class=\"speaker-content\">\r\n                                                <div class=\"talk-speaker-name body-2 medium\">\r\n                                                    Jose Domingo Barroso                                                <\/div>\r\n                                                <div class=\"talk-speaker-cv body-2\">\r\n                                                                                                                                                                                                                                                                            Presidente del Comit\u00e9 Cient\u00edfico. Catedr\u00e1tico de la Universidad Fernando Pessoa Canarias. Espa\u00f1a                                                                                                                                                                Universidad Fernando Pessoa Canarias. Espa\u00f1a                                                                                                    <\/div>\r\n                                            <\/div>\r\n                                                                                            <div class=\"speaker-thumb\" style=\"background-image: url('https:\/\/bipeek-resources-onsite-prd.s3.amazonaws.com\/34563\/conversions\/FOTO-JB-2022-ABRIL-IMG_2067-perfil.jpg?v=1696502440')\"><\/div>\r\n                                                                                    <\/div>\r\n                                                                                                <\/div>\r\n                        \r\n                        \r\n                                            <\/div>\r\n                                    <\/div>\r\n    <\/div>\r\n<div class=\"session-side\" session_id=\"6346\">\r\n    <svg class=\"close\" width=\"40\" height=\"40\" viewBox=\"0 0 40 40\" fill=\"none\" xmlns=\"http:\/\/www.w3.org\/2000\/svg\">\r\n        <path d=\"M0 20C0 8.95431 8.95431 0 20 0C31.0457 0 40 8.95431 40 20C40 31.0457 31.0457 40 20 40C8.95431 40 0 31.0457 0 20Z\" fill=\"white\"\/>\r\n        <path d=\"M28.2361 14.2361C28.9197 13.5525 28.9197 12.4424 28.2361 11.7588C27.5525 11.0752 26.4424 11.0752 25.7588 11.7588L20.0002 17.5229L14.2361 11.7643C13.5525 11.0807 12.4424 11.0807 11.7588 11.7643C11.0752 12.4479 11.0752 13.558 11.7588 14.2416L17.5229 20.0002L11.7643 25.7643C11.0807 26.4479 11.0807 27.558 11.7643 28.2416C12.4479 28.9252 13.558 28.9252 14.2416 28.2416L20.0002 22.4775L25.7643 28.2361C26.4479 28.9197 27.558 28.9197 28.2416 28.2361C28.9252 27.5525 28.9252 26.4424 28.2416 25.7588L22.4775 20.0002L28.2361 14.2361Z\" fill=\"black\"\/>\r\n    <\/svg>\r\n\r\n    <div class=\"session-container\">\r\n                    <div class=\"session-info\">\r\n                                                    <div class=\"sub-header\">\r\n                        \u00c1rea tem\u00e1tica: Simposios\/Mesas                    <\/div>\r\n                                                    <div class=\"body-2 medium\">\r\n                        Conferencia Inaugural. Retrograde amnesia in Alzheimer dementia: the temporal gradient and the reminiscence bump                    <\/div>\r\n                                                <div class=\"hour-date-room-container\">\r\n                                        <div class=\"body-2 medium\">8 Mar<\/div>\r\n                                            <div class=\"body-2 medium\">Sala Alb\u00e9niz-Machuca<\/div>\r\n                                                                <div class=\"body-2 medium\">9:30 - 10:30<\/div>\r\n                                    <\/div>\r\n            <\/div>\r\n        \r\n                    <div class=\"moderator-info\">\r\n                <div class=\"sub-header\">\r\n                    Modera                <\/div>\r\n                                                                                <div class=\"moderator-content speaker\" speaker_id=\"102255\">\r\n                            <div class=\"moderator-text\">\r\n                                <div class=\"body-2 medium\">\r\n                                    Israel Contador                                <\/div>\r\n                                <div class=\"body-2\">\r\n                                                                                                                                                                                            Profesor Titular del \u00c1rea de Psicobiolog\u00eda, de la Universidad de Salamanca. Salamanca, Espa\u00f1a                                                                                                                Universidad de Salamanca                                                                    <\/div>\r\n                            <\/div>\r\n                                                    <\/div>\r\n                                                <\/div>\r\n        \r\n            <\/div>\r\n\r\n            <div class=\"talks-container\">\r\n                                                <div class=\"talk\">\r\n                                                    <div class=\"talk-title heading-4\">\r\n                                Retrograde amnesia in Alzheimer dementia: the temporal gradient and the reminiscence bump                            <\/div>\r\n                        \r\n                                                    <div class=\"talk-speakers\">\r\n                                                                                                                                                <div class=\"talk-speaker speaker\" speaker_id=\"99766\">\r\n                                            <div class=\"speaker-content\">\r\n                                                <div class=\"talk-speaker-name body-2 medium\">\r\n                                                    Michael Kopelman                                                <\/div>\r\n                                                <div class=\"talk-speaker-cv body-2\">\r\n                                                                                                                                                                                                                                                                            Profesor Em\u00e9rito de Neuropsiquiatr\u00eda en el King\u2019s College London. United Kingdom                                                                                                                                                        <\/div>\r\n                                            <\/div>\r\n                                                                                            <div class=\"speaker-thumb\" style=\"background-image: url('https:\/\/bipeek-resources-onsite-prd.s3.amazonaws.com\/33656\/conversions\/Prof-Kopelman-photo-small-30KB-perfil.jpg?v=1695283020')\"><\/div>\r\n                                                                                    <\/div>\r\n                                                                                                <\/div>\r\n                        \r\n                        \r\n                                            <\/div>\r\n                                    <\/div>\r\n    <\/div>\r\n<div class=\"session-side\" session_id=\"6561\">\r\n    <svg class=\"close\" width=\"40\" height=\"40\" viewBox=\"0 0 40 40\" fill=\"none\" xmlns=\"http:\/\/www.w3.org\/2000\/svg\">\r\n        <path d=\"M0 20C0 8.95431 8.95431 0 20 0C31.0457 0 40 8.95431 40 20C40 31.0457 31.0457 40 20 40C8.95431 40 0 31.0457 0 20Z\" fill=\"white\"\/>\r\n        <path d=\"M28.2361 14.2361C28.9197 13.5525 28.9197 12.4424 28.2361 11.7588C27.5525 11.0752 26.4424 11.0752 25.7588 11.7588L20.0002 17.5229L14.2361 11.7643C13.5525 11.0807 12.4424 11.0807 11.7588 11.7643C11.0752 12.4479 11.0752 13.558 11.7588 14.2416L17.5229 20.0002L11.7643 25.7643C11.0807 26.4479 11.0807 27.558 11.7643 28.2416C12.4479 28.9252 13.558 28.9252 14.2416 28.2416L20.0002 22.4775L25.7643 28.2361C26.4479 28.9197 27.558 28.9197 28.2416 28.2361C28.9252 27.5525 28.9252 26.4424 28.2416 25.7588L22.4775 20.0002L28.2361 14.2361Z\" fill=\"black\"\/>\r\n    <\/svg>\r\n\r\n    <div class=\"session-container\">\r\n                    <div class=\"session-info\">\r\n                                                                    <div class=\"body-2 medium\">\r\n                        Mesa 1. Envejecimiento normal, reserva cognitiva y mecanismos de compensaci\u00f3n                    <\/div>\r\n                                                <div class=\"hour-date-room-container\">\r\n                                        <div class=\"body-2 medium\">8 Mar<\/div>\r\n                                            <div class=\"body-2 medium\">Sala Alb\u00e9niz-Machuca<\/div>\r\n                                                                <div class=\"body-2 medium\">10:30 - 11:45<\/div>\r\n                                    <\/div>\r\n            <\/div>\r\n        \r\n                    <div class=\"moderator-info\">\r\n                <div class=\"sub-header\">\r\n                    Modera                <\/div>\r\n                                                                                <div class=\"moderator-content speaker\" speaker_id=\"116001\">\r\n                            <div class=\"moderator-text\">\r\n                                <div class=\"body-2 medium\">\r\n                                    Alfonso Caracuel Romero                                <\/div>\r\n                                <div class=\"body-2\">\r\n                                                                                                                                                                                            Profesor Titular de la Universidad de Granada. Neuropsic\u00f3logo de la Cl\u00ednica de Psicolog\u00eda CP-UGR. Granada, Espa\u00f1a                                                                                                                Universidad de Granada                                                                    <\/div>\r\n                            <\/div>\r\n                                                    <\/div>\r\n                                                <\/div>\r\n        \r\n            <\/div>\r\n\r\n            <div class=\"talks-container\">\r\n                                                <div class=\"talk\">\r\n                                                    <div class=\"talk-title heading-4\">\r\n                                RC en el continuo de envejecimiento normativo y patol\u00f3gico: Evidencias del estudio longitudinal CompAS                            <\/div>\r\n                        \r\n                                                    <div class=\"talk-speakers\">\r\n                                                                                                                                                <div class=\"talk-speaker speaker\" speaker_id=\"105582\">\r\n                                            <div class=\"speaker-content\">\r\n                                                <div class=\"talk-speaker-name body-2 medium\">\r\n                                                    Cristina Lojo-Seoane                                                <\/div>\r\n                                                <div class=\"talk-speaker-cv body-2\">\r\n                                                                                                                                                                                                                                                                            Profesora contratada doctora en el Departamento de Psicolog\u00eda Evolutiva y de la Educaci\u00f3n en la Facultad de Psicolog\u00eda de la Universidad de Santiago de Compostela. Santiago de Compostela, Espa\u00f1a                                                                                                                                                                Universidad de Santiago. Espa\u00f1a                                                                                                    <\/div>\r\n                                            <\/div>\r\n                                                                                            <div class=\"speaker-thumb\" style=\"background-image: url('https:\/\/bipeek-resources-onsite-prd.s3.amazonaws.com\/37338\/conversions\/FOTO-CRISTINA-LOJO-SEOANE-perfil.jpg?v=1699603323')\"><\/div>\r\n                                                                                    <\/div>\r\n                                                                                                <\/div>\r\n                        \r\n                        \r\n                                            <\/div>\r\n                                    <div class=\"talk\">\r\n                                                    <div class=\"talk-title heading-4\">\r\n                                Las quejas subjetivas de memoria y su asociaciac\u00f3n con factores relacionados con la edad                            <\/div>\r\n                        \r\n                                                    <div class=\"talk-speakers\">\r\n                                                                                                                                                <div class=\"talk-speaker speaker\" speaker_id=\"105583\">\r\n                                            <div class=\"speaker-content\">\r\n                                                <div class=\"talk-speaker-name body-2 medium\">\r\n                                                    Alicia Salvador Fern\u00e1ndez Montejo                                                <\/div>\r\n                                                <div class=\"talk-speaker-cv body-2\">\r\n                                                                                                                                                                                                                                                                            Catedr\u00e1tica de Psicobiolog\u00eda en la Universitat de Val\u00e8ncia. Valencia, Espa\u00f1a                                                                                                                                                        <\/div>\r\n                                            <\/div>\r\n                                                                                            <div class=\"speaker-thumb\" style=\"background-image: url('https:\/\/bipeek-resources-onsite-prd.s3.amazonaws.com\/40715\/conversions\/1619368434207-perfil.jpg?v=1708673325')\"><\/div>\r\n                                                                                    <\/div>\r\n                                                                                                <\/div>\r\n                        \r\n                        \r\n                                            <\/div>\r\n                                    <div class=\"talk\">\r\n                                                    <div class=\"talk-title heading-4\">\r\n                                La especializaci\u00f3n hemisf\u00e9rica como mecanismo de compensacion funcional en el envejecimiento                            <\/div>\r\n                        \r\n                                                    <div class=\"talk-speakers\">\r\n                                                                                                                                                <div class=\"talk-speaker speaker\" speaker_id=\"102254\">\r\n                                            <div class=\"speaker-content\">\r\n                                                <div class=\"talk-speaker-name body-2 medium\">\r\n                                                    Jose Domingo Barroso                                                <\/div>\r\n                                                <div class=\"talk-speaker-cv body-2\">\r\n                                                                                                                                                                                                                                                                            Presidente del Comit\u00e9 Cient\u00edfico. Catedr\u00e1tico de la Universidad Fernando Pessoa Canarias. Espa\u00f1a                                                                                                                                                                Universidad Fernando Pessoa Canarias. Espa\u00f1a                                                                                                    <\/div>\r\n                                            <\/div>\r\n                                                                                            <div class=\"speaker-thumb\" style=\"background-image: url('https:\/\/bipeek-resources-onsite-prd.s3.amazonaws.com\/34563\/conversions\/FOTO-JB-2022-ABRIL-IMG_2067-perfil.jpg?v=1696502440')\"><\/div>\r\n                                                                                    <\/div>\r\n                                                                                                <\/div>\r\n                        \r\n                        \r\n                                            <\/div>\r\n                                    <\/div>\r\n    <\/div>\r\n<div class=\"session-side\" session_id=\"6613\">\r\n    <svg class=\"close\" width=\"40\" height=\"40\" viewBox=\"0 0 40 40\" fill=\"none\" xmlns=\"http:\/\/www.w3.org\/2000\/svg\">\r\n        <path d=\"M0 20C0 8.95431 8.95431 0 20 0C31.0457 0 40 8.95431 40 20C40 31.0457 31.0457 40 20 40C8.95431 40 0 31.0457 0 20Z\" fill=\"white\"\/>\r\n        <path d=\"M28.2361 14.2361C28.9197 13.5525 28.9197 12.4424 28.2361 11.7588C27.5525 11.0752 26.4424 11.0752 25.7588 11.7588L20.0002 17.5229L14.2361 11.7643C13.5525 11.0807 12.4424 11.0807 11.7588 11.7643C11.0752 12.4479 11.0752 13.558 11.7588 14.2416L17.5229 20.0002L11.7643 25.7643C11.0807 26.4479 11.0807 27.558 11.7643 28.2416C12.4479 28.9252 13.558 28.9252 14.2416 28.2416L20.0002 22.4775L25.7643 28.2361C26.4479 28.9197 27.558 28.9197 28.2416 28.2361C28.9252 27.5525 28.9252 26.4424 28.2416 25.7588L22.4775 20.0002L28.2361 14.2361Z\" fill=\"black\"\/>\r\n    <\/svg>\r\n\r\n    <div class=\"session-container\">\r\n                    <div class=\"session-info\">\r\n                                                                    <div class=\"body-2 medium\">\r\n                        Mesa 2. Nuevas soluciones digitales en intervenci\u00f3n neuropsicol\u00f3gica: tres experiencias de investigaci\u00f3n aplicada                    <\/div>\r\n                                                <div class=\"hour-date-room-container\">\r\n                                        <div class=\"body-2 medium\">8 Mar<\/div>\r\n                                            <div class=\"body-2 medium\">Sala Machado<\/div>\r\n                                                                <div class=\"body-2 medium\">10:30 - 11:45<\/div>\r\n                                    <\/div>\r\n            <\/div>\r\n        \r\n                    <div class=\"moderator-info\">\r\n                <div class=\"sub-header\">\r\n                    Modera                <\/div>\r\n                                                                                <div class=\"moderator-content speaker\" speaker_id=\"102252\">\r\n                            <div class=\"moderator-text\">\r\n                                <div class=\"body-2 medium\">\r\n                                    Jos\u00e9 Mar\u00eda Torralba                                <\/div>\r\n                                <div class=\"body-2\">\r\n                                                                                                                                                                                            Neuropsic\u00f3logo Cl\u00ednico en Agredace. Docente e investigador en la Universidad de Granada y NeuroLab. Granada, Espa\u00f1a                                                                                                                Asociaci\u00f3n de Da\u00f1o Cerebral Granada AGREDACE. Espa\u00f1a                                                                    <\/div>\r\n                            <\/div>\r\n                                                            <div class=\"moderator-thumb\" style=\"background-image: url('https:\/\/bipeek-resources-onsite-prd.s3.amazonaws.com\/37349\/conversions\/Jose_Torralba-perfil.jpg?v=1699605000')\"><\/div>\r\n                                                    <\/div>\r\n                                                <\/div>\r\n        \r\n            <\/div>\r\n\r\n            <div class=\"talks-container\">\r\n                                                <div class=\"talk\">\r\n                                                    <div class=\"talk-title heading-4\">\r\n                                Intervenci\u00f3n Digital para Abordar los D\u00e9ficits Cognitivos en Pacientes con C\u00e1ncer de Mama                            <\/div>\r\n                        \r\n                                                    <div class=\"talk-speakers\">\r\n                                                                                                                                                <div class=\"talk-speaker speaker\" speaker_id=\"102224\">\r\n                                            <div class=\"speaker-content\">\r\n                                                <div class=\"talk-speaker-name body-2 medium\">\r\n                                                    Maria Serra Blasco                                                <\/div>\r\n                                                <div class=\"talk-speaker-cv body-2\">\r\n                                                                                                                                                                                                                                                                            ICOnnecta\u2019t Digital Health Program, Catalan Institute of Oncology, Hospitalet del Llobregat, Spain. The Bellvitge Biomedical Research Institute IDIBELL, Psychooncology and Digital Health Group, Hospitalet del Llobregat, Espa\u00f1a                                                                                                                                                                Catalan Instutute of Oncology                                                                                                    <\/div>\r\n                                            <\/div>\r\n                                                                                            <div class=\"speaker-thumb\" style=\"background-image: url('https:\/\/bipeek-resources-onsite-prd.s3.amazonaws.com\/37334\/conversions\/MariaSerra-perfil.jpg?v=1699602739')\"><\/div>\r\n                                                                                    <\/div>\r\n                                                                                                <\/div>\r\n                        \r\n                        \r\n                                            <\/div>\r\n                                    <div class=\"talk\">\r\n                                                    <div class=\"talk-title heading-4\">\r\n                                Remediaci\u00f3n Cognitiva Integral en la Depresi\u00f3n Mayor                            <\/div>\r\n                        \r\n                                                    <div class=\"talk-speakers\">\r\n                                                                                                                                                <div class=\"talk-speaker speaker\" speaker_id=\"106079\">\r\n                                            <div class=\"speaker-content\">\r\n                                                <div class=\"talk-speaker-name body-2 medium\">\r\n                                                    Muriel Vicent-Gil                                                <\/div>\r\n                                                <div class=\"talk-speaker-cv body-2\">\r\n                                                                                                                                                                                                                                                                            Hospital de la Santa Creu i Sant Pau, CIBER de Salud Mental, Instituto de Salud Carlos III. Barcelona, Espa\u00f1a                                                                                                                                                                Hospital de la Santa Creu i Sant Pau, CIBER de Salud Mental, Instituto de Salud Carlos III. Barcelona, Espa\u00f1a                                                                                                    <\/div>\r\n                                            <\/div>\r\n                                                                                            <div class=\"speaker-thumb\" style=\"background-image: url('https:\/\/bipeek-resources-onsite-prd.s3.amazonaws.com\/37335\/conversions\/MurielVicent-perfil.jpg?v=1699602887')\"><\/div>\r\n                                                                                    <\/div>\r\n                                                                                                <\/div>\r\n                        \r\n                        \r\n                                            <\/div>\r\n                                    <div class=\"talk\">\r\n                                                    <div class=\"talk-title heading-4\">\r\n                                Estimulaci\u00f3n Neurocognitiva en las Unidades de Cuidados Intensivos                            <\/div>\r\n                        \r\n                                                    <div class=\"talk-speakers\">\r\n                                                                                                                                                <div class=\"talk-speaker speaker\" speaker_id=\"106080\">\r\n                                            <div class=\"speaker-content\">\r\n                                                <div class=\"talk-speaker-name body-2 medium\">\r\n                                                    Guillem Navarra-Ventura                                                <\/div>\r\n                                                <div class=\"talk-speaker-cv body-2\">\r\n                                                                                                                                                                                                                                                                            Institut Universitari d\u2019Investigaci\u00f3 en Ci\u00e8ncies de la Salut, Universitat de les Illes Balears, CIBERES, Espa\u00f1a                                                                                                                                                                Institut Universitari d\u2019Investigaci\u00f3 en Ci\u00e8ncies de la Salut, Universitat de les Illes Balears, CIBERES, Espa\u00f1a                                                                                                    <\/div>\r\n                                            <\/div>\r\n                                                                                            <div class=\"speaker-thumb\" style=\"background-image: url('https:\/\/bipeek-resources-onsite-prd.s3.amazonaws.com\/37336\/conversions\/GuillemNavarra-perfil.jpg?v=1699602905')\"><\/div>\r\n                                                                                    <\/div>\r\n                                                                                                <\/div>\r\n                        \r\n                        \r\n                                            <\/div>\r\n                                    <\/div>\r\n    <\/div>\r\n                        <style>\r\n                            .fc-event.session-6602{\r\n                                pointer-events: none;\r\n                            }\r\n                            .fc-event.session-6602::after{\r\n                                display: none !important;\r\n                            }\r\n                        <\/style>\r\n                    <div class=\"session-side\" session_id=\"6562\">\r\n    <svg class=\"close\" width=\"40\" height=\"40\" viewBox=\"0 0 40 40\" fill=\"none\" xmlns=\"http:\/\/www.w3.org\/2000\/svg\">\r\n        <path d=\"M0 20C0 8.95431 8.95431 0 20 0C31.0457 0 40 8.95431 40 20C40 31.0457 31.0457 40 20 40C8.95431 40 0 31.0457 0 20Z\" fill=\"white\"\/>\r\n        <path d=\"M28.2361 14.2361C28.9197 13.5525 28.9197 12.4424 28.2361 11.7588C27.5525 11.0752 26.4424 11.0752 25.7588 11.7588L20.0002 17.5229L14.2361 11.7643C13.5525 11.0807 12.4424 11.0807 11.7588 11.7643C11.0752 12.4479 11.0752 13.558 11.7588 14.2416L17.5229 20.0002L11.7643 25.7643C11.0807 26.4479 11.0807 27.558 11.7643 28.2416C12.4479 28.9252 13.558 28.9252 14.2416 28.2416L20.0002 22.4775L25.7643 28.2361C26.4479 28.9197 27.558 28.9197 28.2416 28.2361C28.9252 27.5525 28.9252 26.4424 28.2416 25.7588L22.4775 20.0002L28.2361 14.2361Z\" fill=\"black\"\/>\r\n    <\/svg>\r\n\r\n    <div class=\"session-container\">\r\n                    <div class=\"session-info\">\r\n                                                                    <div class=\"body-2 medium\">\r\n                        Mesa 3. Perspectivas actuales del neurodesarrollo                    <\/div>\r\n                                                <div class=\"hour-date-room-container\">\r\n                                        <div class=\"body-2 medium\">8 Mar<\/div>\r\n                                            <div class=\"body-2 medium\">Sala Alb\u00e9niz-Machuca<\/div>\r\n                                                                <div class=\"body-2 medium\">12:30 - 13:45<\/div>\r\n                                    <\/div>\r\n            <\/div>\r\n        \r\n                    <div class=\"moderator-info\">\r\n                <div class=\"sub-header\">\r\n                    Modera                <\/div>\r\n                                                                                <div class=\"moderator-content speaker\" speaker_id=\"102259\">\r\n                            <div class=\"moderator-text\">\r\n                                <div class=\"body-2 medium\">\r\n                                    Olaia Lucas                                <\/div>\r\n                                <div class=\"body-2\">\r\n                                                                                                                                                                                            Doctora en Psicolog\u00eda y Experta en Neuropsicolog\u00eda. Universidad de Deusto. Bilbao, Espa\u00f1a                                                                                                        <\/div>\r\n                            <\/div>\r\n                                                    <\/div>\r\n                                                <\/div>\r\n        \r\n            <\/div>\r\n\r\n            <div class=\"talks-container\">\r\n                                                <div class=\"talk\">\r\n                                                    <div class=\"talk-title heading-4\">\r\n                                El impacto del estr\u00e9s de la mujer embarazada en el posterior neurodesarrollo y conducta de su descendencia                            <\/div>\r\n                        \r\n                                                    <div class=\"talk-speakers\">\r\n                                                                                                                                                <div class=\"talk-speaker speaker\" speaker_id=\"105586\">\r\n                                            <div class=\"speaker-content\">\r\n                                                <div class=\"talk-speaker-name body-2 medium\">\r\n                                                    Mar\u00eda Isabel Peralta Ram\u00edrez                                                <\/div>\r\n                                                <div class=\"talk-speaker-cv body-2\">\r\n                                                                                                                                                                                                                                                                            Catedr\u00e1tica de la Facultad de Psicolog\u00eda de la Universidad de Granada. Granada, Espa\u00f1a                                                                                                                                                                Universidad de Granada. Espa\u00f1a                                                                                                    <\/div>\r\n                                            <\/div>\r\n                                                                                            <div class=\"speaker-thumb\" style=\"background-image: url('https:\/\/bipeek-resources-onsite-prd.s3.amazonaws.com\/37352\/conversions\/ISABEL-PERALTA-perfil.jpg?v=1699605520')\"><\/div>\r\n                                                                                    <\/div>\r\n                                                                                                <\/div>\r\n                        \r\n                        \r\n                                            <\/div>\r\n                                    <div class=\"talk\">\r\n                                                    <div class=\"talk-title heading-4\">\r\n                                Evaluaci\u00f3n neuropsicol\u00f3gica de ni\u00f1os prematuros de alto y bajo riesgo                            <\/div>\r\n                        \r\n                                                    <div class=\"talk-speakers\">\r\n                                                                                                                                                <div class=\"talk-speaker speaker\" speaker_id=\"105584\">\r\n                                            <div class=\"speaker-content\">\r\n                                                <div class=\"talk-speaker-name body-2 medium\">\r\n                                                    Carolina Laynez Rubio                                                <\/div>\r\n                                                <div class=\"talk-speaker-cv body-2\">\r\n                                                                                                                                                                                                                                                                            Doctora en Psicolog\u00eda. Unidad de Neurodesarrollo y Neurolog\u00eda. UGC de Pediatr\u00eda Hospital San Cecilio. Granada, Espa\u00f1a                                                                                                                                                                Hospital San Cecilio de Granada. Espa\u00f1a                                                                                                    <\/div>\r\n                                            <\/div>\r\n                                                                                            <div class=\"speaker-thumb\" style=\"background-image: url('https:\/\/bipeek-resources-onsite-prd.s3.amazonaws.com\/37522\/conversions\/Carolina-Laynez-perfil.jpg?v=1700469205')\"><\/div>\r\n                                                                                    <\/div>\r\n                                                                                                <\/div>\r\n                        \r\n                        \r\n                                            <\/div>\r\n                                    <div class=\"talk\">\r\n                                                    <div class=\"talk-title heading-4\">\r\n                                Nutrici\u00f3n postnatal en reci\u00e9n nacidos de muy bajo peso y sus resultados de neurodesarrollo                            <\/div>\r\n                        \r\n                                                    <div class=\"talk-speakers\">\r\n                                                                                                                                                <div class=\"talk-speaker speaker\" speaker_id=\"105585\">\r\n                                            <div class=\"speaker-content\">\r\n                                                <div class=\"talk-speaker-name body-2 medium\">\r\n                                                    Jos\u00e9 Uberos Fern\u00e1ndez                                                <\/div>\r\n                                                <div class=\"talk-speaker-cv body-2\">\r\n                                                                                                                                                                                                                                                                            Catedr\u00e1tico de Pediatr\u00eda de la Universidad de Granada. Jefe de Secci\u00f3n de Pediatr\u00eda del Hospital Universitario San Cecilio. Granada, Espa\u00f1a                                                                                                                                                        <\/div>\r\n                                            <\/div>\r\n                                                                                            <div class=\"speaker-thumb\" style=\"background-image: url('https:\/\/bipeek-resources-onsite-prd.s3.amazonaws.com\/37353\/conversions\/foto-jose-uberos-perfil.jpg?v=1699605584')\"><\/div>\r\n                                                                                    <\/div>\r\n                                                                                                <\/div>\r\n                        \r\n                        \r\n                                            <\/div>\r\n                                    <\/div>\r\n    <\/div>\r\n<div class=\"session-side\" session_id=\"6612\">\r\n    <svg class=\"close\" width=\"40\" height=\"40\" viewBox=\"0 0 40 40\" fill=\"none\" xmlns=\"http:\/\/www.w3.org\/2000\/svg\">\r\n        <path d=\"M0 20C0 8.95431 8.95431 0 20 0C31.0457 0 40 8.95431 40 20C40 31.0457 31.0457 40 20 40C8.95431 40 0 31.0457 0 20Z\" fill=\"white\"\/>\r\n        <path d=\"M28.2361 14.2361C28.9197 13.5525 28.9197 12.4424 28.2361 11.7588C27.5525 11.0752 26.4424 11.0752 25.7588 11.7588L20.0002 17.5229L14.2361 11.7643C13.5525 11.0807 12.4424 11.0807 11.7588 11.7643C11.0752 12.4479 11.0752 13.558 11.7588 14.2416L17.5229 20.0002L11.7643 25.7643C11.0807 26.4479 11.0807 27.558 11.7643 28.2416C12.4479 28.9252 13.558 28.9252 14.2416 28.2416L20.0002 22.4775L25.7643 28.2361C26.4479 28.9197 27.558 28.9197 28.2416 28.2361C28.9252 27.5525 28.9252 26.4424 28.2416 25.7588L22.4775 20.0002L28.2361 14.2361Z\" fill=\"black\"\/>\r\n    <\/svg>\r\n\r\n    <div class=\"session-container\">\r\n                    <div class=\"session-info\">\r\n                                                                    <div class=\"body-2 medium\">\r\n                        Mesa 4. Nuevas actualizaciones en los efectos neuropsicol\u00f3gicos de la COVID-19: aportaciones desde el proyecto NAUTILUS                    <\/div>\r\n                                                <div class=\"hour-date-room-container\">\r\n                                        <div class=\"body-2 medium\">8 Mar<\/div>\r\n                                            <div class=\"body-2 medium\">Sala Machado<\/div>\r\n                                                                <div class=\"body-2 medium\">12:30 - 13:45<\/div>\r\n                                    <\/div>\r\n            <\/div>\r\n        \r\n                    <div class=\"moderator-info\">\r\n                <div class=\"sub-header\">\r\n                    Modera                <\/div>\r\n                                                                                <div class=\"moderator-content speaker\" speaker_id=\"116106\">\r\n                            <div class=\"moderator-text\">\r\n                                <div class=\"body-2 medium\">\r\n                                    GUSTAVO CUBEROS URBAO                                <\/div>\r\n                                <div class=\"body-2\">\r\n                                                                                                                                                                                            Neuropsic\u00f3logo. NEUROAFEIC Asociaci\u00f3n de Familiares y Afectados por Ictus de Granada. Granada, Espa\u00f1a                                                                                                                NEUROAFEIC                                                                    <\/div>\r\n                            <\/div>\r\n                                                    <\/div>\r\n                                                <\/div>\r\n        \r\n            <\/div>\r\n\r\n            <div class=\"talks-container\">\r\n                                                <div class=\"talk\">\r\n                                                    <div class=\"talk-title heading-4\">\r\n                                Cambios cerebrales asociados a la condici\u00f3n post-COVID, estudios de neuroimagen por resonancia magn\u00e9tica cerebral estructural y funcional                            <\/div>\r\n                        \r\n                                                    <div class=\"talk-speakers\">\r\n                                                                                                                                                <div class=\"talk-speaker speaker\" speaker_id=\"106077\">\r\n                                            <div class=\"speaker-content\">\r\n                                                <div class=\"talk-speaker-name body-2 medium\">\r\n                                                    B\u00e0rbara Segura F\u00e0bregas                                                <\/div>\r\n                                                <div class=\"talk-speaker-cv body-2\">\r\n                                                                                                                                                                                                                                                                            Medical Psychology Unit, Department of Medicine, Institute of Neurosciences, University of Barcelona. Espa\u00f1a                                                                                                                                                                Medical Psychology Unit, Department of Medicine, Institute of Neurosciences, University of Barcelona. Espa\u00f1a                                                                                                    <\/div>\r\n                                            <\/div>\r\n                                                                                            <div class=\"speaker-thumb\" style=\"background-image: url('https:\/\/bipeek-resources-onsite-prd.s3.amazonaws.com\/37337\/conversions\/Barbara-Segura-perfil.jpg?v=1699603300')\"><\/div>\r\n                                                                                    <\/div>\r\n                                                                                                <\/div>\r\n                        \r\n                        \r\n                                            <\/div>\r\n                                    <div class=\"talk\">\r\n                                                    <div class=\"talk-title heading-4\">\r\n                                Calidad del sue\u00f1o y cognici\u00f3n en individuos con condici\u00f3n post-COVID-19                            <\/div>\r\n                        \r\n                                                    <div class=\"talk-speakers\">\r\n                                                                                                                                                <div class=\"talk-speaker speaker\" speaker_id=\"101160\">\r\n                                            <div class=\"speaker-content\">\r\n                                                <div class=\"talk-speaker-name body-2 medium\">\r\n                                                    Anna Carnes Vendrell                                                <\/div>\r\n                                                <div class=\"talk-speaker-cv body-2\">\r\n                                                                                                                                                                                                                                                                            Psic\u00f3loga Cl\u00ednica y Neuropsic\u00f3loga. Unidad de Trastornos Cognitivos del Hospital Universitario Santa Maria. Investigadora del grupo de Estudio de la Cognici\u00f3n y la Conducta del IRBLleida. Lleida, Espa\u00f1a                                                                                                                                                                Hospital Universitario Santa Maria (Lleida)                                                                                                    <\/div>\r\n                                            <\/div>\r\n                                                                                            <div class=\"speaker-thumb\" style=\"background-image: url('https:\/\/bipeek-resources-onsite-prd.s3.amazonaws.com\/37341\/conversions\/ANNA-CARNES-perfil.jpg?v=1699603705')\"><\/div>\r\n                                                                                    <\/div>\r\n                                                                                                <\/div>\r\n                        \r\n                        \r\n                                            <\/div>\r\n                                    <div class=\"talk\">\r\n                                                    <div class=\"talk-title heading-4\">\r\n                                Alteraciones neuropsicol\u00f3gicas asociadas a la condici\u00f3n post-COVID y entrenamiento cognitivo con realidad virtual inmersiva: resultados del estudio RehabCOVID                            <\/div>\r\n                        \r\n                                                    <div class=\"talk-speakers\">\r\n                                                                                                                                                <div class=\"talk-speaker speaker\" speaker_id=\"106078\">\r\n                                            <div class=\"speaker-content\">\r\n                                                <div class=\"talk-speaker-name body-2 medium\">\r\n                                                    Maite Garolera Freixa                                                <\/div>\r\n                                                <div class=\"talk-speaker-cv body-2\">\r\n                                                                                                                                                                                                                                                                            Unidad de Neuropsicologia, Hospital de Terrassa, Consorci Sanitari de Terrassa. Grupo de Recerca Cerebro, Cognici\u00f3n y Conducta del Consorci Sanitari de Terrassa (C3-CST, Espa\u00f1a                                                                                                                                                                Unidad de Neuropsicologia, Hospital de Terrassa, Consorci Sanitari de Terrassa. Espa\u00f1a                                                                                                    <\/div>\r\n                                            <\/div>\r\n                                                                                            <div class=\"speaker-thumb\" style=\"background-image: url('https:\/\/bipeek-resources-onsite-prd.s3.amazonaws.com\/37339\/conversions\/Maite-Garolera-perfil.jpg?v=1699603676')\"><\/div>\r\n                                                                                    <\/div>\r\n                                                                                                <\/div>\r\n                        \r\n                        \r\n                                            <\/div>\r\n                                    <\/div>\r\n    <\/div>\r\n                        <style>\r\n                            .fc-event.session-6603{\r\n                                pointer-events: none;\r\n                            }\r\n                            .fc-event.session-6603::after{\r\n                                display: none !important;\r\n                            }\r\n                        <\/style>\r\n                    <div class=\"session-side\" session_id=\"6604\">\r\n    <svg class=\"close\" width=\"40\" height=\"40\" viewBox=\"0 0 40 40\" fill=\"none\" xmlns=\"http:\/\/www.w3.org\/2000\/svg\">\r\n        <path d=\"M0 20C0 8.95431 8.95431 0 20 0C31.0457 0 40 8.95431 40 20C40 31.0457 31.0457 40 20 40C8.95431 40 0 31.0457 0 20Z\" fill=\"white\"\/>\r\n        <path d=\"M28.2361 14.2361C28.9197 13.5525 28.9197 12.4424 28.2361 11.7588C27.5525 11.0752 26.4424 11.0752 25.7588 11.7588L20.0002 17.5229L14.2361 11.7643C13.5525 11.0807 12.4424 11.0807 11.7588 11.7643C11.0752 12.4479 11.0752 13.558 11.7588 14.2416L17.5229 20.0002L11.7643 25.7643C11.0807 26.4479 11.0807 27.558 11.7643 28.2416C12.4479 28.9252 13.558 28.9252 14.2416 28.2416L20.0002 22.4775L25.7643 28.2361C26.4479 28.9197 27.558 28.9197 28.2416 28.2361C28.9252 27.5525 28.9252 26.4424 28.2416 25.7588L22.4775 20.0002L28.2361 14.2361Z\" fill=\"black\"\/>\r\n    <\/svg>\r\n\r\n    <div class=\"session-container\">\r\n                    <div class=\"session-info\">\r\n                                                                    <div class=\"body-2 medium\">\r\n                        Comunicaciones orales I                    <\/div>\r\n                                                <div class=\"hour-date-room-container\">\r\n                                        <div class=\"body-2 medium\">8 Mar<\/div>\r\n                                            <div class=\"body-2 medium\">Sala Alb\u00e9niz-Machuca<\/div>\r\n                                                                <div class=\"body-2 medium\">15:30 - 16:45<\/div>\r\n                                    <\/div>\r\n            <\/div>\r\n        \r\n                    <div class=\"moderator-info\">\r\n                <div class=\"sub-header\">\r\n                    Modera                <\/div>\r\n                                                                                <div class=\"moderator-content speaker\" speaker_id=\"114308\">\r\n                            <div class=\"moderator-text\">\r\n                                <div class=\"body-2 medium\">\r\n                                    Olga Prian Serrano                                <\/div>\r\n                                <div class=\"body-2\">\r\n                                                                                                                                                                                            Universidad de Loyola Andaluc\u00eda. Grupo Vitalia Home.                                                                                                                Universidad Loyola Andaluc\u00eda                                                                    <\/div>\r\n                            <\/div>\r\n                                                    <\/div>\r\n                                                <\/div>\r\n        \r\n            <\/div>\r\n\r\n            <div class=\"talks-container\">\r\n                                                <div class=\"talk\">\r\n                                                    <div class=\"talk-title heading-4\">\r\n                                ESTUDIO SOBRE LA EFICACIA DE UNA INTERVENCI\u00d3N GRUPAL PSICOEDUCATIVA PARA CUIDADORES INFORMALES DE PERSONAS CON DIAGN\u00d3STICO DE DETERIORO COGNITIVO LEVE O DEMENCIA                            <\/div>\r\n                        \r\n                                                    <div class=\"talk-speakers\">\r\n                                                                                                                                                <div class=\"talk-speaker speaker\" speaker_id=\"110942\">\r\n                                            <div class=\"speaker-content\">\r\n                                                <div class=\"talk-speaker-name body-2 medium\">\r\n                                                    Paula Torres Hidalgo                                                <\/div>\r\n                                                <div class=\"talk-speaker-cv body-2\">\r\n                                                                                                                                                                                                                                                                            Psic\u00f3logo                                                                                                                                                                Neurolleida                                                                                                    <\/div>\r\n                                            <\/div>\r\n                                                                                    <\/div>\r\n                                                                                                <\/div>\r\n                        \r\n                        \r\n                                            <\/div>\r\n                                    <div class=\"talk\">\r\n                                                    <div class=\"talk-title heading-4\">\r\n                                Biomarcadores digitales en la detecci\u00f3n precoz de la enfermedad de Alzheimer: el lenguaje espont\u00e1neo                            <\/div>\r\n                        \r\n                                                    <div class=\"talk-speakers\">\r\n                                                                                                                                                <div class=\"talk-speaker speaker\" speaker_id=\"112644\">\r\n                                            <div class=\"speaker-content\">\r\n                                                <div class=\"talk-speaker-name body-2 medium\">\r\n                                                    Isabel L\u00f3pez Torres                                                <\/div>\r\n                                                <div class=\"talk-speaker-cv body-2\">\r\n                                                                                                                                                                                                                                                                            Coordinadora de proyecto                                                                                                                                                                Fundaci\u00f3n Centro de Investigaci\u00f3n Enfermedades Neurol\u00f3gicas (FCIEN)                                                                                                    <\/div>\r\n                                            <\/div>\r\n                                                                                    <\/div>\r\n                                                                                                <\/div>\r\n                        \r\n                        \r\n                                            <\/div>\r\n                                    <div class=\"talk\">\r\n                                                    <div class=\"talk-title heading-4\">\r\n                                Perfil neuropsicol\u00f3gico del Deterioro Cognitivo Leve y Demencia con Cuerpos de Lewy en una muestra de pacientes de nuevo diagn\u00f3stico                            <\/div>\r\n                        \r\n                                                    <div class=\"talk-speakers\">\r\n                                                                                                                                                <div class=\"talk-speaker speaker\" speaker_id=\"112767\">\r\n                                            <div class=\"speaker-content\">\r\n                                                <div class=\"talk-speaker-name body-2 medium\">\r\n                                                    Bel\u00e9n Pi\u00f1ol Ferrer                                                <\/div>\r\n                                                <div class=\"talk-speaker-cv body-2\">\r\n                                                                                                                                                                                                                                                                            FE Psicolog\u00eda Cl\u00ednica. Experta en Neuropsicolog\u00eda Cl\u00ednica                                                                                                                                                                HOSPITAL SAN VICENTE DEL RASPEIG                                                                                                    <\/div>\r\n                                            <\/div>\r\n                                                                                    <\/div>\r\n                                                                                                <\/div>\r\n                        \r\n                        \r\n                                            <\/div>\r\n                                    <div class=\"talk\">\r\n                                                    <div class=\"talk-title heading-4\">\r\n                                La influencia de la mascarilla en la compresi\u00f3n en personas con DCL (deterioro cognitivo leve).                            <\/div>\r\n                        \r\n                                                    <div class=\"talk-speakers\">\r\n                                                                                                                                                <div class=\"talk-speaker speaker\" speaker_id=\"113332\">\r\n                                            <div class=\"speaker-content\">\r\n                                                <div class=\"talk-speaker-name body-2 medium\">\r\n                                                    DELIOMA HERNANDEZ DE LA GUARDIA                                                <\/div>\r\n                                                <div class=\"talk-speaker-cv body-2\">\r\n                                                                                                                                                                                                                                                                            PSIC\u00d3LOGA                                                                                                                                                                HOSPITAL SAN JUAN DE DIOS TENERIFE                                                                                                    <\/div>\r\n                                            <\/div>\r\n                                                                                    <\/div>\r\n                                                                                                <\/div>\r\n                        \r\n                        \r\n                                            <\/div>\r\n                                    <div class=\"talk\">\r\n                                                    <div class=\"talk-title heading-4\">\r\n                                La importancia de la velocidad de procesamiento cognitivo en la evaluaci\u00f3n de las primeras etapas de la enfermedad de Alzheimer y el deterioro cognitivo leve                            <\/div>\r\n                        \r\n                                                    <div class=\"talk-speakers\">\r\n                                                                                                                                                <div class=\"talk-speaker speaker\" speaker_id=\"114288\">\r\n                                            <div class=\"speaker-content\">\r\n                                                <div class=\"talk-speaker-name body-2 medium\">\r\n                                                    Judit Subirana Mirete                                                <\/div>\r\n                                                <div class=\"talk-speaker-cv body-2\">\r\n                                                                                                                                                                                                                                                                            Profesora Titular del Campus Docent Sant Joan de D\u00e9u (Universitat de Barcelona); Doctora en Psicolog\u00eda, especialista en Neuropsicolog\u00eda.                                                                                                                                                                Campus Docent Sant Joan de D\u00e9u                                                                                                    <\/div>\r\n                                            <\/div>\r\n                                                                                    <\/div>\r\n                                                                                                <\/div>\r\n                        \r\n                        \r\n                                            <\/div>\r\n                                    <div class=\"talk\">\r\n                                                    <div class=\"talk-title heading-4\">\r\n                                Perfil Neuropsicol\u00f3gico y correlato neural en Enfermedad de Alzheimer t\u00edpica y variantes at\u00edpicas: Una revisi\u00f3n sistem\u00e1tica cualitativa                            <\/div>\r\n                        \r\n                                                    <div class=\"talk-speakers\">\r\n                                                                                                                                                <div class=\"talk-speaker speaker\" speaker_id=\"114334\">\r\n                                            <div class=\"speaker-content\">\r\n                                                <div class=\"talk-speaker-name body-2 medium\">\r\n                                                    Cristina Ramirez Bruna                                                <\/div>\r\n                                                <div class=\"talk-speaker-cv body-2\">\r\n                                                                                                                                                                                                                                                                            Fonoaudi\u00f3loga, docente carrera fonoaudiolog\u00eda Universidad Nacional Andr\u00e9s Bello, Chile                                                                                                                                                                Universidad Nacional Andr\u00e9s Bello                                                                                                    <\/div>\r\n                                            <\/div>\r\n                                                                                    <\/div>\r\n                                                                                                <\/div>\r\n                        \r\n                        \r\n                                            <\/div>\r\n                                    <div class=\"talk\">\r\n                                                    <div class=\"talk-title heading-4\">\r\n                                Predicci\u00f3n del grupo etario a partir de la actividad en los juegos serios de una plataforma web de estimulaci\u00f3n cognitiva                            <\/div>\r\n                        \r\n                                                    <div class=\"talk-speakers\">\r\n                                                                                                                                                <div class=\"talk-speaker speaker\" speaker_id=\"114338\">\r\n                                            <div class=\"speaker-content\">\r\n                                                <div class=\"talk-speaker-name body-2 medium\">\r\n                                                    Mercedes Montenegro Pe\u00f1a                                                <\/div>\r\n                                                <div class=\"talk-speaker-cv body-2\">\r\n                                                                                                                                                                                                                                                                            Jefa Centro de Prevenci\u00f3n del Deterioro Cognitivo                                                                                                                                                                Centro de Prevenci\u00f3n del Deterioro Cognitivo. Madrid Salud. Ayuntamiento de Madrid                                                                                                    <\/div>\r\n                                            <\/div>\r\n                                                                                    <\/div>\r\n                                                                                                <\/div>\r\n                        \r\n                        \r\n                                            <\/div>\r\n                                    <\/div>\r\n    <\/div>\r\n<div class=\"session-side\" session_id=\"6605\">\r\n    <svg class=\"close\" width=\"40\" height=\"40\" viewBox=\"0 0 40 40\" fill=\"none\" xmlns=\"http:\/\/www.w3.org\/2000\/svg\">\r\n        <path d=\"M0 20C0 8.95431 8.95431 0 20 0C31.0457 0 40 8.95431 40 20C40 31.0457 31.0457 40 20 40C8.95431 40 0 31.0457 0 20Z\" fill=\"white\"\/>\r\n        <path d=\"M28.2361 14.2361C28.9197 13.5525 28.9197 12.4424 28.2361 11.7588C27.5525 11.0752 26.4424 11.0752 25.7588 11.7588L20.0002 17.5229L14.2361 11.7643C13.5525 11.0807 12.4424 11.0807 11.7588 11.7643C11.0752 12.4479 11.0752 13.558 11.7588 14.2416L17.5229 20.0002L11.7643 25.7643C11.0807 26.4479 11.0807 27.558 11.7643 28.2416C12.4479 28.9252 13.558 28.9252 14.2416 28.2416L20.0002 22.4775L25.7643 28.2361C26.4479 28.9197 27.558 28.9197 28.2416 28.2361C28.9252 27.5525 28.9252 26.4424 28.2416 25.7588L22.4775 20.0002L28.2361 14.2361Z\" fill=\"black\"\/>\r\n    <\/svg>\r\n\r\n    <div class=\"session-container\">\r\n                    <div class=\"session-info\">\r\n                                                                    <div class=\"body-2 medium\">\r\n                        Comunicaciones orales II                    <\/div>\r\n                                                <div class=\"hour-date-room-container\">\r\n                                        <div class=\"body-2 medium\">8 Mar<\/div>\r\n                                            <div class=\"body-2 medium\">Sala Machado<\/div>\r\n                                                                <div class=\"body-2 medium\">15:30 - 16:45<\/div>\r\n                                    <\/div>\r\n            <\/div>\r\n        \r\n                    <div class=\"moderator-info\">\r\n                <div class=\"sub-header\">\r\n                    Modera                <\/div>\r\n                                                                                <div class=\"moderator-content speaker\" speaker_id=\"102252\">\r\n                            <div class=\"moderator-text\">\r\n                                <div class=\"body-2 medium\">\r\n                                    Jos\u00e9 Mar\u00eda Torralba                                <\/div>\r\n                                <div class=\"body-2\">\r\n                                                                                                                                                                                            Neuropsic\u00f3logo Cl\u00ednico en Agredace. Docente e investigador en la Universidad de Granada y NeuroLab. Granada, Espa\u00f1a                                                                                                                Asociaci\u00f3n de Da\u00f1o Cerebral Granada AGREDACE. Espa\u00f1a                                                                    <\/div>\r\n                            <\/div>\r\n                                                            <div class=\"moderator-thumb\" style=\"background-image: url('https:\/\/bipeek-resources-onsite-prd.s3.amazonaws.com\/37349\/conversions\/Jose_Torralba-perfil.jpg?v=1699605000')\"><\/div>\r\n                                                    <\/div>\r\n                                                <\/div>\r\n        \r\n            <\/div>\r\n\r\n            <div class=\"talks-container\">\r\n                                                <div class=\"talk\">\r\n                                                    <div class=\"talk-title heading-4\">\r\n                                La corteza insular. Resultados tras estimulaci\u00f3n neuropsicol\u00f3gica y mapeo cortico-subcortical de tumores gliales en cirug\u00eda de paciente despierto.                            <\/div>\r\n                        \r\n                                                    <div class=\"talk-speakers\">\r\n                                                                                                                                                <div class=\"talk-speaker speaker\" speaker_id=\"114297\">\r\n                                            <div class=\"speaker-content\">\r\n                                                <div class=\"talk-speaker-name body-2 medium\">\r\n                                                    Isabel Trujillo Pozo                                                <\/div>\r\n                                                <div class=\"talk-speaker-cv body-2\">\r\n                                                                                                                                                                                                                                                                            Profesora Universidad de Sevilla                                                                                                                                                                Facultad de Psicolog\u00eda. Universidad de Sevilla                                                                                                    <\/div>\r\n                                            <\/div>\r\n                                                                                    <\/div>\r\n                                                                                                <\/div>\r\n                        \r\n                        \r\n                                            <\/div>\r\n                                    <div class=\"talk\">\r\n                                                    <div class=\"talk-title heading-4\">\r\n                                Mapeo intraoperatorio del hemisferio derecho: Una revisi\u00f3n sistem\u00e1tica de protocolos que eval\u00faan funciones cognitivas y sociales.                            <\/div>\r\n                        \r\n                                                    <div class=\"talk-speakers\">\r\n                                                                                                                                                <div class=\"talk-speaker speaker\" speaker_id=\"110870\">\r\n                                            <div class=\"speaker-content\">\r\n                                                <div class=\"talk-speaker-name body-2 medium\">\r\n                                                    Isabel Mar\u00eda Mart\u00edn Monz\u00f3n                                                <\/div>\r\n                                                <div class=\"talk-speaker-cv body-2\">\r\n                                                                                                                                                                                                                                                                            PROFESORA TITULAR UNIVERSIDAD. \u00c1REA PSICOBIOLOG\u00cdA, UNIVERSIDAD DE SEVILLA. NEUROPSIC\u00d3LOGA CL\u00cdNICA ACREDITADA                                                                                                                                                                FACULTAD DE PSICOLOG\u00cdA, UNIVERSIDAD DE SEVILLA                                                                                                    <\/div>\r\n                                            <\/div>\r\n                                                                                    <\/div>\r\n                                                                                                <\/div>\r\n                        \r\n                        \r\n                                            <\/div>\r\n                                    <div class=\"talk\">\r\n                                                    <div class=\"talk-title heading-4\">\r\n                                Efectos de la estimulaci\u00f3n Transauricular del Nervio Vago sobre la CRS-R en estados alterados de consciencia                            <\/div>\r\n                        \r\n                                                    <div class=\"talk-speakers\">\r\n                                                                                                                                                <div class=\"talk-speaker speaker\" speaker_id=\"117964\">\r\n                                            <div class=\"speaker-content\">\r\n                                                <div class=\"talk-speaker-name body-2 medium\">\r\n                                                    Alejandro Galvao Carmona                                                <\/div>\r\n                                                <div class=\"talk-speaker-cv body-2\">\r\n                                                                                                                                                                                                                                                                            Investigador y Profesor Titular                                                                                                                                                                Universidad Loyola Andaluc\u00eda, IRENEA e IMIBIC                                                                                                    <\/div>\r\n                                            <\/div>\r\n                                                                                    <\/div>\r\n                                                                                                <\/div>\r\n                        \r\n                        \r\n                                            <\/div>\r\n                                    <div class=\"talk\">\r\n                                                    <div class=\"talk-title heading-4\">\r\n                                Efectos de la estimulaci\u00f3n Transauricular del Nervio Vago sobre la modulaci\u00f3n espectral evocada de Mismatch Negativity en estados alterados de consciencia                            <\/div>\r\n                        \r\n                                                    <div class=\"talk-speakers\">\r\n                                                                                                                                                <div class=\"talk-speaker speaker\" speaker_id=\"113305\">\r\n                                            <div class=\"speaker-content\">\r\n                                                <div class=\"talk-speaker-name body-2 medium\">\r\n                                                    Samuel L\u00f3pez-Rodr\u00edguez                                                <\/div>\r\n                                                <div class=\"talk-speaker-cv body-2\">\r\n                                                                                                                                                                                                                                                                            FPU                                                                                                                                                                Universidad Loyola Andaluc\u00eda                                                                                                    <\/div>\r\n                                            <\/div>\r\n                                                                                    <\/div>\r\n                                                                                                <\/div>\r\n                        \r\n                        \r\n                                            <\/div>\r\n                                    <div class=\"talk\">\r\n                                                    <div class=\"talk-title heading-4\">\r\n                                tDCS en el c\u00f3rtex prefrontal para la reducci\u00f3n del consumo de tabaco y control del craving en fumadores: resultados de un ensayo cl\u00ednico aleatorizado                            <\/div>\r\n                        \r\n                                                    <div class=\"talk-speakers\">\r\n                                                                                                                                                <div class=\"talk-speaker speaker\" speaker_id=\"113351\">\r\n                                            <div class=\"speaker-content\">\r\n                                                <div class=\"talk-speaker-name body-2 medium\">\r\n                                                    MARIEN GADEA DOMENECH                                                <\/div>\r\n                                                <div class=\"talk-speaker-cv body-2\">\r\n                                                                                                                                                                                                                                                                            TITULAR UNIVERSIDAD                                                                                                                                                                DEPARTAMENTO DE PSICOBIOLOG\u00cdA                                                                                                    <\/div>\r\n                                            <\/div>\r\n                                                                                    <\/div>\r\n                                                                                                <\/div>\r\n                        \r\n                        \r\n                                            <\/div>\r\n                                    <div class=\"talk\">\r\n                                                    <div class=\"talk-title heading-4\">\r\n                                Efecto de Mejora en la Originalidad Visual aplicando Estimulaci\u00f3n Transcraneal No Invasiva a Oscilaciones Lentas                            <\/div>\r\n                        \r\n                                                    <div class=\"talk-speakers\">\r\n                                                                                                                                                <div class=\"talk-speaker speaker\" speaker_id=\"113352\">\r\n                                            <div class=\"speaker-content\">\r\n                                                <div class=\"talk-speaker-name body-2 medium\">\r\n                                                    Sarai Mart\u00ednez Mart\u00ednez                                                <\/div>\r\n                                                <div class=\"talk-speaker-cv body-2\">\r\n                                                                                                                                                                                                                                                                            Estudiante                                                                                                                                                                Universidad e Deusto                                                                                                    <\/div>\r\n                                            <\/div>\r\n                                                                                    <\/div>\r\n                                                                                                <\/div>\r\n                        \r\n                        \r\n                                            <\/div>\r\n                                    <div class=\"talk\">\r\n                                                    <div class=\"talk-title heading-4\">\r\n                                M\u00e1s all\u00e1 de la adquisici\u00f3n de dos idiomas: importancia del contexto ling\u00fc\u00edstico en la cognici\u00f3n y el lenguaje de pacientes biling\u00fces con tumores cerebrales                            <\/div>\r\n                        \r\n                                                    <div class=\"talk-speakers\">\r\n                                                                                                                                                <div class=\"talk-speaker speaker\" speaker_id=\"113371\">\r\n                                            <div class=\"speaker-content\">\r\n                                                <div class=\"talk-speaker-name body-2 medium\">\r\n                                                    Anna Gasa Roque                                                <\/div>\r\n                                                <div class=\"talk-speaker-cv body-2\">\r\n                                                                                                                                                                                                                                                                            Neuropsic\u00f3loga                                                                                                                                                                Neuropsychology Unit, Department of Neurology, Hospital Universitari de Bellvitge, Hospitalet de Llobregat, Barcelona, Spain. Cognition and Brain Plasticity Group [Bellvitge Biomedical Research Institute-IDIBELL], L'Hospitalet de Llobregat, Barcelona, Spain. Institute of Neurosciences (UBNeuro), University of Barcelona, Barcelona, Spain                                                                                                    <\/div>\r\n                                            <\/div>\r\n                                                                                    <\/div>\r\n                                                                                                <\/div>\r\n                        \r\n                        \r\n                                            <\/div>\r\n                                    <\/div>\r\n    <\/div>\r\n<div class=\"session-side\" session_id=\"6608\">\r\n    <svg class=\"close\" width=\"40\" height=\"40\" viewBox=\"0 0 40 40\" fill=\"none\" xmlns=\"http:\/\/www.w3.org\/2000\/svg\">\r\n        <path d=\"M0 20C0 8.95431 8.95431 0 20 0C31.0457 0 40 8.95431 40 20C40 31.0457 31.0457 40 20 40C8.95431 40 0 31.0457 0 20Z\" fill=\"white\"\/>\r\n        <path d=\"M28.2361 14.2361C28.9197 13.5525 28.9197 12.4424 28.2361 11.7588C27.5525 11.0752 26.4424 11.0752 25.7588 11.7588L20.0002 17.5229L14.2361 11.7643C13.5525 11.0807 12.4424 11.0807 11.7588 11.7643C11.0752 12.4479 11.0752 13.558 11.7588 14.2416L17.5229 20.0002L11.7643 25.7643C11.0807 26.4479 11.0807 27.558 11.7643 28.2416C12.4479 28.9252 13.558 28.9252 14.2416 28.2416L20.0002 22.4775L25.7643 28.2361C26.4479 28.9197 27.558 28.9197 28.2416 28.2361C28.9252 27.5525 28.9252 26.4424 28.2416 25.7588L22.4775 20.0002L28.2361 14.2361Z\" fill=\"black\"\/>\r\n    <\/svg>\r\n\r\n    <div class=\"session-container\">\r\n                    <div class=\"session-info\">\r\n                                                                    <div class=\"body-2 medium\">\r\n                        Comunicaciones orales III                    <\/div>\r\n                                                <div class=\"hour-date-room-container\">\r\n                                        <div class=\"body-2 medium\">8 Mar<\/div>\r\n                                            <div class=\"body-2 medium\">Sala Seminario 1+2<\/div>\r\n                                                                <div class=\"body-2 medium\">15:30 - 16:45<\/div>\r\n                                    <\/div>\r\n            <\/div>\r\n        \r\n                    <div class=\"moderator-info\">\r\n                <div class=\"sub-header\">\r\n                    Modera                <\/div>\r\n                                                                                <div class=\"moderator-content speaker\" speaker_id=\"109800\">\r\n                            <div class=\"moderator-text\">\r\n                                <div class=\"body-2 medium\">\r\n                                    Lucia Zum\u00e1rraga Astorqui                                <\/div>\r\n                                <div class=\"body-2\">\r\n                                                                                                                                                                                            Neuropsic\u00f3loga cl\u00ednica Pedi\u00e1trica. Directora de NeuroPed. Presidenta de la Asociaci\u00f3n Madrile\u00f1a de Neuropsicolog\u00eda. Madrid, Espa\u00f1a                                                                                                                NeuroPed                                                                    <\/div>\r\n                            <\/div>\r\n                                                    <\/div>\r\n                                                <\/div>\r\n        \r\n            <\/div>\r\n\r\n            <div class=\"talks-container\">\r\n                                                <div class=\"talk\">\r\n                                                    <div class=\"talk-title heading-4\">\r\n                                Diferencias (y semejanzas) transculturales en el rendimiento ejecutivo y el pensamiento creativo: un an\u00e1lisis comparativo entre poblaci\u00f3n cubana y espa\u00f1ola en Educaci\u00f3n Primaria                            <\/div>\r\n                        \r\n                                                    <div class=\"talk-speakers\">\r\n                                                                                                                                                <div class=\"talk-speaker speaker\" speaker_id=\"113250\">\r\n                                            <div class=\"speaker-content\">\r\n                                                <div class=\"talk-speaker-name body-2 medium\">\r\n                                                    Rafael Segundo-Marcos                                                <\/div>\r\n                                                <div class=\"talk-speaker-cv body-2\">\r\n                                                                                                                                                                                                                                                                            Profesor Asociado en el Departamento de Educaci\u00f3n de la Universidad de Almer\u00eda. Grupo de investigaci\u00f3n: Neuropsicolog\u00eda, Neurociencia Cognitiva Y Sexolog\u00eda (CTS001) de la Universidad de Almer\u00eda                                                                                                                                                                Universidad de Almer\u00eda                                                                                                    <\/div>\r\n                                            <\/div>\r\n                                                                                    <\/div>\r\n                                                                                                <\/div>\r\n                        \r\n                        \r\n                                            <\/div>\r\n                                    <div class=\"talk\">\r\n                                                    <div class=\"talk-title heading-4\">\r\n                                Patrones de exploraci\u00f3n visual espec\u00edficos en Trastornos del Espectro de Autismo y Trastornos del Desarrollo del Lenguaje. \u00bfUna oportunidad para el diagn\u00f3stico diferencial?                            <\/div>\r\n                        \r\n                                                    <div class=\"talk-speakers\">\r\n                                                                                                                                                <div class=\"talk-speaker speaker\" speaker_id=\"113922\">\r\n                                            <div class=\"speaker-content\">\r\n                                                <div class=\"talk-speaker-name body-2 medium\">\r\n                                                    Adoraci\u00f3n Antol\u00ed Cabrera                                                <\/div>\r\n                                                <div class=\"talk-speaker-cv body-2\">\r\n                                                                                                                                                                                                                                                                            Profesora Titular de Universidad.                                                                                                                                                                Departamento Psicolog\u00eda. Universidad de C\u00f3rdoba. Instituto Maim\u00f3nides de Investigaci\u00f3n Biom\u00e9dica de C\u00f3rdoba IMIBIC.                                                                                                    <\/div>\r\n                                            <\/div>\r\n                                                                                            <div class=\"speaker-thumb\" style=\"background-image: url('https:\/\/bipeek-resources-onsite-prd.s3.amazonaws.com\/38881\/conversions\/Foto-perfil-perfil.jpg?v=1705493762')\"><\/div>\r\n                                                                                    <\/div>\r\n                                                                                                <\/div>\r\n                        \r\n                        \r\n                                            <\/div>\r\n                                    <div class=\"talk\">\r\n                                                    <div class=\"talk-title heading-4\">\r\n                                Identificaci\u00f3n de trastornos del neurodesarrollo en una cohorte de nacimiento muy prematuros: seguimiento longitudinal                            <\/div>\r\n                        \r\n                                                    <div class=\"talk-speakers\">\r\n                                                                                                                                                <div class=\"talk-speaker speaker\" speaker_id=\"113959\">\r\n                                            <div class=\"speaker-content\">\r\n                                                <div class=\"talk-speaker-name body-2 medium\">\r\n                                                    Rosanna Mar\u00ed Vico                                                <\/div>\r\n                                                <div class=\"talk-speaker-cv body-2\">\r\n                                                                                                                                                                                                                                                                            Neuropsic\u00f3loga y logopeda                                                                                                                                                                Hospital Sant Joan de D\u00c9U                                                                                                    <\/div>\r\n                                            <\/div>\r\n                                                                                    <\/div>\r\n                                                                                                <\/div>\r\n                        \r\n                        \r\n                                            <\/div>\r\n                                    <div class=\"talk\">\r\n                                                    <div class=\"talk-title heading-4\">\r\n                                Perfil de severidad y neurodesarrollo en casos con TEA detectados antes de los 3 a\u00f1os                            <\/div>\r\n                        \r\n                                                    <div class=\"talk-speakers\">\r\n                                                                                                                                                <div class=\"talk-speaker speaker\" speaker_id=\"114011\">\r\n                                            <div class=\"speaker-content\">\r\n                                                <div class=\"talk-speaker-name body-2 medium\">\r\n                                                    Aritz Aranbarri Paredes                                                <\/div>\r\n                                                <div class=\"talk-speaker-cv body-2\">\r\n                                                                                                                                                                                                                                                                            Facultativo Neuropsic\u00f3lgo Infantil e Investigador Principal                                                                                                                                                                Unidad multidisciplinar del Trastorno del Espectro del Autismo (UnimTEA), \u00c1rea de Salud Mental Infantojuvenil del Hospital Sant Joan de D\u00e9u Barcelona                                                                                                    <\/div>\r\n                                            <\/div>\r\n                                                                                    <\/div>\r\n                                                                                                <\/div>\r\n                        \r\n                        \r\n                                            <\/div>\r\n                                    <div class=\"talk\">\r\n                                                    <div class=\"talk-title heading-4\">\r\n                                An\u00e1lisis predictivo del desempe\u00f1o en el \u00edndice de comprensi\u00f3n verbal (ICV) de las escalas Wechsler en escolares con antecedentes de prematuridad y bajo peso al nacer a partir de im\u00e1genes de resonancia magn\u00e9tica estructural.                            <\/div>\r\n                        \r\n                                                    <div class=\"talk-speakers\">\r\n                                                                                                                                                <div class=\"talk-speaker speaker\" speaker_id=\"114333\">\r\n                                            <div class=\"speaker-content\">\r\n                                                <div class=\"talk-speaker-name body-2 medium\">\r\n                                                    MARTA ELENA CARRASCO SOLIS                                                <\/div>\r\n                                                <div class=\"talk-speaker-cv body-2\">\r\n                                                                                                                                                                                                                                                                            PSIC\u00d3LOGA SANITARIA, DOCTORANDA EN MEDICINA POR LA UNIVERSIDAD DE GRANADA                                                                                                                                                                HOSPITAL UNIVERSITARIO CL\u00cdNICO SAN CECILIO GRANDA                                                                                                    <\/div>\r\n                                            <\/div>\r\n                                                                                    <\/div>\r\n                                                                                                <\/div>\r\n                        \r\n                        \r\n                                            <\/div>\r\n                                    <\/div>\r\n    <\/div>\r\n<div class=\"session-side\" session_id=\"6609\">\r\n    <svg class=\"close\" width=\"40\" height=\"40\" viewBox=\"0 0 40 40\" fill=\"none\" xmlns=\"http:\/\/www.w3.org\/2000\/svg\">\r\n        <path d=\"M0 20C0 8.95431 8.95431 0 20 0C31.0457 0 40 8.95431 40 20C40 31.0457 31.0457 40 20 40C8.95431 40 0 31.0457 0 20Z\" fill=\"white\"\/>\r\n        <path d=\"M28.2361 14.2361C28.9197 13.5525 28.9197 12.4424 28.2361 11.7588C27.5525 11.0752 26.4424 11.0752 25.7588 11.7588L20.0002 17.5229L14.2361 11.7643C13.5525 11.0807 12.4424 11.0807 11.7588 11.7643C11.0752 12.4479 11.0752 13.558 11.7588 14.2416L17.5229 20.0002L11.7643 25.7643C11.0807 26.4479 11.0807 27.558 11.7643 28.2416C12.4479 28.9252 13.558 28.9252 14.2416 28.2416L20.0002 22.4775L25.7643 28.2361C26.4479 28.9197 27.558 28.9197 28.2416 28.2361C28.9252 27.5525 28.9252 26.4424 28.2416 25.7588L22.4775 20.0002L28.2361 14.2361Z\" fill=\"black\"\/>\r\n    <\/svg>\r\n\r\n    <div class=\"session-container\">\r\n                    <div class=\"session-info\">\r\n                                                                    <div class=\"body-2 medium\">\r\n                        Comunicaciones orales IV                    <\/div>\r\n                                                <div class=\"hour-date-room-container\">\r\n                                        <div class=\"body-2 medium\">8 Mar<\/div>\r\n                                            <div class=\"body-2 medium\">Sala Seminario 3+4<\/div>\r\n                                                                <div class=\"body-2 medium\">15:30 - 16:45<\/div>\r\n                                    <\/div>\r\n            <\/div>\r\n        \r\n                    <div class=\"moderator-info\">\r\n                <div class=\"sub-header\">\r\n                    Modera                <\/div>\r\n                                                                                <div class=\"moderator-content speaker\" speaker_id=\"116106\">\r\n                            <div class=\"moderator-text\">\r\n                                <div class=\"body-2 medium\">\r\n                                    GUSTAVO CUBEROS URBAO                                <\/div>\r\n                                <div class=\"body-2\">\r\n                                                                                                                                                                                            Neuropsic\u00f3logo. NEUROAFEIC Asociaci\u00f3n de Familiares y Afectados por Ictus de Granada. Granada, Espa\u00f1a                                                                                                                NEUROAFEIC                                                                    <\/div>\r\n                            <\/div>\r\n                                                    <\/div>\r\n                                                <\/div>\r\n        \r\n            <\/div>\r\n\r\n            <div class=\"talks-container\">\r\n                                                <div class=\"talk\">\r\n                                                    <div class=\"talk-title heading-4\">\r\n                                El impacto de la fatiga en la calidad de vida en la Enfermedad de Parkinson                            <\/div>\r\n                        \r\n                                                    <div class=\"talk-speakers\">\r\n                                                                                                                                                <div class=\"talk-speaker speaker\" speaker_id=\"114274\">\r\n                                            <div class=\"speaker-content\">\r\n                                                <div class=\"talk-speaker-name body-2 medium\">\r\n                                                    Oihana Zabala                                                <\/div>\r\n                                                <div class=\"talk-speaker-cv body-2\">\r\n                                                                                                                                                                                                                                                                            Estudiante doctorado                                                                                                                                                                Universidad de Deusto                                                                                                    <\/div>\r\n                                            <\/div>\r\n                                                                                    <\/div>\r\n                                                                                                <\/div>\r\n                        \r\n                        \r\n                                            <\/div>\r\n                                    <div class=\"talk\">\r\n                                                    <div class=\"talk-title heading-4\">\r\n                                Relaci\u00f3n entre errores y autocorregidos en tareas neuropsicol\u00f3gicas y apat\u00eda en Enfermedad de Huntington.                            <\/div>\r\n                        \r\n                                                    <div class=\"talk-speakers\">\r\n                                                                                                                                                <div class=\"talk-speaker speaker\" speaker_id=\"113366\">\r\n                                            <div class=\"speaker-content\">\r\n                                                <div class=\"talk-speaker-name body-2 medium\">\r\n                                                    Alba Berenguer Gonz\u00e1lez                                                <\/div>\r\n                                                <div class=\"talk-speaker-cv body-2\">\r\n                                                                                                                                                                                                                                                                            Psic\u00f3loga                                                                                                                                                                Hospital Mare de D\u00e8u de la Merc\u00e8                                                                                                    <\/div>\r\n                                            <\/div>\r\n                                                                                    <\/div>\r\n                                                                                                <\/div>\r\n                        \r\n                        \r\n                                            <\/div>\r\n                                    <div class=\"talk\">\r\n                                                    <div class=\"talk-title heading-4\">\r\n                                Alteraciones neuropsicol\u00f3gicas y adelgazamiento cortical regional en pacientes con trastorno de conducta de sue\u00f1o REM y su relaci\u00f3n con el riesgo de conversi\u00f3n a enfermedad de Parkinson.                            <\/div>\r\n                        \r\n                                                    <div class=\"talk-speakers\">\r\n                                                                                                                                                <div class=\"talk-speaker speaker\" speaker_id=\"113949\">\r\n                                            <div class=\"speaker-content\">\r\n                                                <div class=\"talk-speaker-name body-2 medium\">\r\n                                                    Ignacio Roura Blanco                                                <\/div>\r\n                                                <div class=\"talk-speaker-cv body-2\">\r\n                                                                                                                                                                                                                                                                            Estudiante predoctoral en formaci\u00f3n                                                                                                                                                                Facultad de Medicina, Universidad de Barcelona.                                                                                                    <\/div>\r\n                                            <\/div>\r\n                                                                                    <\/div>\r\n                                                                                                <\/div>\r\n                        \r\n                        \r\n                                            <\/div>\r\n                                    <div class=\"talk\">\r\n                                                    <div class=\"talk-title heading-4\">\r\n                                Influencia del Nivel de Discapacidad en el Rendimiento Cognitivo-Motor despu\u00e9s de una Intervenci\u00f3n Nutricional en Personas con Esclerosis M\u00faltiple en Fase Remitente                            <\/div>\r\n                        \r\n                                                    <div class=\"talk-speakers\">\r\n                                                                                                                                                <div class=\"talk-speaker speaker\" speaker_id=\"114296\">\r\n                                            <div class=\"speaker-content\">\r\n                                                <div class=\"talk-speaker-name body-2 medium\">\r\n                                                    Gema Sillero Cadenas                                                <\/div>\r\n                                                <div class=\"talk-speaker-cv body-2\">\r\n                                                                                                                                                                                                                                                                            Estudiante                                                                                                                                                                Universidad Loyola Andaluc\u00eda                                                                                                    <\/div>\r\n                                            <\/div>\r\n                                                                                    <\/div>\r\n                                                                                                <\/div>\r\n                        \r\n                        \r\n                                            <\/div>\r\n                                    <div class=\"talk\">\r\n                                                    <div class=\"talk-title heading-4\">\r\n                                AN\u00c1LISIS DE LA DISFUNCI\u00d3N COGNITIVA EN FIBROMIALGIA: ESTUDIO NEUROPSICOL\u00d3GICO DE LA ATENCI\u00d3N Y SU RELACI\u00d3N CON VARIABLES CL\u00cdNICAS Y PSICOL\u00d3GICAS. UN ESTUDIO PILOTO                            <\/div>\r\n                        \r\n                                                    <div class=\"talk-speakers\">\r\n                                                                                                                                                <div class=\"talk-speaker speaker\" speaker_id=\"113390\">\r\n                                            <div class=\"speaker-content\">\r\n                                                <div class=\"talk-speaker-name body-2 medium\">\r\n                                                    Cristina Rubio Gonz\u00e1lez                                                <\/div>\r\n                                                <div class=\"talk-speaker-cv body-2\">\r\n                                                                                                                                                                                                                                                                            Estudiante del programa de doctorado de la Universidad Rey Juan Carlos                                                                                                                                                                Universidad Rey Juan Carlos                                                                                                    <\/div>\r\n                                            <\/div>\r\n                                                                                    <\/div>\r\n                                                                                                <\/div>\r\n                        \r\n                        \r\n                                            <\/div>\r\n                                    <div class=\"talk\">\r\n                                                    <div class=\"talk-title heading-4\">\r\n                                LA FORMACI\u00d3N EN NEUROPSICOLOG\u00cdA DE LOS GRADOS EN PSICOLOG\u00cdA EN LA UNIVERSIDAD P\u00daBLICA ESPA\u00d1OLA                            <\/div>\r\n                        \r\n                                                    <div class=\"talk-speakers\">\r\n                                                                                                                                                <div class=\"talk-speaker speaker\" speaker_id=\"110803\">\r\n                                            <div class=\"speaker-content\">\r\n                                                <div class=\"talk-speaker-name body-2 medium\">\r\n                                                    Emilio Verche                                                <\/div>\r\n                                                <div class=\"talk-speaker-cv body-2\">\r\n                                                                                                                                                                                                                                                                            Profesor Ayudante Doctor en Psicobiolog\u00eda. Neuropsic\u00f3logo.                                                                                                                                                                Universidad Complutense de Madrid                                                                                                    <\/div>\r\n                                            <\/div>\r\n                                                                                    <\/div>\r\n                                                                                                <\/div>\r\n                        \r\n                        \r\n                                            <\/div>\r\n                                    <div class=\"talk\">\r\n                                                    <div class=\"talk-title heading-4\">\r\n                                Posible ventana terap\u00e9utica ofrecida por Zolpidem en Estados Alterados de Conciencia: una revisi\u00f3n sistem\u00e1tica.                            <\/div>\r\n                        \r\n                                                    <div class=\"talk-speakers\">\r\n                                                                                                                                                <div class=\"talk-speaker speaker\" speaker_id=\"19246\">\r\n                                            <div class=\"speaker-content\">\r\n                                                <div class=\"talk-speaker-name body-2 medium\">\r\n                                                    Marta  G\u00f3mez                                                <\/div>\r\n                                                <div class=\"talk-speaker-cv body-2\">\r\n                                                                                                                                                                                                                                                                                                                                Irenea. Instituto de Rehabilitaci\u00f3n Neurol\u00f3gica                                                                                                    <\/div>\r\n                                            <\/div>\r\n                                                                                    <\/div>\r\n                                                                                                <\/div>\r\n                        \r\n                        \r\n                                            <\/div>\r\n                                    <\/div>\r\n    <\/div>\r\n<div class=\"session-side\" session_id=\"6348\">\r\n    <svg class=\"close\" width=\"40\" height=\"40\" viewBox=\"0 0 40 40\" fill=\"none\" xmlns=\"http:\/\/www.w3.org\/2000\/svg\">\r\n        <path d=\"M0 20C0 8.95431 8.95431 0 20 0C31.0457 0 40 8.95431 40 20C40 31.0457 31.0457 40 20 40C8.95431 40 0 31.0457 0 20Z\" fill=\"white\"\/>\r\n        <path d=\"M28.2361 14.2361C28.9197 13.5525 28.9197 12.4424 28.2361 11.7588C27.5525 11.0752 26.4424 11.0752 25.7588 11.7588L20.0002 17.5229L14.2361 11.7643C13.5525 11.0807 12.4424 11.0807 11.7588 11.7643C11.0752 12.4479 11.0752 13.558 11.7588 14.2416L17.5229 20.0002L11.7643 25.7643C11.0807 26.4479 11.0807 27.558 11.7643 28.2416C12.4479 28.9252 13.558 28.9252 14.2416 28.2416L20.0002 22.4775L25.7643 28.2361C26.4479 28.9197 27.558 28.9197 28.2416 28.2361C28.9252 27.5525 28.9252 26.4424 28.2416 25.7588L22.4775 20.0002L28.2361 14.2361Z\" fill=\"black\"\/>\r\n    <\/svg>\r\n\r\n    <div class=\"session-container\">\r\n                    <div class=\"session-info\">\r\n                                                                    <div class=\"body-2 medium\">\r\n                        Conferencia plenaria. Neuroanatom\u00eda de los Circuitos Cerebrales asociados al Lenguaje: Abordaje desde la Neuroimagen. Nikos Makris                    <\/div>\r\n                                                <div class=\"hour-date-room-container\">\r\n                                        <div class=\"body-2 medium\">8 Mar<\/div>\r\n                                            <div class=\"body-2 medium\">Sala Alb\u00e9niz-Machuca<\/div>\r\n                                                                <div class=\"body-2 medium\">16:45 - 17:45<\/div>\r\n                                    <\/div>\r\n            <\/div>\r\n        \r\n                    <div class=\"moderator-info\">\r\n                <div class=\"sub-header\">\r\n                    Modera                <\/div>\r\n                                                                                <div class=\"moderator-content speaker\" speaker_id=\"102254\">\r\n                            <div class=\"moderator-text\">\r\n                                <div class=\"body-2 medium\">\r\n                                    Jose Domingo Barroso                                <\/div>\r\n                                <div class=\"body-2\">\r\n                                                                                                                                                                                            Presidente del Comit\u00e9 Cient\u00edfico. Catedr\u00e1tico de la Universidad Fernando Pessoa Canarias. Espa\u00f1a                                                                                                                Universidad Fernando Pessoa Canarias. Espa\u00f1a                                                                    <\/div>\r\n                            <\/div>\r\n                                                            <div class=\"moderator-thumb\" style=\"background-image: url('https:\/\/bipeek-resources-onsite-prd.s3.amazonaws.com\/34563\/conversions\/FOTO-JB-2022-ABRIL-IMG_2067-perfil.jpg?v=1696502440')\"><\/div>\r\n                                                    <\/div>\r\n                                                <\/div>\r\n        \r\n            <\/div>\r\n\r\n            <div class=\"talks-container\">\r\n                                                <div class=\"talk\">\r\n                                                    <div class=\"talk-title heading-4\">\r\n                                Conferencia plenaria. Neuroanatom\u00eda de los Circuitos Cerebrales asociados al Lenguaje: Abordaje desde la Neuroimagen                            <\/div>\r\n                        \r\n                                                    <div class=\"talk-speakers\">\r\n                                                                                                                                                <div class=\"talk-speaker speaker\" speaker_id=\"100858\">\r\n                                            <div class=\"speaker-content\">\r\n                                                <div class=\"talk-speaker-name body-2 medium\">\r\n                                                    Nikos Makris                                                <\/div>\r\n                                                <div class=\"talk-speaker-cv body-2\">\r\n                                                                                                                                                                                                                                                                            Profesor Asociado de Psiquiatr\u00eda y Neurolog\u00eda. Harvard Medical School. United States                                                                                                                                                        <\/div>\r\n                                            <\/div>\r\n                                                                                            <div class=\"speaker-thumb\" style=\"background-image: url('https:\/\/bipeek-resources-onsite-prd.s3.amazonaws.com\/33953\/conversions\/Nikos-Makris-perfil.jpg?v=1695719695')\"><\/div>\r\n                                                                                    <\/div>\r\n                                                                                                <\/div>\r\n                        \r\n                        \r\n                                            <\/div>\r\n                                    <\/div>\r\n    <\/div>\r\n                        <style>\r\n                            .fc-event.session-6606{\r\n                                pointer-events: none;\r\n                            }\r\n                            .fc-event.session-6606::after{\r\n                                display: none !important;\r\n                            }\r\n                        <\/style>\r\n                    <div class=\"session-side\" session_id=\"6559\">\r\n    <svg class=\"close\" width=\"40\" height=\"40\" viewBox=\"0 0 40 40\" fill=\"none\" xmlns=\"http:\/\/www.w3.org\/2000\/svg\">\r\n        <path d=\"M0 20C0 8.95431 8.95431 0 20 0C31.0457 0 40 8.95431 40 20C40 31.0457 31.0457 40 20 40C8.95431 40 0 31.0457 0 20Z\" fill=\"white\"\/>\r\n        <path d=\"M28.2361 14.2361C28.9197 13.5525 28.9197 12.4424 28.2361 11.7588C27.5525 11.0752 26.4424 11.0752 25.7588 11.7588L20.0002 17.5229L14.2361 11.7643C13.5525 11.0807 12.4424 11.0807 11.7588 11.7643C11.0752 12.4479 11.0752 13.558 11.7588 14.2416L17.5229 20.0002L11.7643 25.7643C11.0807 26.4479 11.0807 27.558 11.7643 28.2416C12.4479 28.9252 13.558 28.9252 14.2416 28.2416L20.0002 22.4775L25.7643 28.2361C26.4479 28.9197 27.558 28.9197 28.2416 28.2361C28.9252 27.5525 28.9252 26.4424 28.2416 25.7588L22.4775 20.0002L28.2361 14.2361Z\" fill=\"black\"\/>\r\n    <\/svg>\r\n\r\n    <div class=\"session-container\">\r\n                    <div class=\"session-info\">\r\n                                                                    <div class=\"body-2 medium\">\r\n                        Mesa 5. Diagn\u00f3stico y Tratamiento de la alteraci\u00f3n de los procesos ling\u00fc\u00edsticos                    <\/div>\r\n                                                <div class=\"hour-date-room-container\">\r\n                                        <div class=\"body-2 medium\">8 Mar<\/div>\r\n                                            <div class=\"body-2 medium\">Sala Alb\u00e9niz-Machuca<\/div>\r\n                                                                <div class=\"body-2 medium\">18:15 - 19:30<\/div>\r\n                                    <\/div>\r\n            <\/div>\r\n        \r\n                    <div class=\"moderator-info\">\r\n                <div class=\"sub-header\">\r\n                    Modera                <\/div>\r\n                                                                                <div class=\"moderator-content speaker\" speaker_id=\"102257\">\r\n                            <div class=\"moderator-text\">\r\n                                <div class=\"body-2 medium\">\r\n                                    Igor Bomb\u00edn                                <\/div>\r\n                                <div class=\"body-2\">\r\n                                                                                                                                                                                            Neuropsic\u00f3logo Cl\u00ednico - Coordinador del Equipo Interdisiciplinar de Reintegra.                                                                                                                Reintegra: Centro de Rehabilitaci\u00f3n Neurol\u00f3gica. Oviedo, Espa\u00f1a                                                                    <\/div>\r\n                            <\/div>\r\n                                                    <\/div>\r\n                                                <\/div>\r\n        \r\n            <\/div>\r\n\r\n            <div class=\"talks-container\">\r\n                                                <div class=\"talk\">\r\n                                                    <div class=\"talk-title heading-4\">\r\n                                Diagn\u00f3stico  de las afasias progresivas primarias. El test MLSE                            <\/div>\r\n                        \r\n                                                    <div class=\"talk-speakers\">\r\n                                                                                                                                                <div class=\"talk-speaker speaker\" speaker_id=\"105577\">\r\n                                            <div class=\"speaker-content\">\r\n                                                <div class=\"talk-speaker-name body-2 medium\">\r\n                                                    Fernando Cuetos                                                <\/div>\r\n                                                <div class=\"talk-speaker-cv body-2\">\r\n                                                                                                                                                                                                                                                                            Catedr\u00e1tico de Psicolog\u00eda del Lenguaje de la Universidad de Oviedo. Oviedo, Espa\u00f1a                                                                                                                                                                Universidad de Oviedo. Espa\u00f1a                                                                                                    <\/div>\r\n                                            <\/div>\r\n                                                                                            <div class=\"speaker-thumb\" style=\"background-image: url('https:\/\/bipeek-resources-onsite-prd.s3.amazonaws.com\/37351\/conversions\/Fernando_Cuetos-perfil.jpg?v=1699605427')\"><\/div>\r\n                                                                                    <\/div>\r\n                                                                                                <\/div>\r\n                        \r\n                        \r\n                                            <\/div>\r\n                                    <div class=\"talk\">\r\n                                                    <div class=\"talk-title heading-4\">\r\n                                Neuroplasticidad y farmacoterapia en la afasia cr\u00f3nica post-ictus                            <\/div>\r\n                        \r\n                                                    <div class=\"talk-speakers\">\r\n                                                                                                                                                <div class=\"talk-speaker speaker\" speaker_id=\"105578\">\r\n                                            <div class=\"speaker-content\">\r\n                                                <div class=\"talk-speaker-name body-2 medium\">\r\n                                                    Marcelo Berthier                                                <\/div>\r\n                                                <div class=\"talk-speaker-cv body-2\">\r\n                                                                                                                                                                                                                                                                            Profesor Em\u00e9rito de Neurolog\u00eda. Unidad de Neurolog\u00eda Cognitiva y Afasia. Centro de Investigaciones M\u00e9dico-Sanitarias. Universidad de M\u00e1laga. M\u00e1laga, Espa\u00f1a                                                                                                                                                                Universidad de M\u00e1laga. Espa\u00f1a                                                                                                    <\/div>\r\n                                            <\/div>\r\n                                                                                            <div class=\"speaker-thumb\" style=\"background-image: url('https:\/\/bipeek-resources-onsite-prd.s3.amazonaws.com\/37354\/conversions\/Marcelo_Berthier-perfil.jpg?v=1699605792')\"><\/div>\r\n                                                                                    <\/div>\r\n                                                                                                <\/div>\r\n                        \r\n                        \r\n                                            <\/div>\r\n                                    <div class=\"talk\">\r\n                                                    <div class=\"talk-title heading-4\">\r\n                                Predictores de eficacia en rehabilitaci\u00f3n de la afasia postictus: resultados del estudio RELEASE                            <\/div>\r\n                        \r\n                                                    <div class=\"talk-speakers\">\r\n                                                                                                                                                <div class=\"talk-speaker speaker\" speaker_id=\"105579\">\r\n                                            <div class=\"speaker-content\">\r\n                                                <div class=\"talk-speaker-name body-2 medium\">\r\n                                                    Loles Navarro                                                <\/div>\r\n                                                <div class=\"talk-speaker-cv body-2\">\r\n                                                                                                                                                                                                                                                                            Neuropsic\u00f3loga. Gestora de proyectos de investigaci\u00f3n en IRENEA (Instituto de Rehabilitaci\u00f3n Neurol\u00f3gica). Fundaci\u00f3n Hospitales Vithas. Espa\u00f1a                                                                                                                                                        <\/div>\r\n                                            <\/div>\r\n                                                                                            <div class=\"speaker-thumb\" style=\"background-image: url('https:\/\/bipeek-resources-onsite-prd.s3.amazonaws.com\/37347\/conversions\/Loles-Navarro-perfil.jpg?v=1699604621')\"><\/div>\r\n                                                                                    <\/div>\r\n                                                                                                <\/div>\r\n                        \r\n                        \r\n                                            <\/div>\r\n                                    <\/div>\r\n    <\/div>\r\n<div class=\"session-side\" session_id=\"6615\">\r\n    <svg class=\"close\" width=\"40\" height=\"40\" viewBox=\"0 0 40 40\" fill=\"none\" xmlns=\"http:\/\/www.w3.org\/2000\/svg\">\r\n        <path d=\"M0 20C0 8.95431 8.95431 0 20 0C31.0457 0 40 8.95431 40 20C40 31.0457 31.0457 40 20 40C8.95431 40 0 31.0457 0 20Z\" fill=\"white\"\/>\r\n        <path d=\"M28.2361 14.2361C28.9197 13.5525 28.9197 12.4424 28.2361 11.7588C27.5525 11.0752 26.4424 11.0752 25.7588 11.7588L20.0002 17.5229L14.2361 11.7643C13.5525 11.0807 12.4424 11.0807 11.7588 11.7643C11.0752 12.4479 11.0752 13.558 11.7588 14.2416L17.5229 20.0002L11.7643 25.7643C11.0807 26.4479 11.0807 27.558 11.7643 28.2416C12.4479 28.9252 13.558 28.9252 14.2416 28.2416L20.0002 22.4775L25.7643 28.2361C26.4479 28.9197 27.558 28.9197 28.2416 28.2361C28.9252 27.5525 28.9252 26.4424 28.2416 25.7588L22.4775 20.0002L28.2361 14.2361Z\" fill=\"black\"\/>\r\n    <\/svg>\r\n\r\n    <div class=\"session-container\">\r\n                    <div class=\"session-info\">\r\n                                                                    <div class=\"body-2 medium\">\r\n                        Mesa 6. Estudio de las alteraciones del sue\u00f1o en los trastornos del neurodesarrollo m\u00e1s prevalentes en edad infantojuvenil                    <\/div>\r\n                                                <div class=\"hour-date-room-container\">\r\n                                        <div class=\"body-2 medium\">8 Mar<\/div>\r\n                                            <div class=\"body-2 medium\">Sala Machado<\/div>\r\n                                                                <div class=\"body-2 medium\">18:15 - 19:30<\/div>\r\n                                    <\/div>\r\n            <\/div>\r\n        \r\n                    <div class=\"moderator-info\">\r\n                <div class=\"sub-header\">\r\n                    Modera                <\/div>\r\n                                                                                <div class=\"moderator-content speaker\" speaker_id=\"109800\">\r\n                            <div class=\"moderator-text\">\r\n                                <div class=\"body-2 medium\">\r\n                                    Lucia Zum\u00e1rraga Astorqui                                <\/div>\r\n                                <div class=\"body-2\">\r\n                                                                                                                                                                                            Neuropsic\u00f3loga cl\u00ednica Pedi\u00e1trica. Directora de NeuroPed. Presidenta de la Asociaci\u00f3n Madrile\u00f1a de Neuropsicolog\u00eda. Madrid, Espa\u00f1a                                                                                                                NeuroPed                                                                    <\/div>\r\n                            <\/div>\r\n                                                    <\/div>\r\n                                                <\/div>\r\n        \r\n            <\/div>\r\n\r\n            <div class=\"talks-container\">\r\n                                                <div class=\"talk\">\r\n                                                    <div class=\"talk-title heading-4\">\r\n                                Alteraci\u00f3n del neurodesarrollo y sue\u00f1o: \u00bfUn mismo proceso? o \u00bfComorbilidad?                            <\/div>\r\n                        \r\n                                                    <div class=\"talk-speakers\">\r\n                                                                                                                                                <div class=\"talk-speaker speaker\" speaker_id=\"109714\">\r\n                                            <div class=\"speaker-content\">\r\n                                                <div class=\"talk-speaker-name body-2 medium\">\r\n                                                    Gonzalo Pin Arboledas                                                <\/div>\r\n                                                <div class=\"talk-speaker-cv body-2\">\r\n                                                                                                                                                                                                                                                                            Experto en Medicina de los Trastornos del Sue\u00f1o y Coordinador del Grupo de Sue\u00f1o y Cronobiolog\u00eda de la Asociaci\u00f3n Espa\u00f1ola de Pediatr\u00eda. CLINEVA, Valencia, Espa\u00f1a                                                                                                                                                        <\/div>\r\n                                            <\/div>\r\n                                                                                            <div class=\"speaker-thumb\" style=\"background-image: url('https:\/\/bipeek-resources-onsite-prd.s3.amazonaws.com\/37342\/conversions\/Foto-Gonzalo-Pin-perfil.jpg?v=1699603974')\"><\/div>\r\n                                                                                    <\/div>\r\n                                                                                                <\/div>\r\n                        \r\n                        \r\n                                            <\/div>\r\n                                    <div class=\"talk\">\r\n                                                    <div class=\"talk-title heading-4\">\r\n                                Herramientas no invasivas para la evaluaci\u00f3n del sue\u00f1o                            <\/div>\r\n                        \r\n                                                    <div class=\"talk-speakers\">\r\n                                                                                                                                                <div class=\"talk-speaker speaker\" speaker_id=\"109716\">\r\n                                            <div class=\"speaker-content\">\r\n                                                <div class=\"talk-speaker-name body-2 medium\">\r\n                                                    Beatriz Rodr\u00edguez Morilla                                                <\/div>\r\n                                                <div class=\"talk-speaker-cv body-2\">\r\n                                                                                                                                                                                                                                                                            Doctora en psicolog\u00eda en el \u00e1rea de ritmos circadianos y sue\u00f1o. Konohealth SL, Murcia, Espa\u00f1a                                                                                                                                                        <\/div>\r\n                                            <\/div>\r\n                                                                                            <div class=\"speaker-thumb\" style=\"background-image: url('https:\/\/bipeek-resources-onsite-prd.s3.amazonaws.com\/37344\/conversions\/foto-Beatriz-Rodr%C3%ADguez-perfil.jpg?v=1699604120')\"><\/div>\r\n                                                                                    <\/div>\r\n                                                                                                <\/div>\r\n                        \r\n                        \r\n                                            <\/div>\r\n                                    <div class=\"talk\">\r\n                                                    <div class=\"talk-title heading-4\">\r\n                                Marcadores de calidad del sue\u00f1o y su relaci\u00f3n con perfiles neuropsicol\u00f3gicos de ni\u00f1os\/as con TEA, TDAH y controles: Proyecto iCASE                            <\/div>\r\n                        \r\n                                                    <div class=\"talk-speakers\">\r\n                                                                                                                                                <div class=\"talk-speaker speaker\" speaker_id=\"103597\">\r\n                                            <div class=\"speaker-content\">\r\n                                                <div class=\"talk-speaker-name body-2 medium\">\r\n                                                    Aritz Aranbarri Paredes                                                <\/div>\r\n                                                <div class=\"talk-speaker-cv body-2\">\r\n                                                                                                                                                                                                                                                                            Facultativo Neuropsic\u00f3logo Cl\u00ednico Infantil e Investigador Principal Adjunto a la UnimTEA, Hospital Sant Joan de D\u00e9u Barcelona.                                                                                                                                                                Hospital Sant Joan de D\u00e9u Barcelona - Unidad multidisciplinar del Trastorno del Espectro del Autismo (UnimTEA)                                                                                                    <\/div>\r\n                                            <\/div>\r\n                                                                                            <div class=\"speaker-thumb\" style=\"background-image: url('https:\/\/bipeek-resources-onsite-prd.s3.amazonaws.com\/37343\/conversions\/Foto-Aritz-perfil.jpg?v=1699604034')\"><\/div>\r\n                                                                                    <\/div>\r\n                                                                                                <\/div>\r\n                        \r\n                        \r\n                                            <\/div>\r\n                                    <\/div>\r\n    <\/div>\r\n                        <style>\r\n                            .fc-event.session-6607{\r\n                                pointer-events: none;\r\n                            }\r\n                            .fc-event.session-6607::after{\r\n                                display: none !important;\r\n                            }\r\n                        <\/style>\r\n                    <div class=\"session-side\" session_id=\"6931\">\r\n    <svg class=\"close\" width=\"40\" height=\"40\" viewBox=\"0 0 40 40\" fill=\"none\" xmlns=\"http:\/\/www.w3.org\/2000\/svg\">\r\n        <path d=\"M0 20C0 8.95431 8.95431 0 20 0C31.0457 0 40 8.95431 40 20C40 31.0457 31.0457 40 20 40C8.95431 40 0 31.0457 0 20Z\" fill=\"white\"\/>\r\n        <path d=\"M28.2361 14.2361C28.9197 13.5525 28.9197 12.4424 28.2361 11.7588C27.5525 11.0752 26.4424 11.0752 25.7588 11.7588L20.0002 17.5229L14.2361 11.7643C13.5525 11.0807 12.4424 11.0807 11.7588 11.7643C11.0752 12.4479 11.0752 13.558 11.7588 14.2416L17.5229 20.0002L11.7643 25.7643C11.0807 26.4479 11.0807 27.558 11.7643 28.2416C12.4479 28.9252 13.558 28.9252 14.2416 28.2416L20.0002 22.4775L25.7643 28.2361C26.4479 28.9197 27.558 28.9197 28.2416 28.2361C28.9252 27.5525 28.9252 26.4424 28.2416 25.7588L22.4775 20.0002L28.2361 14.2361Z\" fill=\"black\"\/>\r\n    <\/svg>\r\n\r\n    <div class=\"session-container\">\r\n                    <div class=\"session-info\">\r\n                                                                    <div class=\"body-2 medium\">\r\n                        Comunicaciones orales IX                    <\/div>\r\n                                                <div class=\"hour-date-room-container\">\r\n                                        <div class=\"body-2 medium\">9 Mar<\/div>\r\n                                            <div class=\"body-2 medium\">Sala Seminario 6+7<\/div>\r\n                                                                <div class=\"body-2 medium\">9:00 - 10:30<\/div>\r\n                                    <\/div>\r\n            <\/div>\r\n        \r\n                    <div class=\"moderator-info\">\r\n                <div class=\"sub-header\">\r\n                    Modera                <\/div>\r\n                                                                                <div class=\"moderator-content speaker\" speaker_id=\"102745\">\r\n                            <div class=\"moderator-text\">\r\n                                <div class=\"body-2 medium\">\r\n                                    Juan Olmo Osa                                <\/div>\r\n                                <div class=\"body-2\">\r\n                                                                                                                                                                                            Hospital Universitario \u00c1raba (Santiago Ap\u00f3stol). Presidente de FANPSE. Vitoria-Gasteiz, Espa\u00f1a                                                                                                                HUA Santiago (Vitoria-Gasteiz)                                                                    <\/div>\r\n                            <\/div>\r\n                                                    <\/div>\r\n                                                <\/div>\r\n        \r\n            <\/div>\r\n\r\n            <div class=\"talks-container\">\r\n                                                <div class=\"talk\">\r\n                                                    <div class=\"talk-title heading-4\">\r\n                                An\u00e1lisis de los subcomponentes motor y cognitivo del dominio velocidad de procesamiento en pacientes con un primer episodio de psicosis y familiares de primer grado.                            <\/div>\r\n                        \r\n                                                    <div class=\"talk-speakers\">\r\n                                                                                                                                                <div class=\"talk-speaker speaker\" speaker_id=\"113417\">\r\n                                            <div class=\"speaker-content\">\r\n                                                <div class=\"talk-speaker-name body-2 medium\">\r\n                                                    \u00c1ngel Yorca Ruiz                                                <\/div>\r\n                                                <div class=\"talk-speaker-cv body-2\">\r\n                                                                                                                                                                                                                                                                            Neuropsic\u00f3logo                                                                                                                                                                Centro de Investigaci\u00f3n Sanitaria Valdecilla (IDIVAL)                                                                                                    <\/div>\r\n                                            <\/div>\r\n                                                                                            <div class=\"speaker-thumb\" style=\"background-image: url('https:\/\/bipeek-resources-onsite-prd.s3.amazonaws.com\/37972\/conversions\/descarga-perfil.jpg?v=1702290280')\"><\/div>\r\n                                                                                    <\/div>\r\n                                                                                                <\/div>\r\n                        \r\n                        \r\n                                            <\/div>\r\n                                    <div class=\"talk\">\r\n                                                    <div class=\"talk-title heading-4\">\r\n                                Exploraci\u00f3n de la velocidad de procesamiento en los trastornos del espectro de la esquizofrenia: interacci\u00f3n del riesgo gen\u00e9tico y el consumo de cannabis.                            <\/div>\r\n                        \r\n                                                    <div class=\"talk-speakers\">\r\n                                                                                                                                                <div class=\"talk-speaker speaker\" speaker_id=\"113417\">\r\n                                            <div class=\"speaker-content\">\r\n                                                <div class=\"talk-speaker-name body-2 medium\">\r\n                                                    \u00c1ngel Yorca Ruiz                                                <\/div>\r\n                                                <div class=\"talk-speaker-cv body-2\">\r\n                                                                                                                                                                                                                                                                            Neuropsic\u00f3logo                                                                                                                                                                Centro de Investigaci\u00f3n Sanitaria Valdecilla (IDIVAL)                                                                                                    <\/div>\r\n                                            <\/div>\r\n                                                                                            <div class=\"speaker-thumb\" style=\"background-image: url('https:\/\/bipeek-resources-onsite-prd.s3.amazonaws.com\/37972\/conversions\/descarga-perfil.jpg?v=1702290280')\"><\/div>\r\n                                                                                    <\/div>\r\n                                                                                                <\/div>\r\n                        \r\n                        \r\n                                            <\/div>\r\n                                    <div class=\"talk\">\r\n                                                    <div class=\"talk-title heading-4\">\r\n                                Antecedentes Traum\u00e1ticos en la Infancia y D\u00e9ficit en el Reconocimiento Facial de Emociones en el Espectro de la Psicosis.                            <\/div>\r\n                        \r\n                                                    <div class=\"talk-speakers\">\r\n                                                                                                                                                <div class=\"talk-speaker speaker\" speaker_id=\"114027\">\r\n                                            <div class=\"speaker-content\">\r\n                                                <div class=\"talk-speaker-name body-2 medium\">\r\n                                                    OLATZ IBARRETXE CUEVAS                                                <\/div>\r\n                                                <div class=\"talk-speaker-cv body-2\">\r\n                                                                                                                                                                                                                                                                            T\u00e9cnico en Investigaci\u00f3n                                                                                                                                                                BioBizkaia                                                                                                    <\/div>\r\n                                            <\/div>\r\n                                                                                    <\/div>\r\n                                                                                                <\/div>\r\n                        \r\n                        \r\n                                            <\/div>\r\n                                    <div class=\"talk\">\r\n                                                    <div class=\"talk-title heading-4\">\r\n                                Empat\u00eda autoinformada y situacional en pacientes con esquizofrenia                            <\/div>\r\n                        \r\n                                                    <div class=\"talk-speakers\">\r\n                                                                                                                                                <div class=\"talk-speaker speaker\" speaker_id=\"114295\">\r\n                                            <div class=\"speaker-content\">\r\n                                                <div class=\"talk-speaker-name body-2 medium\">\r\n                                                    Laura Alonso Recio                                                <\/div>\r\n                                                <div class=\"talk-speaker-cv body-2\">\r\n                                                                                                                                                                                                                                                                            PhD                                                                                                                                                                Departamento de Psicolog\u00eda Biol\u00f3gica y de la Salud. Facultad de Psicolog\u00eda, Universidad Aut\u00f3noma de Madrid                                                                                                    <\/div>\r\n                                            <\/div>\r\n                                                                                    <\/div>\r\n                                                                                                <\/div>\r\n                        \r\n                        \r\n                                            <\/div>\r\n                                    <div class=\"talk\">\r\n                                                    <div class=\"talk-title heading-4\">\r\n                                La Tarea Computerizada de Monitorizaci\u00f3n de Secuencias de Acci\u00f3n Cotidiana (CM-SEAC) para adultos e infantil: nuevas herramientas de evaluaci\u00f3n de la secuenciaci\u00f3n de Actividades de la Vida Diaria y de los procesos cognitivos implicados.                            <\/div>\r\n                        \r\n                                                    <div class=\"talk-speakers\">\r\n                                                                                                                                                <div class=\"talk-speaker speaker\" speaker_id=\"113409\">\r\n                                            <div class=\"speaker-content\">\r\n                                                <div class=\"talk-speaker-name body-2 medium\">\r\n                                                    Giorgia Ricchetti                                                <\/div>\r\n                                                <div class=\"talk-speaker-cv body-2\">\r\n                                                                                                                                                                                                                                                                            Doctora en Psicolog\u00eda de la Universidad de Granada                                                                                                                                                                Centro de Investigaci\u00f3n Mente, Cerebro y Comportamiento                                                                                                    <\/div>\r\n                                            <\/div>\r\n                                                                                    <\/div>\r\n                                                                                                <\/div>\r\n                        \r\n                        \r\n                                            <\/div>\r\n                                    <div class=\"talk\">\r\n                                                    <div class=\"talk-title heading-4\">\r\n                                \u00bfTenemos instrumentos sensibles a la detecci\u00f3n del TDAH, atendiendo a la perspectiva de g\u00e9nero?                            <\/div>\r\n                        \r\n                                                    <div class=\"talk-speakers\">\r\n                                                                                                                                                <div class=\"talk-speaker speaker\" speaker_id=\"114300\">\r\n                                            <div class=\"speaker-content\">\r\n                                                <div class=\"talk-speaker-name body-2 medium\">\r\n                                                    Meritxell Perez Beltran                                                <\/div>\r\n                                                <div class=\"talk-speaker-cv body-2\">\r\n                                                                                                                                                                                                                                                                            Neuropsic\u00f3loga Profesora Titular Campus Docent Sant Joan de D\u00e9u                                                                                                                                                                Campus Docent Sant Joan de D\u00e9u                                                                                                    <\/div>\r\n                                            <\/div>\r\n                                                                                    <\/div>\r\n                                                                                                <\/div>\r\n                        \r\n                        \r\n                                            <\/div>\r\n                                    <div class=\"talk\">\r\n                                                    <div class=\"talk-title heading-4\">\r\n                                \u00bfEstamos diagnosticando correctamente la prosopagnosia?                            <\/div>\r\n                        \r\n                                                    <div class=\"talk-speakers\">\r\n                                                                                                                                                <div class=\"talk-speaker speaker\" speaker_id=\"114335\">\r\n                                            <div class=\"speaker-content\">\r\n                                                <div class=\"talk-speaker-name body-2 medium\">\r\n                                                    Iker Quintana Canales                                                <\/div>\r\n                                                <div class=\"talk-speaker-cv body-2\">\r\n                                                                                                                                                                                                                                                                            Estudiante del M\u00e1ster Oficial en Neuropsicolog\u00eda Cl\u00ednica de la Universidad de Deusto                                                                                                                                                                Universidad de Deusto                                                                                                    <\/div>\r\n                                            <\/div>\r\n                                                                                    <\/div>\r\n                                                                                                <\/div>\r\n                        \r\n                        \r\n                                            <\/div>\r\n                                    <div class=\"talk\">\r\n                                                    <div class=\"talk-title heading-4\">\r\n                                Alcohol consumption during youth: impact on emotion, cognitive networks, and resting-state EEG activity.                            <\/div>\r\n                        \r\n                                                    <div class=\"talk-speakers\">\r\n                                                                                                                                                <div class=\"talk-speaker speaker\" speaker_id=\"98533\">\r\n                                            <div class=\"speaker-content\">\r\n                                                <div class=\"talk-speaker-name body-2 medium\">\r\n                                                    Patricia Sampedro Piquero                                                <\/div>\r\n                                                <div class=\"talk-speaker-cv body-2\">\r\n                                                                                                                                                                                                                                                                            Personal docente e investigador.                                                                                                                                                                Facultad de Psicolog\u00eda. Universidad Aut\u00f3noma de Madrid.                                                                                                    <\/div>\r\n                                            <\/div>\r\n                                                                                    <\/div>\r\n                                                                                                <\/div>\r\n                        \r\n                        \r\n                                            <\/div>\r\n                                    <\/div>\r\n    <\/div>\r\n<div class=\"session-side\" session_id=\"6927\">\r\n    <svg class=\"close\" width=\"40\" height=\"40\" viewBox=\"0 0 40 40\" fill=\"none\" xmlns=\"http:\/\/www.w3.org\/2000\/svg\">\r\n        <path d=\"M0 20C0 8.95431 8.95431 0 20 0C31.0457 0 40 8.95431 40 20C40 31.0457 31.0457 40 20 40C8.95431 40 0 31.0457 0 20Z\" fill=\"white\"\/>\r\n        <path d=\"M28.2361 14.2361C28.9197 13.5525 28.9197 12.4424 28.2361 11.7588C27.5525 11.0752 26.4424 11.0752 25.7588 11.7588L20.0002 17.5229L14.2361 11.7643C13.5525 11.0807 12.4424 11.0807 11.7588 11.7643C11.0752 12.4479 11.0752 13.558 11.7588 14.2416L17.5229 20.0002L11.7643 25.7643C11.0807 26.4479 11.0807 27.558 11.7643 28.2416C12.4479 28.9252 13.558 28.9252 14.2416 28.2416L20.0002 22.4775L25.7643 28.2361C26.4479 28.9197 27.558 28.9197 28.2416 28.2361C28.9252 27.5525 28.9252 26.4424 28.2416 25.7588L22.4775 20.0002L28.2361 14.2361Z\" fill=\"black\"\/>\r\n    <\/svg>\r\n\r\n    <div class=\"session-container\">\r\n                    <div class=\"session-info\">\r\n                                                                    <div class=\"body-2 medium\">\r\n                        Comunicaciones orales V                    <\/div>\r\n                                                <div class=\"hour-date-room-container\">\r\n                                        <div class=\"body-2 medium\">9 Mar<\/div>\r\n                                            <div class=\"body-2 medium\">Sala Alb\u00e9niz-Machuca<\/div>\r\n                                                                <div class=\"body-2 medium\">9:00 - 10:30<\/div>\r\n                                    <\/div>\r\n            <\/div>\r\n        \r\n                    <div class=\"moderator-info\">\r\n                <div class=\"sub-header\">\r\n                    Modera                <\/div>\r\n                                                                                <div class=\"moderator-content speaker\" speaker_id=\"102254\">\r\n                            <div class=\"moderator-text\">\r\n                                <div class=\"body-2 medium\">\r\n                                    Jose Domingo Barroso                                <\/div>\r\n                                <div class=\"body-2\">\r\n                                                                                                                                                                                            Presidente del Comit\u00e9 Cient\u00edfico. Catedr\u00e1tico de la Universidad Fernando Pessoa Canarias. Espa\u00f1a                                                                                                                Universidad Fernando Pessoa Canarias. Espa\u00f1a                                                                    <\/div>\r\n                            <\/div>\r\n                                                            <div class=\"moderator-thumb\" style=\"background-image: url('https:\/\/bipeek-resources-onsite-prd.s3.amazonaws.com\/34563\/conversions\/FOTO-JB-2022-ABRIL-IMG_2067-perfil.jpg?v=1696502440')\"><\/div>\r\n                                                    <\/div>\r\n                                                <\/div>\r\n        \r\n            <\/div>\r\n\r\n            <div class=\"talks-container\">\r\n                                                <div class=\"talk\">\r\n                                                    <div class=\"talk-title heading-4\">\r\n                                Machine learning para la clasificaci\u00f3n de la Afasia Progresiva Primaria: un estudio preliminar basado en el an\u00e1lisis de la producci\u00f3n oral                            <\/div>\r\n                        \r\n                                                    <div class=\"talk-speakers\">\r\n                                                                                                                                                <div class=\"talk-speaker speaker\" speaker_id=\"114007\">\r\n                                            <div class=\"speaker-content\">\r\n                                                <div class=\"talk-speaker-name body-2 medium\">\r\n                                                    Elena Herrera                                                <\/div>\r\n                                                <div class=\"talk-speaker-cv body-2\">\r\n                                                                                                                                                                                                                                                                            Profesor Ayudante Doctor - Universidad de Oviedo                                                                                                                                                                Universidad de Oviedo                                                                                                    <\/div>\r\n                                            <\/div>\r\n                                                                                    <\/div>\r\n                                                                                                <\/div>\r\n                        \r\n                        \r\n                                            <\/div>\r\n                                    <div class=\"talk\">\r\n                                                    <div class=\"talk-title heading-4\">\r\n                                La evaluaci\u00f3n de la memoria de localizaci\u00f3n de objetos mediante Realidad Virtual inmersiva revela alteraciones en el COVID persistente                            <\/div>\r\n                        \r\n                                                    <div class=\"talk-speakers\">\r\n                                                                                                                                                <div class=\"talk-speaker speaker\" speaker_id=\"103128\">\r\n                                            <div class=\"speaker-content\">\r\n                                                <div class=\"talk-speaker-name body-2 medium\">\r\n                                                    Tania Llana Fern\u00e1ndez                                                <\/div>\r\n                                                <div class=\"talk-speaker-cv body-2\">\r\n                                                                                                                                                                                                                                                                            Doctoranda en Psicolog\u00eda                                                                                                                                                                Universidad de Oviedo                                                                                                    <\/div>\r\n                                            <\/div>\r\n                                                                                    <\/div>\r\n                                                                                                <\/div>\r\n                        \r\n                        \r\n                                            <\/div>\r\n                                    <div class=\"talk\">\r\n                                                    <div class=\"talk-title heading-4\">\r\n                                Evoluci\u00f3n de los s\u00edntomas cognitivos en el s\u00edndrome post COVID-19. Un estudio longitudinal.                            <\/div>\r\n                        \r\n                                                    <div class=\"talk-speakers\">\r\n                                                                                                                                                <div class=\"talk-speaker speaker\" speaker_id=\"113426\">\r\n                                            <div class=\"speaker-content\">\r\n                                                <div class=\"talk-speaker-name body-2 medium\">\r\n                                                    Mar\u00eda Gonz\u00e1lez Nosti                                                <\/div>\r\n                                                <div class=\"talk-speaker-cv body-2\">\r\n                                                                                                                                                                                                                                                                            Profesor Contratado Doctor                                                                                                                                                                Facultad de Psicolog\u00eda. Universidad de Oviedo                                                                                                    <\/div>\r\n                                            <\/div>\r\n                                                                                    <\/div>\r\n                                                                                                <\/div>\r\n                        \r\n                        \r\n                                            <\/div>\r\n                                    <div class=\"talk\">\r\n                                                    <div class=\"talk-title heading-4\">\r\n                                Proyecto Remar: Implementaci\u00f3n de un programa de intervenci\u00f3n intensivo orientado al entrenamiento de tareas de la vida diaria. Un estudio de caso.                            <\/div>\r\n                        \r\n                                                    <div class=\"talk-speakers\">\r\n                                                                                                                                                <div class=\"talk-speaker speaker\" speaker_id=\"114000\">\r\n                                            <div class=\"speaker-content\">\r\n                                                <div class=\"talk-speaker-name body-2 medium\">\r\n                                                    Belen Laureano Rico                                                <\/div>\r\n                                                <div class=\"talk-speaker-cv body-2\">\r\n                                                                                                                                                                                                                                                                            Neuropsic\u00f3loga cl\u00ednica                                                                                                                                                                Cernep- Universidad Almer\u00eda                                                                                                    <\/div>\r\n                                            <\/div>\r\n                                                                                    <\/div>\r\n                                                                                                <\/div>\r\n                        \r\n                        \r\n                                            <\/div>\r\n                                    <div class=\"talk\">\r\n                                                    <div class=\"talk-title heading-4\">\r\n                                La eficacia de \u201cLa Isla VR\u201d como herramienta en los programas de intervenci\u00f3n neuropsicol\u00f3gicos en Realidad Virtual                            <\/div>\r\n                        \r\n                                                    <div class=\"talk-speakers\">\r\n                                                                                                                                                <div class=\"talk-speaker speaker\" speaker_id=\"114310\">\r\n                                            <div class=\"speaker-content\">\r\n                                                <div class=\"talk-speaker-name body-2 medium\">\r\n                                                    MARIA DEL CARMEN HERNANDEZ SANTANA                                                <\/div>\r\n                                                <div class=\"talk-speaker-cv body-2\">\r\n                                                                                                                                                                                                                                                                            NEUROPSICOLOGA                                                                                                                                                                ASOCIACION CIVITAS                                                                                                    <\/div>\r\n                                            <\/div>\r\n                                                                                    <\/div>\r\n                                                                                                <\/div>\r\n                        \r\n                        \r\n                                            <\/div>\r\n                                    <div class=\"talk\">\r\n                                                    <div class=\"talk-title heading-4\">\r\n                                Evaluaci\u00f3n Neuropsicol\u00f3gica de dos pacientes con enfermedad de Alfa Manosidosis                            <\/div>\r\n                        \r\n                                                    <div class=\"talk-speakers\">\r\n                                                                                                                                                <div class=\"talk-speaker speaker\" speaker_id=\"113364\">\r\n                                            <div class=\"speaker-content\">\r\n                                                <div class=\"talk-speaker-name body-2 medium\">\r\n                                                    Mariana Merino Sierra                                                <\/div>\r\n                                                <div class=\"talk-speaker-cv body-2\">\r\n                                                                                                                                                                                                                                                                            Estudiante de posgrado                                                                                                                                                                Universidad Nacional Aut\u00f3noma de M\u00e9xico, Facultad de Estudios Superiores Iztacala FESI                                                                                                    <\/div>\r\n                                            <\/div>\r\n                                                                                    <\/div>\r\n                                                                                                <\/div>\r\n                        \r\n                        \r\n                                            <\/div>\r\n                                    <div class=\"talk\">\r\n                                                    <div class=\"talk-title heading-4\">\r\n                                EVALUACI\u00d3N E INTERVENCI\u00d3N EN DETERIORO COGNITIVO LEVE                            <\/div>\r\n                        \r\n                                                    <div class=\"talk-speakers\">\r\n                                                                                                                                                <div class=\"talk-speaker speaker\" speaker_id=\"112749\">\r\n                                            <div class=\"speaker-content\">\r\n                                                <div class=\"talk-speaker-name body-2 medium\">\r\n                                                    SANDRA GARC\u00cdA MART\u00cdN                                                <\/div>\r\n                                                <div class=\"talk-speaker-cv body-2\">\r\n                                                                                                                                                                                                                                                                            NEUROPSIC\u00d3LOGA                                                                                                                                                                FUNDACI\u00d3N INTRAS                                                                                                    <\/div>\r\n                                            <\/div>\r\n                                                                                            <div class=\"speaker-thumb\" style=\"background-image: url('https:\/\/bipeek-resources-onsite-prd.s3.amazonaws.com\/39993\/conversions\/IMG_20231218_113546-perfil.jpg?v=1707385959')\"><\/div>\r\n                                                                                    <\/div>\r\n                                                                                                <\/div>\r\n                        \r\n                        \r\n                                            <\/div>\r\n                                    <div class=\"talk\">\r\n                                                    <div class=\"talk-title heading-4\">\r\n                                Evaluaci\u00f3n e intervenci\u00f3n neuropsicol\u00f3gica en un caso de encefalopat\u00eda an\u00f3xica tras parada cardiorrespiratoria: secuelas visibles e invisibles tras el da\u00f1o cerebral                            <\/div>\r\n                        \r\n                                                    <div class=\"talk-speakers\">\r\n                                                                                                                                                <div class=\"talk-speaker speaker\" speaker_id=\"110929\">\r\n                                            <div class=\"speaker-content\">\r\n                                                <div class=\"talk-speaker-name body-2 medium\">\r\n                                                    Almudena Alonso Sanz                                                <\/div>\r\n                                                <div class=\"talk-speaker-cv body-2\">\r\n                                                                                                                                                                                                                                                                            Neuropsic\u00f3loga                                                                                                                                                                Cl\u00ednica privada                                                                                                    <\/div>\r\n                                            <\/div>\r\n                                                                                            <div class=\"speaker-thumb\" style=\"background-image: url('https:\/\/bipeek-resources-onsite-prd.s3.amazonaws.com\/41476\/conversions\/almudena-alonso-perfil.jpg?v=1709549892')\"><\/div>\r\n                                                                                    <\/div>\r\n                                                                                                <\/div>\r\n                        \r\n                        \r\n                                            <\/div>\r\n                                    <\/div>\r\n    <\/div>\r\n<div class=\"session-side\" session_id=\"6928\">\r\n    <svg class=\"close\" width=\"40\" height=\"40\" viewBox=\"0 0 40 40\" fill=\"none\" xmlns=\"http:\/\/www.w3.org\/2000\/svg\">\r\n        <path d=\"M0 20C0 8.95431 8.95431 0 20 0C31.0457 0 40 8.95431 40 20C40 31.0457 31.0457 40 20 40C8.95431 40 0 31.0457 0 20Z\" fill=\"white\"\/>\r\n        <path d=\"M28.2361 14.2361C28.9197 13.5525 28.9197 12.4424 28.2361 11.7588C27.5525 11.0752 26.4424 11.0752 25.7588 11.7588L20.0002 17.5229L14.2361 11.7643C13.5525 11.0807 12.4424 11.0807 11.7588 11.7643C11.0752 12.4479 11.0752 13.558 11.7588 14.2416L17.5229 20.0002L11.7643 25.7643C11.0807 26.4479 11.0807 27.558 11.7643 28.2416C12.4479 28.9252 13.558 28.9252 14.2416 28.2416L20.0002 22.4775L25.7643 28.2361C26.4479 28.9197 27.558 28.9197 28.2416 28.2361C28.9252 27.5525 28.9252 26.4424 28.2416 25.7588L22.4775 20.0002L28.2361 14.2361Z\" fill=\"black\"\/>\r\n    <\/svg>\r\n\r\n    <div class=\"session-container\">\r\n                    <div class=\"session-info\">\r\n                                                                    <div class=\"body-2 medium\">\r\n                        Comunicaciones orales VI                    <\/div>\r\n                                                <div class=\"hour-date-room-container\">\r\n                                        <div class=\"body-2 medium\">9 Mar<\/div>\r\n                                            <div class=\"body-2 medium\">Sala Machado<\/div>\r\n                                                                <div class=\"body-2 medium\">9:00 - 10:30<\/div>\r\n                                    <\/div>\r\n            <\/div>\r\n        \r\n                    <div class=\"moderator-info\">\r\n                <div class=\"sub-header\">\r\n                    Modera                <\/div>\r\n                                                                                <div class=\"moderator-content speaker\" speaker_id=\"112137\">\r\n                            <div class=\"moderator-text\">\r\n                                <div class=\"body-2 medium\">\r\n                                    Carmen S\u00e1ez                                <\/div>\r\n                                <div class=\"body-2\">\r\n                                                                                                                                                                                            Profesora Titular del Departamento de Psicobiolog\u00eda de la Universidad de Granada. Granada, Espa\u00f1a                                                                                                                Facultad de Psicolog\u00eda. Universidad de Granada. Granada, Espa\u00f1a                                                                    <\/div>\r\n                            <\/div>\r\n                                                    <\/div>\r\n                                                <\/div>\r\n        \r\n            <\/div>\r\n\r\n            <div class=\"talks-container\">\r\n                                                <div class=\"talk\">\r\n                                                    <div class=\"talk-title heading-4\">\r\n                                \u00bfSon eficaces los programas de intervenci\u00f3n sobre la conciencia de d\u00e9ficit en personas con da\u00f1o cerebral sobrevenido? Resultados de un meta-an\u00e1lisis                            <\/div>\r\n                        \r\n                                                    <div class=\"talk-speakers\">\r\n                                                                                                                                                <div class=\"talk-speaker speaker\" speaker_id=\"113379\">\r\n                                            <div class=\"speaker-content\">\r\n                                                <div class=\"talk-speaker-name body-2 medium\">\r\n                                                    Mar\u00eda Dolores Villalobos Tornero                                                <\/div>\r\n                                                <div class=\"talk-speaker-cv body-2\">\r\n                                                                                                                                                                                                                                                                            Profesora Ayudante Doctora                                                                                                                                                                Universidad Complutense de Madrid                                                                                                    <\/div>\r\n                                            <\/div>\r\n                                                                                    <\/div>\r\n                                                                                                <\/div>\r\n                        \r\n                        \r\n                                            <\/div>\r\n                                    <div class=\"talk\">\r\n                                                    <div class=\"talk-title heading-4\">\r\n                                De la cl\u00ednica al Supermercado: Entrenamiento en pacientes con da\u00f1o cerebral adquirido de las funciones ejecutivas necesarias para hacer la compra                            <\/div>\r\n                        \r\n                                                    <div class=\"talk-speakers\">\r\n                                                                                                                                                <div class=\"talk-speaker speaker\" speaker_id=\"113954\">\r\n                                            <div class=\"speaker-content\">\r\n                                                <div class=\"talk-speaker-name body-2 medium\">\r\n                                                    Maria del Carmen Martinez Cortes                                                <\/div>\r\n                                                <div class=\"talk-speaker-cv body-2\">\r\n                                                                                                                                                                                                                                                                            Neuropsicologa Clinica                                                                                                                                                                CerNep. Universidad de Almer\u00eda                                                                                                    <\/div>\r\n                                            <\/div>\r\n                                                                                    <\/div>\r\n                                                                                                <\/div>\r\n                        \r\n                        \r\n                                            <\/div>\r\n                                    <div class=\"talk\">\r\n                                                    <div class=\"talk-title heading-4\">\r\n                                Evaluaci\u00f3n de la conciencia on-line y funciones ejecutivas en pacientes con da\u00f1o cerebral adquirido, a trav\u00e9s de un nuevo test cognitivo-funcional: Weekly Calendar Planning Activity 10-item (WCPA-10)                            <\/div>\r\n                        \r\n                                                    <div class=\"talk-speakers\">\r\n                                                                                                                                                <div class=\"talk-speaker speaker\" speaker_id=\"113952\">\r\n                                            <div class=\"speaker-content\">\r\n                                                <div class=\"talk-speaker-name body-2 medium\">\r\n                                                    Daniel Alberto Salazar Frias                                                <\/div>\r\n                                                <div class=\"talk-speaker-cv body-2\">\r\n                                                                                                                                                                                                                                                                            estudiante predoctoral                                                                                                                                                                Centro de Investigaci\u00f3n Mente cerebro y Comportamiento                                                                                                    <\/div>\r\n                                            <\/div>\r\n                                                                                    <\/div>\r\n                                                                                                <\/div>\r\n                        \r\n                        \r\n                                            <\/div>\r\n                                    <div class=\"talk\">\r\n                                                    <div class=\"talk-title heading-4\">\r\n                                La Escala de Conciencia Cognitiva para Actividades B\u00e1sicas e Instrumentales de la Vida Diaria: una nueva herramienta para  medir la conciencia off-line en pacientes con da\u00f1o cerebral adquirido                            <\/div>\r\n                        \r\n                                                    <div class=\"talk-speakers\">\r\n                                                                                                                                                <div class=\"talk-speaker speaker\" speaker_id=\"113952\">\r\n                                            <div class=\"speaker-content\">\r\n                                                <div class=\"talk-speaker-name body-2 medium\">\r\n                                                    Daniel Alberto Salazar Frias                                                <\/div>\r\n                                                <div class=\"talk-speaker-cv body-2\">\r\n                                                                                                                                                                                                                                                                            estudiante predoctoral                                                                                                                                                                Centro de Investigaci\u00f3n Mente cerebro y Comportamiento                                                                                                    <\/div>\r\n                                            <\/div>\r\n                                                                                    <\/div>\r\n                                                                                                <\/div>\r\n                        \r\n                        \r\n                                            <\/div>\r\n                                    <div class=\"talk\">\r\n                                                    <div class=\"talk-title heading-4\">\r\n                                Variaci\u00f3n del desempe\u00f1o cognitivo de personas con da\u00f1o cerebral en distintos momentos del d\u00eda: Un estudio piloto                            <\/div>\r\n                        \r\n                                                    <div class=\"talk-speakers\">\r\n                                                                                                                                                <div class=\"talk-speaker speaker\" speaker_id=\"120449\">\r\n                                            <div class=\"speaker-content\">\r\n                                                <div class=\"talk-speaker-name body-2 medium\">\r\n                                                    H\u00e9ctor Ignacio Polan\u00eda Acevedo                                                <\/div>\r\n                                                <div class=\"talk-speaker-cv body-2\">\r\n                                                                                                                                                                                                                                                                                                                        <\/div>\r\n                                            <\/div>\r\n                                                                                    <\/div>\r\n                                                                                                <\/div>\r\n                        \r\n                        \r\n                                            <\/div>\r\n                                    <div class=\"talk\">\r\n                                                    <div class=\"talk-title heading-4\">\r\n                                Mejoras cognitivas y normalizaci\u00f3n de electroencefalograma en un caso cr\u00f3nico de heminegligencia tras un protocolo de rehabilitaci\u00f3n con realidad virtual.                            <\/div>\r\n                        \r\n                                                    <div class=\"talk-speakers\">\r\n                                                                                                                                                <div class=\"talk-speaker speaker\" speaker_id=\"109409\">\r\n                                            <div class=\"speaker-content\">\r\n                                                <div class=\"talk-speaker-name body-2 medium\">\r\n                                                    Iv\u00e1n Gonz\u00e1lez Garc\u00eda                                                <\/div>\r\n                                                <div class=\"talk-speaker-cv body-2\">\r\n                                                                                                                                                                                                                                                                            T\u00e9cnico de Investigaci\u00f3n, Estudiante Predoctoral.                                                                                                                                                                Universitat Jaume I                                                                                                    <\/div>\r\n                                            <\/div>\r\n                                                                                    <\/div>\r\n                                                                                                <\/div>\r\n                        \r\n                        \r\n                                            <\/div>\r\n                                    <div class=\"talk\">\r\n                                                    <div class=\"talk-title heading-4\">\r\n                                APORTACIONES DE LA TRACTOGRAF\u00cdA A LA NEUROPSICOLOG\u00cdA DEL DA\u00d1O CEREBRAL ADQUIRIDO                            <\/div>\r\n                        \r\n                                                    <div class=\"talk-speakers\">\r\n                                                                                                                                                <div class=\"talk-speaker speaker\" speaker_id=\"113383\">\r\n                                            <div class=\"speaker-content\">\r\n                                                <div class=\"talk-speaker-name body-2 medium\">\r\n                                                    Rosario Bord\u00f3n Guerra                                                <\/div>\r\n                                                <div class=\"talk-speaker-cv body-2\">\r\n                                                                                                                                                                                                                                                                            PSIC\u00d3LOGA CL\u00cdNICA ( MASTER EN NEUROPSICOLOG\u00cdA)                                                                                                                                                                HOSPITAL UNIVERSITARIO DE GRAN CANARIA DR. NEGR\u00cdN                                                                                                    <\/div>\r\n                                            <\/div>\r\n                                                                                    <\/div>\r\n                                                                                                <\/div>\r\n                        \r\n                        \r\n                                            <\/div>\r\n                                    <div class=\"talk\">\r\n                                                    <div class=\"talk-title heading-4\">\r\n                                Cerebelo, Cognici\u00f3n y Lenguaje: Una revisi\u00f3n sistem\u00e1tica                            <\/div>\r\n                        \r\n                                                    <div class=\"talk-speakers\">\r\n                                                                                                                                                <div class=\"talk-speaker speaker\" speaker_id=\"114334\">\r\n                                            <div class=\"speaker-content\">\r\n                                                <div class=\"talk-speaker-name body-2 medium\">\r\n                                                    Cristina Ramirez Bruna                                                <\/div>\r\n                                                <div class=\"talk-speaker-cv body-2\">\r\n                                                                                                                                                                                                                                                                            Fonoaudi\u00f3loga, docente carrera fonoaudiolog\u00eda Universidad Nacional Andr\u00e9s Bello, Chile                                                                                                                                                                Universidad Nacional Andr\u00e9s Bello                                                                                                    <\/div>\r\n                                            <\/div>\r\n                                                                                    <\/div>\r\n                                                                                                <\/div>\r\n                        \r\n                        \r\n                                            <\/div>\r\n                                    <div class=\"talk\">\r\n                                                    <div class=\"talk-title heading-4\">\r\n                                Velocidad de procesamiento en la Ataxia de  Friedriech de presentaci\u00f3n pedi\u00e1trica                            <\/div>\r\n                        \r\n                                                    <div class=\"talk-speakers\">\r\n                                                                                                                                                <div class=\"talk-speaker speaker\" speaker_id=\"103442\">\r\n                                            <div class=\"speaker-content\">\r\n                                                <div class=\"talk-speaker-name body-2 medium\">\r\n                                                    Javier Jos\u00e9 P\u00e9rez Flores                                                <\/div>\r\n                                                <div class=\"talk-speaker-cv body-2\">\r\n                                                                                                                                                                                                                                                                            Centro de Psicolog\u00eda y Salud de Canarias\/Universidad de La Laguna                                                                                                                                                                Centro de Psicolog\u00eda y Salud de Canarias\/Universidad de La Laguna                                                                                                    <\/div>\r\n                                            <\/div>\r\n                                                                                    <\/div>\r\n                                                                                                <\/div>\r\n                        \r\n                        \r\n                                            <\/div>\r\n                                    <\/div>\r\n    <\/div>\r\n<div class=\"session-side\" session_id=\"6929\">\r\n    <svg class=\"close\" width=\"40\" height=\"40\" viewBox=\"0 0 40 40\" fill=\"none\" xmlns=\"http:\/\/www.w3.org\/2000\/svg\">\r\n        <path d=\"M0 20C0 8.95431 8.95431 0 20 0C31.0457 0 40 8.95431 40 20C40 31.0457 31.0457 40 20 40C8.95431 40 0 31.0457 0 20Z\" fill=\"white\"\/>\r\n        <path d=\"M28.2361 14.2361C28.9197 13.5525 28.9197 12.4424 28.2361 11.7588C27.5525 11.0752 26.4424 11.0752 25.7588 11.7588L20.0002 17.5229L14.2361 11.7643C13.5525 11.0807 12.4424 11.0807 11.7588 11.7643C11.0752 12.4479 11.0752 13.558 11.7588 14.2416L17.5229 20.0002L11.7643 25.7643C11.0807 26.4479 11.0807 27.558 11.7643 28.2416C12.4479 28.9252 13.558 28.9252 14.2416 28.2416L20.0002 22.4775L25.7643 28.2361C26.4479 28.9197 27.558 28.9197 28.2416 28.2361C28.9252 27.5525 28.9252 26.4424 28.2416 25.7588L22.4775 20.0002L28.2361 14.2361Z\" fill=\"black\"\/>\r\n    <\/svg>\r\n\r\n    <div class=\"session-container\">\r\n                    <div class=\"session-info\">\r\n                                                                    <div class=\"body-2 medium\">\r\n                        Comunicaciones orales VII                    <\/div>\r\n                                                <div class=\"hour-date-room-container\">\r\n                                        <div class=\"body-2 medium\">9 Mar<\/div>\r\n                                            <div class=\"body-2 medium\">Sala Seminario 1+2<\/div>\r\n                                                                <div class=\"body-2 medium\">9:00 - 10:30<\/div>\r\n                                    <\/div>\r\n            <\/div>\r\n        \r\n        \r\n            <\/div>\r\n\r\n            <div class=\"talks-container\">\r\n                                                <div class=\"talk\">\r\n                                                    <div class=\"talk-title heading-4\">\r\n                                Variables Sociodemogr\u00e1ficas y Rendimiento Cognitivo en Personas Mayores: An\u00e1lisis de la versi\u00f3n abreviada de la Bater\u00eda para el Diagn\u00f3stico Neuropsicol\u00f3gico de Adultos de Luria (DNA-2)                            <\/div>\r\n                        \r\n                                                    <div class=\"talk-speakers\">\r\n                                                                                                                                                <div class=\"talk-speaker speaker\" speaker_id=\"113342\">\r\n                                            <div class=\"speaker-content\">\r\n                                                <div class=\"talk-speaker-name body-2 medium\">\r\n                                                    Carmen Garc\u00eda Navarro                                                <\/div>\r\n                                                <div class=\"talk-speaker-cv body-2\">\r\n                                                                                                                                                                                                                                                                            Psic\u00f3loga General Sanitaria                                                                                                                                                                Instituto Maim\u00f3nides de Investigaci\u00f3n Biom\u00e9dica de C\u00f3rdoba                                                                                                    <\/div>\r\n                                            <\/div>\r\n                                                                                    <\/div>\r\n                                                                                                <\/div>\r\n                        \r\n                        \r\n                                            <\/div>\r\n                                    <div class=\"talk\">\r\n                                                    <div class=\"talk-title heading-4\">\r\n                                Ecolalia en Personas Sanas: Un Viaje a lo Largo de la Vida.                            <\/div>\r\n                        \r\n                                                    <div class=\"talk-speakers\">\r\n                                                                                                                                                <div class=\"talk-speaker speaker\" speaker_id=\"113345\">\r\n                                            <div class=\"speaker-content\">\r\n                                                <div class=\"talk-speaker-name body-2 medium\">\r\n                                                    Sergio Vertedor Morales                                                <\/div>\r\n                                                <div class=\"talk-speaker-cv body-2\">\r\n                                                                                                                                                                                                                                                                            Becario FPU                                                                                                                                                                Unidad de Neurolog\u00eda Cognitiva y Afasia. Centro de Investigaciones M\u00e9dico-Sanitarias (CIMES), Universidad de M\u00e1laga.                                                                                                    <\/div>\r\n                                            <\/div>\r\n                                                                                            <div class=\"speaker-thumb\" style=\"background-image: url('https:\/\/bipeek-resources-onsite-prd.s3.amazonaws.com\/37925\/conversions\/1701955473062-perfil.jpg?v=1701955523')\"><\/div>\r\n                                                                                    <\/div>\r\n                                                                                                <\/div>\r\n                        \r\n                        \r\n                                            <\/div>\r\n                                    <div class=\"talk\">\r\n                                                    <div class=\"talk-title heading-4\">\r\n                                Conductas Reiterativas Verbales: Taxonom\u00eda y Conceptualizaci\u00f3n.                            <\/div>\r\n                        \r\n                                                    <div class=\"talk-speakers\">\r\n                                                                                                                                                <div class=\"talk-speaker speaker\" speaker_id=\"113345\">\r\n                                            <div class=\"speaker-content\">\r\n                                                <div class=\"talk-speaker-name body-2 medium\">\r\n                                                    Sergio Vertedor Morales                                                <\/div>\r\n                                                <div class=\"talk-speaker-cv body-2\">\r\n                                                                                                                                                                                                                                                                            Becario FPU                                                                                                                                                                Unidad de Neurolog\u00eda Cognitiva y Afasia. Centro de Investigaciones M\u00e9dico-Sanitarias (CIMES), Universidad de M\u00e1laga.                                                                                                    <\/div>\r\n                                            <\/div>\r\n                                                                                            <div class=\"speaker-thumb\" style=\"background-image: url('https:\/\/bipeek-resources-onsite-prd.s3.amazonaws.com\/37925\/conversions\/1701955473062-perfil.jpg?v=1701955523')\"><\/div>\r\n                                                                                    <\/div>\r\n                                                                                                <\/div>\r\n                        \r\n                        \r\n                                            <\/div>\r\n                                    <div class=\"talk\">\r\n                                                    <div class=\"talk-title heading-4\">\r\n                                Quejas subjetivas de memoria m\u00e1s frecuentes en mayores de 61 a\u00f1os.                            <\/div>\r\n                        \r\n                                                    <div class=\"talk-speakers\">\r\n                                                                                                                                                <div class=\"talk-speaker speaker\" speaker_id=\"113395\">\r\n                                            <div class=\"speaker-content\">\r\n                                                <div class=\"talk-speaker-name body-2 medium\">\r\n                                                    Laura Teruel Jord\u00e1n                                                <\/div>\r\n                                                <div class=\"talk-speaker-cv body-2\">\r\n                                                                                                                                                                                                                                                                            Psic\u00f3loga General Sanitaria                                                                                                                                                                Centro Sanitario Asana Los V\u00e9lez                                                                                                    <\/div>\r\n                                            <\/div>\r\n                                                                                    <\/div>\r\n                                                                                                <\/div>\r\n                        \r\n                        \r\n                                            <\/div>\r\n                                    <div class=\"talk\">\r\n                                                    <div class=\"talk-title heading-4\">\r\n                                Cognici\u00f3n y estructura cerebral en personas mayores de 55 a\u00f1os cognitivamente activas                            <\/div>\r\n                        \r\n                                                    <div class=\"talk-speakers\">\r\n                                                                                                                                                <div class=\"talk-speaker speaker\" speaker_id=\"114278\">\r\n                                            <div class=\"speaker-content\">\r\n                                                <div class=\"talk-speaker-name body-2 medium\">\r\n                                                    Clara I\u00f1esta                                                <\/div>\r\n                                                <div class=\"talk-speaker-cv body-2\">\r\n                                                                                                                                                                                                                                                                            Estudiante Doctorado                                                                                                                                                                Universidad Miguel Hern\u00e1ndez de Elche                                                                                                    <\/div>\r\n                                            <\/div>\r\n                                                                                    <\/div>\r\n                                                                                                <\/div>\r\n                        \r\n                        \r\n                                            <\/div>\r\n                                    <div class=\"talk\">\r\n                                                    <div class=\"talk-title heading-4\">\r\n                                \u201cMens sana, corpore sano\u201d: Efectos preliminares en las funciones ejecutivas de una intervenci\u00f3n de tDCS y ejercicio f\u00edsico en mayores de 65 a\u00f1os.                            <\/div>\r\n                        \r\n                                                    <div class=\"talk-speakers\">\r\n                                                                                                                                                <div class=\"talk-speaker speaker\" speaker_id=\"114282\">\r\n                                            <div class=\"speaker-content\">\r\n                                                <div class=\"talk-speaker-name body-2 medium\">\r\n                                                    Carla Molina Carrillo                                                <\/div>\r\n                                                <div class=\"talk-speaker-cv body-2\">\r\n                                                                                                                                                                                                                                                                            Estudiante                                                                                                                                                                Universidad Aut\u00f3noma de Madrid                                                                                                    <\/div>\r\n                                            <\/div>\r\n                                                                                    <\/div>\r\n                                                                                                <\/div>\r\n                        \r\n                        \r\n                                            <\/div>\r\n                                    <div class=\"talk\">\r\n                                                    <div class=\"talk-title heading-4\">\r\n                                \u00bfInfluye el grado de sintomatolog\u00eda depresiva en el rendimiento cognitivo en personas mayores con Deterioro Cognitivo Leve y Depresi\u00f3n?                            <\/div>\r\n                        \r\n                                                    <div class=\"talk-speakers\">\r\n                                                                                                                                                <div class=\"talk-speaker speaker\" speaker_id=\"114308\">\r\n                                            <div class=\"speaker-content\">\r\n                                                <div class=\"talk-speaker-name body-2 medium\">\r\n                                                    Olga Prian Serrano                                                <\/div>\r\n                                                <div class=\"talk-speaker-cv body-2\">\r\n                                                                                                                                                                                                                                                                            Universidad de Loyola Andaluc\u00eda. Grupo Vitalia Home.                                                                                                                                                                Universidad Loyola Andaluc\u00eda                                                                                                    <\/div>\r\n                                            <\/div>\r\n                                                                                    <\/div>\r\n                                                                                                <\/div>\r\n                        \r\n                        \r\n                                            <\/div>\r\n                                    <div class=\"talk\">\r\n                                                    <div class=\"talk-title heading-4\">\r\n                                La resiliencia psicol\u00f3gica predice mejor la fluidez verbal y la memoria de trabajo en personas mayores que el bajo estado de \u00e1nimo y el estr\u00e9s percibido.                            <\/div>\r\n                        \r\n                                                    <div class=\"talk-speakers\">\r\n                                                                                                                                                <div class=\"talk-speaker speaker\" speaker_id=\"114332\">\r\n                                            <div class=\"speaker-content\">\r\n                                                <div class=\"talk-speaker-name body-2 medium\">\r\n                                                    Noelia Teresa S\u00e1ez S\u00e1nz                                                <\/div>\r\n                                                <div class=\"talk-speaker-cv body-2\">\r\n                                                                                                                                                                                                                                                                            PDI. Universidad de Granada                                                                                                                                                                Cimcyc (Centro de Investigaci\u00f3n Mente, Cerebro y Comportamiento)                                                                                                    <\/div>\r\n                                            <\/div>\r\n                                                                                    <\/div>\r\n                                                                                                <\/div>\r\n                        \r\n                        \r\n                                            <\/div>\r\n                                    <div class=\"talk\">\r\n                                                    <div class=\"talk-title heading-4\">\r\n                                \u00bfA todo el mundo le falla la memoria? Quejas subjetivas y deterioro cognitivo. Estudio prevenci\u00f3n salud cerebral \u201cCuida tu cerebro\u201d. Resultados finales 2018-2023.                            <\/div>\r\n                        \r\n                                                    <div class=\"talk-speakers\">\r\n                                                                                                                                                <div class=\"talk-speaker speaker\" speaker_id=\"113384\">\r\n                                            <div class=\"speaker-content\">\r\n                                                <div class=\"talk-speaker-name body-2 medium\">\r\n                                                    Juan Luis Garc\u00eda Fern\u00e1ndez                                                <\/div>\r\n                                                <div class=\"talk-speaker-cv body-2\">\r\n                                                                                                                                                                                                                                                                            Neuropsic\u00f3logo                                                                                                                                                                Associaci\u00f3 Familiars d'Alzheimer i altres dem\u00e8ncies de Barcelona (AFAB); Universitat Oberta de Catalunya (UOC)                                                                                                    <\/div>\r\n                                            <\/div>\r\n                                                                                    <\/div>\r\n                                                                                                <\/div>\r\n                        \r\n                        \r\n                                            <\/div>\r\n                                    <\/div>\r\n    <\/div>\r\n<div class=\"session-side\" session_id=\"6930\">\r\n    <svg class=\"close\" width=\"40\" height=\"40\" viewBox=\"0 0 40 40\" fill=\"none\" xmlns=\"http:\/\/www.w3.org\/2000\/svg\">\r\n        <path d=\"M0 20C0 8.95431 8.95431 0 20 0C31.0457 0 40 8.95431 40 20C40 31.0457 31.0457 40 20 40C8.95431 40 0 31.0457 0 20Z\" fill=\"white\"\/>\r\n        <path d=\"M28.2361 14.2361C28.9197 13.5525 28.9197 12.4424 28.2361 11.7588C27.5525 11.0752 26.4424 11.0752 25.7588 11.7588L20.0002 17.5229L14.2361 11.7643C13.5525 11.0807 12.4424 11.0807 11.7588 11.7643C11.0752 12.4479 11.0752 13.558 11.7588 14.2416L17.5229 20.0002L11.7643 25.7643C11.0807 26.4479 11.0807 27.558 11.7643 28.2416C12.4479 28.9252 13.558 28.9252 14.2416 28.2416L20.0002 22.4775L25.7643 28.2361C26.4479 28.9197 27.558 28.9197 28.2416 28.2361C28.9252 27.5525 28.9252 26.4424 28.2416 25.7588L22.4775 20.0002L28.2361 14.2361Z\" fill=\"black\"\/>\r\n    <\/svg>\r\n\r\n    <div class=\"session-container\">\r\n                    <div class=\"session-info\">\r\n                                                                    <div class=\"body-2 medium\">\r\n                        Comunicaciones orales VIII                    <\/div>\r\n                                                <div class=\"hour-date-room-container\">\r\n                                        <div class=\"body-2 medium\">9 Mar<\/div>\r\n                                            <div class=\"body-2 medium\">Sala Seminario 3+4<\/div>\r\n                                                                <div class=\"body-2 medium\">9:00 - 10:30<\/div>\r\n                                    <\/div>\r\n            <\/div>\r\n        \r\n                    <div class=\"moderator-info\">\r\n                <div class=\"sub-header\">\r\n                    Modera                <\/div>\r\n                                                                                <div class=\"moderator-content speaker\" speaker_id=\"109800\">\r\n                            <div class=\"moderator-text\">\r\n                                <div class=\"body-2 medium\">\r\n                                    Lucia Zum\u00e1rraga Astorqui                                <\/div>\r\n                                <div class=\"body-2\">\r\n                                                                                                                                                                                            Neuropsic\u00f3loga cl\u00ednica Pedi\u00e1trica. Directora de NeuroPed. Presidenta de la Asociaci\u00f3n Madrile\u00f1a de Neuropsicolog\u00eda. Madrid, Espa\u00f1a                                                                                                                NeuroPed                                                                    <\/div>\r\n                            <\/div>\r\n                                                    <\/div>\r\n                                                <\/div>\r\n        \r\n            <\/div>\r\n\r\n            <div class=\"talks-container\">\r\n                                                <div class=\"talk\">\r\n                                                    <div class=\"talk-title heading-4\">\r\n                                PERFIL COGNITIVO, AFECTIVO Y COMPORTAMENTAL EN NI\u00d1OS Y ADOLESCENTES CON EPILEPSIA ATENDIDOS EN UNA UNIDAD DE NEUROPSICOLOG\u00cdA.                            <\/div>\r\n                        \r\n                                                    <div class=\"talk-speakers\">\r\n                                                                                                                                                <div class=\"talk-speaker speaker\" speaker_id=\"101041\">\r\n                                            <div class=\"speaker-content\">\r\n                                                <div class=\"talk-speaker-name body-2 medium\">\r\n                                                    Ricardo Montoya Monsalve                                                <\/div>\r\n                                                <div class=\"talk-speaker-cv body-2\">\r\n                                                                                                                                                                                                                                                                            Neuropsicol\u00f3go cl\u00ednico, docente e investigador                                                                                                                                                                Universidad CES                                                                                                    <\/div>\r\n                                            <\/div>\r\n                                                                                    <\/div>\r\n                                                                                                <\/div>\r\n                        \r\n                        \r\n                                            <\/div>\r\n                                    <div class=\"talk\">\r\n                                                    <div class=\"talk-title heading-4\">\r\n                                S\u00edndrome de X-Fr\u00e1gil en ni\u00f1as y adolescentes: descripci\u00f3n del fenotipo neurocognitivo y de su posible relaci\u00f3n con la conducta adaptativa                            <\/div>\r\n                        \r\n                                                    <div class=\"talk-speakers\">\r\n                                                                                                                                                <div class=\"talk-speaker speaker\" speaker_id=\"95644\">\r\n                                            <div class=\"speaker-content\">\r\n                                                <div class=\"talk-speaker-name body-2 medium\">\r\n                                                    Lorena Joga Elvira                                                <\/div>\r\n                                                <div class=\"talk-speaker-cv body-2\">\r\n                                                                                                            Psic\u00f3loga experta en neuropsicolog\u00eda cl\u00ednica                                                                                                                                                                Neuropsic\u00f3logo                                                                                                                                                                Consorcio Corporaci\u00f3n Sanitaria Parc Tauli. Servicio de Medicina Pedi\u00e1trica.                                                                                                    <\/div>\r\n                                            <\/div>\r\n                                                                                            <div class=\"speaker-thumb\" style=\"background-image: url('https:\/\/bipeek-resources-onsite-prd.s3.amazonaws.com\/32663\/conversions\/Foto-perfil.jpg?v=1692989222')\"><\/div>\r\n                                                                                    <\/div>\r\n                                                                                                <\/div>\r\n                        \r\n                        \r\n                                            <\/div>\r\n                                    <div class=\"talk\">\r\n                                                    <div class=\"talk-title heading-4\">\r\n                                Propiedades psicom\u00e9tricas y datos normativos de la UPPS-P en adolescentes                            <\/div>\r\n                        \r\n                                                    <div class=\"talk-speakers\">\r\n                                                                                                                                                <div class=\"talk-speaker speaker\" speaker_id=\"115888\">\r\n                                            <div class=\"speaker-content\">\r\n                                                <div class=\"talk-speaker-name body-2 medium\">\r\n                                                    Esteve Montasell Jordana                                                <\/div>\r\n                                                <div class=\"talk-speaker-cv body-2\">\r\n                                                                                                                                                                                                                                                                            Neuropsicologia ITA Salud Mental                                                                                                                                                                ITA Salud Mental                                                                                                    <\/div>\r\n                                            <\/div>\r\n                                                                                    <\/div>\r\n                                                                                                <\/div>\r\n                        \r\n                        \r\n                                            <\/div>\r\n                                    <div class=\"talk\">\r\n                                                    <div class=\"talk-title heading-4\">\r\n                                IMPACTO DE LA EXPOSICI\u00d3N A PANTALLAS EN EL SUE\u00d1O Y EL RENDIMIENTO ATENCIONAL EN POBLACI\u00d3N NI\u00d1OS-ADOLESCENTES: TRASTORNOS DEL NEURODESARROLLO Y CONTROLES                            <\/div>\r\n                        \r\n                                                    <div class=\"talk-speakers\">\r\n                                                                                                                                                <div class=\"talk-speaker speaker\" speaker_id=\"113378\">\r\n                                            <div class=\"speaker-content\">\r\n                                                <div class=\"talk-speaker-name body-2 medium\">\r\n                                                    Carolina Morales Guerrero                                                <\/div>\r\n                                                <div class=\"talk-speaker-cv body-2\">\r\n                                                                                                                                                                                                                                                                            Neuropsic\u00f3loga infantojuvenil                                                                                                                                                                Fundaci\u00f3 privada per la recerca i la doc\u00e8ncia Sant Joan de D\u00e9u                                                                                                    <\/div>\r\n                                            <\/div>\r\n                                                                                    <\/div>\r\n                                                                                                <\/div>\r\n                        \r\n                        \r\n                                            <\/div>\r\n                                    <div class=\"talk\">\r\n                                                    <div class=\"talk-title heading-4\">\r\n                                Organizaci\u00f3n conceptual del sistema sem\u00e1ntico en ni\u00f1os sordos prelocutivos de 4 a 12 a\u00f1os                            <\/div>\r\n                        \r\n                                                    <div class=\"talk-speakers\">\r\n                                                                                                                                                <div class=\"talk-speaker speaker\" speaker_id=\"113953\">\r\n                                            <div class=\"speaker-content\">\r\n                                                <div class=\"talk-speaker-name body-2 medium\">\r\n                                                    Ana Mar\u00eda Merch\u00e1n Carrillo                                                <\/div>\r\n                                                <div class=\"talk-speaker-cv body-2\">\r\n                                                                                                                                                                                                                                                                            Profesora en el \u00e1rea de Psicolog\u00eda evolutiva y de la educaci\u00f3n de la Universidad de Almer\u00eda, y profesora en el M\u00e1ster de Educaci\u00f3n Especial de la Universidad Internacional de la Rioja                                                                                                                                                                a- Departamento de Psicolog\u00eda, Universidad de Almer\u00eda (Espa\u00f1a); b- Centro de Investigaci\u00f3n para el Bienestar y la Inclusi\u00f3n Social (CIBIS), Universidad de Almer\u00eda (Espa\u00f1a).                                                                                                    <\/div>\r\n                                            <\/div>\r\n                                                                                    <\/div>\r\n                                                                                                <\/div>\r\n                        \r\n                        \r\n                                            <\/div>\r\n                                    <div class=\"talk\">\r\n                                                    <div class=\"talk-title heading-4\">\r\n                                ATENTO, Cuestionario para la Evaluaci\u00f3n de las Funciones Ejecutivas y el TDAH: sensibilidad y especificidad de la evaluaci\u00f3n multi-informante para diferenciar casos con TDAH                            <\/div>\r\n                        \r\n                                                    <div class=\"talk-speakers\">\r\n                                                                                                                                                <div class=\"talk-speaker speaker\" speaker_id=\"114075\">\r\n                                            <div class=\"speaker-content\">\r\n                                                <div class=\"talk-speaker-name body-2 medium\">\r\n                                                    Fernando S\u00e1nchez                                                <\/div>\r\n                                                <div class=\"talk-speaker-cv body-2\">\r\n                                                                                                                                                                                                                                                                            T\u00e9cnico de I+D+i                                                                                                                                                                Hogrefe TEA Ediciones                                                                                                    <\/div>\r\n                                            <\/div>\r\n                                                                                    <\/div>\r\n                                                                                                <\/div>\r\n                        \r\n                        \r\n                                            <\/div>\r\n                                    <div class=\"talk\">\r\n                                                    <div class=\"talk-title heading-4\">\r\n                                ATENTO, Cuestionario para la Evaluaci\u00f3n de las Funciones Ejecutivas y el TDAH: capacidad predictiva para diferenciar casos con TDAH y TEA                            <\/div>\r\n                        \r\n                                                    <div class=\"talk-speakers\">\r\n                                                                                                                                                <div class=\"talk-speaker speaker\" speaker_id=\"114076\">\r\n                                            <div class=\"speaker-content\">\r\n                                                <div class=\"talk-speaker-name body-2 medium\">\r\n                                                    Mar\u00eda Solar Sastre                                                <\/div>\r\n                                                <div class=\"talk-speaker-cv body-2\">\r\n                                                                                                                                                                                                                                                                            T\u00e9cnico de I+D+i                                                                                                                                                                Hogrefe TEA Ediciones                                                                                                    <\/div>\r\n                                            <\/div>\r\n                                                                                    <\/div>\r\n                                                                                                <\/div>\r\n                        \r\n                        \r\n                                            <\/div>\r\n                                    <\/div>\r\n    <\/div>\r\n<div class=\"session-side\" session_id=\"6857\">\r\n    <svg class=\"close\" width=\"40\" height=\"40\" viewBox=\"0 0 40 40\" fill=\"none\" xmlns=\"http:\/\/www.w3.org\/2000\/svg\">\r\n        <path d=\"M0 20C0 8.95431 8.95431 0 20 0C31.0457 0 40 8.95431 40 20C40 31.0457 31.0457 40 20 40C8.95431 40 0 31.0457 0 20Z\" fill=\"white\"\/>\r\n        <path d=\"M28.2361 14.2361C28.9197 13.5525 28.9197 12.4424 28.2361 11.7588C27.5525 11.0752 26.4424 11.0752 25.7588 11.7588L20.0002 17.5229L14.2361 11.7643C13.5525 11.0807 12.4424 11.0807 11.7588 11.7643C11.0752 12.4479 11.0752 13.558 11.7588 14.2416L17.5229 20.0002L11.7643 25.7643C11.0807 26.4479 11.0807 27.558 11.7643 28.2416C12.4479 28.9252 13.558 28.9252 14.2416 28.2416L20.0002 22.4775L25.7643 28.2361C26.4479 28.9197 27.558 28.9197 28.2416 28.2361C28.9252 27.5525 28.9252 26.4424 28.2416 25.7588L22.4775 20.0002L28.2361 14.2361Z\" fill=\"black\"\/>\r\n    <\/svg>\r\n\r\n    <div class=\"session-container\">\r\n                    <div class=\"session-info\">\r\n                                                                    <div class=\"body-2 medium\">\r\n                        Conferencia patrocinada por NeuronUP: Conectividad cerebral, ciencia de datos y Neuropsicolog\u00eda                    <\/div>\r\n                                                <div class=\"hour-date-room-container\">\r\n                                        <div class=\"body-2 medium\">9 Mar<\/div>\r\n                                            <div class=\"body-2 medium\">Sala Alb\u00e9niz-Machuca<\/div>\r\n                                                                <div class=\"body-2 medium\">10:30 - 11:30<\/div>\r\n                                    <\/div>\r\n            <\/div>\r\n        \r\n                    <div class=\"moderator-info\">\r\n                <div class=\"sub-header\">\r\n                    Modera                <\/div>\r\n                                                                                <div class=\"moderator-content speaker\" speaker_id=\"109800\">\r\n                            <div class=\"moderator-text\">\r\n                                <div class=\"body-2 medium\">\r\n                                    Lucia Zum\u00e1rraga Astorqui                                <\/div>\r\n                                <div class=\"body-2\">\r\n                                                                                                                                                                                            Neuropsic\u00f3loga cl\u00ednica Pedi\u00e1trica. Directora de NeuroPed. Presidenta de la Asociaci\u00f3n Madrile\u00f1a de Neuropsicolog\u00eda. Madrid, Espa\u00f1a                                                                                                                NeuroPed                                                                    <\/div>\r\n                            <\/div>\r\n                                                    <\/div>\r\n                                                <\/div>\r\n        \r\n            <\/div>\r\n\r\n            <div class=\"talks-container\">\r\n                                                <div class=\"talk\">\r\n                                                    <div class=\"talk-title heading-4\">\r\n                                Conectividad cerebral, ciencia de datos y Neuropsicolog\u00eda                            <\/div>\r\n                        \r\n                                                    <div class=\"talk-speakers\">\r\n                                                                                                                                                <div class=\"talk-speaker speaker\" speaker_id=\"115360\">\r\n                                            <div class=\"speaker-content\">\r\n                                                <div class=\"talk-speaker-name body-2 medium\">\r\n                                                    Jes\u00fas Cort\u00e9s                                                <\/div>\r\n                                                <div class=\"talk-speaker-cv body-2\">\r\n                                                                                                                                                                                                                                                                            Profesor Catedr\u00e1tico en Ikerbasque. Responsable del Laboratorio de Neuroimagen Computacional en el Instituto de Investigaci\u00f3n Sanitaria BioBizkaia. Bilbao, Espa\u00f1a                                                                                                                                                        <\/div>\r\n                                            <\/div>\r\n                                                                                            <div class=\"speaker-thumb\" style=\"background-image: url('https:\/\/bipeek-resources-onsite-prd.s3.amazonaws.com\/39267\/conversions\/Jes%C3%BAs-Cort%C3%A9s-perfil.jpg?v=1706532356')\"><\/div>\r\n                                                                                    <\/div>\r\n                                                                                                <\/div>\r\n                        \r\n                        \r\n                                            <\/div>\r\n                                    <\/div>\r\n    <\/div>\r\n                        <style>\r\n                            .fc-event.session-6610{\r\n                                pointer-events: none;\r\n                            }\r\n                            .fc-event.session-6610::after{\r\n                                display: none !important;\r\n                            }\r\n                        <\/style>\r\n                    <div class=\"session-side\" session_id=\"6560\">\r\n    <svg class=\"close\" width=\"40\" height=\"40\" viewBox=\"0 0 40 40\" fill=\"none\" xmlns=\"http:\/\/www.w3.org\/2000\/svg\">\r\n        <path d=\"M0 20C0 8.95431 8.95431 0 20 0C31.0457 0 40 8.95431 40 20C40 31.0457 31.0457 40 20 40C8.95431 40 0 31.0457 0 20Z\" fill=\"white\"\/>\r\n        <path d=\"M28.2361 14.2361C28.9197 13.5525 28.9197 12.4424 28.2361 11.7588C27.5525 11.0752 26.4424 11.0752 25.7588 11.7588L20.0002 17.5229L14.2361 11.7643C13.5525 11.0807 12.4424 11.0807 11.7588 11.7643C11.0752 12.4479 11.0752 13.558 11.7588 14.2416L17.5229 20.0002L11.7643 25.7643C11.0807 26.4479 11.0807 27.558 11.7643 28.2416C12.4479 28.9252 13.558 28.9252 14.2416 28.2416L20.0002 22.4775L25.7643 28.2361C26.4479 28.9197 27.558 28.9197 28.2416 28.2361C28.9252 27.5525 28.9252 26.4424 28.2416 25.7588L22.4775 20.0002L28.2361 14.2361Z\" fill=\"black\"\/>\r\n    <\/svg>\r\n\r\n    <div class=\"session-container\">\r\n                    <div class=\"session-info\">\r\n                                                                    <div class=\"body-2 medium\">\r\n                        Mesa 7. Homenaje al legado cient\u00edfico y humano de Marisa Arnedo Montoro y M\u00f3nica Trivi\u00f1o Mosquera                    <\/div>\r\n                                                <div class=\"hour-date-room-container\">\r\n                                        <div class=\"body-2 medium\">9 Mar<\/div>\r\n                                            <div class=\"body-2 medium\">Sala Alb\u00e9niz-Machuca<\/div>\r\n                                                                <div class=\"body-2 medium\">12:00 - 13:15<\/div>\r\n                                    <\/div>\r\n            <\/div>\r\n        \r\n                    <div class=\"moderator-info\">\r\n                <div class=\"sub-header\">\r\n                    Modera                <\/div>\r\n                                                                                <div class=\"moderator-content speaker\" speaker_id=\"112137\">\r\n                            <div class=\"moderator-text\">\r\n                                <div class=\"body-2 medium\">\r\n                                    Carmen S\u00e1ez                                <\/div>\r\n                                <div class=\"body-2\">\r\n                                                                                                                                                                                            Profesora Titular del Departamento de Psicobiolog\u00eda de la Universidad de Granada. Granada, Espa\u00f1a                                                                                                                Facultad de Psicolog\u00eda. Universidad de Granada. Granada, Espa\u00f1a                                                                    <\/div>\r\n                            <\/div>\r\n                                                    <\/div>\r\n                                                <\/div>\r\n        \r\n            <\/div>\r\n\r\n            <div class=\"talks-container\">\r\n                                                <div class=\"talk\">\r\n                                                    <div class=\"talk-title heading-4\">\r\n                                Neuropsicolog\u00eda del l\u00f3bulo prefrontal: del control del tiempo al control de la memoria en las confabulaciones                            <\/div>\r\n                        \r\n                                                    <div class=\"talk-speakers\">\r\n                                                                                                                                                <div class=\"talk-speaker speaker\" speaker_id=\"105581\">\r\n                                            <div class=\"speaker-content\">\r\n                                                <div class=\"talk-speaker-name body-2 medium\">\r\n                                                    Juan Lupi\u00e1\u00f1ez                                                <\/div>\r\n                                                <div class=\"talk-speaker-cv body-2\">\r\n                                                                                                                                                                                                                                                                            Director del Grupo de Neurociencia Cognitiva Universidad de Granada. Granada, Espa\u00f1a                                                                                                                                                                Universidad de Granada. Espa\u00f1a                                                                                                    <\/div>\r\n                                            <\/div>\r\n                                                                                            <div class=\"speaker-thumb\" style=\"background-image: url('https:\/\/bipeek-resources-onsite-prd.s3.amazonaws.com\/37340\/conversions\/Juan-Lupianez-2016_recortada-B%26N-perfil.jpg?v=1699603685')\"><\/div>\r\n                                                                                    <\/div>\r\n                                                                                                <\/div>\r\n                        \r\n                        \r\n                                            <\/div>\r\n                                    <div class=\"talk\">\r\n                                                    <div class=\"talk-title heading-4\">\r\n                                Neuropsicolog\u00eda y actividades de la vida diaria                            <\/div>\r\n                        \r\n                                                    <div class=\"talk-speakers\">\r\n                                                                                                                                                <div class=\"talk-speaker speaker\" speaker_id=\"105580\">\r\n                                            <div class=\"speaker-content\">\r\n                                                <div class=\"talk-speaker-name body-2 medium\">\r\n                                                    M\u00aa Jes\u00fas Funes                                                <\/div>\r\n                                                <div class=\"talk-speaker-cv body-2\">\r\n                                                                                                                                                                                                                                                                            Profesora Titular del Departamento de Psicolog\u00eda Experimental y miembro del Centro de Investigaci\u00f3n Mente, Cerebro y Comportamiento (CIMCYC) de la Universidad de Granada. Granada, Espa\u00f1a                                                                                                                                                                Universidad de Granada. Espa\u00f1a                                                                                                    <\/div>\r\n                                            <\/div>\r\n                                                                                            <div class=\"speaker-thumb\" style=\"background-image: url('https:\/\/bipeek-resources-onsite-prd.s3.amazonaws.com\/37373\/conversions\/foto-M%C2%AA-Jes%C3%BAs-Funes-perfil.jpg?v=1699621129')\"><\/div>\r\n                                                                                    <\/div>\r\n                                                                                                <\/div>\r\n                        \r\n                        \r\n                                            <\/div>\r\n                                    <div class=\"talk\">\r\n                                                    <div class=\"talk-title heading-4\">\r\n                                Desde la Psicolog\u00eda Experimental a la realidad virtual: una visi\u00f3n humana                            <\/div>\r\n                        \r\n                                                    <div class=\"talk-speakers\">\r\n                                                                                                                                                <div class=\"talk-speaker speaker\" speaker_id=\"102252\">\r\n                                            <div class=\"speaker-content\">\r\n                                                <div class=\"talk-speaker-name body-2 medium\">\r\n                                                    Jos\u00e9 Mar\u00eda Torralba                                                <\/div>\r\n                                                <div class=\"talk-speaker-cv body-2\">\r\n                                                                                                                                                                                                                                                                            Neuropsic\u00f3logo Cl\u00ednico en Agredace. Docente e investigador en la Universidad de Granada y NeuroLab. Granada, Espa\u00f1a                                                                                                                                                                Asociaci\u00f3n de Da\u00f1o Cerebral Granada AGREDACE. Espa\u00f1a                                                                                                    <\/div>\r\n                                            <\/div>\r\n                                                                                            <div class=\"speaker-thumb\" style=\"background-image: url('https:\/\/bipeek-resources-onsite-prd.s3.amazonaws.com\/37349\/conversions\/Jose_Torralba-perfil.jpg?v=1699605000')\"><\/div>\r\n                                                                                    <\/div>\r\n                                                                                                <\/div>\r\n                        \r\n                        \r\n                                            <\/div>\r\n                                    <\/div>\r\n    <\/div>\r\n<div class=\"session-side\" session_id=\"6614\">\r\n    <svg class=\"close\" width=\"40\" height=\"40\" viewBox=\"0 0 40 40\" fill=\"none\" xmlns=\"http:\/\/www.w3.org\/2000\/svg\">\r\n        <path d=\"M0 20C0 8.95431 8.95431 0 20 0C31.0457 0 40 8.95431 40 20C40 31.0457 31.0457 40 20 40C8.95431 40 0 31.0457 0 20Z\" fill=\"white\"\/>\r\n        <path d=\"M28.2361 14.2361C28.9197 13.5525 28.9197 12.4424 28.2361 11.7588C27.5525 11.0752 26.4424 11.0752 25.7588 11.7588L20.0002 17.5229L14.2361 11.7643C13.5525 11.0807 12.4424 11.0807 11.7588 11.7643C11.0752 12.4479 11.0752 13.558 11.7588 14.2416L17.5229 20.0002L11.7643 25.7643C11.0807 26.4479 11.0807 27.558 11.7643 28.2416C12.4479 28.9252 13.558 28.9252 14.2416 28.2416L20.0002 22.4775L25.7643 28.2361C26.4479 28.9197 27.558 28.9197 28.2416 28.2361C28.9252 27.5525 28.9252 26.4424 28.2416 25.7588L22.4775 20.0002L28.2361 14.2361Z\" fill=\"black\"\/>\r\n    <\/svg>\r\n\r\n    <div class=\"session-container\">\r\n                    <div class=\"session-info\">\r\n                                                                    <div class=\"body-2 medium\">\r\n                        Mesa 8. Detecci\u00f3n precoz y diagn\u00f3stico neuropsicol\u00f3gico de la Enfermedad de Alzheimer: desde la atenci\u00f3n primaria a los contextos especializados                    <\/div>\r\n                                                <div class=\"hour-date-room-container\">\r\n                                        <div class=\"body-2 medium\">9 Mar<\/div>\r\n                                            <div class=\"body-2 medium\">Sala Machado<\/div>\r\n                                                                <div class=\"body-2 medium\">12:00 - 13:15<\/div>\r\n                                    <\/div>\r\n            <\/div>\r\n        \r\n                    <div class=\"moderator-info\">\r\n                <div class=\"sub-header\">\r\n                    Modera                <\/div>\r\n                                                                                <div class=\"moderator-content speaker\" speaker_id=\"102255\">\r\n                            <div class=\"moderator-text\">\r\n                                <div class=\"body-2 medium\">\r\n                                    Israel Contador                                <\/div>\r\n                                <div class=\"body-2\">\r\n                                                                                                                                                                                            Profesor Titular del \u00c1rea de Psicobiolog\u00eda, de la Universidad de Salamanca. Salamanca, Espa\u00f1a                                                                                                                Universidad de Salamanca                                                                    <\/div>\r\n                            <\/div>\r\n                                                    <\/div>\r\n                                                <\/div>\r\n        \r\n            <\/div>\r\n\r\n            <div class=\"talks-container\">\r\n                                                <div class=\"talk\">\r\n                                                    <div class=\"talk-title heading-4\">\r\n                                Detecci\u00f3n temprana del deterioro cognitivo asociado a la Enfermedad de Alzheimer en Atenci\u00f3n Primaria                            <\/div>\r\n                        \r\n                                                    <div class=\"talk-speakers\">\r\n                                                                                                                                                <div class=\"talk-speaker speaker\" speaker_id=\"102412\">\r\n                                            <div class=\"speaker-content\">\r\n                                                <div class=\"talk-speaker-name body-2 medium\">\r\n                                                    Patricia Alzola Bord\u00f3n                                                <\/div>\r\n                                                <div class=\"talk-speaker-cv body-2\">\r\n                                                                                                                                                                                                                                                                            Departamento de Psicolog\u00eda B\u00e1sica, Psicobiolog\u00eda y Metodolog\u00eda de las Ciencias del Comportamiento, Universidad de Salamanca, Espa\u00f1a                                                                                                                                                                Facultad de Psicolog\u00eda, Universidad de Salamanca                                                                                                    <\/div>\r\n                                            <\/div>\r\n                                                                                            <div class=\"speaker-thumb\" style=\"background-image: url('https:\/\/bipeek-resources-onsite-prd.s3.amazonaws.com\/37346\/conversions\/Patricia-Alzola-perfil.jpg?v=1699604324')\"><\/div>\r\n                                                                                    <\/div>\r\n                                                                                                <\/div>\r\n                        \r\n                        \r\n                                            <\/div>\r\n                                    <div class=\"talk\">\r\n                                                    <div class=\"talk-title heading-4\">\r\n                                Perfiles neuropsicol\u00f3gicos en la Enfermedad de Alzheimer: valor y futuro de las funciones ejecutivas                            <\/div>\r\n                        \r\n                                                    <div class=\"talk-speakers\">\r\n                                                                                                                                                <div class=\"talk-speaker speaker\" speaker_id=\"106081\">\r\n                                            <div class=\"speaker-content\">\r\n                                                <div class=\"talk-speaker-name body-2 medium\">\r\n                                                    Ver\u00f3nica Puertas Mart\u00edn                                                <\/div>\r\n                                                <div class=\"talk-speaker-cv body-2\">\r\n                                                                                                                                                                                                                                                                            \u00c1rea Salud y Educaci\u00f3n, Universidad Internacional de la Rioja, Espa\u00f1a                                                                                                                                                                \u00c1rea Salud y Educaci\u00f3n, Universidad Internacional de la Rioja. Espa\u00f1a                                                                                                    <\/div>\r\n                                            <\/div>\r\n                                                                                            <div class=\"speaker-thumb\" style=\"background-image: url('https:\/\/bipeek-resources-onsite-prd.s3.amazonaws.com\/37348\/conversions\/Ver%C3%B3nica-Puertas-Mart%C3%ADn-perfil.jpg?v=1699604922')\"><\/div>\r\n                                                                                    <\/div>\r\n                                                                                                <\/div>\r\n                        \r\n                        \r\n                                            <\/div>\r\n                                    <div class=\"talk\">\r\n                                                    <div class=\"talk-title heading-4\">\r\n                                Las habilidades visuoconstructivas en el diagn\u00f3stico precoz del deterioro cognitivo asociado a la Enfermedad de Alzheimer                            <\/div>\r\n                        \r\n                                                    <div class=\"talk-speakers\">\r\n                                                                                                                                                <div class=\"talk-speaker speaker\" speaker_id=\"106082\">\r\n                                            <div class=\"speaker-content\">\r\n                                                <div class=\"talk-speaker-name body-2 medium\">\r\n                                                    Bernardino Fern\u00e1ndez Calvo                                                <\/div>\r\n                                                <div class=\"talk-speaker-cv body-2\">\r\n                                                                                                                                                                                                                                                                            Departamento de Psicolog\u00eda, Facultad de Ciencias de la Educaci\u00f3n y Psicolog\u00eda. Universidad de C\u00f3rdoba, Espa\u00f1a                                                                                                                                                                Facultad de Ciencias de la Educaci\u00f3n y Psicolog\u00eda. Universidad de C\u00f3rdoba. Espa\u00f1a                                                                                                    <\/div>\r\n                                            <\/div>\r\n                                                                                            <div class=\"speaker-thumb\" style=\"background-image: url('https:\/\/bipeek-resources-onsite-prd.s3.amazonaws.com\/37350\/conversions\/Bernardino-Fern%C3%A1ndez-Calvo-perfil.jpg?v=1699605186')\"><\/div>\r\n                                                                                    <\/div>\r\n                                                                                                <\/div>\r\n                        \r\n                        \r\n                                            <\/div>\r\n                                    <\/div>\r\n    <\/div>\r\n<div class=\"session-side\" session_id=\"6347\">\r\n    <svg class=\"close\" width=\"40\" height=\"40\" viewBox=\"0 0 40 40\" fill=\"none\" xmlns=\"http:\/\/www.w3.org\/2000\/svg\">\r\n        <path d=\"M0 20C0 8.95431 8.95431 0 20 0C31.0457 0 40 8.95431 40 20C40 31.0457 31.0457 40 20 40C8.95431 40 0 31.0457 0 20Z\" fill=\"white\"\/>\r\n        <path d=\"M28.2361 14.2361C28.9197 13.5525 28.9197 12.4424 28.2361 11.7588C27.5525 11.0752 26.4424 11.0752 25.7588 11.7588L20.0002 17.5229L14.2361 11.7643C13.5525 11.0807 12.4424 11.0807 11.7588 11.7643C11.0752 12.4479 11.0752 13.558 11.7588 14.2416L17.5229 20.0002L11.7643 25.7643C11.0807 26.4479 11.0807 27.558 11.7643 28.2416C12.4479 28.9252 13.558 28.9252 14.2416 28.2416L20.0002 22.4775L25.7643 28.2361C26.4479 28.9197 27.558 28.9197 28.2416 28.2361C28.9252 27.5525 28.9252 26.4424 28.2416 25.7588L22.4775 20.0002L28.2361 14.2361Z\" fill=\"black\"\/>\r\n    <\/svg>\r\n\r\n    <div class=\"session-container\">\r\n                    <div class=\"session-info\">\r\n                                                                    <div class=\"body-2 medium\">\r\n                        Conferencia de Clausura. Expandiendo las fronteras de la Neuropsicolog\u00eda Cl\u00ednica: el proyecto BELIEVE                    <\/div>\r\n                                                <div class=\"hour-date-room-container\">\r\n                                        <div class=\"body-2 medium\">9 Mar<\/div>\r\n                                            <div class=\"body-2 medium\">Sala Alb\u00e9niz-Machuca<\/div>\r\n                                                                <div class=\"body-2 medium\">13:15 - 14:15<\/div>\r\n                                    <\/div>\r\n            <\/div>\r\n        \r\n                    <div class=\"moderator-info\">\r\n                <div class=\"sub-header\">\r\n                    Modera                <\/div>\r\n                                                                                <div class=\"moderator-content speaker\" speaker_id=\"114317\">\r\n                            <div class=\"moderator-text\">\r\n                                <div class=\"body-2 medium\">\r\n                                    Myrtha O'Valle                                <\/div>\r\n                                <div class=\"body-2\">\r\n                                                                                                                                                                                            Doctora en Psicolog\u00eda por la Universidad de Sevilla Neuropsic\u00f3loga acreditada. Directora en Irenea Sevilla Presidenta del Comit\u00e9 Organizador del Congreso                                                                                                                Irenea. Instituto de Rehabilitaci\u00f3n Neurol\u00f3gica.                                                                    <\/div>\r\n                            <\/div>\r\n                                                    <\/div>\r\n                                                <\/div>\r\n        \r\n            <\/div>\r\n\r\n            <div class=\"talks-container\">\r\n                                                <div class=\"talk\">\r\n                                                    <div class=\"talk-title heading-4\">\r\n                                Expandiendo las fronteras de la Neuropsicolog\u00eda Cl\u00ednica: el proyecto BELIEVE                            <\/div>\r\n                        \r\n                                                    <div class=\"talk-speakers\">\r\n                                                                                                                                                <div class=\"talk-speaker speaker\" speaker_id=\"99768\">\r\n                                            <div class=\"speaker-content\">\r\n                                                <div class=\"talk-speaker-name body-2 medium\">\r\n                                                    Miguel P\u00e9rez Garc\u00eda                                                <\/div>\r\n                                                <div class=\"talk-speaker-cv body-2\">\r\n                                                                                                                                                                                                                                                                            Catedr\u00e1tico de Neuropsicolog\u00eda Cl\u00ednica de la Universidad de Granada. Espa\u00f1a                                                                                                                                                        <\/div>\r\n                                            <\/div>\r\n                                                                                            <div class=\"speaker-thumb\" style=\"background-image: url('https:\/\/bipeek-resources-onsite-prd.s3.amazonaws.com\/33658\/conversions\/Miguel-P%C3%A9rez-Garc%C3%ADa-fondo-1.1-perfil.jpg?v=1695283376')\"><\/div>\r\n                                                                                    <\/div>\r\n                                                                                                <\/div>\r\n                        \r\n                        \r\n                                            <\/div>\r\n                                    <\/div>\r\n    <\/div>\r\n<div class=\"session-side\" session_id=\"6611\">\r\n    <svg class=\"close\" width=\"40\" height=\"40\" viewBox=\"0 0 40 40\" fill=\"none\" xmlns=\"http:\/\/www.w3.org\/2000\/svg\">\r\n        <path d=\"M0 20C0 8.95431 8.95431 0 20 0C31.0457 0 40 8.95431 40 20C40 31.0457 31.0457 40 20 40C8.95431 40 0 31.0457 0 20Z\" fill=\"white\"\/>\r\n        <path d=\"M28.2361 14.2361C28.9197 13.5525 28.9197 12.4424 28.2361 11.7588C27.5525 11.0752 26.4424 11.0752 25.7588 11.7588L20.0002 17.5229L14.2361 11.7643C13.5525 11.0807 12.4424 11.0807 11.7588 11.7643C11.0752 12.4479 11.0752 13.558 11.7588 14.2416L17.5229 20.0002L11.7643 25.7643C11.0807 26.4479 11.0807 27.558 11.7643 28.2416C12.4479 28.9252 13.558 28.9252 14.2416 28.2416L20.0002 22.4775L25.7643 28.2361C26.4479 28.9197 27.558 28.9197 28.2416 28.2361C28.9252 27.5525 28.9252 26.4424 28.2416 25.7588L22.4775 20.0002L28.2361 14.2361Z\" fill=\"black\"\/>\r\n    <\/svg>\r\n\r\n    <div class=\"session-container\">\r\n                    <div class=\"session-info\">\r\n                                                                    <div class=\"body-2 medium\">\r\n                        Acto de clausura y Entrega de Premios                    <\/div>\r\n                                                <div class=\"hour-date-room-container\">\r\n                                        <div class=\"body-2 medium\">9 Mar<\/div>\r\n                                            <div class=\"body-2 medium\">Sala Alb\u00e9niz-Machuca<\/div>\r\n                                                                <div class=\"body-2 medium\">14:15 - 14:30<\/div>\r\n                                    <\/div>\r\n            <\/div>\r\n        \r\n        \r\n            <\/div>\r\n\r\n            <div class=\"talks-container\">\r\n                                                <div class=\"talk\">\r\n                                                    <div class=\"talk-title heading-4\">\r\n                                Acto de clausura y Entrega de Premios                            <\/div>\r\n                        \r\n                                                    <div class=\"talk-speakers\">\r\n                                                                                                                                                <div class=\"talk-speaker speaker\" speaker_id=\"102745\">\r\n                                            <div class=\"speaker-content\">\r\n                                                <div class=\"talk-speaker-name body-2 medium\">\r\n                                                    Juan Olmo Osa                                                <\/div>\r\n                                                <div class=\"talk-speaker-cv body-2\">\r\n                                                                                                                                                                                                                                                                            Hospital Universitario \u00c1raba (Santiago Ap\u00f3stol). Presidente de FANPSE. Vitoria-Gasteiz, Espa\u00f1a                                                                                                                                                                HUA Santiago (Vitoria-Gasteiz)                                                                                                    <\/div>\r\n                                            <\/div>\r\n                                                                                    <\/div>\r\n                                                                                                                                                                                    <div class=\"talk-speaker speaker\" speaker_id=\"114317\">\r\n                                            <div class=\"speaker-content\">\r\n                                                <div class=\"talk-speaker-name body-2 medium\">\r\n                                                    Myrtha O'Valle                                                <\/div>\r\n                                                <div class=\"talk-speaker-cv body-2\">\r\n                                                                                                                                                                                                                                                                            Doctora en Psicolog\u00eda por la Universidad de Sevilla Neuropsic\u00f3loga acreditada. Directora en Irenea Sevilla Presidenta del Comit\u00e9 Organizador del Congreso                                                                                                                                                                Irenea. Instituto de Rehabilitaci\u00f3n Neurol\u00f3gica.                                                                                                    <\/div>\r\n                                            <\/div>\r\n                                                                                    <\/div>\r\n                                                                                                <\/div>\r\n                        \r\n                        \r\n                                            <\/div>\r\n                                    <\/div>\r\n    <\/div>\r\n<div class=\"speaker-side\" speaker_id=\"99766\">\r\n    <svg class=\"close\" width=\"40\" height=\"40\" viewBox=\"0 0 40 40\" fill=\"none\" xmlns=\"http:\/\/www.w3.org\/2000\/svg\">\r\n        <path d=\"M0 20C0 8.95431 8.95431 0 20 0C31.0457 0 40 8.95431 40 20C40 31.0457 31.0457 40 20 40C8.95431 40 0 31.0457 0 20Z\" fill=\"white\"\/>\r\n        <path d=\"M28.2361 14.2361C28.9197 13.5525 28.9197 12.4424 28.2361 11.7588C27.5525 11.0752 26.4424 11.0752 25.7588 11.7588L20.0002 17.5229L14.2361 11.7643C13.5525 11.0807 12.4424 11.0807 11.7588 11.7643C11.0752 12.4479 11.0752 13.558 11.7588 14.2416L17.5229 20.0002L11.7643 25.7643C11.0807 26.4479 11.0807 27.558 11.7643 28.2416C12.4479 28.9252 13.558 28.9252 14.2416 28.2416L20.0002 22.4775L25.7643 28.2361C26.4479 28.9197 27.558 28.9197 28.2416 28.2361C28.9252 27.5525 28.9252 26.4424 28.2416 25.7588L22.4775 20.0002L28.2361 14.2361Z\" fill=\"black\"\/>\r\n    <\/svg>\r\n\r\n    <div class=\"speaker-container\">\r\n                    <div class=\"speaker-img\">\r\n                <img src=\"https:\/\/bipeek-resources-onsite-prd.s3.amazonaws.com\/33656\/conversions\/Prof-Kopelman-photo-small-30KB-perfil.jpg?v=1695283020\" onerror=\"this.src='https:\/\/congresofanpse.org\/2024\/wp-content\/plugins\/bipeek\/speaker-fallback.jpg';this.onerror='';\">\r\n                <div class=\"gradient\"><\/div>\r\n            <\/div>\r\n                <div class=\"speaker-info\">\r\n            <div class=\"speaker-name\">\r\n                Michael Kopelman            <\/div>\r\n            <div class=\"speaker-job body-1\">\r\n                                                                                        Profesor Em\u00e9rito de Neuropsiquiatr\u00eda en el King\u2019s College London. United Kingdom                                                                                <\/div>\r\n                            <div class=\"spacer\"><\/div>\r\n                <div class=\"speaker-cv body-2\">\r\n                    <p style=\"text-align: justify;\">El profesor Michael Kopelman Ph.D, FBPsS, FRCPsych, FMedSci es catedr&aacute;tico em&eacute;rito de Neuropsiquiatr&iacute;a del King's College de Londres (Instituto de Psiquiatr&iacute;a, Psicolog&iacute;a y Neurociencia); y anteriormente dirigi&oacute; una Cl&iacute;nica de Neuropsiquiatr&iacute;a y Trastornos de la Memoria en el Hospital St Thomas de Londres. Ha sido coeditor\/coautor de The Handbook of Memory Disorders, 2002; Lishman's Organic Psychiatry, 4&ordf; edici&oacute;n, 2009; y Forensic Neuropsychology in Practice, 2009. Fue Presidente de la Sociedad Internacional de Neuropsicolog&iacute;a y de la Asociaci&oacute;n Internacional de Neuropsiquiatr&iacute;a, as&iacute; como de tres sociedades acad&eacute;micas brit&aacute;nicas. Ha formado parte de 12 consejos editoriales, entre ellos los de Brain, Neuropsychologia, Cortex, Neuropsychology y JINS. Sus investigaciones abarcan todos los aspectos de los trastornos de la memoria. Entre sus numerosas conferencias magistrales y presidenciales internacionales, fue galardonado con el Premio a la Trayectoria Distinguida por la Sociedad Internacional de Neuropsicolog&iacute;a en 2013, y pronunci&oacute; la Conferencia del Premio Freda Newcombe de la Sociedad Brit&aacute;nica de Neuropsicolog&iacute;a en 2018.<\/p>                <\/div>\r\n                                <\/div>\r\n        <div class=\"speaker-talks\">\r\n                                                                                                                                                                                                                                                                            <div class=\"speaker-session hasSession\" session_id=\"6346\">\r\n                                                            <h5>Conferencia Inaugural. Retrograde amnesia in Alzheimer dementia: the temporal gradient and the reminiscence bump<\/h5>\r\n                                                        <div class=\"speaker-talk\">\r\n                                <div class=\"hour-date-room-container\">\r\n                                    <div class=\"body-2 medium\">8 mar<\/div>\r\n                                    <div class=\"body-2 medium\">Sala Alb\u00e9niz-Machuca<\/div>\r\n                                    <div class=\"body-2 medium\">9:30 - 10:30<\/div>\r\n                                                                    <\/div>\r\n                            <\/div>\r\n                                                            <h6>Interviene en:<\/h6>\r\n                                                                                                                                                        <div class=\"speaker-talk\" style=\"margin-left: 1rem;\">\r\n                                                <div class=\"talk-title body-1\">\r\n                                                    Retrograde amnesia in Alzheimer dementia: the temporal gradient and the reminiscence bump                                                <\/div>\r\n                                            <\/div>\r\n                                                                                                                                                                <\/div>\r\n                                                                                                                                                                                                                                                                                                                                                                                                                                                                                                                                                                                                                                                                                                                                                                                                                                                                                                                                                                                                                                                                                                                                                                                                                                                                                                                                                                                                                                                                                                                                                                        <\/div>\r\n    <\/div>\r\n<\/div><div class=\"speaker-side\" speaker_id=\"99768\">\r\n    <svg class=\"close\" width=\"40\" height=\"40\" viewBox=\"0 0 40 40\" fill=\"none\" xmlns=\"http:\/\/www.w3.org\/2000\/svg\">\r\n        <path d=\"M0 20C0 8.95431 8.95431 0 20 0C31.0457 0 40 8.95431 40 20C40 31.0457 31.0457 40 20 40C8.95431 40 0 31.0457 0 20Z\" fill=\"white\"\/>\r\n        <path d=\"M28.2361 14.2361C28.9197 13.5525 28.9197 12.4424 28.2361 11.7588C27.5525 11.0752 26.4424 11.0752 25.7588 11.7588L20.0002 17.5229L14.2361 11.7643C13.5525 11.0807 12.4424 11.0807 11.7588 11.7643C11.0752 12.4479 11.0752 13.558 11.7588 14.2416L17.5229 20.0002L11.7643 25.7643C11.0807 26.4479 11.0807 27.558 11.7643 28.2416C12.4479 28.9252 13.558 28.9252 14.2416 28.2416L20.0002 22.4775L25.7643 28.2361C26.4479 28.9197 27.558 28.9197 28.2416 28.2361C28.9252 27.5525 28.9252 26.4424 28.2416 25.7588L22.4775 20.0002L28.2361 14.2361Z\" fill=\"black\"\/>\r\n    <\/svg>\r\n\r\n    <div class=\"speaker-container\">\r\n                    <div class=\"speaker-img\">\r\n                <img src=\"https:\/\/bipeek-resources-onsite-prd.s3.amazonaws.com\/33658\/conversions\/Miguel-P%C3%A9rez-Garc%C3%ADa-fondo-1.1-perfil.jpg?v=1695283376\" onerror=\"this.src='https:\/\/congresofanpse.org\/2024\/wp-content\/plugins\/bipeek\/speaker-fallback.jpg';this.onerror='';\">\r\n                <div class=\"gradient\"><\/div>\r\n            <\/div>\r\n                <div class=\"speaker-info\">\r\n            <div class=\"speaker-name\">\r\n                Miguel P\u00e9rez Garc\u00eda            <\/div>\r\n            <div class=\"speaker-job body-1\">\r\n                                                                                        Catedr\u00e1tico de Neuropsicolog\u00eda Cl\u00ednica de la Universidad de Granada. Espa\u00f1a                                                                                <\/div>\r\n                            <div class=\"spacer\"><\/div>\r\n                <div class=\"speaker-cv body-2\">\r\n                    <p style=\"text-align: justify;\">Dr. Miguel P&eacute;rez Garc&iacute;a es catedr&aacute;tico de Neuropsicolog&iacute;a Cl&iacute;nica de la Universidad de Granada y responsable del grupo de investigaci&oacute;n Neuropsicolog&iacute;a y Psiconeuroinmunolog&iacute;a Aplicadas a la Infancia, Adultos y Mayores (CTS-581) perteneciente al Centro de Investigaci&oacute;n Mente, Cerebro y Comportamiento (CIMCYC) de la misma universidad. Realiz&oacute; su formaci&oacute;n postdoctoral en la Universidad de Carolina del Norte en Wilmington bajo la supervisi&oacute;n del profesor Antonio E. Puente. En el &aacute;mbito de la investigaci&oacute;n, ha publicado m&aacute;s de 180 art&iacute;culos en revistas nacionales e internacionales y ha dirigido numerosos proyectos de investigaci&oacute;n conseguidos en convocatorias competitivas en &aacute;reas como las adicciones o, m&aacute;s recientemente, la violencia de g&eacute;nero. Es miembro de la Comisi&oacute;n Nacional de Acreditaci&oacute;n Profesional (CNAP), miembro de la Junta Directiva de la Divisi&oacute;n de Neuropsicolog&iacute;a Cl&iacute;nica del Consejo General de la Psicolog&iacute;a de Espa&ntilde;a y miembro de EFPA Provisional Specialist-European Award Committee (P-SEAC) in Clinical Neuropsychology (CN).<\/p>                <\/div>\r\n                                <\/div>\r\n        <div class=\"speaker-talks\">\r\n                                                                                                                                                            <div class=\"speaker-session hasSession\" session_id=\"6733\">\r\n                                                            <h5>TALLER 2. Diagn\u00f3stico de la simulaci\u00f3n neuropsicol\u00f3gica: procedimientos y casos forenses<\/h5>\r\n                                                        <div class=\"speaker-talk\">\r\n                                <div class=\"hour-date-room-container\">\r\n                                    <div class=\"body-2 medium\">7 mar<\/div>\r\n                                    <div class=\"body-2 medium\">Sala Seminario 2<\/div>\r\n                                    <div class=\"body-2 medium\">16:00 - 19:00<\/div>\r\n                                                                    <\/div>\r\n                            <\/div>\r\n                                                            <h6>Interviene en:<\/h6>\r\n                                                                                                                                                                                                                                    <div class=\"speaker-talk\" style=\"margin-left: 1rem;\">\r\n                                                <div class=\"talk-title body-1\">\r\n                                                    Diagn\u00f3stico de la simulaci\u00f3n neuropsicol\u00f3gica: procedimientos y casos forenses                                                <\/div>\r\n                                            <\/div>\r\n                                                                                                                                                                <\/div>\r\n                                                                                                                                                                                                                                                                                                                                                                                                                                                                                                                                                                                                                                                                                                                                                                                                                                                                                                                                                                                                                                                                                                                                                                                                                                                                                                                                                                                                                                                                                                                                                                                                                    <div class=\"speaker-session hasSession\" session_id=\"6347\">\r\n                                                            <h5>Conferencia de Clausura. Expandiendo las fronteras de la Neuropsicolog\u00eda Cl\u00ednica: el proyecto BELIEVE<\/h5>\r\n                                                        <div class=\"speaker-talk\">\r\n                                <div class=\"hour-date-room-container\">\r\n                                    <div class=\"body-2 medium\">9 mar<\/div>\r\n                                    <div class=\"body-2 medium\">Sala Alb\u00e9niz-Machuca<\/div>\r\n                                    <div class=\"body-2 medium\">13:15 - 14:15<\/div>\r\n                                                                    <\/div>\r\n                            <\/div>\r\n                                                            <h6>Interviene en:<\/h6>\r\n                                                                                                                                                        <div class=\"speaker-talk\" style=\"margin-left: 1rem;\">\r\n                                                <div class=\"talk-title body-1\">\r\n                                                    Expandiendo las fronteras de la Neuropsicolog\u00eda Cl\u00ednica: el proyecto BELIEVE                                                <\/div>\r\n                                            <\/div>\r\n                                                                                                                                                                <\/div>\r\n                                                                                                                <\/div>\r\n    <\/div>\r\n<\/div><div class=\"speaker-side\" speaker_id=\"100858\">\r\n    <svg class=\"close\" width=\"40\" height=\"40\" viewBox=\"0 0 40 40\" fill=\"none\" xmlns=\"http:\/\/www.w3.org\/2000\/svg\">\r\n        <path d=\"M0 20C0 8.95431 8.95431 0 20 0C31.0457 0 40 8.95431 40 20C40 31.0457 31.0457 40 20 40C8.95431 40 0 31.0457 0 20Z\" fill=\"white\"\/>\r\n        <path d=\"M28.2361 14.2361C28.9197 13.5525 28.9197 12.4424 28.2361 11.7588C27.5525 11.0752 26.4424 11.0752 25.7588 11.7588L20.0002 17.5229L14.2361 11.7643C13.5525 11.0807 12.4424 11.0807 11.7588 11.7643C11.0752 12.4479 11.0752 13.558 11.7588 14.2416L17.5229 20.0002L11.7643 25.7643C11.0807 26.4479 11.0807 27.558 11.7643 28.2416C12.4479 28.9252 13.558 28.9252 14.2416 28.2416L20.0002 22.4775L25.7643 28.2361C26.4479 28.9197 27.558 28.9197 28.2416 28.2361C28.9252 27.5525 28.9252 26.4424 28.2416 25.7588L22.4775 20.0002L28.2361 14.2361Z\" fill=\"black\"\/>\r\n    <\/svg>\r\n\r\n    <div class=\"speaker-container\">\r\n                    <div class=\"speaker-img\">\r\n                <img src=\"https:\/\/bipeek-resources-onsite-prd.s3.amazonaws.com\/33953\/conversions\/Nikos-Makris-perfil.jpg?v=1695719695\" onerror=\"this.src='https:\/\/congresofanpse.org\/2024\/wp-content\/plugins\/bipeek\/speaker-fallback.jpg';this.onerror='';\">\r\n                <div class=\"gradient\"><\/div>\r\n            <\/div>\r\n                <div class=\"speaker-info\">\r\n            <div class=\"speaker-name\">\r\n                Nikos Makris            <\/div>\r\n            <div class=\"speaker-job body-1\">\r\n                                                                                        Profesor Asociado de Psiquiatr\u00eda y Neurolog\u00eda. Harvard Medical School. United States                                                                                <\/div>\r\n                            <div class=\"spacer\"><\/div>\r\n                <div class=\"speaker-cv body-2\">\r\n                    <p style=\"text-align: justify;\">Nikos Makris, M.D., Ph.D. es neuroanatomista de sistemas, cient&iacute;fico de la imagen y psiquiatra. Es Profesor Asociado de Psiquiatr&iacute;a y Neurolog&iacute;a en los Departamentos de Psiquiatr&iacute;a y Neurolog&iacute;a del Hospital General de Massachusetts y la Facultad de Medicina de Harvard. Es Director del Centro de An&aacute;lisis Morfom&eacute;trico y del N&uacute;cleo del Centro de An&aacute;lisis Morfom&eacute;trico del MGH, as&iacute; como codirector del Centro de Investigaciones de Sistemas Neuronales. Participa en la integraci&oacute;n de proyectos, el esfuerzo cient&iacute;fico y cl&iacute;nico, la educaci&oacute;n y la formaci&oacute;n en el &aacute;mbito de la anatom&iacute;a&nbsp;<\/p>                <\/div>\r\n                                <\/div>\r\n        <div class=\"speaker-talks\">\r\n                                                                                                                                                                                                                                                                                                                                                                                                                                                                                                                                                                                                                                                                                                                                                                                                                                                                                                                    <div class=\"speaker-session hasSession\" session_id=\"6348\">\r\n                                                            <h5>Conferencia plenaria. Neuroanatom\u00eda de los Circuitos Cerebrales asociados al Lenguaje: Abordaje desde la Neuroimagen. Nikos Makris<\/h5>\r\n                                                        <div class=\"speaker-talk\">\r\n                                <div class=\"hour-date-room-container\">\r\n                                    <div class=\"body-2 medium\">8 mar<\/div>\r\n                                    <div class=\"body-2 medium\">Sala Alb\u00e9niz-Machuca<\/div>\r\n                                    <div class=\"body-2 medium\">16:45 - 17:45<\/div>\r\n                                                                    <\/div>\r\n                            <\/div>\r\n                                                            <h6>Interviene en:<\/h6>\r\n                                                                                                                                                        <div class=\"speaker-talk\" style=\"margin-left: 1rem;\">\r\n                                                <div class=\"talk-title body-1\">\r\n                                                    Conferencia plenaria. Neuroanatom\u00eda de los Circuitos Cerebrales asociados al Lenguaje: Abordaje desde la Neuroimagen                                                <\/div>\r\n                                            <\/div>\r\n                                                                                                                                                                <\/div>\r\n                                                                                                                                                                                                                                                                                                                                                                                                                                                                                                                                                                                                                                                                                                                                                                                                                                                                                                                                <\/div>\r\n    <\/div>\r\n<\/div><div class=\"speaker-side\" speaker_id=\"105577\">\r\n    <svg class=\"close\" width=\"40\" height=\"40\" viewBox=\"0 0 40 40\" fill=\"none\" xmlns=\"http:\/\/www.w3.org\/2000\/svg\">\r\n        <path d=\"M0 20C0 8.95431 8.95431 0 20 0C31.0457 0 40 8.95431 40 20C40 31.0457 31.0457 40 20 40C8.95431 40 0 31.0457 0 20Z\" fill=\"white\"\/>\r\n        <path d=\"M28.2361 14.2361C28.9197 13.5525 28.9197 12.4424 28.2361 11.7588C27.5525 11.0752 26.4424 11.0752 25.7588 11.7588L20.0002 17.5229L14.2361 11.7643C13.5525 11.0807 12.4424 11.0807 11.7588 11.7643C11.0752 12.4479 11.0752 13.558 11.7588 14.2416L17.5229 20.0002L11.7643 25.7643C11.0807 26.4479 11.0807 27.558 11.7643 28.2416C12.4479 28.9252 13.558 28.9252 14.2416 28.2416L20.0002 22.4775L25.7643 28.2361C26.4479 28.9197 27.558 28.9197 28.2416 28.2361C28.9252 27.5525 28.9252 26.4424 28.2416 25.7588L22.4775 20.0002L28.2361 14.2361Z\" fill=\"black\"\/>\r\n    <\/svg>\r\n\r\n    <div class=\"speaker-container\">\r\n                    <div class=\"speaker-img\">\r\n                <img src=\"https:\/\/bipeek-resources-onsite-prd.s3.amazonaws.com\/37351\/conversions\/Fernando_Cuetos-perfil.jpg?v=1699605427\" onerror=\"this.src='https:\/\/congresofanpse.org\/2024\/wp-content\/plugins\/bipeek\/speaker-fallback.jpg';this.onerror='';\">\r\n                <div class=\"gradient\"><\/div>\r\n            <\/div>\r\n                <div class=\"speaker-info\">\r\n            <div class=\"speaker-name\">\r\n                Fernando Cuetos            <\/div>\r\n            <div class=\"speaker-job body-1\">\r\n                                                                                        Catedr\u00e1tico de Psicolog\u00eda del Lenguaje de la Universidad de Oviedo. Oviedo, Espa\u00f1a                                                    Universidad de Oviedo. Espa\u00f1a                            <\/div>\r\n                            <div class=\"spacer\"><\/div>\r\n                <div class=\"speaker-cv body-2\">\r\n                    <p style=\"text-align: justify;\">Fernando Cuetos es Catedr&aacute;tico de Psicolog&iacute;a de la Universidad de Oviedo. Ha publicado m&aacute;s de ciento setenta art&iacute;culos en revistas cient&iacute;ficas internacionales de primer nivel y es autor de una docena de libros (Psicolog&iacute;a de la Lectura, Dislexia: ni despiste ni pereza, Psicolog&iacute;a del lenguaje, Neurociencia del Lenguaje, Evaluaci&oacute;n y Rehabilitaci&oacute;n de las Afasias,&hellip;.), de m&aacute;s de treinta cap&iacute;tulos de libros y de varios test de lectura, escritura, afasias y dislexia (Prolec-R, Proesc, BETA, EPLA, Prolexia&hellip;). Ha dirigido veinticuatro tesis doctorales y m&aacute;s de veinte proyectos de investigaci&oacute;n subvencionados por el Ministerio de Educaci&oacute;n y Ciencia, Ficyt y la Comunidad Europea. Ha sido miembro de la red Marie Curie Research Training Network: Language and Brain. Fue presidente de la Sociedad Espa&ntilde;ola de Psicolog&iacute;a Experimental y director del Grupo de Neurociencia Cognitiva de la Universidad de Oviedo. Ha sido director de la Revista REMA y director asociado de varias otras revistas (Cognitiva, Psicol&oacute;gica, Revista de Logopedia,..). Ha realizado estancias en las universidades de Exeter, Harvard y California-Los Angeles. Es profesor honor&iacute;fico de la Universidad de San Marcos en Per&uacute;. &nbsp;<\/p>                <\/div>\r\n                                <\/div>\r\n        <div class=\"speaker-talks\">\r\n                                                                                                                                                                                                                                                                                                                                                                                                                                                                                                                                                                                                                                                                                                                                                                                                                                                                                                                                                                                                                                    <div class=\"speaker-session hasSession\" session_id=\"6559\">\r\n                                                            <h5>Mesa 5. Diagn\u00f3stico y Tratamiento de la alteraci\u00f3n de los procesos ling\u00fc\u00edsticos<\/h5>\r\n                                                        <div class=\"speaker-talk\">\r\n                                <div class=\"hour-date-room-container\">\r\n                                    <div class=\"body-2 medium\">8 mar<\/div>\r\n                                    <div class=\"body-2 medium\">Sala Alb\u00e9niz-Machuca<\/div>\r\n                                    <div class=\"body-2 medium\">18:15 - 19:30<\/div>\r\n                                                                    <\/div>\r\n                            <\/div>\r\n                                                            <h6>Interviene en:<\/h6>\r\n                                                                                                                                                        <div class=\"speaker-talk\" style=\"margin-left: 1rem;\">\r\n                                                <div class=\"talk-title body-1\">\r\n                                                    Diagn\u00f3stico  de las afasias progresivas primarias. El test MLSE                                                <\/div>\r\n                                            <\/div>\r\n                                                                                                                                                                                                                                                                                                                                                                                                                                                                <\/div>\r\n                                                                                                                                                                                                                                                                                                                                                                                                                                                                                                                                                                                                                                                                                                                                                                                                                <\/div>\r\n    <\/div>\r\n<\/div><div class=\"speaker-side\" speaker_id=\"105578\">\r\n    <svg class=\"close\" width=\"40\" height=\"40\" viewBox=\"0 0 40 40\" fill=\"none\" xmlns=\"http:\/\/www.w3.org\/2000\/svg\">\r\n        <path d=\"M0 20C0 8.95431 8.95431 0 20 0C31.0457 0 40 8.95431 40 20C40 31.0457 31.0457 40 20 40C8.95431 40 0 31.0457 0 20Z\" fill=\"white\"\/>\r\n        <path d=\"M28.2361 14.2361C28.9197 13.5525 28.9197 12.4424 28.2361 11.7588C27.5525 11.0752 26.4424 11.0752 25.7588 11.7588L20.0002 17.5229L14.2361 11.7643C13.5525 11.0807 12.4424 11.0807 11.7588 11.7643C11.0752 12.4479 11.0752 13.558 11.7588 14.2416L17.5229 20.0002L11.7643 25.7643C11.0807 26.4479 11.0807 27.558 11.7643 28.2416C12.4479 28.9252 13.558 28.9252 14.2416 28.2416L20.0002 22.4775L25.7643 28.2361C26.4479 28.9197 27.558 28.9197 28.2416 28.2361C28.9252 27.5525 28.9252 26.4424 28.2416 25.7588L22.4775 20.0002L28.2361 14.2361Z\" fill=\"black\"\/>\r\n    <\/svg>\r\n\r\n    <div class=\"speaker-container\">\r\n                    <div class=\"speaker-img\">\r\n                <img src=\"https:\/\/bipeek-resources-onsite-prd.s3.amazonaws.com\/37354\/conversions\/Marcelo_Berthier-perfil.jpg?v=1699605792\" onerror=\"this.src='https:\/\/congresofanpse.org\/2024\/wp-content\/plugins\/bipeek\/speaker-fallback.jpg';this.onerror='';\">\r\n                <div class=\"gradient\"><\/div>\r\n            <\/div>\r\n                <div class=\"speaker-info\">\r\n            <div class=\"speaker-name\">\r\n                Marcelo Berthier            <\/div>\r\n            <div class=\"speaker-job body-1\">\r\n                                                                                        Profesor Em\u00e9rito de Neurolog\u00eda. Unidad de Neurolog\u00eda Cognitiva y Afasia. Centro de Investigaciones M\u00e9dico-Sanitarias. Universidad de M\u00e1laga. M\u00e1laga, Espa\u00f1a                                                    Universidad de M\u00e1laga. Espa\u00f1a                            <\/div>\r\n                            <div class=\"spacer\"><\/div>\r\n                <div class=\"speaker-cv body-2\">\r\n                    <p style=\"text-align: justify;\">Marcelo Berthier ha publicado169 art&iacute;culos en revistas internacionales revisadas por pares JCR (Google Scholar: suma total de citas: 9735, &iacute;ndice h: 51, &iacute;ndice i10: 123; desde 2018 suma total de citas: 2450). Tambi&eacute;n ha publicado 200 res&uacute;menes. Dos libros y 35 cap&iacute;tulos de libros sobre afasia. Investigador principal o coinvestigador de 17 proyectos financiados nacionales e internacionales; cinco contratos de investigaci&oacute;n. Direcci&oacute;n de 10 tesis doctorales en lenguaje y neurociencia cognitiva. &Aacute;rbitro de 39 revistas revisadas por pares. Miembro del Consejo Editorial de Aphasiology (2000-presente). Director de la Secci&oacute;n de Neurolog&iacute;a del Lenguaje y la Comunicaci&oacute;n de la Revista de Neurolog&iacute;a (Espa&ntilde;a); Neurolog&iacute;a (Barcelona) (1998-2004); Revista Espa&ntilde;ola de Neuropsicolog&iacute;a (Sevilla) (1998-2004); Neuropsicolog&iacute;a, Neuropsiquiatr&iacute;a y Neurociencias. Editor: Profesor Alfredo Ardila (Miami, FL. USA) (2000-presente); Journal of Neurology (edici&oacute;n espa&ntilde;ola) (2003-2010). Anales de Neurolog&iacute;a (edici&oacute;n espa&ntilde;ola) (2005-2010). Miembro de la Sociedad Espa&ntilde;ola de Neurolog&iacute;a y del Grupo de Investigaci&oacute;n en Afasia, Trastornos Cognitivos y Demencia de la Federaci&oacute;n Mundial de Neurolog&iacute;a. Trece premios y reconocimientos por sus contribuciones a la neurociencia y los trastornos del lenguaje. En 2016, Profesor Honoris Causa de la Facultad de Ciencias Humanas y del Comportamiento de la Universidad Favaloro de Buenos Aires por sus contribuciones a la neurociencia. Reconocido cinco (sexenios de investigaci&oacute;n) sexenios. Cient&iacute;fico visitante en el Departamento de Psiquiatr&iacute;a y Ciencias del Comportamiento de la Facultad de Medicina de la Universidad Johns Hopkins. Baltimore. Maryland. EE.UU. (1986-1989) para estudiar la neurobiolog&iacute;a de los trastornos neuropsiqui&aacute;tricos posteriores al ictus. Colaboraciones con las siguientes instituciones de reconocido prestigio internacional: Neuroscience and Aphasia Research Unit, University of Manchester, UK; University of Western Australia, Perth, Australia y con el Department of Psychiatry and Behavioral Sciences of the Baylor College of Medicine Houston, Texas, USA; Brain Language Laboratory, Freie Universit&auml;t Berlin, Alemania para el estudio de la afasia post-ictus. Consultor senior del Centro de Tratamiento e Investigaci&oacute;n Alzheimer Fundaci&oacute;n ACE (Barcelona) para la elaboraci&oacute;n de estudios sobre el rendimiento del lenguaje en el envejecimiento sano y en personas con riesgo de padecer la enfermedad de Alzheimer (Proyecto FACEHBI). Participaci&oacute;n en consejos asesores internacionales de diversas empresas farmac&eacute;uticas. Revisor de becas del Welcome Trust (Ref: 097720\/Z\/11\/Z., 2011) y Medical Research Council (2005) (Reino Unido); Israel Science Foundation (Research Grant Application no. 104\/08) (2008), y Proyectos del Programa Nacional de I+D. Agencia Nacional de Evaluaci&oacute;n y Prospectiva (ANEP) (2005), Espa&ntilde;a. Miembro de la Comisi&oacute;n T&eacute;cnica de Evaluaci&oacute;n de la Sociedad Espa&ntilde;ola de Neurolog&iacute;a para la certificaci&oacute;n de competencias en Evaluaci&oacute;n T&eacute;cnica de Trastornos Cognitivo-Conductuales y Demencias (2007). Doce premios cient&iacute;ficos (el &uacute;ltimo: Premios Ig Nobel 2023, patrocinados por la Universidad de Harvard por el estudio: Torres-Prioris MJ, L&oacute;pez-Barroso D, C&agrave;mara E, Fittipaldi S, Sede&ntilde;o L, Ib&aacute;&ntilde;ez A, Berthier ML, Garc&iacute;a AM. Firmas neurocognitivas de la secuenciaci&oacute;n fon&eacute;mica en hablantes expertos en retardo. Scientific Report. 2020 Jun 30;10(1):10621. doi: 10.1038\/s41598-020-67551-z).<\/p>                <\/div>\r\n                                <\/div>\r\n        <div class=\"speaker-talks\">\r\n                                                                                                                                                                                                                                                                                                                                                                                                                                                                                                                                                                                                                                                                                                                                                                                                                                                                                                                                                                                                                                    <div class=\"speaker-session hasSession\" session_id=\"6559\">\r\n                                                            <h5>Mesa 5. Diagn\u00f3stico y Tratamiento de la alteraci\u00f3n de los procesos ling\u00fc\u00edsticos<\/h5>\r\n                                                        <div class=\"speaker-talk\">\r\n                                <div class=\"hour-date-room-container\">\r\n                                    <div class=\"body-2 medium\">8 mar<\/div>\r\n                                    <div class=\"body-2 medium\">Sala Alb\u00e9niz-Machuca<\/div>\r\n                                    <div class=\"body-2 medium\">18:15 - 19:30<\/div>\r\n                                                                    <\/div>\r\n                            <\/div>\r\n                                                            <h6>Interviene en:<\/h6>\r\n                                                                                                                                                                                                                                                                                                        <div class=\"speaker-talk\" style=\"margin-left: 1rem;\">\r\n                                                <div class=\"talk-title body-1\">\r\n                                                    Neuroplasticidad y farmacoterapia en la afasia cr\u00f3nica post-ictus                                                <\/div>\r\n                                            <\/div>\r\n                                                                                                                                                                                                                                                                                                                <\/div>\r\n                                                                                                                                                                                                                                                                                                                                                                                                                                                                                                                                                                                                                                                                                                                                                                                                                <\/div>\r\n    <\/div>\r\n<\/div><div class=\"speaker-side\" speaker_id=\"105579\">\r\n    <svg class=\"close\" width=\"40\" height=\"40\" viewBox=\"0 0 40 40\" fill=\"none\" xmlns=\"http:\/\/www.w3.org\/2000\/svg\">\r\n        <path d=\"M0 20C0 8.95431 8.95431 0 20 0C31.0457 0 40 8.95431 40 20C40 31.0457 31.0457 40 20 40C8.95431 40 0 31.0457 0 20Z\" fill=\"white\"\/>\r\n        <path d=\"M28.2361 14.2361C28.9197 13.5525 28.9197 12.4424 28.2361 11.7588C27.5525 11.0752 26.4424 11.0752 25.7588 11.7588L20.0002 17.5229L14.2361 11.7643C13.5525 11.0807 12.4424 11.0807 11.7588 11.7643C11.0752 12.4479 11.0752 13.558 11.7588 14.2416L17.5229 20.0002L11.7643 25.7643C11.0807 26.4479 11.0807 27.558 11.7643 28.2416C12.4479 28.9252 13.558 28.9252 14.2416 28.2416L20.0002 22.4775L25.7643 28.2361C26.4479 28.9197 27.558 28.9197 28.2416 28.2361C28.9252 27.5525 28.9252 26.4424 28.2416 25.7588L22.4775 20.0002L28.2361 14.2361Z\" fill=\"black\"\/>\r\n    <\/svg>\r\n\r\n    <div class=\"speaker-container\">\r\n                    <div class=\"speaker-img\">\r\n                <img src=\"https:\/\/bipeek-resources-onsite-prd.s3.amazonaws.com\/37347\/conversions\/Loles-Navarro-perfil.jpg?v=1699604621\" onerror=\"this.src='https:\/\/congresofanpse.org\/2024\/wp-content\/plugins\/bipeek\/speaker-fallback.jpg';this.onerror='';\">\r\n                <div class=\"gradient\"><\/div>\r\n            <\/div>\r\n                <div class=\"speaker-info\">\r\n            <div class=\"speaker-name\">\r\n                Loles Navarro            <\/div>\r\n            <div class=\"speaker-job body-1\">\r\n                                                                                        Neuropsic\u00f3loga. Gestora de proyectos de investigaci\u00f3n en IRENEA (Instituto de Rehabilitaci\u00f3n Neurol\u00f3gica). Fundaci\u00f3n Hospitales Vithas. Espa\u00f1a                                                                                <\/div>\r\n                            <div class=\"spacer\"><\/div>\r\n                <div class=\"speaker-cv body-2\">\r\n                    <p style=\"text-align: justify;\">Doctora en Psicolog&iacute;a por la Universidad de Val&egrave;ncia, Neuropsic&oacute;loga Acreditada y Diplomada en Fisioterapia. Desde el a&ntilde;o 2002 desarrolla labores de coordinaci&oacute;n asistencial del tratamiento neurorrehabilitador de pacientes con da&ntilde;o cerebral adquirido en el Instituto de Rehabilitaci&oacute;n Neurol&oacute;gica (IRENEA) de Hospitales VITHAS. Actualmente es la responsable del Departamento de Formaci&oacute;n y Gesti&oacute;n de Proyectos de Investigaci&oacute;n de IRENEA. Sus conocimientos en el campo de la fisioterapia y la neuropsicolog&iacute;a le han permitido profundizar en el estudio de la interrelaci&oacute;n de las habilidades motoras y cognitivas de esta poblaci&oacute;n. Durante estos a&ntilde;os, su actividad profesional se ha centrado en el estudio de predictores de recuperaci&oacute;n en pacientes con da&ntilde;o cerebral adquirido, as&iacute; como en el desarrollo y aplicaci&oacute;n de las nuevas tecnolog&iacute;as y realidad virtual al campo de la neurorrehabilitaci&oacute;n. Actualmente cuenta con cerca de 20 art&iacute;culos publicados en revistas nacionales e internacionales y m&aacute;s de 70 presentaciones en congresos y foros cient&iacute;ficos. Ha coordinado y participado en la elaboraci&oacute;n de distintas gu&iacute;as cl&iacute;nicas dirigidas al abordaje terap&eacute;utico y cuidado de los pacientes con da&ntilde;o cerebral adquirido. As&iacute; mismo ha participado como investigadora en siete proyectos I+D+i con financiaci&oacute;n obtenida en convocatorias competitivas a nivel nacional e internacional. &nbsp;&nbsp;<\/p>                <\/div>\r\n                                <\/div>\r\n        <div class=\"speaker-talks\">\r\n                                                                                                                                                                                                                                                                                                                                                                                                                                                                                                                                                                                                                                                                                                                                                                                                                                                                                                                                                                                                                                    <div class=\"speaker-session hasSession\" session_id=\"6559\">\r\n                                                            <h5>Mesa 5. Diagn\u00f3stico y Tratamiento de la alteraci\u00f3n de los procesos ling\u00fc\u00edsticos<\/h5>\r\n                                                        <div class=\"speaker-talk\">\r\n                                <div class=\"hour-date-room-container\">\r\n                                    <div class=\"body-2 medium\">8 mar<\/div>\r\n                                    <div class=\"body-2 medium\">Sala Alb\u00e9niz-Machuca<\/div>\r\n                                    <div class=\"body-2 medium\">18:15 - 19:30<\/div>\r\n                                                                    <\/div>\r\n                            <\/div>\r\n                                                            <h6>Interviene en:<\/h6>\r\n                                                                                                                                                                                                                                                                                                                                                                                                                                                        <div class=\"speaker-talk\" style=\"margin-left: 1rem;\">\r\n                                                <div class=\"talk-title body-1\">\r\n                                                    Predictores de eficacia en rehabilitaci\u00f3n de la afasia postictus: resultados del estudio RELEASE                                                <\/div>\r\n                                            <\/div>\r\n                                                                                                                                                                <\/div>\r\n                                                                                                                                                                                                                                                                                                                                                                                                                                                                                                                                                                                                                                                                                                                                                                                                                <\/div>\r\n    <\/div>\r\n<\/div><div class=\"speaker-side\" speaker_id=\"105580\">\r\n    <svg class=\"close\" width=\"40\" height=\"40\" viewBox=\"0 0 40 40\" fill=\"none\" xmlns=\"http:\/\/www.w3.org\/2000\/svg\">\r\n        <path d=\"M0 20C0 8.95431 8.95431 0 20 0C31.0457 0 40 8.95431 40 20C40 31.0457 31.0457 40 20 40C8.95431 40 0 31.0457 0 20Z\" fill=\"white\"\/>\r\n        <path d=\"M28.2361 14.2361C28.9197 13.5525 28.9197 12.4424 28.2361 11.7588C27.5525 11.0752 26.4424 11.0752 25.7588 11.7588L20.0002 17.5229L14.2361 11.7643C13.5525 11.0807 12.4424 11.0807 11.7588 11.7643C11.0752 12.4479 11.0752 13.558 11.7588 14.2416L17.5229 20.0002L11.7643 25.7643C11.0807 26.4479 11.0807 27.558 11.7643 28.2416C12.4479 28.9252 13.558 28.9252 14.2416 28.2416L20.0002 22.4775L25.7643 28.2361C26.4479 28.9197 27.558 28.9197 28.2416 28.2361C28.9252 27.5525 28.9252 26.4424 28.2416 25.7588L22.4775 20.0002L28.2361 14.2361Z\" fill=\"black\"\/>\r\n    <\/svg>\r\n\r\n    <div class=\"speaker-container\">\r\n                    <div class=\"speaker-img\">\r\n                <img src=\"https:\/\/bipeek-resources-onsite-prd.s3.amazonaws.com\/37373\/conversions\/foto-M%C2%AA-Jes%C3%BAs-Funes-perfil.jpg?v=1699621129\" onerror=\"this.src='https:\/\/congresofanpse.org\/2024\/wp-content\/plugins\/bipeek\/speaker-fallback.jpg';this.onerror='';\">\r\n                <div class=\"gradient\"><\/div>\r\n            <\/div>\r\n                <div class=\"speaker-info\">\r\n            <div class=\"speaker-name\">\r\n                M\u00aa Jes\u00fas Funes            <\/div>\r\n            <div class=\"speaker-job body-1\">\r\n                                                                                        Profesora Titular del Departamento de Psicolog\u00eda Experimental y miembro del Centro de Investigaci\u00f3n Mente, Cerebro y Comportamiento (CIMCYC) de la Universidad de Granada. Granada, Espa\u00f1a                                                    Universidad de Granada. Espa\u00f1a                            <\/div>\r\n                            <div class=\"spacer\"><\/div>\r\n                <div class=\"speaker-cv body-2\">\r\n                    <p style=\"text-align: justify;\">Mar&iacute;a Jes&uacute;s Funes es desde 2011 profesora titular de la Universidad de Granada. Una de sus l&iacute;neas principales de investigaci&oacute;n se centra en los procesos de control cognitivo y emocional a trav&eacute;s de tareas de corte experimental. Esta l&iacute;nea se ha realizado en la universidad de Granada y en la Universidad Blaise Pascal (Clermont-Universit&eacute;, Francia), donde realiz&oacute; varias estancias de investigaci&oacute;n entre los a&ntilde;os 2010 y 2013. Su segunda l&iacute;nea de investigaci&oacute;n trata de aplicar el conocimiento adquirido desde la Psicolog&iacute;a Experimental, la Neuropsicolog&iacute;a y la Terapia Ocupacional para comprender c&oacute;mo impactan los d&eacute;ficit cognitivos tras da&ntilde;o cerebral en la realizaci&oacute;n de tareas m&aacute;s ecol&oacute;gicas y significativas para los pacientes y sus cuidadores como son las Actividades de la vida diaria. &nbsp;Dentro de esta l&iacute;nea, actualmente trabaja en el desarrollo de nuevas estrategias de intervenci&oacute;n para reducir los d&eacute;ficit de consciencia y de funci&oacute;n ejecutiva tras DCA en el contexto de tareas cotidianas. Igualmente trabajan en el desarrollo y validaci&oacute;n de nuevas herramientas de evaluaci&oacute;n de dichos procesos as&iacute; como de la cognici&oacute;n social en el contexto de tareas de AVD. Estas l&iacute;neas de investigaci&oacute;n han sido desarrolladas gracias a la obtenci&oacute;n de 5 proyectos financiados por el Ministerio de Ciencia y Tecnolog&iacute;a o por la Consejer&iacute;a de Econom&iacute;a, Innovaci&oacute;n y Ciencia de la Junta de Andaluc&iacute;a donde he sido la investigadora principal y han dado lugar a 3 tesis doctorales y dos m&aacute;s en proceso.<\/p>\r\n<p style=\"text-align: justify;\">Recientemente ha colaborado en varios proyectos de investigaci&oacute;n educativa poniendo a prueba diferentes t&eacute;cnicas relacionadas con la atenci&oacute;n plena para mejorar las habilidades de regulaci&oacute;n emocional y cognitiva en diferentes poblaciones diana, como m&uacute;sicos instrumentistas y estudiantes universitarios.<\/p>\r\n<p style=\"text-align: justify;\">En relaci&oacute;n a su experiencia docente, actualmente imparte docencia en el grado de Terapia Ocupacional de la UGR en la asignatura Neuropsicolog&iacute;a Cognitiva aplicada a la Terapia Ocupacional, as&iacute; como en el M&aacute;ster Oficial de Neurociencia Cognitiva y del Comportamiento de la UGR, donde imparte la asignatura de Neuropsicolog&iacute;a.<\/p>                <\/div>\r\n                                <\/div>\r\n        <div class=\"speaker-talks\">\r\n                                                                                                                                                                                                                                                                                                                                                                                                                                                                                                                                                                                                                                                                                                                                                                                                                                                                                                                                                                                                                                                                                                                                                                                                                                                                                                                                                                                                                                                                                                                                                                                                                    <div class=\"speaker-session hasSession\" session_id=\"6560\">\r\n                                                            <h5>Mesa 7. Homenaje al legado cient\u00edfico y humano de Marisa Arnedo Montoro y M\u00f3nica Trivi\u00f1o Mosquera<\/h5>\r\n                                                        <div class=\"speaker-talk\">\r\n                                <div class=\"hour-date-room-container\">\r\n                                    <div class=\"body-2 medium\">9 mar<\/div>\r\n                                    <div class=\"body-2 medium\">Sala Alb\u00e9niz-Machuca<\/div>\r\n                                    <div class=\"body-2 medium\">12:00 - 13:15<\/div>\r\n                                                                    <\/div>\r\n                            <\/div>\r\n                                                            <h6>Interviene en:<\/h6>\r\n                                                                                                                                                                                                                                                                                                        <div class=\"speaker-talk\" style=\"margin-left: 1rem;\">\r\n                                                <div class=\"talk-title body-1\">\r\n                                                    Neuropsicolog\u00eda y actividades de la vida diaria                                                <\/div>\r\n                                            <\/div>\r\n                                                                                                                                                                                                                                                                                                                <\/div>\r\n                                                                                                                                                                                                                                <\/div>\r\n    <\/div>\r\n<\/div><div class=\"speaker-side\" speaker_id=\"102252\">\r\n    <svg class=\"close\" width=\"40\" height=\"40\" viewBox=\"0 0 40 40\" fill=\"none\" xmlns=\"http:\/\/www.w3.org\/2000\/svg\">\r\n        <path d=\"M0 20C0 8.95431 8.95431 0 20 0C31.0457 0 40 8.95431 40 20C40 31.0457 31.0457 40 20 40C8.95431 40 0 31.0457 0 20Z\" fill=\"white\"\/>\r\n        <path d=\"M28.2361 14.2361C28.9197 13.5525 28.9197 12.4424 28.2361 11.7588C27.5525 11.0752 26.4424 11.0752 25.7588 11.7588L20.0002 17.5229L14.2361 11.7643C13.5525 11.0807 12.4424 11.0807 11.7588 11.7643C11.0752 12.4479 11.0752 13.558 11.7588 14.2416L17.5229 20.0002L11.7643 25.7643C11.0807 26.4479 11.0807 27.558 11.7643 28.2416C12.4479 28.9252 13.558 28.9252 14.2416 28.2416L20.0002 22.4775L25.7643 28.2361C26.4479 28.9197 27.558 28.9197 28.2416 28.2361C28.9252 27.5525 28.9252 26.4424 28.2416 25.7588L22.4775 20.0002L28.2361 14.2361Z\" fill=\"black\"\/>\r\n    <\/svg>\r\n\r\n    <div class=\"speaker-container\">\r\n                    <div class=\"speaker-img\">\r\n                <img src=\"https:\/\/bipeek-resources-onsite-prd.s3.amazonaws.com\/37349\/conversions\/Jose_Torralba-perfil.jpg?v=1699605000\" onerror=\"this.src='https:\/\/congresofanpse.org\/2024\/wp-content\/plugins\/bipeek\/speaker-fallback.jpg';this.onerror='';\">\r\n                <div class=\"gradient\"><\/div>\r\n            <\/div>\r\n                <div class=\"speaker-info\">\r\n            <div class=\"speaker-name\">\r\n                Jos\u00e9 Mar\u00eda Torralba            <\/div>\r\n            <div class=\"speaker-job body-1\">\r\n                                                                                        Neuropsic\u00f3logo Cl\u00ednico en Agredace. Docente e investigador en la Universidad de Granada y NeuroLab. Granada, Espa\u00f1a                                                    Asociaci\u00f3n de Da\u00f1o Cerebral Granada AGREDACE. Espa\u00f1a                            <\/div>\r\n                            <div class=\"spacer\"><\/div>\r\n                <div class=\"speaker-cv body-2\">\r\n                    <p style=\"text-align: justify;\">Neuropsic&oacute;logo cl&iacute;nico con m&aacute;s de una d&eacute;cada de experiencia en Agredace (Asociaci&oacute;n Granadina de Rehabilitaci&oacute;n de Da&ntilde;o Cerebral Adquirido. Acreditado en Neuropsicolog&iacute;a Cl&iacute;nica por la CNAP. Docente e investigador en la Universidad de Granada y NeuroLab.<\/p>                <\/div>\r\n                                <\/div>\r\n        <div class=\"speaker-talks\">\r\n                                                                                                                                                                                                                                                                                                                                                                                            <div class=\"speaker-session hasSession\" session_id=\"6613\">\r\n                                                            <h5>Mesa 2. Nuevas soluciones digitales en intervenci\u00f3n neuropsicol\u00f3gica: tres experiencias de investigaci\u00f3n aplicada<\/h5>\r\n                                                        <div class=\"speaker-talk\">\r\n                                <div class=\"hour-date-room-container\">\r\n                                    <div class=\"body-2 medium\">8 mar<\/div>\r\n                                    <div class=\"body-2 medium\">Sala Machado<\/div>\r\n                                    <div class=\"body-2 medium\">10:30 - 11:45<\/div>\r\n                                                                                                                                                                        <div class=\"body-2 medium modera\">Modera<\/div>\r\n                                                                                                                                                        <\/div>\r\n                            <\/div>\r\n                                                    <\/div>\r\n                                                                                                                                                                                                                                                                                                                                                                                            <div class=\"speaker-session hasSession\" session_id=\"6605\">\r\n                                                            <h5>Comunicaciones orales II<\/h5>\r\n                                                        <div class=\"speaker-talk\">\r\n                                <div class=\"hour-date-room-container\">\r\n                                    <div class=\"body-2 medium\">8 mar<\/div>\r\n                                    <div class=\"body-2 medium\">Sala Machado<\/div>\r\n                                    <div class=\"body-2 medium\">15:30 - 16:45<\/div>\r\n                                                                                                                                                                        <div class=\"body-2 medium modera\">Modera<\/div>\r\n                                                                                                                                                        <\/div>\r\n                            <\/div>\r\n                                                    <\/div>\r\n                                                                                                                                                                                                                                                                                                                                                                                                                                                                                                                                                                                                                                                                                                                                                                                                                                                                                                                    <div class=\"speaker-session hasSession\" session_id=\"6560\">\r\n                                                            <h5>Mesa 7. Homenaje al legado cient\u00edfico y humano de Marisa Arnedo Montoro y M\u00f3nica Trivi\u00f1o Mosquera<\/h5>\r\n                                                        <div class=\"speaker-talk\">\r\n                                <div class=\"hour-date-room-container\">\r\n                                    <div class=\"body-2 medium\">9 mar<\/div>\r\n                                    <div class=\"body-2 medium\">Sala Alb\u00e9niz-Machuca<\/div>\r\n                                    <div class=\"body-2 medium\">12:00 - 13:15<\/div>\r\n                                                                    <\/div>\r\n                            <\/div>\r\n                                                            <h6>Interviene en:<\/h6>\r\n                                                                                                                                                                                                                                                                                                                                                                                                                                                        <div class=\"speaker-talk\" style=\"margin-left: 1rem;\">\r\n                                                <div class=\"talk-title body-1\">\r\n                                                    Desde la Psicolog\u00eda Experimental a la realidad virtual: una visi\u00f3n humana                                                <\/div>\r\n                                            <\/div>\r\n                                                                                                                                                                <\/div>\r\n                                                                                                                                                                                                                                <\/div>\r\n    <\/div>\r\n<\/div><div class=\"speaker-side\" speaker_id=\"105581\">\r\n    <svg class=\"close\" width=\"40\" height=\"40\" viewBox=\"0 0 40 40\" fill=\"none\" xmlns=\"http:\/\/www.w3.org\/2000\/svg\">\r\n        <path d=\"M0 20C0 8.95431 8.95431 0 20 0C31.0457 0 40 8.95431 40 20C40 31.0457 31.0457 40 20 40C8.95431 40 0 31.0457 0 20Z\" fill=\"white\"\/>\r\n        <path d=\"M28.2361 14.2361C28.9197 13.5525 28.9197 12.4424 28.2361 11.7588C27.5525 11.0752 26.4424 11.0752 25.7588 11.7588L20.0002 17.5229L14.2361 11.7643C13.5525 11.0807 12.4424 11.0807 11.7588 11.7643C11.0752 12.4479 11.0752 13.558 11.7588 14.2416L17.5229 20.0002L11.7643 25.7643C11.0807 26.4479 11.0807 27.558 11.7643 28.2416C12.4479 28.9252 13.558 28.9252 14.2416 28.2416L20.0002 22.4775L25.7643 28.2361C26.4479 28.9197 27.558 28.9197 28.2416 28.2361C28.9252 27.5525 28.9252 26.4424 28.2416 25.7588L22.4775 20.0002L28.2361 14.2361Z\" fill=\"black\"\/>\r\n    <\/svg>\r\n\r\n    <div class=\"speaker-container\">\r\n                    <div class=\"speaker-img\">\r\n                <img src=\"https:\/\/bipeek-resources-onsite-prd.s3.amazonaws.com\/37340\/conversions\/Juan-Lupianez-2016_recortada-B%26N-perfil.jpg?v=1699603685\" onerror=\"this.src='https:\/\/congresofanpse.org\/2024\/wp-content\/plugins\/bipeek\/speaker-fallback.jpg';this.onerror='';\">\r\n                <div class=\"gradient\"><\/div>\r\n            <\/div>\r\n                <div class=\"speaker-info\">\r\n            <div class=\"speaker-name\">\r\n                Juan Lupi\u00e1\u00f1ez            <\/div>\r\n            <div class=\"speaker-job body-1\">\r\n                                                                                        Director del Grupo de Neurociencia Cognitiva Universidad de Granada. Granada, Espa\u00f1a                                                    Universidad de Granada. Espa\u00f1a                            <\/div>\r\n                            <div class=\"spacer\"><\/div>\r\n                <div class=\"speaker-cv body-2\">\r\n                    <p style=\"text-align: justify;\">Juan Lupi&aacute;&ntilde;ez es Catedr&aacute;tico de Psicolog&iacute;a Experimental y Neurociencia Cognitiva en el Departamento de Psicolog&iacute;a Experimental, en la Universidad de Granada, donde dirige el grupo de investigaci&oacute;n de Neurociencia Cognitiva, y fue coordinador del M&aacute;ster de Neurociencia cognitiva y del comportamiento de 2012 a 2018. Ha sido secretario (2002-2006) y presidente (2016-2020) de la Sociedad Espa&ntilde;ola de Psicolog&iacute;a Experimental (SEPEX).<br \/>Ha realizado varias estancias de investigaci&oacute;n en la Universidad de Gales, Bangor (Reino Unido), la Universidad McMaster (Canad&aacute;), la Universidad de Oxford (Reino Unido) y el INSERM franc&eacute;s en Par&iacute;s. Durante el a&ntilde;o 2018 fue profesor visitante en la Universidad de P&aacute;dova (Italia). La mayor parte de su ense&ntilde;anza e investigaci&oacute;n se ocupa de diferentes aspectos de la neurociencia cognitiva en general, y en particular de la atenci&oacute;n y su relaci&oacute;n con otros procesos como la emoci&oacute;n, el aprendizaje y la memoria, el procesamiento espacial y la conciencia.&nbsp;<br \/>Es coautor de un libro sobre sinestesia y numerosas publicaciones en revistas internacionales. Ha sido investigador principal de 13 proyectos de investigaci&oacute;n y director de 30 tesis doctorales sobre Psicolog&iacute;a Experimental y Neurociencia Cognitiva, 5 de las cuales recibieron premios a la excelencia de la investigaci&oacute;n de la European Society for Cognitive Psychology (ESCOP), la American Mindfulness Research Association, la Sociedad Espa&ntilde;ola de Psicolog&iacute;a Experimental (SEPEX) y la Universidad de Granada.<\/p>                <\/div>\r\n                                <\/div>\r\n        <div class=\"speaker-talks\">\r\n                                                                                                                                                                                                                                                                                                                                                                                                                                                                                                                                                                                                                                                                                                                                                                                                                                                                                                                                                                                                                                                                                                                                                                                                                                                                                                                                                                                                                                                                                                                                                                                                                    <div class=\"speaker-session hasSession\" session_id=\"6560\">\r\n                                                            <h5>Mesa 7. Homenaje al legado cient\u00edfico y humano de Marisa Arnedo Montoro y M\u00f3nica Trivi\u00f1o Mosquera<\/h5>\r\n                                                        <div class=\"speaker-talk\">\r\n                                <div class=\"hour-date-room-container\">\r\n                                    <div class=\"body-2 medium\">9 mar<\/div>\r\n                                    <div class=\"body-2 medium\">Sala Alb\u00e9niz-Machuca<\/div>\r\n                                    <div class=\"body-2 medium\">12:00 - 13:15<\/div>\r\n                                                                    <\/div>\r\n                            <\/div>\r\n                                                            <h6>Interviene en:<\/h6>\r\n                                                                                                                                                        <div class=\"speaker-talk\" style=\"margin-left: 1rem;\">\r\n                                                <div class=\"talk-title body-1\">\r\n                                                    Neuropsicolog\u00eda del l\u00f3bulo prefrontal: del control del tiempo al control de la memoria en las confabulaciones                                                <\/div>\r\n                                            <\/div>\r\n                                                                                                                                                                                                                                                                                                                                                                                                                                                                <\/div>\r\n                                                                                                                                                                                                                                <\/div>\r\n    <\/div>\r\n<\/div><div class=\"speaker-side\" speaker_id=\"105582\">\r\n    <svg class=\"close\" width=\"40\" height=\"40\" viewBox=\"0 0 40 40\" fill=\"none\" xmlns=\"http:\/\/www.w3.org\/2000\/svg\">\r\n        <path d=\"M0 20C0 8.95431 8.95431 0 20 0C31.0457 0 40 8.95431 40 20C40 31.0457 31.0457 40 20 40C8.95431 40 0 31.0457 0 20Z\" fill=\"white\"\/>\r\n        <path d=\"M28.2361 14.2361C28.9197 13.5525 28.9197 12.4424 28.2361 11.7588C27.5525 11.0752 26.4424 11.0752 25.7588 11.7588L20.0002 17.5229L14.2361 11.7643C13.5525 11.0807 12.4424 11.0807 11.7588 11.7643C11.0752 12.4479 11.0752 13.558 11.7588 14.2416L17.5229 20.0002L11.7643 25.7643C11.0807 26.4479 11.0807 27.558 11.7643 28.2416C12.4479 28.9252 13.558 28.9252 14.2416 28.2416L20.0002 22.4775L25.7643 28.2361C26.4479 28.9197 27.558 28.9197 28.2416 28.2361C28.9252 27.5525 28.9252 26.4424 28.2416 25.7588L22.4775 20.0002L28.2361 14.2361Z\" fill=\"black\"\/>\r\n    <\/svg>\r\n\r\n    <div class=\"speaker-container\">\r\n                    <div class=\"speaker-img\">\r\n                <img src=\"https:\/\/bipeek-resources-onsite-prd.s3.amazonaws.com\/37338\/conversions\/FOTO-CRISTINA-LOJO-SEOANE-perfil.jpg?v=1699603323\" onerror=\"this.src='https:\/\/congresofanpse.org\/2024\/wp-content\/plugins\/bipeek\/speaker-fallback.jpg';this.onerror='';\">\r\n                <div class=\"gradient\"><\/div>\r\n            <\/div>\r\n                <div class=\"speaker-info\">\r\n            <div class=\"speaker-name\">\r\n                Cristina Lojo-Seoane            <\/div>\r\n            <div class=\"speaker-job body-1\">\r\n                                                                                        Profesora contratada doctora en el Departamento de Psicolog\u00eda Evolutiva y de la Educaci\u00f3n en la Facultad de Psicolog\u00eda de la Universidad de Santiago de Compostela. Santiago de Compostela, Espa\u00f1a                                                    Universidad de Santiago. Espa\u00f1a                            <\/div>\r\n                            <div class=\"spacer\"><\/div>\r\n                <div class=\"speaker-cv body-2\">\r\n                    <p style=\"text-align: justify;\">Cristina Lojo-Seoane es profesora contratada doctora en el Departamento de Psicolog&iacute;a Evolutiva y de la Educaci&oacute;n de la Universidad de Santiago de Compostela. Es coordinadora de la Unidad de Psicogerontolog&iacute;a, servicio de la Facultad de Psicolog&iacute;a de la USC que brinda evaluaci&oacute;n, diagn&oacute;stico, asesoramiento e intervenci&oacute;n dirigida a personas con envejecimiento<br \/>normal, Deterioro Cognitivo Ligero y demencia, y para sus familias y cuidadores. <br \/>Forma parte del equipo investigador del grupo NeuCogA-Aging, Grupo Neurociencia Cognitiva Aplicada y Psicogerontolog&iacute;a. <br \/>Ha participado y participa como investigadora en el estudio longitudinal CompAS, en el cual se estudia el proceso de envejecimiento normal y patol&oacute;gico. Sus actuales intereses de investigaci&oacute;n son el estudio del deterioro cognitivo en sus fases iniciales, incluyendo su detecci&oacute;n precoz y su abordaje no farmacol&oacute;gico; la reserva cognitiva; los estudios longitudinales del envejecimiento cognitivo; y el uso de tecnolog&iacute;as en la intervenci&oacute;n.<\/p>                <\/div>\r\n                                <\/div>\r\n        <div class=\"speaker-talks\">\r\n                                                                                                                                                                                                                                                                                                                                    <div class=\"speaker-session hasSession\" session_id=\"6561\">\r\n                                                            <h5>Mesa 1. Envejecimiento normal, reserva cognitiva y mecanismos de compensaci\u00f3n<\/h5>\r\n                                                        <div class=\"speaker-talk\">\r\n                                <div class=\"hour-date-room-container\">\r\n                                    <div class=\"body-2 medium\">8 mar<\/div>\r\n                                    <div class=\"body-2 medium\">Sala Alb\u00e9niz-Machuca<\/div>\r\n                                    <div class=\"body-2 medium\">10:30 - 11:45<\/div>\r\n                                                                    <\/div>\r\n                            <\/div>\r\n                                                            <h6>Interviene en:<\/h6>\r\n                                                                                                                                                        <div class=\"speaker-talk\" style=\"margin-left: 1rem;\">\r\n                                                <div class=\"talk-title body-1\">\r\n                                                    RC en el continuo de envejecimiento normativo y patol\u00f3gico: Evidencias del estudio longitudinal CompAS                                                <\/div>\r\n                                            <\/div>\r\n                                                                                                                                                                                                                                                                                                                                                                                                                                                                <\/div>\r\n                                                                                                                                                                                                                                                                                                                                                                                                                                                                                                                                                                                                                                                                                                                                                                                                                                                                                                                                                                                                                                                                                                                                                                                                                                                                                                                                                                                                                                                                                                                <\/div>\r\n    <\/div>\r\n<\/div><div class=\"speaker-side\" speaker_id=\"105583\">\r\n    <svg class=\"close\" width=\"40\" height=\"40\" viewBox=\"0 0 40 40\" fill=\"none\" xmlns=\"http:\/\/www.w3.org\/2000\/svg\">\r\n        <path d=\"M0 20C0 8.95431 8.95431 0 20 0C31.0457 0 40 8.95431 40 20C40 31.0457 31.0457 40 20 40C8.95431 40 0 31.0457 0 20Z\" fill=\"white\"\/>\r\n        <path d=\"M28.2361 14.2361C28.9197 13.5525 28.9197 12.4424 28.2361 11.7588C27.5525 11.0752 26.4424 11.0752 25.7588 11.7588L20.0002 17.5229L14.2361 11.7643C13.5525 11.0807 12.4424 11.0807 11.7588 11.7643C11.0752 12.4479 11.0752 13.558 11.7588 14.2416L17.5229 20.0002L11.7643 25.7643C11.0807 26.4479 11.0807 27.558 11.7643 28.2416C12.4479 28.9252 13.558 28.9252 14.2416 28.2416L20.0002 22.4775L25.7643 28.2361C26.4479 28.9197 27.558 28.9197 28.2416 28.2361C28.9252 27.5525 28.9252 26.4424 28.2416 25.7588L22.4775 20.0002L28.2361 14.2361Z\" fill=\"black\"\/>\r\n    <\/svg>\r\n\r\n    <div class=\"speaker-container\">\r\n                    <div class=\"speaker-img\">\r\n                <img src=\"https:\/\/bipeek-resources-onsite-prd.s3.amazonaws.com\/40715\/conversions\/1619368434207-perfil.jpg?v=1708673325\" onerror=\"this.src='https:\/\/congresofanpse.org\/2024\/wp-content\/plugins\/bipeek\/speaker-fallback.jpg';this.onerror='';\">\r\n                <div class=\"gradient\"><\/div>\r\n            <\/div>\r\n                <div class=\"speaker-info\">\r\n            <div class=\"speaker-name\">\r\n                Alicia Salvador Fern\u00e1ndez Montejo            <\/div>\r\n            <div class=\"speaker-job body-1\">\r\n                                                                                        Catedr\u00e1tica de Psicobiolog\u00eda en la Universitat de Val\u00e8ncia. Valencia, Espa\u00f1a                                                                                <\/div>\r\n                            <div class=\"spacer\"><\/div>\r\n                <div class=\"speaker-cv body-2\">\r\n                    <p style=\"text-align: justify;\">Alicia Salvador Fern&aacute;ndez-Montejo es Catedr&aacute;tica de Psicobiolog&iacute;a en la Universitat de Valencia. Licenciada y doctora en Psicolog&iacute;a por esta misma universidad. Ha dirigido proyectos de investigaci&oacute;n financiados por organismos p&uacute;blicos en convocatorias competitivas nacionales de forma ininterrumpida desde 1990; ha dirigido veinticuatro tesis doctorales, principalmente de investigadores becados por organismos comunitarios y estatales, actualmente profesores universitarios. Ha publicado m&aacute;s de ciento cincuenta art&iacute;culos en revistas cient&iacute;ficas internacionales, y presentado ponencias por invitaci&oacute;n en diversos congresos nacionales e internacionales. Ha sido investigadora invitada en prestigiosas universidades de Reino Unido, Alemania, Holanda y Estados Unidos, formando parte del panel de evaluadores en diversas revistas cient&iacute;ficas de la especialidad. Participa en varios programas de doctorado con menci&oacute;n de calidad. <br \/>Pertenece a varias sociedades cient&iacute;ficas internacionales, habiendo sido Presidenta de la Sociedad Espa&ntilde;ola de Psicofisiolog&iacute;a (2006-2008) y actualmente de la Sociedad Espa&ntilde;ola de Psicobiolog&iacute;a (2022- ). Es acad&eacute;mica de n&uacute;mero de la Academia de Psicolog&iacute;a de Espa&ntilde;a.<\/p>                <\/div>\r\n                                <\/div>\r\n        <div class=\"speaker-talks\">\r\n                                                                                                                                                                                                                                                                                                                                    <div class=\"speaker-session hasSession\" session_id=\"6561\">\r\n                                                            <h5>Mesa 1. Envejecimiento normal, reserva cognitiva y mecanismos de compensaci\u00f3n<\/h5>\r\n                                                        <div class=\"speaker-talk\">\r\n                                <div class=\"hour-date-room-container\">\r\n                                    <div class=\"body-2 medium\">8 mar<\/div>\r\n                                    <div class=\"body-2 medium\">Sala Alb\u00e9niz-Machuca<\/div>\r\n                                    <div class=\"body-2 medium\">10:30 - 11:45<\/div>\r\n                                                                    <\/div>\r\n                            <\/div>\r\n                                                            <h6>Interviene en:<\/h6>\r\n                                                                                                                                                                                                                                                                                                        <div class=\"speaker-talk\" style=\"margin-left: 1rem;\">\r\n                                                <div class=\"talk-title body-1\">\r\n                                                    Las quejas subjetivas de memoria y su asociaciac\u00f3n con factores relacionados con la edad                                                <\/div>\r\n                                            <\/div>\r\n                                                                                                                                                                                                                                                                                                                <\/div>\r\n                                                                                                                                                                                                                                                                                                                                                                                                                                                                                                                                                                                                                                                                                                                                                                                                                                                                                                                                                                                                                                                                                                                                                                                                                                                                                                                                                                                                                                                                                                                <\/div>\r\n    <\/div>\r\n<\/div><div class=\"speaker-side\" speaker_id=\"102254\">\r\n    <svg class=\"close\" width=\"40\" height=\"40\" viewBox=\"0 0 40 40\" fill=\"none\" xmlns=\"http:\/\/www.w3.org\/2000\/svg\">\r\n        <path d=\"M0 20C0 8.95431 8.95431 0 20 0C31.0457 0 40 8.95431 40 20C40 31.0457 31.0457 40 20 40C8.95431 40 0 31.0457 0 20Z\" fill=\"white\"\/>\r\n        <path d=\"M28.2361 14.2361C28.9197 13.5525 28.9197 12.4424 28.2361 11.7588C27.5525 11.0752 26.4424 11.0752 25.7588 11.7588L20.0002 17.5229L14.2361 11.7643C13.5525 11.0807 12.4424 11.0807 11.7588 11.7643C11.0752 12.4479 11.0752 13.558 11.7588 14.2416L17.5229 20.0002L11.7643 25.7643C11.0807 26.4479 11.0807 27.558 11.7643 28.2416C12.4479 28.9252 13.558 28.9252 14.2416 28.2416L20.0002 22.4775L25.7643 28.2361C26.4479 28.9197 27.558 28.9197 28.2416 28.2361C28.9252 27.5525 28.9252 26.4424 28.2416 25.7588L22.4775 20.0002L28.2361 14.2361Z\" fill=\"black\"\/>\r\n    <\/svg>\r\n\r\n    <div class=\"speaker-container\">\r\n                    <div class=\"speaker-img\">\r\n                <img src=\"https:\/\/bipeek-resources-onsite-prd.s3.amazonaws.com\/34563\/conversions\/FOTO-JB-2022-ABRIL-IMG_2067-perfil.jpg?v=1696502440\" onerror=\"this.src='https:\/\/congresofanpse.org\/2024\/wp-content\/plugins\/bipeek\/speaker-fallback.jpg';this.onerror='';\">\r\n                <div class=\"gradient\"><\/div>\r\n            <\/div>\r\n                <div class=\"speaker-info\">\r\n            <div class=\"speaker-name\">\r\n                Jose Domingo Barroso            <\/div>\r\n            <div class=\"speaker-job body-1\">\r\n                                                                                        Presidente del Comit\u00e9 Cient\u00edfico. Catedr\u00e1tico de la Universidad Fernando Pessoa Canarias. Espa\u00f1a                                                    Universidad Fernando Pessoa Canarias. Espa\u00f1a                            <\/div>\r\n                            <div class=\"spacer\"><\/div>\r\n                <div class=\"speaker-cv body-2\">\r\n                                    <\/div>\r\n                                <\/div>\r\n        <div class=\"speaker-talks\">\r\n                                                                                                                                                                                                                    <div class=\"speaker-session hasSession\" session_id=\"6601\">\r\n                                                            <h5>Acto Inaugural<\/h5>\r\n                                                        <div class=\"speaker-talk\">\r\n                                <div class=\"hour-date-room-container\">\r\n                                    <div class=\"body-2 medium\">8 mar<\/div>\r\n                                    <div class=\"body-2 medium\">Sala Alb\u00e9niz-Machuca<\/div>\r\n                                    <div class=\"body-2 medium\">9:00 - 9:30<\/div>\r\n                                                                    <\/div>\r\n                            <\/div>\r\n                                                            <h6>Interviene en:<\/h6>\r\n                                                                                                                                                                                                                                                                                                                                                                                                                                                                        <div class=\"speaker-talk\" style=\"margin-left: 1rem;\">\r\n                                                <div class=\"talk-title body-1\">\r\n                                                    Acto Inaugural                                                <\/div>\r\n                                            <\/div>\r\n                                                                                                                                                                <\/div>\r\n                                                                                                                                                            <div class=\"speaker-session hasSession\" session_id=\"6561\">\r\n                                                            <h5>Mesa 1. Envejecimiento normal, reserva cognitiva y mecanismos de compensaci\u00f3n<\/h5>\r\n                                                        <div class=\"speaker-talk\">\r\n                                <div class=\"hour-date-room-container\">\r\n                                    <div class=\"body-2 medium\">8 mar<\/div>\r\n                                    <div class=\"body-2 medium\">Sala Alb\u00e9niz-Machuca<\/div>\r\n                                    <div class=\"body-2 medium\">10:30 - 11:45<\/div>\r\n                                                                    <\/div>\r\n                            <\/div>\r\n                                                            <h6>Interviene en:<\/h6>\r\n                                                                                                                                                                                                                                                                                                                                                                                                                                                        <div class=\"speaker-talk\" style=\"margin-left: 1rem;\">\r\n                                                <div class=\"talk-title body-1\">\r\n                                                    La especializaci\u00f3n hemisf\u00e9rica como mecanismo de compensacion funcional en el envejecimiento                                                <\/div>\r\n                                            <\/div>\r\n                                                                                                                                                                <\/div>\r\n                                                                                                                                                                                                                                                                                                                                                                                                                                                                                                                                                                                                                            <div class=\"speaker-session hasSession\" session_id=\"6348\">\r\n                                                            <h5>Conferencia plenaria. Neuroanatom\u00eda de los Circuitos Cerebrales asociados al Lenguaje: Abordaje desde la Neuroimagen. Nikos Makris<\/h5>\r\n                                                        <div class=\"speaker-talk\">\r\n                                <div class=\"hour-date-room-container\">\r\n                                    <div class=\"body-2 medium\">8 mar<\/div>\r\n                                    <div class=\"body-2 medium\">Sala Alb\u00e9niz-Machuca<\/div>\r\n                                    <div class=\"body-2 medium\">16:45 - 17:45<\/div>\r\n                                                                                                                                                                        <div class=\"body-2 medium modera\">Modera<\/div>\r\n                                                                                                                                                        <\/div>\r\n                            <\/div>\r\n                                                    <\/div>\r\n                                                                                                                                                                                                                                                                                                                                                                                            <div class=\"speaker-session hasSession\" session_id=\"6927\">\r\n                                                            <h5>Comunicaciones orales V<\/h5>\r\n                                                        <div class=\"speaker-talk\">\r\n                                <div class=\"hour-date-room-container\">\r\n                                    <div class=\"body-2 medium\">9 mar<\/div>\r\n                                    <div class=\"body-2 medium\">Sala Alb\u00e9niz-Machuca<\/div>\r\n                                    <div class=\"body-2 medium\">9:00 - 10:30<\/div>\r\n                                                                                                                                                                        <div class=\"body-2 medium modera\">Modera<\/div>\r\n                                                                                                                                                        <\/div>\r\n                            <\/div>\r\n                                                    <\/div>\r\n                                                                                                                                                                                                                                                                                                                                                                                                                                                                                                                                                                                <\/div>\r\n    <\/div>\r\n<\/div><div class=\"speaker-side\" speaker_id=\"105584\">\r\n    <svg class=\"close\" width=\"40\" height=\"40\" viewBox=\"0 0 40 40\" fill=\"none\" xmlns=\"http:\/\/www.w3.org\/2000\/svg\">\r\n        <path d=\"M0 20C0 8.95431 8.95431 0 20 0C31.0457 0 40 8.95431 40 20C40 31.0457 31.0457 40 20 40C8.95431 40 0 31.0457 0 20Z\" fill=\"white\"\/>\r\n        <path d=\"M28.2361 14.2361C28.9197 13.5525 28.9197 12.4424 28.2361 11.7588C27.5525 11.0752 26.4424 11.0752 25.7588 11.7588L20.0002 17.5229L14.2361 11.7643C13.5525 11.0807 12.4424 11.0807 11.7588 11.7643C11.0752 12.4479 11.0752 13.558 11.7588 14.2416L17.5229 20.0002L11.7643 25.7643C11.0807 26.4479 11.0807 27.558 11.7643 28.2416C12.4479 28.9252 13.558 28.9252 14.2416 28.2416L20.0002 22.4775L25.7643 28.2361C26.4479 28.9197 27.558 28.9197 28.2416 28.2361C28.9252 27.5525 28.9252 26.4424 28.2416 25.7588L22.4775 20.0002L28.2361 14.2361Z\" fill=\"black\"\/>\r\n    <\/svg>\r\n\r\n    <div class=\"speaker-container\">\r\n                    <div class=\"speaker-img\">\r\n                <img src=\"https:\/\/bipeek-resources-onsite-prd.s3.amazonaws.com\/37522\/conversions\/Carolina-Laynez-perfil.jpg?v=1700469205\" onerror=\"this.src='https:\/\/congresofanpse.org\/2024\/wp-content\/plugins\/bipeek\/speaker-fallback.jpg';this.onerror='';\">\r\n                <div class=\"gradient\"><\/div>\r\n            <\/div>\r\n                <div class=\"speaker-info\">\r\n            <div class=\"speaker-name\">\r\n                Carolina Laynez Rubio            <\/div>\r\n            <div class=\"speaker-job body-1\">\r\n                                                                                        Doctora en Psicolog\u00eda. Unidad de Neurodesarrollo y Neurolog\u00eda. UGC de Pediatr\u00eda Hospital San Cecilio. Granada, Espa\u00f1a                                                    Hospital San Cecilio de Granada. Espa\u00f1a                            <\/div>\r\n                            <div class=\"spacer\"><\/div>\r\n                <div class=\"speaker-cv body-2\">\r\n                    <p style=\"text-align: justify;\">Dra. en psicolog&iacute;a, especialista en psicolog&iacute;a cl&iacute;nica con acreditaci&oacute;n en neuropsicolog&iacute;a. Trabaja en el Unidad de gesti&oacute;n Cl&iacute;nica de Pediatr&iacute;a en la consulta de Neurodesarrollo y Neuropsicolog&iacute;a del Cl&iacute;nico Universitario S. Cecilio de Granada.<br \/>Participa en proyectos de investigaci&oacute;n relacionados con el reci&eacute;n nacido de riesgo y el efecto de alteraciones neurol&oacute;gicas en el desarrollo y como docente en diferentes en &nbsp;cursos de postgrado de la Universidad de Granada y Almer&iacute;a.<\/p>                <\/div>\r\n                                <\/div>\r\n        <div class=\"speaker-talks\">\r\n                                                                                                                                                                                                                                                                                                                                                                                                                                                                                                            <div class=\"speaker-session hasSession\" session_id=\"6562\">\r\n                                                            <h5>Mesa 3. Perspectivas actuales del neurodesarrollo<\/h5>\r\n                                                        <div class=\"speaker-talk\">\r\n                                <div class=\"hour-date-room-container\">\r\n                                    <div class=\"body-2 medium\">8 mar<\/div>\r\n                                    <div class=\"body-2 medium\">Sala Alb\u00e9niz-Machuca<\/div>\r\n                                    <div class=\"body-2 medium\">12:30 - 13:45<\/div>\r\n                                                                    <\/div>\r\n                            <\/div>\r\n                                                            <h6>Interviene en:<\/h6>\r\n                                                                                                                                                                                                                                                                                                        <div class=\"speaker-talk\" style=\"margin-left: 1rem;\">\r\n                                                <div class=\"talk-title body-1\">\r\n                                                    Evaluaci\u00f3n neuropsicol\u00f3gica de ni\u00f1os prematuros de alto y bajo riesgo                                                <\/div>\r\n                                            <\/div>\r\n                                                                                                                                                                                                                                                                                                                <\/div>\r\n                                                                                                                                                                                                                                                                                                                                                                                                                                                                                                                                                                                                                                                                                                                                                                                                                                                                                                                                                                                                                                                                                                                                                                                                                                                                                                                                        <\/div>\r\n    <\/div>\r\n<\/div><div class=\"speaker-side\" speaker_id=\"105585\">\r\n    <svg class=\"close\" width=\"40\" height=\"40\" viewBox=\"0 0 40 40\" fill=\"none\" xmlns=\"http:\/\/www.w3.org\/2000\/svg\">\r\n        <path d=\"M0 20C0 8.95431 8.95431 0 20 0C31.0457 0 40 8.95431 40 20C40 31.0457 31.0457 40 20 40C8.95431 40 0 31.0457 0 20Z\" fill=\"white\"\/>\r\n        <path d=\"M28.2361 14.2361C28.9197 13.5525 28.9197 12.4424 28.2361 11.7588C27.5525 11.0752 26.4424 11.0752 25.7588 11.7588L20.0002 17.5229L14.2361 11.7643C13.5525 11.0807 12.4424 11.0807 11.7588 11.7643C11.0752 12.4479 11.0752 13.558 11.7588 14.2416L17.5229 20.0002L11.7643 25.7643C11.0807 26.4479 11.0807 27.558 11.7643 28.2416C12.4479 28.9252 13.558 28.9252 14.2416 28.2416L20.0002 22.4775L25.7643 28.2361C26.4479 28.9197 27.558 28.9197 28.2416 28.2361C28.9252 27.5525 28.9252 26.4424 28.2416 25.7588L22.4775 20.0002L28.2361 14.2361Z\" fill=\"black\"\/>\r\n    <\/svg>\r\n\r\n    <div class=\"speaker-container\">\r\n                    <div class=\"speaker-img\">\r\n                <img src=\"https:\/\/bipeek-resources-onsite-prd.s3.amazonaws.com\/37353\/conversions\/foto-jose-uberos-perfil.jpg?v=1699605584\" onerror=\"this.src='https:\/\/congresofanpse.org\/2024\/wp-content\/plugins\/bipeek\/speaker-fallback.jpg';this.onerror='';\">\r\n                <div class=\"gradient\"><\/div>\r\n            <\/div>\r\n                <div class=\"speaker-info\">\r\n            <div class=\"speaker-name\">\r\n                Jos\u00e9 Uberos Fern\u00e1ndez            <\/div>\r\n            <div class=\"speaker-job body-1\">\r\n                                                                                        Catedr\u00e1tico de Pediatr\u00eda de la Universidad de Granada. Jefe de Secci\u00f3n de Pediatr\u00eda del Hospital Universitario San Cecilio. Granada, Espa\u00f1a                                                                                <\/div>\r\n                            <div class=\"spacer\"><\/div>\r\n                <div class=\"speaker-cv body-2\">\r\n                    <p style=\"text-align: justify;\">Jose Uberos Fern&aacute;ndez es pediatra desde 1992, a&ntilde;o en que finaliza su periodo de formaci&oacute;n en el Servicio de Pediatr&iacute;a del Hospital Universitario San Cecilio. Profesor Asociado en el Departamento de Pediatr&iacute;a desde el a&ntilde;o 2006. En el a&ntilde;o 2000 entra a formar parte de los Equipos B&aacute;sicos de Atenci&oacute;n Primaria con plaza en propiedad. En el a&ntilde;o 2016 toma posesi&oacute;n de una plaza de Profesor Titular con plaza vinculada al Hospital Universitario San Cecilio de Granada. Eb la actualidad tiene reconocidos 4 sexenios de investigaci&oacute;n por el CENAI y 2 quinquenios docentes por la Universidad de Granada. Es autor de m&uacute;ltiples art&iacute;culos de investigaci&oacute;n indexados en JCR, libros y cap&iacute;tulos de libros. Desde el a&ntilde;o 2020 es Jefe de Secci&oacute;n de Pediatr&iacute;a para las &aacute;reas de neonatolog&iacute;a y urgencias.<\/p>                <\/div>\r\n                                <\/div>\r\n        <div class=\"speaker-talks\">\r\n                                                                                                                                                                                                                                                                                                                                                                                                                                                                                                            <div class=\"speaker-session hasSession\" session_id=\"6562\">\r\n                                                            <h5>Mesa 3. Perspectivas actuales del neurodesarrollo<\/h5>\r\n                                                        <div class=\"speaker-talk\">\r\n                                <div class=\"hour-date-room-container\">\r\n                                    <div class=\"body-2 medium\">8 mar<\/div>\r\n                                    <div class=\"body-2 medium\">Sala Alb\u00e9niz-Machuca<\/div>\r\n                                    <div class=\"body-2 medium\">12:30 - 13:45<\/div>\r\n                                                                    <\/div>\r\n                            <\/div>\r\n                                                            <h6>Interviene en:<\/h6>\r\n                                                                                                                                                                                                                                                                                                                                                                                                                                                        <div class=\"speaker-talk\" style=\"margin-left: 1rem;\">\r\n                                                <div class=\"talk-title body-1\">\r\n                                                    Nutrici\u00f3n postnatal en reci\u00e9n nacidos de muy bajo peso y sus resultados de neurodesarrollo                                                <\/div>\r\n                                            <\/div>\r\n                                                                                                                                                                <\/div>\r\n                                                                                                                                                                                                                                                                                                                                                                                                                                                                                                                                                                                                                                                                                                                                                                                                                                                                                                                                                                                                                                                                                                                                                                                                                                                                                                                                        <\/div>\r\n    <\/div>\r\n<\/div><div class=\"speaker-side\" speaker_id=\"105586\">\r\n    <svg class=\"close\" width=\"40\" height=\"40\" viewBox=\"0 0 40 40\" fill=\"none\" xmlns=\"http:\/\/www.w3.org\/2000\/svg\">\r\n        <path d=\"M0 20C0 8.95431 8.95431 0 20 0C31.0457 0 40 8.95431 40 20C40 31.0457 31.0457 40 20 40C8.95431 40 0 31.0457 0 20Z\" fill=\"white\"\/>\r\n        <path d=\"M28.2361 14.2361C28.9197 13.5525 28.9197 12.4424 28.2361 11.7588C27.5525 11.0752 26.4424 11.0752 25.7588 11.7588L20.0002 17.5229L14.2361 11.7643C13.5525 11.0807 12.4424 11.0807 11.7588 11.7643C11.0752 12.4479 11.0752 13.558 11.7588 14.2416L17.5229 20.0002L11.7643 25.7643C11.0807 26.4479 11.0807 27.558 11.7643 28.2416C12.4479 28.9252 13.558 28.9252 14.2416 28.2416L20.0002 22.4775L25.7643 28.2361C26.4479 28.9197 27.558 28.9197 28.2416 28.2361C28.9252 27.5525 28.9252 26.4424 28.2416 25.7588L22.4775 20.0002L28.2361 14.2361Z\" fill=\"black\"\/>\r\n    <\/svg>\r\n\r\n    <div class=\"speaker-container\">\r\n                    <div class=\"speaker-img\">\r\n                <img src=\"https:\/\/bipeek-resources-onsite-prd.s3.amazonaws.com\/37352\/conversions\/ISABEL-PERALTA-perfil.jpg?v=1699605520\" onerror=\"this.src='https:\/\/congresofanpse.org\/2024\/wp-content\/plugins\/bipeek\/speaker-fallback.jpg';this.onerror='';\">\r\n                <div class=\"gradient\"><\/div>\r\n            <\/div>\r\n                <div class=\"speaker-info\">\r\n            <div class=\"speaker-name\">\r\n                Mar\u00eda Isabel Peralta Ram\u00edrez            <\/div>\r\n            <div class=\"speaker-job body-1\">\r\n                                                                                        Catedr\u00e1tica de la Facultad de Psicolog\u00eda de la Universidad de Granada. Granada, Espa\u00f1a                                                    Universidad de Granada. Espa\u00f1a                            <\/div>\r\n                            <div class=\"spacer\"><\/div>\r\n                <div class=\"speaker-cv body-2\">\r\n                    <p style=\"text-align: justify;\">Mar&iacute;a Isabel Peralta Ramirez es catedr&aacute;tica de Psicolog&iacute;a e investigadora en el Centro de Investigaci&oacute;n Mente Cerebro y Comportamiento (CIMCYC) de la Universidad de Granada. Es investigadora principal de numerosos proyectos de investigaci&oacute;n obtenidos en convocatorias competitivas y cuenta con m&aacute;s de 100 art&iacute;culos en revistas tanto nacionales como internacionales en el &aacute;mbito del estr&eacute;s psicol&oacute;gico y sus consecuencias en la salud, concretamente, en enfermedades autoinmunes y en estr&eacute;s perinatal. As&iacute; mismo es autora de dos libros &ldquo;Programa para el Control del estr&eacute;s&rdquo; y &ldquo;Un villano llamado estr&eacute;s&rdquo; de Pir&aacute;mide. Tambi&eacute;n es coordinadora del &ldquo;Programa de Evaluaci&oacute;n e Intervenci&oacute;n para el control del estr&eacute;s&rdquo; de la Cl&iacute;nica de Psicolog&iacute;a de la Universidad de Granada.<\/p>\r\n<p style=\"text-align: justify;\">Actualmente investiga sobre el efecto del estr&eacute;s perinatal &nbsp;tanto en la mujer gestante como en el neurodesarrollo, temperamento y psicopatolog&iacute;a de su descendencia.<\/p>                <\/div>\r\n                                <\/div>\r\n        <div class=\"speaker-talks\">\r\n                                                                                                                                                                                                                                                                                                                                                                                                                                                                                                            <div class=\"speaker-session hasSession\" session_id=\"6562\">\r\n                                                            <h5>Mesa 3. Perspectivas actuales del neurodesarrollo<\/h5>\r\n                                                        <div class=\"speaker-talk\">\r\n                                <div class=\"hour-date-room-container\">\r\n                                    <div class=\"body-2 medium\">8 mar<\/div>\r\n                                    <div class=\"body-2 medium\">Sala Alb\u00e9niz-Machuca<\/div>\r\n                                    <div class=\"body-2 medium\">12:30 - 13:45<\/div>\r\n                                                                    <\/div>\r\n                            <\/div>\r\n                                                            <h6>Interviene en:<\/h6>\r\n                                                                                                                                                        <div class=\"speaker-talk\" style=\"margin-left: 1rem;\">\r\n                                                <div class=\"talk-title body-1\">\r\n                                                    El impacto del estr\u00e9s de la mujer embarazada en el posterior neurodesarrollo y conducta de su descendencia                                                <\/div>\r\n                                            <\/div>\r\n                                                                                                                                                                                                                                                                                                                                                                                                                                                                <\/div>\r\n                                                                                                                                                                                                                                                                                                                                                                                                                                                                                                                                                                                                                                                                                                                                                                                                                                                                                                                                                                                                                                                                                                                                                                                                                                                                                                                                        <\/div>\r\n    <\/div>\r\n<\/div><div class=\"speaker-side\" speaker_id=\"102224\">\r\n    <svg class=\"close\" width=\"40\" height=\"40\" viewBox=\"0 0 40 40\" fill=\"none\" xmlns=\"http:\/\/www.w3.org\/2000\/svg\">\r\n        <path d=\"M0 20C0 8.95431 8.95431 0 20 0C31.0457 0 40 8.95431 40 20C40 31.0457 31.0457 40 20 40C8.95431 40 0 31.0457 0 20Z\" fill=\"white\"\/>\r\n        <path d=\"M28.2361 14.2361C28.9197 13.5525 28.9197 12.4424 28.2361 11.7588C27.5525 11.0752 26.4424 11.0752 25.7588 11.7588L20.0002 17.5229L14.2361 11.7643C13.5525 11.0807 12.4424 11.0807 11.7588 11.7643C11.0752 12.4479 11.0752 13.558 11.7588 14.2416L17.5229 20.0002L11.7643 25.7643C11.0807 26.4479 11.0807 27.558 11.7643 28.2416C12.4479 28.9252 13.558 28.9252 14.2416 28.2416L20.0002 22.4775L25.7643 28.2361C26.4479 28.9197 27.558 28.9197 28.2416 28.2361C28.9252 27.5525 28.9252 26.4424 28.2416 25.7588L22.4775 20.0002L28.2361 14.2361Z\" fill=\"black\"\/>\r\n    <\/svg>\r\n\r\n    <div class=\"speaker-container\">\r\n                    <div class=\"speaker-img\">\r\n                <img src=\"https:\/\/bipeek-resources-onsite-prd.s3.amazonaws.com\/37334\/conversions\/MariaSerra-perfil.jpg?v=1699602739\" onerror=\"this.src='https:\/\/congresofanpse.org\/2024\/wp-content\/plugins\/bipeek\/speaker-fallback.jpg';this.onerror='';\">\r\n                <div class=\"gradient\"><\/div>\r\n            <\/div>\r\n                <div class=\"speaker-info\">\r\n            <div class=\"speaker-name\">\r\n                Maria Serra Blasco            <\/div>\r\n            <div class=\"speaker-job body-1\">\r\n                                                                                        ICOnnecta\u2019t Digital Health Program, Catalan Institute of Oncology, Hospitalet del Llobregat, Spain. The Bellvitge Biomedical Research Institute IDIBELL, Psychooncology and Digital Health Group, Hospitalet del Llobregat, Espa\u00f1a                                                    Catalan Instutute of Oncology                            <\/div>\r\n                            <div class=\"spacer\"><\/div>\r\n                <div class=\"speaker-cv body-2\">\r\n                    <p>Investigadora Postdoctoral, Psic&oacute;loga sanitaria y Neuropsic&oacute;loga Cl&iacute;nica.<\/p>\r\n<p>Licenciatura en Psicolog&iacute;a (2004-2008) y M&aacute;ster en Neuropsicolog&iacute;a (2008-2010), seguido por el M&aacute;ster en investigaci&oacute;n cl&iacute;nica aplicada en ciencias de la salud (2011-2012) en la Universidad Aut&oacute;noma de Barcelona (UAB). Experta en Neuropsicolog&iacute;a Cl&iacute;nica (acreditada por el Colegio Oficial de Psic&oacute;logos de Catalu&ntilde;a). En 2019 realic&eacute; un M&aacute;ster en Terapias Contextuales: ACT, FAP y Mindfulness que he aplicado en mi investigaci&oacute;n cl&iacute;nica.<\/p>\r\n<p>Realic&eacute; mi investigaci&oacute;n predoctoral (2012-2015) en el grupo de Psiquiatr&iacute;a del Hospital de la Santa Creu i Sant Pau reconocido por la Generalitat de Catalunya (Grup de Recerca en Trastorns Psiqui&agrave;trics de Sant Pau, SGR2009\/179). Entr&eacute; a formar parte del Grupo 21 (G21 Sant Pau - Mar) del CIBERSAM, donde todav&iacute;a soy miembro activo. Disfrut&eacute; de una beca predoctoral del programa de la Agencia d&rsquo;Ajuts Universitaris i de Recerca de la Generalitat de Catalunya y trabaj&eacute; 6 meses en el Departamento de Psiquiatr&iacute;a de la Universidad de Oxford (Beca AGAUR, DGR-2012). Este per&iacute;odo tuvo una producci&oacute;n cient&iacute;fica de 9 art&iacute;culos y 10 presentaciones en congresos. Tambi&eacute;n me incorpor&eacute; como Profesora Asociada en el Departamento de Psicolog&iacute;a de la Universitat Abat Oliba.&nbsp;<\/p>\r\n<p>La primera etapa como investigadora postdoctoral (2015-2020) la realic&eacute; en el grupo de investigaci&oacute;n en Trastornos de ansiedad y del estado de &aacute;nimo, reconocido por la Generalitat de Catalunya (2017 SGR 1292). Durante este periodo particip&eacute; en la publicaci&oacute;n de 13 art&iacute;culos cient&iacute;ficos y 15 presentaciones en congresos del &aacute;rea. En 2016-2017 realic&eacute; una estancia en el Departamento de Psiquiatr&iacute;a de la University of British Columbia (UBC).<\/p>\r\n<p>Actualmente soy Investigadora Principal del grupo de investigaci&oacute;n en Psicooncolog&iacute;a y Salud Digital del Instituto de Investigaci&oacute;n Biom&eacute;dica de Bellvitge (IDIBELL) reconocido por la Generalitat de Catalunya (2021 SGR 01003, Emergente y Financiado) del Instituto Catal&aacute;n de Oncolog&iacute;a (ICO).&nbsp;<\/p>                <\/div>\r\n                                <\/div>\r\n        <div class=\"speaker-talks\">\r\n                                                                                                                                                                                                                                                                                                                                                                                            <div class=\"speaker-session hasSession\" session_id=\"6613\">\r\n                                                            <h5>Mesa 2. Nuevas soluciones digitales en intervenci\u00f3n neuropsicol\u00f3gica: tres experiencias de investigaci\u00f3n aplicada<\/h5>\r\n                                                        <div class=\"speaker-talk\">\r\n                                <div class=\"hour-date-room-container\">\r\n                                    <div class=\"body-2 medium\">8 mar<\/div>\r\n                                    <div class=\"body-2 medium\">Sala Machado<\/div>\r\n                                    <div class=\"body-2 medium\">10:30 - 11:45<\/div>\r\n                                                                    <\/div>\r\n                            <\/div>\r\n                                                            <h6>Interviene en:<\/h6>\r\n                                                                                                                                                        <div class=\"speaker-talk\" style=\"margin-left: 1rem;\">\r\n                                                <div class=\"talk-title body-1\">\r\n                                                    Intervenci\u00f3n Digital para Abordar los D\u00e9ficits Cognitivos en Pacientes con C\u00e1ncer de Mama                                                <\/div>\r\n                                            <\/div>\r\n                                                                                                                                                                                                                                                                                                                                                                                                                                                                <\/div>\r\n                                                                                                                                                                                                                                                                                                                                                                                                                                                                                                                                                                                                                                                                                                                                                                                                                                                                                                                                                                                                                                                                                                                                                                                                                                                                                                                                                                                                                                                        <\/div>\r\n    <\/div>\r\n<\/div><div class=\"speaker-side\" speaker_id=\"102412\">\r\n    <svg class=\"close\" width=\"40\" height=\"40\" viewBox=\"0 0 40 40\" fill=\"none\" xmlns=\"http:\/\/www.w3.org\/2000\/svg\">\r\n        <path d=\"M0 20C0 8.95431 8.95431 0 20 0C31.0457 0 40 8.95431 40 20C40 31.0457 31.0457 40 20 40C8.95431 40 0 31.0457 0 20Z\" fill=\"white\"\/>\r\n        <path d=\"M28.2361 14.2361C28.9197 13.5525 28.9197 12.4424 28.2361 11.7588C27.5525 11.0752 26.4424 11.0752 25.7588 11.7588L20.0002 17.5229L14.2361 11.7643C13.5525 11.0807 12.4424 11.0807 11.7588 11.7643C11.0752 12.4479 11.0752 13.558 11.7588 14.2416L17.5229 20.0002L11.7643 25.7643C11.0807 26.4479 11.0807 27.558 11.7643 28.2416C12.4479 28.9252 13.558 28.9252 14.2416 28.2416L20.0002 22.4775L25.7643 28.2361C26.4479 28.9197 27.558 28.9197 28.2416 28.2361C28.9252 27.5525 28.9252 26.4424 28.2416 25.7588L22.4775 20.0002L28.2361 14.2361Z\" fill=\"black\"\/>\r\n    <\/svg>\r\n\r\n    <div class=\"speaker-container\">\r\n                    <div class=\"speaker-img\">\r\n                <img src=\"https:\/\/bipeek-resources-onsite-prd.s3.amazonaws.com\/37346\/conversions\/Patricia-Alzola-perfil.jpg?v=1699604324\" onerror=\"this.src='https:\/\/congresofanpse.org\/2024\/wp-content\/plugins\/bipeek\/speaker-fallback.jpg';this.onerror='';\">\r\n                <div class=\"gradient\"><\/div>\r\n            <\/div>\r\n                <div class=\"speaker-info\">\r\n            <div class=\"speaker-name\">\r\n                Patricia Alzola Bord\u00f3n            <\/div>\r\n            <div class=\"speaker-job body-1\">\r\n                                                                                        Departamento de Psicolog\u00eda B\u00e1sica, Psicobiolog\u00eda y Metodolog\u00eda de las Ciencias del Comportamiento, Universidad de Salamanca, Espa\u00f1a                                                    Facultad de Psicolog\u00eda, Universidad de Salamanca                            <\/div>\r\n                            <div class=\"spacer\"><\/div>\r\n                <div class=\"speaker-cv body-2\">\r\n                    <p>Graduada en Psicolog&iacute;a por la Universidad de Salamanca y acreditada como psic&oacute;loga general sanitaria por el COP de Castilla y Le&oacute;n. Actualmente, realiza su formaci&oacute;n predoctoral a trav&eacute;s de las Ayudas para la Formaci&oacute;n de Profesorado Universitario del Ministerio de Universidades. Su tesis se enfoca en la validaci&oacute;n de una nueva bater&iacute;a neuropsicol&oacute;gica (Luria DNA-2) para la detecci&oacute;n del deterioro cognitivo en adultos mayores. Ha trabajado en la Unidad de Neurociencias del Centro de Salud San Juan (Salamanca), lo que le ha dado experiencia en la aplicaci&oacute;n de protocolos de cribado cognitivo, as&iacute; como en evaluaciones cl&iacute;nicas y neuropsicol&oacute;gicas en el contexto de ensayos cl&iacute;nicos en poblaci&oacute;n con Enfermedad de Alzheimer, depresi&oacute;n y esquizofrenia. Tambi&eacute;n ha ejercido como Profesora Asociada en el &aacute;rea de Psicobiolog&iacute;a en la Universidad de Salamanca. Ha participado en publicaciones de revistas de impacto internacional, as&iacute; como en congresos nacionales e internacionales de neuropsicolog&iacute;a, consolidando as&iacute; sus primeros pasos dentro de esta disciplina.&nbsp;<\/p>                <\/div>\r\n                                <\/div>\r\n        <div class=\"speaker-talks\">\r\n                                                                                                                                                                                                                                                                                                                                                                                                                                                                                                                                                                                                                                                                                                                                                                                                                                                                                                                                                                                                                                                                                                                                                                                                                                                                                                                                                                                                                                                                                                                                                                                                                                                                            <div class=\"speaker-session hasSession\" session_id=\"6614\">\r\n                                                            <h5>Mesa 8. Detecci\u00f3n precoz y diagn\u00f3stico neuropsicol\u00f3gico de la Enfermedad de Alzheimer: desde la atenci\u00f3n primaria a los contextos especializados<\/h5>\r\n                                                        <div class=\"speaker-talk\">\r\n                                <div class=\"hour-date-room-container\">\r\n                                    <div class=\"body-2 medium\">9 mar<\/div>\r\n                                    <div class=\"body-2 medium\">Sala Machado<\/div>\r\n                                    <div class=\"body-2 medium\">12:00 - 13:15<\/div>\r\n                                                                    <\/div>\r\n                            <\/div>\r\n                                                            <h6>Interviene en:<\/h6>\r\n                                                                                                                                                        <div class=\"speaker-talk\" style=\"margin-left: 1rem;\">\r\n                                                <div class=\"talk-title body-1\">\r\n                                                    Detecci\u00f3n temprana del deterioro cognitivo asociado a la Enfermedad de Alzheimer en Atenci\u00f3n Primaria                                                <\/div>\r\n                                            <\/div>\r\n                                                                                                                                                                                                                                                                                                                                                                                                                                                                <\/div>\r\n                                                                                                                                                                        <\/div>\r\n    <\/div>\r\n<\/div><div class=\"speaker-side\" speaker_id=\"106079\">\r\n    <svg class=\"close\" width=\"40\" height=\"40\" viewBox=\"0 0 40 40\" fill=\"none\" xmlns=\"http:\/\/www.w3.org\/2000\/svg\">\r\n        <path d=\"M0 20C0 8.95431 8.95431 0 20 0C31.0457 0 40 8.95431 40 20C40 31.0457 31.0457 40 20 40C8.95431 40 0 31.0457 0 20Z\" fill=\"white\"\/>\r\n        <path d=\"M28.2361 14.2361C28.9197 13.5525 28.9197 12.4424 28.2361 11.7588C27.5525 11.0752 26.4424 11.0752 25.7588 11.7588L20.0002 17.5229L14.2361 11.7643C13.5525 11.0807 12.4424 11.0807 11.7588 11.7643C11.0752 12.4479 11.0752 13.558 11.7588 14.2416L17.5229 20.0002L11.7643 25.7643C11.0807 26.4479 11.0807 27.558 11.7643 28.2416C12.4479 28.9252 13.558 28.9252 14.2416 28.2416L20.0002 22.4775L25.7643 28.2361C26.4479 28.9197 27.558 28.9197 28.2416 28.2361C28.9252 27.5525 28.9252 26.4424 28.2416 25.7588L22.4775 20.0002L28.2361 14.2361Z\" fill=\"black\"\/>\r\n    <\/svg>\r\n\r\n    <div class=\"speaker-container\">\r\n                    <div class=\"speaker-img\">\r\n                <img src=\"https:\/\/bipeek-resources-onsite-prd.s3.amazonaws.com\/37335\/conversions\/MurielVicent-perfil.jpg?v=1699602887\" onerror=\"this.src='https:\/\/congresofanpse.org\/2024\/wp-content\/plugins\/bipeek\/speaker-fallback.jpg';this.onerror='';\">\r\n                <div class=\"gradient\"><\/div>\r\n            <\/div>\r\n                <div class=\"speaker-info\">\r\n            <div class=\"speaker-name\">\r\n                Muriel Vicent-Gil            <\/div>\r\n            <div class=\"speaker-job body-1\">\r\n                                                                                        Hospital de la Santa Creu i Sant Pau, CIBER de Salud Mental, Instituto de Salud Carlos III. Barcelona, Espa\u00f1a                                                    Hospital de la Santa Creu i Sant Pau, CIBER de Salud Mental, Instituto de Salud Carlos III. Barcelona, Espa\u00f1a                            <\/div>\r\n                            <div class=\"spacer\"><\/div>\r\n                <div class=\"speaker-cv body-2\">\r\n                    <p>Psic&oacute;loga Sanitaria, Neuropsic&oacute;loga Cl&iacute;nica e Investigadora Postdoctoral.&nbsp;<\/p>\r\n<p>Licenciada en Psicolog&iacute;a (&Aacute;rea Psicolog&iacute;a Cl&iacute;nica), con la formaci&oacute;n acad&eacute;mica de M&aacute;ster Oficial en Neurociencias (2013), M&aacute;ster en Neuropsicolog&iacute;a (2014), M&aacute;ster en Terapias Contextuales (2018), y doctora en Neurociencias (por la Universidad Aut&oacute;noma de Barcelona, UAB). Adem&aacute;s es experta en Neuropsicolog&iacute;a Cl&iacute;nica (acreditada por el Colegio Oficial de Psic&oacute;logos de Catalu&ntilde;a). Investigadora postdoctoral del Grupo de Investigaci&oacute;n en Salud Mental en el IIB Sant Pau (desde 2012) y pertenece al G21 del Centro de Investigaci&oacute;n Biom&eacute;dica en Red de Salud Mental, Instituto de Salud Carlos III. Profesora Asociada Cl&iacute;nica del Dpto. Psiquiatr&iacute;a (Fac. Medicina, UAB), Profesora Asociada Cl&iacute;nica del Dpto. Psicolog&iacute;a Cl&iacute;nica y de la Salud (Fac. Psicolog&iacute;a, UAB) y Profesora Asociada Cl&iacute;nica del Dpto. Psicolog&iacute;a Cl&iacute;nica y de la Salud (Fac. Psicolog&iacute;a, UOC).&nbsp;<\/p>\r\n<p>Experiencia en el campo de investigaci&oacute;n como psic&oacute;loga cl&iacute;nica sanitaria e neuropsic&oacute;loga cl&iacute;nica en proyectos enmarcados en salud mental, sobretodo en los trastornos afectivos. La mayor parte de sus estudios se centran en entender el papel de la cognici&oacute;n en los pacientes, entendiendo c&oacute;mo son estas dificultades cognitivas, qu&eacute; factores pueden influir en la cognici&oacute;n, cu&aacute;l es el impacto funcional que sufren estos pacientes debido a estos d&eacute;ficits cognitivos, as&iacute; como el desarrollo de estrategias de intervenci&oacute;n, sobretodo a nivel del remediaci&oacute;n cognitiva, para conseguir as&iacute; una recuperaci&oacute;n completa de los pacientes psiqui&aacute;tricos. Con este objetivo, publica m&aacute;s de 20 publicaciones cient&iacute;ficas y cuenta con el desarrollo y publicaci&oacute;n de dos estrategias de intervenci&oacute;n: Programa Integral de Remediaci&oacute;n Cognitiva para la Depresi&oacute;n y un Protocolo Psicoeducativo para pacientes con depresi&oacute;n, as&iacute; como tambi&eacute;n la publicaci&oacute;n docente de un cap&iacute;tulo del libro &ldquo;The neuroscience of depression&rdquo;. Resaltar tambi&eacute;n, la obtenci&oacute;n de distintos proyectos obtenidos en convocatorias competitivas p&uacute;blicas como miembro del equipo investigador y como investigadora principal.&nbsp;<\/p>\r\n<p>&nbsp;<\/p>                <\/div>\r\n                                <\/div>\r\n        <div class=\"speaker-talks\">\r\n                                                                                                                                                                                                                                                                                                                                                                                            <div class=\"speaker-session hasSession\" session_id=\"6613\">\r\n                                                            <h5>Mesa 2. Nuevas soluciones digitales en intervenci\u00f3n neuropsicol\u00f3gica: tres experiencias de investigaci\u00f3n aplicada<\/h5>\r\n                                                        <div class=\"speaker-talk\">\r\n                                <div class=\"hour-date-room-container\">\r\n                                    <div class=\"body-2 medium\">8 mar<\/div>\r\n                                    <div class=\"body-2 medium\">Sala Machado<\/div>\r\n                                    <div class=\"body-2 medium\">10:30 - 11:45<\/div>\r\n                                                                    <\/div>\r\n                            <\/div>\r\n                                                            <h6>Interviene en:<\/h6>\r\n                                                                                                                                                                                                                                                                                                        <div class=\"speaker-talk\" style=\"margin-left: 1rem;\">\r\n                                                <div class=\"talk-title body-1\">\r\n                                                    Remediaci\u00f3n Cognitiva Integral en la Depresi\u00f3n Mayor                                                <\/div>\r\n                                            <\/div>\r\n                                                                                                                                                                                                                                                                                                                <\/div>\r\n                                                                                                                                                                                                                                                                                                                                                                                                                                                                                                                                                                                                                                                                                                                                                                                                                                                                                                                                                                                                                                                                                                                                                                                                                                                                                                                                                                                                                                                        <\/div>\r\n    <\/div>\r\n<\/div><div class=\"speaker-side\" speaker_id=\"106080\">\r\n    <svg class=\"close\" width=\"40\" height=\"40\" viewBox=\"0 0 40 40\" fill=\"none\" xmlns=\"http:\/\/www.w3.org\/2000\/svg\">\r\n        <path d=\"M0 20C0 8.95431 8.95431 0 20 0C31.0457 0 40 8.95431 40 20C40 31.0457 31.0457 40 20 40C8.95431 40 0 31.0457 0 20Z\" fill=\"white\"\/>\r\n        <path d=\"M28.2361 14.2361C28.9197 13.5525 28.9197 12.4424 28.2361 11.7588C27.5525 11.0752 26.4424 11.0752 25.7588 11.7588L20.0002 17.5229L14.2361 11.7643C13.5525 11.0807 12.4424 11.0807 11.7588 11.7643C11.0752 12.4479 11.0752 13.558 11.7588 14.2416L17.5229 20.0002L11.7643 25.7643C11.0807 26.4479 11.0807 27.558 11.7643 28.2416C12.4479 28.9252 13.558 28.9252 14.2416 28.2416L20.0002 22.4775L25.7643 28.2361C26.4479 28.9197 27.558 28.9197 28.2416 28.2361C28.9252 27.5525 28.9252 26.4424 28.2416 25.7588L22.4775 20.0002L28.2361 14.2361Z\" fill=\"black\"\/>\r\n    <\/svg>\r\n\r\n    <div class=\"speaker-container\">\r\n                    <div class=\"speaker-img\">\r\n                <img src=\"https:\/\/bipeek-resources-onsite-prd.s3.amazonaws.com\/37336\/conversions\/GuillemNavarra-perfil.jpg?v=1699602905\" onerror=\"this.src='https:\/\/congresofanpse.org\/2024\/wp-content\/plugins\/bipeek\/speaker-fallback.jpg';this.onerror='';\">\r\n                <div class=\"gradient\"><\/div>\r\n            <\/div>\r\n                <div class=\"speaker-info\">\r\n            <div class=\"speaker-name\">\r\n                Guillem Navarra-Ventura            <\/div>\r\n            <div class=\"speaker-job body-1\">\r\n                                                                                        Institut Universitari d\u2019Investigaci\u00f3 en Ci\u00e8ncies de la Salut, Universitat de les Illes Balears, CIBERES, Espa\u00f1a                                                    Institut Universitari d\u2019Investigaci\u00f3 en Ci\u00e8ncies de la Salut, Universitat de les Illes Balears, CIBERES, Espa\u00f1a                            <\/div>\r\n                            <div class=\"spacer\"><\/div>\r\n                <div class=\"speaker-cv body-2\">\r\n                    <p>Licenciado en Psicolog&iacute;a, M&aacute;ster en Neuropsicolog&iacute;a Cl&iacute;nica y Postgrado en Transferencia Tecnol&oacute;gica. Doctor por la Universitat Aut&ograve;noma de Barcelona. Habilitado como Psic&oacute;logo General Sanitario y Psic&oacute;logo Experto en Neuropsicolog&iacute;a Cl&iacute;nica. Profesor Ayudante Doctor del &Aacute;rea de Psiquiatr&iacute;a del Departamento de Medicina de la Universitat de les Illes Balears (UIB). Investigador adscrito al Grupo de Investigaci&oacute;n en Trastornos Mentales de Alta Prevalencia en Atenci&oacute;n Primaria del Institut Universitari d&rsquo;Investigaci&oacute; en Ci&egrave;ncies de la Salut-UIB y al CIBER de Enfermedades Respiratorias. Inici&oacute; su carrera investigadora en el Grupo de Investigaci&oacute;n en Trastornos Afectivos y Neurociencia Cognitiva del Institut d'Investigaci&oacute; i Innovaci&oacute; Parc Taul&iacute; (I3PT). Su tesis doctoral estudi&oacute; las diferencias de grupo y sexo en la cognici&oacute;n social en pacientes con esquizofrenia, pacientes con trastorno bipolar y sujetos sanos. Como investigador predoctoral tambi&eacute;n particip&oacute; en proyectos centrados en el estudio de las bases neuroestructurales y neurofuncionales de la conducta mediante t&eacute;cnicas biol&oacute;gicas, de neuroimagen y neuropsicol&oacute;gicas con especial inter&eacute;s en las formas refractarias de depresi&oacute;n unipolar y el comportamiento suicida. Como investigador postdoctoral en el Grupo de Investigaci&oacute;n Traslacional en Fisiopatolog&iacute;a Asociada al Enfermo Cr&iacute;tico del I3PT, su l&iacute;nea de investigaci&oacute;n se centr&oacute; en la caracterizaci&oacute;n, diagn&oacute;stico y prevenci&oacute;n\/tratamiento de las alteraciones neurocognitivas y de salud mental que afectan a los pacientes cr&iacute;ticos durante y tras su ingreso en la unidad de cuidados intensivos, con especial inter&eacute;s en el impacto del delirium y la ventilaci&oacute;n mec&aacute;nica. Autor de m&aacute;s de 25 publicaciones cient&iacute;ficas y cap&iacute;tulos de libro. Investigador colaborador en proyectos nacionales e internacionales financiados en salud mental y paciente cr&iacute;tico. Investigador principal de un ensayo cl&iacute;nico financiado para evaluar la eficacia y seguridad de una intervenci&oacute;n neuropsicol&oacute;gica digital para mejorar el confort y la experiencia del paciente cr&iacute;tico durante el ingreso y el estado cognitivo y psicol&oacute;gico tras el alta.<\/p>                <\/div>\r\n                                <\/div>\r\n        <div class=\"speaker-talks\">\r\n                                                                                                                                                                                                                                                                                                                                                                                            <div class=\"speaker-session hasSession\" session_id=\"6613\">\r\n                                                            <h5>Mesa 2. Nuevas soluciones digitales en intervenci\u00f3n neuropsicol\u00f3gica: tres experiencias de investigaci\u00f3n aplicada<\/h5>\r\n                                                        <div class=\"speaker-talk\">\r\n                                <div class=\"hour-date-room-container\">\r\n                                    <div class=\"body-2 medium\">8 mar<\/div>\r\n                                    <div class=\"body-2 medium\">Sala Machado<\/div>\r\n                                    <div class=\"body-2 medium\">10:30 - 11:45<\/div>\r\n                                                                    <\/div>\r\n                            <\/div>\r\n                                                            <h6>Interviene en:<\/h6>\r\n                                                                                                                                                                                                                                                                                                                                                                                                                                                        <div class=\"speaker-talk\" style=\"margin-left: 1rem;\">\r\n                                                <div class=\"talk-title body-1\">\r\n                                                    Estimulaci\u00f3n Neurocognitiva en las Unidades de Cuidados Intensivos                                                <\/div>\r\n                                            <\/div>\r\n                                                                                                                                                                <\/div>\r\n                                                                                                                                                                                                                                                                                                                                                                                                                                                                                                                                                                                                                                                                                                                                                                                                                                                                                                                                                                                                                                                                                                                                                                                                                                                                                                                                                                                                                                                        <\/div>\r\n    <\/div>\r\n<\/div><div class=\"speaker-side\" speaker_id=\"106081\">\r\n    <svg class=\"close\" width=\"40\" height=\"40\" viewBox=\"0 0 40 40\" fill=\"none\" xmlns=\"http:\/\/www.w3.org\/2000\/svg\">\r\n        <path d=\"M0 20C0 8.95431 8.95431 0 20 0C31.0457 0 40 8.95431 40 20C40 31.0457 31.0457 40 20 40C8.95431 40 0 31.0457 0 20Z\" fill=\"white\"\/>\r\n        <path d=\"M28.2361 14.2361C28.9197 13.5525 28.9197 12.4424 28.2361 11.7588C27.5525 11.0752 26.4424 11.0752 25.7588 11.7588L20.0002 17.5229L14.2361 11.7643C13.5525 11.0807 12.4424 11.0807 11.7588 11.7643C11.0752 12.4479 11.0752 13.558 11.7588 14.2416L17.5229 20.0002L11.7643 25.7643C11.0807 26.4479 11.0807 27.558 11.7643 28.2416C12.4479 28.9252 13.558 28.9252 14.2416 28.2416L20.0002 22.4775L25.7643 28.2361C26.4479 28.9197 27.558 28.9197 28.2416 28.2361C28.9252 27.5525 28.9252 26.4424 28.2416 25.7588L22.4775 20.0002L28.2361 14.2361Z\" fill=\"black\"\/>\r\n    <\/svg>\r\n\r\n    <div class=\"speaker-container\">\r\n                    <div class=\"speaker-img\">\r\n                <img src=\"https:\/\/bipeek-resources-onsite-prd.s3.amazonaws.com\/37348\/conversions\/Ver%C3%B3nica-Puertas-Mart%C3%ADn-perfil.jpg?v=1699604922\" onerror=\"this.src='https:\/\/congresofanpse.org\/2024\/wp-content\/plugins\/bipeek\/speaker-fallback.jpg';this.onerror='';\">\r\n                <div class=\"gradient\"><\/div>\r\n            <\/div>\r\n                <div class=\"speaker-info\">\r\n            <div class=\"speaker-name\">\r\n                Ver\u00f3nica Puertas Mart\u00edn            <\/div>\r\n            <div class=\"speaker-job body-1\">\r\n                                                                                        \u00c1rea Salud y Educaci\u00f3n, Universidad Internacional de la Rioja, Espa\u00f1a                                                    \u00c1rea Salud y Educaci\u00f3n, Universidad Internacional de la Rioja. Espa\u00f1a                            <\/div>\r\n                            <div class=\"spacer\"><\/div>\r\n                <div class=\"speaker-cv body-2\">\r\n                    <p>Licencia en Psicolog&iacute;a por la Universidad de Salamanca, m&aacute;ster en neuropsicolog&iacute;a cl&iacute;nica por la Universidad Aut&oacute;noma de Barcelona y doctora en psicolog&iacute;a (neurociencias) por la Universidad Complutense de Madrid. Ha trabajado m&aacute;s de 15 a&ntilde;os en el &aacute;mbito de las demencias y otras enfermedades neurodegenerativas, en centros como el Hospital 12 de octubre de Madrid o la Cl&iacute;nica de la luz de Madrid, entre otros. Actualmente, es Profesora en la Universidad Internacional de la Rioja, contin&uacute;a con la pr&aacute;ctica cl&iacute;nica a nivel privado. Acreditada como neuropsic&oacute;loga y c&oacute;mo psic&oacute;loga general sanitaria por el COP de Madrid. Ha colaborado en m&aacute;s de 15 estudios y ensayos cl&iacute;nicos en enfermedades neurodegenerativas. Tiene m&aacute;s de 30 art&iacute;culos, ORCID: https:\/\/orcid.org\/0000-0003-2373-4528 y publicaciones a congresos nacionales e internacionales.&nbsp;<\/p>                <\/div>\r\n                                <\/div>\r\n        <div class=\"speaker-talks\">\r\n                                                                                                                                                                                                                                                                                                                                                                                                                                                                                                                                                                                                                                                                                                                                                                                                                                                                                                                                                                                                                                                                                                                                                                                                                                                                                                                                                                                                                                                                                                                                                                                                                                                                            <div class=\"speaker-session hasSession\" session_id=\"6614\">\r\n                                                            <h5>Mesa 8. Detecci\u00f3n precoz y diagn\u00f3stico neuropsicol\u00f3gico de la Enfermedad de Alzheimer: desde la atenci\u00f3n primaria a los contextos especializados<\/h5>\r\n                                                        <div class=\"speaker-talk\">\r\n                                <div class=\"hour-date-room-container\">\r\n                                    <div class=\"body-2 medium\">9 mar<\/div>\r\n                                    <div class=\"body-2 medium\">Sala Machado<\/div>\r\n                                    <div class=\"body-2 medium\">12:00 - 13:15<\/div>\r\n                                                                    <\/div>\r\n                            <\/div>\r\n                                                            <h6>Interviene en:<\/h6>\r\n                                                                                                                                                                                                                                                                                                        <div class=\"speaker-talk\" style=\"margin-left: 1rem;\">\r\n                                                <div class=\"talk-title body-1\">\r\n                                                    Perfiles neuropsicol\u00f3gicos en la Enfermedad de Alzheimer: valor y futuro de las funciones ejecutivas                                                <\/div>\r\n                                            <\/div>\r\n                                                                                                                                                                                                                                                                                                                <\/div>\r\n                                                                                                                                                                        <\/div>\r\n    <\/div>\r\n<\/div><div class=\"speaker-side\" speaker_id=\"106082\">\r\n    <svg class=\"close\" width=\"40\" height=\"40\" viewBox=\"0 0 40 40\" fill=\"none\" xmlns=\"http:\/\/www.w3.org\/2000\/svg\">\r\n        <path d=\"M0 20C0 8.95431 8.95431 0 20 0C31.0457 0 40 8.95431 40 20C40 31.0457 31.0457 40 20 40C8.95431 40 0 31.0457 0 20Z\" fill=\"white\"\/>\r\n        <path d=\"M28.2361 14.2361C28.9197 13.5525 28.9197 12.4424 28.2361 11.7588C27.5525 11.0752 26.4424 11.0752 25.7588 11.7588L20.0002 17.5229L14.2361 11.7643C13.5525 11.0807 12.4424 11.0807 11.7588 11.7643C11.0752 12.4479 11.0752 13.558 11.7588 14.2416L17.5229 20.0002L11.7643 25.7643C11.0807 26.4479 11.0807 27.558 11.7643 28.2416C12.4479 28.9252 13.558 28.9252 14.2416 28.2416L20.0002 22.4775L25.7643 28.2361C26.4479 28.9197 27.558 28.9197 28.2416 28.2361C28.9252 27.5525 28.9252 26.4424 28.2416 25.7588L22.4775 20.0002L28.2361 14.2361Z\" fill=\"black\"\/>\r\n    <\/svg>\r\n\r\n    <div class=\"speaker-container\">\r\n                    <div class=\"speaker-img\">\r\n                <img src=\"https:\/\/bipeek-resources-onsite-prd.s3.amazonaws.com\/37350\/conversions\/Bernardino-Fern%C3%A1ndez-Calvo-perfil.jpg?v=1699605186\" onerror=\"this.src='https:\/\/congresofanpse.org\/2024\/wp-content\/plugins\/bipeek\/speaker-fallback.jpg';this.onerror='';\">\r\n                <div class=\"gradient\"><\/div>\r\n            <\/div>\r\n                <div class=\"speaker-info\">\r\n            <div class=\"speaker-name\">\r\n                Bernardino Fern\u00e1ndez Calvo            <\/div>\r\n            <div class=\"speaker-job body-1\">\r\n                                                                                        Departamento de Psicolog\u00eda, Facultad de Ciencias de la Educaci\u00f3n y Psicolog\u00eda. Universidad de C\u00f3rdoba, Espa\u00f1a                                                    Facultad de Ciencias de la Educaci\u00f3n y Psicolog\u00eda. Universidad de C\u00f3rdoba. Espa\u00f1a                            <\/div>\r\n                            <div class=\"spacer\"><\/div>\r\n                <div class=\"speaker-cv body-2\">\r\n                    <p>Licenciado en Psicolog&iacute;a y Doctor en Psicolog&iacute;a Cl&iacute;nica y de la Salud con especializaci&oacute;n en Neuropsicolog&iacute;a por la Universidad de Salamanca. Actualmente, ocupa el cargo de Profesor Titular y Coordinador del Servicio de Neuropsicolog&iacute;a del Envejecimiento en el Departamento de Psicolog&iacute;a de la Universidad Federal de Para&iacute;ba (UFPB), ubicada en Brasil. Adem&aacute;s, desempe&ntilde;a el rol de Investigador Distinguido Senior en el Departamento de Psicolog&iacute;a de la Universidad de C&oacute;rdoba. Cuenta con una destacada experiencia de m&aacute;s de 25 a&ntilde;os en el estudio y la evaluaci&oacute;n neuropsicol&oacute;gica de la enfermedad de Alzheimer, respaldada por una trayectoria profesional que incluye numerosas publicaciones cient&iacute;ficas en revistas nacionales e internacionales. Su experiencia abarca no solo la EA sino tambi&eacute;n otros trastornos neurocognitivos, consolidando as&iacute; su perfil como un experto en este campo de investigaci&oacute;n.<\/p>                <\/div>\r\n                                <\/div>\r\n        <div class=\"speaker-talks\">\r\n                                                                                                                                                                                                                                                                                                                                                                                                                                                                                                                                                                                                                                                                                                                                                                                                                                                                                                                                                                                                                                                                                                                                                                                                                                                                                                                                                                                                                                                                                                                                                                                                                                                                            <div class=\"speaker-session hasSession\" session_id=\"6614\">\r\n                                                            <h5>Mesa 8. Detecci\u00f3n precoz y diagn\u00f3stico neuropsicol\u00f3gico de la Enfermedad de Alzheimer: desde la atenci\u00f3n primaria a los contextos especializados<\/h5>\r\n                                                        <div class=\"speaker-talk\">\r\n                                <div class=\"hour-date-room-container\">\r\n                                    <div class=\"body-2 medium\">9 mar<\/div>\r\n                                    <div class=\"body-2 medium\">Sala Machado<\/div>\r\n                                    <div class=\"body-2 medium\">12:00 - 13:15<\/div>\r\n                                                                    <\/div>\r\n                            <\/div>\r\n                                                            <h6>Interviene en:<\/h6>\r\n                                                                                                                                                                                                                                                                                                                                                                                                                                                        <div class=\"speaker-talk\" style=\"margin-left: 1rem;\">\r\n                                                <div class=\"talk-title body-1\">\r\n                                                    Las habilidades visuoconstructivas en el diagn\u00f3stico precoz del deterioro cognitivo asociado a la Enfermedad de Alzheimer                                                <\/div>\r\n                                            <\/div>\r\n                                                                                                                                                                <\/div>\r\n                                                                                                                                                                        <\/div>\r\n    <\/div>\r\n<\/div><div class=\"speaker-side\" speaker_id=\"103597\">\r\n    <svg class=\"close\" width=\"40\" height=\"40\" viewBox=\"0 0 40 40\" fill=\"none\" xmlns=\"http:\/\/www.w3.org\/2000\/svg\">\r\n        <path d=\"M0 20C0 8.95431 8.95431 0 20 0C31.0457 0 40 8.95431 40 20C40 31.0457 31.0457 40 20 40C8.95431 40 0 31.0457 0 20Z\" fill=\"white\"\/>\r\n        <path d=\"M28.2361 14.2361C28.9197 13.5525 28.9197 12.4424 28.2361 11.7588C27.5525 11.0752 26.4424 11.0752 25.7588 11.7588L20.0002 17.5229L14.2361 11.7643C13.5525 11.0807 12.4424 11.0807 11.7588 11.7643C11.0752 12.4479 11.0752 13.558 11.7588 14.2416L17.5229 20.0002L11.7643 25.7643C11.0807 26.4479 11.0807 27.558 11.7643 28.2416C12.4479 28.9252 13.558 28.9252 14.2416 28.2416L20.0002 22.4775L25.7643 28.2361C26.4479 28.9197 27.558 28.9197 28.2416 28.2361C28.9252 27.5525 28.9252 26.4424 28.2416 25.7588L22.4775 20.0002L28.2361 14.2361Z\" fill=\"black\"\/>\r\n    <\/svg>\r\n\r\n    <div class=\"speaker-container\">\r\n                    <div class=\"speaker-img\">\r\n                <img src=\"https:\/\/bipeek-resources-onsite-prd.s3.amazonaws.com\/37343\/conversions\/Foto-Aritz-perfil.jpg?v=1699604034\" onerror=\"this.src='https:\/\/congresofanpse.org\/2024\/wp-content\/plugins\/bipeek\/speaker-fallback.jpg';this.onerror='';\">\r\n                <div class=\"gradient\"><\/div>\r\n            <\/div>\r\n                <div class=\"speaker-info\">\r\n            <div class=\"speaker-name\">\r\n                Aritz Aranbarri Paredes            <\/div>\r\n            <div class=\"speaker-job body-1\">\r\n                                                                                        Facultativo Neuropsic\u00f3logo Cl\u00ednico Infantil e Investigador Principal Adjunto a la UnimTEA, Hospital Sant Joan de D\u00e9u Barcelona.                                                    Hospital Sant Joan de D\u00e9u Barcelona - Unidad multidisciplinar del Trastorno del Espectro del Autismo (UnimTEA)                            <\/div>\r\n                            <div class=\"spacer\"><\/div>\r\n                <div class=\"speaker-cv body-2\">\r\n                    <p>Doctor y Licenciado en Psicolog&iacute;a, especializado en Neuropsicolog&iacute;a Cl&iacute;nica (acreditado por el consejo nacional de psicolog&iacute;a).<br \/>M&aacute;ster en neuropsicolog&iacute;a (2400h de rotaci&oacute;n hospitalaria) y m&aacute;ster en investigaci&oacute;n en psicolog&iacute;a. Doctorado en el &aacute;rea de la epidemiolog&iacute;a ambiental y el neurodesarrollo temprano a trav&eacute;s de la beca-predoctoral del Gobierno Vasco, con premio<br \/>extraordinario de tesis y co-autor&iacute;a en distintas publicaciones de &ldquo;peer review&rdquo; de alto impacto. Estancia postdoctoral becado<br \/>por la Fundaci&oacute;n de Autismo Mas Casadevall y La Caixa durante dos a&ntilde;os de estancia en EEUU, en el MIND Institute (Medical<br \/>Investigation of Neurodevelopmental Disorders) de la Universidad de California, Davis (UCD), con participaci&oacute;n en el programa postdoctoral ARTP (Autism Research Training Program) y en el programa cl&iacute;nico LEND (Leadership Education in<br \/>Neurodevelopmental Disorders). Estancia desarrollada dentro del proyecto de investigaci&oacute;n C-ESDM (caracterizaci&oacute;n de la<br \/>atenci&oacute;n temprana del TEA en EEUU y adaptaci&oacute;n comunitaria del Modelo Denver) en el laboratorio de las Dras. Aubyn Stahmer y Sally Rogers. Obtenci&oacute;n de la certificaci&oacute;n avanzada en la prueba del ADOS-2 (fiabilidad de investigaci&oacute;n) y el certificado como terapeuta del modelo de intervenci&oacute;n temprana ESDM (Modelo Denver).<br \/><br \/>Actualmente, psic&oacute;logo adjunto en el Hospital Sant Joan de D&eacute;u Barcelona, en la UnimTEA, del &Aacute;rea de Salud Mental Infantojuvenil, rol de Investigador Principal en distintas l&iacute;neas de investigaci&oacute;n del TEA (una de ellas financiada por el Fondo de Investigaci&oacute;n Sanitaria &ndash; FIS, del Ministerio de Sanidad de Espa&ntilde;a) y con asistencia cl&iacute;nica en la atenci&oacute;n temprana del TEA<br \/>mediada por los padres (P-ESDM). Docencia acad&eacute;mica en distintas universidades, en m&aacute;sters y postgrados de neuropsicolog&iacute;a, atenci&oacute;n temprana y autismo. Acreditado por Pearson Clinical como formador oficial de las Escalas BAYLEY (Ed-III) de evaluaci&oacute;n del neurodesarrollo temprano, formaci&oacute;n oficial a nivel nacional e internacional. Actualmente miembro del panel de expertos de la traducci&oacute;n y adaptaci&oacute;n del BAYLEY-4 de Pearson.<\/p>                <\/div>\r\n                                <\/div>\r\n        <div class=\"speaker-talks\">\r\n                                                                                                    <div class=\"speaker-session hasSession\" session_id=\"6617\">\r\n                                                            <h5>TALLER 1. C\u00f3mo utilizar el recurso online \u201cHelp is in Your Hands\u201d para trabajar con familias en la estimulaci\u00f3n temprana de ni\u00f1os\/as diagnosticados de TEA\/autismo<\/h5>\r\n                                                        <div class=\"speaker-talk\">\r\n                                <div class=\"hour-date-room-container\">\r\n                                    <div class=\"body-2 medium\">7 mar<\/div>\r\n                                    <div class=\"body-2 medium\">Sala Seminario 1<\/div>\r\n                                    <div class=\"body-2 medium\">16:00 - 19:00<\/div>\r\n                                                                    <\/div>\r\n                            <\/div>\r\n                                                            <h6>Interviene en:<\/h6>\r\n                                                                                                                                                        <div class=\"speaker-talk\" style=\"margin-left: 1rem;\">\r\n                                                <div class=\"talk-title body-1\">\r\n                                                    C\u00f3mo utilizar el recurso online \u201cHelp is in Your Hands\u201d para trabajar con familias en la estimulaci\u00f3n temprana de ni\u00f1os\/as diagnosticados de TEA\/autismo.                                                <\/div>\r\n                                            <\/div>\r\n                                                                                                                                                                <\/div>\r\n                                                                                                                                                                                                                                                                                                                                                                                                                                                                                                                                                                                                                                                                                                                                                                                                                                                                                                                                                                                                                                    <div class=\"speaker-session hasSession\" session_id=\"6615\">\r\n                                                            <h5>Mesa 6. Estudio de las alteraciones del sue\u00f1o en los trastornos del neurodesarrollo m\u00e1s prevalentes en edad infantojuvenil<\/h5>\r\n                                                        <div class=\"speaker-talk\">\r\n                                <div class=\"hour-date-room-container\">\r\n                                    <div class=\"body-2 medium\">8 mar<\/div>\r\n                                    <div class=\"body-2 medium\">Sala Machado<\/div>\r\n                                    <div class=\"body-2 medium\">18:15 - 19:30<\/div>\r\n                                                                    <\/div>\r\n                            <\/div>\r\n                                                            <h6>Interviene en:<\/h6>\r\n                                                                                                                                                                                                                                                                                                                                                                                                                                                        <div class=\"speaker-talk\" style=\"margin-left: 1rem;\">\r\n                                                <div class=\"talk-title body-1\">\r\n                                                    Marcadores de calidad del sue\u00f1o y su relaci\u00f3n con perfiles neuropsicol\u00f3gicos de ni\u00f1os\/as con TEA, TDAH y controles: Proyecto iCASE                                                <\/div>\r\n                                            <\/div>\r\n                                                                                                                                                                <\/div>\r\n                                                                                                                                                                                                                                                                                                                                                                                                                                                                                                                                                                                                                                                                                                                                                        <\/div>\r\n    <\/div>\r\n<\/div><div class=\"speaker-side\" speaker_id=\"109714\">\r\n    <svg class=\"close\" width=\"40\" height=\"40\" viewBox=\"0 0 40 40\" fill=\"none\" xmlns=\"http:\/\/www.w3.org\/2000\/svg\">\r\n        <path d=\"M0 20C0 8.95431 8.95431 0 20 0C31.0457 0 40 8.95431 40 20C40 31.0457 31.0457 40 20 40C8.95431 40 0 31.0457 0 20Z\" fill=\"white\"\/>\r\n        <path d=\"M28.2361 14.2361C28.9197 13.5525 28.9197 12.4424 28.2361 11.7588C27.5525 11.0752 26.4424 11.0752 25.7588 11.7588L20.0002 17.5229L14.2361 11.7643C13.5525 11.0807 12.4424 11.0807 11.7588 11.7643C11.0752 12.4479 11.0752 13.558 11.7588 14.2416L17.5229 20.0002L11.7643 25.7643C11.0807 26.4479 11.0807 27.558 11.7643 28.2416C12.4479 28.9252 13.558 28.9252 14.2416 28.2416L20.0002 22.4775L25.7643 28.2361C26.4479 28.9197 27.558 28.9197 28.2416 28.2361C28.9252 27.5525 28.9252 26.4424 28.2416 25.7588L22.4775 20.0002L28.2361 14.2361Z\" fill=\"black\"\/>\r\n    <\/svg>\r\n\r\n    <div class=\"speaker-container\">\r\n                    <div class=\"speaker-img\">\r\n                <img src=\"https:\/\/bipeek-resources-onsite-prd.s3.amazonaws.com\/37342\/conversions\/Foto-Gonzalo-Pin-perfil.jpg?v=1699603974\" onerror=\"this.src='https:\/\/congresofanpse.org\/2024\/wp-content\/plugins\/bipeek\/speaker-fallback.jpg';this.onerror='';\">\r\n                <div class=\"gradient\"><\/div>\r\n            <\/div>\r\n                <div class=\"speaker-info\">\r\n            <div class=\"speaker-name\">\r\n                Gonzalo Pin Arboledas            <\/div>\r\n            <div class=\"speaker-job body-1\">\r\n                                                                                        Experto en Medicina de los Trastornos del Sue\u00f1o y Coordinador del Grupo de Sue\u00f1o y Cronobiolog\u00eda de la Asociaci\u00f3n Espa\u00f1ola de Pediatr\u00eda. CLINEVA, Valencia, Espa\u00f1a                                                                                <\/div>\r\n                            <div class=\"spacer\"><\/div>\r\n                <div class=\"speaker-cv body-2\">\r\n                    <p>Pediatra-Puericultor<br \/>Ma\u0301ster en Terapia de Modificacio\u0301n de Conducta.UNED.&nbsp;<br \/>Especialista Universitario en Medicina de los Trastornos del Suen\u0303o. U Complutense.Madrid.<br \/>Pediatric Sleep Specialist. Stanford.USA.<br \/>Ex Jefe de la Unidad de Pediatri\u0301a Hospital Quironsalud Valencia.<br \/>Coordinador Unidad de Suen\u0303o. Clineva. Valencia.<br \/>Coordinador Grupo de Suen\u0303o y Cronobiologi\u0301a de la Asociacio\u0301n Espan\u0303ola de Pediatri\u0301a (AEP).&nbsp;<\/p>\r\n<p><strong>Ultimas publicaciones:<\/strong><\/p>\r\n<p>- Marie Gombert , Vanessa Martin-Carbonell , Gonzalo Pin-Arboledas, Joaqui\u0301n Carrasco- Luna , A\u0301lvaro Carrasco-Garci\u0301a, Pilar Codon\u0303er-Franch .Melatonin Levels in Children with Obesity Are Associated with Metabolic Risk and Inflammatory Parameters. Nutrients 2021, 13, 3629. https:\/\/doi.org\/10.3390\/nu13103629.<br \/>- Pin Arboledas,G. Adolescente con TEA y problemas relacionados con el suen\u0303o. ADOLESCERE &bull; Revista de Formacio\u0301n Continuada de la Sociedad Espan\u0303ola de Medicina de la Adolescencia &bull; Volumen IX &bull; Mayo-Junio 2021 &bull; No 2.<br \/>- Pin Arboledas,G. Insomnio infantil: Nuevos conceptos. Pediatr Integral 2021; XXV (1): 45.e1 &ndash; 45.e5 .<br \/>- Marie Gombert1, Joaqui\u0301n Carrasco-Luna,Gonzalo Pin-Arboledas, Pilar Codon\u0303er-Franch .Circadian Rhythm Variations and Nutrition in Children. J Child Sci 2018;8:e60&ndash;e66.<br \/>- Sonia Aparici-Gonzalo, Alvaro Carrasco-Garci\u0301a,Marie Gombert, Joaqui\u0301n Carrasco-Luna, Gonzalo Pin-Arboledas,Pilar Codon\u0303er-Franch.Melatonin Content of Human Milk: The Effect of Mode of Delivery. BREASTFEEDING MEDICINE Volume XX, Number XX, 2020. DOI: 10.1089\/bfm.2020.0157&nbsp;<\/p>\r\n<p>-M. Gombert, V. Martin-Carbonell, A. Carrasco-Garcia, G. Pin-Arboledas, J. Carrasco- Luna1, P. Codon\u0303er-Franch. Modified Melatonin Profile, Shorter Sleeping Time And Poorer Sleep Quality In Children With Obesity. &middot; December 2020 DOI: 10.13140\/RG.2.2.26186.39362 European Sleep Research Society.&nbsp;<\/p>\r\n<p>- El Sue&ntilde;o es vida. Editorial. Planeta.2023.<\/p>                <\/div>\r\n                                <\/div>\r\n        <div class=\"speaker-talks\">\r\n                                                                                                                                                                                                                                                                                                                                                                                                                                                                                                                                                                                                                                                                                                                                                                                                                                                                                                                                                                                                                                                                                            <div class=\"speaker-session hasSession\" session_id=\"6615\">\r\n                                                            <h5>Mesa 6. Estudio de las alteraciones del sue\u00f1o en los trastornos del neurodesarrollo m\u00e1s prevalentes en edad infantojuvenil<\/h5>\r\n                                                        <div class=\"speaker-talk\">\r\n                                <div class=\"hour-date-room-container\">\r\n                                    <div class=\"body-2 medium\">8 mar<\/div>\r\n                                    <div class=\"body-2 medium\">Sala Machado<\/div>\r\n                                    <div class=\"body-2 medium\">18:15 - 19:30<\/div>\r\n                                                                    <\/div>\r\n                            <\/div>\r\n                                                            <h6>Interviene en:<\/h6>\r\n                                                                                                                                                        <div class=\"speaker-talk\" style=\"margin-left: 1rem;\">\r\n                                                <div class=\"talk-title body-1\">\r\n                                                    Alteraci\u00f3n del neurodesarrollo y sue\u00f1o: \u00bfUn mismo proceso? o \u00bfComorbilidad?                                                <\/div>\r\n                                            <\/div>\r\n                                                                                                                                                                                                                                                                                                                                                                                                                                                                <\/div>\r\n                                                                                                                                                                                                                                                                                                                                                                                                                                                                                                                                                                                                                                                                                                                                                        <\/div>\r\n    <\/div>\r\n<\/div><div class=\"speaker-side\" speaker_id=\"109716\">\r\n    <svg class=\"close\" width=\"40\" height=\"40\" viewBox=\"0 0 40 40\" fill=\"none\" xmlns=\"http:\/\/www.w3.org\/2000\/svg\">\r\n        <path d=\"M0 20C0 8.95431 8.95431 0 20 0C31.0457 0 40 8.95431 40 20C40 31.0457 31.0457 40 20 40C8.95431 40 0 31.0457 0 20Z\" fill=\"white\"\/>\r\n        <path d=\"M28.2361 14.2361C28.9197 13.5525 28.9197 12.4424 28.2361 11.7588C27.5525 11.0752 26.4424 11.0752 25.7588 11.7588L20.0002 17.5229L14.2361 11.7643C13.5525 11.0807 12.4424 11.0807 11.7588 11.7643C11.0752 12.4479 11.0752 13.558 11.7588 14.2416L17.5229 20.0002L11.7643 25.7643C11.0807 26.4479 11.0807 27.558 11.7643 28.2416C12.4479 28.9252 13.558 28.9252 14.2416 28.2416L20.0002 22.4775L25.7643 28.2361C26.4479 28.9197 27.558 28.9197 28.2416 28.2361C28.9252 27.5525 28.9252 26.4424 28.2416 25.7588L22.4775 20.0002L28.2361 14.2361Z\" fill=\"black\"\/>\r\n    <\/svg>\r\n\r\n    <div class=\"speaker-container\">\r\n                    <div class=\"speaker-img\">\r\n                <img src=\"https:\/\/bipeek-resources-onsite-prd.s3.amazonaws.com\/37344\/conversions\/foto-Beatriz-Rodr%C3%ADguez-perfil.jpg?v=1699604120\" onerror=\"this.src='https:\/\/congresofanpse.org\/2024\/wp-content\/plugins\/bipeek\/speaker-fallback.jpg';this.onerror='';\">\r\n                <div class=\"gradient\"><\/div>\r\n            <\/div>\r\n                <div class=\"speaker-info\">\r\n            <div class=\"speaker-name\">\r\n                Beatriz Rodr\u00edguez Morilla            <\/div>\r\n            <div class=\"speaker-job body-1\">\r\n                                                                                        Doctora en psicolog\u00eda en el \u00e1rea de ritmos circadianos y sue\u00f1o. Konohealth SL, Murcia, Espa\u00f1a                                                                                <\/div>\r\n                            <div class=\"spacer\"><\/div>\r\n                <div class=\"speaker-cv body-2\">\r\n                    <p>Beatriz Rodr&iacute;guez Morilla, Licenciada en Psicolog&iacute;a (Universidad de Murcia), m&aacute;ster en Neurociencia Cognitiva y del Comportamiento (Universidad de Granada) y Doctora en Psicolog&iacute;a (Universidad de Granada). Realic&eacute; mi tesis doctoral sobre ritmos circadianos y su relaci&oacute;n con la salud y las alteraciones de sue&ntilde;o, bajo la codirecci&oacute;n del Dr. &Aacute;ngel Correa, catedr&aacute;tico de la UGR, y el Dr. Juan Antonio Madrid, catedr&aacute;tico de la UM y director del Laboratorio de Cronobiolog&iacute;a de dicha universidad. En 2015 curs&eacute; una estancia predoctoral de investigaci&oacute;n en el Laboratorio de Cronobiolog&iacute;a de la Universidad de Groninga (Pa&iacute;ses Bajos). En el &aacute;mbito cl&iacute;nico del sue&ntilde;o, he realizado estancias de formaci&oacute;n en cl&iacute;nicas y unidades multidisciplinares de sue&ntilde;o como la Cl&iacute;nica del Sue&ntilde;o Estivill (2012) y la Unidad Multidisciplinar de Sue&ntilde;o del Hospital Universitario Fundaci&oacute;n Jim&eacute;nez-D&iacute;az (2019), esta &uacute;ltima becada por la Sociedad Espa&ntilde;ola de Sue&ntilde;o. Desde 2012, primero en el seno del Laboratorio de Cronobiolog&iacute;a de la UM y desde 2017 trabajando para Kronohealth S.L. (Murcia), empresa de transferencia tecnol&oacute;gica surgida de la UM, me dedico al estudio de los ritmos circadianos y al asesoramiento en salud circadiana, con especialidad en el &aacute;mbito cl&iacute;nico del sue&ntilde;o, proporcionando este servicio tanto a investigadores como a especialistas cl&iacute;nicos y a particulares. En este &aacute;mbito cuento con m&uacute;ltiples aportaciones a congresos y publicaciones o colaboraciones en diversos formatos, desde art&iacute;culos cient&iacute;ficos a material docente, cap&iacute;tulos de libro o monograf&iacute;as. Soy miembro de la Sociedad Espa&ntilde;ola de Sue&ntilde;o, de la European Sleep Research Society y de la World Association of Sleep Medicine.<\/p>                <\/div>\r\n                                <\/div>\r\n        <div class=\"speaker-talks\">\r\n                                                                                                                                                                                                                                                                                                                                                                                                                                                                                                                                                                                                                                                                                                                                                                                                                                                                                                                                                                                                                                                                                            <div class=\"speaker-session hasSession\" session_id=\"6615\">\r\n                                                            <h5>Mesa 6. Estudio de las alteraciones del sue\u00f1o en los trastornos del neurodesarrollo m\u00e1s prevalentes en edad infantojuvenil<\/h5>\r\n                                                        <div class=\"speaker-talk\">\r\n                                <div class=\"hour-date-room-container\">\r\n                                    <div class=\"body-2 medium\">8 mar<\/div>\r\n                                    <div class=\"body-2 medium\">Sala Machado<\/div>\r\n                                    <div class=\"body-2 medium\">18:15 - 19:30<\/div>\r\n                                                                    <\/div>\r\n                            <\/div>\r\n                                                            <h6>Interviene en:<\/h6>\r\n                                                                                                                                                                                                                                                                                                        <div class=\"speaker-talk\" style=\"margin-left: 1rem;\">\r\n                                                <div class=\"talk-title body-1\">\r\n                                                    Herramientas no invasivas para la evaluaci\u00f3n del sue\u00f1o                                                <\/div>\r\n                                            <\/div>\r\n                                                                                                                                                                                                                                                                                                                <\/div>\r\n                                                                                                                                                                                                                                                                                                                                                                                                                                                                                                                                                                                                                                                                                                                                                        <\/div>\r\n    <\/div>\r\n<\/div><div class=\"speaker-side\" speaker_id=\"106077\">\r\n    <svg class=\"close\" width=\"40\" height=\"40\" viewBox=\"0 0 40 40\" fill=\"none\" xmlns=\"http:\/\/www.w3.org\/2000\/svg\">\r\n        <path d=\"M0 20C0 8.95431 8.95431 0 20 0C31.0457 0 40 8.95431 40 20C40 31.0457 31.0457 40 20 40C8.95431 40 0 31.0457 0 20Z\" fill=\"white\"\/>\r\n        <path d=\"M28.2361 14.2361C28.9197 13.5525 28.9197 12.4424 28.2361 11.7588C27.5525 11.0752 26.4424 11.0752 25.7588 11.7588L20.0002 17.5229L14.2361 11.7643C13.5525 11.0807 12.4424 11.0807 11.7588 11.7643C11.0752 12.4479 11.0752 13.558 11.7588 14.2416L17.5229 20.0002L11.7643 25.7643C11.0807 26.4479 11.0807 27.558 11.7643 28.2416C12.4479 28.9252 13.558 28.9252 14.2416 28.2416L20.0002 22.4775L25.7643 28.2361C26.4479 28.9197 27.558 28.9197 28.2416 28.2361C28.9252 27.5525 28.9252 26.4424 28.2416 25.7588L22.4775 20.0002L28.2361 14.2361Z\" fill=\"black\"\/>\r\n    <\/svg>\r\n\r\n    <div class=\"speaker-container\">\r\n                    <div class=\"speaker-img\">\r\n                <img src=\"https:\/\/bipeek-resources-onsite-prd.s3.amazonaws.com\/37337\/conversions\/Barbara-Segura-perfil.jpg?v=1699603300\" onerror=\"this.src='https:\/\/congresofanpse.org\/2024\/wp-content\/plugins\/bipeek\/speaker-fallback.jpg';this.onerror='';\">\r\n                <div class=\"gradient\"><\/div>\r\n            <\/div>\r\n                <div class=\"speaker-info\">\r\n            <div class=\"speaker-name\">\r\n                B\u00e0rbara Segura F\u00e0bregas            <\/div>\r\n            <div class=\"speaker-job body-1\">\r\n                                                                                        Medical Psychology Unit, Department of Medicine, Institute of Neurosciences, University of Barcelona. Espa\u00f1a                                                    Medical Psychology Unit, Department of Medicine, Institute of Neurosciences, University of Barcelona. Espa\u00f1a                            <\/div>\r\n                            <div class=\"spacer\"><\/div>\r\n                <div class=\"speaker-cv body-2\">\r\n                    <p>Investigadora y neuropsic&oacute;loga, profesora agregada del Departamento de Medicina, Facultad de Medicina y Ciencias de la Salud, de la Universidad de Barcelona (UB). Actualmente, forma parte del grupo de investigaci&oacute;n de excelencia en Neuropsicologia, reconocido por la Generalitat de Catalunya (2017SGR748); es investigadora R3A-UB del grupo de Neuropsicologia del Institut d&rsquo;Investigacions Biom&egrave;diques August Pi i Sunyer (IDIBAPS), as&iacute; como miembro del grupo de investigaci&oacute;n Neuropsicologia-Neuroimagen en Trastornos Degenerativos del Instituto de neuroci&egrave;ncias de la UB (Cjneurolab), investigadora principal de la l&iacute;nea de investigaci&oacute;n Functional connectivity and cognition in neurological and psychiatric disorders del Instituto de Neurociencias de la UB. Adem&aacute;s, es investigadora colaboradora del grupo CB06\/05\/0018 de la red CIBERNED. Ha centrado su investigaci&oacute;n en el estudio de los mecanismos responsables del d&eacute;ficit cognitivo en distintas patolog&iacute;as mediante el uso de t&eacute;cnicas de resonancia magn&eacute;tica multimodal. Su investigaci&oacute;n contribuye en el desarrollo de biomarcadores de imagen y cognitivos cl&iacute;nicamente &uacute;tiles. Sus trabajos se han desarrollado en tres &aacute;reas principales de estudio: (1) envejecimiento y factores de riesgo asociados al envejecimiento patol&oacute;gico, (2) enfermedades neurodegenerativas; (3) trastornos psiqui&aacute;tricos. En 2020 inici&oacute; sus estudios en relaci&oacute;n a la afectaci&oacute;n neurol&oacute;gica, cognitiva y emocional del COVID-19 y sus repercusiones a largo plazo. Ha participado en 15 proyectos de investigaci&oacute;n nacionales, 2 proyectos europeos y 2 consorcios internacionales. Actualmente es investigadora principal de cuatro proyectos nacionales vigentes, dos de ellos en el &aacute;mbito de estudio de la condici&oacute;n post-COVID-19. Ha publicado 83 art&iacute;culos cient&iacute;ficos (67.5% en Q1 seg&uacute;n JCR) y su h index es 36.&nbsp;<\/p>                <\/div>\r\n                                <\/div>\r\n        <div class=\"speaker-talks\">\r\n                                                                                                                                                                                                                                                                                                                                                                                                                                                                                                                                                                    <div class=\"speaker-session hasSession\" session_id=\"6612\">\r\n                                                            <h5>Mesa 4. Nuevas actualizaciones en los efectos neuropsicol\u00f3gicos de la COVID-19: aportaciones desde el proyecto NAUTILUS<\/h5>\r\n                                                        <div class=\"speaker-talk\">\r\n                                <div class=\"hour-date-room-container\">\r\n                                    <div class=\"body-2 medium\">8 mar<\/div>\r\n                                    <div class=\"body-2 medium\">Sala Machado<\/div>\r\n                                    <div class=\"body-2 medium\">12:30 - 13:45<\/div>\r\n                                                                    <\/div>\r\n                            <\/div>\r\n                                                            <h6>Interviene en:<\/h6>\r\n                                                                                                                                                        <div class=\"speaker-talk\" style=\"margin-left: 1rem;\">\r\n                                                <div class=\"talk-title body-1\">\r\n                                                    Cambios cerebrales asociados a la condici\u00f3n post-COVID, estudios de neuroimagen por resonancia magn\u00e9tica cerebral estructural y funcional                                                <\/div>\r\n                                            <\/div>\r\n                                                                                                                                                                                                                                                                                                                                                                                                                                                                <\/div>\r\n                                                                                                                                                                                                                                                                                                                                                                                                                                                                                                                                                                                                                                                                                                                                                                                                                                                                                                                                                                                                                                                                                                                                                                                                                                                                                <\/div>\r\n    <\/div>\r\n<\/div><div class=\"speaker-side\" speaker_id=\"101160\">\r\n    <svg class=\"close\" width=\"40\" height=\"40\" viewBox=\"0 0 40 40\" fill=\"none\" xmlns=\"http:\/\/www.w3.org\/2000\/svg\">\r\n        <path d=\"M0 20C0 8.95431 8.95431 0 20 0C31.0457 0 40 8.95431 40 20C40 31.0457 31.0457 40 20 40C8.95431 40 0 31.0457 0 20Z\" fill=\"white\"\/>\r\n        <path d=\"M28.2361 14.2361C28.9197 13.5525 28.9197 12.4424 28.2361 11.7588C27.5525 11.0752 26.4424 11.0752 25.7588 11.7588L20.0002 17.5229L14.2361 11.7643C13.5525 11.0807 12.4424 11.0807 11.7588 11.7643C11.0752 12.4479 11.0752 13.558 11.7588 14.2416L17.5229 20.0002L11.7643 25.7643C11.0807 26.4479 11.0807 27.558 11.7643 28.2416C12.4479 28.9252 13.558 28.9252 14.2416 28.2416L20.0002 22.4775L25.7643 28.2361C26.4479 28.9197 27.558 28.9197 28.2416 28.2361C28.9252 27.5525 28.9252 26.4424 28.2416 25.7588L22.4775 20.0002L28.2361 14.2361Z\" fill=\"black\"\/>\r\n    <\/svg>\r\n\r\n    <div class=\"speaker-container\">\r\n                    <div class=\"speaker-img\">\r\n                <img src=\"https:\/\/bipeek-resources-onsite-prd.s3.amazonaws.com\/37341\/conversions\/ANNA-CARNES-perfil.jpg?v=1699603705\" onerror=\"this.src='https:\/\/congresofanpse.org\/2024\/wp-content\/plugins\/bipeek\/speaker-fallback.jpg';this.onerror='';\">\r\n                <div class=\"gradient\"><\/div>\r\n            <\/div>\r\n                <div class=\"speaker-info\">\r\n            <div class=\"speaker-name\">\r\n                Anna Carnes Vendrell            <\/div>\r\n            <div class=\"speaker-job body-1\">\r\n                                                                                        Psic\u00f3loga Cl\u00ednica y Neuropsic\u00f3loga. Unidad de Trastornos Cognitivos del Hospital Universitario Santa Maria. Investigadora del grupo de Estudio de la Cognici\u00f3n y la Conducta del IRBLleida. Lleida, Espa\u00f1a                                                    Hospital Universitario Santa Maria (Lleida)                            <\/div>\r\n                            <div class=\"spacer\"><\/div>\r\n                <div class=\"speaker-cv body-2\">\r\n                    <p>Dra. Anna Carnes Vendrell es psic&oacute;loga especialista en psicolog&iacute;a cl&iacute;nica y experta en neuropsicolog&iacute;a. Actualmente trabaja en la Unidad de Trastornos Cognitivos del Hospital Universitario Santa Maria de Lleida desde 2017. Paralelamente, desde el mismo a&ntilde;o es profesora colaboradora de la Universidad Abierta de Catalu&ntilde;a (UOC) y profesora asociada de la Universidad de Lleida (UdL). Imparte clases en las asignaturas de Neuropsicolog&iacute;a Psiqui&aacute;trica, Neuropsicolog&iacute;a de la Vejez, Evaluaci&oacute;n, diagn&oacute;stico e intervenci&oacute;n psicol&oacute;gica en la vejez, y Trastornos Neurol&oacute;gicos I. Tambi&eacute;n realiza direcci&oacute;n de Trabajos Final de M&aacute;ster en la UdL y la UOC, hasta ahora cuenta con m&aacute;s de 60 trabajos dirigidos. Dentro del &aacute;mbito de la docencia tambi&eacute;n participa en el programa de Formaci&oacute;n Sanitaria Especializada de psic&oacute;logos internos residentes de la Unidad Trastornos Cognitivos, as&iacute; como tutora de pr&aacute;cticas de estudiantes del grado de Psicolog&iacute;a, y de varios m&aacute;steres de neuropsicolog&iacute;a de diferentes universidades.<br \/><br \/>A nivel de investigaci&oacute;n, es miembro del grupo de investigaci&oacute;n de Estudio de la Cognici&oacute;n y Conducta del IRBLleida, reconocido como grupo consolidado por la AGAUR. Participa en varios ensayos cl&iacute;nicos de f&aacute;rmacos anti-Alzheimer en fase 2 y 3 como principal evaluadora de las pruebas neuropsicol&oacute;gicas. Adem&aacute;s, participa en varios proyectos de investigaci&oacute;n, algunos como investigadora principal. Las principales l&iacute;neas de investigaci&oacute;n se centran en las secuelas neuropsicol&oacute;gicas de la COVID-19, as&iacute; como la relaci&oacute;n entre el sue&ntilde;o y la cognici&oacute;n. Toda esta actividad y colaboraciones en m&uacute;ltiples proyectos de investigaci&oacute;n se han plasmado en la publicaci&oacute;n de 18 art&iacute;culos indexados (14Q1, 1Q2 y 3Q3, en 5 de ellos como primera autora). Los resultados de la investigaci&oacute;n realizada hasta el momento tambi&eacute;n se han plasmado en m&uacute;ltiples participaciones en congresos nacionales e internacionales presentando tanto comunicaciones orales como p&oacute;ster, obteniendo 3 premios a la mejor comunicaci&oacute;n oral presentada (2016, 2020 y 2022).&nbsp;<\/p>                <\/div>\r\n                                <\/div>\r\n        <div class=\"speaker-talks\">\r\n                                                                                                                                                                                                                                                                                                                                                                                                                                                                                                                                                                    <div class=\"speaker-session hasSession\" session_id=\"6612\">\r\n                                                            <h5>Mesa 4. Nuevas actualizaciones en los efectos neuropsicol\u00f3gicos de la COVID-19: aportaciones desde el proyecto NAUTILUS<\/h5>\r\n                                                        <div class=\"speaker-talk\">\r\n                                <div class=\"hour-date-room-container\">\r\n                                    <div class=\"body-2 medium\">8 mar<\/div>\r\n                                    <div class=\"body-2 medium\">Sala Machado<\/div>\r\n                                    <div class=\"body-2 medium\">12:30 - 13:45<\/div>\r\n                                                                    <\/div>\r\n                            <\/div>\r\n                                                            <h6>Interviene en:<\/h6>\r\n                                                                                                                                                                                                                                                                                                        <div class=\"speaker-talk\" style=\"margin-left: 1rem;\">\r\n                                                <div class=\"talk-title body-1\">\r\n                                                    Calidad del sue\u00f1o y cognici\u00f3n en individuos con condici\u00f3n post-COVID-19                                                <\/div>\r\n                                            <\/div>\r\n                                                                                                                                                                                                                                                                                                                <\/div>\r\n                                                                                                                                                                                                                                                                                                                                                                                                                                                                                                                                                                                                                                                                                                                                                                                                                                                                                                                                                                                                                                                                                                                                                                                                                                                                                <\/div>\r\n    <\/div>\r\n<\/div><div class=\"speaker-side\" speaker_id=\"106078\">\r\n    <svg class=\"close\" width=\"40\" height=\"40\" viewBox=\"0 0 40 40\" fill=\"none\" xmlns=\"http:\/\/www.w3.org\/2000\/svg\">\r\n        <path d=\"M0 20C0 8.95431 8.95431 0 20 0C31.0457 0 40 8.95431 40 20C40 31.0457 31.0457 40 20 40C8.95431 40 0 31.0457 0 20Z\" fill=\"white\"\/>\r\n        <path d=\"M28.2361 14.2361C28.9197 13.5525 28.9197 12.4424 28.2361 11.7588C27.5525 11.0752 26.4424 11.0752 25.7588 11.7588L20.0002 17.5229L14.2361 11.7643C13.5525 11.0807 12.4424 11.0807 11.7588 11.7643C11.0752 12.4479 11.0752 13.558 11.7588 14.2416L17.5229 20.0002L11.7643 25.7643C11.0807 26.4479 11.0807 27.558 11.7643 28.2416C12.4479 28.9252 13.558 28.9252 14.2416 28.2416L20.0002 22.4775L25.7643 28.2361C26.4479 28.9197 27.558 28.9197 28.2416 28.2361C28.9252 27.5525 28.9252 26.4424 28.2416 25.7588L22.4775 20.0002L28.2361 14.2361Z\" fill=\"black\"\/>\r\n    <\/svg>\r\n\r\n    <div class=\"speaker-container\">\r\n                    <div class=\"speaker-img\">\r\n                <img src=\"https:\/\/bipeek-resources-onsite-prd.s3.amazonaws.com\/37339\/conversions\/Maite-Garolera-perfil.jpg?v=1699603676\" onerror=\"this.src='https:\/\/congresofanpse.org\/2024\/wp-content\/plugins\/bipeek\/speaker-fallback.jpg';this.onerror='';\">\r\n                <div class=\"gradient\"><\/div>\r\n            <\/div>\r\n                <div class=\"speaker-info\">\r\n            <div class=\"speaker-name\">\r\n                Maite Garolera Freixa            <\/div>\r\n            <div class=\"speaker-job body-1\">\r\n                                                                                        Unidad de Neuropsicologia, Hospital de Terrassa, Consorci Sanitari de Terrassa. Grupo de Recerca Cerebro, Cognici\u00f3n y Conducta del Consorci Sanitari de Terrassa (C3-CST, Espa\u00f1a                                                    Unidad de Neuropsicologia, Hospital de Terrassa, Consorci Sanitari de Terrassa. Espa\u00f1a                            <\/div>\r\n                            <div class=\"spacer\"><\/div>\r\n                <div class=\"speaker-cv body-2\">\r\n                    <p>La Dra. Maite Garolera es la responsable de la Unidad de Neuropsicolog&iacute;a del Consorci Sanitari de Terrassa (CST), directora del Grupo de Investigaci&oacute;n en Cerebro, Cognici&oacute;n y Conducta (C3- CST) y profesora asociada de la Facultad de Medicina y Ciencias de la Salud de la Universitat Internacional de Catalunya (UIC). Pertenece al grupo de investigaci&oacute;n consolidado de Neuropsicologia, reconocido por la Generalitat de Catalunya (2017SGR748). Es presidenta de la Societat Catalana de Neuropsicologia y miembro del comit&eacute; asesor de salud mental y adicciones del Departament de Salut de la Generalitat de Catalunya. Se ha especializado en el estudio de las funciones cognitivas en diferentes entidades cl&iacute;nicas y en la evaluaci&oacute;n de los beneficios de las intervenciones psicol&oacute;gicas mediante ensayos cl&iacute;nicos. Centrando su investigaci&oacute;n en: a) evaluaci&oacute;n y rehabilitaci&oacute;n cognitiva en envejecimiento, neurodegeneraci&oacute;n y salud mental; b) cognici&oacute;n, biomarcadores y neuroimagen en enfermedades metab&oacute;licas e infecciosas; c) tecnolog&iacute;a y comportamiento. Actualmente coordina los proyectos Nautilus y RehabCOVID, ambos en el &aacute;mbito de la post-COVID. En los &uacute;ltimos 7 a&ntilde;os ha recibido financiaci&oacute;n (80% como IP o como l&iacute;der de CST en proyectos multic&eacute;ntricos) de fondos europeos como el Programa Horizonte 2020 Salud (H2020-643399), fondos FEDER-UE (GO3-003521) y EIT Salud Uni&oacute;n Europea (PGA 19342) y nacionales como La Marat&oacute; TV3 (20141510; 202111-30-31-32), Ministerio de Ciencia e Innovaci&oacute;n (PSI2013-48045-C2-2; PSI2017-86536-C2-2), ACCI&Oacute; (ACE012\/12\/20\/00000), AGAUR (2020PANDE00053) y Fondos NextGeneration (TED2021-130409B-C51; DDS008\/22\/000379). Ha publicado 82 art&iacute;culos indexados en revistas de alto impacto, y ha participado en la elaboraci&oacute;n de 10 cap&iacute;tulos de libros y 9 gu&iacute;as de pr&aacute;ctica cl&iacute;nica. &Iacute;ndice H: 22. Adem&aacute;s, ha dirigido 11 Tesis Doctorales (3 con Menci&oacute;n Europea).&nbsp;<\/p>                <\/div>\r\n                                <\/div>\r\n        <div class=\"speaker-talks\">\r\n                                                                                                                                                                                                                                                                                                                                                                                                                                                                                                                                                                    <div class=\"speaker-session hasSession\" session_id=\"6612\">\r\n                                                            <h5>Mesa 4. Nuevas actualizaciones en los efectos neuropsicol\u00f3gicos de la COVID-19: aportaciones desde el proyecto NAUTILUS<\/h5>\r\n                                                        <div class=\"speaker-talk\">\r\n                                <div class=\"hour-date-room-container\">\r\n                                    <div class=\"body-2 medium\">8 mar<\/div>\r\n                                    <div class=\"body-2 medium\">Sala Machado<\/div>\r\n                                    <div class=\"body-2 medium\">12:30 - 13:45<\/div>\r\n                                                                    <\/div>\r\n                            <\/div>\r\n                                                            <h6>Interviene en:<\/h6>\r\n                                                                                                                                                                                                                                                                                                                                                                                                                                                        <div class=\"speaker-talk\" style=\"margin-left: 1rem;\">\r\n                                                <div class=\"talk-title body-1\">\r\n                                                    Alteraciones neuropsicol\u00f3gicas asociadas a la condici\u00f3n post-COVID y entrenamiento cognitivo con realidad virtual inmersiva: resultados del estudio RehabCOVID                                                <\/div>\r\n                                            <\/div>\r\n                                                                                                                                                                <\/div>\r\n                                                                                                                                                                                                                                                                                                                                                                                                                                                                                                                                                                                                                                                                                                                                                                                                                                                                                                                                                                                                                                                                                                                                                                                                                                                                                <\/div>\r\n    <\/div>\r\n<\/div><div class=\"speaker-side\" speaker_id=\"115360\">\r\n    <svg class=\"close\" width=\"40\" height=\"40\" viewBox=\"0 0 40 40\" fill=\"none\" xmlns=\"http:\/\/www.w3.org\/2000\/svg\">\r\n        <path d=\"M0 20C0 8.95431 8.95431 0 20 0C31.0457 0 40 8.95431 40 20C40 31.0457 31.0457 40 20 40C8.95431 40 0 31.0457 0 20Z\" fill=\"white\"\/>\r\n        <path d=\"M28.2361 14.2361C28.9197 13.5525 28.9197 12.4424 28.2361 11.7588C27.5525 11.0752 26.4424 11.0752 25.7588 11.7588L20.0002 17.5229L14.2361 11.7643C13.5525 11.0807 12.4424 11.0807 11.7588 11.7643C11.0752 12.4479 11.0752 13.558 11.7588 14.2416L17.5229 20.0002L11.7643 25.7643C11.0807 26.4479 11.0807 27.558 11.7643 28.2416C12.4479 28.9252 13.558 28.9252 14.2416 28.2416L20.0002 22.4775L25.7643 28.2361C26.4479 28.9197 27.558 28.9197 28.2416 28.2361C28.9252 27.5525 28.9252 26.4424 28.2416 25.7588L22.4775 20.0002L28.2361 14.2361Z\" fill=\"black\"\/>\r\n    <\/svg>\r\n\r\n    <div class=\"speaker-container\">\r\n                    <div class=\"speaker-img\">\r\n                <img src=\"https:\/\/bipeek-resources-onsite-prd.s3.amazonaws.com\/39267\/conversions\/Jes%C3%BAs-Cort%C3%A9s-perfil.jpg?v=1706532356\" onerror=\"this.src='https:\/\/congresofanpse.org\/2024\/wp-content\/plugins\/bipeek\/speaker-fallback.jpg';this.onerror='';\">\r\n                <div class=\"gradient\"><\/div>\r\n            <\/div>\r\n                <div class=\"speaker-info\">\r\n            <div class=\"speaker-name\">\r\n                Jes\u00fas Cort\u00e9s            <\/div>\r\n            <div class=\"speaker-job body-1\">\r\n                                                                                        Profesor Catedr\u00e1tico en Ikerbasque. Responsable del Laboratorio de Neuroimagen Computacional en el Instituto de Investigaci\u00f3n Sanitaria BioBizkaia. Bilbao, Espa\u00f1a                                                                                <\/div>\r\n                            <div class=\"spacer\"><\/div>\r\n                <div class=\"speaker-cv body-2\">\r\n                    <p style=\"text-align: justify;\">El Dr. Jes&uacute;s M. Cort&eacute;s es Profesor Catedr&aacute;tico en Ikerbasque. Fundador y responsable del Laboratorio de Neuroimagen Computacional en el Instituto de Investigaci&oacute;n Sanitaria BioBizkaia, destaca por su labor interdisciplinar en el campo de las neurociencias, combinando conectividad cerebral, neuroimagen, y t&eacute;cnicas avanzadas de machine learning e Inteligencia Artificial. Bajo su liderazgo, el laboratorio ha sido reconocido por su excelencia investigadora, reflejada en la obtenci&oacute;n de la menci&oacute;n de Consolidado de Excelencia por el Instituto de Salud Carlos III y su posterior renovaci&oacute;n. Desde la creaci&oacute;n del laboratorio en 2012, ha conseguido financiaci&oacute;n que excede los 8,76 millones de EUR y ha liderado 14 de los 35 proyectos de investigaci&oacute;n competitivos en los que ha participado. Ha publicado 118 arbculos cienbficos, de los cuales 91 de ellos se han pubilcado en el primer cuartil del Journal Citation Reports (JCR Q1). El Profesor Cort&eacute;s ha supervisado a m&aacute;s de 30 estudiantes de posgrado y ha imparEdo 102 conferencias internacionales. Su compromiso con la excelencia y el desarrollo profesional se extiende de forma internacional, con estancias docentes en 24 universidades de seis pa&iacute;ses diferentes. Reconocido por su excelencia acad&eacute;mica y su enfoque interdisciplinario, el Profesor Cort&eacute;s ha sido galardonado con distinciones como el Premio Extraordinario de Doctorado y ha sido nombrado Fulbright Fellow, EPSRC Fellow, InvesEgador Ram&oacute;n y Cajal, y ha desempe&ntilde;ado un papel crucial como evaluador en paneles de financiaci&oacute;n cient&iacute;fica a nivel nacional e internacional. Su reciente incorporaci&oacute;n como responsable de investigaci&oacute;n y desarrollo en la plataforma de estimulaci&oacute;n cognitiva NeuronUP ha permitido el desarrollo de modelos anal&iacute;ticos pioneros, con miras a personalizar y optimizar las intervenciones neurocognitivas.&nbsp;<\/p>                <\/div>\r\n                                <\/div>\r\n        <div class=\"speaker-talks\">\r\n                                                                                                                                                                                                                                                                                                                                                                                                                                                                                                                                                                                                                                                                                                                                                                                                                                                                                                                                                                                                                                                                                                                                                                                                                                                                                                                                                                                                                                                                                                    <div class=\"speaker-session hasSession\" session_id=\"6857\">\r\n                                                            <h5>Conferencia patrocinada por NeuronUP: Conectividad cerebral, ciencia de datos y Neuropsicolog\u00eda<\/h5>\r\n                                                        <div class=\"speaker-talk\">\r\n                                <div class=\"hour-date-room-container\">\r\n                                    <div class=\"body-2 medium\">9 mar<\/div>\r\n                                    <div class=\"body-2 medium\">Sala Alb\u00e9niz-Machuca<\/div>\r\n                                    <div class=\"body-2 medium\">10:30 - 11:30<\/div>\r\n                                                                    <\/div>\r\n                            <\/div>\r\n                                                            <h6>Interviene en:<\/h6>\r\n                                                                                                                                                        <div class=\"speaker-talk\" style=\"margin-left: 1rem;\">\r\n                                                <div class=\"talk-title body-1\">\r\n                                                    Conectividad cerebral, ciencia de datos y Neuropsicolog\u00eda                                                <\/div>\r\n                                            <\/div>\r\n                                                                                                                                                                <\/div>\r\n                                                                                                                                                                                                                                                                                                                                                <\/div>\r\n    <\/div>\r\n<\/div><div class=\"speaker-side\" speaker_id=\"103128\">\r\n    <svg class=\"close\" width=\"40\" height=\"40\" viewBox=\"0 0 40 40\" fill=\"none\" xmlns=\"http:\/\/www.w3.org\/2000\/svg\">\r\n        <path d=\"M0 20C0 8.95431 8.95431 0 20 0C31.0457 0 40 8.95431 40 20C40 31.0457 31.0457 40 20 40C8.95431 40 0 31.0457 0 20Z\" fill=\"white\"\/>\r\n        <path d=\"M28.2361 14.2361C28.9197 13.5525 28.9197 12.4424 28.2361 11.7588C27.5525 11.0752 26.4424 11.0752 25.7588 11.7588L20.0002 17.5229L14.2361 11.7643C13.5525 11.0807 12.4424 11.0807 11.7588 11.7643C11.0752 12.4479 11.0752 13.558 11.7588 14.2416L17.5229 20.0002L11.7643 25.7643C11.0807 26.4479 11.0807 27.558 11.7643 28.2416C12.4479 28.9252 13.558 28.9252 14.2416 28.2416L20.0002 22.4775L25.7643 28.2361C26.4479 28.9197 27.558 28.9197 28.2416 28.2361C28.9252 27.5525 28.9252 26.4424 28.2416 25.7588L22.4775 20.0002L28.2361 14.2361Z\" fill=\"black\"\/>\r\n    <\/svg>\r\n\r\n    <div class=\"speaker-container\">\r\n                    <div class=\"speaker-img\">\r\n                <img src=\"\" onerror=\"this.src='https:\/\/congresofanpse.org\/2024\/wp-content\/plugins\/bipeek\/speaker-fallback.jpg';this.onerror='';\">\r\n                <div class=\"gradient\"><\/div>\r\n            <\/div>\r\n                <div class=\"speaker-info\">\r\n            <div class=\"speaker-name\">\r\n                Tania Llana Fern\u00e1ndez            <\/div>\r\n            <div class=\"speaker-job body-1\">\r\n                                                                                        Doctoranda en Psicolog\u00eda                                                    Universidad de Oviedo                            <\/div>\r\n                            <div class=\"spacer\"><\/div>\r\n                <div class=\"speaker-cv body-2\">\r\n                                    <\/div>\r\n                                <\/div>\r\n        <div class=\"speaker-talks\">\r\n                                                                                                                                                                                                                                                                                                                                                                                                                                                                                                                                                                                                                                                                                                                                                                                                                                                                                                                                                                                                                                                                                                                                                                                                                                                                    <div class=\"speaker-session hasSession\" session_id=\"6927\">\r\n                                                            <h5>Comunicaciones orales V<\/h5>\r\n                                                        <div class=\"speaker-talk\">\r\n                                <div class=\"hour-date-room-container\">\r\n                                    <div class=\"body-2 medium\">9 mar<\/div>\r\n                                    <div class=\"body-2 medium\">Sala Alb\u00e9niz-Machuca<\/div>\r\n                                    <div class=\"body-2 medium\">9:00 - 10:30<\/div>\r\n                                                                    <\/div>\r\n                            <\/div>\r\n                                                            <h6>Interviene en:<\/h6>\r\n                                                                                                                                                                                                                                                                                                        <div class=\"speaker-talk\" style=\"margin-left: 1rem;\">\r\n                                                <div class=\"talk-title body-1\">\r\n                                                    La evaluaci\u00f3n de la memoria de localizaci\u00f3n de objetos mediante Realidad Virtual inmersiva revela alteraciones en el COVID persistente                                                <\/div>\r\n                                            <\/div>\r\n                                                                                                                                                                                                                                                                                                                                                                                                                                                                                                                                                                                                                                                                                                                                                                                                                                                                                                                                                                                                                                                                <\/div>\r\n                                                                                                                                                                                                                                                                                                                                                                                                                                                                                                                                                                                <\/div>\r\n    <\/div>\r\n<\/div><div class=\"speaker-side\" speaker_id=\"113426\">\r\n    <svg class=\"close\" width=\"40\" height=\"40\" viewBox=\"0 0 40 40\" fill=\"none\" xmlns=\"http:\/\/www.w3.org\/2000\/svg\">\r\n        <path d=\"M0 20C0 8.95431 8.95431 0 20 0C31.0457 0 40 8.95431 40 20C40 31.0457 31.0457 40 20 40C8.95431 40 0 31.0457 0 20Z\" fill=\"white\"\/>\r\n        <path d=\"M28.2361 14.2361C28.9197 13.5525 28.9197 12.4424 28.2361 11.7588C27.5525 11.0752 26.4424 11.0752 25.7588 11.7588L20.0002 17.5229L14.2361 11.7643C13.5525 11.0807 12.4424 11.0807 11.7588 11.7643C11.0752 12.4479 11.0752 13.558 11.7588 14.2416L17.5229 20.0002L11.7643 25.7643C11.0807 26.4479 11.0807 27.558 11.7643 28.2416C12.4479 28.9252 13.558 28.9252 14.2416 28.2416L20.0002 22.4775L25.7643 28.2361C26.4479 28.9197 27.558 28.9197 28.2416 28.2361C28.9252 27.5525 28.9252 26.4424 28.2416 25.7588L22.4775 20.0002L28.2361 14.2361Z\" fill=\"black\"\/>\r\n    <\/svg>\r\n\r\n    <div class=\"speaker-container\">\r\n                    <div class=\"speaker-img\">\r\n                <img src=\"\" onerror=\"this.src='https:\/\/congresofanpse.org\/2024\/wp-content\/plugins\/bipeek\/speaker-fallback.jpg';this.onerror='';\">\r\n                <div class=\"gradient\"><\/div>\r\n            <\/div>\r\n                <div class=\"speaker-info\">\r\n            <div class=\"speaker-name\">\r\n                Mar\u00eda Gonz\u00e1lez Nosti            <\/div>\r\n            <div class=\"speaker-job body-1\">\r\n                                                                                        Profesor Contratado Doctor                                                    Facultad de Psicolog\u00eda. Universidad de Oviedo                            <\/div>\r\n                            <div class=\"spacer\"><\/div>\r\n                <div class=\"speaker-cv body-2\">\r\n                                    <\/div>\r\n                                <\/div>\r\n        <div class=\"speaker-talks\">\r\n                                                                                                                                                                                                                                                                                                                                                                                                                                                                                                                                                                                                                                                                                                                                                                                                                                                                                                                                                                                                                                                                                                                                                                                                                                                                    <div class=\"speaker-session hasSession\" session_id=\"6927\">\r\n                                                            <h5>Comunicaciones orales V<\/h5>\r\n                                                        <div class=\"speaker-talk\">\r\n                                <div class=\"hour-date-room-container\">\r\n                                    <div class=\"body-2 medium\">9 mar<\/div>\r\n                                    <div class=\"body-2 medium\">Sala Alb\u00e9niz-Machuca<\/div>\r\n                                    <div class=\"body-2 medium\">9:00 - 10:30<\/div>\r\n                                                                    <\/div>\r\n                            <\/div>\r\n                                                            <h6>Interviene en:<\/h6>\r\n                                                                                                                                                                                                                                                                                                                                                                                                                                                        <div class=\"speaker-talk\" style=\"margin-left: 1rem;\">\r\n                                                <div class=\"talk-title body-1\">\r\n                                                    Evoluci\u00f3n de los s\u00edntomas cognitivos en el s\u00edndrome post COVID-19. Un estudio longitudinal.                                                <\/div>\r\n                                            <\/div>\r\n                                                                                                                                                                                                                                                                                                                                                                                                                                                                                                                                                                                                                                                                                                                                                                                                                                                                                                                <\/div>\r\n                                                                                                                                                                                                                                                                                                                                                                                                                                                                                                                                                                                <\/div>\r\n    <\/div>\r\n<\/div><div class=\"speaker-side\" speaker_id=\"114000\">\r\n    <svg class=\"close\" width=\"40\" height=\"40\" viewBox=\"0 0 40 40\" fill=\"none\" xmlns=\"http:\/\/www.w3.org\/2000\/svg\">\r\n        <path d=\"M0 20C0 8.95431 8.95431 0 20 0C31.0457 0 40 8.95431 40 20C40 31.0457 31.0457 40 20 40C8.95431 40 0 31.0457 0 20Z\" fill=\"white\"\/>\r\n        <path d=\"M28.2361 14.2361C28.9197 13.5525 28.9197 12.4424 28.2361 11.7588C27.5525 11.0752 26.4424 11.0752 25.7588 11.7588L20.0002 17.5229L14.2361 11.7643C13.5525 11.0807 12.4424 11.0807 11.7588 11.7643C11.0752 12.4479 11.0752 13.558 11.7588 14.2416L17.5229 20.0002L11.7643 25.7643C11.0807 26.4479 11.0807 27.558 11.7643 28.2416C12.4479 28.9252 13.558 28.9252 14.2416 28.2416L20.0002 22.4775L25.7643 28.2361C26.4479 28.9197 27.558 28.9197 28.2416 28.2361C28.9252 27.5525 28.9252 26.4424 28.2416 25.7588L22.4775 20.0002L28.2361 14.2361Z\" fill=\"black\"\/>\r\n    <\/svg>\r\n\r\n    <div class=\"speaker-container\">\r\n                    <div class=\"speaker-img\">\r\n                <img src=\"\" onerror=\"this.src='https:\/\/congresofanpse.org\/2024\/wp-content\/plugins\/bipeek\/speaker-fallback.jpg';this.onerror='';\">\r\n                <div class=\"gradient\"><\/div>\r\n            <\/div>\r\n                <div class=\"speaker-info\">\r\n            <div class=\"speaker-name\">\r\n                Belen Laureano Rico            <\/div>\r\n            <div class=\"speaker-job body-1\">\r\n                                                                                        Neuropsic\u00f3loga cl\u00ednica                                                    Cernep- Universidad Almer\u00eda                            <\/div>\r\n                            <div class=\"spacer\"><\/div>\r\n                <div class=\"speaker-cv body-2\">\r\n                                    <\/div>\r\n                                <\/div>\r\n        <div class=\"speaker-talks\">\r\n                                                                                                                                                                                                                                                                                                                                                                                                                                                                                                                                                                                                                                                                                                                                                                                                                                                                                                                                                                                                                                                                                                                                                                                                                                                                    <div class=\"speaker-session hasSession\" session_id=\"6927\">\r\n                                                            <h5>Comunicaciones orales V<\/h5>\r\n                                                        <div class=\"speaker-talk\">\r\n                                <div class=\"hour-date-room-container\">\r\n                                    <div class=\"body-2 medium\">9 mar<\/div>\r\n                                    <div class=\"body-2 medium\">Sala Alb\u00e9niz-Machuca<\/div>\r\n                                    <div class=\"body-2 medium\">9:00 - 10:30<\/div>\r\n                                                                    <\/div>\r\n                            <\/div>\r\n                                                            <h6>Interviene en:<\/h6>\r\n                                                                                                                                                                                                                                                                                                                                                                                                                                                                                                                                                                                                        <div class=\"speaker-talk\" style=\"margin-left: 1rem;\">\r\n                                                <div class=\"talk-title body-1\">\r\n                                                    Proyecto Remar: Implementaci\u00f3n de un programa de intervenci\u00f3n intensivo orientado al entrenamiento de tareas de la vida diaria. Un estudio de caso.                                                <\/div>\r\n                                            <\/div>\r\n                                                                                                                                                                                                                                                                                                                                                                                                                                                                                                                                                                                                                                                                                                                                                                <\/div>\r\n                                                                                                                                                                                                                                                                                                                                                                                                                                                                                                                                                                                <\/div>\r\n    <\/div>\r\n<\/div><div class=\"speaker-side\" speaker_id=\"114007\">\r\n    <svg class=\"close\" width=\"40\" height=\"40\" viewBox=\"0 0 40 40\" fill=\"none\" xmlns=\"http:\/\/www.w3.org\/2000\/svg\">\r\n        <path d=\"M0 20C0 8.95431 8.95431 0 20 0C31.0457 0 40 8.95431 40 20C40 31.0457 31.0457 40 20 40C8.95431 40 0 31.0457 0 20Z\" fill=\"white\"\/>\r\n        <path d=\"M28.2361 14.2361C28.9197 13.5525 28.9197 12.4424 28.2361 11.7588C27.5525 11.0752 26.4424 11.0752 25.7588 11.7588L20.0002 17.5229L14.2361 11.7643C13.5525 11.0807 12.4424 11.0807 11.7588 11.7643C11.0752 12.4479 11.0752 13.558 11.7588 14.2416L17.5229 20.0002L11.7643 25.7643C11.0807 26.4479 11.0807 27.558 11.7643 28.2416C12.4479 28.9252 13.558 28.9252 14.2416 28.2416L20.0002 22.4775L25.7643 28.2361C26.4479 28.9197 27.558 28.9197 28.2416 28.2361C28.9252 27.5525 28.9252 26.4424 28.2416 25.7588L22.4775 20.0002L28.2361 14.2361Z\" fill=\"black\"\/>\r\n    <\/svg>\r\n\r\n    <div class=\"speaker-container\">\r\n                    <div class=\"speaker-img\">\r\n                <img src=\"\" onerror=\"this.src='https:\/\/congresofanpse.org\/2024\/wp-content\/plugins\/bipeek\/speaker-fallback.jpg';this.onerror='';\">\r\n                <div class=\"gradient\"><\/div>\r\n            <\/div>\r\n                <div class=\"speaker-info\">\r\n            <div class=\"speaker-name\">\r\n                Elena Herrera            <\/div>\r\n            <div class=\"speaker-job body-1\">\r\n                                                                                        Profesor Ayudante Doctor - Universidad de Oviedo                                                    Universidad de Oviedo                            <\/div>\r\n                            <div class=\"spacer\"><\/div>\r\n                <div class=\"speaker-cv body-2\">\r\n                                    <\/div>\r\n                                <\/div>\r\n        <div class=\"speaker-talks\">\r\n                                                                                                                                                                                                                                                                                                                                                                                                                                                                                                                                                                                                                                                                                                                                                                                                                                                                                                                                                                                                                                                                                                                                                                                                                                                                    <div class=\"speaker-session hasSession\" session_id=\"6927\">\r\n                                                            <h5>Comunicaciones orales V<\/h5>\r\n                                                        <div class=\"speaker-talk\">\r\n                                <div class=\"hour-date-room-container\">\r\n                                    <div class=\"body-2 medium\">9 mar<\/div>\r\n                                    <div class=\"body-2 medium\">Sala Alb\u00e9niz-Machuca<\/div>\r\n                                    <div class=\"body-2 medium\">9:00 - 10:30<\/div>\r\n                                                                    <\/div>\r\n                            <\/div>\r\n                                                            <h6>Interviene en:<\/h6>\r\n                                                                                                                                                        <div class=\"speaker-talk\" style=\"margin-left: 1rem;\">\r\n                                                <div class=\"talk-title body-1\">\r\n                                                    Machine learning para la clasificaci\u00f3n de la Afasia Progresiva Primaria: un estudio preliminar basado en el an\u00e1lisis de la producci\u00f3n oral                                                <\/div>\r\n                                            <\/div>\r\n                                                                                                                                                                                                                                                                                                                                                                                                                                                                                                                                                                                                                                                                                                                                                                                                                                                                                                                                                                                                                                                                                                                                                                                                                <\/div>\r\n                                                                                                                                                                                                                                                                                                                                                                                                                                                                                                                                                                                <\/div>\r\n    <\/div>\r\n<\/div><div class=\"speaker-side\" speaker_id=\"110942\">\r\n    <svg class=\"close\" width=\"40\" height=\"40\" viewBox=\"0 0 40 40\" fill=\"none\" xmlns=\"http:\/\/www.w3.org\/2000\/svg\">\r\n        <path d=\"M0 20C0 8.95431 8.95431 0 20 0C31.0457 0 40 8.95431 40 20C40 31.0457 31.0457 40 20 40C8.95431 40 0 31.0457 0 20Z\" fill=\"white\"\/>\r\n        <path d=\"M28.2361 14.2361C28.9197 13.5525 28.9197 12.4424 28.2361 11.7588C27.5525 11.0752 26.4424 11.0752 25.7588 11.7588L20.0002 17.5229L14.2361 11.7643C13.5525 11.0807 12.4424 11.0807 11.7588 11.7643C11.0752 12.4479 11.0752 13.558 11.7588 14.2416L17.5229 20.0002L11.7643 25.7643C11.0807 26.4479 11.0807 27.558 11.7643 28.2416C12.4479 28.9252 13.558 28.9252 14.2416 28.2416L20.0002 22.4775L25.7643 28.2361C26.4479 28.9197 27.558 28.9197 28.2416 28.2361C28.9252 27.5525 28.9252 26.4424 28.2416 25.7588L22.4775 20.0002L28.2361 14.2361Z\" fill=\"black\"\/>\r\n    <\/svg>\r\n\r\n    <div class=\"speaker-container\">\r\n                    <div class=\"speaker-img\">\r\n                <img src=\"\" onerror=\"this.src='https:\/\/congresofanpse.org\/2024\/wp-content\/plugins\/bipeek\/speaker-fallback.jpg';this.onerror='';\">\r\n                <div class=\"gradient\"><\/div>\r\n            <\/div>\r\n                <div class=\"speaker-info\">\r\n            <div class=\"speaker-name\">\r\n                Paula Torres Hidalgo            <\/div>\r\n            <div class=\"speaker-job body-1\">\r\n                                                                                        Psic\u00f3logo                                                    Neurolleida                            <\/div>\r\n                            <div class=\"spacer\"><\/div>\r\n                <div class=\"speaker-cv body-2\">\r\n                                    <\/div>\r\n                                <\/div>\r\n        <div class=\"speaker-talks\">\r\n                                                                                                                                                                                                                                                                                                                                                                                                                                                                                                                                                                                                                                                                                    <div class=\"speaker-session hasSession\" session_id=\"6604\">\r\n                                                            <h5>Comunicaciones orales I<\/h5>\r\n                                                        <div class=\"speaker-talk\">\r\n                                <div class=\"hour-date-room-container\">\r\n                                    <div class=\"body-2 medium\">8 mar<\/div>\r\n                                    <div class=\"body-2 medium\">Sala Alb\u00e9niz-Machuca<\/div>\r\n                                    <div class=\"body-2 medium\">15:30 - 16:45<\/div>\r\n                                                                    <\/div>\r\n                            <\/div>\r\n                                                            <h6>Interviene en:<\/h6>\r\n                                                                                                                                                        <div class=\"speaker-talk\" style=\"margin-left: 1rem;\">\r\n                                                <div class=\"talk-title body-1\">\r\n                                                    ESTUDIO SOBRE LA EFICACIA DE UNA INTERVENCI\u00d3N GRUPAL PSICOEDUCATIVA PARA CUIDADORES INFORMALES DE PERSONAS CON DIAGN\u00d3STICO DE DETERIORO COGNITIVO LEVE O DEMENCIA                                                <\/div>\r\n                                            <\/div>\r\n                                                                                                                                                                                                                                                                                                                                                                                                                                                                                                                                                                                                                                                                                                                                                                                                                                                                                                                                                                                                                                                                <\/div>\r\n                                                                                                                                                                                                                                                                                                                                                                                                                                                                                                                                                                                                                                                                                                                                                                                                                                                                                                                                                                                                                                                                                                                                                                <\/div>\r\n    <\/div>\r\n<\/div><div class=\"speaker-side\" speaker_id=\"114310\">\r\n    <svg class=\"close\" width=\"40\" height=\"40\" viewBox=\"0 0 40 40\" fill=\"none\" xmlns=\"http:\/\/www.w3.org\/2000\/svg\">\r\n        <path d=\"M0 20C0 8.95431 8.95431 0 20 0C31.0457 0 40 8.95431 40 20C40 31.0457 31.0457 40 20 40C8.95431 40 0 31.0457 0 20Z\" fill=\"white\"\/>\r\n        <path d=\"M28.2361 14.2361C28.9197 13.5525 28.9197 12.4424 28.2361 11.7588C27.5525 11.0752 26.4424 11.0752 25.7588 11.7588L20.0002 17.5229L14.2361 11.7643C13.5525 11.0807 12.4424 11.0807 11.7588 11.7643C11.0752 12.4479 11.0752 13.558 11.7588 14.2416L17.5229 20.0002L11.7643 25.7643C11.0807 26.4479 11.0807 27.558 11.7643 28.2416C12.4479 28.9252 13.558 28.9252 14.2416 28.2416L20.0002 22.4775L25.7643 28.2361C26.4479 28.9197 27.558 28.9197 28.2416 28.2361C28.9252 27.5525 28.9252 26.4424 28.2416 25.7588L22.4775 20.0002L28.2361 14.2361Z\" fill=\"black\"\/>\r\n    <\/svg>\r\n\r\n    <div class=\"speaker-container\">\r\n                    <div class=\"speaker-img\">\r\n                <img src=\"\" onerror=\"this.src='https:\/\/congresofanpse.org\/2024\/wp-content\/plugins\/bipeek\/speaker-fallback.jpg';this.onerror='';\">\r\n                <div class=\"gradient\"><\/div>\r\n            <\/div>\r\n                <div class=\"speaker-info\">\r\n            <div class=\"speaker-name\">\r\n                MARIA DEL CARMEN HERNANDEZ SANTANA            <\/div>\r\n            <div class=\"speaker-job body-1\">\r\n                                                                                        NEUROPSICOLOGA                                                    ASOCIACION CIVITAS                            <\/div>\r\n                            <div class=\"spacer\"><\/div>\r\n                <div class=\"speaker-cv body-2\">\r\n                                    <\/div>\r\n                                <\/div>\r\n        <div class=\"speaker-talks\">\r\n                                                                                                                                                                                                                                                                                                                                                                                                                                                                                                                                                                                                                                                                                                                                                                                                                                                                                                                                                                                                                                                                                                                                                                                                                                                                    <div class=\"speaker-session hasSession\" session_id=\"6927\">\r\n                                                            <h5>Comunicaciones orales V<\/h5>\r\n                                                        <div class=\"speaker-talk\">\r\n                                <div class=\"hour-date-room-container\">\r\n                                    <div class=\"body-2 medium\">9 mar<\/div>\r\n                                    <div class=\"body-2 medium\">Sala Alb\u00e9niz-Machuca<\/div>\r\n                                    <div class=\"body-2 medium\">9:00 - 10:30<\/div>\r\n                                                                    <\/div>\r\n                            <\/div>\r\n                                                            <h6>Interviene en:<\/h6>\r\n                                                                                                                                                                                                                                                                                                                                                                                                                                                                                                                                                                                                                                                                                                                                                        <div class=\"speaker-talk\" style=\"margin-left: 1rem;\">\r\n                                                <div class=\"talk-title body-1\">\r\n                                                    La eficacia de \u201cLa Isla VR\u201d como herramienta en los programas de intervenci\u00f3n neuropsicol\u00f3gicos en Realidad Virtual                                                <\/div>\r\n                                            <\/div>\r\n                                                                                                                                                                                                                                                                                                                                                                                                                                                                                                                                                                                                                <\/div>\r\n                                                                                                                                                                                                                                                                                                                                                                                                                                                                                                                                                                                <\/div>\r\n    <\/div>\r\n<\/div><div class=\"speaker-side\" speaker_id=\"112644\">\r\n    <svg class=\"close\" width=\"40\" height=\"40\" viewBox=\"0 0 40 40\" fill=\"none\" xmlns=\"http:\/\/www.w3.org\/2000\/svg\">\r\n        <path d=\"M0 20C0 8.95431 8.95431 0 20 0C31.0457 0 40 8.95431 40 20C40 31.0457 31.0457 40 20 40C8.95431 40 0 31.0457 0 20Z\" fill=\"white\"\/>\r\n        <path d=\"M28.2361 14.2361C28.9197 13.5525 28.9197 12.4424 28.2361 11.7588C27.5525 11.0752 26.4424 11.0752 25.7588 11.7588L20.0002 17.5229L14.2361 11.7643C13.5525 11.0807 12.4424 11.0807 11.7588 11.7643C11.0752 12.4479 11.0752 13.558 11.7588 14.2416L17.5229 20.0002L11.7643 25.7643C11.0807 26.4479 11.0807 27.558 11.7643 28.2416C12.4479 28.9252 13.558 28.9252 14.2416 28.2416L20.0002 22.4775L25.7643 28.2361C26.4479 28.9197 27.558 28.9197 28.2416 28.2361C28.9252 27.5525 28.9252 26.4424 28.2416 25.7588L22.4775 20.0002L28.2361 14.2361Z\" fill=\"black\"\/>\r\n    <\/svg>\r\n\r\n    <div class=\"speaker-container\">\r\n                    <div class=\"speaker-img\">\r\n                <img src=\"\" onerror=\"this.src='https:\/\/congresofanpse.org\/2024\/wp-content\/plugins\/bipeek\/speaker-fallback.jpg';this.onerror='';\">\r\n                <div class=\"gradient\"><\/div>\r\n            <\/div>\r\n                <div class=\"speaker-info\">\r\n            <div class=\"speaker-name\">\r\n                Isabel L\u00f3pez Torres            <\/div>\r\n            <div class=\"speaker-job body-1\">\r\n                                                                                        Coordinadora de proyecto                                                    Fundaci\u00f3n Centro de Investigaci\u00f3n Enfermedades Neurol\u00f3gicas (FCIEN)                            <\/div>\r\n                            <div class=\"spacer\"><\/div>\r\n                <div class=\"speaker-cv body-2\">\r\n                                    <\/div>\r\n                                <\/div>\r\n        <div class=\"speaker-talks\">\r\n                                                                                                                                                                                                                                                                                                                                                                                                                                                                                                                                                                                                                                                                                    <div class=\"speaker-session hasSession\" session_id=\"6604\">\r\n                                                            <h5>Comunicaciones orales I<\/h5>\r\n                                                        <div class=\"speaker-talk\">\r\n                                <div class=\"hour-date-room-container\">\r\n                                    <div class=\"body-2 medium\">8 mar<\/div>\r\n                                    <div class=\"body-2 medium\">Sala Alb\u00e9niz-Machuca<\/div>\r\n                                    <div class=\"body-2 medium\">15:30 - 16:45<\/div>\r\n                                                                    <\/div>\r\n                            <\/div>\r\n                                                            <h6>Interviene en:<\/h6>\r\n                                                                                                                                                                                                                                                                                                        <div class=\"speaker-talk\" style=\"margin-left: 1rem;\">\r\n                                                <div class=\"talk-title body-1\">\r\n                                                    Biomarcadores digitales en la detecci\u00f3n precoz de la enfermedad de Alzheimer: el lenguaje espont\u00e1neo                                                <\/div>\r\n                                            <\/div>\r\n                                                                                                                                                                                                                                                                                                                                                                                                                                                                                                                                                                                                                                                                                                                                                                                                                                                                                                                <\/div>\r\n                                                                                                                                                                                                                                                                                                                                                                                                                                                                                                                                                                                                                                                                                                                                                                                                                                                                                                                                                                                                                                                                                                                                                                <\/div>\r\n    <\/div>\r\n<\/div><div class=\"speaker-side\" speaker_id=\"112767\">\r\n    <svg class=\"close\" width=\"40\" height=\"40\" viewBox=\"0 0 40 40\" fill=\"none\" xmlns=\"http:\/\/www.w3.org\/2000\/svg\">\r\n        <path d=\"M0 20C0 8.95431 8.95431 0 20 0C31.0457 0 40 8.95431 40 20C40 31.0457 31.0457 40 20 40C8.95431 40 0 31.0457 0 20Z\" fill=\"white\"\/>\r\n        <path d=\"M28.2361 14.2361C28.9197 13.5525 28.9197 12.4424 28.2361 11.7588C27.5525 11.0752 26.4424 11.0752 25.7588 11.7588L20.0002 17.5229L14.2361 11.7643C13.5525 11.0807 12.4424 11.0807 11.7588 11.7643C11.0752 12.4479 11.0752 13.558 11.7588 14.2416L17.5229 20.0002L11.7643 25.7643C11.0807 26.4479 11.0807 27.558 11.7643 28.2416C12.4479 28.9252 13.558 28.9252 14.2416 28.2416L20.0002 22.4775L25.7643 28.2361C26.4479 28.9197 27.558 28.9197 28.2416 28.2361C28.9252 27.5525 28.9252 26.4424 28.2416 25.7588L22.4775 20.0002L28.2361 14.2361Z\" fill=\"black\"\/>\r\n    <\/svg>\r\n\r\n    <div class=\"speaker-container\">\r\n                    <div class=\"speaker-img\">\r\n                <img src=\"\" onerror=\"this.src='https:\/\/congresofanpse.org\/2024\/wp-content\/plugins\/bipeek\/speaker-fallback.jpg';this.onerror='';\">\r\n                <div class=\"gradient\"><\/div>\r\n            <\/div>\r\n                <div class=\"speaker-info\">\r\n            <div class=\"speaker-name\">\r\n                Bel\u00e9n Pi\u00f1ol Ferrer            <\/div>\r\n            <div class=\"speaker-job body-1\">\r\n                                                                                        FE Psicolog\u00eda Cl\u00ednica. Experta en Neuropsicolog\u00eda Cl\u00ednica                                                    HOSPITAL SAN VICENTE DEL RASPEIG                            <\/div>\r\n                            <div class=\"spacer\"><\/div>\r\n                <div class=\"speaker-cv body-2\">\r\n                                    <\/div>\r\n                                <\/div>\r\n        <div class=\"speaker-talks\">\r\n                                                                                                                                                                                                                                                                                                                                                                                                                                                                                                                                                                                                                                                                                    <div class=\"speaker-session hasSession\" session_id=\"6604\">\r\n                                                            <h5>Comunicaciones orales I<\/h5>\r\n                                                        <div class=\"speaker-talk\">\r\n                                <div class=\"hour-date-room-container\">\r\n                                    <div class=\"body-2 medium\">8 mar<\/div>\r\n                                    <div class=\"body-2 medium\">Sala Alb\u00e9niz-Machuca<\/div>\r\n                                    <div class=\"body-2 medium\">15:30 - 16:45<\/div>\r\n                                                                    <\/div>\r\n                            <\/div>\r\n                                                            <h6>Interviene en:<\/h6>\r\n                                                                                                                                                                                                                                                                                                                                                                                                                                                        <div class=\"speaker-talk\" style=\"margin-left: 1rem;\">\r\n                                                <div class=\"talk-title body-1\">\r\n                                                    Perfil neuropsicol\u00f3gico del Deterioro Cognitivo Leve y Demencia con Cuerpos de Lewy en una muestra de pacientes de nuevo diagn\u00f3stico                                                <\/div>\r\n                                            <\/div>\r\n                                                                                                                                                                                                                                                                                                                                                                                                                                                                                                                                                                                                                                                                                                                                                                <\/div>\r\n                                                                                                                                                                                                                                                                                                                                                                                                                                                                                                                                                                                                                                                                                                                                                                                                                                                                                                                                                                                                                                                                                                                                                                <\/div>\r\n    <\/div>\r\n<\/div><div class=\"speaker-side\" speaker_id=\"113332\">\r\n    <svg class=\"close\" width=\"40\" height=\"40\" viewBox=\"0 0 40 40\" fill=\"none\" xmlns=\"http:\/\/www.w3.org\/2000\/svg\">\r\n        <path d=\"M0 20C0 8.95431 8.95431 0 20 0C31.0457 0 40 8.95431 40 20C40 31.0457 31.0457 40 20 40C8.95431 40 0 31.0457 0 20Z\" fill=\"white\"\/>\r\n        <path d=\"M28.2361 14.2361C28.9197 13.5525 28.9197 12.4424 28.2361 11.7588C27.5525 11.0752 26.4424 11.0752 25.7588 11.7588L20.0002 17.5229L14.2361 11.7643C13.5525 11.0807 12.4424 11.0807 11.7588 11.7643C11.0752 12.4479 11.0752 13.558 11.7588 14.2416L17.5229 20.0002L11.7643 25.7643C11.0807 26.4479 11.0807 27.558 11.7643 28.2416C12.4479 28.9252 13.558 28.9252 14.2416 28.2416L20.0002 22.4775L25.7643 28.2361C26.4479 28.9197 27.558 28.9197 28.2416 28.2361C28.9252 27.5525 28.9252 26.4424 28.2416 25.7588L22.4775 20.0002L28.2361 14.2361Z\" fill=\"black\"\/>\r\n    <\/svg>\r\n\r\n    <div class=\"speaker-container\">\r\n                    <div class=\"speaker-img\">\r\n                <img src=\"\" onerror=\"this.src='https:\/\/congresofanpse.org\/2024\/wp-content\/plugins\/bipeek\/speaker-fallback.jpg';this.onerror='';\">\r\n                <div class=\"gradient\"><\/div>\r\n            <\/div>\r\n                <div class=\"speaker-info\">\r\n            <div class=\"speaker-name\">\r\n                DELIOMA HERNANDEZ DE LA GUARDIA            <\/div>\r\n            <div class=\"speaker-job body-1\">\r\n                                                                                        PSIC\u00d3LOGA                                                    HOSPITAL SAN JUAN DE DIOS TENERIFE                            <\/div>\r\n                            <div class=\"spacer\"><\/div>\r\n                <div class=\"speaker-cv body-2\">\r\n                                    <\/div>\r\n                                <\/div>\r\n        <div class=\"speaker-talks\">\r\n                                                                                                                                                                                                                                                                                                                                                                                                                                                                                                                                                                                                                                                                                    <div class=\"speaker-session hasSession\" session_id=\"6604\">\r\n                                                            <h5>Comunicaciones orales I<\/h5>\r\n                                                        <div class=\"speaker-talk\">\r\n                                <div class=\"hour-date-room-container\">\r\n                                    <div class=\"body-2 medium\">8 mar<\/div>\r\n                                    <div class=\"body-2 medium\">Sala Alb\u00e9niz-Machuca<\/div>\r\n                                    <div class=\"body-2 medium\">15:30 - 16:45<\/div>\r\n                                                                    <\/div>\r\n                            <\/div>\r\n                                                            <h6>Interviene en:<\/h6>\r\n                                                                                                                                                                                                                                                                                                                                                                                                                                                                                                                                                                                                        <div class=\"speaker-talk\" style=\"margin-left: 1rem;\">\r\n                                                <div class=\"talk-title body-1\">\r\n                                                    La influencia de la mascarilla en la compresi\u00f3n en personas con DCL (deterioro cognitivo leve).                                                <\/div>\r\n                                            <\/div>\r\n                                                                                                                                                                                                                                                                                                                                                                                                                                                                                                                                                                                                                <\/div>\r\n                                                                                                                                                                                                                                                                                                                                                                                                                                                                                                                                                                                                                                                                                                                                                                                                                                                                                                                                                                                                                                                                                                                                                                <\/div>\r\n    <\/div>\r\n<\/div><div class=\"speaker-side\" speaker_id=\"114288\">\r\n    <svg class=\"close\" width=\"40\" height=\"40\" viewBox=\"0 0 40 40\" fill=\"none\" xmlns=\"http:\/\/www.w3.org\/2000\/svg\">\r\n        <path d=\"M0 20C0 8.95431 8.95431 0 20 0C31.0457 0 40 8.95431 40 20C40 31.0457 31.0457 40 20 40C8.95431 40 0 31.0457 0 20Z\" fill=\"white\"\/>\r\n        <path d=\"M28.2361 14.2361C28.9197 13.5525 28.9197 12.4424 28.2361 11.7588C27.5525 11.0752 26.4424 11.0752 25.7588 11.7588L20.0002 17.5229L14.2361 11.7643C13.5525 11.0807 12.4424 11.0807 11.7588 11.7643C11.0752 12.4479 11.0752 13.558 11.7588 14.2416L17.5229 20.0002L11.7643 25.7643C11.0807 26.4479 11.0807 27.558 11.7643 28.2416C12.4479 28.9252 13.558 28.9252 14.2416 28.2416L20.0002 22.4775L25.7643 28.2361C26.4479 28.9197 27.558 28.9197 28.2416 28.2361C28.9252 27.5525 28.9252 26.4424 28.2416 25.7588L22.4775 20.0002L28.2361 14.2361Z\" fill=\"black\"\/>\r\n    <\/svg>\r\n\r\n    <div class=\"speaker-container\">\r\n                    <div class=\"speaker-img\">\r\n                <img src=\"\" onerror=\"this.src='https:\/\/congresofanpse.org\/2024\/wp-content\/plugins\/bipeek\/speaker-fallback.jpg';this.onerror='';\">\r\n                <div class=\"gradient\"><\/div>\r\n            <\/div>\r\n                <div class=\"speaker-info\">\r\n            <div class=\"speaker-name\">\r\n                Judit Subirana Mirete            <\/div>\r\n            <div class=\"speaker-job body-1\">\r\n                                                                                        Profesora Titular del Campus Docent Sant Joan de D\u00e9u (Universitat de Barcelona); Doctora en Psicolog\u00eda, especialista en Neuropsicolog\u00eda.                                                    Campus Docent Sant Joan de D\u00e9u                            <\/div>\r\n                            <div class=\"spacer\"><\/div>\r\n                <div class=\"speaker-cv body-2\">\r\n                                    <\/div>\r\n                                <\/div>\r\n        <div class=\"speaker-talks\">\r\n                                                                                                                                                                                                                                                                                                                                                                                                                                                                                                                                                                                                                                                                                    <div class=\"speaker-session hasSession\" session_id=\"6604\">\r\n                                                            <h5>Comunicaciones orales I<\/h5>\r\n                                                        <div class=\"speaker-talk\">\r\n                                <div class=\"hour-date-room-container\">\r\n                                    <div class=\"body-2 medium\">8 mar<\/div>\r\n                                    <div class=\"body-2 medium\">Sala Alb\u00e9niz-Machuca<\/div>\r\n                                    <div class=\"body-2 medium\">15:30 - 16:45<\/div>\r\n                                                                    <\/div>\r\n                            <\/div>\r\n                                                            <h6>Interviene en:<\/h6>\r\n                                                                                                                                                                                                                                                                                                                                                                                                                                                                                                                                                                                                                                                                                                                                                        <div class=\"speaker-talk\" style=\"margin-left: 1rem;\">\r\n                                                <div class=\"talk-title body-1\">\r\n                                                    La importancia de la velocidad de procesamiento cognitivo en la evaluaci\u00f3n de las primeras etapas de la enfermedad de Alzheimer y el deterioro cognitivo leve                                                <\/div>\r\n                                            <\/div>\r\n                                                                                                                                                                                                                                                                                                                                                                                                                                                                <\/div>\r\n                                                                                                                                                                                                                                                                                                                                                                                                                                                                                                                                                                                                                                                                                                                                                                                                                                                                                                                                                                                                                                                                                                                                                                <\/div>\r\n    <\/div>\r\n<\/div><div class=\"speaker-side\" speaker_id=\"114334\">\r\n    <svg class=\"close\" width=\"40\" height=\"40\" viewBox=\"0 0 40 40\" fill=\"none\" xmlns=\"http:\/\/www.w3.org\/2000\/svg\">\r\n        <path d=\"M0 20C0 8.95431 8.95431 0 20 0C31.0457 0 40 8.95431 40 20C40 31.0457 31.0457 40 20 40C8.95431 40 0 31.0457 0 20Z\" fill=\"white\"\/>\r\n        <path d=\"M28.2361 14.2361C28.9197 13.5525 28.9197 12.4424 28.2361 11.7588C27.5525 11.0752 26.4424 11.0752 25.7588 11.7588L20.0002 17.5229L14.2361 11.7643C13.5525 11.0807 12.4424 11.0807 11.7588 11.7643C11.0752 12.4479 11.0752 13.558 11.7588 14.2416L17.5229 20.0002L11.7643 25.7643C11.0807 26.4479 11.0807 27.558 11.7643 28.2416C12.4479 28.9252 13.558 28.9252 14.2416 28.2416L20.0002 22.4775L25.7643 28.2361C26.4479 28.9197 27.558 28.9197 28.2416 28.2361C28.9252 27.5525 28.9252 26.4424 28.2416 25.7588L22.4775 20.0002L28.2361 14.2361Z\" fill=\"black\"\/>\r\n    <\/svg>\r\n\r\n    <div class=\"speaker-container\">\r\n                    <div class=\"speaker-img\">\r\n                <img src=\"\" onerror=\"this.src='https:\/\/congresofanpse.org\/2024\/wp-content\/plugins\/bipeek\/speaker-fallback.jpg';this.onerror='';\">\r\n                <div class=\"gradient\"><\/div>\r\n            <\/div>\r\n                <div class=\"speaker-info\">\r\n            <div class=\"speaker-name\">\r\n                Cristina Ramirez Bruna            <\/div>\r\n            <div class=\"speaker-job body-1\">\r\n                                                                                        Fonoaudi\u00f3loga, docente carrera fonoaudiolog\u00eda Universidad Nacional Andr\u00e9s Bello, Chile                                                    Universidad Nacional Andr\u00e9s Bello                            <\/div>\r\n                            <div class=\"spacer\"><\/div>\r\n                <div class=\"speaker-cv body-2\">\r\n                                    <\/div>\r\n                                <\/div>\r\n        <div class=\"speaker-talks\">\r\n                                                                                                                                                                                                                                                                                                                                                                                                                                                                                                                                                                                                                                                                                    <div class=\"speaker-session hasSession\" session_id=\"6604\">\r\n                                                            <h5>Comunicaciones orales I<\/h5>\r\n                                                        <div class=\"speaker-talk\">\r\n                                <div class=\"hour-date-room-container\">\r\n                                    <div class=\"body-2 medium\">8 mar<\/div>\r\n                                    <div class=\"body-2 medium\">Sala Alb\u00e9niz-Machuca<\/div>\r\n                                    <div class=\"body-2 medium\">15:30 - 16:45<\/div>\r\n                                                                    <\/div>\r\n                            <\/div>\r\n                                                            <h6>Interviene en:<\/h6>\r\n                                                                                                                                                                                                                                                                                                                                                                                                                                                                                                                                                                                                                                                                                                                                                                                                                                                                                                        <div class=\"speaker-talk\" style=\"margin-left: 1rem;\">\r\n                                                <div class=\"talk-title body-1\">\r\n                                                    Perfil Neuropsicol\u00f3gico y correlato neural en Enfermedad de Alzheimer t\u00edpica y variantes at\u00edpicas: Una revisi\u00f3n sistem\u00e1tica cualitativa                                                <\/div>\r\n                                            <\/div>\r\n                                                                                                                                                                                                                                                                                                                <\/div>\r\n                                                                                                                                                                                                                                                                                                                                                                                                                                                                                                                                                                                                                                                                                    <div class=\"speaker-session hasSession\" session_id=\"6928\">\r\n                                                            <h5>Comunicaciones orales VI<\/h5>\r\n                                                        <div class=\"speaker-talk\">\r\n                                <div class=\"hour-date-room-container\">\r\n                                    <div class=\"body-2 medium\">9 mar<\/div>\r\n                                    <div class=\"body-2 medium\">Sala Machado<\/div>\r\n                                    <div class=\"body-2 medium\">9:00 - 10:30<\/div>\r\n                                                                    <\/div>\r\n                            <\/div>\r\n                                                            <h6>Interviene en:<\/h6>\r\n                                                                                                                                                                                                                                                                                                                                                                                                                                                                                                                                                                                                                                                                                                                                                                                                                                                                                                                                                                                                                                                                                                                                                                                                        <div class=\"speaker-talk\" style=\"margin-left: 1rem;\">\r\n                                                <div class=\"talk-title body-1\">\r\n                                                    Cerebelo, Cognici\u00f3n y Lenguaje: Una revisi\u00f3n sistem\u00e1tica                                                <\/div>\r\n                                            <\/div>\r\n                                                                                                                                                                                                                                                                                                                <\/div>\r\n                                                                                                                                                                                                                                                                                                                                                                                                                                                                                                                        <\/div>\r\n    <\/div>\r\n<\/div><div class=\"speaker-side\" speaker_id=\"113364\">\r\n    <svg class=\"close\" width=\"40\" height=\"40\" viewBox=\"0 0 40 40\" fill=\"none\" xmlns=\"http:\/\/www.w3.org\/2000\/svg\">\r\n        <path d=\"M0 20C0 8.95431 8.95431 0 20 0C31.0457 0 40 8.95431 40 20C40 31.0457 31.0457 40 20 40C8.95431 40 0 31.0457 0 20Z\" fill=\"white\"\/>\r\n        <path d=\"M28.2361 14.2361C28.9197 13.5525 28.9197 12.4424 28.2361 11.7588C27.5525 11.0752 26.4424 11.0752 25.7588 11.7588L20.0002 17.5229L14.2361 11.7643C13.5525 11.0807 12.4424 11.0807 11.7588 11.7643C11.0752 12.4479 11.0752 13.558 11.7588 14.2416L17.5229 20.0002L11.7643 25.7643C11.0807 26.4479 11.0807 27.558 11.7643 28.2416C12.4479 28.9252 13.558 28.9252 14.2416 28.2416L20.0002 22.4775L25.7643 28.2361C26.4479 28.9197 27.558 28.9197 28.2416 28.2361C28.9252 27.5525 28.9252 26.4424 28.2416 25.7588L22.4775 20.0002L28.2361 14.2361Z\" fill=\"black\"\/>\r\n    <\/svg>\r\n\r\n    <div class=\"speaker-container\">\r\n                    <div class=\"speaker-img\">\r\n                <img src=\"\" onerror=\"this.src='https:\/\/congresofanpse.org\/2024\/wp-content\/plugins\/bipeek\/speaker-fallback.jpg';this.onerror='';\">\r\n                <div class=\"gradient\"><\/div>\r\n            <\/div>\r\n                <div class=\"speaker-info\">\r\n            <div class=\"speaker-name\">\r\n                Mariana Merino Sierra            <\/div>\r\n            <div class=\"speaker-job body-1\">\r\n                                                                                        Estudiante de posgrado                                                    Universidad Nacional Aut\u00f3noma de M\u00e9xico, Facultad de Estudios Superiores Iztacala FESI                            <\/div>\r\n                            <div class=\"spacer\"><\/div>\r\n                <div class=\"speaker-cv body-2\">\r\n                                    <\/div>\r\n                                <\/div>\r\n        <div class=\"speaker-talks\">\r\n                                                                                                                                                                                                                                                                                                                                                                                                                                                                                                                                                                                                                                                                                                                                                                                                                                                                                                                                                                                                                                                                                                                                                                                                                                                                    <div class=\"speaker-session hasSession\" session_id=\"6927\">\r\n                                                            <h5>Comunicaciones orales V<\/h5>\r\n                                                        <div class=\"speaker-talk\">\r\n                                <div class=\"hour-date-room-container\">\r\n                                    <div class=\"body-2 medium\">9 mar<\/div>\r\n                                    <div class=\"body-2 medium\">Sala Alb\u00e9niz-Machuca<\/div>\r\n                                    <div class=\"body-2 medium\">9:00 - 10:30<\/div>\r\n                                                                    <\/div>\r\n                            <\/div>\r\n                                                            <h6>Interviene en:<\/h6>\r\n                                                                                                                                                                                                                                                                                                                                                                                                                                                                                                                                                                                                                                                                                                                                                                                                                                                                                                        <div class=\"speaker-talk\" style=\"margin-left: 1rem;\">\r\n                                                <div class=\"talk-title body-1\">\r\n                                                    Evaluaci\u00f3n Neuropsicol\u00f3gica de dos pacientes con enfermedad de Alfa Manosidosis                                                <\/div>\r\n                                            <\/div>\r\n                                                                                                                                                                                                                                                                                                                                                                                                                                                                <\/div>\r\n                                                                                                                                                                                                                                                                                                                                                                                                                                                                                                                                                                                <\/div>\r\n    <\/div>\r\n<\/div><div class=\"speaker-side\" speaker_id=\"113379\">\r\n    <svg class=\"close\" width=\"40\" height=\"40\" viewBox=\"0 0 40 40\" fill=\"none\" xmlns=\"http:\/\/www.w3.org\/2000\/svg\">\r\n        <path d=\"M0 20C0 8.95431 8.95431 0 20 0C31.0457 0 40 8.95431 40 20C40 31.0457 31.0457 40 20 40C8.95431 40 0 31.0457 0 20Z\" fill=\"white\"\/>\r\n        <path d=\"M28.2361 14.2361C28.9197 13.5525 28.9197 12.4424 28.2361 11.7588C27.5525 11.0752 26.4424 11.0752 25.7588 11.7588L20.0002 17.5229L14.2361 11.7643C13.5525 11.0807 12.4424 11.0807 11.7588 11.7643C11.0752 12.4479 11.0752 13.558 11.7588 14.2416L17.5229 20.0002L11.7643 25.7643C11.0807 26.4479 11.0807 27.558 11.7643 28.2416C12.4479 28.9252 13.558 28.9252 14.2416 28.2416L20.0002 22.4775L25.7643 28.2361C26.4479 28.9197 27.558 28.9197 28.2416 28.2361C28.9252 27.5525 28.9252 26.4424 28.2416 25.7588L22.4775 20.0002L28.2361 14.2361Z\" fill=\"black\"\/>\r\n    <\/svg>\r\n\r\n    <div class=\"speaker-container\">\r\n                    <div class=\"speaker-img\">\r\n                <img src=\"\" onerror=\"this.src='https:\/\/congresofanpse.org\/2024\/wp-content\/plugins\/bipeek\/speaker-fallback.jpg';this.onerror='';\">\r\n                <div class=\"gradient\"><\/div>\r\n            <\/div>\r\n                <div class=\"speaker-info\">\r\n            <div class=\"speaker-name\">\r\n                Mar\u00eda Dolores Villalobos Tornero            <\/div>\r\n            <div class=\"speaker-job body-1\">\r\n                                                                                        Profesora Ayudante Doctora                                                    Universidad Complutense de Madrid                            <\/div>\r\n                            <div class=\"spacer\"><\/div>\r\n                <div class=\"speaker-cv body-2\">\r\n                                    <\/div>\r\n                                <\/div>\r\n        <div class=\"speaker-talks\">\r\n                                                                                                                                                                                                                                                                                                                                                                                                                                                                                                                                                                                                                                                                                                                                                                                                                                                                                                                                                                                                                                                                                                                                                                                                                                                                                                                            <div class=\"speaker-session hasSession\" session_id=\"6928\">\r\n                                                            <h5>Comunicaciones orales VI<\/h5>\r\n                                                        <div class=\"speaker-talk\">\r\n                                <div class=\"hour-date-room-container\">\r\n                                    <div class=\"body-2 medium\">9 mar<\/div>\r\n                                    <div class=\"body-2 medium\">Sala Machado<\/div>\r\n                                    <div class=\"body-2 medium\">9:00 - 10:30<\/div>\r\n                                                                    <\/div>\r\n                            <\/div>\r\n                                                            <h6>Interviene en:<\/h6>\r\n                                                                                                                                                        <div class=\"speaker-talk\" style=\"margin-left: 1rem;\">\r\n                                                <div class=\"talk-title body-1\">\r\n                                                    \u00bfSon eficaces los programas de intervenci\u00f3n sobre la conciencia de d\u00e9ficit en personas con da\u00f1o cerebral sobrevenido? Resultados de un meta-an\u00e1lisis                                                <\/div>\r\n                                            <\/div>\r\n                                                                                                                                                                                                                                                                                                                                                                                                                                                                                                                                                                                                                                                                                                                                                                                                                                                                                                                                                                                                                                                                                                                                                                                                                                                                                                                                                                <\/div>\r\n                                                                                                                                                                                                                                                                                                                                                                                                                                                                                                                        <\/div>\r\n    <\/div>\r\n<\/div><div class=\"speaker-side\" speaker_id=\"114338\">\r\n    <svg class=\"close\" width=\"40\" height=\"40\" viewBox=\"0 0 40 40\" fill=\"none\" xmlns=\"http:\/\/www.w3.org\/2000\/svg\">\r\n        <path d=\"M0 20C0 8.95431 8.95431 0 20 0C31.0457 0 40 8.95431 40 20C40 31.0457 31.0457 40 20 40C8.95431 40 0 31.0457 0 20Z\" fill=\"white\"\/>\r\n        <path d=\"M28.2361 14.2361C28.9197 13.5525 28.9197 12.4424 28.2361 11.7588C27.5525 11.0752 26.4424 11.0752 25.7588 11.7588L20.0002 17.5229L14.2361 11.7643C13.5525 11.0807 12.4424 11.0807 11.7588 11.7643C11.0752 12.4479 11.0752 13.558 11.7588 14.2416L17.5229 20.0002L11.7643 25.7643C11.0807 26.4479 11.0807 27.558 11.7643 28.2416C12.4479 28.9252 13.558 28.9252 14.2416 28.2416L20.0002 22.4775L25.7643 28.2361C26.4479 28.9197 27.558 28.9197 28.2416 28.2361C28.9252 27.5525 28.9252 26.4424 28.2416 25.7588L22.4775 20.0002L28.2361 14.2361Z\" fill=\"black\"\/>\r\n    <\/svg>\r\n\r\n    <div class=\"speaker-container\">\r\n                    <div class=\"speaker-img\">\r\n                <img src=\"\" onerror=\"this.src='https:\/\/congresofanpse.org\/2024\/wp-content\/plugins\/bipeek\/speaker-fallback.jpg';this.onerror='';\">\r\n                <div class=\"gradient\"><\/div>\r\n            <\/div>\r\n                <div class=\"speaker-info\">\r\n            <div class=\"speaker-name\">\r\n                Mercedes Montenegro Pe\u00f1a            <\/div>\r\n            <div class=\"speaker-job body-1\">\r\n                                                                                        Jefa Centro de Prevenci\u00f3n del Deterioro Cognitivo                                                    Centro de Prevenci\u00f3n del Deterioro Cognitivo. Madrid Salud. Ayuntamiento de Madrid                            <\/div>\r\n                            <div class=\"spacer\"><\/div>\r\n                <div class=\"speaker-cv body-2\">\r\n                                    <\/div>\r\n                                <\/div>\r\n        <div class=\"speaker-talks\">\r\n                                                                                                                                                                                                                                                                                                                                                                                                                                                                                                                                                                                                                                                                                    <div class=\"speaker-session hasSession\" session_id=\"6604\">\r\n                                                            <h5>Comunicaciones orales I<\/h5>\r\n                                                        <div class=\"speaker-talk\">\r\n                                <div class=\"hour-date-room-container\">\r\n                                    <div class=\"body-2 medium\">8 mar<\/div>\r\n                                    <div class=\"body-2 medium\">Sala Alb\u00e9niz-Machuca<\/div>\r\n                                    <div class=\"body-2 medium\">15:30 - 16:45<\/div>\r\n                                                                    <\/div>\r\n                            <\/div>\r\n                                                            <h6>Interviene en:<\/h6>\r\n                                                                                                                                                                                                                                                                                                                                                                                                                                                                                                                                                                                                                                                                                                                                                                                                                                                                                                                                                                                                                                                        <div class=\"speaker-talk\" style=\"margin-left: 1rem;\">\r\n                                                <div class=\"talk-title body-1\">\r\n                                                    Predicci\u00f3n del grupo etario a partir de la actividad en los juegos serios de una plataforma web de estimulaci\u00f3n cognitiva                                                <\/div>\r\n                                            <\/div>\r\n                                                                                                                                                                <\/div>\r\n                                                                                                                                                                                                                                                                                                                                                                                                                                                                                                                                                                                                                                                                                                                                                                                                                                                                                                                                                                                                                                                                                                                                                                <\/div>\r\n    <\/div>\r\n<\/div><div class=\"speaker-side\" speaker_id=\"113952\">\r\n    <svg class=\"close\" width=\"40\" height=\"40\" viewBox=\"0 0 40 40\" fill=\"none\" xmlns=\"http:\/\/www.w3.org\/2000\/svg\">\r\n        <path d=\"M0 20C0 8.95431 8.95431 0 20 0C31.0457 0 40 8.95431 40 20C40 31.0457 31.0457 40 20 40C8.95431 40 0 31.0457 0 20Z\" fill=\"white\"\/>\r\n        <path d=\"M28.2361 14.2361C28.9197 13.5525 28.9197 12.4424 28.2361 11.7588C27.5525 11.0752 26.4424 11.0752 25.7588 11.7588L20.0002 17.5229L14.2361 11.7643C13.5525 11.0807 12.4424 11.0807 11.7588 11.7643C11.0752 12.4479 11.0752 13.558 11.7588 14.2416L17.5229 20.0002L11.7643 25.7643C11.0807 26.4479 11.0807 27.558 11.7643 28.2416C12.4479 28.9252 13.558 28.9252 14.2416 28.2416L20.0002 22.4775L25.7643 28.2361C26.4479 28.9197 27.558 28.9197 28.2416 28.2361C28.9252 27.5525 28.9252 26.4424 28.2416 25.7588L22.4775 20.0002L28.2361 14.2361Z\" fill=\"black\"\/>\r\n    <\/svg>\r\n\r\n    <div class=\"speaker-container\">\r\n                    <div class=\"speaker-img\">\r\n                <img src=\"\" onerror=\"this.src='https:\/\/congresofanpse.org\/2024\/wp-content\/plugins\/bipeek\/speaker-fallback.jpg';this.onerror='';\">\r\n                <div class=\"gradient\"><\/div>\r\n            <\/div>\r\n                <div class=\"speaker-info\">\r\n            <div class=\"speaker-name\">\r\n                Daniel Alberto Salazar Frias            <\/div>\r\n            <div class=\"speaker-job body-1\">\r\n                                                                                        estudiante predoctoral                                                    Centro de Investigaci\u00f3n Mente cerebro y Comportamiento                            <\/div>\r\n                            <div class=\"spacer\"><\/div>\r\n                <div class=\"speaker-cv body-2\">\r\n                                    <\/div>\r\n                                <\/div>\r\n        <div class=\"speaker-talks\">\r\n                                                                                                                                                                                                                                                                                                                                                                                                                                                                                                                                                                                                                                                                                                                                                                                                                                                                                                                                                                                                                                                                                                                                                                                                                                                                                                                            <div class=\"speaker-session hasSession\" session_id=\"6928\">\r\n                                                            <h5>Comunicaciones orales VI<\/h5>\r\n                                                        <div class=\"speaker-talk\">\r\n                                <div class=\"hour-date-room-container\">\r\n                                    <div class=\"body-2 medium\">9 mar<\/div>\r\n                                    <div class=\"body-2 medium\">Sala Machado<\/div>\r\n                                    <div class=\"body-2 medium\">9:00 - 10:30<\/div>\r\n                                                                    <\/div>\r\n                            <\/div>\r\n                                                            <h6>Interviene en:<\/h6>\r\n                                                                                                                                                                                                                                                                                                                                                                                                                                                        <div class=\"speaker-talk\" style=\"margin-left: 1rem;\">\r\n                                                <div class=\"talk-title body-1\">\r\n                                                    Evaluaci\u00f3n de la conciencia on-line y funciones ejecutivas en pacientes con da\u00f1o cerebral adquirido, a trav\u00e9s de un nuevo test cognitivo-funcional: Weekly Calendar Planning Activity 10-item (WCPA-10)                                                <\/div>\r\n                                            <\/div>\r\n                                                                                                                                                                                                                                    <div class=\"speaker-talk\" style=\"margin-left: 1rem;\">\r\n                                                <div class=\"talk-title body-1\">\r\n                                                    La Escala de Conciencia Cognitiva para Actividades B\u00e1sicas e Instrumentales de la Vida Diaria: una nueva herramienta para  medir la conciencia off-line en pacientes con da\u00f1o cerebral adquirido                                                <\/div>\r\n                                            <\/div>\r\n                                                                                                                                                                                                                                                                                                                                                                                                                                                                                                                                                                                                                                                                                                                                                                                                                                                                                                                <\/div>\r\n                                                                                                                                                                                                                                                                                                                                                                                                                                                                                                                        <\/div>\r\n    <\/div>\r\n<\/div><div class=\"speaker-side\" speaker_id=\"114297\">\r\n    <svg class=\"close\" width=\"40\" height=\"40\" viewBox=\"0 0 40 40\" fill=\"none\" xmlns=\"http:\/\/www.w3.org\/2000\/svg\">\r\n        <path d=\"M0 20C0 8.95431 8.95431 0 20 0C31.0457 0 40 8.95431 40 20C40 31.0457 31.0457 40 20 40C8.95431 40 0 31.0457 0 20Z\" fill=\"white\"\/>\r\n        <path d=\"M28.2361 14.2361C28.9197 13.5525 28.9197 12.4424 28.2361 11.7588C27.5525 11.0752 26.4424 11.0752 25.7588 11.7588L20.0002 17.5229L14.2361 11.7643C13.5525 11.0807 12.4424 11.0807 11.7588 11.7643C11.0752 12.4479 11.0752 13.558 11.7588 14.2416L17.5229 20.0002L11.7643 25.7643C11.0807 26.4479 11.0807 27.558 11.7643 28.2416C12.4479 28.9252 13.558 28.9252 14.2416 28.2416L20.0002 22.4775L25.7643 28.2361C26.4479 28.9197 27.558 28.9197 28.2416 28.2361C28.9252 27.5525 28.9252 26.4424 28.2416 25.7588L22.4775 20.0002L28.2361 14.2361Z\" fill=\"black\"\/>\r\n    <\/svg>\r\n\r\n    <div class=\"speaker-container\">\r\n                    <div class=\"speaker-img\">\r\n                <img src=\"\" onerror=\"this.src='https:\/\/congresofanpse.org\/2024\/wp-content\/plugins\/bipeek\/speaker-fallback.jpg';this.onerror='';\">\r\n                <div class=\"gradient\"><\/div>\r\n            <\/div>\r\n                <div class=\"speaker-info\">\r\n            <div class=\"speaker-name\">\r\n                Isabel Trujillo Pozo            <\/div>\r\n            <div class=\"speaker-job body-1\">\r\n                                                                                        Profesora Universidad de Sevilla                                                    Facultad de Psicolog\u00eda. Universidad de Sevilla                            <\/div>\r\n                            <div class=\"spacer\"><\/div>\r\n                <div class=\"speaker-cv body-2\">\r\n                                    <\/div>\r\n                                <\/div>\r\n        <div class=\"speaker-talks\">\r\n                                                                                                                                                                                                                                                                                                                                                                                                                                                                                                                                                                                                                                                                                                                                            <div class=\"speaker-session hasSession\" session_id=\"6605\">\r\n                                                            <h5>Comunicaciones orales II<\/h5>\r\n                                                        <div class=\"speaker-talk\">\r\n                                <div class=\"hour-date-room-container\">\r\n                                    <div class=\"body-2 medium\">8 mar<\/div>\r\n                                    <div class=\"body-2 medium\">Sala Machado<\/div>\r\n                                    <div class=\"body-2 medium\">15:30 - 16:45<\/div>\r\n                                                                    <\/div>\r\n                            <\/div>\r\n                                                            <h6>Interviene en:<\/h6>\r\n                                                                                                                                                        <div class=\"speaker-talk\" style=\"margin-left: 1rem;\">\r\n                                                <div class=\"talk-title body-1\">\r\n                                                    La corteza insular. Resultados tras estimulaci\u00f3n neuropsicol\u00f3gica y mapeo cortico-subcortical de tumores gliales en cirug\u00eda de paciente despierto.                                                <\/div>\r\n                                            <\/div>\r\n                                                                                                                                                                                                                                                                                                                                                                                                                                                                                                                                                                                                                                                                                                                                                                                                                                                                                                                                                                                                                                                                <\/div>\r\n                                                                                                                                                                                                                                                                                                                                                                                                                                                                                                                                                                                                                                                                                                                                                                                                                                                                                                                                                                                                                                                                                                        <\/div>\r\n    <\/div>\r\n<\/div><div class=\"speaker-side\" speaker_id=\"113954\">\r\n    <svg class=\"close\" width=\"40\" height=\"40\" viewBox=\"0 0 40 40\" fill=\"none\" xmlns=\"http:\/\/www.w3.org\/2000\/svg\">\r\n        <path d=\"M0 20C0 8.95431 8.95431 0 20 0C31.0457 0 40 8.95431 40 20C40 31.0457 31.0457 40 20 40C8.95431 40 0 31.0457 0 20Z\" fill=\"white\"\/>\r\n        <path d=\"M28.2361 14.2361C28.9197 13.5525 28.9197 12.4424 28.2361 11.7588C27.5525 11.0752 26.4424 11.0752 25.7588 11.7588L20.0002 17.5229L14.2361 11.7643C13.5525 11.0807 12.4424 11.0807 11.7588 11.7643C11.0752 12.4479 11.0752 13.558 11.7588 14.2416L17.5229 20.0002L11.7643 25.7643C11.0807 26.4479 11.0807 27.558 11.7643 28.2416C12.4479 28.9252 13.558 28.9252 14.2416 28.2416L20.0002 22.4775L25.7643 28.2361C26.4479 28.9197 27.558 28.9197 28.2416 28.2361C28.9252 27.5525 28.9252 26.4424 28.2416 25.7588L22.4775 20.0002L28.2361 14.2361Z\" fill=\"black\"\/>\r\n    <\/svg>\r\n\r\n    <div class=\"speaker-container\">\r\n                    <div class=\"speaker-img\">\r\n                <img src=\"\" onerror=\"this.src='https:\/\/congresofanpse.org\/2024\/wp-content\/plugins\/bipeek\/speaker-fallback.jpg';this.onerror='';\">\r\n                <div class=\"gradient\"><\/div>\r\n            <\/div>\r\n                <div class=\"speaker-info\">\r\n            <div class=\"speaker-name\">\r\n                Maria del Carmen Martinez Cortes            <\/div>\r\n            <div class=\"speaker-job body-1\">\r\n                                                                                        Neuropsicologa Clinica                                                    CerNep. Universidad de Almer\u00eda                            <\/div>\r\n                            <div class=\"spacer\"><\/div>\r\n                <div class=\"speaker-cv body-2\">\r\n                                    <\/div>\r\n                                <\/div>\r\n        <div class=\"speaker-talks\">\r\n                                                                                                                                                                                                                                                                                                                                                                                                                                                                                                                                                                                                                                                                                                                                                                                                                                                                                                                                                                                                                                                                                                                                                                                                                                                                                                                            <div class=\"speaker-session hasSession\" session_id=\"6928\">\r\n                                                            <h5>Comunicaciones orales VI<\/h5>\r\n                                                        <div class=\"speaker-talk\">\r\n                                <div class=\"hour-date-room-container\">\r\n                                    <div class=\"body-2 medium\">9 mar<\/div>\r\n                                    <div class=\"body-2 medium\">Sala Machado<\/div>\r\n                                    <div class=\"body-2 medium\">9:00 - 10:30<\/div>\r\n                                                                    <\/div>\r\n                            <\/div>\r\n                                                            <h6>Interviene en:<\/h6>\r\n                                                                                                                                                                                                                                                                                                        <div class=\"speaker-talk\" style=\"margin-left: 1rem;\">\r\n                                                <div class=\"talk-title body-1\">\r\n                                                    De la cl\u00ednica al Supermercado: Entrenamiento en pacientes con da\u00f1o cerebral adquirido de las funciones ejecutivas necesarias para hacer la compra                                                <\/div>\r\n                                            <\/div>\r\n                                                                                                                                                                                                                                                                                                                                                                                                                                                                                                                                                                                                                                                                                                                                                                                                                                                                                                                                                                                                                                                                                                                                                                                                                <\/div>\r\n                                                                                                                                                                                                                                                                                                                                                                                                                                                                                                                        <\/div>\r\n    <\/div>\r\n<\/div><div class=\"speaker-side\" speaker_id=\"110870\">\r\n    <svg class=\"close\" width=\"40\" height=\"40\" viewBox=\"0 0 40 40\" fill=\"none\" xmlns=\"http:\/\/www.w3.org\/2000\/svg\">\r\n        <path d=\"M0 20C0 8.95431 8.95431 0 20 0C31.0457 0 40 8.95431 40 20C40 31.0457 31.0457 40 20 40C8.95431 40 0 31.0457 0 20Z\" fill=\"white\"\/>\r\n        <path d=\"M28.2361 14.2361C28.9197 13.5525 28.9197 12.4424 28.2361 11.7588C27.5525 11.0752 26.4424 11.0752 25.7588 11.7588L20.0002 17.5229L14.2361 11.7643C13.5525 11.0807 12.4424 11.0807 11.7588 11.7643C11.0752 12.4479 11.0752 13.558 11.7588 14.2416L17.5229 20.0002L11.7643 25.7643C11.0807 26.4479 11.0807 27.558 11.7643 28.2416C12.4479 28.9252 13.558 28.9252 14.2416 28.2416L20.0002 22.4775L25.7643 28.2361C26.4479 28.9197 27.558 28.9197 28.2416 28.2361C28.9252 27.5525 28.9252 26.4424 28.2416 25.7588L22.4775 20.0002L28.2361 14.2361Z\" fill=\"black\"\/>\r\n    <\/svg>\r\n\r\n    <div class=\"speaker-container\">\r\n                    <div class=\"speaker-img\">\r\n                <img src=\"\" onerror=\"this.src='https:\/\/congresofanpse.org\/2024\/wp-content\/plugins\/bipeek\/speaker-fallback.jpg';this.onerror='';\">\r\n                <div class=\"gradient\"><\/div>\r\n            <\/div>\r\n                <div class=\"speaker-info\">\r\n            <div class=\"speaker-name\">\r\n                Isabel Mar\u00eda Mart\u00edn Monz\u00f3n            <\/div>\r\n            <div class=\"speaker-job body-1\">\r\n                                                                                        PROFESORA TITULAR UNIVERSIDAD. \u00c1REA PSICOBIOLOG\u00cdA, UNIVERSIDAD DE SEVILLA. NEUROPSIC\u00d3LOGA CL\u00cdNICA ACREDITADA                                                    FACULTAD DE PSICOLOG\u00cdA, UNIVERSIDAD DE SEVILLA                            <\/div>\r\n                            <div class=\"spacer\"><\/div>\r\n                <div class=\"speaker-cv body-2\">\r\n                                    <\/div>\r\n                                <\/div>\r\n        <div class=\"speaker-talks\">\r\n                                                                                                                                                                                                                                                                                                                                                                                                                                                                                                                                                                                                                                                                                                                                            <div class=\"speaker-session hasSession\" session_id=\"6605\">\r\n                                                            <h5>Comunicaciones orales II<\/h5>\r\n                                                        <div class=\"speaker-talk\">\r\n                                <div class=\"hour-date-room-container\">\r\n                                    <div class=\"body-2 medium\">8 mar<\/div>\r\n                                    <div class=\"body-2 medium\">Sala Machado<\/div>\r\n                                    <div class=\"body-2 medium\">15:30 - 16:45<\/div>\r\n                                                                    <\/div>\r\n                            <\/div>\r\n                                                            <h6>Interviene en:<\/h6>\r\n                                                                                                                                                                                                                                                                                                        <div class=\"speaker-talk\" style=\"margin-left: 1rem;\">\r\n                                                <div class=\"talk-title body-1\">\r\n                                                    Mapeo intraoperatorio del hemisferio derecho: Una revisi\u00f3n sistem\u00e1tica de protocolos que eval\u00faan funciones cognitivas y sociales.                                                <\/div>\r\n                                            <\/div>\r\n                                                                                                                                                                                                                                                                                                                                                                                                                                                                                                                                                                                                                                                                                                                                                                                                                                                                                                                <\/div>\r\n                                                                                                                                                                                                                                                                                                                                                                                                                                                                                                                                                                                                                                                                                                                                                                                                                                                                                                                                                                                                                                                                                                        <\/div>\r\n    <\/div>\r\n<\/div><div class=\"speaker-side\" speaker_id=\"113351\">\r\n    <svg class=\"close\" width=\"40\" height=\"40\" viewBox=\"0 0 40 40\" fill=\"none\" xmlns=\"http:\/\/www.w3.org\/2000\/svg\">\r\n        <path d=\"M0 20C0 8.95431 8.95431 0 20 0C31.0457 0 40 8.95431 40 20C40 31.0457 31.0457 40 20 40C8.95431 40 0 31.0457 0 20Z\" fill=\"white\"\/>\r\n        <path d=\"M28.2361 14.2361C28.9197 13.5525 28.9197 12.4424 28.2361 11.7588C27.5525 11.0752 26.4424 11.0752 25.7588 11.7588L20.0002 17.5229L14.2361 11.7643C13.5525 11.0807 12.4424 11.0807 11.7588 11.7643C11.0752 12.4479 11.0752 13.558 11.7588 14.2416L17.5229 20.0002L11.7643 25.7643C11.0807 26.4479 11.0807 27.558 11.7643 28.2416C12.4479 28.9252 13.558 28.9252 14.2416 28.2416L20.0002 22.4775L25.7643 28.2361C26.4479 28.9197 27.558 28.9197 28.2416 28.2361C28.9252 27.5525 28.9252 26.4424 28.2416 25.7588L22.4775 20.0002L28.2361 14.2361Z\" fill=\"black\"\/>\r\n    <\/svg>\r\n\r\n    <div class=\"speaker-container\">\r\n                    <div class=\"speaker-img\">\r\n                <img src=\"\" onerror=\"this.src='https:\/\/congresofanpse.org\/2024\/wp-content\/plugins\/bipeek\/speaker-fallback.jpg';this.onerror='';\">\r\n                <div class=\"gradient\"><\/div>\r\n            <\/div>\r\n                <div class=\"speaker-info\">\r\n            <div class=\"speaker-name\">\r\n                MARIEN GADEA DOMENECH            <\/div>\r\n            <div class=\"speaker-job body-1\">\r\n                                                                                        TITULAR UNIVERSIDAD                                                    DEPARTAMENTO DE PSICOBIOLOG\u00cdA                            <\/div>\r\n                            <div class=\"spacer\"><\/div>\r\n                <div class=\"speaker-cv body-2\">\r\n                                    <\/div>\r\n                                <\/div>\r\n        <div class=\"speaker-talks\">\r\n                                                                                                                                                                                                                                                                                                                                                                                                                                                                                                                                                                                                                                                                                                                                            <div class=\"speaker-session hasSession\" session_id=\"6605\">\r\n                                                            <h5>Comunicaciones orales II<\/h5>\r\n                                                        <div class=\"speaker-talk\">\r\n                                <div class=\"hour-date-room-container\">\r\n                                    <div class=\"body-2 medium\">8 mar<\/div>\r\n                                    <div class=\"body-2 medium\">Sala Machado<\/div>\r\n                                    <div class=\"body-2 medium\">15:30 - 16:45<\/div>\r\n                                                                    <\/div>\r\n                            <\/div>\r\n                                                            <h6>Interviene en:<\/h6>\r\n                                                                                                                                                                                                                                                                                                                                                                                                                                                                                                                                                                                                                                                                                                                                                        <div class=\"speaker-talk\" style=\"margin-left: 1rem;\">\r\n                                                <div class=\"talk-title body-1\">\r\n                                                    tDCS en el c\u00f3rtex prefrontal para la reducci\u00f3n del consumo de tabaco y control del craving en fumadores: resultados de un ensayo cl\u00ednico aleatorizado                                                <\/div>\r\n                                            <\/div>\r\n                                                                                                                                                                                                                                                                                                                                                                                                                                                                <\/div>\r\n                                                                                                                                                                                                                                                                                                                                                                                                                                                                                                                                                                                                                                                                                                                                                                                                                                                                                                                                                                                                                                                                                                        <\/div>\r\n    <\/div>\r\n<\/div><div class=\"speaker-side\" speaker_id=\"113352\">\r\n    <svg class=\"close\" width=\"40\" height=\"40\" viewBox=\"0 0 40 40\" fill=\"none\" xmlns=\"http:\/\/www.w3.org\/2000\/svg\">\r\n        <path d=\"M0 20C0 8.95431 8.95431 0 20 0C31.0457 0 40 8.95431 40 20C40 31.0457 31.0457 40 20 40C8.95431 40 0 31.0457 0 20Z\" fill=\"white\"\/>\r\n        <path d=\"M28.2361 14.2361C28.9197 13.5525 28.9197 12.4424 28.2361 11.7588C27.5525 11.0752 26.4424 11.0752 25.7588 11.7588L20.0002 17.5229L14.2361 11.7643C13.5525 11.0807 12.4424 11.0807 11.7588 11.7643C11.0752 12.4479 11.0752 13.558 11.7588 14.2416L17.5229 20.0002L11.7643 25.7643C11.0807 26.4479 11.0807 27.558 11.7643 28.2416C12.4479 28.9252 13.558 28.9252 14.2416 28.2416L20.0002 22.4775L25.7643 28.2361C26.4479 28.9197 27.558 28.9197 28.2416 28.2361C28.9252 27.5525 28.9252 26.4424 28.2416 25.7588L22.4775 20.0002L28.2361 14.2361Z\" fill=\"black\"\/>\r\n    <\/svg>\r\n\r\n    <div class=\"speaker-container\">\r\n                    <div class=\"speaker-img\">\r\n                <img src=\"\" onerror=\"this.src='https:\/\/congresofanpse.org\/2024\/wp-content\/plugins\/bipeek\/speaker-fallback.jpg';this.onerror='';\">\r\n                <div class=\"gradient\"><\/div>\r\n            <\/div>\r\n                <div class=\"speaker-info\">\r\n            <div class=\"speaker-name\">\r\n                Sarai Mart\u00ednez Mart\u00ednez            <\/div>\r\n            <div class=\"speaker-job body-1\">\r\n                                                                                        Estudiante                                                    Universidad e Deusto                            <\/div>\r\n                            <div class=\"spacer\"><\/div>\r\n                <div class=\"speaker-cv body-2\">\r\n                                    <\/div>\r\n                                <\/div>\r\n        <div class=\"speaker-talks\">\r\n                                                                                                                                                                                                                                                                                                                                                                                                                                                                                                                                                                                                                                                                                                                                            <div class=\"speaker-session hasSession\" session_id=\"6605\">\r\n                                                            <h5>Comunicaciones orales II<\/h5>\r\n                                                        <div class=\"speaker-talk\">\r\n                                <div class=\"hour-date-room-container\">\r\n                                    <div class=\"body-2 medium\">8 mar<\/div>\r\n                                    <div class=\"body-2 medium\">Sala Machado<\/div>\r\n                                    <div class=\"body-2 medium\">15:30 - 16:45<\/div>\r\n                                                                    <\/div>\r\n                            <\/div>\r\n                                                            <h6>Interviene en:<\/h6>\r\n                                                                                                                                                                                                                                                                                                                                                                                                                                                                                                                                                                                                                                                                                                                                                                                                                                                                                                        <div class=\"speaker-talk\" style=\"margin-left: 1rem;\">\r\n                                                <div class=\"talk-title body-1\">\r\n                                                    Efecto de Mejora en la Originalidad Visual aplicando Estimulaci\u00f3n Transcraneal No Invasiva a Oscilaciones Lentas                                                <\/div>\r\n                                            <\/div>\r\n                                                                                                                                                                                                                                                                                                                <\/div>\r\n                                                                                                                                                                                                                                                                                                                                                                                                                                                                                                                                                                                                                                                                                                                                                                                                                                                                                                                                                                                                                                                                                                        <\/div>\r\n    <\/div>\r\n<\/div><div class=\"speaker-side\" speaker_id=\"113371\">\r\n    <svg class=\"close\" width=\"40\" height=\"40\" viewBox=\"0 0 40 40\" fill=\"none\" xmlns=\"http:\/\/www.w3.org\/2000\/svg\">\r\n        <path d=\"M0 20C0 8.95431 8.95431 0 20 0C31.0457 0 40 8.95431 40 20C40 31.0457 31.0457 40 20 40C8.95431 40 0 31.0457 0 20Z\" fill=\"white\"\/>\r\n        <path d=\"M28.2361 14.2361C28.9197 13.5525 28.9197 12.4424 28.2361 11.7588C27.5525 11.0752 26.4424 11.0752 25.7588 11.7588L20.0002 17.5229L14.2361 11.7643C13.5525 11.0807 12.4424 11.0807 11.7588 11.7643C11.0752 12.4479 11.0752 13.558 11.7588 14.2416L17.5229 20.0002L11.7643 25.7643C11.0807 26.4479 11.0807 27.558 11.7643 28.2416C12.4479 28.9252 13.558 28.9252 14.2416 28.2416L20.0002 22.4775L25.7643 28.2361C26.4479 28.9197 27.558 28.9197 28.2416 28.2361C28.9252 27.5525 28.9252 26.4424 28.2416 25.7588L22.4775 20.0002L28.2361 14.2361Z\" fill=\"black\"\/>\r\n    <\/svg>\r\n\r\n    <div class=\"speaker-container\">\r\n                    <div class=\"speaker-img\">\r\n                <img src=\"\" onerror=\"this.src='https:\/\/congresofanpse.org\/2024\/wp-content\/plugins\/bipeek\/speaker-fallback.jpg';this.onerror='';\">\r\n                <div class=\"gradient\"><\/div>\r\n            <\/div>\r\n                <div class=\"speaker-info\">\r\n            <div class=\"speaker-name\">\r\n                Anna Gasa Roque            <\/div>\r\n            <div class=\"speaker-job body-1\">\r\n                                                                                        Neuropsic\u00f3loga                                                    Neuropsychology Unit, Department of Neurology, Hospital Universitari de Bellvitge, Hospitalet de Llobregat, Barcelona, Spain. Cognition and Brain Plasticity Group [Bellvitge Biomedical Research Institute-IDIBELL], L'Hospitalet de Llobregat, Barcelona, Spain. Institute of Neurosciences (UBNeuro), University of Barcelona, Barcelona, Spain                            <\/div>\r\n                            <div class=\"spacer\"><\/div>\r\n                <div class=\"speaker-cv body-2\">\r\n                                    <\/div>\r\n                                <\/div>\r\n        <div class=\"speaker-talks\">\r\n                                                                                                                                                                                                                                                                                                                                                                                                                                                                                                                                                                                                                                                                                                                                            <div class=\"speaker-session hasSession\" session_id=\"6605\">\r\n                                                            <h5>Comunicaciones orales II<\/h5>\r\n                                                        <div class=\"speaker-talk\">\r\n                                <div class=\"hour-date-room-container\">\r\n                                    <div class=\"body-2 medium\">8 mar<\/div>\r\n                                    <div class=\"body-2 medium\">Sala Machado<\/div>\r\n                                    <div class=\"body-2 medium\">15:30 - 16:45<\/div>\r\n                                                                    <\/div>\r\n                            <\/div>\r\n                                                            <h6>Interviene en:<\/h6>\r\n                                                                                                                                                                                                                                                                                                                                                                                                                                                                                                                                                                                                                                                                                                                                                                                                                                                                                                                                                                                                                                                        <div class=\"speaker-talk\" style=\"margin-left: 1rem;\">\r\n                                                <div class=\"talk-title body-1\">\r\n                                                    M\u00e1s all\u00e1 de la adquisici\u00f3n de dos idiomas: importancia del contexto ling\u00fc\u00edstico en la cognici\u00f3n y el lenguaje de pacientes biling\u00fces con tumores cerebrales                                                <\/div>\r\n                                            <\/div>\r\n                                                                                                                                                                <\/div>\r\n                                                                                                                                                                                                                                                                                                                                                                                                                                                                                                                                                                                                                                                                                                                                                                                                                                                                                                                                                                                                                                                                                                        <\/div>\r\n    <\/div>\r\n<\/div><div class=\"speaker-side\" speaker_id=\"113250\">\r\n    <svg class=\"close\" width=\"40\" height=\"40\" viewBox=\"0 0 40 40\" fill=\"none\" xmlns=\"http:\/\/www.w3.org\/2000\/svg\">\r\n        <path d=\"M0 20C0 8.95431 8.95431 0 20 0C31.0457 0 40 8.95431 40 20C40 31.0457 31.0457 40 20 40C8.95431 40 0 31.0457 0 20Z\" fill=\"white\"\/>\r\n        <path d=\"M28.2361 14.2361C28.9197 13.5525 28.9197 12.4424 28.2361 11.7588C27.5525 11.0752 26.4424 11.0752 25.7588 11.7588L20.0002 17.5229L14.2361 11.7643C13.5525 11.0807 12.4424 11.0807 11.7588 11.7643C11.0752 12.4479 11.0752 13.558 11.7588 14.2416L17.5229 20.0002L11.7643 25.7643C11.0807 26.4479 11.0807 27.558 11.7643 28.2416C12.4479 28.9252 13.558 28.9252 14.2416 28.2416L20.0002 22.4775L25.7643 28.2361C26.4479 28.9197 27.558 28.9197 28.2416 28.2361C28.9252 27.5525 28.9252 26.4424 28.2416 25.7588L22.4775 20.0002L28.2361 14.2361Z\" fill=\"black\"\/>\r\n    <\/svg>\r\n\r\n    <div class=\"speaker-container\">\r\n                    <div class=\"speaker-img\">\r\n                <img src=\"\" onerror=\"this.src='https:\/\/congresofanpse.org\/2024\/wp-content\/plugins\/bipeek\/speaker-fallback.jpg';this.onerror='';\">\r\n                <div class=\"gradient\"><\/div>\r\n            <\/div>\r\n                <div class=\"speaker-info\">\r\n            <div class=\"speaker-name\">\r\n                Rafael Segundo-Marcos            <\/div>\r\n            <div class=\"speaker-job body-1\">\r\n                                                                                        Profesor Asociado en el Departamento de Educaci\u00f3n de la Universidad de Almer\u00eda. Grupo de investigaci\u00f3n: Neuropsicolog\u00eda, Neurociencia Cognitiva Y Sexolog\u00eda (CTS001) de la Universidad de Almer\u00eda                                                    Universidad de Almer\u00eda                            <\/div>\r\n                            <div class=\"spacer\"><\/div>\r\n                <div class=\"speaker-cv body-2\">\r\n                                    <\/div>\r\n                                <\/div>\r\n        <div class=\"speaker-talks\">\r\n                                                                                                                                                                                                                                                                                                                                                                                                                                                                                                                                                                                                                                                                                                                                                                                                    <div class=\"speaker-session hasSession\" session_id=\"6608\">\r\n                                                            <h5>Comunicaciones orales III<\/h5>\r\n                                                        <div class=\"speaker-talk\">\r\n                                <div class=\"hour-date-room-container\">\r\n                                    <div class=\"body-2 medium\">8 mar<\/div>\r\n                                    <div class=\"body-2 medium\">Sala Seminario 1+2<\/div>\r\n                                    <div class=\"body-2 medium\">15:30 - 16:45<\/div>\r\n                                                                    <\/div>\r\n                            <\/div>\r\n                                                            <h6>Interviene en:<\/h6>\r\n                                                                                                                                                        <div class=\"speaker-talk\" style=\"margin-left: 1rem;\">\r\n                                                <div class=\"talk-title body-1\">\r\n                                                    Diferencias (y semejanzas) transculturales en el rendimiento ejecutivo y el pensamiento creativo: un an\u00e1lisis comparativo entre poblaci\u00f3n cubana y espa\u00f1ola en Educaci\u00f3n Primaria                                                <\/div>\r\n                                            <\/div>\r\n                                                                                                                                                                                                                                                                                                                                                                                                                                                                                                                                                                                                                                                                                                                                                                <\/div>\r\n                                                                                                                                                                                                                                                                                                                                                                                                                                                                                                                                                                                                                                                                                                                                                                                                                                                                                                                                                                                                                                                <\/div>\r\n    <\/div>\r\n<\/div><div class=\"speaker-side\" speaker_id=\"113342\">\r\n    <svg class=\"close\" width=\"40\" height=\"40\" viewBox=\"0 0 40 40\" fill=\"none\" xmlns=\"http:\/\/www.w3.org\/2000\/svg\">\r\n        <path d=\"M0 20C0 8.95431 8.95431 0 20 0C31.0457 0 40 8.95431 40 20C40 31.0457 31.0457 40 20 40C8.95431 40 0 31.0457 0 20Z\" fill=\"white\"\/>\r\n        <path d=\"M28.2361 14.2361C28.9197 13.5525 28.9197 12.4424 28.2361 11.7588C27.5525 11.0752 26.4424 11.0752 25.7588 11.7588L20.0002 17.5229L14.2361 11.7643C13.5525 11.0807 12.4424 11.0807 11.7588 11.7643C11.0752 12.4479 11.0752 13.558 11.7588 14.2416L17.5229 20.0002L11.7643 25.7643C11.0807 26.4479 11.0807 27.558 11.7643 28.2416C12.4479 28.9252 13.558 28.9252 14.2416 28.2416L20.0002 22.4775L25.7643 28.2361C26.4479 28.9197 27.558 28.9197 28.2416 28.2361C28.9252 27.5525 28.9252 26.4424 28.2416 25.7588L22.4775 20.0002L28.2361 14.2361Z\" fill=\"black\"\/>\r\n    <\/svg>\r\n\r\n    <div class=\"speaker-container\">\r\n                    <div class=\"speaker-img\">\r\n                <img src=\"\" onerror=\"this.src='https:\/\/congresofanpse.org\/2024\/wp-content\/plugins\/bipeek\/speaker-fallback.jpg';this.onerror='';\">\r\n                <div class=\"gradient\"><\/div>\r\n            <\/div>\r\n                <div class=\"speaker-info\">\r\n            <div class=\"speaker-name\">\r\n                Carmen Garc\u00eda Navarro            <\/div>\r\n            <div class=\"speaker-job body-1\">\r\n                                                                                        Psic\u00f3loga General Sanitaria                                                    Instituto Maim\u00f3nides de Investigaci\u00f3n Biom\u00e9dica de C\u00f3rdoba                            <\/div>\r\n                            <div class=\"spacer\"><\/div>\r\n                <div class=\"speaker-cv body-2\">\r\n                                    <\/div>\r\n                                <\/div>\r\n        <div class=\"speaker-talks\">\r\n                                                                                                                                                                                                                                                                                                                                                                                                                                                                                                                                                                                                                                                                                                                                                                                                                                                                                                                                                                                                                                                                                                                                                                                                                                                                                                                                                                                    <div class=\"speaker-session hasSession\" session_id=\"6929\">\r\n                                                            <h5>Comunicaciones orales VII<\/h5>\r\n                                                        <div class=\"speaker-talk\">\r\n                                <div class=\"hour-date-room-container\">\r\n                                    <div class=\"body-2 medium\">9 mar<\/div>\r\n                                    <div class=\"body-2 medium\">Sala Seminario 1+2<\/div>\r\n                                    <div class=\"body-2 medium\">9:00 - 10:30<\/div>\r\n                                                                    <\/div>\r\n                            <\/div>\r\n                                                            <h6>Interviene en:<\/h6>\r\n                                                                                                                                                        <div class=\"speaker-talk\" style=\"margin-left: 1rem;\">\r\n                                                <div class=\"talk-title body-1\">\r\n                                                    Variables Sociodemogr\u00e1ficas y Rendimiento Cognitivo en Personas Mayores: An\u00e1lisis de la versi\u00f3n abreviada de la Bater\u00eda para el Diagn\u00f3stico Neuropsicol\u00f3gico de Adultos de Luria (DNA-2)                                                <\/div>\r\n                                            <\/div>\r\n                                                                                                                                                                                                                                                                                                                                                                                                                                                                                                                                                                                                                                                                                                                                                                                                                                                                                                                                                                                                                                                                                                                                                                                                                                                                                                                                                                <\/div>\r\n                                                                                                                                                                                                                                                                                                                                                                                                                                                                <\/div>\r\n    <\/div>\r\n<\/div><div class=\"speaker-side\" speaker_id=\"113345\">\r\n    <svg class=\"close\" width=\"40\" height=\"40\" viewBox=\"0 0 40 40\" fill=\"none\" xmlns=\"http:\/\/www.w3.org\/2000\/svg\">\r\n        <path d=\"M0 20C0 8.95431 8.95431 0 20 0C31.0457 0 40 8.95431 40 20C40 31.0457 31.0457 40 20 40C8.95431 40 0 31.0457 0 20Z\" fill=\"white\"\/>\r\n        <path d=\"M28.2361 14.2361C28.9197 13.5525 28.9197 12.4424 28.2361 11.7588C27.5525 11.0752 26.4424 11.0752 25.7588 11.7588L20.0002 17.5229L14.2361 11.7643C13.5525 11.0807 12.4424 11.0807 11.7588 11.7643C11.0752 12.4479 11.0752 13.558 11.7588 14.2416L17.5229 20.0002L11.7643 25.7643C11.0807 26.4479 11.0807 27.558 11.7643 28.2416C12.4479 28.9252 13.558 28.9252 14.2416 28.2416L20.0002 22.4775L25.7643 28.2361C26.4479 28.9197 27.558 28.9197 28.2416 28.2361C28.9252 27.5525 28.9252 26.4424 28.2416 25.7588L22.4775 20.0002L28.2361 14.2361Z\" fill=\"black\"\/>\r\n    <\/svg>\r\n\r\n    <div class=\"speaker-container\">\r\n                    <div class=\"speaker-img\">\r\n                <img src=\"https:\/\/bipeek-resources-onsite-prd.s3.amazonaws.com\/37925\/conversions\/1701955473062-perfil.jpg?v=1701955523\" onerror=\"this.src='https:\/\/congresofanpse.org\/2024\/wp-content\/plugins\/bipeek\/speaker-fallback.jpg';this.onerror='';\">\r\n                <div class=\"gradient\"><\/div>\r\n            <\/div>\r\n                <div class=\"speaker-info\">\r\n            <div class=\"speaker-name\">\r\n                Sergio Vertedor Morales            <\/div>\r\n            <div class=\"speaker-job body-1\">\r\n                                                                                        Becario FPU                                                    Unidad de Neurolog\u00eda Cognitiva y Afasia. Centro de Investigaciones M\u00e9dico-Sanitarias (CIMES), Universidad de M\u00e1laga.                            <\/div>\r\n                            <div class=\"spacer\"><\/div>\r\n                <div class=\"speaker-cv body-2\">\r\n                                    <\/div>\r\n                                <\/div>\r\n        <div class=\"speaker-talks\">\r\n                                                                                                                                                                                                                                                                                                                                                                                                                                                                                                                                                                                                                                                                                                                                                                                                                                                                                                                                                                                                                                                                                                                                                                                                                                                                                                                                                                                    <div class=\"speaker-session hasSession\" session_id=\"6929\">\r\n                                                            <h5>Comunicaciones orales VII<\/h5>\r\n                                                        <div class=\"speaker-talk\">\r\n                                <div class=\"hour-date-room-container\">\r\n                                    <div class=\"body-2 medium\">9 mar<\/div>\r\n                                    <div class=\"body-2 medium\">Sala Seminario 1+2<\/div>\r\n                                    <div class=\"body-2 medium\">9:00 - 10:30<\/div>\r\n                                                                    <\/div>\r\n                            <\/div>\r\n                                                            <h6>Interviene en:<\/h6>\r\n                                                                                                                                                                                                                                                                                                        <div class=\"speaker-talk\" style=\"margin-left: 1rem;\">\r\n                                                <div class=\"talk-title body-1\">\r\n                                                    Ecolalia en Personas Sanas: Un Viaje a lo Largo de la Vida.                                                <\/div>\r\n                                            <\/div>\r\n                                                                                                                                                                                                                                    <div class=\"speaker-talk\" style=\"margin-left: 1rem;\">\r\n                                                <div class=\"talk-title body-1\">\r\n                                                    Conductas Reiterativas Verbales: Taxonom\u00eda y Conceptualizaci\u00f3n.                                                <\/div>\r\n                                            <\/div>\r\n                                                                                                                                                                                                                                                                                                                                                                                                                                                                                                                                                                                                                                                                                                                                                                                                                                                                                                                                                                                                                                                                <\/div>\r\n                                                                                                                                                                                                                                                                                                                                                                                                                                                                <\/div>\r\n    <\/div>\r\n<\/div><div class=\"speaker-side\" speaker_id=\"113922\">\r\n    <svg class=\"close\" width=\"40\" height=\"40\" viewBox=\"0 0 40 40\" fill=\"none\" xmlns=\"http:\/\/www.w3.org\/2000\/svg\">\r\n        <path d=\"M0 20C0 8.95431 8.95431 0 20 0C31.0457 0 40 8.95431 40 20C40 31.0457 31.0457 40 20 40C8.95431 40 0 31.0457 0 20Z\" fill=\"white\"\/>\r\n        <path d=\"M28.2361 14.2361C28.9197 13.5525 28.9197 12.4424 28.2361 11.7588C27.5525 11.0752 26.4424 11.0752 25.7588 11.7588L20.0002 17.5229L14.2361 11.7643C13.5525 11.0807 12.4424 11.0807 11.7588 11.7643C11.0752 12.4479 11.0752 13.558 11.7588 14.2416L17.5229 20.0002L11.7643 25.7643C11.0807 26.4479 11.0807 27.558 11.7643 28.2416C12.4479 28.9252 13.558 28.9252 14.2416 28.2416L20.0002 22.4775L25.7643 28.2361C26.4479 28.9197 27.558 28.9197 28.2416 28.2361C28.9252 27.5525 28.9252 26.4424 28.2416 25.7588L22.4775 20.0002L28.2361 14.2361Z\" fill=\"black\"\/>\r\n    <\/svg>\r\n\r\n    <div class=\"speaker-container\">\r\n                    <div class=\"speaker-img\">\r\n                <img src=\"https:\/\/bipeek-resources-onsite-prd.s3.amazonaws.com\/38881\/conversions\/Foto-perfil-perfil.jpg?v=1705493762\" onerror=\"this.src='https:\/\/congresofanpse.org\/2024\/wp-content\/plugins\/bipeek\/speaker-fallback.jpg';this.onerror='';\">\r\n                <div class=\"gradient\"><\/div>\r\n            <\/div>\r\n                <div class=\"speaker-info\">\r\n            <div class=\"speaker-name\">\r\n                Adoraci\u00f3n Antol\u00ed Cabrera            <\/div>\r\n            <div class=\"speaker-job body-1\">\r\n                                                                                        Profesora Titular de Universidad.                                                    Departamento Psicolog\u00eda. Universidad de C\u00f3rdoba. Instituto Maim\u00f3nides de Investigaci\u00f3n Biom\u00e9dica de C\u00f3rdoba IMIBIC.                            <\/div>\r\n                            <div class=\"spacer\"><\/div>\r\n                <div class=\"speaker-cv body-2\">\r\n                                    <\/div>\r\n                                <\/div>\r\n        <div class=\"speaker-talks\">\r\n                                                                                                                                                                                                                                                                                                                                                                                                                                                                                                                                                                                                                                                                                                                                                                                                    <div class=\"speaker-session hasSession\" session_id=\"6608\">\r\n                                                            <h5>Comunicaciones orales III<\/h5>\r\n                                                        <div class=\"speaker-talk\">\r\n                                <div class=\"hour-date-room-container\">\r\n                                    <div class=\"body-2 medium\">8 mar<\/div>\r\n                                    <div class=\"body-2 medium\">Sala Seminario 1+2<\/div>\r\n                                    <div class=\"body-2 medium\">15:30 - 16:45<\/div>\r\n                                                                    <\/div>\r\n                            <\/div>\r\n                                                            <h6>Interviene en:<\/h6>\r\n                                                                                                                                                                                                                                                                                                        <div class=\"speaker-talk\" style=\"margin-left: 1rem;\">\r\n                                                <div class=\"talk-title body-1\">\r\n                                                    Patrones de exploraci\u00f3n visual espec\u00edficos en Trastornos del Espectro de Autismo y Trastornos del Desarrollo del Lenguaje. \u00bfUna oportunidad para el diagn\u00f3stico diferencial?                                                <\/div>\r\n                                            <\/div>\r\n                                                                                                                                                                                                                                                                                                                                                                                                                                                                                                                                                                                                                <\/div>\r\n                                                                                                                                                                                                                                                                                                                                                                                                                                                                                                                                                                                                                                                                                                                                                                                                                                                                                                                                                                                                                                                <\/div>\r\n    <\/div>\r\n<\/div><div class=\"speaker-side\" speaker_id=\"113959\">\r\n    <svg class=\"close\" width=\"40\" height=\"40\" viewBox=\"0 0 40 40\" fill=\"none\" xmlns=\"http:\/\/www.w3.org\/2000\/svg\">\r\n        <path d=\"M0 20C0 8.95431 8.95431 0 20 0C31.0457 0 40 8.95431 40 20C40 31.0457 31.0457 40 20 40C8.95431 40 0 31.0457 0 20Z\" fill=\"white\"\/>\r\n        <path d=\"M28.2361 14.2361C28.9197 13.5525 28.9197 12.4424 28.2361 11.7588C27.5525 11.0752 26.4424 11.0752 25.7588 11.7588L20.0002 17.5229L14.2361 11.7643C13.5525 11.0807 12.4424 11.0807 11.7588 11.7643C11.0752 12.4479 11.0752 13.558 11.7588 14.2416L17.5229 20.0002L11.7643 25.7643C11.0807 26.4479 11.0807 27.558 11.7643 28.2416C12.4479 28.9252 13.558 28.9252 14.2416 28.2416L20.0002 22.4775L25.7643 28.2361C26.4479 28.9197 27.558 28.9197 28.2416 28.2361C28.9252 27.5525 28.9252 26.4424 28.2416 25.7588L22.4775 20.0002L28.2361 14.2361Z\" fill=\"black\"\/>\r\n    <\/svg>\r\n\r\n    <div class=\"speaker-container\">\r\n                    <div class=\"speaker-img\">\r\n                <img src=\"\" onerror=\"this.src='https:\/\/congresofanpse.org\/2024\/wp-content\/plugins\/bipeek\/speaker-fallback.jpg';this.onerror='';\">\r\n                <div class=\"gradient\"><\/div>\r\n            <\/div>\r\n                <div class=\"speaker-info\">\r\n            <div class=\"speaker-name\">\r\n                Rosanna Mar\u00ed Vico            <\/div>\r\n            <div class=\"speaker-job body-1\">\r\n                                                                                        Neuropsic\u00f3loga y logopeda                                                    Hospital Sant Joan de D\u00c9U                            <\/div>\r\n                            <div class=\"spacer\"><\/div>\r\n                <div class=\"speaker-cv body-2\">\r\n                                    <\/div>\r\n                                <\/div>\r\n        <div class=\"speaker-talks\">\r\n                                                                                                                                                                                                                                                                                                                                                                                                                                                                                                                                                                                                                                                                                                                                                                                                    <div class=\"speaker-session hasSession\" session_id=\"6608\">\r\n                                                            <h5>Comunicaciones orales III<\/h5>\r\n                                                        <div class=\"speaker-talk\">\r\n                                <div class=\"hour-date-room-container\">\r\n                                    <div class=\"body-2 medium\">8 mar<\/div>\r\n                                    <div class=\"body-2 medium\">Sala Seminario 1+2<\/div>\r\n                                    <div class=\"body-2 medium\">15:30 - 16:45<\/div>\r\n                                                                    <\/div>\r\n                            <\/div>\r\n                                                            <h6>Interviene en:<\/h6>\r\n                                                                                                                                                                                                                                                                                                                                                                                                                                                        <div class=\"speaker-talk\" style=\"margin-left: 1rem;\">\r\n                                                <div class=\"talk-title body-1\">\r\n                                                    Identificaci\u00f3n de trastornos del neurodesarrollo en una cohorte de nacimiento muy prematuros: seguimiento longitudinal                                                <\/div>\r\n                                            <\/div>\r\n                                                                                                                                                                                                                                                                                                                                                                                                                                                                <\/div>\r\n                                                                                                                                                                                                                                                                                                                                                                                                                                                                                                                                                                                                                                                                                                                                                                                                                                                                                                                                                                                                                                                <\/div>\r\n    <\/div>\r\n<\/div><div class=\"speaker-side\" speaker_id=\"114011\">\r\n    <svg class=\"close\" width=\"40\" height=\"40\" viewBox=\"0 0 40 40\" fill=\"none\" xmlns=\"http:\/\/www.w3.org\/2000\/svg\">\r\n        <path d=\"M0 20C0 8.95431 8.95431 0 20 0C31.0457 0 40 8.95431 40 20C40 31.0457 31.0457 40 20 40C8.95431 40 0 31.0457 0 20Z\" fill=\"white\"\/>\r\n        <path d=\"M28.2361 14.2361C28.9197 13.5525 28.9197 12.4424 28.2361 11.7588C27.5525 11.0752 26.4424 11.0752 25.7588 11.7588L20.0002 17.5229L14.2361 11.7643C13.5525 11.0807 12.4424 11.0807 11.7588 11.7643C11.0752 12.4479 11.0752 13.558 11.7588 14.2416L17.5229 20.0002L11.7643 25.7643C11.0807 26.4479 11.0807 27.558 11.7643 28.2416C12.4479 28.9252 13.558 28.9252 14.2416 28.2416L20.0002 22.4775L25.7643 28.2361C26.4479 28.9197 27.558 28.9197 28.2416 28.2361C28.9252 27.5525 28.9252 26.4424 28.2416 25.7588L22.4775 20.0002L28.2361 14.2361Z\" fill=\"black\"\/>\r\n    <\/svg>\r\n\r\n    <div class=\"speaker-container\">\r\n                    <div class=\"speaker-img\">\r\n                <img src=\"\" onerror=\"this.src='https:\/\/congresofanpse.org\/2024\/wp-content\/plugins\/bipeek\/speaker-fallback.jpg';this.onerror='';\">\r\n                <div class=\"gradient\"><\/div>\r\n            <\/div>\r\n                <div class=\"speaker-info\">\r\n            <div class=\"speaker-name\">\r\n                Aritz Aranbarri Paredes            <\/div>\r\n            <div class=\"speaker-job body-1\">\r\n                                                                                        Facultativo Neuropsic\u00f3lgo Infantil e Investigador Principal                                                    Unidad multidisciplinar del Trastorno del Espectro del Autismo (UnimTEA), \u00c1rea de Salud Mental Infantojuvenil del Hospital Sant Joan de D\u00e9u Barcelona                            <\/div>\r\n                            <div class=\"spacer\"><\/div>\r\n                <div class=\"speaker-cv body-2\">\r\n                                    <\/div>\r\n                                <\/div>\r\n        <div class=\"speaker-talks\">\r\n                                                                                                                                                                                                                                                                                                                                                                                                                                                                                                                                                                                                                                                                                                                                                                                                    <div class=\"speaker-session hasSession\" session_id=\"6608\">\r\n                                                            <h5>Comunicaciones orales III<\/h5>\r\n                                                        <div class=\"speaker-talk\">\r\n                                <div class=\"hour-date-room-container\">\r\n                                    <div class=\"body-2 medium\">8 mar<\/div>\r\n                                    <div class=\"body-2 medium\">Sala Seminario 1+2<\/div>\r\n                                    <div class=\"body-2 medium\">15:30 - 16:45<\/div>\r\n                                                                    <\/div>\r\n                            <\/div>\r\n                                                            <h6>Interviene en:<\/h6>\r\n                                                                                                                                                                                                                                                                                                                                                                                                                                                                                                                                                                                                        <div class=\"speaker-talk\" style=\"margin-left: 1rem;\">\r\n                                                <div class=\"talk-title body-1\">\r\n                                                    Perfil de severidad y neurodesarrollo en casos con TEA detectados antes de los 3 a\u00f1os                                                <\/div>\r\n                                            <\/div>\r\n                                                                                                                                                                                                                                                                                                                <\/div>\r\n                                                                                                                                                                                                                                                                                                                                                                                                                                                                                                                                                                                                                                                                                                                                                                                                                                                                                                                                                                                                                                                <\/div>\r\n    <\/div>\r\n<\/div><div class=\"speaker-side\" speaker_id=\"113395\">\r\n    <svg class=\"close\" width=\"40\" height=\"40\" viewBox=\"0 0 40 40\" fill=\"none\" xmlns=\"http:\/\/www.w3.org\/2000\/svg\">\r\n        <path d=\"M0 20C0 8.95431 8.95431 0 20 0C31.0457 0 40 8.95431 40 20C40 31.0457 31.0457 40 20 40C8.95431 40 0 31.0457 0 20Z\" fill=\"white\"\/>\r\n        <path d=\"M28.2361 14.2361C28.9197 13.5525 28.9197 12.4424 28.2361 11.7588C27.5525 11.0752 26.4424 11.0752 25.7588 11.7588L20.0002 17.5229L14.2361 11.7643C13.5525 11.0807 12.4424 11.0807 11.7588 11.7643C11.0752 12.4479 11.0752 13.558 11.7588 14.2416L17.5229 20.0002L11.7643 25.7643C11.0807 26.4479 11.0807 27.558 11.7643 28.2416C12.4479 28.9252 13.558 28.9252 14.2416 28.2416L20.0002 22.4775L25.7643 28.2361C26.4479 28.9197 27.558 28.9197 28.2416 28.2361C28.9252 27.5525 28.9252 26.4424 28.2416 25.7588L22.4775 20.0002L28.2361 14.2361Z\" fill=\"black\"\/>\r\n    <\/svg>\r\n\r\n    <div class=\"speaker-container\">\r\n                    <div class=\"speaker-img\">\r\n                <img src=\"\" onerror=\"this.src='https:\/\/congresofanpse.org\/2024\/wp-content\/plugins\/bipeek\/speaker-fallback.jpg';this.onerror='';\">\r\n                <div class=\"gradient\"><\/div>\r\n            <\/div>\r\n                <div class=\"speaker-info\">\r\n            <div class=\"speaker-name\">\r\n                Laura Teruel Jord\u00e1n            <\/div>\r\n            <div class=\"speaker-job body-1\">\r\n                                                                                        Psic\u00f3loga General Sanitaria                                                    Centro Sanitario Asana Los V\u00e9lez                            <\/div>\r\n                            <div class=\"spacer\"><\/div>\r\n                <div class=\"speaker-cv body-2\">\r\n                                    <\/div>\r\n                                <\/div>\r\n        <div class=\"speaker-talks\">\r\n                                                                                                                                                                                                                                                                                                                                                                                                                                                                                                                                                                                                                                                                                                                                                                                                                                                                                                                                                                                                                                                                                                                                                                                                                                                                                                                                                                                    <div class=\"speaker-session hasSession\" session_id=\"6929\">\r\n                                                            <h5>Comunicaciones orales VII<\/h5>\r\n                                                        <div class=\"speaker-talk\">\r\n                                <div class=\"hour-date-room-container\">\r\n                                    <div class=\"body-2 medium\">9 mar<\/div>\r\n                                    <div class=\"body-2 medium\">Sala Seminario 1+2<\/div>\r\n                                    <div class=\"body-2 medium\">9:00 - 10:30<\/div>\r\n                                                                    <\/div>\r\n                            <\/div>\r\n                                                            <h6>Interviene en:<\/h6>\r\n                                                                                                                                                                                                                                                                                                                                                                                                                                                                                                                                                                                                        <div class=\"speaker-talk\" style=\"margin-left: 1rem;\">\r\n                                                <div class=\"talk-title body-1\">\r\n                                                    Quejas subjetivas de memoria m\u00e1s frecuentes en mayores de 61 a\u00f1os.                                                <\/div>\r\n                                            <\/div>\r\n                                                                                                                                                                                                                                                                                                                                                                                                                                                                                                                                                                                                                                                                                                                                                                                                                                                                                                                <\/div>\r\n                                                                                                                                                                                                                                                                                                                                                                                                                                                                <\/div>\r\n    <\/div>\r\n<\/div><div class=\"speaker-side\" speaker_id=\"114333\">\r\n    <svg class=\"close\" width=\"40\" height=\"40\" viewBox=\"0 0 40 40\" fill=\"none\" xmlns=\"http:\/\/www.w3.org\/2000\/svg\">\r\n        <path d=\"M0 20C0 8.95431 8.95431 0 20 0C31.0457 0 40 8.95431 40 20C40 31.0457 31.0457 40 20 40C8.95431 40 0 31.0457 0 20Z\" fill=\"white\"\/>\r\n        <path d=\"M28.2361 14.2361C28.9197 13.5525 28.9197 12.4424 28.2361 11.7588C27.5525 11.0752 26.4424 11.0752 25.7588 11.7588L20.0002 17.5229L14.2361 11.7643C13.5525 11.0807 12.4424 11.0807 11.7588 11.7643C11.0752 12.4479 11.0752 13.558 11.7588 14.2416L17.5229 20.0002L11.7643 25.7643C11.0807 26.4479 11.0807 27.558 11.7643 28.2416C12.4479 28.9252 13.558 28.9252 14.2416 28.2416L20.0002 22.4775L25.7643 28.2361C26.4479 28.9197 27.558 28.9197 28.2416 28.2361C28.9252 27.5525 28.9252 26.4424 28.2416 25.7588L22.4775 20.0002L28.2361 14.2361Z\" fill=\"black\"\/>\r\n    <\/svg>\r\n\r\n    <div class=\"speaker-container\">\r\n                    <div class=\"speaker-img\">\r\n                <img src=\"\" onerror=\"this.src='https:\/\/congresofanpse.org\/2024\/wp-content\/plugins\/bipeek\/speaker-fallback.jpg';this.onerror='';\">\r\n                <div class=\"gradient\"><\/div>\r\n            <\/div>\r\n                <div class=\"speaker-info\">\r\n            <div class=\"speaker-name\">\r\n                MARTA ELENA CARRASCO SOLIS            <\/div>\r\n            <div class=\"speaker-job body-1\">\r\n                                                                                        PSIC\u00d3LOGA SANITARIA, DOCTORANDA EN MEDICINA POR LA UNIVERSIDAD DE GRANADA                                                    HOSPITAL UNIVERSITARIO CL\u00cdNICO SAN CECILIO GRANDA                            <\/div>\r\n                            <div class=\"spacer\"><\/div>\r\n                <div class=\"speaker-cv body-2\">\r\n                                    <\/div>\r\n                                <\/div>\r\n        <div class=\"speaker-talks\">\r\n                                                                                                                                                                                                                                                                                                                                                                                                                                                                                                                                                                                                                                                                                                                                                                                                    <div class=\"speaker-session hasSession\" session_id=\"6608\">\r\n                                                            <h5>Comunicaciones orales III<\/h5>\r\n                                                        <div class=\"speaker-talk\">\r\n                                <div class=\"hour-date-room-container\">\r\n                                    <div class=\"body-2 medium\">8 mar<\/div>\r\n                                    <div class=\"body-2 medium\">Sala Seminario 1+2<\/div>\r\n                                    <div class=\"body-2 medium\">15:30 - 16:45<\/div>\r\n                                                                    <\/div>\r\n                            <\/div>\r\n                                                            <h6>Interviene en:<\/h6>\r\n                                                                                                                                                                                                                                                                                                                                                                                                                                                                                                                                                                                                                                                                                                                                                        <div class=\"speaker-talk\" style=\"margin-left: 1rem;\">\r\n                                                <div class=\"talk-title body-1\">\r\n                                                    An\u00e1lisis predictivo del desempe\u00f1o en el \u00edndice de comprensi\u00f3n verbal (ICV) de las escalas Wechsler en escolares con antecedentes de prematuridad y bajo peso al nacer a partir de im\u00e1genes de resonancia magn\u00e9tica estructural.                                                <\/div>\r\n                                            <\/div>\r\n                                                                                                                                                                <\/div>\r\n                                                                                                                                                                                                                                                                                                                                                                                                                                                                                                                                                                                                                                                                                                                                                                                                                                                                                                                                                                                                                                                <\/div>\r\n    <\/div>\r\n<\/div><div class=\"speaker-side\" speaker_id=\"114278\">\r\n    <svg class=\"close\" width=\"40\" height=\"40\" viewBox=\"0 0 40 40\" fill=\"none\" xmlns=\"http:\/\/www.w3.org\/2000\/svg\">\r\n        <path d=\"M0 20C0 8.95431 8.95431 0 20 0C31.0457 0 40 8.95431 40 20C40 31.0457 31.0457 40 20 40C8.95431 40 0 31.0457 0 20Z\" fill=\"white\"\/>\r\n        <path d=\"M28.2361 14.2361C28.9197 13.5525 28.9197 12.4424 28.2361 11.7588C27.5525 11.0752 26.4424 11.0752 25.7588 11.7588L20.0002 17.5229L14.2361 11.7643C13.5525 11.0807 12.4424 11.0807 11.7588 11.7643C11.0752 12.4479 11.0752 13.558 11.7588 14.2416L17.5229 20.0002L11.7643 25.7643C11.0807 26.4479 11.0807 27.558 11.7643 28.2416C12.4479 28.9252 13.558 28.9252 14.2416 28.2416L20.0002 22.4775L25.7643 28.2361C26.4479 28.9197 27.558 28.9197 28.2416 28.2361C28.9252 27.5525 28.9252 26.4424 28.2416 25.7588L22.4775 20.0002L28.2361 14.2361Z\" fill=\"black\"\/>\r\n    <\/svg>\r\n\r\n    <div class=\"speaker-container\">\r\n                    <div class=\"speaker-img\">\r\n                <img src=\"\" onerror=\"this.src='https:\/\/congresofanpse.org\/2024\/wp-content\/plugins\/bipeek\/speaker-fallback.jpg';this.onerror='';\">\r\n                <div class=\"gradient\"><\/div>\r\n            <\/div>\r\n                <div class=\"speaker-info\">\r\n            <div class=\"speaker-name\">\r\n                Clara I\u00f1esta            <\/div>\r\n            <div class=\"speaker-job body-1\">\r\n                                                                                        Estudiante Doctorado                                                    Universidad Miguel Hern\u00e1ndez de Elche                            <\/div>\r\n                            <div class=\"spacer\"><\/div>\r\n                <div class=\"speaker-cv body-2\">\r\n                                    <\/div>\r\n                                <\/div>\r\n        <div class=\"speaker-talks\">\r\n                                                                                                                                                                                                                                                                                                                                                                                                                                                                                                                                                                                                                                                                                                                                                                                                                                                                                                                                                                                                                                                                                                                                                                                                                                                                                                                                                                                    <div class=\"speaker-session hasSession\" session_id=\"6929\">\r\n                                                            <h5>Comunicaciones orales VII<\/h5>\r\n                                                        <div class=\"speaker-talk\">\r\n                                <div class=\"hour-date-room-container\">\r\n                                    <div class=\"body-2 medium\">9 mar<\/div>\r\n                                    <div class=\"body-2 medium\">Sala Seminario 1+2<\/div>\r\n                                    <div class=\"body-2 medium\">9:00 - 10:30<\/div>\r\n                                                                    <\/div>\r\n                            <\/div>\r\n                                                            <h6>Interviene en:<\/h6>\r\n                                                                                                                                                                                                                                                                                                                                                                                                                                                                                                                                                                                                                                                                                                                                                        <div class=\"speaker-talk\" style=\"margin-left: 1rem;\">\r\n                                                <div class=\"talk-title body-1\">\r\n                                                    Cognici\u00f3n y estructura cerebral en personas mayores de 55 a\u00f1os cognitivamente activas                                                <\/div>\r\n                                            <\/div>\r\n                                                                                                                                                                                                                                                                                                                                                                                                                                                                                                                                                                                                                                                                                                                                                                <\/div>\r\n                                                                                                                                                                                                                                                                                                                                                                                                                                                                <\/div>\r\n    <\/div>\r\n<\/div><div class=\"speaker-side\" speaker_id=\"113366\">\r\n    <svg class=\"close\" width=\"40\" height=\"40\" viewBox=\"0 0 40 40\" fill=\"none\" xmlns=\"http:\/\/www.w3.org\/2000\/svg\">\r\n        <path d=\"M0 20C0 8.95431 8.95431 0 20 0C31.0457 0 40 8.95431 40 20C40 31.0457 31.0457 40 20 40C8.95431 40 0 31.0457 0 20Z\" fill=\"white\"\/>\r\n        <path d=\"M28.2361 14.2361C28.9197 13.5525 28.9197 12.4424 28.2361 11.7588C27.5525 11.0752 26.4424 11.0752 25.7588 11.7588L20.0002 17.5229L14.2361 11.7643C13.5525 11.0807 12.4424 11.0807 11.7588 11.7643C11.0752 12.4479 11.0752 13.558 11.7588 14.2416L17.5229 20.0002L11.7643 25.7643C11.0807 26.4479 11.0807 27.558 11.7643 28.2416C12.4479 28.9252 13.558 28.9252 14.2416 28.2416L20.0002 22.4775L25.7643 28.2361C26.4479 28.9197 27.558 28.9197 28.2416 28.2361C28.9252 27.5525 28.9252 26.4424 28.2416 25.7588L22.4775 20.0002L28.2361 14.2361Z\" fill=\"black\"\/>\r\n    <\/svg>\r\n\r\n    <div class=\"speaker-container\">\r\n                    <div class=\"speaker-img\">\r\n                <img src=\"\" onerror=\"this.src='https:\/\/congresofanpse.org\/2024\/wp-content\/plugins\/bipeek\/speaker-fallback.jpg';this.onerror='';\">\r\n                <div class=\"gradient\"><\/div>\r\n            <\/div>\r\n                <div class=\"speaker-info\">\r\n            <div class=\"speaker-name\">\r\n                Alba Berenguer Gonz\u00e1lez            <\/div>\r\n            <div class=\"speaker-job body-1\">\r\n                                                                                        Psic\u00f3loga                                                    Hospital Mare de D\u00e8u de la Merc\u00e8                            <\/div>\r\n                            <div class=\"spacer\"><\/div>\r\n                <div class=\"speaker-cv body-2\">\r\n                                    <\/div>\r\n                                <\/div>\r\n        <div class=\"speaker-talks\">\r\n                                                                                                                                                                                                                                                                                                                                                                                                                                                                                                                                                                                                                                                                                                                                                                                                                                                            <div class=\"speaker-session hasSession\" session_id=\"6609\">\r\n                                                            <h5>Comunicaciones orales IV<\/h5>\r\n                                                        <div class=\"speaker-talk\">\r\n                                <div class=\"hour-date-room-container\">\r\n                                    <div class=\"body-2 medium\">8 mar<\/div>\r\n                                    <div class=\"body-2 medium\">Sala Seminario 3+4<\/div>\r\n                                    <div class=\"body-2 medium\">15:30 - 16:45<\/div>\r\n                                                                    <\/div>\r\n                            <\/div>\r\n                                                            <h6>Interviene en:<\/h6>\r\n                                                                                                                                                                                                                                                                                                        <div class=\"speaker-talk\" style=\"margin-left: 1rem;\">\r\n                                                <div class=\"talk-title body-1\">\r\n                                                    Relaci\u00f3n entre errores y autocorregidos en tareas neuropsicol\u00f3gicas y apat\u00eda en Enfermedad de Huntington.                                                <\/div>\r\n                                            <\/div>\r\n                                                                                                                                                                                                                                                                                                                                                                                                                                                                                                                                                                                                                                                                                                                                                                                                                                                                                                                <\/div>\r\n                                                                                                                                                                                                                                                                                                                                                                                                                                                                                                                                                                                                                                                                                                                                                                                                                                                                                                                                                                                        <\/div>\r\n    <\/div>\r\n<\/div><div class=\"speaker-side\" speaker_id=\"114282\">\r\n    <svg class=\"close\" width=\"40\" height=\"40\" viewBox=\"0 0 40 40\" fill=\"none\" xmlns=\"http:\/\/www.w3.org\/2000\/svg\">\r\n        <path d=\"M0 20C0 8.95431 8.95431 0 20 0C31.0457 0 40 8.95431 40 20C40 31.0457 31.0457 40 20 40C8.95431 40 0 31.0457 0 20Z\" fill=\"white\"\/>\r\n        <path d=\"M28.2361 14.2361C28.9197 13.5525 28.9197 12.4424 28.2361 11.7588C27.5525 11.0752 26.4424 11.0752 25.7588 11.7588L20.0002 17.5229L14.2361 11.7643C13.5525 11.0807 12.4424 11.0807 11.7588 11.7643C11.0752 12.4479 11.0752 13.558 11.7588 14.2416L17.5229 20.0002L11.7643 25.7643C11.0807 26.4479 11.0807 27.558 11.7643 28.2416C12.4479 28.9252 13.558 28.9252 14.2416 28.2416L20.0002 22.4775L25.7643 28.2361C26.4479 28.9197 27.558 28.9197 28.2416 28.2361C28.9252 27.5525 28.9252 26.4424 28.2416 25.7588L22.4775 20.0002L28.2361 14.2361Z\" fill=\"black\"\/>\r\n    <\/svg>\r\n\r\n    <div class=\"speaker-container\">\r\n                    <div class=\"speaker-img\">\r\n                <img src=\"\" onerror=\"this.src='https:\/\/congresofanpse.org\/2024\/wp-content\/plugins\/bipeek\/speaker-fallback.jpg';this.onerror='';\">\r\n                <div class=\"gradient\"><\/div>\r\n            <\/div>\r\n                <div class=\"speaker-info\">\r\n            <div class=\"speaker-name\">\r\n                Carla Molina Carrillo            <\/div>\r\n            <div class=\"speaker-job body-1\">\r\n                                                                                        Estudiante                                                    Universidad Aut\u00f3noma de Madrid                            <\/div>\r\n                            <div class=\"spacer\"><\/div>\r\n                <div class=\"speaker-cv body-2\">\r\n                                    <\/div>\r\n                                <\/div>\r\n        <div class=\"speaker-talks\">\r\n                                                                                                                                                                                                                                                                                                                                                                                                                                                                                                                                                                                                                                                                                                                                                                                                                                                                                                                                                                                                                                                                                                                                                                                                                                                                                                                                                                                    <div class=\"speaker-session hasSession\" session_id=\"6929\">\r\n                                                            <h5>Comunicaciones orales VII<\/h5>\r\n                                                        <div class=\"speaker-talk\">\r\n                                <div class=\"hour-date-room-container\">\r\n                                    <div class=\"body-2 medium\">9 mar<\/div>\r\n                                    <div class=\"body-2 medium\">Sala Seminario 1+2<\/div>\r\n                                    <div class=\"body-2 medium\">9:00 - 10:30<\/div>\r\n                                                                    <\/div>\r\n                            <\/div>\r\n                                                            <h6>Interviene en:<\/h6>\r\n                                                                                                                                                                                                                                                                                                                                                                                                                                                                                                                                                                                                                                                                                                                                                                                                                                                                                                        <div class=\"speaker-talk\" style=\"margin-left: 1rem;\">\r\n                                                <div class=\"talk-title body-1\">\r\n                                                    \u201cMens sana, corpore sano\u201d: Efectos preliminares en las funciones ejecutivas de una intervenci\u00f3n de tDCS y ejercicio f\u00edsico en mayores de 65 a\u00f1os.                                                <\/div>\r\n                                            <\/div>\r\n                                                                                                                                                                                                                                                                                                                                                                                                                                                                                                                                                                                                                <\/div>\r\n                                                                                                                                                                                                                                                                                                                                                                                                                                                                <\/div>\r\n    <\/div>\r\n<\/div><div class=\"speaker-side\" speaker_id=\"114274\">\r\n    <svg class=\"close\" width=\"40\" height=\"40\" viewBox=\"0 0 40 40\" fill=\"none\" xmlns=\"http:\/\/www.w3.org\/2000\/svg\">\r\n        <path d=\"M0 20C0 8.95431 8.95431 0 20 0C31.0457 0 40 8.95431 40 20C40 31.0457 31.0457 40 20 40C8.95431 40 0 31.0457 0 20Z\" fill=\"white\"\/>\r\n        <path d=\"M28.2361 14.2361C28.9197 13.5525 28.9197 12.4424 28.2361 11.7588C27.5525 11.0752 26.4424 11.0752 25.7588 11.7588L20.0002 17.5229L14.2361 11.7643C13.5525 11.0807 12.4424 11.0807 11.7588 11.7643C11.0752 12.4479 11.0752 13.558 11.7588 14.2416L17.5229 20.0002L11.7643 25.7643C11.0807 26.4479 11.0807 27.558 11.7643 28.2416C12.4479 28.9252 13.558 28.9252 14.2416 28.2416L20.0002 22.4775L25.7643 28.2361C26.4479 28.9197 27.558 28.9197 28.2416 28.2361C28.9252 27.5525 28.9252 26.4424 28.2416 25.7588L22.4775 20.0002L28.2361 14.2361Z\" fill=\"black\"\/>\r\n    <\/svg>\r\n\r\n    <div class=\"speaker-container\">\r\n                    <div class=\"speaker-img\">\r\n                <img src=\"\" onerror=\"this.src='https:\/\/congresofanpse.org\/2024\/wp-content\/plugins\/bipeek\/speaker-fallback.jpg';this.onerror='';\">\r\n                <div class=\"gradient\"><\/div>\r\n            <\/div>\r\n                <div class=\"speaker-info\">\r\n            <div class=\"speaker-name\">\r\n                Oihana Zabala            <\/div>\r\n            <div class=\"speaker-job body-1\">\r\n                                                                                        Estudiante doctorado                                                    Universidad de Deusto                            <\/div>\r\n                            <div class=\"spacer\"><\/div>\r\n                <div class=\"speaker-cv body-2\">\r\n                                    <\/div>\r\n                                <\/div>\r\n        <div class=\"speaker-talks\">\r\n                                                                                                                                                                                                                                                                                                                                                                                                                                                                                                                                                                                                                                                                                                                                                                                                                                                            <div class=\"speaker-session hasSession\" session_id=\"6609\">\r\n                                                            <h5>Comunicaciones orales IV<\/h5>\r\n                                                        <div class=\"speaker-talk\">\r\n                                <div class=\"hour-date-room-container\">\r\n                                    <div class=\"body-2 medium\">8 mar<\/div>\r\n                                    <div class=\"body-2 medium\">Sala Seminario 3+4<\/div>\r\n                                    <div class=\"body-2 medium\">15:30 - 16:45<\/div>\r\n                                                                    <\/div>\r\n                            <\/div>\r\n                                                            <h6>Interviene en:<\/h6>\r\n                                                                                                                                                        <div class=\"speaker-talk\" style=\"margin-left: 1rem;\">\r\n                                                <div class=\"talk-title body-1\">\r\n                                                    El impacto de la fatiga en la calidad de vida en la Enfermedad de Parkinson                                                <\/div>\r\n                                            <\/div>\r\n                                                                                                                                                                                                                                                                                                                                                                                                                                                                                                                                                                                                                                                                                                                                                                                                                                                                                                                                                                                                                                                                <\/div>\r\n                                                                                                                                                                                                                                                                                                                                                                                                                                                                                                                                                                                                                                                                                                                                                                                                                                                                                                                                                                                        <\/div>\r\n    <\/div>\r\n<\/div><div class=\"speaker-side\" speaker_id=\"114308\">\r\n    <svg class=\"close\" width=\"40\" height=\"40\" viewBox=\"0 0 40 40\" fill=\"none\" xmlns=\"http:\/\/www.w3.org\/2000\/svg\">\r\n        <path d=\"M0 20C0 8.95431 8.95431 0 20 0C31.0457 0 40 8.95431 40 20C40 31.0457 31.0457 40 20 40C8.95431 40 0 31.0457 0 20Z\" fill=\"white\"\/>\r\n        <path d=\"M28.2361 14.2361C28.9197 13.5525 28.9197 12.4424 28.2361 11.7588C27.5525 11.0752 26.4424 11.0752 25.7588 11.7588L20.0002 17.5229L14.2361 11.7643C13.5525 11.0807 12.4424 11.0807 11.7588 11.7643C11.0752 12.4479 11.0752 13.558 11.7588 14.2416L17.5229 20.0002L11.7643 25.7643C11.0807 26.4479 11.0807 27.558 11.7643 28.2416C12.4479 28.9252 13.558 28.9252 14.2416 28.2416L20.0002 22.4775L25.7643 28.2361C26.4479 28.9197 27.558 28.9197 28.2416 28.2361C28.9252 27.5525 28.9252 26.4424 28.2416 25.7588L22.4775 20.0002L28.2361 14.2361Z\" fill=\"black\"\/>\r\n    <\/svg>\r\n\r\n    <div class=\"speaker-container\">\r\n                    <div class=\"speaker-img\">\r\n                <img src=\"\" onerror=\"this.src='https:\/\/congresofanpse.org\/2024\/wp-content\/plugins\/bipeek\/speaker-fallback.jpg';this.onerror='';\">\r\n                <div class=\"gradient\"><\/div>\r\n            <\/div>\r\n                <div class=\"speaker-info\">\r\n            <div class=\"speaker-name\">\r\n                Olga Prian Serrano            <\/div>\r\n            <div class=\"speaker-job body-1\">\r\n                                                                                        Universidad de Loyola Andaluc\u00eda. Grupo Vitalia Home.                                                    Universidad Loyola Andaluc\u00eda                            <\/div>\r\n                            <div class=\"spacer\"><\/div>\r\n                <div class=\"speaker-cv body-2\">\r\n                                    <\/div>\r\n                                <\/div>\r\n        <div class=\"speaker-talks\">\r\n                                                                                                                                                                                                                                                                                                                                                                                                                                                                                                                                                                                                                                                                                    <div class=\"speaker-session hasSession\" session_id=\"6604\">\r\n                                                            <h5>Comunicaciones orales I<\/h5>\r\n                                                        <div class=\"speaker-talk\">\r\n                                <div class=\"hour-date-room-container\">\r\n                                    <div class=\"body-2 medium\">8 mar<\/div>\r\n                                    <div class=\"body-2 medium\">Sala Alb\u00e9niz-Machuca<\/div>\r\n                                    <div class=\"body-2 medium\">15:30 - 16:45<\/div>\r\n                                                                                                                                                                        <div class=\"body-2 medium modera\">Modera<\/div>\r\n                                                                                                                                                        <\/div>\r\n                            <\/div>\r\n                                                    <\/div>\r\n                                                                                                                                                                                                                                                                                                                                                                                                                                                                                                                                                                                                                                                                                                                                            <div class=\"speaker-session hasSession\" session_id=\"6929\">\r\n                                                            <h5>Comunicaciones orales VII<\/h5>\r\n                                                        <div class=\"speaker-talk\">\r\n                                <div class=\"hour-date-room-container\">\r\n                                    <div class=\"body-2 medium\">9 mar<\/div>\r\n                                    <div class=\"body-2 medium\">Sala Seminario 1+2<\/div>\r\n                                    <div class=\"body-2 medium\">9:00 - 10:30<\/div>\r\n                                                                    <\/div>\r\n                            <\/div>\r\n                                                            <h6>Interviene en:<\/h6>\r\n                                                                                                                                                                                                                                                                                                                                                                                                                                                                                                                                                                                                                                                                                                                                                                                                                                                                                                                                                                                                                                                        <div class=\"speaker-talk\" style=\"margin-left: 1rem;\">\r\n                                                <div class=\"talk-title body-1\">\r\n                                                    \u00bfInfluye el grado de sintomatolog\u00eda depresiva en el rendimiento cognitivo en personas mayores con Deterioro Cognitivo Leve y Depresi\u00f3n?                                                <\/div>\r\n                                            <\/div>\r\n                                                                                                                                                                                                                                                                                                                                                                                                                                                                <\/div>\r\n                                                                                                                                                                                                                                                                                                                                                                                                                                                                <\/div>\r\n    <\/div>\r\n<\/div><div class=\"speaker-side\" speaker_id=\"114296\">\r\n    <svg class=\"close\" width=\"40\" height=\"40\" viewBox=\"0 0 40 40\" fill=\"none\" xmlns=\"http:\/\/www.w3.org\/2000\/svg\">\r\n        <path d=\"M0 20C0 8.95431 8.95431 0 20 0C31.0457 0 40 8.95431 40 20C40 31.0457 31.0457 40 20 40C8.95431 40 0 31.0457 0 20Z\" fill=\"white\"\/>\r\n        <path d=\"M28.2361 14.2361C28.9197 13.5525 28.9197 12.4424 28.2361 11.7588C27.5525 11.0752 26.4424 11.0752 25.7588 11.7588L20.0002 17.5229L14.2361 11.7643C13.5525 11.0807 12.4424 11.0807 11.7588 11.7643C11.0752 12.4479 11.0752 13.558 11.7588 14.2416L17.5229 20.0002L11.7643 25.7643C11.0807 26.4479 11.0807 27.558 11.7643 28.2416C12.4479 28.9252 13.558 28.9252 14.2416 28.2416L20.0002 22.4775L25.7643 28.2361C26.4479 28.9197 27.558 28.9197 28.2416 28.2361C28.9252 27.5525 28.9252 26.4424 28.2416 25.7588L22.4775 20.0002L28.2361 14.2361Z\" fill=\"black\"\/>\r\n    <\/svg>\r\n\r\n    <div class=\"speaker-container\">\r\n                    <div class=\"speaker-img\">\r\n                <img src=\"\" onerror=\"this.src='https:\/\/congresofanpse.org\/2024\/wp-content\/plugins\/bipeek\/speaker-fallback.jpg';this.onerror='';\">\r\n                <div class=\"gradient\"><\/div>\r\n            <\/div>\r\n                <div class=\"speaker-info\">\r\n            <div class=\"speaker-name\">\r\n                Gema Sillero Cadenas            <\/div>\r\n            <div class=\"speaker-job body-1\">\r\n                                                                                        Estudiante                                                    Universidad Loyola Andaluc\u00eda                            <\/div>\r\n                            <div class=\"spacer\"><\/div>\r\n                <div class=\"speaker-cv body-2\">\r\n                                    <\/div>\r\n                                <\/div>\r\n        <div class=\"speaker-talks\">\r\n                                                                                                                                                                                                                                                                                                                                                                                                                                                                                                                                                                                                                                                                                                                                                                                                                                                            <div class=\"speaker-session hasSession\" session_id=\"6609\">\r\n                                                            <h5>Comunicaciones orales IV<\/h5>\r\n                                                        <div class=\"speaker-talk\">\r\n                                <div class=\"hour-date-room-container\">\r\n                                    <div class=\"body-2 medium\">8 mar<\/div>\r\n                                    <div class=\"body-2 medium\">Sala Seminario 3+4<\/div>\r\n                                    <div class=\"body-2 medium\">15:30 - 16:45<\/div>\r\n                                                                    <\/div>\r\n                            <\/div>\r\n                                                            <h6>Interviene en:<\/h6>\r\n                                                                                                                                                                                                                                                                                                                                                                                                                                                                                                                                                                                                        <div class=\"speaker-talk\" style=\"margin-left: 1rem;\">\r\n                                                <div class=\"talk-title body-1\">\r\n                                                    Influencia del Nivel de Discapacidad en el Rendimiento Cognitivo-Motor despu\u00e9s de una Intervenci\u00f3n Nutricional en Personas con Esclerosis M\u00faltiple en Fase Remitente                                                <\/div>\r\n                                            <\/div>\r\n                                                                                                                                                                                                                                                                                                                                                                                                                                                                                                                                                                                                                <\/div>\r\n                                                                                                                                                                                                                                                                                                                                                                                                                                                                                                                                                                                                                                                                                                                                                                                                                                                                                                                                                                                        <\/div>\r\n    <\/div>\r\n<\/div><div class=\"speaker-side\" speaker_id=\"113390\">\r\n    <svg class=\"close\" width=\"40\" height=\"40\" viewBox=\"0 0 40 40\" fill=\"none\" xmlns=\"http:\/\/www.w3.org\/2000\/svg\">\r\n        <path d=\"M0 20C0 8.95431 8.95431 0 20 0C31.0457 0 40 8.95431 40 20C40 31.0457 31.0457 40 20 40C8.95431 40 0 31.0457 0 20Z\" fill=\"white\"\/>\r\n        <path d=\"M28.2361 14.2361C28.9197 13.5525 28.9197 12.4424 28.2361 11.7588C27.5525 11.0752 26.4424 11.0752 25.7588 11.7588L20.0002 17.5229L14.2361 11.7643C13.5525 11.0807 12.4424 11.0807 11.7588 11.7643C11.0752 12.4479 11.0752 13.558 11.7588 14.2416L17.5229 20.0002L11.7643 25.7643C11.0807 26.4479 11.0807 27.558 11.7643 28.2416C12.4479 28.9252 13.558 28.9252 14.2416 28.2416L20.0002 22.4775L25.7643 28.2361C26.4479 28.9197 27.558 28.9197 28.2416 28.2361C28.9252 27.5525 28.9252 26.4424 28.2416 25.7588L22.4775 20.0002L28.2361 14.2361Z\" fill=\"black\"\/>\r\n    <\/svg>\r\n\r\n    <div class=\"speaker-container\">\r\n                    <div class=\"speaker-img\">\r\n                <img src=\"\" onerror=\"this.src='https:\/\/congresofanpse.org\/2024\/wp-content\/plugins\/bipeek\/speaker-fallback.jpg';this.onerror='';\">\r\n                <div class=\"gradient\"><\/div>\r\n            <\/div>\r\n                <div class=\"speaker-info\">\r\n            <div class=\"speaker-name\">\r\n                Cristina Rubio Gonz\u00e1lez            <\/div>\r\n            <div class=\"speaker-job body-1\">\r\n                                                                                        Estudiante del programa de doctorado de la Universidad Rey Juan Carlos                                                    Universidad Rey Juan Carlos                            <\/div>\r\n                            <div class=\"spacer\"><\/div>\r\n                <div class=\"speaker-cv body-2\">\r\n                                    <\/div>\r\n                                <\/div>\r\n        <div class=\"speaker-talks\">\r\n                                                                                                                                                                                                                                                                                                                                                                                                                                                                                                                                                                                                                                                                                                                                                                                                                                                            <div class=\"speaker-session hasSession\" session_id=\"6609\">\r\n                                                            <h5>Comunicaciones orales IV<\/h5>\r\n                                                        <div class=\"speaker-talk\">\r\n                                <div class=\"hour-date-room-container\">\r\n                                    <div class=\"body-2 medium\">8 mar<\/div>\r\n                                    <div class=\"body-2 medium\">Sala Seminario 3+4<\/div>\r\n                                    <div class=\"body-2 medium\">15:30 - 16:45<\/div>\r\n                                                                    <\/div>\r\n                            <\/div>\r\n                                                            <h6>Interviene en:<\/h6>\r\n                                                                                                                                                                                                                                                                                                                                                                                                                                                                                                                                                                                                                                                                                                                                                        <div class=\"speaker-talk\" style=\"margin-left: 1rem;\">\r\n                                                <div class=\"talk-title body-1\">\r\n                                                    AN\u00c1LISIS DE LA DISFUNCI\u00d3N COGNITIVA EN FIBROMIALGIA: ESTUDIO NEUROPSICOL\u00d3GICO DE LA ATENCI\u00d3N Y SU RELACI\u00d3N CON VARIABLES CL\u00cdNICAS Y PSICOL\u00d3GICAS. UN ESTUDIO PILOTO                                                <\/div>\r\n                                            <\/div>\r\n                                                                                                                                                                                                                                                                                                                                                                                                                                                                <\/div>\r\n                                                                                                                                                                                                                                                                                                                                                                                                                                                                                                                                                                                                                                                                                                                                                                                                                                                                                                                                                                                        <\/div>\r\n    <\/div>\r\n<\/div><div class=\"speaker-side\" speaker_id=\"114332\">\r\n    <svg class=\"close\" width=\"40\" height=\"40\" viewBox=\"0 0 40 40\" fill=\"none\" xmlns=\"http:\/\/www.w3.org\/2000\/svg\">\r\n        <path d=\"M0 20C0 8.95431 8.95431 0 20 0C31.0457 0 40 8.95431 40 20C40 31.0457 31.0457 40 20 40C8.95431 40 0 31.0457 0 20Z\" fill=\"white\"\/>\r\n        <path d=\"M28.2361 14.2361C28.9197 13.5525 28.9197 12.4424 28.2361 11.7588C27.5525 11.0752 26.4424 11.0752 25.7588 11.7588L20.0002 17.5229L14.2361 11.7643C13.5525 11.0807 12.4424 11.0807 11.7588 11.7643C11.0752 12.4479 11.0752 13.558 11.7588 14.2416L17.5229 20.0002L11.7643 25.7643C11.0807 26.4479 11.0807 27.558 11.7643 28.2416C12.4479 28.9252 13.558 28.9252 14.2416 28.2416L20.0002 22.4775L25.7643 28.2361C26.4479 28.9197 27.558 28.9197 28.2416 28.2361C28.9252 27.5525 28.9252 26.4424 28.2416 25.7588L22.4775 20.0002L28.2361 14.2361Z\" fill=\"black\"\/>\r\n    <\/svg>\r\n\r\n    <div class=\"speaker-container\">\r\n                    <div class=\"speaker-img\">\r\n                <img src=\"\" onerror=\"this.src='https:\/\/congresofanpse.org\/2024\/wp-content\/plugins\/bipeek\/speaker-fallback.jpg';this.onerror='';\">\r\n                <div class=\"gradient\"><\/div>\r\n            <\/div>\r\n                <div class=\"speaker-info\">\r\n            <div class=\"speaker-name\">\r\n                Noelia Teresa S\u00e1ez S\u00e1nz            <\/div>\r\n            <div class=\"speaker-job body-1\">\r\n                                                                                        PDI. Universidad de Granada                                                    Cimcyc (Centro de Investigaci\u00f3n Mente, Cerebro y Comportamiento)                            <\/div>\r\n                            <div class=\"spacer\"><\/div>\r\n                <div class=\"speaker-cv body-2\">\r\n                                    <\/div>\r\n                                <\/div>\r\n        <div class=\"speaker-talks\">\r\n                                                                                                                                                                                                                                                                                                                                                                                                                                                                                                                                                                                                                                                                                                                                                                                                                                                                                                                                                                                                                                                                                                                                                                                                                                                                                                                                                                                    <div class=\"speaker-session hasSession\" session_id=\"6929\">\r\n                                                            <h5>Comunicaciones orales VII<\/h5>\r\n                                                        <div class=\"speaker-talk\">\r\n                                <div class=\"hour-date-room-container\">\r\n                                    <div class=\"body-2 medium\">9 mar<\/div>\r\n                                    <div class=\"body-2 medium\">Sala Seminario 1+2<\/div>\r\n                                    <div class=\"body-2 medium\">9:00 - 10:30<\/div>\r\n                                                                    <\/div>\r\n                            <\/div>\r\n                                                            <h6>Interviene en:<\/h6>\r\n                                                                                                                                                                                                                                                                                                                                                                                                                                                                                                                                                                                                                                                                                                                                                                                                                                                                                                                                                                                                                                                                                                                                                                                                        <div class=\"speaker-talk\" style=\"margin-left: 1rem;\">\r\n                                                <div class=\"talk-title body-1\">\r\n                                                    La resiliencia psicol\u00f3gica predice mejor la fluidez verbal y la memoria de trabajo en personas mayores que el bajo estado de \u00e1nimo y el estr\u00e9s percibido.                                                <\/div>\r\n                                            <\/div>\r\n                                                                                                                                                                                                                                                                                                                <\/div>\r\n                                                                                                                                                                                                                                                                                                                                                                                                                                                                <\/div>\r\n    <\/div>\r\n<\/div><div class=\"speaker-side\" speaker_id=\"113384\">\r\n    <svg class=\"close\" width=\"40\" height=\"40\" viewBox=\"0 0 40 40\" fill=\"none\" xmlns=\"http:\/\/www.w3.org\/2000\/svg\">\r\n        <path d=\"M0 20C0 8.95431 8.95431 0 20 0C31.0457 0 40 8.95431 40 20C40 31.0457 31.0457 40 20 40C8.95431 40 0 31.0457 0 20Z\" fill=\"white\"\/>\r\n        <path d=\"M28.2361 14.2361C28.9197 13.5525 28.9197 12.4424 28.2361 11.7588C27.5525 11.0752 26.4424 11.0752 25.7588 11.7588L20.0002 17.5229L14.2361 11.7643C13.5525 11.0807 12.4424 11.0807 11.7588 11.7643C11.0752 12.4479 11.0752 13.558 11.7588 14.2416L17.5229 20.0002L11.7643 25.7643C11.0807 26.4479 11.0807 27.558 11.7643 28.2416C12.4479 28.9252 13.558 28.9252 14.2416 28.2416L20.0002 22.4775L25.7643 28.2361C26.4479 28.9197 27.558 28.9197 28.2416 28.2361C28.9252 27.5525 28.9252 26.4424 28.2416 25.7588L22.4775 20.0002L28.2361 14.2361Z\" fill=\"black\"\/>\r\n    <\/svg>\r\n\r\n    <div class=\"speaker-container\">\r\n                    <div class=\"speaker-img\">\r\n                <img src=\"\" onerror=\"this.src='https:\/\/congresofanpse.org\/2024\/wp-content\/plugins\/bipeek\/speaker-fallback.jpg';this.onerror='';\">\r\n                <div class=\"gradient\"><\/div>\r\n            <\/div>\r\n                <div class=\"speaker-info\">\r\n            <div class=\"speaker-name\">\r\n                Juan Luis Garc\u00eda Fern\u00e1ndez            <\/div>\r\n            <div class=\"speaker-job body-1\">\r\n                                                                                        Neuropsic\u00f3logo                                                    Associaci\u00f3 Familiars d'Alzheimer i altres dem\u00e8ncies de Barcelona (AFAB); Universitat Oberta de Catalunya (UOC)                            <\/div>\r\n                            <div class=\"spacer\"><\/div>\r\n                <div class=\"speaker-cv body-2\">\r\n                                    <\/div>\r\n                                <\/div>\r\n        <div class=\"speaker-talks\">\r\n                                                                                                                                                                                                                                                                                                                                                                                                                                                                                                                                                                                                                                                                                                                                                                                                                                                                                                                                                                                                                                                                                                                                                                                                                                                                                                                                                                                    <div class=\"speaker-session hasSession\" session_id=\"6929\">\r\n                                                            <h5>Comunicaciones orales VII<\/h5>\r\n                                                        <div class=\"speaker-talk\">\r\n                                <div class=\"hour-date-room-container\">\r\n                                    <div class=\"body-2 medium\">9 mar<\/div>\r\n                                    <div class=\"body-2 medium\">Sala Seminario 1+2<\/div>\r\n                                    <div class=\"body-2 medium\">9:00 - 10:30<\/div>\r\n                                                                    <\/div>\r\n                            <\/div>\r\n                                                            <h6>Interviene en:<\/h6>\r\n                                                                                                                                                                                                                                                                                                                                                                                                                                                                                                                                                                                                                                                                                                                                                                                                                                                                                                                                                                                                                                                                                                                                                                                                                                                                                                                                                        <div class=\"speaker-talk\" style=\"margin-left: 1rem;\">\r\n                                                <div class=\"talk-title body-1\">\r\n                                                    \u00bfA todo el mundo le falla la memoria? Quejas subjetivas y deterioro cognitivo. Estudio prevenci\u00f3n salud cerebral \u201cCuida tu cerebro\u201d. Resultados finales 2018-2023.                                                <\/div>\r\n                                            <\/div>\r\n                                                                                                                                                                <\/div>\r\n                                                                                                                                                                                                                                                                                                                                                                                                                                                                <\/div>\r\n    <\/div>\r\n<\/div><div class=\"speaker-side\" speaker_id=\"101041\">\r\n    <svg class=\"close\" width=\"40\" height=\"40\" viewBox=\"0 0 40 40\" fill=\"none\" xmlns=\"http:\/\/www.w3.org\/2000\/svg\">\r\n        <path d=\"M0 20C0 8.95431 8.95431 0 20 0C31.0457 0 40 8.95431 40 20C40 31.0457 31.0457 40 20 40C8.95431 40 0 31.0457 0 20Z\" fill=\"white\"\/>\r\n        <path d=\"M28.2361 14.2361C28.9197 13.5525 28.9197 12.4424 28.2361 11.7588C27.5525 11.0752 26.4424 11.0752 25.7588 11.7588L20.0002 17.5229L14.2361 11.7643C13.5525 11.0807 12.4424 11.0807 11.7588 11.7643C11.0752 12.4479 11.0752 13.558 11.7588 14.2416L17.5229 20.0002L11.7643 25.7643C11.0807 26.4479 11.0807 27.558 11.7643 28.2416C12.4479 28.9252 13.558 28.9252 14.2416 28.2416L20.0002 22.4775L25.7643 28.2361C26.4479 28.9197 27.558 28.9197 28.2416 28.2361C28.9252 27.5525 28.9252 26.4424 28.2416 25.7588L22.4775 20.0002L28.2361 14.2361Z\" fill=\"black\"\/>\r\n    <\/svg>\r\n\r\n    <div class=\"speaker-container\">\r\n                    <div class=\"speaker-img\">\r\n                <img src=\"\" onerror=\"this.src='https:\/\/congresofanpse.org\/2024\/wp-content\/plugins\/bipeek\/speaker-fallback.jpg';this.onerror='';\">\r\n                <div class=\"gradient\"><\/div>\r\n            <\/div>\r\n                <div class=\"speaker-info\">\r\n            <div class=\"speaker-name\">\r\n                Ricardo Montoya Monsalve            <\/div>\r\n            <div class=\"speaker-job body-1\">\r\n                                                                                        Neuropsicol\u00f3go cl\u00ednico, docente e investigador                                                    Universidad CES                            <\/div>\r\n                            <div class=\"spacer\"><\/div>\r\n                <div class=\"speaker-cv body-2\">\r\n                                    <\/div>\r\n                                <\/div>\r\n        <div class=\"speaker-talks\">\r\n                                                                                                                                                                                                                                                                                                                                                                                                                                                                                                                                                                                                                                                                                                                                                                                                                                                                                                                                                                                                                                                                                                                                                                                                                                                                                                                                                                                                                                            <div class=\"speaker-session hasSession\" session_id=\"6930\">\r\n                                                            <h5>Comunicaciones orales VIII<\/h5>\r\n                                                        <div class=\"speaker-talk\">\r\n                                <div class=\"hour-date-room-container\">\r\n                                    <div class=\"body-2 medium\">9 mar<\/div>\r\n                                    <div class=\"body-2 medium\">Sala Seminario 3+4<\/div>\r\n                                    <div class=\"body-2 medium\">9:00 - 10:30<\/div>\r\n                                                                    <\/div>\r\n                            <\/div>\r\n                                                            <h6>Interviene en:<\/h6>\r\n                                                                                                                                                        <div class=\"speaker-talk\" style=\"margin-left: 1rem;\">\r\n                                                <div class=\"talk-title body-1\">\r\n                                                    PERFIL COGNITIVO, AFECTIVO Y COMPORTAMENTAL EN NI\u00d1OS Y ADOLESCENTES CON EPILEPSIA ATENDIDOS EN UNA UNIDAD DE NEUROPSICOLOG\u00cdA.                                                <\/div>\r\n                                            <\/div>\r\n                                                                                                                                                                                                                                                                                                                                                                                                                                                                                                                                                                                                                                                                                                                                                                                                                                                                                                                                                                                                                                                                <\/div>\r\n                                                                                                                                                                                                                                                                                                                                                                                                        <\/div>\r\n    <\/div>\r\n<\/div><div class=\"speaker-side\" speaker_id=\"95644\">\r\n    <svg class=\"close\" width=\"40\" height=\"40\" viewBox=\"0 0 40 40\" fill=\"none\" xmlns=\"http:\/\/www.w3.org\/2000\/svg\">\r\n        <path d=\"M0 20C0 8.95431 8.95431 0 20 0C31.0457 0 40 8.95431 40 20C40 31.0457 31.0457 40 20 40C8.95431 40 0 31.0457 0 20Z\" fill=\"white\"\/>\r\n        <path d=\"M28.2361 14.2361C28.9197 13.5525 28.9197 12.4424 28.2361 11.7588C27.5525 11.0752 26.4424 11.0752 25.7588 11.7588L20.0002 17.5229L14.2361 11.7643C13.5525 11.0807 12.4424 11.0807 11.7588 11.7643C11.0752 12.4479 11.0752 13.558 11.7588 14.2416L17.5229 20.0002L11.7643 25.7643C11.0807 26.4479 11.0807 27.558 11.7643 28.2416C12.4479 28.9252 13.558 28.9252 14.2416 28.2416L20.0002 22.4775L25.7643 28.2361C26.4479 28.9197 27.558 28.9197 28.2416 28.2361C28.9252 27.5525 28.9252 26.4424 28.2416 25.7588L22.4775 20.0002L28.2361 14.2361Z\" fill=\"black\"\/>\r\n    <\/svg>\r\n\r\n    <div class=\"speaker-container\">\r\n                    <div class=\"speaker-img\">\r\n                <img src=\"https:\/\/bipeek-resources-onsite-prd.s3.amazonaws.com\/32663\/conversions\/Foto-perfil.jpg?v=1692989222\" onerror=\"this.src='https:\/\/congresofanpse.org\/2024\/wp-content\/plugins\/bipeek\/speaker-fallback.jpg';this.onerror='';\">\r\n                <div class=\"gradient\"><\/div>\r\n            <\/div>\r\n                <div class=\"speaker-info\">\r\n            <div class=\"speaker-name\">\r\n                Lorena Joga Elvira            <\/div>\r\n            <div class=\"speaker-job body-1\">\r\n                                    Psic\u00f3loga experta en neuropsicolog\u00eda cl\u00ednica                                                    Neuropsic\u00f3logo                                                    Consorcio Corporaci\u00f3n Sanitaria Parc Tauli. Servicio de Medicina Pedi\u00e1trica.                            <\/div>\r\n                            <div class=\"spacer\"><\/div>\r\n                <div class=\"speaker-cv body-2\">\r\n                    <p>Doctora en Psicolog&iacute;a por la Universitat Aut&ograve;noma de Barcelona (UAB).&nbsp;<\/p>\r\n<p>Psic&oacute;loga experta en Neuropsicolog&iacute;a Cl&iacute;nica por el Consejo General de Colegios Oficiales de Psic&oacute;logos.&nbsp;<\/p>\r\n<p>M&aacute;ster en psicolog&iacute;a cl&iacute;nica infanto-juvenil ISEP (Instituto Superior de Estudios Psicol&oacute;gicos).<\/p>\r\n<p>Vocal de la Junta de la Secci&oacute;n de Neuropsicolog&iacute;a del Colegio Oficial de Psicolog&iacute;a de Catalunya.<\/p>\r\n<p>Psic&oacute;loga senior experta en neuropsicolog&iacute;a cl&iacute;nica en el Hospital Parc Taul&iacute; de Sabadell. Servicio de Medicina Pedi&aacute;trica (departamento neurolog&iacute;a). En el servicio atiendo a pacientes con trastornos del neurodesarrollo y afectaciones neurol&oacute;gicas. Tambi&eacute;n formo parte de la unidad de experiencia cl&iacute;nica en trastornos cognitivo-conductuales de base gen&eacute;tica, siendo centro de referencia para diferentes s&iacute;ndromes gen&eacute;ticos como el S&iacute;ndrome X Fr&aacute;gil o el S&iacute;ndrome de Prader Willi.&nbsp;<\/p>\r\n<p>Profesional investigador en el Parc Tauli Institut d&rsquo;Investigaci&oacute; i Innovaci&oacute; I3PT, contando con diversas publicaciones en revistas con factor de impacto:<\/p>\r\n<p>1. &nbsp; &nbsp; &nbsp; Description of Neuropsychological Profile in Patients with 22q11 Syndrome.&nbsp;<\/p>\r\n<p>2. &nbsp; &nbsp; &nbsp;Cognitive and Adaptive Effects of Early Growth Hormone Treatment in Prader-Willi Syndrome Patients: A Cohort Study.&nbsp;<\/p>\r\n<p>3. &nbsp; &nbsp; &nbsp;Pilot study of socio-emotional factors and adaptive behavior in young females with fragile X syndrome.&nbsp;<\/p>\r\n<p>4. &nbsp; &nbsp; &nbsp;Study of the Interaction between Executive Function and Adaptive Behavior at School in Girls with Fragile X Syndrome.&nbsp;<\/p>\r\n<p>5. &nbsp; &nbsp; &nbsp;Fragile X syndrome in young females: Influence of executive function on the neurocognitive profile and adaptive behavior.&nbsp;<\/p>\r\n<p>6. &nbsp; &nbsp; &nbsp;Language in young females with fragile X syndrome: Influence on the neurocognitive profile and adaptive behavior.&nbsp;<\/p>\r\n<p>7. &nbsp; &nbsp; &nbsp;Bullying Victimization in Young Females with Fragile-X-Syndrome.<\/p>\r\n<p>&nbsp;<\/p>\r\n<p>Docente, tutora de pr&aacute;cticas y directora de trabajos de final de m&aacute;ster en los siguientes programas:&nbsp;<\/p>\r\n<p>- &nbsp; &nbsp; &nbsp; &nbsp; &nbsp;M&aacute;ster en Neuropsicolog&iacute;a Cl&iacute;nica Infantil y de Adultos (UAB).<\/p>\r\n<p>- &nbsp; &nbsp; &nbsp; &nbsp; &nbsp;Posgrado en Neuropsicolog&iacute;a y Neurolog&iacute;a de la Conducta Infantil (UAB).<\/p>\r\n<p>- &nbsp; &nbsp; &nbsp; &nbsp; &nbsp;M&aacute;ster en Psicopatolog&iacute;a Cl&iacute;nica Infanto-Juvenil (UAB).<\/p>\r\n<p>- &nbsp; &nbsp; &nbsp; &nbsp; &nbsp;M&aacute;ster en Neuropsicolog&iacute;a Infantil UB-HSJD (Universitat de Barcelona-Hospital San Joan de D&eacute;u).&nbsp;<\/p>                <\/div>\r\n                                <\/div>\r\n        <div class=\"speaker-talks\">\r\n                                                                                                                                                                                                                                                                                                                                                                                                                                                                                                                                                                                                                                                                                                                                                                                                                                                                                                                                                                                                                                                                                                                                                                                                                                                                                                                                                                                                                                            <div class=\"speaker-session hasSession\" session_id=\"6930\">\r\n                                                            <h5>Comunicaciones orales VIII<\/h5>\r\n                                                        <div class=\"speaker-talk\">\r\n                                <div class=\"hour-date-room-container\">\r\n                                    <div class=\"body-2 medium\">9 mar<\/div>\r\n                                    <div class=\"body-2 medium\">Sala Seminario 3+4<\/div>\r\n                                    <div class=\"body-2 medium\">9:00 - 10:30<\/div>\r\n                                                                    <\/div>\r\n                            <\/div>\r\n                                                            <h6>Interviene en:<\/h6>\r\n                                                                                                                                                                                                                                                                                                        <div class=\"speaker-talk\" style=\"margin-left: 1rem;\">\r\n                                                <div class=\"talk-title body-1\">\r\n                                                    S\u00edndrome de X-Fr\u00e1gil en ni\u00f1as y adolescentes: descripci\u00f3n del fenotipo neurocognitivo y de su posible relaci\u00f3n con la conducta adaptativa                                                <\/div>\r\n                                            <\/div>\r\n                                                                                                                                                                                                                                                                                                                                                                                                                                                                                                                                                                                                                                                                                                                                                                                                                                                                                                                <\/div>\r\n                                                                                                                                                                                                                                                                                                                                                                                                        <\/div>\r\n    <\/div>\r\n<\/div><div class=\"speaker-side\" speaker_id=\"113378\">\r\n    <svg class=\"close\" width=\"40\" height=\"40\" viewBox=\"0 0 40 40\" fill=\"none\" xmlns=\"http:\/\/www.w3.org\/2000\/svg\">\r\n        <path d=\"M0 20C0 8.95431 8.95431 0 20 0C31.0457 0 40 8.95431 40 20C40 31.0457 31.0457 40 20 40C8.95431 40 0 31.0457 0 20Z\" fill=\"white\"\/>\r\n        <path d=\"M28.2361 14.2361C28.9197 13.5525 28.9197 12.4424 28.2361 11.7588C27.5525 11.0752 26.4424 11.0752 25.7588 11.7588L20.0002 17.5229L14.2361 11.7643C13.5525 11.0807 12.4424 11.0807 11.7588 11.7643C11.0752 12.4479 11.0752 13.558 11.7588 14.2416L17.5229 20.0002L11.7643 25.7643C11.0807 26.4479 11.0807 27.558 11.7643 28.2416C12.4479 28.9252 13.558 28.9252 14.2416 28.2416L20.0002 22.4775L25.7643 28.2361C26.4479 28.9197 27.558 28.9197 28.2416 28.2361C28.9252 27.5525 28.9252 26.4424 28.2416 25.7588L22.4775 20.0002L28.2361 14.2361Z\" fill=\"black\"\/>\r\n    <\/svg>\r\n\r\n    <div class=\"speaker-container\">\r\n                    <div class=\"speaker-img\">\r\n                <img src=\"\" onerror=\"this.src='https:\/\/congresofanpse.org\/2024\/wp-content\/plugins\/bipeek\/speaker-fallback.jpg';this.onerror='';\">\r\n                <div class=\"gradient\"><\/div>\r\n            <\/div>\r\n                <div class=\"speaker-info\">\r\n            <div class=\"speaker-name\">\r\n                Carolina Morales Guerrero            <\/div>\r\n            <div class=\"speaker-job body-1\">\r\n                                                                                        Neuropsic\u00f3loga infantojuvenil                                                    Fundaci\u00f3 privada per la recerca i la doc\u00e8ncia Sant Joan de D\u00e9u                            <\/div>\r\n                            <div class=\"spacer\"><\/div>\r\n                <div class=\"speaker-cv body-2\">\r\n                                    <\/div>\r\n                                <\/div>\r\n        <div class=\"speaker-talks\">\r\n                                                                                                                                                                                                                                                                                                                                                                                                                                                                                                                                                                                                                                                                                                                                                                                                                                                                                                                                                                                                                                                                                                                                                                                                                                                                                                                                                                                                                                            <div class=\"speaker-session hasSession\" session_id=\"6930\">\r\n                                                            <h5>Comunicaciones orales VIII<\/h5>\r\n                                                        <div class=\"speaker-talk\">\r\n                                <div class=\"hour-date-room-container\">\r\n                                    <div class=\"body-2 medium\">9 mar<\/div>\r\n                                    <div class=\"body-2 medium\">Sala Seminario 3+4<\/div>\r\n                                    <div class=\"body-2 medium\">9:00 - 10:30<\/div>\r\n                                                                    <\/div>\r\n                            <\/div>\r\n                                                            <h6>Interviene en:<\/h6>\r\n                                                                                                                                                                                                                                                                                                                                                                                                                                                                                                                                                                                                        <div class=\"speaker-talk\" style=\"margin-left: 1rem;\">\r\n                                                <div class=\"talk-title body-1\">\r\n                                                    IMPACTO DE LA EXPOSICI\u00d3N A PANTALLAS EN EL SUE\u00d1O Y EL RENDIMIENTO ATENCIONAL EN POBLACI\u00d3N NI\u00d1OS-ADOLESCENTES: TRASTORNOS DEL NEURODESARROLLO Y CONTROLES                                                <\/div>\r\n                                            <\/div>\r\n                                                                                                                                                                                                                                                                                                                                                                                                                                                                                                                                                                                                                <\/div>\r\n                                                                                                                                                                                                                                                                                                                                                                                                        <\/div>\r\n    <\/div>\r\n<\/div><div class=\"speaker-side\" speaker_id=\"113953\">\r\n    <svg class=\"close\" width=\"40\" height=\"40\" viewBox=\"0 0 40 40\" fill=\"none\" xmlns=\"http:\/\/www.w3.org\/2000\/svg\">\r\n        <path d=\"M0 20C0 8.95431 8.95431 0 20 0C31.0457 0 40 8.95431 40 20C40 31.0457 31.0457 40 20 40C8.95431 40 0 31.0457 0 20Z\" fill=\"white\"\/>\r\n        <path d=\"M28.2361 14.2361C28.9197 13.5525 28.9197 12.4424 28.2361 11.7588C27.5525 11.0752 26.4424 11.0752 25.7588 11.7588L20.0002 17.5229L14.2361 11.7643C13.5525 11.0807 12.4424 11.0807 11.7588 11.7643C11.0752 12.4479 11.0752 13.558 11.7588 14.2416L17.5229 20.0002L11.7643 25.7643C11.0807 26.4479 11.0807 27.558 11.7643 28.2416C12.4479 28.9252 13.558 28.9252 14.2416 28.2416L20.0002 22.4775L25.7643 28.2361C26.4479 28.9197 27.558 28.9197 28.2416 28.2361C28.9252 27.5525 28.9252 26.4424 28.2416 25.7588L22.4775 20.0002L28.2361 14.2361Z\" fill=\"black\"\/>\r\n    <\/svg>\r\n\r\n    <div class=\"speaker-container\">\r\n                    <div class=\"speaker-img\">\r\n                <img src=\"\" onerror=\"this.src='https:\/\/congresofanpse.org\/2024\/wp-content\/plugins\/bipeek\/speaker-fallback.jpg';this.onerror='';\">\r\n                <div class=\"gradient\"><\/div>\r\n            <\/div>\r\n                <div class=\"speaker-info\">\r\n            <div class=\"speaker-name\">\r\n                Ana Mar\u00eda Merch\u00e1n Carrillo            <\/div>\r\n            <div class=\"speaker-job body-1\">\r\n                                                                                        Profesora en el \u00e1rea de Psicolog\u00eda evolutiva y de la educaci\u00f3n de la Universidad de Almer\u00eda, y profesora en el M\u00e1ster de Educaci\u00f3n Especial de la Universidad Internacional de la Rioja                                                    a- Departamento de Psicolog\u00eda, Universidad de Almer\u00eda (Espa\u00f1a); b- Centro de Investigaci\u00f3n para el Bienestar y la Inclusi\u00f3n Social (CIBIS), Universidad de Almer\u00eda (Espa\u00f1a).                            <\/div>\r\n                            <div class=\"spacer\"><\/div>\r\n                <div class=\"speaker-cv body-2\">\r\n                                    <\/div>\r\n                                <\/div>\r\n        <div class=\"speaker-talks\">\r\n                                                                                                                                                                                                                                                                                                                                                                                                                                                                                                                                                                                                                                                                                                                                                                                                                                                                                                                                                                                                                                                                                                                                                                                                                                                                                                                                                                                                                                            <div class=\"speaker-session hasSession\" session_id=\"6930\">\r\n                                                            <h5>Comunicaciones orales VIII<\/h5>\r\n                                                        <div class=\"speaker-talk\">\r\n                                <div class=\"hour-date-room-container\">\r\n                                    <div class=\"body-2 medium\">9 mar<\/div>\r\n                                    <div class=\"body-2 medium\">Sala Seminario 3+4<\/div>\r\n                                    <div class=\"body-2 medium\">9:00 - 10:30<\/div>\r\n                                                                    <\/div>\r\n                            <\/div>\r\n                                                            <h6>Interviene en:<\/h6>\r\n                                                                                                                                                                                                                                                                                                                                                                                                                                                                                                                                                                                                                                                                                                                                                        <div class=\"speaker-talk\" style=\"margin-left: 1rem;\">\r\n                                                <div class=\"talk-title body-1\">\r\n                                                    Organizaci\u00f3n conceptual del sistema sem\u00e1ntico en ni\u00f1os sordos prelocutivos de 4 a 12 a\u00f1os                                                <\/div>\r\n                                            <\/div>\r\n                                                                                                                                                                                                                                                                                                                                                                                                                                                                <\/div>\r\n                                                                                                                                                                                                                                                                                                                                                                                                        <\/div>\r\n    <\/div>\r\n<\/div><div class=\"speaker-side\" speaker_id=\"114075\">\r\n    <svg class=\"close\" width=\"40\" height=\"40\" viewBox=\"0 0 40 40\" fill=\"none\" xmlns=\"http:\/\/www.w3.org\/2000\/svg\">\r\n        <path d=\"M0 20C0 8.95431 8.95431 0 20 0C31.0457 0 40 8.95431 40 20C40 31.0457 31.0457 40 20 40C8.95431 40 0 31.0457 0 20Z\" fill=\"white\"\/>\r\n        <path d=\"M28.2361 14.2361C28.9197 13.5525 28.9197 12.4424 28.2361 11.7588C27.5525 11.0752 26.4424 11.0752 25.7588 11.7588L20.0002 17.5229L14.2361 11.7643C13.5525 11.0807 12.4424 11.0807 11.7588 11.7643C11.0752 12.4479 11.0752 13.558 11.7588 14.2416L17.5229 20.0002L11.7643 25.7643C11.0807 26.4479 11.0807 27.558 11.7643 28.2416C12.4479 28.9252 13.558 28.9252 14.2416 28.2416L20.0002 22.4775L25.7643 28.2361C26.4479 28.9197 27.558 28.9197 28.2416 28.2361C28.9252 27.5525 28.9252 26.4424 28.2416 25.7588L22.4775 20.0002L28.2361 14.2361Z\" fill=\"black\"\/>\r\n    <\/svg>\r\n\r\n    <div class=\"speaker-container\">\r\n                    <div class=\"speaker-img\">\r\n                <img src=\"\" onerror=\"this.src='https:\/\/congresofanpse.org\/2024\/wp-content\/plugins\/bipeek\/speaker-fallback.jpg';this.onerror='';\">\r\n                <div class=\"gradient\"><\/div>\r\n            <\/div>\r\n                <div class=\"speaker-info\">\r\n            <div class=\"speaker-name\">\r\n                Fernando S\u00e1nchez            <\/div>\r\n            <div class=\"speaker-job body-1\">\r\n                                                                                        T\u00e9cnico de I+D+i                                                    Hogrefe TEA Ediciones                            <\/div>\r\n                            <div class=\"spacer\"><\/div>\r\n                <div class=\"speaker-cv body-2\">\r\n                                    <\/div>\r\n                                <\/div>\r\n        <div class=\"speaker-talks\">\r\n                                                                                                                                                                                                                                                                                                                                                                                                                                                                                                                                                                                                                                                                                                                                                                                                                                                                                                                                                                                                                                                                                                                                                                                                                                                                                                                                                                                                                                            <div class=\"speaker-session hasSession\" session_id=\"6930\">\r\n                                                            <h5>Comunicaciones orales VIII<\/h5>\r\n                                                        <div class=\"speaker-talk\">\r\n                                <div class=\"hour-date-room-container\">\r\n                                    <div class=\"body-2 medium\">9 mar<\/div>\r\n                                    <div class=\"body-2 medium\">Sala Seminario 3+4<\/div>\r\n                                    <div class=\"body-2 medium\">9:00 - 10:30<\/div>\r\n                                                                    <\/div>\r\n                            <\/div>\r\n                                                            <h6>Interviene en:<\/h6>\r\n                                                                                                                                                                                                                                                                                                                                                                                                                                                                                                                                                                                                                                                                                                                                                                                                                                                                                                        <div class=\"speaker-talk\" style=\"margin-left: 1rem;\">\r\n                                                <div class=\"talk-title body-1\">\r\n                                                    ATENTO, Cuestionario para la Evaluaci\u00f3n de las Funciones Ejecutivas y el TDAH: sensibilidad y especificidad de la evaluaci\u00f3n multi-informante para diferenciar casos con TDAH                                                <\/div>\r\n                                            <\/div>\r\n                                                                                                                                                                                                                                                                                                                <\/div>\r\n                                                                                                                                                                                                                                                                                                                                                                                                        <\/div>\r\n    <\/div>\r\n<\/div><div class=\"speaker-side\" speaker_id=\"114076\">\r\n    <svg class=\"close\" width=\"40\" height=\"40\" viewBox=\"0 0 40 40\" fill=\"none\" xmlns=\"http:\/\/www.w3.org\/2000\/svg\">\r\n        <path d=\"M0 20C0 8.95431 8.95431 0 20 0C31.0457 0 40 8.95431 40 20C40 31.0457 31.0457 40 20 40C8.95431 40 0 31.0457 0 20Z\" fill=\"white\"\/>\r\n        <path d=\"M28.2361 14.2361C28.9197 13.5525 28.9197 12.4424 28.2361 11.7588C27.5525 11.0752 26.4424 11.0752 25.7588 11.7588L20.0002 17.5229L14.2361 11.7643C13.5525 11.0807 12.4424 11.0807 11.7588 11.7643C11.0752 12.4479 11.0752 13.558 11.7588 14.2416L17.5229 20.0002L11.7643 25.7643C11.0807 26.4479 11.0807 27.558 11.7643 28.2416C12.4479 28.9252 13.558 28.9252 14.2416 28.2416L20.0002 22.4775L25.7643 28.2361C26.4479 28.9197 27.558 28.9197 28.2416 28.2361C28.9252 27.5525 28.9252 26.4424 28.2416 25.7588L22.4775 20.0002L28.2361 14.2361Z\" fill=\"black\"\/>\r\n    <\/svg>\r\n\r\n    <div class=\"speaker-container\">\r\n                    <div class=\"speaker-img\">\r\n                <img src=\"\" onerror=\"this.src='https:\/\/congresofanpse.org\/2024\/wp-content\/plugins\/bipeek\/speaker-fallback.jpg';this.onerror='';\">\r\n                <div class=\"gradient\"><\/div>\r\n            <\/div>\r\n                <div class=\"speaker-info\">\r\n            <div class=\"speaker-name\">\r\n                Mar\u00eda Solar Sastre            <\/div>\r\n            <div class=\"speaker-job body-1\">\r\n                                                                                        T\u00e9cnico de I+D+i                                                    Hogrefe TEA Ediciones                            <\/div>\r\n                            <div class=\"spacer\"><\/div>\r\n                <div class=\"speaker-cv body-2\">\r\n                                    <\/div>\r\n                                <\/div>\r\n        <div class=\"speaker-talks\">\r\n                                                                                                                                                                                                                                                                                                                                                                                                                                                                                                                                                                                                                                                                                                                                                                                                                                                                                                                                                                                                                                                                                                                                                                                                                                                                                                                                                                                                                                            <div class=\"speaker-session hasSession\" session_id=\"6930\">\r\n                                                            <h5>Comunicaciones orales VIII<\/h5>\r\n                                                        <div class=\"speaker-talk\">\r\n                                <div class=\"hour-date-room-container\">\r\n                                    <div class=\"body-2 medium\">9 mar<\/div>\r\n                                    <div class=\"body-2 medium\">Sala Seminario 3+4<\/div>\r\n                                    <div class=\"body-2 medium\">9:00 - 10:30<\/div>\r\n                                                                    <\/div>\r\n                            <\/div>\r\n                                                            <h6>Interviene en:<\/h6>\r\n                                                                                                                                                                                                                                                                                                                                                                                                                                                                                                                                                                                                                                                                                                                                                                                                                                                                                                                                                                                                                                                        <div class=\"speaker-talk\" style=\"margin-left: 1rem;\">\r\n                                                <div class=\"talk-title body-1\">\r\n                                                    ATENTO, Cuestionario para la Evaluaci\u00f3n de las Funciones Ejecutivas y el TDAH: capacidad predictiva para diferenciar casos con TDAH y TEA                                                <\/div>\r\n                                            <\/div>\r\n                                                                                                                                                                <\/div>\r\n                                                                                                                                                                                                                                                                                                                                                                                                        <\/div>\r\n    <\/div>\r\n<\/div><div class=\"speaker-side\" speaker_id=\"113417\">\r\n    <svg class=\"close\" width=\"40\" height=\"40\" viewBox=\"0 0 40 40\" fill=\"none\" xmlns=\"http:\/\/www.w3.org\/2000\/svg\">\r\n        <path d=\"M0 20C0 8.95431 8.95431 0 20 0C31.0457 0 40 8.95431 40 20C40 31.0457 31.0457 40 20 40C8.95431 40 0 31.0457 0 20Z\" fill=\"white\"\/>\r\n        <path d=\"M28.2361 14.2361C28.9197 13.5525 28.9197 12.4424 28.2361 11.7588C27.5525 11.0752 26.4424 11.0752 25.7588 11.7588L20.0002 17.5229L14.2361 11.7643C13.5525 11.0807 12.4424 11.0807 11.7588 11.7643C11.0752 12.4479 11.0752 13.558 11.7588 14.2416L17.5229 20.0002L11.7643 25.7643C11.0807 26.4479 11.0807 27.558 11.7643 28.2416C12.4479 28.9252 13.558 28.9252 14.2416 28.2416L20.0002 22.4775L25.7643 28.2361C26.4479 28.9197 27.558 28.9197 28.2416 28.2361C28.9252 27.5525 28.9252 26.4424 28.2416 25.7588L22.4775 20.0002L28.2361 14.2361Z\" fill=\"black\"\/>\r\n    <\/svg>\r\n\r\n    <div class=\"speaker-container\">\r\n                    <div class=\"speaker-img\">\r\n                <img src=\"https:\/\/bipeek-resources-onsite-prd.s3.amazonaws.com\/37972\/conversions\/descarga-perfil.jpg?v=1702290280\" onerror=\"this.src='https:\/\/congresofanpse.org\/2024\/wp-content\/plugins\/bipeek\/speaker-fallback.jpg';this.onerror='';\">\r\n                <div class=\"gradient\"><\/div>\r\n            <\/div>\r\n                <div class=\"speaker-info\">\r\n            <div class=\"speaker-name\">\r\n                \u00c1ngel Yorca Ruiz            <\/div>\r\n            <div class=\"speaker-job body-1\">\r\n                                                                                        Neuropsic\u00f3logo                                                    Centro de Investigaci\u00f3n Sanitaria Valdecilla (IDIVAL)                            <\/div>\r\n                            <div class=\"spacer\"><\/div>\r\n                <div class=\"speaker-cv body-2\">\r\n                                    <\/div>\r\n                                <\/div>\r\n        <div class=\"speaker-talks\">\r\n                                                                                                                                                                                                                                                                                                                                                                                                                                                                                                                                                                                                                                                                                                                                                                                                                                                                                                                                                                                                                                                                                                                                                                                                            <div class=\"speaker-session hasSession\" session_id=\"6931\">\r\n                                                            <h5>Comunicaciones orales IX<\/h5>\r\n                                                        <div class=\"speaker-talk\">\r\n                                <div class=\"hour-date-room-container\">\r\n                                    <div class=\"body-2 medium\">9 mar<\/div>\r\n                                    <div class=\"body-2 medium\">Sala Seminario 6+7<\/div>\r\n                                    <div class=\"body-2 medium\">9:00 - 10:30<\/div>\r\n                                                                    <\/div>\r\n                            <\/div>\r\n                                                            <h6>Interviene en:<\/h6>\r\n                                                                                                                                                        <div class=\"speaker-talk\" style=\"margin-left: 1rem;\">\r\n                                                <div class=\"talk-title body-1\">\r\n                                                    An\u00e1lisis de los subcomponentes motor y cognitivo del dominio velocidad de procesamiento en pacientes con un primer episodio de psicosis y familiares de primer grado.                                                <\/div>\r\n                                            <\/div>\r\n                                                                                                                                                                                                                                    <div class=\"speaker-talk\" style=\"margin-left: 1rem;\">\r\n                                                <div class=\"talk-title body-1\">\r\n                                                    Exploraci\u00f3n de la velocidad de procesamiento en los trastornos del espectro de la esquizofrenia: interacci\u00f3n del riesgo gen\u00e9tico y el consumo de cannabis.                                                <\/div>\r\n                                            <\/div>\r\n                                                                                                                                                                                                                                                                                                                                                                                                                                                                                                                                                                                                                                                                                                                                                                                                                                                                                                                                                                                                                                                                <\/div>\r\n                                                                                                                                                                                                                                                                                                                                                                                                                                                                                                                                                                                                                                        <\/div>\r\n    <\/div>\r\n<\/div><div class=\"speaker-side\" speaker_id=\"114027\">\r\n    <svg class=\"close\" width=\"40\" height=\"40\" viewBox=\"0 0 40 40\" fill=\"none\" xmlns=\"http:\/\/www.w3.org\/2000\/svg\">\r\n        <path d=\"M0 20C0 8.95431 8.95431 0 20 0C31.0457 0 40 8.95431 40 20C40 31.0457 31.0457 40 20 40C8.95431 40 0 31.0457 0 20Z\" fill=\"white\"\/>\r\n        <path d=\"M28.2361 14.2361C28.9197 13.5525 28.9197 12.4424 28.2361 11.7588C27.5525 11.0752 26.4424 11.0752 25.7588 11.7588L20.0002 17.5229L14.2361 11.7643C13.5525 11.0807 12.4424 11.0807 11.7588 11.7643C11.0752 12.4479 11.0752 13.558 11.7588 14.2416L17.5229 20.0002L11.7643 25.7643C11.0807 26.4479 11.0807 27.558 11.7643 28.2416C12.4479 28.9252 13.558 28.9252 14.2416 28.2416L20.0002 22.4775L25.7643 28.2361C26.4479 28.9197 27.558 28.9197 28.2416 28.2361C28.9252 27.5525 28.9252 26.4424 28.2416 25.7588L22.4775 20.0002L28.2361 14.2361Z\" fill=\"black\"\/>\r\n    <\/svg>\r\n\r\n    <div class=\"speaker-container\">\r\n                    <div class=\"speaker-img\">\r\n                <img src=\"\" onerror=\"this.src='https:\/\/congresofanpse.org\/2024\/wp-content\/plugins\/bipeek\/speaker-fallback.jpg';this.onerror='';\">\r\n                <div class=\"gradient\"><\/div>\r\n            <\/div>\r\n                <div class=\"speaker-info\">\r\n            <div class=\"speaker-name\">\r\n                OLATZ IBARRETXE CUEVAS            <\/div>\r\n            <div class=\"speaker-job body-1\">\r\n                                                                                        T\u00e9cnico en Investigaci\u00f3n                                                    BioBizkaia                            <\/div>\r\n                            <div class=\"spacer\"><\/div>\r\n                <div class=\"speaker-cv body-2\">\r\n                                    <\/div>\r\n                                <\/div>\r\n        <div class=\"speaker-talks\">\r\n                                                                                                                                                                                                                                                                                                                                                                                                                                                                                                                                                                                                                                                                                                                                                                                                                                                                                                                                                                                                                                                                                                                                                                                                            <div class=\"speaker-session hasSession\" session_id=\"6931\">\r\n                                                            <h5>Comunicaciones orales IX<\/h5>\r\n                                                        <div class=\"speaker-talk\">\r\n                                <div class=\"hour-date-room-container\">\r\n                                    <div class=\"body-2 medium\">9 mar<\/div>\r\n                                    <div class=\"body-2 medium\">Sala Seminario 6+7<\/div>\r\n                                    <div class=\"body-2 medium\">9:00 - 10:30<\/div>\r\n                                                                    <\/div>\r\n                            <\/div>\r\n                                                            <h6>Interviene en:<\/h6>\r\n                                                                                                                                                                                                                                                                                                                                                                                                                                                        <div class=\"speaker-talk\" style=\"margin-left: 1rem;\">\r\n                                                <div class=\"talk-title body-1\">\r\n                                                    Antecedentes Traum\u00e1ticos en la Infancia y D\u00e9ficit en el Reconocimiento Facial de Emociones en el Espectro de la Psicosis.                                                <\/div>\r\n                                            <\/div>\r\n                                                                                                                                                                                                                                                                                                                                                                                                                                                                                                                                                                                                                                                                                                                                                                                                                                                                                                                <\/div>\r\n                                                                                                                                                                                                                                                                                                                                                                                                                                                                                                                                                                                                                                        <\/div>\r\n    <\/div>\r\n<\/div><div class=\"speaker-side\" speaker_id=\"114295\">\r\n    <svg class=\"close\" width=\"40\" height=\"40\" viewBox=\"0 0 40 40\" fill=\"none\" xmlns=\"http:\/\/www.w3.org\/2000\/svg\">\r\n        <path d=\"M0 20C0 8.95431 8.95431 0 20 0C31.0457 0 40 8.95431 40 20C40 31.0457 31.0457 40 20 40C8.95431 40 0 31.0457 0 20Z\" fill=\"white\"\/>\r\n        <path d=\"M28.2361 14.2361C28.9197 13.5525 28.9197 12.4424 28.2361 11.7588C27.5525 11.0752 26.4424 11.0752 25.7588 11.7588L20.0002 17.5229L14.2361 11.7643C13.5525 11.0807 12.4424 11.0807 11.7588 11.7643C11.0752 12.4479 11.0752 13.558 11.7588 14.2416L17.5229 20.0002L11.7643 25.7643C11.0807 26.4479 11.0807 27.558 11.7643 28.2416C12.4479 28.9252 13.558 28.9252 14.2416 28.2416L20.0002 22.4775L25.7643 28.2361C26.4479 28.9197 27.558 28.9197 28.2416 28.2361C28.9252 27.5525 28.9252 26.4424 28.2416 25.7588L22.4775 20.0002L28.2361 14.2361Z\" fill=\"black\"\/>\r\n    <\/svg>\r\n\r\n    <div class=\"speaker-container\">\r\n                    <div class=\"speaker-img\">\r\n                <img src=\"\" onerror=\"this.src='https:\/\/congresofanpse.org\/2024\/wp-content\/plugins\/bipeek\/speaker-fallback.jpg';this.onerror='';\">\r\n                <div class=\"gradient\"><\/div>\r\n            <\/div>\r\n                <div class=\"speaker-info\">\r\n            <div class=\"speaker-name\">\r\n                Laura Alonso Recio            <\/div>\r\n            <div class=\"speaker-job body-1\">\r\n                                                                                        PhD                                                    Departamento de Psicolog\u00eda Biol\u00f3gica y de la Salud. Facultad de Psicolog\u00eda, Universidad Aut\u00f3noma de Madrid                            <\/div>\r\n                            <div class=\"spacer\"><\/div>\r\n                <div class=\"speaker-cv body-2\">\r\n                                    <\/div>\r\n                                <\/div>\r\n        <div class=\"speaker-talks\">\r\n                                                                                                                                                                                                                                                                                                                                                                                                                                                                                                                                                                                                                                                                                                                                                                                                                                                                                                                                                                                                                                                                                                                                                                                                            <div class=\"speaker-session hasSession\" session_id=\"6931\">\r\n                                                            <h5>Comunicaciones orales IX<\/h5>\r\n                                                        <div class=\"speaker-talk\">\r\n                                <div class=\"hour-date-room-container\">\r\n                                    <div class=\"body-2 medium\">9 mar<\/div>\r\n                                    <div class=\"body-2 medium\">Sala Seminario 6+7<\/div>\r\n                                    <div class=\"body-2 medium\">9:00 - 10:30<\/div>\r\n                                                                    <\/div>\r\n                            <\/div>\r\n                                                            <h6>Interviene en:<\/h6>\r\n                                                                                                                                                                                                                                                                                                                                                                                                                                                                                                                                                                                                        <div class=\"speaker-talk\" style=\"margin-left: 1rem;\">\r\n                                                <div class=\"talk-title body-1\">\r\n                                                    Empat\u00eda autoinformada y situacional en pacientes con esquizofrenia                                                <\/div>\r\n                                            <\/div>\r\n                                                                                                                                                                                                                                                                                                                                                                                                                                                                                                                                                                                                                                                                                                                                                                <\/div>\r\n                                                                                                                                                                                                                                                                                                                                                                                                                                                                                                                                                                                                                                        <\/div>\r\n    <\/div>\r\n<\/div><div class=\"speaker-side\" speaker_id=\"113409\">\r\n    <svg class=\"close\" width=\"40\" height=\"40\" viewBox=\"0 0 40 40\" fill=\"none\" xmlns=\"http:\/\/www.w3.org\/2000\/svg\">\r\n        <path d=\"M0 20C0 8.95431 8.95431 0 20 0C31.0457 0 40 8.95431 40 20C40 31.0457 31.0457 40 20 40C8.95431 40 0 31.0457 0 20Z\" fill=\"white\"\/>\r\n        <path d=\"M28.2361 14.2361C28.9197 13.5525 28.9197 12.4424 28.2361 11.7588C27.5525 11.0752 26.4424 11.0752 25.7588 11.7588L20.0002 17.5229L14.2361 11.7643C13.5525 11.0807 12.4424 11.0807 11.7588 11.7643C11.0752 12.4479 11.0752 13.558 11.7588 14.2416L17.5229 20.0002L11.7643 25.7643C11.0807 26.4479 11.0807 27.558 11.7643 28.2416C12.4479 28.9252 13.558 28.9252 14.2416 28.2416L20.0002 22.4775L25.7643 28.2361C26.4479 28.9197 27.558 28.9197 28.2416 28.2361C28.9252 27.5525 28.9252 26.4424 28.2416 25.7588L22.4775 20.0002L28.2361 14.2361Z\" fill=\"black\"\/>\r\n    <\/svg>\r\n\r\n    <div class=\"speaker-container\">\r\n                    <div class=\"speaker-img\">\r\n                <img src=\"\" onerror=\"this.src='https:\/\/congresofanpse.org\/2024\/wp-content\/plugins\/bipeek\/speaker-fallback.jpg';this.onerror='';\">\r\n                <div class=\"gradient\"><\/div>\r\n            <\/div>\r\n                <div class=\"speaker-info\">\r\n            <div class=\"speaker-name\">\r\n                Giorgia Ricchetti            <\/div>\r\n            <div class=\"speaker-job body-1\">\r\n                                                                                        Doctora en Psicolog\u00eda de la Universidad de Granada                                                    Centro de Investigaci\u00f3n Mente, Cerebro y Comportamiento                            <\/div>\r\n                            <div class=\"spacer\"><\/div>\r\n                <div class=\"speaker-cv body-2\">\r\n                                    <\/div>\r\n                                <\/div>\r\n        <div class=\"speaker-talks\">\r\n                                                                                                                                                                                                                                                                                                                                                                                                                                                                                                                                                                                                                                                                                                                                                                                                                                                                                                                                                                                                                                                                                                                                                                                                            <div class=\"speaker-session hasSession\" session_id=\"6931\">\r\n                                                            <h5>Comunicaciones orales IX<\/h5>\r\n                                                        <div class=\"speaker-talk\">\r\n                                <div class=\"hour-date-room-container\">\r\n                                    <div class=\"body-2 medium\">9 mar<\/div>\r\n                                    <div class=\"body-2 medium\">Sala Seminario 6+7<\/div>\r\n                                    <div class=\"body-2 medium\">9:00 - 10:30<\/div>\r\n                                                                    <\/div>\r\n                            <\/div>\r\n                                                            <h6>Interviene en:<\/h6>\r\n                                                                                                                                                                                                                                                                                                                                                                                                                                                                                                                                                                                                                                                                                                                                                        <div class=\"speaker-talk\" style=\"margin-left: 1rem;\">\r\n                                                <div class=\"talk-title body-1\">\r\n                                                    La Tarea Computerizada de Monitorizaci\u00f3n de Secuencias de Acci\u00f3n Cotidiana (CM-SEAC) para adultos e infantil: nuevas herramientas de evaluaci\u00f3n de la secuenciaci\u00f3n de Actividades de la Vida Diaria y de los procesos cognitivos implicados.                                                <\/div>\r\n                                            <\/div>\r\n                                                                                                                                                                                                                                                                                                                                                                                                                                                                                                                                                                                                                <\/div>\r\n                                                                                                                                                                                                                                                                                                                                                                                                                                                                                                                                                                                                                                        <\/div>\r\n    <\/div>\r\n<\/div><div class=\"speaker-side\" speaker_id=\"114300\">\r\n    <svg class=\"close\" width=\"40\" height=\"40\" viewBox=\"0 0 40 40\" fill=\"none\" xmlns=\"http:\/\/www.w3.org\/2000\/svg\">\r\n        <path d=\"M0 20C0 8.95431 8.95431 0 20 0C31.0457 0 40 8.95431 40 20C40 31.0457 31.0457 40 20 40C8.95431 40 0 31.0457 0 20Z\" fill=\"white\"\/>\r\n        <path d=\"M28.2361 14.2361C28.9197 13.5525 28.9197 12.4424 28.2361 11.7588C27.5525 11.0752 26.4424 11.0752 25.7588 11.7588L20.0002 17.5229L14.2361 11.7643C13.5525 11.0807 12.4424 11.0807 11.7588 11.7643C11.0752 12.4479 11.0752 13.558 11.7588 14.2416L17.5229 20.0002L11.7643 25.7643C11.0807 26.4479 11.0807 27.558 11.7643 28.2416C12.4479 28.9252 13.558 28.9252 14.2416 28.2416L20.0002 22.4775L25.7643 28.2361C26.4479 28.9197 27.558 28.9197 28.2416 28.2361C28.9252 27.5525 28.9252 26.4424 28.2416 25.7588L22.4775 20.0002L28.2361 14.2361Z\" fill=\"black\"\/>\r\n    <\/svg>\r\n\r\n    <div class=\"speaker-container\">\r\n                    <div class=\"speaker-img\">\r\n                <img src=\"\" onerror=\"this.src='https:\/\/congresofanpse.org\/2024\/wp-content\/plugins\/bipeek\/speaker-fallback.jpg';this.onerror='';\">\r\n                <div class=\"gradient\"><\/div>\r\n            <\/div>\r\n                <div class=\"speaker-info\">\r\n            <div class=\"speaker-name\">\r\n                Meritxell Perez Beltran            <\/div>\r\n            <div class=\"speaker-job body-1\">\r\n                                                                                        Neuropsic\u00f3loga Profesora Titular Campus Docent Sant Joan de D\u00e9u                                                    Campus Docent Sant Joan de D\u00e9u                            <\/div>\r\n                            <div class=\"spacer\"><\/div>\r\n                <div class=\"speaker-cv body-2\">\r\n                                    <\/div>\r\n                                <\/div>\r\n        <div class=\"speaker-talks\">\r\n                                                                                                                                                                                                                                                                                                                                                                                                                                                                                                                                                                                                                                                                                                                                                                                                                                                                                                                                                                                                                                                                                                                                                                                                            <div class=\"speaker-session hasSession\" session_id=\"6931\">\r\n                                                            <h5>Comunicaciones orales IX<\/h5>\r\n                                                        <div class=\"speaker-talk\">\r\n                                <div class=\"hour-date-room-container\">\r\n                                    <div class=\"body-2 medium\">9 mar<\/div>\r\n                                    <div class=\"body-2 medium\">Sala Seminario 6+7<\/div>\r\n                                    <div class=\"body-2 medium\">9:00 - 10:30<\/div>\r\n                                                                    <\/div>\r\n                            <\/div>\r\n                                                            <h6>Interviene en:<\/h6>\r\n                                                                                                                                                                                                                                                                                                                                                                                                                                                                                                                                                                                                                                                                                                                                                                                                                                                                                                        <div class=\"speaker-talk\" style=\"margin-left: 1rem;\">\r\n                                                <div class=\"talk-title body-1\">\r\n                                                    \u00bfTenemos instrumentos sensibles a la detecci\u00f3n del TDAH, atendiendo a la perspectiva de g\u00e9nero?                                                <\/div>\r\n                                            <\/div>\r\n                                                                                                                                                                                                                                                                                                                                                                                                                                                                <\/div>\r\n                                                                                                                                                                                                                                                                                                                                                                                                                                                                                                                                                                                                                                        <\/div>\r\n    <\/div>\r\n<\/div><div class=\"speaker-side\" speaker_id=\"114335\">\r\n    <svg class=\"close\" width=\"40\" height=\"40\" viewBox=\"0 0 40 40\" fill=\"none\" xmlns=\"http:\/\/www.w3.org\/2000\/svg\">\r\n        <path d=\"M0 20C0 8.95431 8.95431 0 20 0C31.0457 0 40 8.95431 40 20C40 31.0457 31.0457 40 20 40C8.95431 40 0 31.0457 0 20Z\" fill=\"white\"\/>\r\n        <path d=\"M28.2361 14.2361C28.9197 13.5525 28.9197 12.4424 28.2361 11.7588C27.5525 11.0752 26.4424 11.0752 25.7588 11.7588L20.0002 17.5229L14.2361 11.7643C13.5525 11.0807 12.4424 11.0807 11.7588 11.7643C11.0752 12.4479 11.0752 13.558 11.7588 14.2416L17.5229 20.0002L11.7643 25.7643C11.0807 26.4479 11.0807 27.558 11.7643 28.2416C12.4479 28.9252 13.558 28.9252 14.2416 28.2416L20.0002 22.4775L25.7643 28.2361C26.4479 28.9197 27.558 28.9197 28.2416 28.2361C28.9252 27.5525 28.9252 26.4424 28.2416 25.7588L22.4775 20.0002L28.2361 14.2361Z\" fill=\"black\"\/>\r\n    <\/svg>\r\n\r\n    <div class=\"speaker-container\">\r\n                    <div class=\"speaker-img\">\r\n                <img src=\"\" onerror=\"this.src='https:\/\/congresofanpse.org\/2024\/wp-content\/plugins\/bipeek\/speaker-fallback.jpg';this.onerror='';\">\r\n                <div class=\"gradient\"><\/div>\r\n            <\/div>\r\n                <div class=\"speaker-info\">\r\n            <div class=\"speaker-name\">\r\n                Iker Quintana Canales            <\/div>\r\n            <div class=\"speaker-job body-1\">\r\n                                                                                        Estudiante del M\u00e1ster Oficial en Neuropsicolog\u00eda Cl\u00ednica de la Universidad de Deusto                                                    Universidad de Deusto                            <\/div>\r\n                            <div class=\"spacer\"><\/div>\r\n                <div class=\"speaker-cv body-2\">\r\n                                    <\/div>\r\n                                <\/div>\r\n        <div class=\"speaker-talks\">\r\n                                                                                                                                                                                                                                                                                                                                                                                                                                                                                                                                                                                                                                                                                                                                                                                                                                                                                                                                                                                                                                                                                                                                                                                                            <div class=\"speaker-session hasSession\" session_id=\"6931\">\r\n                                                            <h5>Comunicaciones orales IX<\/h5>\r\n                                                        <div class=\"speaker-talk\">\r\n                                <div class=\"hour-date-room-container\">\r\n                                    <div class=\"body-2 medium\">9 mar<\/div>\r\n                                    <div class=\"body-2 medium\">Sala Seminario 6+7<\/div>\r\n                                    <div class=\"body-2 medium\">9:00 - 10:30<\/div>\r\n                                                                    <\/div>\r\n                            <\/div>\r\n                                                            <h6>Interviene en:<\/h6>\r\n                                                                                                                                                                                                                                                                                                                                                                                                                                                                                                                                                                                                                                                                                                                                                                                                                                                                                                                                                                                                                                                        <div class=\"speaker-talk\" style=\"margin-left: 1rem;\">\r\n                                                <div class=\"talk-title body-1\">\r\n                                                    \u00bfEstamos diagnosticando correctamente la prosopagnosia?                                                <\/div>\r\n                                            <\/div>\r\n                                                                                                                                                                                                                                                                                                                <\/div>\r\n                                                                                                                                                                                                                                                                                                                                                                                                                                                                                                                                                                                                                                        <\/div>\r\n    <\/div>\r\n<\/div><div class=\"speaker-side\" speaker_id=\"98533\">\r\n    <svg class=\"close\" width=\"40\" height=\"40\" viewBox=\"0 0 40 40\" fill=\"none\" xmlns=\"http:\/\/www.w3.org\/2000\/svg\">\r\n        <path d=\"M0 20C0 8.95431 8.95431 0 20 0C31.0457 0 40 8.95431 40 20C40 31.0457 31.0457 40 20 40C8.95431 40 0 31.0457 0 20Z\" fill=\"white\"\/>\r\n        <path d=\"M28.2361 14.2361C28.9197 13.5525 28.9197 12.4424 28.2361 11.7588C27.5525 11.0752 26.4424 11.0752 25.7588 11.7588L20.0002 17.5229L14.2361 11.7643C13.5525 11.0807 12.4424 11.0807 11.7588 11.7643C11.0752 12.4479 11.0752 13.558 11.7588 14.2416L17.5229 20.0002L11.7643 25.7643C11.0807 26.4479 11.0807 27.558 11.7643 28.2416C12.4479 28.9252 13.558 28.9252 14.2416 28.2416L20.0002 22.4775L25.7643 28.2361C26.4479 28.9197 27.558 28.9197 28.2416 28.2361C28.9252 27.5525 28.9252 26.4424 28.2416 25.7588L22.4775 20.0002L28.2361 14.2361Z\" fill=\"black\"\/>\r\n    <\/svg>\r\n\r\n    <div class=\"speaker-container\">\r\n                    <div class=\"speaker-img\">\r\n                <img src=\"\" onerror=\"this.src='https:\/\/congresofanpse.org\/2024\/wp-content\/plugins\/bipeek\/speaker-fallback.jpg';this.onerror='';\">\r\n                <div class=\"gradient\"><\/div>\r\n            <\/div>\r\n                <div class=\"speaker-info\">\r\n            <div class=\"speaker-name\">\r\n                Patricia Sampedro Piquero            <\/div>\r\n            <div class=\"speaker-job body-1\">\r\n                                                                                        Personal docente e investigador.                                                    Facultad de Psicolog\u00eda. Universidad Aut\u00f3noma de Madrid.                            <\/div>\r\n                            <div class=\"spacer\"><\/div>\r\n                <div class=\"speaker-cv body-2\">\r\n                                    <\/div>\r\n                                <\/div>\r\n        <div class=\"speaker-talks\">\r\n                                                                                                                                                                                                                                                                                                                                                                                                                                                                                                                                                                                                                                                                                                                                                                                                                                                                                                                                                                                                                                                                                                                                                                                                            <div class=\"speaker-session hasSession\" session_id=\"6931\">\r\n                                                            <h5>Comunicaciones orales IX<\/h5>\r\n                                                        <div class=\"speaker-talk\">\r\n                                <div class=\"hour-date-room-container\">\r\n                                    <div class=\"body-2 medium\">9 mar<\/div>\r\n                                    <div class=\"body-2 medium\">Sala Seminario 6+7<\/div>\r\n                                    <div class=\"body-2 medium\">9:00 - 10:30<\/div>\r\n                                                                    <\/div>\r\n                            <\/div>\r\n                                                            <h6>Interviene en:<\/h6>\r\n                                                                                                                                                                                                                                                                                                                                                                                                                                                                                                                                                                                                                                                                                                                                                                                                                                                                                                                                                                                                                                                                                                                                                                                                        <div class=\"speaker-talk\" style=\"margin-left: 1rem;\">\r\n                                                <div class=\"talk-title body-1\">\r\n                                                    Alcohol consumption during youth: impact on emotion, cognitive networks, and resting-state EEG activity.                                                <\/div>\r\n                                            <\/div>\r\n                                                                                                                                                                <\/div>\r\n                                                                                                                                                                                                                                                                                                                                                                                                                                                                                                                                                                                                                                        <\/div>\r\n    <\/div>\r\n<\/div><div class=\"speaker-side\" speaker_id=\"112749\">\r\n    <svg class=\"close\" width=\"40\" height=\"40\" viewBox=\"0 0 40 40\" fill=\"none\" xmlns=\"http:\/\/www.w3.org\/2000\/svg\">\r\n        <path d=\"M0 20C0 8.95431 8.95431 0 20 0C31.0457 0 40 8.95431 40 20C40 31.0457 31.0457 40 20 40C8.95431 40 0 31.0457 0 20Z\" fill=\"white\"\/>\r\n        <path d=\"M28.2361 14.2361C28.9197 13.5525 28.9197 12.4424 28.2361 11.7588C27.5525 11.0752 26.4424 11.0752 25.7588 11.7588L20.0002 17.5229L14.2361 11.7643C13.5525 11.0807 12.4424 11.0807 11.7588 11.7643C11.0752 12.4479 11.0752 13.558 11.7588 14.2416L17.5229 20.0002L11.7643 25.7643C11.0807 26.4479 11.0807 27.558 11.7643 28.2416C12.4479 28.9252 13.558 28.9252 14.2416 28.2416L20.0002 22.4775L25.7643 28.2361C26.4479 28.9197 27.558 28.9197 28.2416 28.2361C28.9252 27.5525 28.9252 26.4424 28.2416 25.7588L22.4775 20.0002L28.2361 14.2361Z\" fill=\"black\"\/>\r\n    <\/svg>\r\n\r\n    <div class=\"speaker-container\">\r\n                    <div class=\"speaker-img\">\r\n                <img src=\"https:\/\/bipeek-resources-onsite-prd.s3.amazonaws.com\/39993\/conversions\/IMG_20231218_113546-perfil.jpg?v=1707385959\" onerror=\"this.src='https:\/\/congresofanpse.org\/2024\/wp-content\/plugins\/bipeek\/speaker-fallback.jpg';this.onerror='';\">\r\n                <div class=\"gradient\"><\/div>\r\n            <\/div>\r\n                <div class=\"speaker-info\">\r\n            <div class=\"speaker-name\">\r\n                SANDRA GARC\u00cdA MART\u00cdN            <\/div>\r\n            <div class=\"speaker-job body-1\">\r\n                                                                                        NEUROPSIC\u00d3LOGA                                                    FUNDACI\u00d3N INTRAS                            <\/div>\r\n                            <div class=\"spacer\"><\/div>\r\n                <div class=\"speaker-cv body-2\">\r\n                                    <\/div>\r\n                                <\/div>\r\n        <div class=\"speaker-talks\">\r\n                                                                                                                                                                                                                                                                                                                                                                                                                                                                                                                                                                                                                                                                                                                                                                                                                                                                                                                                                                                                                                                                                                                                                                                                                                                                    <div class=\"speaker-session hasSession\" session_id=\"6927\">\r\n                                                            <h5>Comunicaciones orales V<\/h5>\r\n                                                        <div class=\"speaker-talk\">\r\n                                <div class=\"hour-date-room-container\">\r\n                                    <div class=\"body-2 medium\">9 mar<\/div>\r\n                                    <div class=\"body-2 medium\">Sala Alb\u00e9niz-Machuca<\/div>\r\n                                    <div class=\"body-2 medium\">9:00 - 10:30<\/div>\r\n                                                                    <\/div>\r\n                            <\/div>\r\n                                                            <h6>Interviene en:<\/h6>\r\n                                                                                                                                                                                                                                                                                                                                                                                                                                                                                                                                                                                                                                                                                                                                                                                                                                                                                                                                                                                                                                                        <div class=\"speaker-talk\" style=\"margin-left: 1rem;\">\r\n                                                <div class=\"talk-title body-1\">\r\n                                                    EVALUACI\u00d3N E INTERVENCI\u00d3N EN DETERIORO COGNITIVO LEVE                                                <\/div>\r\n                                            <\/div>\r\n                                                                                                                                                                                                                                                                                                                <\/div>\r\n                                                                                                                                                                                                                                                                                                                                                                                                                                                                                                                                                                                <\/div>\r\n    <\/div>\r\n<\/div><div class=\"speaker-side\" speaker_id=\"110929\">\r\n    <svg class=\"close\" width=\"40\" height=\"40\" viewBox=\"0 0 40 40\" fill=\"none\" xmlns=\"http:\/\/www.w3.org\/2000\/svg\">\r\n        <path d=\"M0 20C0 8.95431 8.95431 0 20 0C31.0457 0 40 8.95431 40 20C40 31.0457 31.0457 40 20 40C8.95431 40 0 31.0457 0 20Z\" fill=\"white\"\/>\r\n        <path d=\"M28.2361 14.2361C28.9197 13.5525 28.9197 12.4424 28.2361 11.7588C27.5525 11.0752 26.4424 11.0752 25.7588 11.7588L20.0002 17.5229L14.2361 11.7643C13.5525 11.0807 12.4424 11.0807 11.7588 11.7643C11.0752 12.4479 11.0752 13.558 11.7588 14.2416L17.5229 20.0002L11.7643 25.7643C11.0807 26.4479 11.0807 27.558 11.7643 28.2416C12.4479 28.9252 13.558 28.9252 14.2416 28.2416L20.0002 22.4775L25.7643 28.2361C26.4479 28.9197 27.558 28.9197 28.2416 28.2361C28.9252 27.5525 28.9252 26.4424 28.2416 25.7588L22.4775 20.0002L28.2361 14.2361Z\" fill=\"black\"\/>\r\n    <\/svg>\r\n\r\n    <div class=\"speaker-container\">\r\n                    <div class=\"speaker-img\">\r\n                <img src=\"https:\/\/bipeek-resources-onsite-prd.s3.amazonaws.com\/41476\/conversions\/almudena-alonso-perfil.jpg?v=1709549892\" onerror=\"this.src='https:\/\/congresofanpse.org\/2024\/wp-content\/plugins\/bipeek\/speaker-fallback.jpg';this.onerror='';\">\r\n                <div class=\"gradient\"><\/div>\r\n            <\/div>\r\n                <div class=\"speaker-info\">\r\n            <div class=\"speaker-name\">\r\n                Almudena Alonso Sanz            <\/div>\r\n            <div class=\"speaker-job body-1\">\r\n                                                                                        Neuropsic\u00f3loga                                                    Cl\u00ednica privada                            <\/div>\r\n                            <div class=\"spacer\"><\/div>\r\n                <div class=\"speaker-cv body-2\">\r\n                                    <\/div>\r\n                                <\/div>\r\n        <div class=\"speaker-talks\">\r\n                                                                                                                                                                                                                                                                                                                                                                                                                                                                                                                                                                                                                                                                                                                                                                                                                                                                                                                                                                                                                                                                                                                                                                                                                                                                    <div class=\"speaker-session hasSession\" session_id=\"6927\">\r\n                                                            <h5>Comunicaciones orales V<\/h5>\r\n                                                        <div class=\"speaker-talk\">\r\n                                <div class=\"hour-date-room-container\">\r\n                                    <div class=\"body-2 medium\">9 mar<\/div>\r\n                                    <div class=\"body-2 medium\">Sala Alb\u00e9niz-Machuca<\/div>\r\n                                    <div class=\"body-2 medium\">9:00 - 10:30<\/div>\r\n                                                                    <\/div>\r\n                            <\/div>\r\n                                                            <h6>Interviene en:<\/h6>\r\n                                                                                                                                                                                                                                                                                                                                                                                                                                                                                                                                                                                                                                                                                                                                                                                                                                                                                                                                                                                                                                                                                                                                                                                                        <div class=\"speaker-talk\" style=\"margin-left: 1rem;\">\r\n                                                <div class=\"talk-title body-1\">\r\n                                                    Evaluaci\u00f3n e intervenci\u00f3n neuropsicol\u00f3gica en un caso de encefalopat\u00eda an\u00f3xica tras parada cardiorrespiratoria: secuelas visibles e invisibles tras el da\u00f1o cerebral                                                <\/div>\r\n                                            <\/div>\r\n                                                                                                                                                                <\/div>\r\n                                                                                                                                                                                                                                                                                                                                                                                                                                                                                                                                                                                <\/div>\r\n    <\/div>\r\n<\/div><div class=\"speaker-side\" speaker_id=\"109409\">\r\n    <svg class=\"close\" width=\"40\" height=\"40\" viewBox=\"0 0 40 40\" fill=\"none\" xmlns=\"http:\/\/www.w3.org\/2000\/svg\">\r\n        <path d=\"M0 20C0 8.95431 8.95431 0 20 0C31.0457 0 40 8.95431 40 20C40 31.0457 31.0457 40 20 40C8.95431 40 0 31.0457 0 20Z\" fill=\"white\"\/>\r\n        <path d=\"M28.2361 14.2361C28.9197 13.5525 28.9197 12.4424 28.2361 11.7588C27.5525 11.0752 26.4424 11.0752 25.7588 11.7588L20.0002 17.5229L14.2361 11.7643C13.5525 11.0807 12.4424 11.0807 11.7588 11.7643C11.0752 12.4479 11.0752 13.558 11.7588 14.2416L17.5229 20.0002L11.7643 25.7643C11.0807 26.4479 11.0807 27.558 11.7643 28.2416C12.4479 28.9252 13.558 28.9252 14.2416 28.2416L20.0002 22.4775L25.7643 28.2361C26.4479 28.9197 27.558 28.9197 28.2416 28.2361C28.9252 27.5525 28.9252 26.4424 28.2416 25.7588L22.4775 20.0002L28.2361 14.2361Z\" fill=\"black\"\/>\r\n    <\/svg>\r\n\r\n    <div class=\"speaker-container\">\r\n                    <div class=\"speaker-img\">\r\n                <img src=\"\" onerror=\"this.src='https:\/\/congresofanpse.org\/2024\/wp-content\/plugins\/bipeek\/speaker-fallback.jpg';this.onerror='';\">\r\n                <div class=\"gradient\"><\/div>\r\n            <\/div>\r\n                <div class=\"speaker-info\">\r\n            <div class=\"speaker-name\">\r\n                Iv\u00e1n Gonz\u00e1lez Garc\u00eda            <\/div>\r\n            <div class=\"speaker-job body-1\">\r\n                                                                                        T\u00e9cnico de Investigaci\u00f3n, Estudiante Predoctoral.                                                    Universitat Jaume I                            <\/div>\r\n                            <div class=\"spacer\"><\/div>\r\n                <div class=\"speaker-cv body-2\">\r\n                                    <\/div>\r\n                                <\/div>\r\n        <div class=\"speaker-talks\">\r\n                                                                                                                                                                                                                                                                                                                                                                                                                                                                                                                                                                                                                                                                                                                                                                                                                                                                                                                                                                                                                                                                                                                                                                                                                                                                                                                            <div class=\"speaker-session hasSession\" session_id=\"6928\">\r\n                                                            <h5>Comunicaciones orales VI<\/h5>\r\n                                                        <div class=\"speaker-talk\">\r\n                                <div class=\"hour-date-room-container\">\r\n                                    <div class=\"body-2 medium\">9 mar<\/div>\r\n                                    <div class=\"body-2 medium\">Sala Machado<\/div>\r\n                                    <div class=\"body-2 medium\">9:00 - 10:30<\/div>\r\n                                                                    <\/div>\r\n                            <\/div>\r\n                                                            <h6>Interviene en:<\/h6>\r\n                                                                                                                                                                                                                                                                                                                                                                                                                                                                                                                                                                                                                                                                                                                                                                                                                                                                                                        <div class=\"speaker-talk\" style=\"margin-left: 1rem;\">\r\n                                                <div class=\"talk-title body-1\">\r\n                                                    Mejoras cognitivas y normalizaci\u00f3n de electroencefalograma en un caso cr\u00f3nico de heminegligencia tras un protocolo de rehabilitaci\u00f3n con realidad virtual.                                                <\/div>\r\n                                            <\/div>\r\n                                                                                                                                                                                                                                                                                                                                                                                                                                                                                                                                                                                                                <\/div>\r\n                                                                                                                                                                                                                                                                                                                                                                                                                                                                                                                        <\/div>\r\n    <\/div>\r\n<\/div><div class=\"speaker-side\" speaker_id=\"113383\">\r\n    <svg class=\"close\" width=\"40\" height=\"40\" viewBox=\"0 0 40 40\" fill=\"none\" xmlns=\"http:\/\/www.w3.org\/2000\/svg\">\r\n        <path d=\"M0 20C0 8.95431 8.95431 0 20 0C31.0457 0 40 8.95431 40 20C40 31.0457 31.0457 40 20 40C8.95431 40 0 31.0457 0 20Z\" fill=\"white\"\/>\r\n        <path d=\"M28.2361 14.2361C28.9197 13.5525 28.9197 12.4424 28.2361 11.7588C27.5525 11.0752 26.4424 11.0752 25.7588 11.7588L20.0002 17.5229L14.2361 11.7643C13.5525 11.0807 12.4424 11.0807 11.7588 11.7643C11.0752 12.4479 11.0752 13.558 11.7588 14.2416L17.5229 20.0002L11.7643 25.7643C11.0807 26.4479 11.0807 27.558 11.7643 28.2416C12.4479 28.9252 13.558 28.9252 14.2416 28.2416L20.0002 22.4775L25.7643 28.2361C26.4479 28.9197 27.558 28.9197 28.2416 28.2361C28.9252 27.5525 28.9252 26.4424 28.2416 25.7588L22.4775 20.0002L28.2361 14.2361Z\" fill=\"black\"\/>\r\n    <\/svg>\r\n\r\n    <div class=\"speaker-container\">\r\n                    <div class=\"speaker-img\">\r\n                <img src=\"\" onerror=\"this.src='https:\/\/congresofanpse.org\/2024\/wp-content\/plugins\/bipeek\/speaker-fallback.jpg';this.onerror='';\">\r\n                <div class=\"gradient\"><\/div>\r\n            <\/div>\r\n                <div class=\"speaker-info\">\r\n            <div class=\"speaker-name\">\r\n                Rosario Bord\u00f3n Guerra            <\/div>\r\n            <div class=\"speaker-job body-1\">\r\n                                                                                        PSIC\u00d3LOGA CL\u00cdNICA ( MASTER EN NEUROPSICOLOG\u00cdA)                                                    HOSPITAL UNIVERSITARIO DE GRAN CANARIA DR. NEGR\u00cdN                            <\/div>\r\n                            <div class=\"spacer\"><\/div>\r\n                <div class=\"speaker-cv body-2\">\r\n                                    <\/div>\r\n                                <\/div>\r\n        <div class=\"speaker-talks\">\r\n                                                                                                                                                                                                                                                                                                                                                                                                                                                                                                                                                                                                                                                                                                                                                                                                                                                                                                                                                                                                                                                                                                                                                                                                                                                                                                                            <div class=\"speaker-session hasSession\" session_id=\"6928\">\r\n                                                            <h5>Comunicaciones orales VI<\/h5>\r\n                                                        <div class=\"speaker-talk\">\r\n                                <div class=\"hour-date-room-container\">\r\n                                    <div class=\"body-2 medium\">9 mar<\/div>\r\n                                    <div class=\"body-2 medium\">Sala Machado<\/div>\r\n                                    <div class=\"body-2 medium\">9:00 - 10:30<\/div>\r\n                                                                    <\/div>\r\n                            <\/div>\r\n                                                            <h6>Interviene en:<\/h6>\r\n                                                                                                                                                                                                                                                                                                                                                                                                                                                                                                                                                                                                                                                                                                                                                                                                                                                                                                                                                                                                                                                        <div class=\"speaker-talk\" style=\"margin-left: 1rem;\">\r\n                                                <div class=\"talk-title body-1\">\r\n                                                    APORTACIONES DE LA TRACTOGRAF\u00cdA A LA NEUROPSICOLOG\u00cdA DEL DA\u00d1O CEREBRAL ADQUIRIDO                                                <\/div>\r\n                                            <\/div>\r\n                                                                                                                                                                                                                                                                                                                                                                                                                                                                <\/div>\r\n                                                                                                                                                                                                                                                                                                                                                                                                                                                                                                                        <\/div>\r\n    <\/div>\r\n<\/div><div class=\"speaker-side\" speaker_id=\"110803\">\r\n    <svg class=\"close\" width=\"40\" height=\"40\" viewBox=\"0 0 40 40\" fill=\"none\" xmlns=\"http:\/\/www.w3.org\/2000\/svg\">\r\n        <path d=\"M0 20C0 8.95431 8.95431 0 20 0C31.0457 0 40 8.95431 40 20C40 31.0457 31.0457 40 20 40C8.95431 40 0 31.0457 0 20Z\" fill=\"white\"\/>\r\n        <path d=\"M28.2361 14.2361C28.9197 13.5525 28.9197 12.4424 28.2361 11.7588C27.5525 11.0752 26.4424 11.0752 25.7588 11.7588L20.0002 17.5229L14.2361 11.7643C13.5525 11.0807 12.4424 11.0807 11.7588 11.7643C11.0752 12.4479 11.0752 13.558 11.7588 14.2416L17.5229 20.0002L11.7643 25.7643C11.0807 26.4479 11.0807 27.558 11.7643 28.2416C12.4479 28.9252 13.558 28.9252 14.2416 28.2416L20.0002 22.4775L25.7643 28.2361C26.4479 28.9197 27.558 28.9197 28.2416 28.2361C28.9252 27.5525 28.9252 26.4424 28.2416 25.7588L22.4775 20.0002L28.2361 14.2361Z\" fill=\"black\"\/>\r\n    <\/svg>\r\n\r\n    <div class=\"speaker-container\">\r\n                    <div class=\"speaker-img\">\r\n                <img src=\"\" onerror=\"this.src='https:\/\/congresofanpse.org\/2024\/wp-content\/plugins\/bipeek\/speaker-fallback.jpg';this.onerror='';\">\r\n                <div class=\"gradient\"><\/div>\r\n            <\/div>\r\n                <div class=\"speaker-info\">\r\n            <div class=\"speaker-name\">\r\n                Emilio Verche            <\/div>\r\n            <div class=\"speaker-job body-1\">\r\n                                                                                        Profesor Ayudante Doctor en Psicobiolog\u00eda. Neuropsic\u00f3logo.                                                    Universidad Complutense de Madrid                            <\/div>\r\n                            <div class=\"spacer\"><\/div>\r\n                <div class=\"speaker-cv body-2\">\r\n                                    <\/div>\r\n                                <\/div>\r\n        <div class=\"speaker-talks\">\r\n                                                                                                                                                                                                                                                                                                                                                                                                                                                                                                                                                                                                                                                                                                                                                                                                                                                            <div class=\"speaker-session hasSession\" session_id=\"6609\">\r\n                                                            <h5>Comunicaciones orales IV<\/h5>\r\n                                                        <div class=\"speaker-talk\">\r\n                                <div class=\"hour-date-room-container\">\r\n                                    <div class=\"body-2 medium\">8 mar<\/div>\r\n                                    <div class=\"body-2 medium\">Sala Seminario 3+4<\/div>\r\n                                    <div class=\"body-2 medium\">15:30 - 16:45<\/div>\r\n                                                                    <\/div>\r\n                            <\/div>\r\n                                                            <h6>Interviene en:<\/h6>\r\n                                                                                                                                                                                                                                                                                                                                                                                                                                                                                                                                                                                                                                                                                                                                                                                                                                                                                                        <div class=\"speaker-talk\" style=\"margin-left: 1rem;\">\r\n                                                <div class=\"talk-title body-1\">\r\n                                                    LA FORMACI\u00d3N EN NEUROPSICOLOG\u00cdA DE LOS GRADOS EN PSICOLOG\u00cdA EN LA UNIVERSIDAD P\u00daBLICA ESPA\u00d1OLA                                                <\/div>\r\n                                            <\/div>\r\n                                                                                                                                                                                                                                                                                                                <\/div>\r\n                                                                                                                                                                                                                                                                                                                                                                                                                                                                                                                                                                                                                                                                                                                                                                                                                                                                                                                                                                                        <\/div>\r\n    <\/div>\r\n<\/div><div class=\"speaker-side\" speaker_id=\"19246\">\r\n    <svg class=\"close\" width=\"40\" height=\"40\" viewBox=\"0 0 40 40\" fill=\"none\" xmlns=\"http:\/\/www.w3.org\/2000\/svg\">\r\n        <path d=\"M0 20C0 8.95431 8.95431 0 20 0C31.0457 0 40 8.95431 40 20C40 31.0457 31.0457 40 20 40C8.95431 40 0 31.0457 0 20Z\" fill=\"white\"\/>\r\n        <path d=\"M28.2361 14.2361C28.9197 13.5525 28.9197 12.4424 28.2361 11.7588C27.5525 11.0752 26.4424 11.0752 25.7588 11.7588L20.0002 17.5229L14.2361 11.7643C13.5525 11.0807 12.4424 11.0807 11.7588 11.7643C11.0752 12.4479 11.0752 13.558 11.7588 14.2416L17.5229 20.0002L11.7643 25.7643C11.0807 26.4479 11.0807 27.558 11.7643 28.2416C12.4479 28.9252 13.558 28.9252 14.2416 28.2416L20.0002 22.4775L25.7643 28.2361C26.4479 28.9197 27.558 28.9197 28.2416 28.2361C28.9252 27.5525 28.9252 26.4424 28.2416 25.7588L22.4775 20.0002L28.2361 14.2361Z\" fill=\"black\"\/>\r\n    <\/svg>\r\n\r\n    <div class=\"speaker-container\">\r\n                    <div class=\"speaker-img\">\r\n                <img src=\"\" onerror=\"this.src='https:\/\/congresofanpse.org\/2024\/wp-content\/plugins\/bipeek\/speaker-fallback.jpg';this.onerror='';\">\r\n                <div class=\"gradient\"><\/div>\r\n            <\/div>\r\n                <div class=\"speaker-info\">\r\n            <div class=\"speaker-name\">\r\n                Marta  G\u00f3mez            <\/div>\r\n            <div class=\"speaker-job body-1\">\r\n                                                                                                                                            Irenea. Instituto de Rehabilitaci\u00f3n Neurol\u00f3gica                            <\/div>\r\n                            <div class=\"spacer\"><\/div>\r\n                <div class=\"speaker-cv body-2\">\r\n                                    <\/div>\r\n                                <\/div>\r\n        <div class=\"speaker-talks\">\r\n                                                                                                                                                                                                                                                                                                                                                                                                                                                                                                                                                                                                                                                                                                                                                                                                                                                            <div class=\"speaker-session hasSession\" session_id=\"6609\">\r\n                                                            <h5>Comunicaciones orales IV<\/h5>\r\n                                                        <div class=\"speaker-talk\">\r\n                                <div class=\"hour-date-room-container\">\r\n                                    <div class=\"body-2 medium\">8 mar<\/div>\r\n                                    <div class=\"body-2 medium\">Sala Seminario 3+4<\/div>\r\n                                    <div class=\"body-2 medium\">15:30 - 16:45<\/div>\r\n                                                                    <\/div>\r\n                            <\/div>\r\n                                                            <h6>Interviene en:<\/h6>\r\n                                                                                                                                                                                                                                                                                                                                                                                                                                                                                                                                                                                                                                                                                                                                                                                                                                                                                                                                                                                                                                                        <div class=\"speaker-talk\" style=\"margin-left: 1rem;\">\r\n                                                <div class=\"talk-title body-1\">\r\n                                                    Posible ventana terap\u00e9utica ofrecida por Zolpidem en Estados Alterados de Conciencia: una revisi\u00f3n sistem\u00e1tica.                                                <\/div>\r\n                                            <\/div>\r\n                                                                                                                                                                <\/div>\r\n                                                                                                                                                                                                                                                                                                                                                                                                                                                                                                                                                                                                                                                                                                                                                                                                                                                                                                                                                                                        <\/div>\r\n    <\/div>\r\n<\/div><div class=\"speaker-side\" speaker_id=\"113305\">\r\n    <svg class=\"close\" width=\"40\" height=\"40\" viewBox=\"0 0 40 40\" fill=\"none\" xmlns=\"http:\/\/www.w3.org\/2000\/svg\">\r\n        <path d=\"M0 20C0 8.95431 8.95431 0 20 0C31.0457 0 40 8.95431 40 20C40 31.0457 31.0457 40 20 40C8.95431 40 0 31.0457 0 20Z\" fill=\"white\"\/>\r\n        <path d=\"M28.2361 14.2361C28.9197 13.5525 28.9197 12.4424 28.2361 11.7588C27.5525 11.0752 26.4424 11.0752 25.7588 11.7588L20.0002 17.5229L14.2361 11.7643C13.5525 11.0807 12.4424 11.0807 11.7588 11.7643C11.0752 12.4479 11.0752 13.558 11.7588 14.2416L17.5229 20.0002L11.7643 25.7643C11.0807 26.4479 11.0807 27.558 11.7643 28.2416C12.4479 28.9252 13.558 28.9252 14.2416 28.2416L20.0002 22.4775L25.7643 28.2361C26.4479 28.9197 27.558 28.9197 28.2416 28.2361C28.9252 27.5525 28.9252 26.4424 28.2416 25.7588L22.4775 20.0002L28.2361 14.2361Z\" fill=\"black\"\/>\r\n    <\/svg>\r\n\r\n    <div class=\"speaker-container\">\r\n                    <div class=\"speaker-img\">\r\n                <img src=\"\" onerror=\"this.src='https:\/\/congresofanpse.org\/2024\/wp-content\/plugins\/bipeek\/speaker-fallback.jpg';this.onerror='';\">\r\n                <div class=\"gradient\"><\/div>\r\n            <\/div>\r\n                <div class=\"speaker-info\">\r\n            <div class=\"speaker-name\">\r\n                Samuel L\u00f3pez-Rodr\u00edguez            <\/div>\r\n            <div class=\"speaker-job body-1\">\r\n                                                                                        FPU                                                    Universidad Loyola Andaluc\u00eda                            <\/div>\r\n                            <div class=\"spacer\"><\/div>\r\n                <div class=\"speaker-cv body-2\">\r\n                                    <\/div>\r\n                                <\/div>\r\n        <div class=\"speaker-talks\">\r\n                                                                                                                                                                                                                                                                                                                                                                                                                                                                                                                                                                                                                                                                                                                                            <div class=\"speaker-session hasSession\" session_id=\"6605\">\r\n                                                            <h5>Comunicaciones orales II<\/h5>\r\n                                                        <div class=\"speaker-talk\">\r\n                                <div class=\"hour-date-room-container\">\r\n                                    <div class=\"body-2 medium\">8 mar<\/div>\r\n                                    <div class=\"body-2 medium\">Sala Machado<\/div>\r\n                                    <div class=\"body-2 medium\">15:30 - 16:45<\/div>\r\n                                                                    <\/div>\r\n                            <\/div>\r\n                                                            <h6>Interviene en:<\/h6>\r\n                                                                                                                                                                                                                                                                                                                                                                                                                                                                                                                                                                                                        <div class=\"speaker-talk\" style=\"margin-left: 1rem;\">\r\n                                                <div class=\"talk-title body-1\">\r\n                                                    Efectos de la estimulaci\u00f3n Transauricular del Nervio Vago sobre la modulaci\u00f3n espectral evocada de Mismatch Negativity en estados alterados de consciencia                                                <\/div>\r\n                                            <\/div>\r\n                                                                                                                                                                                                                                                                                                                                                                                                                                                                                                                                                                                                                <\/div>\r\n                                                                                                                                                                                                                                                                                                                                                                                                                                                                                                                                                                                                                                                                                                                                                                                                                                                                                                                                                                                                                                                                                                        <\/div>\r\n    <\/div>\r\n<\/div><div class=\"speaker-side\" speaker_id=\"115888\">\r\n    <svg class=\"close\" width=\"40\" height=\"40\" viewBox=\"0 0 40 40\" fill=\"none\" xmlns=\"http:\/\/www.w3.org\/2000\/svg\">\r\n        <path d=\"M0 20C0 8.95431 8.95431 0 20 0C31.0457 0 40 8.95431 40 20C40 31.0457 31.0457 40 20 40C8.95431 40 0 31.0457 0 20Z\" fill=\"white\"\/>\r\n        <path d=\"M28.2361 14.2361C28.9197 13.5525 28.9197 12.4424 28.2361 11.7588C27.5525 11.0752 26.4424 11.0752 25.7588 11.7588L20.0002 17.5229L14.2361 11.7643C13.5525 11.0807 12.4424 11.0807 11.7588 11.7643C11.0752 12.4479 11.0752 13.558 11.7588 14.2416L17.5229 20.0002L11.7643 25.7643C11.0807 26.4479 11.0807 27.558 11.7643 28.2416C12.4479 28.9252 13.558 28.9252 14.2416 28.2416L20.0002 22.4775L25.7643 28.2361C26.4479 28.9197 27.558 28.9197 28.2416 28.2361C28.9252 27.5525 28.9252 26.4424 28.2416 25.7588L22.4775 20.0002L28.2361 14.2361Z\" fill=\"black\"\/>\r\n    <\/svg>\r\n\r\n    <div class=\"speaker-container\">\r\n                    <div class=\"speaker-img\">\r\n                <img src=\"\" onerror=\"this.src='https:\/\/congresofanpse.org\/2024\/wp-content\/plugins\/bipeek\/speaker-fallback.jpg';this.onerror='';\">\r\n                <div class=\"gradient\"><\/div>\r\n            <\/div>\r\n                <div class=\"speaker-info\">\r\n            <div class=\"speaker-name\">\r\n                Esteve Montasell Jordana            <\/div>\r\n            <div class=\"speaker-job body-1\">\r\n                                                                                        Neuropsicologia ITA Salud Mental                                                    ITA Salud Mental                            <\/div>\r\n                            <div class=\"spacer\"><\/div>\r\n                <div class=\"speaker-cv body-2\">\r\n                                    <\/div>\r\n                                <\/div>\r\n        <div class=\"speaker-talks\">\r\n                                                                                                                                                                                                                                                                                                                                                                                                                                                                                                                                                                                                                                                                                                                                                                                                                                                                                                                                                                                                                                                                                                                                                                                                                                                                                                                                                                                                                                            <div class=\"speaker-session hasSession\" session_id=\"6930\">\r\n                                                            <h5>Comunicaciones orales VIII<\/h5>\r\n                                                        <div class=\"speaker-talk\">\r\n                                <div class=\"hour-date-room-container\">\r\n                                    <div class=\"body-2 medium\">9 mar<\/div>\r\n                                    <div class=\"body-2 medium\">Sala Seminario 3+4<\/div>\r\n                                    <div class=\"body-2 medium\">9:00 - 10:30<\/div>\r\n                                                                    <\/div>\r\n                            <\/div>\r\n                                                            <h6>Interviene en:<\/h6>\r\n                                                                                                                                                                                                                                                                                                                                                                                                                                                        <div class=\"speaker-talk\" style=\"margin-left: 1rem;\">\r\n                                                <div class=\"talk-title body-1\">\r\n                                                    Propiedades psicom\u00e9tricas y datos normativos de la UPPS-P en adolescentes                                                <\/div>\r\n                                            <\/div>\r\n                                                                                                                                                                                                                                                                                                                                                                                                                                                                                                                                                                                                                                                                                                                                                                <\/div>\r\n                                                                                                                                                                                                                                                                                                                                                                                                        <\/div>\r\n    <\/div>\r\n<\/div><div class=\"speaker-side\" speaker_id=\"117964\">\r\n    <svg class=\"close\" width=\"40\" height=\"40\" viewBox=\"0 0 40 40\" fill=\"none\" xmlns=\"http:\/\/www.w3.org\/2000\/svg\">\r\n        <path d=\"M0 20C0 8.95431 8.95431 0 20 0C31.0457 0 40 8.95431 40 20C40 31.0457 31.0457 40 20 40C8.95431 40 0 31.0457 0 20Z\" fill=\"white\"\/>\r\n        <path d=\"M28.2361 14.2361C28.9197 13.5525 28.9197 12.4424 28.2361 11.7588C27.5525 11.0752 26.4424 11.0752 25.7588 11.7588L20.0002 17.5229L14.2361 11.7643C13.5525 11.0807 12.4424 11.0807 11.7588 11.7643C11.0752 12.4479 11.0752 13.558 11.7588 14.2416L17.5229 20.0002L11.7643 25.7643C11.0807 26.4479 11.0807 27.558 11.7643 28.2416C12.4479 28.9252 13.558 28.9252 14.2416 28.2416L20.0002 22.4775L25.7643 28.2361C26.4479 28.9197 27.558 28.9197 28.2416 28.2361C28.9252 27.5525 28.9252 26.4424 28.2416 25.7588L22.4775 20.0002L28.2361 14.2361Z\" fill=\"black\"\/>\r\n    <\/svg>\r\n\r\n    <div class=\"speaker-container\">\r\n                    <div class=\"speaker-img\">\r\n                <img src=\"\" onerror=\"this.src='https:\/\/congresofanpse.org\/2024\/wp-content\/plugins\/bipeek\/speaker-fallback.jpg';this.onerror='';\">\r\n                <div class=\"gradient\"><\/div>\r\n            <\/div>\r\n                <div class=\"speaker-info\">\r\n            <div class=\"speaker-name\">\r\n                Alejandro Galvao Carmona            <\/div>\r\n            <div class=\"speaker-job body-1\">\r\n                                                                                        Investigador y Profesor Titular                                                    Universidad Loyola Andaluc\u00eda, IRENEA e IMIBIC                            <\/div>\r\n                            <div class=\"spacer\"><\/div>\r\n                <div class=\"speaker-cv body-2\">\r\n                                    <\/div>\r\n                                <\/div>\r\n        <div class=\"speaker-talks\">\r\n                                                                                                                                                                                                                                                                                                                                                                                                                                                                                                                                                                                                                                                                                                                                            <div class=\"speaker-session hasSession\" session_id=\"6605\">\r\n                                                            <h5>Comunicaciones orales II<\/h5>\r\n                                                        <div class=\"speaker-talk\">\r\n                                <div class=\"hour-date-room-container\">\r\n                                    <div class=\"body-2 medium\">8 mar<\/div>\r\n                                    <div class=\"body-2 medium\">Sala Machado<\/div>\r\n                                    <div class=\"body-2 medium\">15:30 - 16:45<\/div>\r\n                                                                    <\/div>\r\n                            <\/div>\r\n                                                            <h6>Interviene en:<\/h6>\r\n                                                                                                                                                                                                                                                                                                                                                                                                                                                        <div class=\"speaker-talk\" style=\"margin-left: 1rem;\">\r\n                                                <div class=\"talk-title body-1\">\r\n                                                    Efectos de la estimulaci\u00f3n Transauricular del Nervio Vago sobre la CRS-R en estados alterados de consciencia                                                <\/div>\r\n                                            <\/div>\r\n                                                                                                                                                                                                                                                                                                                                                                                                                                                                                                                                                                                                                                                                                                                                                                <\/div>\r\n                                                                                                                                                                                                                                                                                                                                                                                                                                                                                                                                                                                                                                                                                                                                                                                                                                                                                                                                                                                                                                                                                                        <\/div>\r\n    <\/div>\r\n<\/div><div class=\"speaker-side\" speaker_id=\"113949\">\r\n    <svg class=\"close\" width=\"40\" height=\"40\" viewBox=\"0 0 40 40\" fill=\"none\" xmlns=\"http:\/\/www.w3.org\/2000\/svg\">\r\n        <path d=\"M0 20C0 8.95431 8.95431 0 20 0C31.0457 0 40 8.95431 40 20C40 31.0457 31.0457 40 20 40C8.95431 40 0 31.0457 0 20Z\" fill=\"white\"\/>\r\n        <path d=\"M28.2361 14.2361C28.9197 13.5525 28.9197 12.4424 28.2361 11.7588C27.5525 11.0752 26.4424 11.0752 25.7588 11.7588L20.0002 17.5229L14.2361 11.7643C13.5525 11.0807 12.4424 11.0807 11.7588 11.7643C11.0752 12.4479 11.0752 13.558 11.7588 14.2416L17.5229 20.0002L11.7643 25.7643C11.0807 26.4479 11.0807 27.558 11.7643 28.2416C12.4479 28.9252 13.558 28.9252 14.2416 28.2416L20.0002 22.4775L25.7643 28.2361C26.4479 28.9197 27.558 28.9197 28.2416 28.2361C28.9252 27.5525 28.9252 26.4424 28.2416 25.7588L22.4775 20.0002L28.2361 14.2361Z\" fill=\"black\"\/>\r\n    <\/svg>\r\n\r\n    <div class=\"speaker-container\">\r\n                    <div class=\"speaker-img\">\r\n                <img src=\"\" onerror=\"this.src='https:\/\/congresofanpse.org\/2024\/wp-content\/plugins\/bipeek\/speaker-fallback.jpg';this.onerror='';\">\r\n                <div class=\"gradient\"><\/div>\r\n            <\/div>\r\n                <div class=\"speaker-info\">\r\n            <div class=\"speaker-name\">\r\n                Ignacio Roura Blanco            <\/div>\r\n            <div class=\"speaker-job body-1\">\r\n                                                                                        Estudiante predoctoral en formaci\u00f3n                                                    Facultad de Medicina, Universidad de Barcelona.                            <\/div>\r\n                            <div class=\"spacer\"><\/div>\r\n                <div class=\"speaker-cv body-2\">\r\n                                    <\/div>\r\n                                <\/div>\r\n        <div class=\"speaker-talks\">\r\n                                                                                                                                                                                                                                                                                                                                                                                                                                                                                                                                                                                                                                                                                                                                                                                                                                                            <div class=\"speaker-session hasSession\" session_id=\"6609\">\r\n                                                            <h5>Comunicaciones orales IV<\/h5>\r\n                                                        <div class=\"speaker-talk\">\r\n                                <div class=\"hour-date-room-container\">\r\n                                    <div class=\"body-2 medium\">8 mar<\/div>\r\n                                    <div class=\"body-2 medium\">Sala Seminario 3+4<\/div>\r\n                                    <div class=\"body-2 medium\">15:30 - 16:45<\/div>\r\n                                                                    <\/div>\r\n                            <\/div>\r\n                                                            <h6>Interviene en:<\/h6>\r\n                                                                                                                                                                                                                                                                                                                                                                                                                                                        <div class=\"speaker-talk\" style=\"margin-left: 1rem;\">\r\n                                                <div class=\"talk-title body-1\">\r\n                                                    Alteraciones neuropsicol\u00f3gicas y adelgazamiento cortical regional en pacientes con trastorno de conducta de sue\u00f1o REM y su relaci\u00f3n con el riesgo de conversi\u00f3n a enfermedad de Parkinson.                                                <\/div>\r\n                                            <\/div>\r\n                                                                                                                                                                                                                                                                                                                                                                                                                                                                                                                                                                                                                                                                                                                                                                <\/div>\r\n                                                                                                                                                                                                                                                                                                                                                                                                                                                                                                                                                                                                                                                                                                                                                                                                                                                                                                                                                                                        <\/div>\r\n    <\/div>\r\n<\/div><div class=\"speaker-side\" speaker_id=\"114317\">\r\n    <svg class=\"close\" width=\"40\" height=\"40\" viewBox=\"0 0 40 40\" fill=\"none\" xmlns=\"http:\/\/www.w3.org\/2000\/svg\">\r\n        <path d=\"M0 20C0 8.95431 8.95431 0 20 0C31.0457 0 40 8.95431 40 20C40 31.0457 31.0457 40 20 40C8.95431 40 0 31.0457 0 20Z\" fill=\"white\"\/>\r\n        <path d=\"M28.2361 14.2361C28.9197 13.5525 28.9197 12.4424 28.2361 11.7588C27.5525 11.0752 26.4424 11.0752 25.7588 11.7588L20.0002 17.5229L14.2361 11.7643C13.5525 11.0807 12.4424 11.0807 11.7588 11.7643C11.0752 12.4479 11.0752 13.558 11.7588 14.2416L17.5229 20.0002L11.7643 25.7643C11.0807 26.4479 11.0807 27.558 11.7643 28.2416C12.4479 28.9252 13.558 28.9252 14.2416 28.2416L20.0002 22.4775L25.7643 28.2361C26.4479 28.9197 27.558 28.9197 28.2416 28.2361C28.9252 27.5525 28.9252 26.4424 28.2416 25.7588L22.4775 20.0002L28.2361 14.2361Z\" fill=\"black\"\/>\r\n    <\/svg>\r\n\r\n    <div class=\"speaker-container\">\r\n                    <div class=\"speaker-img\">\r\n                <img src=\"\" onerror=\"this.src='https:\/\/congresofanpse.org\/2024\/wp-content\/plugins\/bipeek\/speaker-fallback.jpg';this.onerror='';\">\r\n                <div class=\"gradient\"><\/div>\r\n            <\/div>\r\n                <div class=\"speaker-info\">\r\n            <div class=\"speaker-name\">\r\n                Myrtha O'Valle            <\/div>\r\n            <div class=\"speaker-job body-1\">\r\n                                                                                        Doctora en Psicolog\u00eda por la Universidad de Sevilla Neuropsic\u00f3loga acreditada. Directora en Irenea Sevilla Presidenta del Comit\u00e9 Organizador del Congreso                                                    Irenea. Instituto de Rehabilitaci\u00f3n Neurol\u00f3gica.                            <\/div>\r\n                            <div class=\"spacer\"><\/div>\r\n                <div class=\"speaker-cv body-2\">\r\n                                    <\/div>\r\n                                <\/div>\r\n        <div class=\"speaker-talks\">\r\n                                                                                                                                                                                                                    <div class=\"speaker-session hasSession\" session_id=\"6601\">\r\n                                                            <h5>Acto Inaugural<\/h5>\r\n                                                        <div class=\"speaker-talk\">\r\n                                <div class=\"hour-date-room-container\">\r\n                                    <div class=\"body-2 medium\">8 mar<\/div>\r\n                                    <div class=\"body-2 medium\">Sala Alb\u00e9niz-Machuca<\/div>\r\n                                    <div class=\"body-2 medium\">9:00 - 9:30<\/div>\r\n                                                                    <\/div>\r\n                            <\/div>\r\n                                                            <h6>Interviene en:<\/h6>\r\n                                                                                                                                                                                                                                                                                                                                                                                            <div class=\"speaker-talk\" style=\"margin-left: 1rem;\">\r\n                                                <div class=\"talk-title body-1\">\r\n                                                    Acto Inaugural                                                <\/div>\r\n                                            <\/div>\r\n                                                                                                                                                                                                                                            <\/div>\r\n                                                                                                                                                                                                                                                                                                                                                                                                                                                                                                                                                                                                                                                                                                                                                                                                                                                                                                                                                                                                                                                                                                                                                                                                                                                                                                                                                                                                                                                                                                                                                            <div class=\"speaker-session hasSession\" session_id=\"6347\">\r\n                                                            <h5>Conferencia de Clausura. Expandiendo las fronteras de la Neuropsicolog\u00eda Cl\u00ednica: el proyecto BELIEVE<\/h5>\r\n                                                        <div class=\"speaker-talk\">\r\n                                <div class=\"hour-date-room-container\">\r\n                                    <div class=\"body-2 medium\">9 mar<\/div>\r\n                                    <div class=\"body-2 medium\">Sala Alb\u00e9niz-Machuca<\/div>\r\n                                    <div class=\"body-2 medium\">13:15 - 14:15<\/div>\r\n                                                                                                                                                                        <div class=\"body-2 medium modera\">Modera<\/div>\r\n                                                                                                                                                        <\/div>\r\n                            <\/div>\r\n                                                    <\/div>\r\n                                                                                                    <div class=\"speaker-session hasSession\" session_id=\"6611\">\r\n                                                            <h5>Acto de clausura y Entrega de Premios<\/h5>\r\n                                                        <div class=\"speaker-talk\">\r\n                                <div class=\"hour-date-room-container\">\r\n                                    <div class=\"body-2 medium\">9 mar<\/div>\r\n                                    <div class=\"body-2 medium\">Sala Alb\u00e9niz-Machuca<\/div>\r\n                                    <div class=\"body-2 medium\">14:15 - 14:30<\/div>\r\n                                                                    <\/div>\r\n                            <\/div>\r\n                                                            <h6>Interviene en:<\/h6>\r\n                                                                                                                                                                                                                                    <div class=\"speaker-talk\" style=\"margin-left: 1rem;\">\r\n                                                <div class=\"talk-title body-1\">\r\n                                                    Acto de clausura y Entrega de Premios                                                <\/div>\r\n                                            <\/div>\r\n                                                                                                                                                                <\/div>\r\n                                                        <\/div>\r\n    <\/div>\r\n<\/div><div class=\"speaker-side\" speaker_id=\"102745\">\r\n    <svg class=\"close\" width=\"40\" height=\"40\" viewBox=\"0 0 40 40\" fill=\"none\" xmlns=\"http:\/\/www.w3.org\/2000\/svg\">\r\n        <path d=\"M0 20C0 8.95431 8.95431 0 20 0C31.0457 0 40 8.95431 40 20C40 31.0457 31.0457 40 20 40C8.95431 40 0 31.0457 0 20Z\" fill=\"white\"\/>\r\n        <path d=\"M28.2361 14.2361C28.9197 13.5525 28.9197 12.4424 28.2361 11.7588C27.5525 11.0752 26.4424 11.0752 25.7588 11.7588L20.0002 17.5229L14.2361 11.7643C13.5525 11.0807 12.4424 11.0807 11.7588 11.7643C11.0752 12.4479 11.0752 13.558 11.7588 14.2416L17.5229 20.0002L11.7643 25.7643C11.0807 26.4479 11.0807 27.558 11.7643 28.2416C12.4479 28.9252 13.558 28.9252 14.2416 28.2416L20.0002 22.4775L25.7643 28.2361C26.4479 28.9197 27.558 28.9197 28.2416 28.2361C28.9252 27.5525 28.9252 26.4424 28.2416 25.7588L22.4775 20.0002L28.2361 14.2361Z\" fill=\"black\"\/>\r\n    <\/svg>\r\n\r\n    <div class=\"speaker-container\">\r\n                    <div class=\"speaker-img\">\r\n                <img src=\"\" onerror=\"this.src='https:\/\/congresofanpse.org\/2024\/wp-content\/plugins\/bipeek\/speaker-fallback.jpg';this.onerror='';\">\r\n                <div class=\"gradient\"><\/div>\r\n            <\/div>\r\n                <div class=\"speaker-info\">\r\n            <div class=\"speaker-name\">\r\n                Juan Olmo Osa            <\/div>\r\n            <div class=\"speaker-job body-1\">\r\n                                                                                        Hospital Universitario \u00c1raba (Santiago Ap\u00f3stol). Presidente de FANPSE. Vitoria-Gasteiz, Espa\u00f1a                                                    HUA Santiago (Vitoria-Gasteiz)                            <\/div>\r\n                            <div class=\"spacer\"><\/div>\r\n                <div class=\"speaker-cv body-2\">\r\n                                    <\/div>\r\n                                <\/div>\r\n        <div class=\"speaker-talks\">\r\n                                                                                                                                                                                                                    <div class=\"speaker-session hasSession\" session_id=\"6601\">\r\n                                                            <h5>Acto Inaugural<\/h5>\r\n                                                        <div class=\"speaker-talk\">\r\n                                <div class=\"hour-date-room-container\">\r\n                                    <div class=\"body-2 medium\">8 mar<\/div>\r\n                                    <div class=\"body-2 medium\">Sala Alb\u00e9niz-Machuca<\/div>\r\n                                    <div class=\"body-2 medium\">9:00 - 9:30<\/div>\r\n                                                                    <\/div>\r\n                            <\/div>\r\n                                                            <h6>Interviene en:<\/h6>\r\n                                                                                                                                                                                                                                                                                                                <div class=\"speaker-talk\" style=\"margin-left: 1rem;\">\r\n                                                <div class=\"talk-title body-1\">\r\n                                                    Acto Inaugural                                                <\/div>\r\n                                            <\/div>\r\n                                                                                                                                                                                                                                                                                                                        <\/div>\r\n                                                                                                                                                                                                                                                                                                                                                                                                                                                                                                                                                                                                                                                                                                                                                                                                                                                                                                                                                                                                                                    <div class=\"speaker-session hasSession\" session_id=\"6931\">\r\n                                                            <h5>Comunicaciones orales IX<\/h5>\r\n                                                        <div class=\"speaker-talk\">\r\n                                <div class=\"hour-date-room-container\">\r\n                                    <div class=\"body-2 medium\">9 mar<\/div>\r\n                                    <div class=\"body-2 medium\">Sala Seminario 6+7<\/div>\r\n                                    <div class=\"body-2 medium\">9:00 - 10:30<\/div>\r\n                                                                                                                                                                        <div class=\"body-2 medium modera\">Modera<\/div>\r\n                                                                                                                                                        <\/div>\r\n                            <\/div>\r\n                                                    <\/div>\r\n                                                                                                                                                                                                                                                                                                                                                                                                                                                                                                                                                                                                                            <div class=\"speaker-session hasSession\" session_id=\"6611\">\r\n                                                            <h5>Acto de clausura y Entrega de Premios<\/h5>\r\n                                                        <div class=\"speaker-talk\">\r\n                                <div class=\"hour-date-room-container\">\r\n                                    <div class=\"body-2 medium\">9 mar<\/div>\r\n                                    <div class=\"body-2 medium\">Sala Alb\u00e9niz-Machuca<\/div>\r\n                                    <div class=\"body-2 medium\">14:15 - 14:30<\/div>\r\n                                                                    <\/div>\r\n                            <\/div>\r\n                                                            <h6>Interviene en:<\/h6>\r\n                                                                                                                                                        <div class=\"speaker-talk\" style=\"margin-left: 1rem;\">\r\n                                                <div class=\"talk-title body-1\">\r\n                                                    Acto de clausura y Entrega de Premios                                                <\/div>\r\n                                            <\/div>\r\n                                                                                                                                                                                                                                            <\/div>\r\n                                                        <\/div>\r\n    <\/div>\r\n<\/div><div class=\"speaker-side\" speaker_id=\"103442\">\r\n    <svg class=\"close\" width=\"40\" height=\"40\" viewBox=\"0 0 40 40\" fill=\"none\" xmlns=\"http:\/\/www.w3.org\/2000\/svg\">\r\n        <path d=\"M0 20C0 8.95431 8.95431 0 20 0C31.0457 0 40 8.95431 40 20C40 31.0457 31.0457 40 20 40C8.95431 40 0 31.0457 0 20Z\" fill=\"white\"\/>\r\n        <path d=\"M28.2361 14.2361C28.9197 13.5525 28.9197 12.4424 28.2361 11.7588C27.5525 11.0752 26.4424 11.0752 25.7588 11.7588L20.0002 17.5229L14.2361 11.7643C13.5525 11.0807 12.4424 11.0807 11.7588 11.7643C11.0752 12.4479 11.0752 13.558 11.7588 14.2416L17.5229 20.0002L11.7643 25.7643C11.0807 26.4479 11.0807 27.558 11.7643 28.2416C12.4479 28.9252 13.558 28.9252 14.2416 28.2416L20.0002 22.4775L25.7643 28.2361C26.4479 28.9197 27.558 28.9197 28.2416 28.2361C28.9252 27.5525 28.9252 26.4424 28.2416 25.7588L22.4775 20.0002L28.2361 14.2361Z\" fill=\"black\"\/>\r\n    <\/svg>\r\n\r\n    <div class=\"speaker-container\">\r\n                    <div class=\"speaker-img\">\r\n                <img src=\"\" onerror=\"this.src='https:\/\/congresofanpse.org\/2024\/wp-content\/plugins\/bipeek\/speaker-fallback.jpg';this.onerror='';\">\r\n                <div class=\"gradient\"><\/div>\r\n            <\/div>\r\n                <div class=\"speaker-info\">\r\n            <div class=\"speaker-name\">\r\n                Javier Jos\u00e9 P\u00e9rez Flores            <\/div>\r\n            <div class=\"speaker-job body-1\">\r\n                                                                                        Centro de Psicolog\u00eda y Salud de Canarias\/Universidad de La Laguna                                                    Centro de Psicolog\u00eda y Salud de Canarias\/Universidad de La Laguna                            <\/div>\r\n                            <div class=\"spacer\"><\/div>\r\n                <div class=\"speaker-cv body-2\">\r\n                                    <\/div>\r\n                                <\/div>\r\n        <div class=\"speaker-talks\">\r\n                                                                                                                                                                                                                                                                                                                                                                                                                                                                                                                                                                                                                                                                                                                                                                                                                                                                                                                                                                                                                                                                                                                                                                                                                                                                                                                            <div class=\"speaker-session hasSession\" session_id=\"6928\">\r\n                                                            <h5>Comunicaciones orales VI<\/h5>\r\n                                                        <div class=\"speaker-talk\">\r\n                                <div class=\"hour-date-room-container\">\r\n                                    <div class=\"body-2 medium\">9 mar<\/div>\r\n                                    <div class=\"body-2 medium\">Sala Machado<\/div>\r\n                                    <div class=\"body-2 medium\">9:00 - 10:30<\/div>\r\n                                                                    <\/div>\r\n                            <\/div>\r\n                                                            <h6>Interviene en:<\/h6>\r\n                                                                                                                                                                                                                                                                                                                                                                                                                                                                                                                                                                                                                                                                                                                                                                                                                                                                                                                                                                                                                                                                                                                                                                                                                                                                                                                                                        <div class=\"speaker-talk\" style=\"margin-left: 1rem;\">\r\n                                                <div class=\"talk-title body-1\">\r\n                                                    Velocidad de procesamiento en la Ataxia de  Friedriech de presentaci\u00f3n pedi\u00e1trica                                                <\/div>\r\n                                            <\/div>\r\n                                                                                                                                                                <\/div>\r\n                                                                                                                                                                                                                                                                                                                                                                                                                                                                                                                        <\/div>\r\n    <\/div>\r\n<\/div><div class=\"speaker-side\" speaker_id=\"120449\">\r\n    <svg class=\"close\" width=\"40\" height=\"40\" viewBox=\"0 0 40 40\" fill=\"none\" xmlns=\"http:\/\/www.w3.org\/2000\/svg\">\r\n        <path d=\"M0 20C0 8.95431 8.95431 0 20 0C31.0457 0 40 8.95431 40 20C40 31.0457 31.0457 40 20 40C8.95431 40 0 31.0457 0 20Z\" fill=\"white\"\/>\r\n        <path d=\"M28.2361 14.2361C28.9197 13.5525 28.9197 12.4424 28.2361 11.7588C27.5525 11.0752 26.4424 11.0752 25.7588 11.7588L20.0002 17.5229L14.2361 11.7643C13.5525 11.0807 12.4424 11.0807 11.7588 11.7643C11.0752 12.4479 11.0752 13.558 11.7588 14.2416L17.5229 20.0002L11.7643 25.7643C11.0807 26.4479 11.0807 27.558 11.7643 28.2416C12.4479 28.9252 13.558 28.9252 14.2416 28.2416L20.0002 22.4775L25.7643 28.2361C26.4479 28.9197 27.558 28.9197 28.2416 28.2361C28.9252 27.5525 28.9252 26.4424 28.2416 25.7588L22.4775 20.0002L28.2361 14.2361Z\" fill=\"black\"\/>\r\n    <\/svg>\r\n\r\n    <div class=\"speaker-container\">\r\n                    <div class=\"speaker-img\">\r\n                <img src=\"\" onerror=\"this.src='https:\/\/congresofanpse.org\/2024\/wp-content\/plugins\/bipeek\/speaker-fallback.jpg';this.onerror='';\">\r\n                <div class=\"gradient\"><\/div>\r\n            <\/div>\r\n                <div class=\"speaker-info\">\r\n            <div class=\"speaker-name\">\r\n                H\u00e9ctor Ignacio Polan\u00eda Acevedo            <\/div>\r\n            <div class=\"speaker-job body-1\">\r\n                                                                                                                                                                        <\/div>\r\n                            <div class=\"spacer\"><\/div>\r\n                <div class=\"speaker-cv body-2\">\r\n                                    <\/div>\r\n                                <\/div>\r\n        <div class=\"speaker-talks\">\r\n                                                                                                                                                                                                                                                                                                                                                                                                                                                                                                                                                                                                                                                                                                                                                                                                                                                                                                                                                                                                                                                                                                                                                                                                                                                                                                                            <div class=\"speaker-session hasSession\" session_id=\"6928\">\r\n                                                            <h5>Comunicaciones orales VI<\/h5>\r\n                                                        <div class=\"speaker-talk\">\r\n                                <div class=\"hour-date-room-container\">\r\n                                    <div class=\"body-2 medium\">9 mar<\/div>\r\n                                    <div class=\"body-2 medium\">Sala Machado<\/div>\r\n                                    <div class=\"body-2 medium\">9:00 - 10:30<\/div>\r\n                                                                    <\/div>\r\n                            <\/div>\r\n                                                            <h6>Interviene en:<\/h6>\r\n                                                                                                                                                                                                                                                                                                                                                                                                                                                                                                                                                                                                                                                                                                                                                        <div class=\"speaker-talk\" style=\"margin-left: 1rem;\">\r\n                                                <div class=\"talk-title body-1\">\r\n                                                    Variaci\u00f3n del desempe\u00f1o cognitivo de personas con da\u00f1o cerebral en distintos momentos del d\u00eda: Un estudio piloto                                                <\/div>\r\n                                            <\/div>\r\n                                                                                                                                                                                                                                                                                                                                                                                                                                                                                                                                                                                                                                                                                                                                                                <\/div>\r\n                                                                                                                                                                                                                                                                                                                                                                                                                                                                                                                        <\/div>\r\n    <\/div>\r\n<\/div><div class=\"speaker-side\" speaker_id=\"21184\">\r\n    <svg class=\"close\" width=\"40\" height=\"40\" viewBox=\"0 0 40 40\" fill=\"none\" xmlns=\"http:\/\/www.w3.org\/2000\/svg\">\r\n        <path d=\"M0 20C0 8.95431 8.95431 0 20 0C31.0457 0 40 8.95431 40 20C40 31.0457 31.0457 40 20 40C8.95431 40 0 31.0457 0 20Z\" fill=\"white\"\/>\r\n        <path d=\"M28.2361 14.2361C28.9197 13.5525 28.9197 12.4424 28.2361 11.7588C27.5525 11.0752 26.4424 11.0752 25.7588 11.7588L20.0002 17.5229L14.2361 11.7643C13.5525 11.0807 12.4424 11.0807 11.7588 11.7643C11.0752 12.4479 11.0752 13.558 11.7588 14.2416L17.5229 20.0002L11.7643 25.7643C11.0807 26.4479 11.0807 27.558 11.7643 28.2416C12.4479 28.9252 13.558 28.9252 14.2416 28.2416L20.0002 22.4775L25.7643 28.2361C26.4479 28.9197 27.558 28.9197 28.2416 28.2361C28.9252 27.5525 28.9252 26.4424 28.2416 25.7588L22.4775 20.0002L28.2361 14.2361Z\" fill=\"black\"\/>\r\n    <\/svg>\r\n\r\n    <div class=\"speaker-container\">\r\n                    <div class=\"speaker-img\">\r\n                <img src=\"\" onerror=\"this.src='https:\/\/congresofanpse.org\/2024\/wp-content\/plugins\/bipeek\/speaker-fallback.jpg';this.onerror='';\">\r\n                <div class=\"gradient\"><\/div>\r\n            <\/div>\r\n                <div class=\"speaker-info\">\r\n            <div class=\"speaker-name\">\r\n                Amparo Arrabal Mart\u00edn            <\/div>\r\n            <div class=\"speaker-job body-1\">\r\n                                                                                        Concejala de Pol\u00edtica Social, Familia, Discapacidad y Mayores del Ayuntamiento de Granada                                                                                <\/div>\r\n                            <div class=\"spacer\"><\/div>\r\n                <div class=\"speaker-cv body-2\">\r\n                                    <\/div>\r\n                                <\/div>\r\n        <div class=\"speaker-talks\">\r\n                                                                                                                                                                                                                    <div class=\"speaker-session hasSession\" session_id=\"6601\">\r\n                                                            <h5>Acto Inaugural<\/h5>\r\n                                                        <div class=\"speaker-talk\">\r\n                                <div class=\"hour-date-room-container\">\r\n                                    <div class=\"body-2 medium\">8 mar<\/div>\r\n                                    <div class=\"body-2 medium\">Sala Alb\u00e9niz-Machuca<\/div>\r\n                                    <div class=\"body-2 medium\">9:00 - 9:30<\/div>\r\n                                                                    <\/div>\r\n                            <\/div>\r\n                                                            <h6>Interviene en:<\/h6>\r\n                                                                                                                                                        <div class=\"speaker-talk\" style=\"margin-left: 1rem;\">\r\n                                                <div class=\"talk-title body-1\">\r\n                                                    Acto Inaugural                                                <\/div>\r\n                                            <\/div>\r\n                                                                                                                                                                                                                                                                                                                                                                                                                                                                                <\/div>\r\n                                                                                                                                                                                                                                                                                                                                                                                                                                                                                                                                                                                                                                                                                                                                                                                                                                                                                                                                                                                                                                                                                                                                                                                                                                                                                                                                                                                                                                                                                                                                                                                                                                <\/div>\r\n    <\/div>\r\n<\/div><div class=\"speaker-side\" speaker_id=\"21185\">\r\n    <svg class=\"close\" width=\"40\" height=\"40\" viewBox=\"0 0 40 40\" fill=\"none\" xmlns=\"http:\/\/www.w3.org\/2000\/svg\">\r\n        <path d=\"M0 20C0 8.95431 8.95431 0 20 0C31.0457 0 40 8.95431 40 20C40 31.0457 31.0457 40 20 40C8.95431 40 0 31.0457 0 20Z\" fill=\"white\"\/>\r\n        <path d=\"M28.2361 14.2361C28.9197 13.5525 28.9197 12.4424 28.2361 11.7588C27.5525 11.0752 26.4424 11.0752 25.7588 11.7588L20.0002 17.5229L14.2361 11.7643C13.5525 11.0807 12.4424 11.0807 11.7588 11.7643C11.0752 12.4479 11.0752 13.558 11.7588 14.2416L17.5229 20.0002L11.7643 25.7643C11.0807 26.4479 11.0807 27.558 11.7643 28.2416C12.4479 28.9252 13.558 28.9252 14.2416 28.2416L20.0002 22.4775L25.7643 28.2361C26.4479 28.9197 27.558 28.9197 28.2416 28.2361C28.9252 27.5525 28.9252 26.4424 28.2416 25.7588L22.4775 20.0002L28.2361 14.2361Z\" fill=\"black\"\/>\r\n    <\/svg>\r\n\r\n    <div class=\"speaker-container\">\r\n                    <div class=\"speaker-img\">\r\n                <img src=\"\" onerror=\"this.src='https:\/\/congresofanpse.org\/2024\/wp-content\/plugins\/bipeek\/speaker-fallback.jpg';this.onerror='';\">\r\n                <div class=\"gradient\"><\/div>\r\n            <\/div>\r\n                <div class=\"speaker-info\">\r\n            <div class=\"speaker-name\">\r\n                Indalecio S\u00e1nchez-Montesinos Garc\u00eda            <\/div>\r\n            <div class=\"speaker-job body-1\">\r\n                                                                                        Delegado Territorial de Salud y Consumo de la Junta de Andaluc\u00eda                                                                                <\/div>\r\n                            <div class=\"spacer\"><\/div>\r\n                <div class=\"speaker-cv body-2\">\r\n                                    <\/div>\r\n                                <\/div>\r\n        <div class=\"speaker-talks\">\r\n                                                                                                                                                                                                                    <div class=\"speaker-session hasSession\" session_id=\"6601\">\r\n                                                            <h5>Acto Inaugural<\/h5>\r\n                                                        <div class=\"speaker-talk\">\r\n                                <div class=\"hour-date-room-container\">\r\n                                    <div class=\"body-2 medium\">8 mar<\/div>\r\n                                    <div class=\"body-2 medium\">Sala Alb\u00e9niz-Machuca<\/div>\r\n                                    <div class=\"body-2 medium\">9:00 - 9:30<\/div>\r\n                                                                    <\/div>\r\n                            <\/div>\r\n                                                            <h6>Interviene en:<\/h6>\r\n                                                                                                                                                                                                                                    <div class=\"speaker-talk\" style=\"margin-left: 1rem;\">\r\n                                                <div class=\"talk-title body-1\">\r\n                                                    Acto Inaugural                                                <\/div>\r\n                                            <\/div>\r\n                                                                                                                                                                                                                                                                                                                                                                                                    <\/div>\r\n                                                                                                                                                                                                                                                                                                                                                                                                                                                                                                                                                                                                                                                                                                                                                                                                                                                                                                                                                                                                                                                                                                                                                                                                                                                                                                                                                                                                                                                                                                                                                                                                                                <\/div>\r\n    <\/div>\r\n<\/div><div class=\"speaker-side\" speaker_id=\"114676\">\r\n    <svg class=\"close\" width=\"40\" height=\"40\" viewBox=\"0 0 40 40\" fill=\"none\" xmlns=\"http:\/\/www.w3.org\/2000\/svg\">\r\n        <path d=\"M0 20C0 8.95431 8.95431 0 20 0C31.0457 0 40 8.95431 40 20C40 31.0457 31.0457 40 20 40C8.95431 40 0 31.0457 0 20Z\" fill=\"white\"\/>\r\n        <path d=\"M28.2361 14.2361C28.9197 13.5525 28.9197 12.4424 28.2361 11.7588C27.5525 11.0752 26.4424 11.0752 25.7588 11.7588L20.0002 17.5229L14.2361 11.7643C13.5525 11.0807 12.4424 11.0807 11.7588 11.7643C11.0752 12.4479 11.0752 13.558 11.7588 14.2416L17.5229 20.0002L11.7643 25.7643C11.0807 26.4479 11.0807 27.558 11.7643 28.2416C12.4479 28.9252 13.558 28.9252 14.2416 28.2416L20.0002 22.4775L25.7643 28.2361C26.4479 28.9197 27.558 28.9197 28.2416 28.2361C28.9252 27.5525 28.9252 26.4424 28.2416 25.7588L22.4775 20.0002L28.2361 14.2361Z\" fill=\"black\"\/>\r\n    <\/svg>\r\n\r\n    <div class=\"speaker-container\">\r\n                    <div class=\"speaker-img\">\r\n                <img src=\"https:\/\/bipeek-resources-onsite-prd.s3.amazonaws.com\/41693\/conversions\/FotoOscarPino-%281%29-perfil.jpg?v=1710161106\" onerror=\"this.src='https:\/\/congresofanpse.org\/2024\/wp-content\/plugins\/bipeek\/speaker-fallback.jpg';this.onerror='';\">\r\n                <div class=\"gradient\"><\/div>\r\n            <\/div>\r\n                <div class=\"speaker-info\">\r\n            <div class=\"speaker-name\">\r\n                \u00d3scar Pino            <\/div>\r\n            <div class=\"speaker-job body-1\">\r\n                                                                                        Coordinador del Centro del CAS. L\u00b4Hospitalet del Llobregat, Barcelona. Espa\u00f1a                                                                                <\/div>\r\n                            <div class=\"spacer\"><\/div>\r\n                <div class=\"speaker-cv body-2\">\r\n                    <p>Coordinador del Centro del CAS. L&acute;Hospitalet del Llobregat - Benito Menni CASM. Profesor Asociado M&eacute;dico de la Facultad de Psicolog&iacute;a de la Universitat de Barcelona. Doctor por la Universitat de Barcelona. Licenciado en Psicolog&iacute;a experto en Neuropsicolog&iacute;a Cl&iacute;nica. Vocal Comisionado de Universidades e Investigaci&oacute;n de la Junta de Govern del COPC. Miembro del Consell Assessor del Pla Director de Salut Mental i Addiccions del Departament de Salut de la Generalitat de Catalunya. Miembro del Grupo de Trabajo del Marco Estrat&eacute;gico para la Atenci&oacute;n Primaria y Comunitaria del Ministerio de Sanidad y Coordinador de la Divisi&oacute;n Nacional de Neuropsicolog&iacute;a Cl&iacute;nica del Consejo General de la Psicolog&iacute;a de Espa&ntilde;a.<\/p>\r\n<p>Ha participado en numerosos proyectos de investigaci&oacute;n de la Uni&oacute;n Europea, del Ministerio de Ciencia e Innovaci&oacute;n, del Ministerio de Sanidad y de la industria. Miembro activo del Grupo de Investigaci&oacute;n Consolidado de Estudios de Invariancia de la Medida y An&aacute;lisis del Cambio (GEIMAC). Tiene publicacions y patentes en el campo de la esquizofrenia y de los trastornos cognitivos (99 contribuciones en congresos, de los cuales el 41% son internacionales).&nbsp;<\/p>                <\/div>\r\n                                <\/div>\r\n        <div class=\"speaker-talks\">\r\n                                                                                                                                                            <div class=\"speaker-session hasSession\" session_id=\"6733\">\r\n                                                            <h5>TALLER 2. Diagn\u00f3stico de la simulaci\u00f3n neuropsicol\u00f3gica: procedimientos y casos forenses<\/h5>\r\n                                                        <div class=\"speaker-talk\">\r\n                                <div class=\"hour-date-room-container\">\r\n                                    <div class=\"body-2 medium\">7 mar<\/div>\r\n                                    <div class=\"body-2 medium\">Sala Seminario 2<\/div>\r\n                                    <div class=\"body-2 medium\">16:00 - 19:00<\/div>\r\n                                                                    <\/div>\r\n                            <\/div>\r\n                                                            <h6>Interviene en:<\/h6>\r\n                                                                                                                                                        <div class=\"speaker-talk\" style=\"margin-left: 1rem;\">\r\n                                                <div class=\"talk-title body-1\">\r\n                                                    Diagn\u00f3stico de la simulaci\u00f3n neuropsicol\u00f3gica: procedimientos y casos forenses                                                <\/div>\r\n                                            <\/div>\r\n                                                                                                                                                                                                                                            <\/div>\r\n                                                                                                                                                                                                                                                                                                                                                                                                                                                                                                                                                                                                                                                                                                                                                                                                                                                                                                                                                                                                                                                                                                                                                                                                                                                                                                                                                                                                                                                                                                                                                                                                                                                                                        <\/div>\r\n    <\/div>\r\n<\/div><div class=\"speaker-side\" speaker_id=\"102255\">\r\n    <svg class=\"close\" width=\"40\" height=\"40\" viewBox=\"0 0 40 40\" fill=\"none\" xmlns=\"http:\/\/www.w3.org\/2000\/svg\">\r\n        <path d=\"M0 20C0 8.95431 8.95431 0 20 0C31.0457 0 40 8.95431 40 20C40 31.0457 31.0457 40 20 40C8.95431 40 0 31.0457 0 20Z\" fill=\"white\"\/>\r\n        <path d=\"M28.2361 14.2361C28.9197 13.5525 28.9197 12.4424 28.2361 11.7588C27.5525 11.0752 26.4424 11.0752 25.7588 11.7588L20.0002 17.5229L14.2361 11.7643C13.5525 11.0807 12.4424 11.0807 11.7588 11.7643C11.0752 12.4479 11.0752 13.558 11.7588 14.2416L17.5229 20.0002L11.7643 25.7643C11.0807 26.4479 11.0807 27.558 11.7643 28.2416C12.4479 28.9252 13.558 28.9252 14.2416 28.2416L20.0002 22.4775L25.7643 28.2361C26.4479 28.9197 27.558 28.9197 28.2416 28.2361C28.9252 27.5525 28.9252 26.4424 28.2416 25.7588L22.4775 20.0002L28.2361 14.2361Z\" fill=\"black\"\/>\r\n    <\/svg>\r\n\r\n    <div class=\"speaker-container\">\r\n                    <div class=\"speaker-img\">\r\n                <img src=\"\" onerror=\"this.src='https:\/\/congresofanpse.org\/2024\/wp-content\/plugins\/bipeek\/speaker-fallback.jpg';this.onerror='';\">\r\n                <div class=\"gradient\"><\/div>\r\n            <\/div>\r\n                <div class=\"speaker-info\">\r\n            <div class=\"speaker-name\">\r\n                Israel Contador            <\/div>\r\n            <div class=\"speaker-job body-1\">\r\n                                                                                        Profesor Titular del \u00c1rea de Psicobiolog\u00eda, de la Universidad de Salamanca. Salamanca, Espa\u00f1a                                                    Universidad de Salamanca                            <\/div>\r\n                            <div class=\"spacer\"><\/div>\r\n                <div class=\"speaker-cv body-2\">\r\n                                    <\/div>\r\n                                <\/div>\r\n        <div class=\"speaker-talks\">\r\n                                                                                                                                                                                                                                                                            <div class=\"speaker-session hasSession\" session_id=\"6346\">\r\n                                                            <h5>Conferencia Inaugural. Retrograde amnesia in Alzheimer dementia: the temporal gradient and the reminiscence bump<\/h5>\r\n                                                        <div class=\"speaker-talk\">\r\n                                <div class=\"hour-date-room-container\">\r\n                                    <div class=\"body-2 medium\">8 mar<\/div>\r\n                                    <div class=\"body-2 medium\">Sala Alb\u00e9niz-Machuca<\/div>\r\n                                    <div class=\"body-2 medium\">9:30 - 10:30<\/div>\r\n                                                                                                                                                                        <div class=\"body-2 medium modera\">Modera<\/div>\r\n                                                                                                                                                        <\/div>\r\n                            <\/div>\r\n                                                    <\/div>\r\n                                                                                                                                                                                                                                                                                                                                                                                                                                                                                                                                                                                                                                                                                                                                                                                                                                                                                                                                                                                                                                                                                                                                                                                                                                                                                                                                                                                                                                            <div class=\"speaker-session hasSession\" session_id=\"6614\">\r\n                                                            <h5>Mesa 8. Detecci\u00f3n precoz y diagn\u00f3stico neuropsicol\u00f3gico de la Enfermedad de Alzheimer: desde la atenci\u00f3n primaria a los contextos especializados<\/h5>\r\n                                                        <div class=\"speaker-talk\">\r\n                                <div class=\"hour-date-room-container\">\r\n                                    <div class=\"body-2 medium\">9 mar<\/div>\r\n                                    <div class=\"body-2 medium\">Sala Machado<\/div>\r\n                                    <div class=\"body-2 medium\">12:00 - 13:15<\/div>\r\n                                                                                                                                                                        <div class=\"body-2 medium modera\">Modera<\/div>\r\n                                                                                                                                                        <\/div>\r\n                            <\/div>\r\n                                                    <\/div>\r\n                                                                                                                                                                        <\/div>\r\n    <\/div>\r\n<\/div><div class=\"speaker-side\" speaker_id=\"116001\">\r\n    <svg class=\"close\" width=\"40\" height=\"40\" viewBox=\"0 0 40 40\" fill=\"none\" xmlns=\"http:\/\/www.w3.org\/2000\/svg\">\r\n        <path d=\"M0 20C0 8.95431 8.95431 0 20 0C31.0457 0 40 8.95431 40 20C40 31.0457 31.0457 40 20 40C8.95431 40 0 31.0457 0 20Z\" fill=\"white\"\/>\r\n        <path d=\"M28.2361 14.2361C28.9197 13.5525 28.9197 12.4424 28.2361 11.7588C27.5525 11.0752 26.4424 11.0752 25.7588 11.7588L20.0002 17.5229L14.2361 11.7643C13.5525 11.0807 12.4424 11.0807 11.7588 11.7643C11.0752 12.4479 11.0752 13.558 11.7588 14.2416L17.5229 20.0002L11.7643 25.7643C11.0807 26.4479 11.0807 27.558 11.7643 28.2416C12.4479 28.9252 13.558 28.9252 14.2416 28.2416L20.0002 22.4775L25.7643 28.2361C26.4479 28.9197 27.558 28.9197 28.2416 28.2361C28.9252 27.5525 28.9252 26.4424 28.2416 25.7588L22.4775 20.0002L28.2361 14.2361Z\" fill=\"black\"\/>\r\n    <\/svg>\r\n\r\n    <div class=\"speaker-container\">\r\n                    <div class=\"speaker-img\">\r\n                <img src=\"\" onerror=\"this.src='https:\/\/congresofanpse.org\/2024\/wp-content\/plugins\/bipeek\/speaker-fallback.jpg';this.onerror='';\">\r\n                <div class=\"gradient\"><\/div>\r\n            <\/div>\r\n                <div class=\"speaker-info\">\r\n            <div class=\"speaker-name\">\r\n                Alfonso Caracuel Romero            <\/div>\r\n            <div class=\"speaker-job body-1\">\r\n                                                                                        Profesor Titular de la Universidad de Granada. Neuropsic\u00f3logo de la Cl\u00ednica de Psicolog\u00eda CP-UGR. Granada, Espa\u00f1a                                                    Universidad de Granada                            <\/div>\r\n                            <div class=\"spacer\"><\/div>\r\n                <div class=\"speaker-cv body-2\">\r\n                                    <\/div>\r\n                                <\/div>\r\n        <div class=\"speaker-talks\">\r\n                                                                                                                                                                                                                                                                                                                                    <div class=\"speaker-session hasSession\" session_id=\"6561\">\r\n                                                            <h5>Mesa 1. Envejecimiento normal, reserva cognitiva y mecanismos de compensaci\u00f3n<\/h5>\r\n                                                        <div class=\"speaker-talk\">\r\n                                <div class=\"hour-date-room-container\">\r\n                                    <div class=\"body-2 medium\">8 mar<\/div>\r\n                                    <div class=\"body-2 medium\">Sala Alb\u00e9niz-Machuca<\/div>\r\n                                    <div class=\"body-2 medium\">10:30 - 11:45<\/div>\r\n                                                                                                                                                                        <div class=\"body-2 medium modera\">Modera<\/div>\r\n                                                                                                                                                        <\/div>\r\n                            <\/div>\r\n                                                    <\/div>\r\n                                                                                                                                                                                                                                                                                                                                                                                                                                                                                                                                                                                                                                                                                                                                                                                                                                                                                                                                                                                                                                                                                                                                                                                                                                                                                                                                                                                                                                                                                                                <\/div>\r\n    <\/div>\r\n<\/div><div class=\"speaker-side\" speaker_id=\"102252\">\r\n    <svg class=\"close\" width=\"40\" height=\"40\" viewBox=\"0 0 40 40\" fill=\"none\" xmlns=\"http:\/\/www.w3.org\/2000\/svg\">\r\n        <path d=\"M0 20C0 8.95431 8.95431 0 20 0C31.0457 0 40 8.95431 40 20C40 31.0457 31.0457 40 20 40C8.95431 40 0 31.0457 0 20Z\" fill=\"white\"\/>\r\n        <path d=\"M28.2361 14.2361C28.9197 13.5525 28.9197 12.4424 28.2361 11.7588C27.5525 11.0752 26.4424 11.0752 25.7588 11.7588L20.0002 17.5229L14.2361 11.7643C13.5525 11.0807 12.4424 11.0807 11.7588 11.7643C11.0752 12.4479 11.0752 13.558 11.7588 14.2416L17.5229 20.0002L11.7643 25.7643C11.0807 26.4479 11.0807 27.558 11.7643 28.2416C12.4479 28.9252 13.558 28.9252 14.2416 28.2416L20.0002 22.4775L25.7643 28.2361C26.4479 28.9197 27.558 28.9197 28.2416 28.2361C28.9252 27.5525 28.9252 26.4424 28.2416 25.7588L22.4775 20.0002L28.2361 14.2361Z\" fill=\"black\"\/>\r\n    <\/svg>\r\n\r\n    <div class=\"speaker-container\">\r\n                    <div class=\"speaker-img\">\r\n                <img src=\"https:\/\/bipeek-resources-onsite-prd.s3.amazonaws.com\/37349\/conversions\/Jose_Torralba-perfil.jpg?v=1699605000\" onerror=\"this.src='https:\/\/congresofanpse.org\/2024\/wp-content\/plugins\/bipeek\/speaker-fallback.jpg';this.onerror='';\">\r\n                <div class=\"gradient\"><\/div>\r\n            <\/div>\r\n                <div class=\"speaker-info\">\r\n            <div class=\"speaker-name\">\r\n                Jos\u00e9 Mar\u00eda Torralba            <\/div>\r\n            <div class=\"speaker-job body-1\">\r\n                                                                                        Neuropsic\u00f3logo Cl\u00ednico en Agredace. Docente e investigador en la Universidad de Granada y NeuroLab. Granada, Espa\u00f1a                                                    Asociaci\u00f3n de Da\u00f1o Cerebral Granada AGREDACE. Espa\u00f1a                            <\/div>\r\n                            <div class=\"spacer\"><\/div>\r\n                <div class=\"speaker-cv body-2\">\r\n                    <p style=\"text-align: justify;\">Neuropsic&oacute;logo cl&iacute;nico con m&aacute;s de una d&eacute;cada de experiencia en Agredace (Asociaci&oacute;n Granadina de Rehabilitaci&oacute;n de Da&ntilde;o Cerebral Adquirido. Acreditado en Neuropsicolog&iacute;a Cl&iacute;nica por la CNAP. Docente e investigador en la Universidad de Granada y NeuroLab.<\/p>                <\/div>\r\n                                <\/div>\r\n        <div class=\"speaker-talks\">\r\n                                                                                                                                                                                                                                                                                                                                                                                            <div class=\"speaker-session hasSession\" session_id=\"6613\">\r\n                                                            <h5>Mesa 2. Nuevas soluciones digitales en intervenci\u00f3n neuropsicol\u00f3gica: tres experiencias de investigaci\u00f3n aplicada<\/h5>\r\n                                                        <div class=\"speaker-talk\">\r\n                                <div class=\"hour-date-room-container\">\r\n                                    <div class=\"body-2 medium\">8 mar<\/div>\r\n                                    <div class=\"body-2 medium\">Sala Machado<\/div>\r\n                                    <div class=\"body-2 medium\">10:30 - 11:45<\/div>\r\n                                                                                                                                                                        <div class=\"body-2 medium modera\">Modera<\/div>\r\n                                                                                                                                                        <\/div>\r\n                            <\/div>\r\n                                                    <\/div>\r\n                                                                                                                                                                                                                                                                                                                                                                                            <div class=\"speaker-session hasSession\" session_id=\"6605\">\r\n                                                            <h5>Comunicaciones orales II<\/h5>\r\n                                                        <div class=\"speaker-talk\">\r\n                                <div class=\"hour-date-room-container\">\r\n                                    <div class=\"body-2 medium\">8 mar<\/div>\r\n                                    <div class=\"body-2 medium\">Sala Machado<\/div>\r\n                                    <div class=\"body-2 medium\">15:30 - 16:45<\/div>\r\n                                                                                                                                                                        <div class=\"body-2 medium modera\">Modera<\/div>\r\n                                                                                                                                                        <\/div>\r\n                            <\/div>\r\n                                                    <\/div>\r\n                                                                                                                                                                                                                                                                                                                                                                                                                                                                                                                                                                                                                                                                                                                                                                                                                                                                                                                    <div class=\"speaker-session hasSession\" session_id=\"6560\">\r\n                                                            <h5>Mesa 7. Homenaje al legado cient\u00edfico y humano de Marisa Arnedo Montoro y M\u00f3nica Trivi\u00f1o Mosquera<\/h5>\r\n                                                        <div class=\"speaker-talk\">\r\n                                <div class=\"hour-date-room-container\">\r\n                                    <div class=\"body-2 medium\">9 mar<\/div>\r\n                                    <div class=\"body-2 medium\">Sala Alb\u00e9niz-Machuca<\/div>\r\n                                    <div class=\"body-2 medium\">12:00 - 13:15<\/div>\r\n                                                                    <\/div>\r\n                            <\/div>\r\n                                                            <h6>Interviene en:<\/h6>\r\n                                                                                                                                                                                                                                                                                                                                                                                                                                                        <div class=\"speaker-talk\" style=\"margin-left: 1rem;\">\r\n                                                <div class=\"talk-title body-1\">\r\n                                                    Desde la Psicolog\u00eda Experimental a la realidad virtual: una visi\u00f3n humana                                                <\/div>\r\n                                            <\/div>\r\n                                                                                                                                                                <\/div>\r\n                                                                                                                                                                                                                                <\/div>\r\n    <\/div>\r\n<\/div><div class=\"speaker-side\" speaker_id=\"116106\">\r\n    <svg class=\"close\" width=\"40\" height=\"40\" viewBox=\"0 0 40 40\" fill=\"none\" xmlns=\"http:\/\/www.w3.org\/2000\/svg\">\r\n        <path d=\"M0 20C0 8.95431 8.95431 0 20 0C31.0457 0 40 8.95431 40 20C40 31.0457 31.0457 40 20 40C8.95431 40 0 31.0457 0 20Z\" fill=\"white\"\/>\r\n        <path d=\"M28.2361 14.2361C28.9197 13.5525 28.9197 12.4424 28.2361 11.7588C27.5525 11.0752 26.4424 11.0752 25.7588 11.7588L20.0002 17.5229L14.2361 11.7643C13.5525 11.0807 12.4424 11.0807 11.7588 11.7643C11.0752 12.4479 11.0752 13.558 11.7588 14.2416L17.5229 20.0002L11.7643 25.7643C11.0807 26.4479 11.0807 27.558 11.7643 28.2416C12.4479 28.9252 13.558 28.9252 14.2416 28.2416L20.0002 22.4775L25.7643 28.2361C26.4479 28.9197 27.558 28.9197 28.2416 28.2361C28.9252 27.5525 28.9252 26.4424 28.2416 25.7588L22.4775 20.0002L28.2361 14.2361Z\" fill=\"black\"\/>\r\n    <\/svg>\r\n\r\n    <div class=\"speaker-container\">\r\n                    <div class=\"speaker-img\">\r\n                <img src=\"\" onerror=\"this.src='https:\/\/congresofanpse.org\/2024\/wp-content\/plugins\/bipeek\/speaker-fallback.jpg';this.onerror='';\">\r\n                <div class=\"gradient\"><\/div>\r\n            <\/div>\r\n                <div class=\"speaker-info\">\r\n            <div class=\"speaker-name\">\r\n                GUSTAVO CUBEROS URBAO            <\/div>\r\n            <div class=\"speaker-job body-1\">\r\n                                                                                        Neuropsic\u00f3logo. NEUROAFEIC Asociaci\u00f3n de Familiares y Afectados por Ictus de Granada. Granada, Espa\u00f1a                                                    NEUROAFEIC                            <\/div>\r\n                            <div class=\"spacer\"><\/div>\r\n                <div class=\"speaker-cv body-2\">\r\n                                    <\/div>\r\n                                <\/div>\r\n        <div class=\"speaker-talks\">\r\n                                                                                                                                                                                                                                                                                                                                                                                                                                                                                                                                                                    <div class=\"speaker-session hasSession\" session_id=\"6612\">\r\n                                                            <h5>Mesa 4. Nuevas actualizaciones en los efectos neuropsicol\u00f3gicos de la COVID-19: aportaciones desde el proyecto NAUTILUS<\/h5>\r\n                                                        <div class=\"speaker-talk\">\r\n                                <div class=\"hour-date-room-container\">\r\n                                    <div class=\"body-2 medium\">8 mar<\/div>\r\n                                    <div class=\"body-2 medium\">Sala Machado<\/div>\r\n                                    <div class=\"body-2 medium\">12:30 - 13:45<\/div>\r\n                                                                                                                                                                        <div class=\"body-2 medium modera\">Modera<\/div>\r\n                                                                                                                                                        <\/div>\r\n                            <\/div>\r\n                                                    <\/div>\r\n                                                                                                                                                                                                                                                                                                                                    <div class=\"speaker-session hasSession\" session_id=\"6609\">\r\n                                                            <h5>Comunicaciones orales IV<\/h5>\r\n                                                        <div class=\"speaker-talk\">\r\n                                <div class=\"hour-date-room-container\">\r\n                                    <div class=\"body-2 medium\">8 mar<\/div>\r\n                                    <div class=\"body-2 medium\">Sala Seminario 3+4<\/div>\r\n                                    <div class=\"body-2 medium\">15:30 - 16:45<\/div>\r\n                                                                                                                                                                        <div class=\"body-2 medium modera\">Modera<\/div>\r\n                                                                                                                                                        <\/div>\r\n                            <\/div>\r\n                                                    <\/div>\r\n                                                                                                                                                                                                                                                                                                                                                                                                                                                                                                                                                                                                                                                                                                                                                                                                                                                                                                                                                                                        <\/div>\r\n    <\/div>\r\n<\/div><div class=\"speaker-side\" speaker_id=\"102259\">\r\n    <svg class=\"close\" width=\"40\" height=\"40\" viewBox=\"0 0 40 40\" fill=\"none\" xmlns=\"http:\/\/www.w3.org\/2000\/svg\">\r\n        <path d=\"M0 20C0 8.95431 8.95431 0 20 0C31.0457 0 40 8.95431 40 20C40 31.0457 31.0457 40 20 40C8.95431 40 0 31.0457 0 20Z\" fill=\"white\"\/>\r\n        <path d=\"M28.2361 14.2361C28.9197 13.5525 28.9197 12.4424 28.2361 11.7588C27.5525 11.0752 26.4424 11.0752 25.7588 11.7588L20.0002 17.5229L14.2361 11.7643C13.5525 11.0807 12.4424 11.0807 11.7588 11.7643C11.0752 12.4479 11.0752 13.558 11.7588 14.2416L17.5229 20.0002L11.7643 25.7643C11.0807 26.4479 11.0807 27.558 11.7643 28.2416C12.4479 28.9252 13.558 28.9252 14.2416 28.2416L20.0002 22.4775L25.7643 28.2361C26.4479 28.9197 27.558 28.9197 28.2416 28.2361C28.9252 27.5525 28.9252 26.4424 28.2416 25.7588L22.4775 20.0002L28.2361 14.2361Z\" fill=\"black\"\/>\r\n    <\/svg>\r\n\r\n    <div class=\"speaker-container\">\r\n                    <div class=\"speaker-img\">\r\n                <img src=\"\" onerror=\"this.src='https:\/\/congresofanpse.org\/2024\/wp-content\/plugins\/bipeek\/speaker-fallback.jpg';this.onerror='';\">\r\n                <div class=\"gradient\"><\/div>\r\n            <\/div>\r\n                <div class=\"speaker-info\">\r\n            <div class=\"speaker-name\">\r\n                Olaia Lucas            <\/div>\r\n            <div class=\"speaker-job body-1\">\r\n                                                                                        Doctora en Psicolog\u00eda y Experta en Neuropsicolog\u00eda. Universidad de Deusto. Bilbao, Espa\u00f1a                                                                                <\/div>\r\n                            <div class=\"spacer\"><\/div>\r\n                <div class=\"speaker-cv body-2\">\r\n                                    <\/div>\r\n                                <\/div>\r\n        <div class=\"speaker-talks\">\r\n                                                                                                                                                                                                                                                                                                                                                                                                                                                                                                            <div class=\"speaker-session hasSession\" session_id=\"6562\">\r\n                                                            <h5>Mesa 3. Perspectivas actuales del neurodesarrollo<\/h5>\r\n                                                        <div class=\"speaker-talk\">\r\n                                <div class=\"hour-date-room-container\">\r\n                                    <div class=\"body-2 medium\">8 mar<\/div>\r\n                                    <div class=\"body-2 medium\">Sala Alb\u00e9niz-Machuca<\/div>\r\n                                    <div class=\"body-2 medium\">12:30 - 13:45<\/div>\r\n                                                                                                                                                                        <div class=\"body-2 medium modera\">Modera<\/div>\r\n                                                                                                                                                        <\/div>\r\n                            <\/div>\r\n                                                    <\/div>\r\n                                                                                                                                                                                                                                                                                                                                                                                                                                                                                                                                                                                                                                                                                                                                                                                                                                                                                                                                                                                                                                                                                                                                                                                                                                                                                                                                        <\/div>\r\n    <\/div>\r\n<\/div><div class=\"speaker-side\" speaker_id=\"114308\">\r\n    <svg class=\"close\" width=\"40\" height=\"40\" viewBox=\"0 0 40 40\" fill=\"none\" xmlns=\"http:\/\/www.w3.org\/2000\/svg\">\r\n        <path d=\"M0 20C0 8.95431 8.95431 0 20 0C31.0457 0 40 8.95431 40 20C40 31.0457 31.0457 40 20 40C8.95431 40 0 31.0457 0 20Z\" fill=\"white\"\/>\r\n        <path d=\"M28.2361 14.2361C28.9197 13.5525 28.9197 12.4424 28.2361 11.7588C27.5525 11.0752 26.4424 11.0752 25.7588 11.7588L20.0002 17.5229L14.2361 11.7643C13.5525 11.0807 12.4424 11.0807 11.7588 11.7643C11.0752 12.4479 11.0752 13.558 11.7588 14.2416L17.5229 20.0002L11.7643 25.7643C11.0807 26.4479 11.0807 27.558 11.7643 28.2416C12.4479 28.9252 13.558 28.9252 14.2416 28.2416L20.0002 22.4775L25.7643 28.2361C26.4479 28.9197 27.558 28.9197 28.2416 28.2361C28.9252 27.5525 28.9252 26.4424 28.2416 25.7588L22.4775 20.0002L28.2361 14.2361Z\" fill=\"black\"\/>\r\n    <\/svg>\r\n\r\n    <div class=\"speaker-container\">\r\n                    <div class=\"speaker-img\">\r\n                <img src=\"\" onerror=\"this.src='https:\/\/congresofanpse.org\/2024\/wp-content\/plugins\/bipeek\/speaker-fallback.jpg';this.onerror='';\">\r\n                <div class=\"gradient\"><\/div>\r\n            <\/div>\r\n                <div class=\"speaker-info\">\r\n            <div class=\"speaker-name\">\r\n                Olga Prian Serrano            <\/div>\r\n            <div class=\"speaker-job body-1\">\r\n                                                                                        Universidad de Loyola Andaluc\u00eda. Grupo Vitalia Home.                                                    Universidad Loyola Andaluc\u00eda                            <\/div>\r\n                            <div class=\"spacer\"><\/div>\r\n                <div class=\"speaker-cv body-2\">\r\n                                    <\/div>\r\n                                <\/div>\r\n        <div class=\"speaker-talks\">\r\n                                                                                                                                                                                                                                                                                                                                                                                                                                                                                                                                                                                                                                                                                    <div class=\"speaker-session hasSession\" session_id=\"6604\">\r\n                                                            <h5>Comunicaciones orales I<\/h5>\r\n                                                        <div class=\"speaker-talk\">\r\n                                <div class=\"hour-date-room-container\">\r\n                                    <div class=\"body-2 medium\">8 mar<\/div>\r\n                                    <div class=\"body-2 medium\">Sala Alb\u00e9niz-Machuca<\/div>\r\n                                    <div class=\"body-2 medium\">15:30 - 16:45<\/div>\r\n                                                                                                                                                                        <div class=\"body-2 medium modera\">Modera<\/div>\r\n                                                                                                                                                        <\/div>\r\n                            <\/div>\r\n                                                    <\/div>\r\n                                                                                                                                                                                                                                                                                                                                                                                                                                                                                                                                                                                                                                                                                                                                            <div class=\"speaker-session hasSession\" session_id=\"6929\">\r\n                                                            <h5>Comunicaciones orales VII<\/h5>\r\n                                                        <div class=\"speaker-talk\">\r\n                                <div class=\"hour-date-room-container\">\r\n                                    <div class=\"body-2 medium\">9 mar<\/div>\r\n                                    <div class=\"body-2 medium\">Sala Seminario 1+2<\/div>\r\n                                    <div class=\"body-2 medium\">9:00 - 10:30<\/div>\r\n                                                                    <\/div>\r\n                            <\/div>\r\n                                                            <h6>Interviene en:<\/h6>\r\n                                                                                                                                                                                                                                                                                                                                                                                                                                                                                                                                                                                                                                                                                                                                                                                                                                                                                                                                                                                                                                                        <div class=\"speaker-talk\" style=\"margin-left: 1rem;\">\r\n                                                <div class=\"talk-title body-1\">\r\n                                                    \u00bfInfluye el grado de sintomatolog\u00eda depresiva en el rendimiento cognitivo en personas mayores con Deterioro Cognitivo Leve y Depresi\u00f3n?                                                <\/div>\r\n                                            <\/div>\r\n                                                                                                                                                                                                                                                                                                                                                                                                                                                                <\/div>\r\n                                                                                                                                                                                                                                                                                                                                                                                                                                                                <\/div>\r\n    <\/div>\r\n<\/div><div class=\"speaker-side\" speaker_id=\"109800\">\r\n    <svg class=\"close\" width=\"40\" height=\"40\" viewBox=\"0 0 40 40\" fill=\"none\" xmlns=\"http:\/\/www.w3.org\/2000\/svg\">\r\n        <path d=\"M0 20C0 8.95431 8.95431 0 20 0C31.0457 0 40 8.95431 40 20C40 31.0457 31.0457 40 20 40C8.95431 40 0 31.0457 0 20Z\" fill=\"white\"\/>\r\n        <path d=\"M28.2361 14.2361C28.9197 13.5525 28.9197 12.4424 28.2361 11.7588C27.5525 11.0752 26.4424 11.0752 25.7588 11.7588L20.0002 17.5229L14.2361 11.7643C13.5525 11.0807 12.4424 11.0807 11.7588 11.7643C11.0752 12.4479 11.0752 13.558 11.7588 14.2416L17.5229 20.0002L11.7643 25.7643C11.0807 26.4479 11.0807 27.558 11.7643 28.2416C12.4479 28.9252 13.558 28.9252 14.2416 28.2416L20.0002 22.4775L25.7643 28.2361C26.4479 28.9197 27.558 28.9197 28.2416 28.2361C28.9252 27.5525 28.9252 26.4424 28.2416 25.7588L22.4775 20.0002L28.2361 14.2361Z\" fill=\"black\"\/>\r\n    <\/svg>\r\n\r\n    <div class=\"speaker-container\">\r\n                    <div class=\"speaker-img\">\r\n                <img src=\"\" onerror=\"this.src='https:\/\/congresofanpse.org\/2024\/wp-content\/plugins\/bipeek\/speaker-fallback.jpg';this.onerror='';\">\r\n                <div class=\"gradient\"><\/div>\r\n            <\/div>\r\n                <div class=\"speaker-info\">\r\n            <div class=\"speaker-name\">\r\n                Lucia Zum\u00e1rraga Astorqui            <\/div>\r\n            <div class=\"speaker-job body-1\">\r\n                                                                                        Neuropsic\u00f3loga cl\u00ednica Pedi\u00e1trica. Directora de NeuroPed. Presidenta de la Asociaci\u00f3n Madrile\u00f1a de Neuropsicolog\u00eda. Madrid, Espa\u00f1a                                                    NeuroPed                            <\/div>\r\n                            <div class=\"spacer\"><\/div>\r\n                <div class=\"speaker-cv body-2\">\r\n                                    <\/div>\r\n                                <\/div>\r\n        <div class=\"speaker-talks\">\r\n                                                                                                                                                                                                                                                                                                                                                                                                                                                                                                                                                                                                                                                                                                                                                                                                    <div class=\"speaker-session hasSession\" session_id=\"6608\">\r\n                                                            <h5>Comunicaciones orales III<\/h5>\r\n                                                        <div class=\"speaker-talk\">\r\n                                <div class=\"hour-date-room-container\">\r\n                                    <div class=\"body-2 medium\">8 mar<\/div>\r\n                                    <div class=\"body-2 medium\">Sala Seminario 1+2<\/div>\r\n                                    <div class=\"body-2 medium\">15:30 - 16:45<\/div>\r\n                                                                                                                                                                        <div class=\"body-2 medium modera\">Modera<\/div>\r\n                                                                                                                                                        <\/div>\r\n                            <\/div>\r\n                                                    <\/div>\r\n                                                                                                                                                                                                                                                                                                                                    <div class=\"speaker-session hasSession\" session_id=\"6615\">\r\n                                                            <h5>Mesa 6. Estudio de las alteraciones del sue\u00f1o en los trastornos del neurodesarrollo m\u00e1s prevalentes en edad infantojuvenil<\/h5>\r\n                                                        <div class=\"speaker-talk\">\r\n                                <div class=\"hour-date-room-container\">\r\n                                    <div class=\"body-2 medium\">8 mar<\/div>\r\n                                    <div class=\"body-2 medium\">Sala Machado<\/div>\r\n                                    <div class=\"body-2 medium\">18:15 - 19:30<\/div>\r\n                                                                                                                                                                        <div class=\"body-2 medium modera\">Modera<\/div>\r\n                                                                                                                                                        <\/div>\r\n                            <\/div>\r\n                                                    <\/div>\r\n                                                                                                                                                                                                                                                                                                                                                                                            <div class=\"speaker-session hasSession\" session_id=\"6930\">\r\n                                                            <h5>Comunicaciones orales VIII<\/h5>\r\n                                                        <div class=\"speaker-talk\">\r\n                                <div class=\"hour-date-room-container\">\r\n                                    <div class=\"body-2 medium\">9 mar<\/div>\r\n                                    <div class=\"body-2 medium\">Sala Seminario 3+4<\/div>\r\n                                    <div class=\"body-2 medium\">9:00 - 10:30<\/div>\r\n                                                                                                                                                                        <div class=\"body-2 medium modera\">Modera<\/div>\r\n                                                                                                                                                        <\/div>\r\n                            <\/div>\r\n                                                    <\/div>\r\n                                                                                                    <div class=\"speaker-session hasSession\" session_id=\"6857\">\r\n                                                            <h5>Conferencia patrocinada por NeuronUP: Conectividad cerebral, ciencia de datos y Neuropsicolog\u00eda<\/h5>\r\n                                                        <div class=\"speaker-talk\">\r\n                                <div class=\"hour-date-room-container\">\r\n                                    <div class=\"body-2 medium\">9 mar<\/div>\r\n                                    <div class=\"body-2 medium\">Sala Alb\u00e9niz-Machuca<\/div>\r\n                                    <div class=\"body-2 medium\">10:30 - 11:30<\/div>\r\n                                                                                                                                                                        <div class=\"body-2 medium modera\">Modera<\/div>\r\n                                                                                                                                                        <\/div>\r\n                            <\/div>\r\n                                                    <\/div>\r\n                                                                                                                                                                                                                                                                                                                                                <\/div>\r\n    <\/div>\r\n<\/div><div class=\"speaker-side\" speaker_id=\"102254\">\r\n    <svg class=\"close\" width=\"40\" height=\"40\" viewBox=\"0 0 40 40\" fill=\"none\" xmlns=\"http:\/\/www.w3.org\/2000\/svg\">\r\n        <path d=\"M0 20C0 8.95431 8.95431 0 20 0C31.0457 0 40 8.95431 40 20C40 31.0457 31.0457 40 20 40C8.95431 40 0 31.0457 0 20Z\" fill=\"white\"\/>\r\n        <path d=\"M28.2361 14.2361C28.9197 13.5525 28.9197 12.4424 28.2361 11.7588C27.5525 11.0752 26.4424 11.0752 25.7588 11.7588L20.0002 17.5229L14.2361 11.7643C13.5525 11.0807 12.4424 11.0807 11.7588 11.7643C11.0752 12.4479 11.0752 13.558 11.7588 14.2416L17.5229 20.0002L11.7643 25.7643C11.0807 26.4479 11.0807 27.558 11.7643 28.2416C12.4479 28.9252 13.558 28.9252 14.2416 28.2416L20.0002 22.4775L25.7643 28.2361C26.4479 28.9197 27.558 28.9197 28.2416 28.2361C28.9252 27.5525 28.9252 26.4424 28.2416 25.7588L22.4775 20.0002L28.2361 14.2361Z\" fill=\"black\"\/>\r\n    <\/svg>\r\n\r\n    <div class=\"speaker-container\">\r\n                    <div class=\"speaker-img\">\r\n                <img src=\"https:\/\/bipeek-resources-onsite-prd.s3.amazonaws.com\/34563\/conversions\/FOTO-JB-2022-ABRIL-IMG_2067-perfil.jpg?v=1696502440\" onerror=\"this.src='https:\/\/congresofanpse.org\/2024\/wp-content\/plugins\/bipeek\/speaker-fallback.jpg';this.onerror='';\">\r\n                <div class=\"gradient\"><\/div>\r\n            <\/div>\r\n                <div class=\"speaker-info\">\r\n            <div class=\"speaker-name\">\r\n                Jose Domingo Barroso            <\/div>\r\n            <div class=\"speaker-job body-1\">\r\n                                                                                        Presidente del Comit\u00e9 Cient\u00edfico. Catedr\u00e1tico de la Universidad Fernando Pessoa Canarias. Espa\u00f1a                                                    Universidad Fernando Pessoa Canarias. Espa\u00f1a                            <\/div>\r\n                            <div class=\"spacer\"><\/div>\r\n                <div class=\"speaker-cv body-2\">\r\n                                    <\/div>\r\n                                <\/div>\r\n        <div class=\"speaker-talks\">\r\n                                                                                                                                                                                                                    <div class=\"speaker-session hasSession\" session_id=\"6601\">\r\n                                                            <h5>Acto Inaugural<\/h5>\r\n                                                        <div class=\"speaker-talk\">\r\n                                <div class=\"hour-date-room-container\">\r\n                                    <div class=\"body-2 medium\">8 mar<\/div>\r\n                                    <div class=\"body-2 medium\">Sala Alb\u00e9niz-Machuca<\/div>\r\n                                    <div class=\"body-2 medium\">9:00 - 9:30<\/div>\r\n                                                                    <\/div>\r\n                            <\/div>\r\n                                                            <h6>Interviene en:<\/h6>\r\n                                                                                                                                                                                                                                                                                                                                                                                                                                                                        <div class=\"speaker-talk\" style=\"margin-left: 1rem;\">\r\n                                                <div class=\"talk-title body-1\">\r\n                                                    Acto Inaugural                                                <\/div>\r\n                                            <\/div>\r\n                                                                                                                                                                <\/div>\r\n                                                                                                                                                            <div class=\"speaker-session hasSession\" session_id=\"6561\">\r\n                                                            <h5>Mesa 1. Envejecimiento normal, reserva cognitiva y mecanismos de compensaci\u00f3n<\/h5>\r\n                                                        <div class=\"speaker-talk\">\r\n                                <div class=\"hour-date-room-container\">\r\n                                    <div class=\"body-2 medium\">8 mar<\/div>\r\n                                    <div class=\"body-2 medium\">Sala Alb\u00e9niz-Machuca<\/div>\r\n                                    <div class=\"body-2 medium\">10:30 - 11:45<\/div>\r\n                                                                    <\/div>\r\n                            <\/div>\r\n                                                            <h6>Interviene en:<\/h6>\r\n                                                                                                                                                                                                                                                                                                                                                                                                                                                        <div class=\"speaker-talk\" style=\"margin-left: 1rem;\">\r\n                                                <div class=\"talk-title body-1\">\r\n                                                    La especializaci\u00f3n hemisf\u00e9rica como mecanismo de compensacion funcional en el envejecimiento                                                <\/div>\r\n                                            <\/div>\r\n                                                                                                                                                                <\/div>\r\n                                                                                                                                                                                                                                                                                                                                                                                                                                                                                                                                                                                                                            <div class=\"speaker-session hasSession\" session_id=\"6348\">\r\n                                                            <h5>Conferencia plenaria. Neuroanatom\u00eda de los Circuitos Cerebrales asociados al Lenguaje: Abordaje desde la Neuroimagen. Nikos Makris<\/h5>\r\n                                                        <div class=\"speaker-talk\">\r\n                                <div class=\"hour-date-room-container\">\r\n                                    <div class=\"body-2 medium\">8 mar<\/div>\r\n                                    <div class=\"body-2 medium\">Sala Alb\u00e9niz-Machuca<\/div>\r\n                                    <div class=\"body-2 medium\">16:45 - 17:45<\/div>\r\n                                                                                                                                                                        <div class=\"body-2 medium modera\">Modera<\/div>\r\n                                                                                                                                                        <\/div>\r\n                            <\/div>\r\n                                                    <\/div>\r\n                                                                                                                                                                                                                                                                                                                                                                                            <div class=\"speaker-session hasSession\" session_id=\"6927\">\r\n                                                            <h5>Comunicaciones orales V<\/h5>\r\n                                                        <div class=\"speaker-talk\">\r\n                                <div class=\"hour-date-room-container\">\r\n                                    <div class=\"body-2 medium\">9 mar<\/div>\r\n                                    <div class=\"body-2 medium\">Sala Alb\u00e9niz-Machuca<\/div>\r\n                                    <div class=\"body-2 medium\">9:00 - 10:30<\/div>\r\n                                                                                                                                                                        <div class=\"body-2 medium modera\">Modera<\/div>\r\n                                                                                                                                                        <\/div>\r\n                            <\/div>\r\n                                                    <\/div>\r\n                                                                                                                                                                                                                                                                                                                                                                                                                                                                                                                                                                                <\/div>\r\n    <\/div>\r\n<\/div><div class=\"speaker-side\" speaker_id=\"102257\">\r\n    <svg class=\"close\" width=\"40\" height=\"40\" viewBox=\"0 0 40 40\" fill=\"none\" xmlns=\"http:\/\/www.w3.org\/2000\/svg\">\r\n        <path d=\"M0 20C0 8.95431 8.95431 0 20 0C31.0457 0 40 8.95431 40 20C40 31.0457 31.0457 40 20 40C8.95431 40 0 31.0457 0 20Z\" fill=\"white\"\/>\r\n        <path d=\"M28.2361 14.2361C28.9197 13.5525 28.9197 12.4424 28.2361 11.7588C27.5525 11.0752 26.4424 11.0752 25.7588 11.7588L20.0002 17.5229L14.2361 11.7643C13.5525 11.0807 12.4424 11.0807 11.7588 11.7643C11.0752 12.4479 11.0752 13.558 11.7588 14.2416L17.5229 20.0002L11.7643 25.7643C11.0807 26.4479 11.0807 27.558 11.7643 28.2416C12.4479 28.9252 13.558 28.9252 14.2416 28.2416L20.0002 22.4775L25.7643 28.2361C26.4479 28.9197 27.558 28.9197 28.2416 28.2361C28.9252 27.5525 28.9252 26.4424 28.2416 25.7588L22.4775 20.0002L28.2361 14.2361Z\" fill=\"black\"\/>\r\n    <\/svg>\r\n\r\n    <div class=\"speaker-container\">\r\n                    <div class=\"speaker-img\">\r\n                <img src=\"\" onerror=\"this.src='https:\/\/congresofanpse.org\/2024\/wp-content\/plugins\/bipeek\/speaker-fallback.jpg';this.onerror='';\">\r\n                <div class=\"gradient\"><\/div>\r\n            <\/div>\r\n                <div class=\"speaker-info\">\r\n            <div class=\"speaker-name\">\r\n                Igor Bomb\u00edn            <\/div>\r\n            <div class=\"speaker-job body-1\">\r\n                                                                                        Neuropsic\u00f3logo Cl\u00ednico - Coordinador del Equipo Interdisiciplinar de Reintegra.                                                    Reintegra: Centro de Rehabilitaci\u00f3n Neurol\u00f3gica. Oviedo, Espa\u00f1a                            <\/div>\r\n                            <div class=\"spacer\"><\/div>\r\n                <div class=\"speaker-cv body-2\">\r\n                                    <\/div>\r\n                                <\/div>\r\n        <div class=\"speaker-talks\">\r\n                                                                                                                                                                                                                                                                                                                                                                                                                                                                                                                                                                                                                                                                                                                                                                                                                                                                                                                                                                                                                                    <div class=\"speaker-session hasSession\" session_id=\"6559\">\r\n                                                            <h5>Mesa 5. Diagn\u00f3stico y Tratamiento de la alteraci\u00f3n de los procesos ling\u00fc\u00edsticos<\/h5>\r\n                                                        <div class=\"speaker-talk\">\r\n                                <div class=\"hour-date-room-container\">\r\n                                    <div class=\"body-2 medium\">8 mar<\/div>\r\n                                    <div class=\"body-2 medium\">Sala Alb\u00e9niz-Machuca<\/div>\r\n                                    <div class=\"body-2 medium\">18:15 - 19:30<\/div>\r\n                                                                                                                                                                        <div class=\"body-2 medium modera\">Modera<\/div>\r\n                                                                                                                                                        <\/div>\r\n                            <\/div>\r\n                                                    <\/div>\r\n                                                                                                                                                                                                                                                                                                                                                                                                                                                                                                                                                                                                                                                                                                                                                                                                                <\/div>\r\n    <\/div>\r\n<\/div><div class=\"speaker-side\" speaker_id=\"112137\">\r\n    <svg class=\"close\" width=\"40\" height=\"40\" viewBox=\"0 0 40 40\" fill=\"none\" xmlns=\"http:\/\/www.w3.org\/2000\/svg\">\r\n        <path d=\"M0 20C0 8.95431 8.95431 0 20 0C31.0457 0 40 8.95431 40 20C40 31.0457 31.0457 40 20 40C8.95431 40 0 31.0457 0 20Z\" fill=\"white\"\/>\r\n        <path d=\"M28.2361 14.2361C28.9197 13.5525 28.9197 12.4424 28.2361 11.7588C27.5525 11.0752 26.4424 11.0752 25.7588 11.7588L20.0002 17.5229L14.2361 11.7643C13.5525 11.0807 12.4424 11.0807 11.7588 11.7643C11.0752 12.4479 11.0752 13.558 11.7588 14.2416L17.5229 20.0002L11.7643 25.7643C11.0807 26.4479 11.0807 27.558 11.7643 28.2416C12.4479 28.9252 13.558 28.9252 14.2416 28.2416L20.0002 22.4775L25.7643 28.2361C26.4479 28.9197 27.558 28.9197 28.2416 28.2361C28.9252 27.5525 28.9252 26.4424 28.2416 25.7588L22.4775 20.0002L28.2361 14.2361Z\" fill=\"black\"\/>\r\n    <\/svg>\r\n\r\n    <div class=\"speaker-container\">\r\n                    <div class=\"speaker-img\">\r\n                <img src=\"\" onerror=\"this.src='https:\/\/congresofanpse.org\/2024\/wp-content\/plugins\/bipeek\/speaker-fallback.jpg';this.onerror='';\">\r\n                <div class=\"gradient\"><\/div>\r\n            <\/div>\r\n                <div class=\"speaker-info\">\r\n            <div class=\"speaker-name\">\r\n                Carmen S\u00e1ez            <\/div>\r\n            <div class=\"speaker-job body-1\">\r\n                                                                                        Profesora Titular del Departamento de Psicobiolog\u00eda de la Universidad de Granada. Granada, Espa\u00f1a                                                    Facultad de Psicolog\u00eda. Universidad de Granada. Granada, Espa\u00f1a                            <\/div>\r\n                            <div class=\"spacer\"><\/div>\r\n                <div class=\"speaker-cv body-2\">\r\n                                    <\/div>\r\n                                <\/div>\r\n        <div class=\"speaker-talks\">\r\n                                                                                                                                                                                                                                                                                                                                                                                                                                                                                                                                                                                                                                                                                                                                                                                                                                                                                                                                                                                                                                                                                                                                                                                                                                                                                                                            <div class=\"speaker-session hasSession\" session_id=\"6928\">\r\n                                                            <h5>Comunicaciones orales VI<\/h5>\r\n                                                        <div class=\"speaker-talk\">\r\n                                <div class=\"hour-date-room-container\">\r\n                                    <div class=\"body-2 medium\">9 mar<\/div>\r\n                                    <div class=\"body-2 medium\">Sala Machado<\/div>\r\n                                    <div class=\"body-2 medium\">9:00 - 10:30<\/div>\r\n                                                                                                                                                                        <div class=\"body-2 medium modera\">Modera<\/div>\r\n                                                                                                                                                        <\/div>\r\n                            <\/div>\r\n                                                    <\/div>\r\n                                                                                                                                                                                                                                                                                                                                    <div class=\"speaker-session hasSession\" session_id=\"6560\">\r\n                                                            <h5>Mesa 7. Homenaje al legado cient\u00edfico y humano de Marisa Arnedo Montoro y M\u00f3nica Trivi\u00f1o Mosquera<\/h5>\r\n                                                        <div class=\"speaker-talk\">\r\n                                <div class=\"hour-date-room-container\">\r\n                                    <div class=\"body-2 medium\">9 mar<\/div>\r\n                                    <div class=\"body-2 medium\">Sala Alb\u00e9niz-Machuca<\/div>\r\n                                    <div class=\"body-2 medium\">12:00 - 13:15<\/div>\r\n                                                                                                                                                                        <div class=\"body-2 medium modera\">Modera<\/div>\r\n                                                                                                                                                        <\/div>\r\n                            <\/div>\r\n                                                    <\/div>\r\n                                                                                                                                                                                                                                <\/div>\r\n    <\/div>\r\n<\/div><div class=\"speaker-side\" speaker_id=\"102745\">\r\n    <svg class=\"close\" width=\"40\" height=\"40\" viewBox=\"0 0 40 40\" fill=\"none\" xmlns=\"http:\/\/www.w3.org\/2000\/svg\">\r\n        <path d=\"M0 20C0 8.95431 8.95431 0 20 0C31.0457 0 40 8.95431 40 20C40 31.0457 31.0457 40 20 40C8.95431 40 0 31.0457 0 20Z\" fill=\"white\"\/>\r\n        <path d=\"M28.2361 14.2361C28.9197 13.5525 28.9197 12.4424 28.2361 11.7588C27.5525 11.0752 26.4424 11.0752 25.7588 11.7588L20.0002 17.5229L14.2361 11.7643C13.5525 11.0807 12.4424 11.0807 11.7588 11.7643C11.0752 12.4479 11.0752 13.558 11.7588 14.2416L17.5229 20.0002L11.7643 25.7643C11.0807 26.4479 11.0807 27.558 11.7643 28.2416C12.4479 28.9252 13.558 28.9252 14.2416 28.2416L20.0002 22.4775L25.7643 28.2361C26.4479 28.9197 27.558 28.9197 28.2416 28.2361C28.9252 27.5525 28.9252 26.4424 28.2416 25.7588L22.4775 20.0002L28.2361 14.2361Z\" fill=\"black\"\/>\r\n    <\/svg>\r\n\r\n    <div class=\"speaker-container\">\r\n                    <div class=\"speaker-img\">\r\n                <img src=\"\" onerror=\"this.src='https:\/\/congresofanpse.org\/2024\/wp-content\/plugins\/bipeek\/speaker-fallback.jpg';this.onerror='';\">\r\n                <div class=\"gradient\"><\/div>\r\n            <\/div>\r\n                <div class=\"speaker-info\">\r\n            <div class=\"speaker-name\">\r\n                Juan Olmo Osa            <\/div>\r\n            <div class=\"speaker-job body-1\">\r\n                                                                                        Hospital Universitario \u00c1raba (Santiago Ap\u00f3stol). Presidente de FANPSE. Vitoria-Gasteiz, Espa\u00f1a                                                    HUA Santiago (Vitoria-Gasteiz)                            <\/div>\r\n                            <div class=\"spacer\"><\/div>\r\n                <div class=\"speaker-cv body-2\">\r\n                                    <\/div>\r\n                                <\/div>\r\n        <div class=\"speaker-talks\">\r\n                                                                                                                                                                                                                    <div class=\"speaker-session hasSession\" session_id=\"6601\">\r\n                                                            <h5>Acto Inaugural<\/h5>\r\n                                                        <div class=\"speaker-talk\">\r\n                                <div class=\"hour-date-room-container\">\r\n                                    <div class=\"body-2 medium\">8 mar<\/div>\r\n                                    <div class=\"body-2 medium\">Sala Alb\u00e9niz-Machuca<\/div>\r\n                                    <div class=\"body-2 medium\">9:00 - 9:30<\/div>\r\n                                                                    <\/div>\r\n                            <\/div>\r\n                                                            <h6>Interviene en:<\/h6>\r\n                                                                                                                                                                                                                                                                                                                <div class=\"speaker-talk\" style=\"margin-left: 1rem;\">\r\n                                                <div class=\"talk-title body-1\">\r\n                                                    Acto Inaugural                                                <\/div>\r\n                                            <\/div>\r\n                                                                                                                                                                                                                                                                                                                        <\/div>\r\n                                                                                                                                                                                                                                                                                                                                                                                                                                                                                                                                                                                                                                                                                                                                                                                                                                                                                                                                                                                                                                    <div class=\"speaker-session hasSession\" session_id=\"6931\">\r\n                                                            <h5>Comunicaciones orales IX<\/h5>\r\n                                                        <div class=\"speaker-talk\">\r\n                                <div class=\"hour-date-room-container\">\r\n                                    <div class=\"body-2 medium\">9 mar<\/div>\r\n                                    <div class=\"body-2 medium\">Sala Seminario 6+7<\/div>\r\n                                    <div class=\"body-2 medium\">9:00 - 10:30<\/div>\r\n                                                                                                                                                                        <div class=\"body-2 medium modera\">Modera<\/div>\r\n                                                                                                                                                        <\/div>\r\n                            <\/div>\r\n                                                    <\/div>\r\n                                                                                                                                                                                                                                                                                                                                                                                                                                                                                                                                                                                                                            <div class=\"speaker-session hasSession\" session_id=\"6611\">\r\n                                                            <h5>Acto de clausura y Entrega de Premios<\/h5>\r\n                                                        <div class=\"speaker-talk\">\r\n                                <div class=\"hour-date-room-container\">\r\n                                    <div class=\"body-2 medium\">9 mar<\/div>\r\n                                    <div class=\"body-2 medium\">Sala Alb\u00e9niz-Machuca<\/div>\r\n                                    <div class=\"body-2 medium\">14:15 - 14:30<\/div>\r\n                                                                    <\/div>\r\n                            <\/div>\r\n                                                            <h6>Interviene en:<\/h6>\r\n                                                                                                                                                        <div class=\"speaker-talk\" style=\"margin-left: 1rem;\">\r\n                                                <div class=\"talk-title body-1\">\r\n                                                    Acto de clausura y Entrega de Premios                                                <\/div>\r\n                                            <\/div>\r\n                                                                                                                                                                                                                                            <\/div>\r\n                                                        <\/div>\r\n    <\/div>\r\n<\/div><div class=\"speaker-side\" speaker_id=\"114317\">\r\n    <svg class=\"close\" width=\"40\" height=\"40\" viewBox=\"0 0 40 40\" fill=\"none\" xmlns=\"http:\/\/www.w3.org\/2000\/svg\">\r\n        <path d=\"M0 20C0 8.95431 8.95431 0 20 0C31.0457 0 40 8.95431 40 20C40 31.0457 31.0457 40 20 40C8.95431 40 0 31.0457 0 20Z\" fill=\"white\"\/>\r\n        <path d=\"M28.2361 14.2361C28.9197 13.5525 28.9197 12.4424 28.2361 11.7588C27.5525 11.0752 26.4424 11.0752 25.7588 11.7588L20.0002 17.5229L14.2361 11.7643C13.5525 11.0807 12.4424 11.0807 11.7588 11.7643C11.0752 12.4479 11.0752 13.558 11.7588 14.2416L17.5229 20.0002L11.7643 25.7643C11.0807 26.4479 11.0807 27.558 11.7643 28.2416C12.4479 28.9252 13.558 28.9252 14.2416 28.2416L20.0002 22.4775L25.7643 28.2361C26.4479 28.9197 27.558 28.9197 28.2416 28.2361C28.9252 27.5525 28.9252 26.4424 28.2416 25.7588L22.4775 20.0002L28.2361 14.2361Z\" fill=\"black\"\/>\r\n    <\/svg>\r\n\r\n    <div class=\"speaker-container\">\r\n                    <div class=\"speaker-img\">\r\n                <img src=\"\" onerror=\"this.src='https:\/\/congresofanpse.org\/2024\/wp-content\/plugins\/bipeek\/speaker-fallback.jpg';this.onerror='';\">\r\n                <div class=\"gradient\"><\/div>\r\n            <\/div>\r\n                <div class=\"speaker-info\">\r\n            <div class=\"speaker-name\">\r\n                Myrtha O'Valle            <\/div>\r\n            <div class=\"speaker-job body-1\">\r\n                                                                                        Doctora en Psicolog\u00eda por la Universidad de Sevilla Neuropsic\u00f3loga acreditada. Directora en Irenea Sevilla Presidenta del Comit\u00e9 Organizador del Congreso                                                    Irenea. Instituto de Rehabilitaci\u00f3n Neurol\u00f3gica.                            <\/div>\r\n                            <div class=\"spacer\"><\/div>\r\n                <div class=\"speaker-cv body-2\">\r\n                                    <\/div>\r\n                                <\/div>\r\n        <div class=\"speaker-talks\">\r\n                                                                                                                                                                                                                    <div class=\"speaker-session hasSession\" session_id=\"6601\">\r\n                                                            <h5>Acto Inaugural<\/h5>\r\n                                                        <div class=\"speaker-talk\">\r\n                                <div class=\"hour-date-room-container\">\r\n                                    <div class=\"body-2 medium\">8 mar<\/div>\r\n                                    <div class=\"body-2 medium\">Sala Alb\u00e9niz-Machuca<\/div>\r\n                                    <div class=\"body-2 medium\">9:00 - 9:30<\/div>\r\n                                                                    <\/div>\r\n                            <\/div>\r\n                                                            <h6>Interviene en:<\/h6>\r\n                                                                                                                                                                                                                                                                                                                                                                                            <div class=\"speaker-talk\" style=\"margin-left: 1rem;\">\r\n                                                <div class=\"talk-title body-1\">\r\n                                                    Acto Inaugural                                                <\/div>\r\n                                            <\/div>\r\n                                                                                                                                                                                                                                            <\/div>\r\n                                                                                                                                                                                                                                                                                                                                                                                                                                                                                                                                                                                                                                                                                                                                                                                                                                                                                                                                                                                                                                                                                                                                                                                                                                                                                                                                                                                                                                                                                                                                                            <div class=\"speaker-session hasSession\" session_id=\"6347\">\r\n                                                            <h5>Conferencia de Clausura. Expandiendo las fronteras de la Neuropsicolog\u00eda Cl\u00ednica: el proyecto BELIEVE<\/h5>\r\n                                                        <div class=\"speaker-talk\">\r\n                                <div class=\"hour-date-room-container\">\r\n                                    <div class=\"body-2 medium\">9 mar<\/div>\r\n                                    <div class=\"body-2 medium\">Sala Alb\u00e9niz-Machuca<\/div>\r\n                                    <div class=\"body-2 medium\">13:15 - 14:15<\/div>\r\n                                                                                                                                                                        <div class=\"body-2 medium modera\">Modera<\/div>\r\n                                                                                                                                                        <\/div>\r\n                            <\/div>\r\n                                                    <\/div>\r\n                                                                                                    <div class=\"speaker-session hasSession\" session_id=\"6611\">\r\n                                                            <h5>Acto de clausura y Entrega de Premios<\/h5>\r\n                                                        <div class=\"speaker-talk\">\r\n                                <div class=\"hour-date-room-container\">\r\n                                    <div class=\"body-2 medium\">9 mar<\/div>\r\n                                    <div class=\"body-2 medium\">Sala Alb\u00e9niz-Machuca<\/div>\r\n                                    <div class=\"body-2 medium\">14:15 - 14:30<\/div>\r\n                                                                    <\/div>\r\n                            <\/div>\r\n                                                            <h6>Interviene en:<\/h6>\r\n                                                                                                                                                                                                                                    <div class=\"speaker-talk\" style=\"margin-left: 1rem;\">\r\n                                                <div class=\"talk-title body-1\">\r\n                                                    Acto de clausura y Entrega de Premios                                                <\/div>\r\n                                            <\/div>\r\n                                                                                                                                                                <\/div>\r\n                                                        <\/div>\r\n    <\/div>\r\n<\/div>\r\n<div class=\"filters-side\" program_id=\"schedule-calendar-day-block209808485\">\r\n    <svg class=\"close\" width=\"40\" height=\"40\" viewBox=\"0 0 40 40\" fill=\"none\" xmlns=\"http:\/\/www.w3.org\/2000\/svg\">\r\n        <path d=\"M0 20C0 8.95431 8.95431 0 20 0C31.0457 0 40 8.95431 40 20C40 31.0457 31.0457 40 20 40C8.95431 40 0 31.0457 0 20Z\" fill=\"white\"\/>\r\n        <path d=\"M28.2361 14.2361C28.9197 13.5525 28.9197 12.4424 28.2361 11.7588C27.5525 11.0752 26.4424 11.0752 25.7588 11.7588L20.0002 17.5229L14.2361 11.7643C13.5525 11.0807 12.4424 11.0807 11.7588 11.7643C11.0752 12.4479 11.0752 13.558 11.7588 14.2416L17.5229 20.0002L11.7643 25.7643C11.0807 26.4479 11.0807 27.558 11.7643 28.2416C12.4479 28.9252 13.558 28.9252 14.2416 28.2416L20.0002 22.4775L25.7643 28.2361C26.4479 28.9197 27.558 28.9197 28.2416 28.2361C28.9252 27.5525 28.9252 26.4424 28.2416 25.7588L22.4775 20.0002L28.2361 14.2361Z\" fill=\"black\"\/>\r\n    <\/svg>\r\n\r\n    <div class=\"heading-3\">FILTRAR AGENDA<\/div>\r\n    <div class=\"actions\">\r\n        <button class=\"btn btn-filled apply-filters\">Aplicar filtros<\/button>\r\n\r\n        <div class=\"reset-filters reset body-1\">\r\n            Resetear filtros        <\/div>\r\n    <\/div>\r\n\r\n    \r\n            <div class=\"filter-group\" id=\"area_filter\">\r\n            <div class=\"heading-4\">\r\n                \u00c1reas tem\u00e1ticas            <\/div>\r\n            <div class=\"checkboxes\">\r\n                                                                                                                                    <div class=\"area\">\r\n                            <div class=\"form-field\">\r\n                                                                <div class=\"checkbox-container\">\r\n                                    <input checked value=\"1011\" type=\"checkbox\" id='checkbox-4b250be0d95b0ad1c907' name=\"area_filter[]\" \/>\r\n                                    <label for=\"checkbox-4b250be0d95b0ad1c907\">\r\n                                        <i class=\"fa-regular fa-square-check\"><\/i>\r\n                                        <span>Simposios\/Mesas<\/span>\r\n                                    <\/label>\r\n                                <\/div>\r\n                            <\/div>\r\n                            \r\n                                                    <\/div>\r\n                                                                                    <\/div>\r\n        <\/div>\r\n    <\/div>        <script>\r\n        var calendars = [];\r\n        document.addEventListener('DOMContentLoaded', function() {\r\n                                            var calendarEl = document.getElementById('scheduleschedule-calendar-day-block2098084852024-03-07');\r\n                var properties = {\r\n                    initialView: 'resourceTimeGrid',\r\n                    headerToolbar: false,\r\n                    allDaySlot: false,\r\n                    resources: [{\"id\":1041,\"title\":\"Sala Seminario 1\"},{\"id\":1042,\"title\":\"Sala Seminario 2\"}],\r\n                    stickyHeaderDates: false,\r\n                    events: [\r\n                                                                                                                                                        {\r\n                                        resourceId: '1041',\r\n                                        title: 'TALLER 1. C\u00f3mo utilizar el recurso online \u201cHelp is in Your Hands\u201d para trabajar con familias en la estimulaci\u00f3n temprana de ni\u00f1os\/as diagnosticados de TEA\/autismo',\r\n                                        start: '2026-04-26T16:00:00',\r\n                                        end: '2026-04-26T19:00:00',\r\n                                        className: [\r\n                                            \"color-1\", \r\n                                            \"session-6617\",\r\n                                            \"type-\",\r\n                                            \"area-\",\r\n\t\t\t\t\t                        \"\"\r\n                                        ]\r\n                                    },\r\n                                                                                                                                                                                                                    {\r\n                                        resourceId: '1042',\r\n                                        title: 'TALLER 2. Diagn\u00f3stico de la simulaci\u00f3n neuropsicol\u00f3gica: procedimientos y casos forenses',\r\n                                        start: '2026-04-26T16:00:00',\r\n                                        end: '2026-04-26T19:00:00',\r\n                                        className: [\r\n                                            \"color-1\", \r\n                                            \"session-6733\",\r\n                                            \"type-\",\r\n                                            \"area-\",\r\n\t\t\t\t\t                        \"\"\r\n                                        ]\r\n                                    },\r\n                                                                                                                                                                                                                                                                                                                                                                                                                                                                                                                                                                                                                                                                                                                                                                                                                                                                                                                                                                                                                                                                                                                                                                                                                                                                                                                                                                                                                                                                                                                                                                                                                        ],\r\n                    eventTimeFormat: {\r\n                        hour: '2-digit',\r\n                        minute: '2-digit',\r\n                    },\r\n                    slotLabelFormat: {\r\n                        hour: '2-digit',\r\n                        minute: '2-digit',\r\n                    },\r\n                    slotMinTime: '16:00:00',\r\n                    slotMaxTime: '19:59:00',\r\n                    height: 536,\r\n                    nowIndicator: false,\r\n                    expandRows: true,\r\n                    slotDuration: '01:00:00',\r\n                };\r\n            \r\n                properties.locale = 'es';\r\n            \r\n                var calendar = new FullCalendar.Calendar(calendarEl, properties);\r\n                calendar.render();\r\n                calendars.push(calendar);\r\n                var stopEvents = document.querySelectorAll(\"#scheduleschedule-calendar-day-block2098084852024-03-07 .stop\");\r\n                stopEvents.forEach(element => {\r\n                    element.style.width = \"calc(200% - 12px)\";\r\n                });\r\n                                            var calendarEl = document.getElementById('scheduleschedule-calendar-day-block2098084852024-03-08');\r\n                var properties = {\r\n                    initialView: 'resourceTimeGrid',\r\n                    headerToolbar: false,\r\n                    allDaySlot: false,\r\n                    resources: [{\"id\":935,\"title\":\"Sala Alb\\u00e9niz-Machuca\"},{\"id\":936,\"title\":\"Sala Machado\"},{\"id\":966,\"title\":\"Sala Seminario 1+2\"},{\"id\":1009,\"title\":\"Sala Seminario 3+4\"}],\r\n                    stickyHeaderDates: false,\r\n                    events: [\r\n                                                                                                                                                                                                                                                                {\r\n                                        resourceId: '935',\r\n                                        title: 'Acto Inaugural',\r\n                                        start: '2026-04-26T09:00:00',\r\n                                        end: '2026-04-26T09:30:00',\r\n                                        className: [\r\n                                            \"color-1\", \r\n                                            \"session-6601\",\r\n                                            \"type-\",\r\n                                            \"area-\",\r\n\t\t\t\t\t                        \"\"\r\n                                        ]\r\n                                    },\r\n                                                                                                                                                                                                                    {\r\n                                        resourceId: '935',\r\n                                        title: 'Conferencia Inaugural. Retrograde amnesia in Alzheimer dementia: the temporal gradient and the reminiscence bump',\r\n                                        start: '2026-04-26T09:30:00',\r\n                                        end: '2026-04-26T10:30:00',\r\n                                        className: [\r\n                                            \"color-4\", \r\n                                            \"session-6346\",\r\n                                            \"type-\",\r\n                                            \"area-1011\",\r\n\t\t\t\t\t                        \"\"\r\n                                        ]\r\n                                    },\r\n                                                                                                                                                                                                                    {\r\n                                        resourceId: '935',\r\n                                        title: 'Mesa 1. Envejecimiento normal, reserva cognitiva y mecanismos de compensaci\u00f3n',\r\n                                        start: '2026-04-26T10:30:00',\r\n                                        end: '2026-04-26T11:45:00',\r\n                                        className: [\r\n                                            \"color-1\", \r\n                                            \"session-6561\",\r\n                                            \"type-\",\r\n                                            \"area-\",\r\n\t\t\t\t\t                        \"\"\r\n                                        ]\r\n                                    },\r\n                                                                                                                                                                                                                    {\r\n                                        resourceId: '936',\r\n                                        title: 'Mesa 2. Nuevas soluciones digitales en intervenci\u00f3n neuropsicol\u00f3gica: tres experiencias de investigaci\u00f3n aplicada',\r\n                                        start: '2026-04-26T10:30:00',\r\n                                        end: '2026-04-26T11:45:00',\r\n                                        className: [\r\n                                            \"color-1\", \r\n                                            \"session-6613\",\r\n                                            \"type-\",\r\n                                            \"area-\",\r\n\t\t\t\t\t                        \"\"\r\n                                        ]\r\n                                    },\r\n                                                                                                                                                                                                                    {\r\n                                        resourceId: '935',\r\n                                        title: 'Pausa caf\u00e9',\r\n                                        start: '2026-04-26T11:45:00',\r\n                                        end: '2026-04-26T12:30:00',\r\n                                        className: [\r\n                                            \"stop\",\r\n                                            \"color-1\", \r\n                                            \"session-6602\",\r\n                                            \"type-\",\r\n                                            \"area-\",\r\n\t\t\t\t\t\t\t\t\t\t\t\"\"\r\n                                        ]\r\n                                    },\r\n                                                                                                                                                                                                                    {\r\n                                        resourceId: '935',\r\n                                        title: 'Mesa 3. Perspectivas actuales del neurodesarrollo',\r\n                                        start: '2026-04-26T12:30:00',\r\n                                        end: '2026-04-26T13:45:00',\r\n                                        className: [\r\n                                            \"color-1\", \r\n                                            \"session-6562\",\r\n                                            \"type-\",\r\n                                            \"area-\",\r\n\t\t\t\t\t                        \"\"\r\n                                        ]\r\n                                    },\r\n                                                                                                                                                                                                                    {\r\n                                        resourceId: '936',\r\n                                        title: 'Mesa 4. Nuevas actualizaciones en los efectos neuropsicol\u00f3gicos de la COVID-19: aportaciones desde el proyecto NAUTILUS',\r\n                                        start: '2026-04-26T12:30:00',\r\n                                        end: '2026-04-26T13:45:00',\r\n                                        className: [\r\n                                            \"color-1\", \r\n                                            \"session-6612\",\r\n                                            \"type-\",\r\n                                            \"area-\",\r\n\t\t\t\t\t                        \"\"\r\n                                        ]\r\n                                    },\r\n                                                                                                                                                                                                                    {\r\n                                        resourceId: '935',\r\n                                        title: 'PAUSA',\r\n                                        start: '2026-04-26T13:45:00',\r\n                                        end: '2026-04-26T15:30:00',\r\n                                        className: [\r\n                                            \"stop\",\r\n                                            \"color-1\", \r\n                                            \"session-6603\",\r\n                                            \"type-\",\r\n                                            \"area-\",\r\n\t\t\t\t\t\t\t\t\t\t\t\"\"\r\n                                        ]\r\n                                    },\r\n                                                                                                                                                                                                                    {\r\n                                        resourceId: '935',\r\n                                        title: 'Comunicaciones orales I',\r\n                                        start: '2026-04-26T15:30:00',\r\n                                        end: '2026-04-26T16:45:00',\r\n                                        className: [\r\n                                            \"color-1\", \r\n                                            \"session-6604\",\r\n                                            \"type-\",\r\n                                            \"area-\",\r\n\t\t\t\t\t                        \"\"\r\n                                        ]\r\n                                    },\r\n                                                                                                                                                                                                                    {\r\n                                        resourceId: '936',\r\n                                        title: 'Comunicaciones orales II',\r\n                                        start: '2026-04-26T15:30:00',\r\n                                        end: '2026-04-26T16:45:00',\r\n                                        className: [\r\n                                            \"color-1\", \r\n                                            \"session-6605\",\r\n                                            \"type-\",\r\n                                            \"area-\",\r\n\t\t\t\t\t                        \"\"\r\n                                        ]\r\n                                    },\r\n                                                                                                                                                                                                                    {\r\n                                        resourceId: '966',\r\n                                        title: 'Comunicaciones orales III',\r\n                                        start: '2026-04-26T15:30:00',\r\n                                        end: '2026-04-26T16:45:00',\r\n                                        className: [\r\n                                            \"color-1\", \r\n                                            \"session-6608\",\r\n                                            \"type-\",\r\n                                            \"area-\",\r\n\t\t\t\t\t                        \"\"\r\n                                        ]\r\n                                    },\r\n                                                                                                                                                                                                                    {\r\n                                        resourceId: '1009',\r\n                                        title: 'Comunicaciones orales IV',\r\n                                        start: '2026-04-26T15:30:00',\r\n                                        end: '2026-04-26T16:45:00',\r\n                                        className: [\r\n                                            \"color-1\", \r\n                                            \"session-6609\",\r\n                                            \"type-\",\r\n                                            \"area-\",\r\n\t\t\t\t\t                        \"\"\r\n                                        ]\r\n                                    },\r\n                                                                                                                                                                                                                    {\r\n                                        resourceId: '935',\r\n                                        title: 'Conferencia plenaria. Neuroanatom\u00eda de los Circuitos Cerebrales asociados al Lenguaje: Abordaje desde la Neuroimagen. Nikos Makris',\r\n                                        start: '2026-04-26T16:45:00',\r\n                                        end: '2026-04-26T17:45:00',\r\n                                        className: [\r\n                                            \"color-1\", \r\n                                            \"session-6348\",\r\n                                            \"type-\",\r\n                                            \"area-\",\r\n\t\t\t\t\t                        \"\"\r\n                                        ]\r\n                                    },\r\n                                                                                                                                                                                                                    {\r\n                                        resourceId: '935',\r\n                                        title: 'Pausa caf\u00e9',\r\n                                        start: '2026-04-26T17:45:00',\r\n                                        end: '2026-04-26T18:15:00',\r\n                                        className: [\r\n                                            \"stop\",\r\n                                            \"color-1\", \r\n                                            \"session-6606\",\r\n                                            \"type-\",\r\n                                            \"area-\",\r\n\t\t\t\t\t\t\t\t\t\t\t\"\"\r\n                                        ]\r\n                                    },\r\n                                                                                                                                                                                                                    {\r\n                                        resourceId: '935',\r\n                                        title: 'Mesa 5. Diagn\u00f3stico y Tratamiento de la alteraci\u00f3n de los procesos ling\u00fc\u00edsticos',\r\n                                        start: '2026-04-26T18:15:00',\r\n                                        end: '2026-04-26T19:30:00',\r\n                                        className: [\r\n                                            \"color-1\", \r\n                                            \"session-6559\",\r\n                                            \"type-\",\r\n                                            \"area-\",\r\n\t\t\t\t\t                        \"\"\r\n                                        ]\r\n                                    },\r\n                                                                                                                                                                                                                    {\r\n                                        resourceId: '936',\r\n                                        title: 'Mesa 6. Estudio de las alteraciones del sue\u00f1o en los trastornos del neurodesarrollo m\u00e1s prevalentes en edad infantojuvenil',\r\n                                        start: '2026-04-26T18:15:00',\r\n                                        end: '2026-04-26T19:30:00',\r\n                                        className: [\r\n                                            \"color-1\", \r\n                                            \"session-6615\",\r\n                                            \"type-\",\r\n                                            \"area-\",\r\n\t\t\t\t\t                        \"\"\r\n                                        ]\r\n                                    },\r\n                                                                                                                                                                                                                    {\r\n                                        resourceId: '935',\r\n                                        title: 'Asamblea General de FANPSE',\r\n                                        start: '2026-04-26T19:30:00',\r\n                                        end: '2026-04-26T20:30:00',\r\n                                        className: [\r\n                                            \"color-1\", \r\n                                            \"session-6607\",\r\n                                            \"type-\",\r\n                                            \"area-\",\r\n\t\t\t\t\t                        \"\"\r\n                                        ]\r\n                                    },\r\n                                                                                                                                                                                                                                                                                                                                                                                                                                                                                                                                                                                                                                                                                                    ],\r\n                    eventTimeFormat: {\r\n                        hour: '2-digit',\r\n                        minute: '2-digit',\r\n                    },\r\n                    slotLabelFormat: {\r\n                        hour: '2-digit',\r\n                        minute: '2-digit',\r\n                    },\r\n                    slotMinTime: '09:00:00',\r\n                    slotMaxTime: '20:59:00',\r\n                    height: 1608,\r\n                    nowIndicator: false,\r\n                    expandRows: true,\r\n                    slotDuration: '01:00:00',\r\n                };\r\n            \r\n                properties.locale = 'es';\r\n            \r\n                var calendar = new FullCalendar.Calendar(calendarEl, properties);\r\n                calendar.render();\r\n                calendars.push(calendar);\r\n                var stopEvents = document.querySelectorAll(\"#scheduleschedule-calendar-day-block2098084852024-03-08 .stop\");\r\n                stopEvents.forEach(element => {\r\n                    element.style.width = \"calc(400% - 12px)\";\r\n                });\r\n                                            var calendarEl = document.getElementById('scheduleschedule-calendar-day-block2098084852024-03-09');\r\n                var properties = {\r\n                    initialView: 'resourceTimeGrid',\r\n                    headerToolbar: false,\r\n                    allDaySlot: false,\r\n                    resources: [{\"id\":1008,\"title\":\"Sala Seminario 6+7\"},{\"id\":935,\"title\":\"Sala Alb\\u00e9niz-Machuca\"},{\"id\":936,\"title\":\"Sala Machado\"},{\"id\":966,\"title\":\"Sala Seminario 1+2\"},{\"id\":1009,\"title\":\"Sala Seminario 3+4\"}],\r\n                    stickyHeaderDates: false,\r\n                    events: [\r\n                                                                                                                                                                                                                                                                                                                                                                                                                                                                                                                                                                                                                                                                                                                                                                                                                                                                                                                                                                                                                                                                                                                                                                                    {\r\n                                        resourceId: '1008',\r\n                                        title: 'Comunicaciones orales IX',\r\n                                        start: '2026-04-26T09:00:00',\r\n                                        end: '2026-04-26T10:30:00',\r\n                                        className: [\r\n                                            \"color-1\", \r\n                                            \"session-6931\",\r\n                                            \"type-\",\r\n                                            \"area-\",\r\n\t\t\t\t\t                        \"\"\r\n                                        ]\r\n                                    },\r\n                                                                                                                                                                                                                    {\r\n                                        resourceId: '935',\r\n                                        title: 'Comunicaciones orales V',\r\n                                        start: '2026-04-26T09:00:00',\r\n                                        end: '2026-04-26T10:30:00',\r\n                                        className: [\r\n                                            \"color-1\", \r\n                                            \"session-6927\",\r\n                                            \"type-\",\r\n                                            \"area-\",\r\n\t\t\t\t\t                        \"\"\r\n                                        ]\r\n                                    },\r\n                                                                                                                                                                                                                    {\r\n                                        resourceId: '936',\r\n                                        title: 'Comunicaciones orales VI',\r\n                                        start: '2026-04-26T09:00:00',\r\n                                        end: '2026-04-26T10:30:00',\r\n                                        className: [\r\n                                            \"color-1\", \r\n                                            \"session-6928\",\r\n                                            \"type-\",\r\n                                            \"area-\",\r\n\t\t\t\t\t                        \"\"\r\n                                        ]\r\n                                    },\r\n                                                                                                                                                                                                                    {\r\n                                        resourceId: '966',\r\n                                        title: 'Comunicaciones orales VII',\r\n                                        start: '2026-04-26T09:00:00',\r\n                                        end: '2026-04-26T10:30:00',\r\n                                        className: [\r\n                                            \"color-1\", \r\n                                            \"session-6929\",\r\n                                            \"type-\",\r\n                                            \"area-\",\r\n\t\t\t\t\t                        \"\"\r\n                                        ]\r\n                                    },\r\n                                                                                                                                                                                                                    {\r\n                                        resourceId: '1009',\r\n                                        title: 'Comunicaciones orales VIII',\r\n                                        start: '2026-04-26T09:00:00',\r\n                                        end: '2026-04-26T10:30:00',\r\n                                        className: [\r\n                                            \"color-1\", \r\n                                            \"session-6930\",\r\n                                            \"type-\",\r\n                                            \"area-\",\r\n\t\t\t\t\t                        \"\"\r\n                                        ]\r\n                                    },\r\n                                                                                                                                                                                                                    {\r\n                                        resourceId: '935',\r\n                                        title: 'Conferencia patrocinada por NeuronUP: Conectividad cerebral, ciencia de datos y Neuropsicolog\u00eda',\r\n                                        start: '2026-04-26T10:30:00',\r\n                                        end: '2026-04-26T11:30:00',\r\n                                        className: [\r\n                                            \"color-1\", \r\n                                            \"session-6857\",\r\n                                            \"type-\",\r\n                                            \"area-\",\r\n\t\t\t\t\t                        \"\"\r\n                                        ]\r\n                                    },\r\n                                                                                                                                                                                                                    {\r\n                                        resourceId: '935',\r\n                                        title: 'Pausa caf\u00e9',\r\n                                        start: '2026-04-26T11:30:00',\r\n                                        end: '2026-04-26T12:00:00',\r\n                                        className: [\r\n                                            \"stop\",\r\n                                            \"color-1\", \r\n                                            \"session-6610\",\r\n                                            \"type-\",\r\n                                            \"area-\",\r\n\t\t\t\t\t\t\t\t\t\t\t\"\"\r\n                                        ]\r\n                                    },\r\n                                                                                                                                                                                                                    {\r\n                                        resourceId: '935',\r\n                                        title: 'Mesa 7. Homenaje al legado cient\u00edfico y humano de Marisa Arnedo Montoro y M\u00f3nica Trivi\u00f1o Mosquera',\r\n                                        start: '2026-04-26T12:00:00',\r\n                                        end: '2026-04-26T13:15:00',\r\n                                        className: [\r\n                                            \"color-1\", \r\n                                            \"session-6560\",\r\n                                            \"type-\",\r\n                                            \"area-\",\r\n\t\t\t\t\t                        \"\"\r\n                                        ]\r\n                                    },\r\n                                                                                                                                                                                                                    {\r\n                                        resourceId: '936',\r\n                                        title: 'Mesa 8. Detecci\u00f3n precoz y diagn\u00f3stico neuropsicol\u00f3gico de la Enfermedad de Alzheimer: desde la atenci\u00f3n primaria a los contextos especializados',\r\n                                        start: '2026-04-26T12:00:00',\r\n                                        end: '2026-04-26T13:15:00',\r\n                                        className: [\r\n                                            \"color-1\", \r\n                                            \"session-6614\",\r\n                                            \"type-\",\r\n                                            \"area-\",\r\n\t\t\t\t\t                        \"\"\r\n                                        ]\r\n                                    },\r\n                                                                                                                                                                                                                    {\r\n                                        resourceId: '935',\r\n                                        title: 'Conferencia de Clausura. Expandiendo las fronteras de la Neuropsicolog\u00eda Cl\u00ednica: el proyecto BELIEVE',\r\n                                        start: '2026-04-26T13:15:00',\r\n                                        end: '2026-04-26T14:15:00',\r\n                                        className: [\r\n                                            \"color-1\", \r\n                                            \"session-6347\",\r\n                                            \"type-\",\r\n                                            \"area-\",\r\n\t\t\t\t\t                        \"\"\r\n                                        ]\r\n                                    },\r\n                                                                                                                                                                                                                    {\r\n                                        resourceId: '935',\r\n                                        title: 'Acto de clausura y Entrega de Premios',\r\n                                        start: '2026-04-26T14:15:00',\r\n                                        end: '2026-04-26T14:30:00',\r\n                                        className: [\r\n                                            \"color-1\", \r\n                                            \"session-6611\",\r\n                                            \"type-\",\r\n                                            \"area-\",\r\n\t\t\t\t\t                        \"tiny-event\"\r\n                                        ]\r\n                                    },\r\n                                                                                                        ],\r\n                    eventTimeFormat: {\r\n                        hour: '2-digit',\r\n                        minute: '2-digit',\r\n                    },\r\n                    slotLabelFormat: {\r\n                        hour: '2-digit',\r\n                        minute: '2-digit',\r\n                    },\r\n                    slotMinTime: '09:00:00',\r\n                    slotMaxTime: '14:59:00',\r\n                    height: 804,\r\n                    nowIndicator: false,\r\n                    expandRows: true,\r\n                    slotDuration: '01:00:00',\r\n                };\r\n            \r\n                properties.locale = 'es';\r\n            \r\n                var calendar = new FullCalendar.Calendar(calendarEl, properties);\r\n                calendar.render();\r\n                calendars.push(calendar);\r\n                var stopEvents = document.querySelectorAll(\"#scheduleschedule-calendar-day-block2098084852024-03-09 .stop\");\r\n                stopEvents.forEach(element => {\r\n                    element.style.width = \"calc(500% - 12px)\";\r\n                });\r\n                    });\r\n        \r\n        <\/script>\r\n    <\/div>\r\n<\/div>[\/vc_column_text][\/vc_column][\/vc_row]<\/p>\n","protected":false},"excerpt":{"rendered":"<p>[vc_row css=\u00bb.vc_custom_1728918092267{margin-top: 0px !important;margin-bottom: 0px !important;border-bottom-width: 0px !important;padding-top: 0px !important;padding-bottom: 30px !important;}\u00bb el_class=\u00bbprograma-web\u00bb][vc_column][vc_column_text el_class=\u00bbtitle-inscripcion\u00bb][\/vc_column_text][\/vc_column][\/vc_row]<\/p>\n","protected":false},"author":3,"featured_media":0,"parent":0,"menu_order":0,"comment_status":"closed","ping_status":"closed","template":"","meta":{"_monsterinsights_skip_tracking":false,"_monsterinsights_sitenote_active":false,"_monsterinsights_sitenote_note":"","_monsterinsights_sitenote_category":0,"footnotes":""},"aioseo_notices":[],"_links":{"self":[{"href":"https:\/\/congresofanpse.org\/2024\/wp-json\/wp\/v2\/pages\/4169"}],"collection":[{"href":"https:\/\/congresofanpse.org\/2024\/wp-json\/wp\/v2\/pages"}],"about":[{"href":"https:\/\/congresofanpse.org\/2024\/wp-json\/wp\/v2\/types\/page"}],"author":[{"embeddable":true,"href":"https:\/\/congresofanpse.org\/2024\/wp-json\/wp\/v2\/users\/3"}],"replies":[{"embeddable":true,"href":"https:\/\/congresofanpse.org\/2024\/wp-json\/wp\/v2\/comments?post=4169"}],"version-history":[{"count":15,"href":"https:\/\/congresofanpse.org\/2024\/wp-json\/wp\/v2\/pages\/4169\/revisions"}],"predecessor-version":[{"id":5327,"href":"https:\/\/congresofanpse.org\/2024\/wp-json\/wp\/v2\/pages\/4169\/revisions\/5327"}],"wp:attachment":[{"href":"https:\/\/congresofanpse.org\/2024\/wp-json\/wp\/v2\/media?parent=4169"}],"curies":[{"name":"wp","href":"https:\/\/api.w.org\/{rel}","templated":true}]}}