{"id":3996,"date":"2023-03-30T13:01:21","date_gmt":"2023-03-30T11:01:21","guid":{"rendered":"http:\/\/congresofanpse.org\/?page_id=3996"},"modified":"2023-10-04T08:37:53","modified_gmt":"2023-10-04T06:37:53","slug":"sede","status":"publish","type":"page","link":"https:\/\/congresofanpse.org\/2024\/sede\/","title":{"rendered":"La Sede"},"content":{"rendered":"<p>[vc_row el_class=\u00bbintro-sede\u00bb][vc_column width=\u00bb2\/3&#8243; el_class=\u00bbcolumna-sede\u00bb][vc_column_text]<\/p>\n<h2 style=\"color: #1e5795; padding-bottom: 0px;\"><b><span data-contrast=\"auto\">Palacio de Congresos de Granada<\/span><\/b><\/h2>\n<p style=\"padding-bottom: 10px;\"><a href=\"https:\/\/www.pcgr.org\/\" target=\"_blank\" rel=\"noopener\"><span data-contrast=\"none\">Ir a la web<\/span><\/a><\/p>\n<p><span class=\"TextRun SCXW265126084 BCX0\" lang=\"ES-ES\" xml:lang=\"ES-ES\" data-contrast=\"none\"><span class=\"NormalTextRun SCXW265126084 BCX0\" data-ccp-charstyle=\"normaltextrun\" data-ccp-charstyle-defn=\"{&quot;ObjectId&quot;:&quot;28439d59-d07f-49c9-8d82-3d09e57bdc9f|12&quot;,&quot;ClassId&quot;:1073872969,&quot;Properties&quot;:[469775450,&quot;normaltextrun&quot;,201340122,&quot;1&quot;,134233614,&quot;true&quot;,469778129,&quot;normaltextrun&quot;,335572020,&quot;1&quot;,469778324,&quot;Default Paragraph Font&quot;]}\">A 5 minutos en <\/span><span class=\"NormalTextRun SCXW265126084 BCX0\" data-ccp-charstyle=\"normaltextrun\">autob\u00fas<\/span><span class=\"NormalTextRun SCXW265126084 BCX0\" data-ccp-charstyle=\"normaltextrun\"> del centro, junto al <\/span><span class=\"NormalTextRun SCXW265126084 BCX0\" data-ccp-charstyle=\"normaltextrun\">Alc\u00e1zar del Genil y el R\u00edo del mismo nombre<\/span><span class=\"NormalTextRun SCXW265126084 BCX0\" data-ccp-charstyle=\"normaltextrun\">. F\u00e1cilmente accesible desde la autov\u00eda, es ideal para visitar La Alhambra y Sierra Nevada.<\/span><span class=\"NormalTextRun SCXW265126084 BCX0\" data-ccp-charstyle=\"scxw219086162\" data-ccp-charstyle-defn=\"{&quot;ObjectId&quot;:&quot;28439d59-d07f-49c9-8d82-3d09e57bdc9f|13&quot;,&quot;ClassId&quot;:1073872969,&quot;Properties&quot;:[469775450,&quot;scxw219086162&quot;,201340122,&quot;1&quot;,134233614,&quot;true&quot;,469778129,&quot;scxw219086162&quot;,335572020,&quot;1&quot;,469778324,&quot;Default Paragraph Font&quot;]}\">\u202f<\/span><\/span><span class=\"LineBreakBlob BlobObject DragDrop SCXW265126084 BCX0\"><span class=\"SCXW265126084 BCX0\">\u00a0<\/span><br class=\"SCXW265126084 BCX0\" \/><\/span><span class=\"TextRun SCXW265126084 BCX0\" lang=\"ES-ES\" xml:lang=\"ES-ES\" data-contrast=\"none\"><span class=\"NormalTextRun SCXW265126084 BCX0\" data-ccp-charstyle=\"scxw219086162\">\u202f<\/span><\/span><span class=\"LineBreakBlob BlobObject DragDrop SCXW265126084 BCX0\"><span class=\"SCXW265126084 BCX0\">\u00a0<\/span><br class=\"SCXW265126084 BCX0\" \/><\/span><span class=\"TextRun SCXW265126084 BCX0\" lang=\"ES-ES\" xml:lang=\"ES-ES\" data-contrast=\"none\"><span class=\"NormalTextRun SCXW265126084 BCX0\" data-ccp-charstyle=\"normaltextrun\">De estilo vanguardista, <\/span><span class=\"NormalTextRun SCXW265126084 BCX0\" data-ccp-charstyle=\"normaltextrun\">el <strong>Palacio de Congresos<\/strong> es un espacio <\/span><span class=\"NormalTextRun SCXW265126084 BCX0\" data-ccp-charstyle=\"normaltextrun\">polivalente y amplio en el que celebrar un evento puede ser \u00fanico<\/span><span class=\"NormalTextRun SCXW265126084 BCX0\" data-ccp-charstyle=\"normaltextrun\">.<\/span><span class=\"NormalTextRun SCXW265126084 BCX0\" data-ccp-charstyle=\"scxw219086162\">\u202f<\/span><\/span><span class=\"LineBreakBlob BlobObject DragDrop SCXW265126084 BCX0\"><span class=\"SCXW265126084 BCX0\">\u00a0<\/span><br class=\"SCXW265126084 BCX0\" \/><\/span><span class=\"TextRun SCXW265126084 BCX0\" lang=\"ES-ES\" xml:lang=\"ES-ES\" data-contrast=\"none\"><span class=\"NormalTextRun SCXW265126084 BCX0\" data-ccp-charstyle=\"scxw219086162\">\u202f<\/span><\/span><span class=\"LineBreakBlob BlobObject DragDrop SCXW265126084 BCX0\"><span class=\"SCXW265126084 BCX0\">\u00a0<\/span><br class=\"SCXW265126084 BCX0\" \/><\/span><span class=\"TextRun SCXW265126084 BCX0\" lang=\"ES-ES\" xml:lang=\"ES-ES\" data-contrast=\"none\"><span class=\"NormalTextRun SCXW265126084 BCX0\" data-ccp-charstyle=\"normaltextrun\">Cuenta con instalaciones de \u00faltima generaci\u00f3n, con espacios amplios y luminosos<\/span><span class=\"NormalTextRun SCXW265126084 BCX0\" data-ccp-charstyle=\"normaltextrun\">, el <strong>Palacio de Congresos<\/strong> de Grana est\u00e1 considerado como uno de los principales de Espa\u00f1a.<\/span><\/span><span class=\"EOP SCXW265126084 BCX0\" data-ccp-props=\"{&quot;201341983&quot;:0,&quot;335559739&quot;:160,&quot;335559740&quot;:259}\">\u00a0<\/span>[\/vc_column_text][\/vc_column][vc_column width=\u00bb1\/3&#8243; el_class=\u00bbimg-sede\u00bb][vc_single_image image=\u00bb5031&#8243; img_size=\u00bbfull\u00bb alignment=\u00bbright\u00bb][vc_single_image image=\u00bb5030&#8243; img_size=\u00bbfull\u00bb alignment=\u00bbright\u00bb][\/vc_column][\/vc_row][vc_row el_class=\u00bbfondo-columna servicios-cuota localizacion\u00bb][vc_column][vc_column_text el_class=\u00bbtitle-inscripcion\u00bb]<\/p>\n<h2 style=\"color: #1e5795; margin-top: 0; margin-bottom: 30px;\"><b><span data-contrast=\"auto\">LOCALIZACI\u00d3N<\/span><\/b><\/h2>\n<p>[\/vc_column_text][vc_column_text]<\/p>\n<p class=\"direccion\"><strong>Direcci\u00f3n<\/strong>: <span class=\"TextRun Highlight SCXW38878848 BCX0\" lang=\"ES-ES\" xml:lang=\"ES-ES\" data-contrast=\"none\"><span class=\"NormalTextRun SCXW38878848 BCX0\">Paseo del Viol\u00f3n, S\/N. 18006, Granada<\/span><\/span>.<\/p>\n<p><!--<strong>Metro<\/strong>: l\u00edneas 2 y 5 estaci\u00f3n Ventas (700m), l\u00ednea 7 estaci\u00f3n Parque Las Avenidas (500m).\n<strong>Autob\u00fas<\/strong>: l\u00edneas 43, 48, 53 y 74.-->[\/vc_column_text]<div class=\"evc-icon-list evc-shortcode \">\n\t<div class=\"evc-il-item  \" >\n\t<div class=\"evc-ili-inner\">\n\t\t\t<span class=\"evc-ili-icon-wrapper\" style=\"font-size: 30px;color: #1e5795\">\n\t\t<span class=\"evc-ili-icon fa fa-plane\"><\/span>\n\t<\/span>\n\t\t\t<span class=\"evc-ili-text\" >Llegar desde el aeropuerto de Granada:<\/span>\n\t\t\t<\/div>\n<\/div>\n<\/div>\n[vc_column_text]<strong>Taxi<\/strong>:\u202f<span class=\"TextRun SCXW104557351 BCX0\" lang=\"ES-ES\" xml:lang=\"ES-ES\" data-contrast=\"none\"><span class=\"NormalTextRun SCXW104557351 BCX0\" data-ccp-parastyle=\"Normal (Web)\">Desde el Aeropuerto a la Sede, fuera de hora punta (7 am a 8.30 am \u2013 17.00 a 18.30) se llega en 25 minutos. Si es en esa franja horaria puedes tardar unos 40 min.<\/span><\/span><span class=\"TextRun SCXW104557351 BCX0\" lang=\"ES-ES\" xml:lang=\"ES-ES\" data-contrast=\"none\"><span class=\"NormalTextRun SCXW104557351 BCX0\" data-ccp-parastyle=\"Normal (Web)\">\u202f<\/span><\/span><span class=\"TextRun SCXW104557351 BCX0\" lang=\"ES-ES\" xml:lang=\"ES-ES\" data-contrast=\"none\"><span class=\"NormalTextRun SCXW104557351 BCX0\" data-ccp-parastyle=\"Normal (Web)\">Precio 25-30\u20ac aprox.<\/span><\/span>.<\/p>\n<p><strong><span class=\"TextRun SCXW33841858 BCX0\" lang=\"ES-ES\" xml:lang=\"ES-ES\" data-contrast=\"none\"><span class=\"NormalTextRun SCXW33841858 BCX0\" data-ccp-charstyle=\"Strong\">Autob\u00fas ALSA \u2013 Aero-Grana<\/span><\/span><\/strong>:\u202f<span class=\"TextRun SCXW202952000 BCX0\" lang=\"ES-ES\" xml:lang=\"ES-ES\" data-contrast=\"none\"><span class=\"NormalTextRun SCXW202952000 BCX0\" data-ccp-charstyle=\"normaltextrun\" data-ccp-charstyle-defn=\"{&quot;ObjectId&quot;:&quot;28439d59-d07f-49c9-8d82-3d09e57bdc9f|12&quot;,&quot;ClassId&quot;:1073872969,&quot;Properties&quot;:[469775450,&quot;normaltextrun&quot;,201340122,&quot;1&quot;,134233614,&quot;true&quot;,469778129,&quot;normaltextrun&quot;,335572020,&quot;1&quot;,469778324,&quot;Default Paragraph Font&quot;]}\">Desde el Aeropuerto hasta la estaci\u00f3n de autobuses de Granada.<\/span><\/span><span class=\"TextRun SCXW202952000 BCX0\" lang=\"ES-ES\" xml:lang=\"ES-ES\" data-contrast=\"none\"><span class=\"NormalTextRun SCXW202952000 BCX0\" data-ccp-charstyle=\"normaltextrun\">\u202f<\/span><\/span><span class=\"TextRun SCXW202952000 BCX0\" lang=\"ES-ES\" xml:lang=\"ES-ES\" data-contrast=\"none\"><span class=\"NormalTextRun SCXW202952000 BCX0\" data-ccp-charstyle=\"normaltextrun\">Consultar horarios pinchando<\/span><\/span><span class=\"TextRun SCXW202952000 BCX0\" lang=\"ES-ES\" xml:lang=\"ES-ES\" data-contrast=\"none\"><span class=\"NormalTextRun SCXW202952000 BCX0\" data-ccp-charstyle=\"normaltextrun\">\u202f<\/span><\/span><a class=\"Hyperlink SCXW202952000 BCX0\" href=\"https:\/\/www.alsa.es\/\" target=\"_blank\" rel=\"noopener\"><span class=\"TextRun SCXW202952000 BCX0\" lang=\"ES-ES\" xml:lang=\"ES-ES\" data-contrast=\"none\"><span class=\"NormalTextRun SCXW202952000 BCX0\" data-ccp-charstyle=\"normaltextrun\">aqu\u00ed<\/span><\/span><\/a><span class=\"TextRun SCXW202952000 BCX0\" lang=\"ES-ES\" xml:lang=\"ES-ES\" data-contrast=\"none\"><span class=\"NormalTextRun SCXW202952000 BCX0\" data-ccp-charstyle=\"normaltextrun\">.<\/span><\/span><span class=\"TextRun SCXW202952000 BCX0\" lang=\"ES-ES\" xml:lang=\"ES-ES\" data-contrast=\"none\"><span class=\"NormalTextRun SCXW202952000 BCX0\" data-ccp-charstyle=\"normaltextrun\">\u202f<\/span><\/span><span class=\"TextRun SCXW202952000 BCX0\" lang=\"ES-ES\" xml:lang=\"ES-ES\" data-contrast=\"none\"><span class=\"NormalTextRun ContextualSpellingAndGrammarErrorV2Themed SCXW202952000 BCX0\" data-ccp-charstyle=\"normaltextrun\">Precio l\u00ednea<\/span><span class=\"NormalTextRun SCXW202952000 BCX0\" data-ccp-charstyle=\"normaltextrun\">:\u202f3\u20ac.\u202fEn direcci\u00f3n al Palacio de Congresos.<\/span><\/span>[\/vc_column_text]<div class=\"evc-icon-list evc-shortcode \">\n\t<div class=\"evc-il-item  \" >\n\t<div class=\"evc-ili-inner\">\n\t\t\t<span class=\"evc-ili-icon-wrapper\" style=\"font-size: 30px;color: #1e5795\">\n\t\t<span class=\"evc-ili-icon fa fa-bus\"><\/span>\n\t<\/span>\n\t\t\t<span class=\"evc-ili-text\" >Llegar desde la Estaci\u00f3n de Autobuses:<\/span>\n\t\t\t<\/div>\n<\/div>\n<\/div>\n[vc_column_text]<span class=\"TextRun SCXW141653200 BCX0\" lang=\"ES-ES\" xml:lang=\"ES-ES\" data-contrast=\"none\"><span class=\"NormalTextRun SCXW141653200 BCX0\" data-ccp-charstyle=\"normaltextrun\">La l\u00ednea\u202f<\/span><span class=\"NormalTextRun SCXW141653200 BCX0\" data-ccp-charstyle=\"normaltextrun\">33 de autob\u00fas<\/span><span class=\"NormalTextRun SCXW141653200 BCX0\" data-ccp-charstyle=\"normaltextrun\"> (en direcci\u00f3n a <\/span><span class=\"NormalTextRun SCXW141653200 BCX0\" data-ccp-charstyle=\"normaltextrun\">Cenes de la Vega<\/span><span class=\"NormalTextRun SCXW141653200 BCX0\" data-ccp-charstyle=\"normaltextrun\">)\u202ftiene parada<\/span><\/span><span class=\"TextRun SCXW141653200 BCX0\" lang=\"ES-ES\" xml:lang=\"ES-ES\" data-contrast=\"none\"><span class=\"NormalTextRun SCXW141653200 BCX0\" data-ccp-charstyle=\"normaltextrun\">\u202f<\/span><\/span><span class=\"TextRun SCXW141653200 BCX0\" lang=\"ES-ES\" xml:lang=\"ES-ES\" data-contrast=\"none\"><span class=\"NormalTextRun SCXW141653200 BCX0\" data-ccp-charstyle=\"normaltextrun\">en el <\/span><span class=\"NormalTextRun SCXW141653200 BCX0\" data-ccp-charstyle=\"normaltextrun\">Paseo de los Basilios<\/span><span class=\"NormalTextRun SCXW141653200 BCX0\" data-ccp-charstyle=\"normaltextrun\">, a <\/span><span class=\"NormalTextRun SCXW141653200 BCX0\" data-ccp-charstyle=\"normaltextrun\">5<\/span><span class=\"NormalTextRun SCXW141653200 BCX0\" data-ccp-charstyle=\"normaltextrun\"> min. a pie de la sede.<\/span><\/span><span class=\"TextRun SCXW141653200 BCX0\" lang=\"ES-ES\" xml:lang=\"ES-ES\" data-contrast=\"none\"><span class=\"NormalTextRun SCXW141653200 BCX0\" data-ccp-charstyle=\"normaltextrun\">\u202f<\/span><\/span><span class=\"TextRun SCXW141653200 BCX0\" lang=\"ES-ES\" xml:lang=\"ES-ES\" data-contrast=\"none\"><span class=\"NormalTextRun ContextualSpellingAndGrammarErrorV2Themed SCXW141653200 BCX0\" data-ccp-charstyle=\"normaltextrun\">Precio l\u00ednea<\/span><span class=\"NormalTextRun SCXW141653200 BCX0\" data-ccp-charstyle=\"normaltextrun\">: 1,<\/span><span class=\"NormalTextRun SCXW141653200 BCX0\" data-ccp-charstyle=\"normaltextrun\">40<\/span><span class=\"NormalTextRun SCXW141653200 BCX0\" data-ccp-charstyle=\"normaltextrun\">\u20ac.<\/span><\/span>[\/vc_column_text]<div class=\"evc-icon-list evc-shortcode no-mostrar\">\n\t<div class=\"evc-il-item  \" >\n\t<div class=\"evc-ili-inner\">\n\t\t\t<span class=\"evc-ili-icon-wrapper\" style=\"font-size: 30px;color: #1e5795\">\n\t\t<span class=\"evc-ili-icon fa fa-car\"><\/span>\n\t<\/span>\n\t\t\t<span class=\"evc-ili-text\" >Llegar en coche:<\/span>\n\t\t\t<\/div>\n<\/div>\n<\/div>\n[vc_column_text el_class=\u00bbno-mostrar\u00bb]<strong>Coordenadas GPS del hotel<\/strong>:\u202f40.435455\u00b0N\u202f -3.663996\u00b0O<\/p>\n<p><strong>Parking<\/strong>:\u202ffuera de las instalaciones, 4,08 \u20ac + IVA\/d\u00eda y en las instalaciones por 24\u202f\u20ac + IVA\/d\u00eda.<\/p>\n<p>Haga clic <a class=\"Hyperlink SCXW177034210 BCX0\" href=\"https:\/\/www.google.es\/maps\/place\/Hotel+NH+Madrid+Ventas\/@40.435455,-3.6645432,19z\/am=t\/data=%214m13%211m7%213m6%211s0x0:0x0%212zNDDCsDI2JzA3LjYiTiAzwrAzOSc1MC40Ilc%213b1%218m2%213d40.435455%214d-3.663996%213m4%211s0x0:0x8310a8852e41d47f%218m2%213d40.435543%214d-3.663833\" target=\"_blank\" rel=\"noreferrer noopener\"><span class=\"TextRun Highlight Underlined SCXW177034210 BCX0\" lang=\"ES-ES\" xml:lang=\"ES-ES\" data-contrast=\"none\"><span class=\"NormalTextRun SCXW177034210 BCX0\" data-ccp-parastyle=\"heading 2\">aqu\u00ed<\/span><\/span><\/a>\u00a0para ver las indicaciones de c\u00f3mo llegar.[\/vc_column_text][\/vc_column][\/vc_row]<\/p>\n","protected":false},"excerpt":{"rendered":"<p>[vc_row el_class=\u00bbintro-sede\u00bb][vc_column width=\u00bb2\/3&#8243; el_class=\u00bbcolumna-sede\u00bb][vc_column_text] Palacio de Congresos de Granada Ir a la web A 5 minutos en autob\u00fas del centro, junto al Alc\u00e1zar del Genil y el R\u00edo del mismo nombre. F\u00e1cilmente accesible desde la autov\u00eda, es ideal para visitar La Alhambra y Sierra Nevada.\u202f\u00a0\u202f\u00a0De estilo vanguardista, el Palacio de Congresos es un espacio polivalente&#8230;<\/p>\n","protected":false},"author":3,"featured_media":0,"parent":0,"menu_order":0,"comment_status":"closed","ping_status":"closed","template":"","meta":{"_monsterinsights_skip_tracking":false,"_monsterinsights_sitenote_active":false,"_monsterinsights_sitenote_note":"","_monsterinsights_sitenote_category":0,"footnotes":""},"aioseo_notices":[],"_links":{"self":[{"href":"https:\/\/congresofanpse.org\/2024\/wp-json\/wp\/v2\/pages\/3996"}],"collection":[{"href":"https:\/\/congresofanpse.org\/2024\/wp-json\/wp\/v2\/pages"}],"about":[{"href":"https:\/\/congresofanpse.org\/2024\/wp-json\/wp\/v2\/types\/page"}],"author":[{"embeddable":true,"href":"https:\/\/congresofanpse.org\/2024\/wp-json\/wp\/v2\/users\/3"}],"replies":[{"embeddable":true,"href":"https:\/\/congresofanpse.org\/2024\/wp-json\/wp\/v2\/comments?post=3996"}],"version-history":[{"count":35,"href":"https:\/\/congresofanpse.org\/2024\/wp-json\/wp\/v2\/pages\/3996\/revisions"}],"predecessor-version":[{"id":5043,"href":"https:\/\/congresofanpse.org\/2024\/wp-json\/wp\/v2\/pages\/3996\/revisions\/5043"}],"wp:attachment":[{"href":"https:\/\/congresofanpse.org\/2024\/wp-json\/wp\/v2\/media?parent=3996"}],"curies":[{"name":"wp","href":"https:\/\/api.w.org\/{rel}","templated":true}]}}